{"id":28541,"date":"2021-03-19T18:59:23","date_gmt":"2021-03-19T17:59:23","guid":{"rendered":"https:\/\/us.edu.pl\/student\/?post_type=event&#038;p=28541"},"modified":"2021-03-19T18:59:23","modified_gmt":"2021-03-19T17:59:23","slug":"online-dzien-z-prawem-w-internecie","status":"publish","type":"event","link":"https:\/\/us.edu.pl\/student\/event\/online-dzien-z-prawem-w-internecie\/","title":{"rendered":"[ONLINE] Dzie\u0144 z Prawem w Internecie"},"content":{"rendered":"<p><\/p>\n<p style=\"text-align: left\"><span style=\"font-size: 12pt\">Pomimo trwaj\u0105cej od ponad roku pandemii Wydzia\u0142 Prawa i Administracji Uniwersytetu \u015al\u0105skiego w Katowicach chce pozosta\u0107 dla wszystkich licealist\u00f3w oraz maturzyst\u00f3w otwart\u0105, cho\u0107 wirtualnie, p\u0142aszczyzn\u0105 poznania prawa oraz wymiany pogl\u0105d\u00f3w. Z tego powodu zorganizowany zostanie Dzie\u0144 z Prawem w Internecie, kt\u00f3ry odb\u0119dzie si\u0119 <strong>14 kwietnia 2021 roku<\/strong> w formie zdalnej na platformie\u00a0<a href=\"https:\/\/teams.microsoft.com\/l\/meetup-join\/19%3ameeting_YmQ0M2JlM2QtMjcxNS00ODE3LWJlNzAtNmQ5ZGMzNTgwY2Q4%40thread.v2\/0?context=%7b%22Tid%22%3a%2250c76291-0c80-4444-a2fb-4f8ab168c311%22%2c%22Oid%22%3a%22e2e81824-bae2-4bcd-b7f2-ff017a9202ad%22%7d\">MS Teams<\/a>.<\/span><\/p>\n<p style=\"text-align: left\"><strong><span style=\"font-size: 12pt\">Program<\/span><\/strong><\/p>\n<ul>\n<li><span style=\"font-size: 12pt\">10.00 \u2013 otwarcie Dnia z Prawem w Interencie \u2013 dr hab. Agnieszka Zi\u00f3\u0142kowska, prof. U\u015a, pe\u0142nomocnik dziekana ds. wsp\u00f3\u0142pracy z liceami og\u00f3lnokszta\u0142c\u0105cymi, moderator wydarzenia,<\/span><\/li>\n<li><span style=\"font-size: 12pt\">10.10 \u2013 wyk\u0142ad dr. Artura Bi\u0142gorajskiego nt. praw i wolno\u015bci s\u0142owa, ze szczeg\u00f3lnym uwzgl\u0119dnieniem ich w Internecie (Instytut Nauk Prawnych U\u015a, prawo konstytucyjne),<\/span><\/li>\n<li><span style=\"font-size: 12pt\">10.50 \u2013 wyk\u0142ad dr hab. Olgi Sitarz, prof. U\u015a nt. skutk\u00f3w karnych naruszenia prawa w Internecie (Instytut Nauk Prawnych U\u015a, prawo karne i kryminologia),<\/span><\/li>\n<li><span style=\"font-size: 12pt\">11.30 \u2013 warsztaty tematyczne Ko\u0142a Naukowego Prawa W\u0142asno\u015bci Intelektualnej U\u015a nt. prawa w\u0142asno\u015bci intelektualnej w Internecie,<\/span><\/li>\n<li><span style=\"font-size: 12pt\">12.15 \u2013 zamkni\u0119cie wydarzenia \u2013 dr hab. Agnieszka Zi\u00f3\u0142kowska, prof. U\u015a.<\/span><\/li>\n<\/ul>\n<p><\/p>","protected":false},"excerpt":{"rendered":"<p>Pomimo trwaj\u0105cej od ponad roku pandemii Wydzia\u0142 Prawa i Administracji Uniwersytetu \u015al\u0105skiego w Katowicach chce pozosta\u0107 dla wszystkich licealist\u00f3w oraz maturzyst\u00f3w otwart\u0105, cho\u0107 wirtualnie, p\u0142aszczyzn\u0105 poznania prawa oraz wymiany pogl\u0105d\u00f3w. Z tego powodu zorganizowany zostanie Dzie\u0144 z Prawem w Internecie, kt\u00f3ry odb\u0119dzie si\u0119 14 kwietnia 2021 roku w formie zdalnej na platformie\u00a0MS Teams. Program 10.00 [&#8230;]<\/p>\n<p><a class=\"btn btn-secondary understrap-read-more-link\" href=\"https:\/\/us.edu.pl\/student\/event\/online-dzien-z-prawem-w-internecie\/\">Read More&#8230;<\/a><\/p>\n","protected":false},"author":187,"featured_media":28542,"template":"","meta":{"_expiration-date-status":"saved","_expiration-date":0,"_expiration-date-type":"","_expiration-date-categories":[],"_expiration-date-options":[]},"acf":[],"_links":{"self":[{"href":"https:\/\/us.edu.pl\/student\/wp-json\/wp\/v2\/event\/28541"}],"collection":[{"href":"https:\/\/us.edu.pl\/student\/wp-json\/wp\/v2\/event"}],"about":[{"href":"https:\/\/us.edu.pl\/student\/wp-json\/wp\/v2\/types\/event"}],"author":[{"embeddable":true,"href":"https:\/\/us.edu.pl\/student\/wp-json\/wp\/v2\/users\/187"}],"version-history":[{"count":0,"href":"https:\/\/us.edu.pl\/student\/wp-json\/wp\/v2\/event\/28541\/revisions"}],"wp:featuredmedia":[{"embeddable":true,"href":"https:\/\/us.edu.pl\/student\/wp-json\/wp\/v2\/media\/28542"}],"wp:attachment":[{"href":"https:\/\/us.edu.pl\/student\/wp-json\/wp\/v2\/media?parent=28541"}],"curies":[{"name":"wp","href":"https:\/\/api.w.org\/{rel}","templated":true}]}}