{"id":39345,"date":"2023-03-07T10:56:25","date_gmt":"2023-03-07T09:56:25","guid":{"rendered":"https:\/\/us.edu.pl\/student\/?post_type=event&#038;p=39345"},"modified":"2023-03-07T10:56:25","modified_gmt":"2023-03-07T09:56:25","slug":"iii-slaskie-forum-polityki-kryminalnej-patologia-w-srodowisku-akademickim-w-perspektywie-prawnej-kryminologicznej-socjologicznej-psychologicznej-i-medioznawczej","status":"publish","type":"event","link":"https:\/\/us.edu.pl\/student\/event\/iii-slaskie-forum-polityki-kryminalnej-patologia-w-srodowisku-akademickim-w-perspektywie-prawnej-kryminologicznej-socjologicznej-psychologicznej-i-medioznawczej\/","title":{"rendered":"III \u015al\u0105skie Forum Polityki Kryminalnej. Patologia w \u015brodowisku akademickim w perspektywie prawnej, kryminologicznej, socjologicznej, psychologicznej i medioznawczej"},"content":{"rendered":"<p><\/p>\n<p class=\"x11i5rnm xat24cr x1mh8g0r x1vvkbs xtlvy1s\" style=\"text-align: left;\"><span style=\"font-size: 12pt;\">Data:\u00a0czwartek 18.05.2023 r.<\/span><\/p>\n<p class=\"x11i5rnm xat24cr x1mh8g0r x1vvkbs xtlvy1s\" style=\"text-align: left;\"><span style=\"font-size: 12pt;\">Miejsce:\u00a0Wydzia\u0142 Prawa i Administracji w Katowicach, ul. Bankowa 11b<\/span><\/p>\n<p class=\"x11i5rnm xat24cr x1mh8g0r x1vvkbs xtlvy1s\" style=\"text-align: left;\"><span style=\"font-size: 12pt;\">Organizatorzy:\u00a0Wydzia\u0142 Prawa i Administracji Uniwersytetu \u015al\u0105skiego w Katowicach, Redakcja \u201eForum Polityki Kryminalnej\u201d, Ko\u0142o Naukowe na rzecz R\u00f3wno\u015bci i R\u00f3\u017cnorodno\u015bci U\u015a<\/span><\/p>\n<p>&nbsp;<\/p>\n<p class=\"x11i5rnm xat24cr x1mh8g0r x1vvkbs xtlvy1s\" style=\"text-align: left;\"><span style=\"font-size: 12pt;\">Grupa docelowa:<\/span><\/p>\n<ol>\n<li class=\"x11i5rnm xat24cr x1mh8g0r x1vvkbs xtlvy1s\"><span style=\"font-size: 12pt;\">osoby zajmuj\u0105ce si\u0119 naukowo przejawami patologii w \u015brodowisku akademickim w perspektywie prawnej, kryminologicznej, socjologicznej, psychologicznej i medioznawczej, w tym osoby studiuj\u0105ce;<\/span><\/li>\n<li class=\"x11i5rnm xat24cr x1mh8g0r x1vvkbs xtlvy1s\"><span style=\"font-size: 12pt;\">osoby stykaj\u0105ce si\u0119 zawodowo z przejawami patologii w \u015brodowisku akademickim w ramach systemu odpowiedzialno\u015bci dyscyplinarnej student\u00f3w i nauczycieli akademickich oraz instytucji wspieraj\u0105cych osoby dotkni\u0119te naruszeniami.<\/span><\/li>\n<\/ol>\n<p>&nbsp;<\/p>\n<p class=\"x11i5rnm xat24cr x1mh8g0r x1vvkbs xtlvy1s\" style=\"text-align: left;\"><span style=\"font-size: 12pt;\">Obszary zagadnie\u0144:<\/span><\/p>\n<ol>\n<li class=\"x11i5rnm xat24cr x1mh8g0r x1vvkbs xtlvy1s\"><span style=\"font-size: 12pt;\">Kryminologiczny i wiktymologiczny obraz patologii w \u015brodowisku akademickim;<\/span><\/li>\n<li class=\"x11i5rnm xat24cr x1mh8g0r x1vvkbs xtlvy1s\"><span style=\"font-size: 12pt;\">Spo\u0142eczne i psychologiczne przyczyny i konsekwencje patologicznych zachowa\u0144 os\u00f3b tworz\u0105cych spo\u0142eczno\u015b\u0107 szk\u00f3\u0142 wy\u017cszych: studiuj\u0105cych, ucz\u0105cych, pracuj\u0105cych w uczelni oraz kieruj\u0105cych jej pracami;<\/span><\/li>\n<li class=\"x11i5rnm xat24cr x1mh8g0r x1vvkbs xtlvy1s\"><span style=\"font-size: 12pt;\">Prawne i pozaprawne \u015brodki zapobiegania i reagowania na patologiczne zachowania os\u00f3b tworz\u0105cych spo\u0142eczno\u015b\u0107 szk\u00f3\u0142 wy\u017cszych: studiuj\u0105cych, ucz\u0105cych, pracuj\u0105cych w uczelni oraz kieruj\u0105cych jej pracami ze szczeg\u00f3lnym uwzgl\u0119dnieniem narz\u0119dzi sprzyjaj\u0105cych r\u00f3wno\u015bci i r\u00f3\u017cnorodno\u015bci;<\/span><\/li>\n<li class=\"x11i5rnm xat24cr x1mh8g0r x1vvkbs xtlvy1s\"><span style=\"font-size: 12pt;\">Obraz patologii w \u015brodowisku akademickim prezentowany w mediach informacyjnych, spo\u0142eczno\u015bciowych i w popkulturze.<\/span><\/li>\n<\/ol>\n<p class=\"x11i5rnm xat24cr x1mh8g0r x1vvkbs xtlvy1s\" style=\"text-align: left;\"><span style=\"font-size: 12pt;\">Z uwagi na wdra\u017cany w Uniwersytecie \u015al\u0105skim Plan R\u00f3wno\u015bci P\u0142ci, spo\u015br\u00f3d patologii \u017cycia akademickiego, szczeg\u00f3ln\u0105 uwag\u0119 po\u015bwi\u0119ci\u0107 chcemy przejawom dyskryminacji ze wzgl\u0119du na p\u0142e\u0107.<\/span><\/p>\n<p>&nbsp;<\/p>\n<p>&nbsp;<\/p>\n<p class=\"x11i5rnm xat24cr x1mh8g0r x1vvkbs xtlvy1s\" style=\"text-align: left;\"><span style=\"font-size: 12pt;\">Terminy:<\/span><\/p>\n<ol>\n<li class=\"x11i5rnm xat24cr x1mh8g0r x1vvkbs xtlvy1s\"><span style=\"font-size: 12pt;\">zg\u0142oszenie uczestnictwa czynnego i abstraktu\/tematyki posteru \u2013 15.03.2023 r.<\/span><\/li>\n<li class=\"x11i5rnm xat24cr x1mh8g0r x1vvkbs xtlvy1s\"><span style=\"font-size: 12pt;\">zg\u0142oszenie uczestnictwa biernego \u2013 04.05.2023 r.<\/span><\/li>\n<li class=\"x11i5rnm xat24cr x1mh8g0r x1vvkbs xtlvy1s\"><span style=\"font-size: 12pt;\">przes\u0142anie pisemnej wersji referatu do publikacji \u2013 31.05.2023 r.<\/span><\/li>\n<\/ol>\n<p class=\"x11i5rnm xat24cr x1mh8g0r x1vvkbs xtlvy1s\" style=\"text-align: left;\"><span style=\"font-size: 12pt;\">Udzia\u0142 w konferencji (zar\u00f3wno czynny, jak i bierny) jest nieodp\u0142atny.<\/span><\/p>\n<p>&nbsp;<\/p>\n<p class=\"x11i5rnm xat24cr x1mh8g0r x1vvkbs xtlvy1s\" style=\"text-align: left;\"><span style=\"font-size: 12pt;\">Uczestnicy mog\u0105 liczy\u0107 na za\u015bwiadczenie udzia\u0142u w konferencji w wersji cyfrowej, referenci i autorzy poster\u00f3w \u2013 tak\u017ce w wersji papierowej.<\/span><\/p>\n<p>&nbsp;<\/p>\n<p class=\"x11i5rnm xat24cr x1mh8g0r x1vvkbs xtlvy1s\" style=\"text-align: left;\"><a href=\"https:\/\/forms.gle\/3as85ejnjBGfWGaB8\"><span style=\"font-size: 12pt;\">Formularz zg\u0142oszeniowy<\/span><\/a><\/p>\n<p>&nbsp;<\/p>\n<p class=\"x11i5rnm xat24cr x1mh8g0r x1vvkbs xtlvy1s\" style=\"text-align: left;\"><span style=\"font-size: 12pt;\">Szczeg\u00f3\u0142owy harmonogram konferencji oraz informacje organizacyjne podane zostan\u0105 w po\u0142owie kwietnia.<\/span><\/p>\n<p class=\"x11i5rnm xat24cr x1mh8g0r x1vvkbs xtlvy1s\" style=\"text-align: left;\"><span style=\"font-size: 12pt;\">Wszelkie pytania prosimy kierowa\u0107 na adres\u00a0<a href=\"https:\/\/us.edu.pl\/wydzial\/wpia\/event\/iii-slaskie-forum-polityki-kryminalnej-patologia-w-srodowisku-akademickim-w-perspektywie-prawnej-kryminologicznej-socjologicznej-psychologicznej-i-medioznawczej\/dominika.bek@us.edu.pl\">dominika.bek@us.edu.pl<\/a>.<\/span><\/p>\n<p><\/p>","protected":false},"excerpt":{"rendered":"<p>Data:\u00a0czwartek 18.05.2023 r. Miejsce:\u00a0Wydzia\u0142 Prawa i Administracji w Katowicach, ul. Bankowa 11b Organizatorzy:\u00a0Wydzia\u0142 Prawa i Administracji Uniwersytetu \u015al\u0105skiego w Katowicach, Redakcja \u201eForum Polityki Kryminalnej\u201d, Ko\u0142o Naukowe na rzecz R\u00f3wno\u015bci i R\u00f3\u017cnorodno\u015bci U\u015a &nbsp; Grupa docelowa: osoby zajmuj\u0105ce si\u0119 naukowo przejawami patologii w \u015brodowisku akademickim w perspektywie prawnej, kryminologicznej, socjologicznej, psychologicznej i medioznawczej, w tym osoby [&#8230;]<\/p>\n<p><a class=\"btn btn-secondary understrap-read-more-link\" href=\"https:\/\/us.edu.pl\/student\/event\/iii-slaskie-forum-polityki-kryminalnej-patologia-w-srodowisku-akademickim-w-perspektywie-prawnej-kryminologicznej-socjologicznej-psychologicznej-i-medioznawczej\/\">Read More&#8230;<\/a><\/p>\n","protected":false},"author":187,"featured_media":39346,"template":"","meta":{"_expiration-date-status":"","_expiration-date":0,"_expiration-date-type":"","_expiration-date-categories":[],"_expiration-date-options":[]},"acf":[],"_links":{"self":[{"href":"https:\/\/us.edu.pl\/student\/wp-json\/wp\/v2\/event\/39345"}],"collection":[{"href":"https:\/\/us.edu.pl\/student\/wp-json\/wp\/v2\/event"}],"about":[{"href":"https:\/\/us.edu.pl\/student\/wp-json\/wp\/v2\/types\/event"}],"author":[{"embeddable":true,"href":"https:\/\/us.edu.pl\/student\/wp-json\/wp\/v2\/users\/187"}],"version-history":[{"count":1,"href":"https:\/\/us.edu.pl\/student\/wp-json\/wp\/v2\/event\/39345\/revisions"}],"predecessor-version":[{"id":39347,"href":"https:\/\/us.edu.pl\/student\/wp-json\/wp\/v2\/event\/39345\/revisions\/39347"}],"wp:featuredmedia":[{"embeddable":true,"href":"https:\/\/us.edu.pl\/student\/wp-json\/wp\/v2\/media\/39346"}],"wp:attachment":[{"href":"https:\/\/us.edu.pl\/student\/wp-json\/wp\/v2\/media?parent=39345"}],"curies":[{"name":"wp","href":"https:\/\/api.w.org\/{rel}","templated":true}]}}