{"id":42059,"date":"2023-10-31T11:14:16","date_gmt":"2023-10-31T10:14:16","guid":{"rendered":"https:\/\/us.edu.pl\/student\/?post_type=event&#038;p=42059"},"modified":"2023-10-31T11:14:17","modified_gmt":"2023-10-31T10:14:17","slug":"7-slaski-festiwal-nauki-katowice","status":"publish","type":"event","link":"https:\/\/us.edu.pl\/student\/event\/7-slaski-festiwal-nauki-katowice\/","title":{"rendered":"7. \u015al\u0105ski Festiwal Nauki KATOWICE"},"content":{"rendered":"<p><\/p>\n<div class=\"text-modules\">\n<div class=\"container\">\n<div class=\"text-modules__content\">\n<p style=\"text-align: left;\"><span style=\"font-size: 12pt;\">W Mi\u0119dzynarodowym Centrum Kongresowym (MCK) po raz kolejny odb\u0119dzie si\u0119 \u015bwi\u0119to \u015bl\u0105skiej nauki \u2013 7. edycja \u015al\u0105skiego Festiwalu Nauki KATOWICE potrwa od 9 do 11 grudnia 2023 roku. Wydarzeniu towarzyszy\u0107 b\u0119dzie has\u0142o: \u201eNauka da nam przysz\u0142o\u015b\u0107\u201d.<\/span><\/p>\n<p style=\"text-align: left;\"><span style=\"font-size: 12pt;\">Tegoroczna edycja festiwalu b\u0119dzie wyj\u0105tkowa, po\u0142\u0105czona z weekendem otwarcia obchod\u00f3w nadania Katowicom tytu\u0142u Europejskiego Miasta Nauki 2024 przez EuroScience.\u00a0<a href=\"https:\/\/us.edu.pl\/event\/inauguracja-7-slaskiego-festiwalu-nauki-katowice-oraz-europejskiego-miasta-nauki-katowice-2024\/\">Widowisko naukowo-artystyczne Katopolis<\/a>\u00a0odb\u0119dzie si\u0119 9 grudnia 2023 roku w Hali Widowiskowo-Sportowej \u201eSpodek\u201d.<\/span><\/p>\n<p style=\"text-align: left;\"><span style=\"font-size: 12pt;\">Po raz pierwszy zaplanowano a\u017c trzy dni atrakcji w MCK. Dok\u0142adny plan festiwalowych dni przedstawia si\u0119 nast\u0119puj\u0105co:<\/span><\/p>\n<ul>\n<li><span style=\"font-size: 12pt;\">9 grudnia (sobota): godz. 10.00\u201318.00;<\/span><\/li>\n<li><span style=\"font-size: 12pt;\">10 grudnia (niedziela): godz. 10.00\u201318.00;<\/span><\/li>\n<li><span style=\"font-size: 12pt;\">11 grudnia (poniedzia\u0142ek \u2013 dzie\u0144 dla szk\u00f3\u0142): godz. 8.00\u201316.00.<\/span><\/li>\n<\/ul>\n<p style=\"text-align: left;\"><span style=\"font-size: 12pt;\">W\u015br\u00f3d najwa\u017cniejszych nowo\u015bci 7. \u015aFN znalaz\u0142y si\u0119:<\/span><\/p>\n<ul>\n<li><span style=\"font-size: 12pt;\">nowe strefy specjalne: strefa motorsportu, strefa chor\u00f3b poprzemys\u0142owych im. Jolanty Wadowskiej-Kr\u00f3l;<\/span><\/li>\n<li><span style=\"font-size: 12pt;\">Rynek Idei Miasta Nauki z sze\u015bcioma scenami (propozycja nowej aran\u017cacji przestrzeni festiwalu \u2013 sze\u015b\u0107 scen tematycznych nawi\u0105zuj\u0105cych do \u015bcie\u017cek tematycznych Europejskiego Miasta Nauki Katowice 2024);<\/span><\/li>\n<li><span style=\"font-size: 12pt;\">scena m\u0142odej nauki i sztuki oraz scena \u201eSilesian hall of fame\u201d (spotkania z najwa\u017cniejszymi osobisto\u015bciami \u015bl\u0105skiej nauki i sztuki).<\/span><\/li>\n<\/ul>\n<p style=\"text-align: left;\"><span style=\"font-size: 12pt;\">Sta\u0142\u0105 cz\u0119\u015bci\u0105 \u015al\u0105skiego Festiwalu Nauki KATOWICE s\u0105 znamienici go\u015bcie specjalni. Odwiedz\u0105 nas m.in.: prof. Mike Berners-Lee, prof. Derrick de Kerckhove, dr Niamh Shaw, prof. Lewis Dartnell, Alaina Wood, dr Karolina Pierzynowska, Paulina R\u00f3\u017cy\u0142o, Maria Rotkiel, prof. Krzysztof Zanussi, Dawid My\u015bliwiec oraz dr Maciej P\u0142aza.<\/span><\/p>\n<p style=\"text-align: left;\"><span style=\"font-size: 12pt;\">Uczestnik\u00f3w i uczestniczki prosimy o rejestracj\u0119 na wydarzenie \u2013 indywidualne bezp\u0142atne wej\u015bci\u00f3wki obowi\u0105zuj\u0105ce na wydarzenia w MCK 9\u201311 grudnia mo\u017cna pobra\u0107 poprzez\u00a0<a href=\"https:\/\/7sfn.systemcoffee.pl\/\" target=\"_blank\" rel=\"nofollow noopener\">formularz zg\u0142oszeniowy<\/a>. Na niekt\u00f3re wyk\u0142ady, warsztaty oraz wydarzenia specjalne, kt\u00f3re wymagaj\u0105 wprowadzenia limitu miejsc, prowadzona b\u0119dzie oddzielna rejestracja. Bezp\u0142atne wej\u015bci\u00f3wki nie dotycz\u0105 wej\u015bcia na Katopolis, czyli widowisko otwarcia obchod\u00f3w Europejskiego Miasta Nauki Katowice 2024 \u2013 wydarzenie b\u0119dzie oddzielnie biletowane. Ca\u0142kowity doch\u00f3d ze sprzeda\u017cy bilet\u00f3w zostanie przeznaczony na rozw\u00f3j edukacji.<\/span><\/p>\n<p style=\"text-align: left;\"><span style=\"font-size: 12pt;\">Szczeg\u00f3\u0142owe informacje o 7. \u015aFN znajduj\u0105 si\u0119 na stronie\u00a0<a href=\"https:\/\/slaskifestiwalnauki.pl\/\" target=\"_blank\" rel=\"nofollow noopener\">slaskifestiwalnauki.pl<\/a>.<\/span><\/p>\n<\/div>\n<\/div>\n<\/div>\n<div class=\"text-modules\">\n<div class=\"container\">\n<div class=\"text-modules__content\">\n<p style=\"text-align: left;\"><span style=\"font-size: 12pt;\">7. \u015al\u0105ski Festiwal Nauki KATOWICE organizuj\u0105: Uniwersytet \u015al\u0105ski w Katowicach (lider i pomys\u0142odawca przedsi\u0119wzi\u0119cia), Politechnika \u015al\u0105ska, \u015al\u0105ski Uniwersytet Medyczny, Uniwersytet Jana D\u0142ugosza w Cz\u0119stochowie, Politechnika Cz\u0119stochowska, Uniwersytet Ekonomiczny w Katowicach, Akademia Wychowania Fizycznego im. Jerzego Kukuczki w Katowicach, oraz Akademia Sztuk Pi\u0119knych w Katowicach; Miasto Katowice (miasto gospodarz wydarzenia), Wojew\u00f3dztwo \u015al\u0105skie i G\u00f3rno\u015bl\u0105sko-Zag\u0142\u0119biowska Metropolia (wsp\u00f3\u0142gospodarze). 7. \u015al\u0105ski Festiwal Nauki KATOWICE dofinansowano z programu \u201eSpo\u0142eczna odpowiedzialno\u015b\u0107 nauki\u201d Ministra Edukacji i Nauki. Sponsorami z\u0142otymi festiwalu s\u0105 PKO Bank Polski, Reply, ING Bank \u015al\u0105ski S.A. Partnerem instytucjonalnym jest Regionalna Dyrekcja Las\u00f3w Pa\u0144stwowych w Katowicach.<\/span><\/p>\n<h3 style=\"text-align: left;\"><strong><span style=\"font-size: 12pt;\">Przydatne linki<\/span><\/strong><\/h3>\n<ul>\n<li><span style=\"font-size: 12pt;\"><a href=\"https:\/\/slaskifestiwalnauki.pl\/pobierz-wejsciowke-na-7-sfn-katowice\">pobierz wej\u015bci\u00f3wk\u0119 na festiwal<\/a><\/span><\/li>\n<li><span style=\"font-size: 12pt;\"><a href=\"https:\/\/slaskifestiwalnauki.pl\/7-sfn-katowice-w-pigulce\">7. \u015aFN w pigu\u0142ce<\/a><\/span><\/li>\n<\/ul>\n<\/div>\n<\/div>\n<\/div>\n<p><\/p>","protected":false},"excerpt":{"rendered":"<p>W Mi\u0119dzynarodowym Centrum Kongresowym (MCK) po raz kolejny odb\u0119dzie si\u0119 \u015bwi\u0119to \u015bl\u0105skiej nauki \u2013 7. edycja \u015al\u0105skiego Festiwalu Nauki KATOWICE potrwa od 9 do 11 grudnia 2023 roku. Wydarzeniu towarzyszy\u0107 b\u0119dzie has\u0142o: \u201eNauka da nam przysz\u0142o\u015b\u0107\u201d. Tegoroczna edycja festiwalu b\u0119dzie wyj\u0105tkowa, po\u0142\u0105czona z weekendem otwarcia obchod\u00f3w nadania Katowicom tytu\u0142u Europejskiego Miasta Nauki 2024 przez EuroScience.\u00a0Widowisko [&#8230;]<\/p>\n<p><a class=\"btn btn-secondary understrap-read-more-link\" href=\"https:\/\/us.edu.pl\/student\/event\/7-slaski-festiwal-nauki-katowice\/\">Read More&#8230;<\/a><\/p>\n","protected":false},"author":187,"featured_media":42060,"template":"","meta":{"_expiration-date-status":"","_expiration-date":0,"_expiration-date-type":"","_expiration-date-categories":[],"_expiration-date-options":[]},"acf":[],"_links":{"self":[{"href":"https:\/\/us.edu.pl\/student\/wp-json\/wp\/v2\/event\/42059"}],"collection":[{"href":"https:\/\/us.edu.pl\/student\/wp-json\/wp\/v2\/event"}],"about":[{"href":"https:\/\/us.edu.pl\/student\/wp-json\/wp\/v2\/types\/event"}],"author":[{"embeddable":true,"href":"https:\/\/us.edu.pl\/student\/wp-json\/wp\/v2\/users\/187"}],"version-history":[{"count":1,"href":"https:\/\/us.edu.pl\/student\/wp-json\/wp\/v2\/event\/42059\/revisions"}],"predecessor-version":[{"id":42061,"href":"https:\/\/us.edu.pl\/student\/wp-json\/wp\/v2\/event\/42059\/revisions\/42061"}],"wp:featuredmedia":[{"embeddable":true,"href":"https:\/\/us.edu.pl\/student\/wp-json\/wp\/v2\/media\/42060"}],"wp:attachment":[{"href":"https:\/\/us.edu.pl\/student\/wp-json\/wp\/v2\/media?parent=42059"}],"curies":[{"name":"wp","href":"https:\/\/api.w.org\/{rel}","templated":true}]}}