{"id":48515,"date":"2024-12-10T07:39:18","date_gmt":"2024-12-10T06:39:18","guid":{"rendered":"https:\/\/us.edu.pl\/student\/?post_type=komunikaty&#038;p=48515"},"modified":"2024-12-10T07:39:18","modified_gmt":"2024-12-10T06:39:18","slug":"projekt-postaw-na-rozwoj-podnies-kwalifikacje","status":"publish","type":"komunikaty","link":"https:\/\/us.edu.pl\/student\/komunikaty\/projekt-postaw-na-rozwoj-podnies-kwalifikacje\/","title":{"rendered":"Projekt &#8222;Postaw na rozw\u00f3j &#8211; podnie\u015b kwalifikacje&#8221;"},"content":{"rendered":"<p>[vc_row][vc_column]\r\n                <div class=\"text-modules\">\r\n                    <div class=\"container\">\r\n                        \r\n                        <div class=\"text-modules__content\"><p>Informujemy, \u017ce trwa nab\u00f3r do projektu \u201ePostaw na rozw\u00f3j \u2013 podnie\u015b kwalifikacje\u201d <!--more--><!--more-->wsp\u00f3\u0142finansowanego z Funduszy Europejskich w ramach Programu Operacyjnego Wojew\u00f3dztwa \u015al\u0105skiego na lata 2021-2027 (Europejski Fundusz Spo\u0142eczny+). <strong>Celem projektu jest nabywanie, podwy\u017cszanie lub dostosowywanie kompetencji i kwalifikacji, niezb\u0119dnych na rynku pracy w\u015br\u00f3d os\u00f3b zatrudnionych w Katowicach poprzez realizacj\u0119 wysokiej jako\u015bci szkole\u0144 i kurs\u00f3w.<\/strong><\/p>\n<p>Projekt jest skierowany do os\u00f3b pracuj\u0105cych w Katowicach, zatrudnionych na umowach kr\u00f3tkoterminowych oraz cywilnoprawnych, a jego odbiorcami mo\u017ce by\u0107 150 os\u00f3b. W ramach projektu oferowane b\u0119d\u0105 bezp\u0142atne szkolenia oraz kursy, kt\u00f3re pozwol\u0105 uczestnikom podnie\u015b\u0107 swoje kwalifikacje zawodowe w r\u00f3\u017cnych obszarach. <strong>Przewidziane tematy szkole\u0144 obejmuj\u0105 m.in.:<\/strong><\/p>\n<ul>\n<li>IT \u2013 kursy umo\u017cliwiaj\u0105ce zdobycie nowych umiej\u0119tno\u015bci w obszarze technologii cyfrowych, programowania czy analizy danych.<\/li>\n<li>Umiej\u0119tno\u015bci mi\u0119kkie\u2013 szkolenia z zakresu komunikacji interpersonalnej, zarz\u0105dzania czasem, pracy w zespole, negocjacji czy rozwi\u0105zywania konflikt\u00f3w, kt\u00f3re zwi\u0119ksz\u0105 efektywno\u015b\u0107 zawodow\u0105 i interpersonaln\u0105 uczestnik\u00f3w.<\/li>\n<li>Przygotowanie do egzamin\u00f3w certyfikowanych\u2013 wsparcie w zdobywaniu certyfikat\u00f3w zawodowych, kt\u00f3re b\u0119d\u0105 potwierdzeniem umiej\u0119tno\u015bci i zwi\u0119ksz\u0105 konkurencyjno\u015b\u0107 na rynku pracy.<\/li>\n<li>Zielona gospodarka\u2013 szkolenia skierowane na rozw\u00f3j umiej\u0119tno\u015bci w obszarze ekologii, odnawialnych \u017ar\u00f3de\u0142 energii oraz zr\u00f3wnowa\u017conego rozwoju.<\/li>\n<li>Specjalistyczne kursy dostosowane do regionalnych i lokalnych potrzeb\u2013 w tym obszarze oferowane b\u0119d\u0105 kursy zwi\u0105zane z kompetencjami szczeg\u00f3lnie poszukiwanymi w naszym regionie.<\/li>\n<\/ul>\n<p>Projekt realizowany jest przez Miejski Inkubator Przedsi\u0119biorczo\u015bci Rawa.Ink oraz Powiatowy Urz\u0105d Pracy w Katowicach, a jego g\u0142\u00f3wnym celem jest podniesienie kompetencji zawodowych uczestnik\u00f3w, co ma pom\u00f3c im w rozwoju kariery zawodowej, poprawie sytuacji na rynku pracy oraz w dostosowaniu ich umiej\u0119tno\u015bci do wymaga\u0144 wsp\u00f3\u0142czesnej gospodarki.<\/p>\n<p>Projekt jest bezp\u0142atny dla uczestnik\u00f3w, a wszystkie szkolenia i kursy s\u0105 finansowane ze \u015brodk\u00f3w Unii Europejskiej. Wi\u0119cej informacji na <a href=\"https:\/\/rawaink.katowice.eu\/postawnarozwoj\/.\">stronie projektu.<\/a><\/p>\n<\/div>\r\n                    <\/div>\r\n                <\/div>[\/vc_column][\/vc_row]<\/p>","protected":false},"excerpt":{"rendered":"<p>[vc_row][vc_column]Informujemy, \u017ce trwa nab\u00f3r do projektu \u201ePostaw na rozw\u00f3j \u2013 podnie\u015b kwalifikacje\u201d [&#8230;]<\/p>\n<p><a class=\"btn btn-secondary understrap-read-more-link\" href=\"https:\/\/us.edu.pl\/student\/komunikaty\/projekt-postaw-na-rozwoj-podnies-kwalifikacje\/\">Read More&#8230;<\/a><\/p>\n","protected":false},"author":7151,"featured_media":0,"template":"","meta":{"_expiration-date-status":"","_expiration-date":0,"_expiration-date-type":"","_expiration-date-categories":[],"_expiration-date-options":[]},"acf":[],"_links":{"self":[{"href":"https:\/\/us.edu.pl\/student\/wp-json\/wp\/v2\/komunikaty\/48515"}],"collection":[{"href":"https:\/\/us.edu.pl\/student\/wp-json\/wp\/v2\/komunikaty"}],"about":[{"href":"https:\/\/us.edu.pl\/student\/wp-json\/wp\/v2\/types\/komunikaty"}],"author":[{"embeddable":true,"href":"https:\/\/us.edu.pl\/student\/wp-json\/wp\/v2\/users\/7151"}],"version-history":[{"count":1,"href":"https:\/\/us.edu.pl\/student\/wp-json\/wp\/v2\/komunikaty\/48515\/revisions"}],"predecessor-version":[{"id":48519,"href":"https:\/\/us.edu.pl\/student\/wp-json\/wp\/v2\/komunikaty\/48515\/revisions\/48519"}],"wp:attachment":[{"href":"https:\/\/us.edu.pl\/student\/wp-json\/wp\/v2\/media?parent=48515"}],"curies":[{"name":"wp","href":"https:\/\/api.w.org\/{rel}","templated":true}]}}