{"id":50473,"date":"2025-02-21T08:55:42","date_gmt":"2025-02-21T07:55:42","guid":{"rendered":"https:\/\/us.edu.pl\/student\/?post_type=komunikaty&#038;p=50473"},"modified":"2025-02-21T08:55:42","modified_gmt":"2025-02-21T07:55:42","slug":"iv-edycja-szkolenia-parlamentu-europejskiego-dla-mlodych-dziennikarzy","status":"publish","type":"komunikaty","link":"https:\/\/us.edu.pl\/student\/komunikaty\/iv-edycja-szkolenia-parlamentu-europejskiego-dla-mlodych-dziennikarzy\/","title":{"rendered":"IV edycja Szkolenia Parlamentu Europejskiego dla m\u0142odych dziennikarzy"},"content":{"rendered":"<p>[vc_row][vc_column]\r\n                <div class=\"text-modules\">\r\n                    <div class=\"container\">\r\n                        \r\n                        <div class=\"text-modules__content\"><p>Zapraszamy do udzia\u0142u w <strong>szkoleniu Parlamentu Europejskiego dla m\u0142odych dziennikarzy<\/strong>, kt\u00f3re odb\u0119dzie si\u0119 od <strong>3 do 5 kwietnia br. w Warszawie<\/strong> i jest organizowane na zlecenie Parlamentu Europejskiego przez Fundacj\u0119 Centrum im. prof. Bronis\u0142awa Geremka oraz &#8222;Gazet\u0119 Wyborcz\u0105&#8221;. Termin przyjmowania dokument\u00f3w aplikacyjnych up\u0142ywa <strong>2 marca 2025 r.<\/strong><!--more--><!--more--><\/p>\n<p>Inicjatywa ta ma na celu wspieranie m\u0142odych dziennikarek i dziennikarzy w zrozumieniu roli Unii Europejskiej w kszta\u0142towaniu otaczaj\u0105cej nas rzeczywisto\u015bci \u2013 przede wszystkim lokalnej, najbli\u017cszej nam wszystkim.<\/p>\n<p>W\u015br\u00f3d prowadz\u0105cych szkolenie s\u0105 uznani dziennikarze i dziennikarki, pracuj\u0105cy w og\u00f3lnokrajowych mediach, m.in. Roman Imielski, Agata Kowalska, Bartosz Wieli\u0144ski, Aleksandra Sobczak, Zosia Wanat i Maciej Czajkowski. Relacje z poprzednich edycji Szkolenia mo\u017cna zobaczy\u0107 <a href=\"https:\/\/app.getresponse.com\/click.html?x=a62b&amp;co=zhezJM&amp;lc=hnpDkV&amp;mc=Iw&amp;s=BrLkWhN&amp;u=MP7dN&amp;z=EhVzwBA&amp;\">tutaj<\/a>, <a href=\"https:\/\/app.getresponse.com\/click.html?x=a62b&amp;co=zhezJM&amp;lc=hnpDYN&amp;mc=Iw&amp;s=BrLkWhN&amp;u=MP7dN&amp;z=EFCu9Da&amp;\">tutaj<\/a>, <a href=\"https:\/\/app.getresponse.com\/click.html?x=a62b&amp;co=zhezJM&amp;lc=hnpDx2&amp;mc=Iw&amp;s=BrLkWhN&amp;u=MP7dN&amp;z=EFPRzRO&amp;\">tutaj<\/a>\u00a0i <a href=\"https:\/\/app.getresponse.com\/click.html?x=a62b&amp;co=zhezJM&amp;lc=hnpDch&amp;mc=Iw&amp;s=BrLkWhN&amp;u=MP7dN&amp;z=EFZSMmi&amp;\">tutaj<\/a>.<\/p>\n<p><strong>W ramach szkolenia uczestniczki i uczestnicy:<\/strong><\/p>\n<ul>\n<li>wezm\u0105 udzia\u0142 w warsztatach tworzenia materia\u0142\u00f3w \u0142\u0105cz\u0105cych ich zainteresowania z tematyk\u0105 unijn\u0105;<\/li>\n<li>zapoznaj\u0105 si\u0119 z mechanizmami funkcjonowania poszczeg\u00f3lnych instytucji UE oraz metodami walki z dezinformacj\u0105 i fake newsami;<\/li>\n<li>b\u0119d\u0105 mogli zada\u0107 pytania dotycz\u0105ce najwa\u017cniejszych wyzwa\u0144 dla Polski i Unii Europejskiej polskim europos\u0142om i europos\u0142ankom w ramach zamkni\u0119tych i zorganizowanych specjalnie na okoliczno\u015b\u0107 szkolenia konferencjach prasowych;<\/li>\n<li>poznaj\u0105 ofert\u0119 Parlamentu Europejskiego dla os\u00f3b pracuj\u0105cych w mediach (kana\u0142y informacyjne skierowane stricte do dziennikarzy i dziennikarek, infrastruktura dost\u0119pna bezp\u0142atnie w budynkach Parlamentu, w tym studia telewizyjne i radiowe, stanowiska do prowadzenia transmisji itp., zwrot koszt\u00f3w podr\u00f3\u017cy, i wiele, wiele wi\u0119cej);<\/li>\n<li>stworz\u0105 pod okiem ekspertek i ekspert\u00f3w materia\u0142y dziennikarskie, na podstawie kt\u00f3rych wybrane osoby zostan\u0105 zaproszone do udzia\u0142u w drugim etapie szkolenia, kt\u00f3re odb\u0119dzie si\u0119 w po\u0142owie 2025 r. w Brukseli.<\/li>\n<\/ul>\n<p><strong>Udzia\u0142 w szkoleniu jest bezp\u0142atny.<\/strong><\/p>\n<p>Organizatorzy pokrywaj\u0105 nast\u0119puj\u0105ce koszty: zakwaterowanie w Warszawie, wy\u017cywienie &#8211; w tym dwie networkingowe kolacje &#8211; oraz zwrot koszt\u00f3w dojazdu z miejsca zamieszkania do miejsca szkolenia (Warszawy) i z powrotem.<\/p>\n<p>Do udzia\u0142u w programie mog\u0105 zg\u0142osi\u0107 si\u0119 osoby, kt\u00f3re uko\u0144czy\u0142y dowolne studia akademickie oraz maj\u0105 mniej ni\u017c 3 lata do\u015bwiadczenia zawodowego w mediach. Zapraszamy osoby tworz\u0105ce artyku\u0142y, audycje radiowe i\/lub telewizyjne, podcasty, analizy danych i infografiki, oraz materia\u0142y pisane i audiowizualne na platformach spo\u0142eczno\u015bciowych.<\/p>\n<p>Dodatkowym atutem b\u0119dzie zainteresowanie tematyk\u0105 lokaln\u0105 &#8211; wzmacnianie lokalnego dziennikarstwa jest kluczowe w procesie integracji europejskiej, a zrozumienie relacji mi\u0119dzy polityk\u0105 europejsk\u0105, og\u00f3lnokrajow\u0105 i lokaln\u0105 mo\u017ce odegra\u0107 szczeg\u00f3ln\u0105 rol\u0119 w podnoszeniu poziomu debaty publicznej.<\/p>\n<p>Do udzia\u0142u w szkoleniu zaproszonych zostanie 20 wybranych w procesie rekrutacyjnym os\u00f3b. Zg\u0142oszenia b\u0119d\u0105 oceniane w oparciu o nast\u0119puj\u0105ce kryteria:<\/p>\n<ul>\n<li>spe\u0142nienie wymog\u00f3w formalnych,<\/li>\n<li>udokumentowane do\u015bwiadczenia dziennikarskie,<\/li>\n<li>motywacja uczestnictwa w szkoleniu oraz to, w jaki spos\u00f3b kandydat\/ka planuje wykorzysta\u0107 zdobyte umiej\u0119tno\u015bci w swojej dalszej pracy dziennikarskiej,<\/li>\n<li>dodatkowo: zainteresowanie tematyk\u0105 europejsk\u0105 oraz tematami lokalnymi (atutem b\u0119d\u0105 publikacje zwi\u0105zane z tymi zagadnieniami).<\/li>\n<\/ul>\n<p>Termin przyjmowania dokument\u00f3w aplikacyjnych up\u0142ywa <strong>2 marca 2025 r.<\/strong><\/p>\n<p><a href=\"https:\/\/geremek.pl\/4-edycja-szkolenia-pe-dla-mlodych-dziennikarzy-kwiecien2025\/\">Wi\u0119cej informacji na stronie.<\/a><\/p>\n<p>Szczeg\u00f3\u0142y programu oraz kwestionariusz rekrutacyjny s\u0105 dost\u0119pne na stronie internetowej <a href=\"https:\/\/app.getresponse.com\/click.html?x=a62b&amp;co=zhezJM&amp;lc=hnpDpY&amp;mc=Iw&amp;s=BrLkWhN&amp;u=MP7dN&amp;z=E9wxWN&amp;\">Fundacji Geremka<\/a>\u00a0oraz na stronie <a href=\"https:\/\/app.getresponse.com\/click.html?x=a62b&amp;co=zhezJM&amp;lc=hnpD1R&amp;mc=Iw&amp;s=BrLkWhN&amp;u=MP7dN&amp;z=EGE5SZW&amp;\">Wyborcza.pl<\/a>. Wszystkie pytania prosimy kierowa\u0107 na adres: <a href=\"mailto:lukasz.krawczynski@geremek.pl\">lukasz.krawczynski@geremek.pl.<\/a><\/p>\n<\/div>\r\n                    <\/div>\r\n                <\/div>[\/vc_column][\/vc_row]<\/p>","protected":false},"excerpt":{"rendered":"<p>[vc_row][vc_column]Zapraszamy do udzia\u0142u w szkoleniu Parlamentu Europejskiego dla m\u0142odych dziennikarzy, kt\u00f3re odb\u0119dzie si\u0119 od 3 do 5 kwietnia br. w Warszawie i jest organizowane na zlecenie Parlamentu Europejskiego przez Fundacj\u0119 Centrum im. prof. Bronis\u0142awa Geremka oraz &#8222;Gazet\u0119 Wyborcz\u0105&#8221;. Termin przyjmowania dokument\u00f3w aplikacyjnych up\u0142ywa 2 marca 2025 r. [&#8230;]<\/p>\n<p><a class=\"btn btn-secondary understrap-read-more-link\" href=\"https:\/\/us.edu.pl\/student\/komunikaty\/iv-edycja-szkolenia-parlamentu-europejskiego-dla-mlodych-dziennikarzy\/\">Read More&#8230;<\/a><\/p>\n","protected":false},"author":2544,"featured_media":0,"template":"","meta":{"_expiration-date-status":"","_expiration-date":0,"_expiration-date-type":"","_expiration-date-categories":[],"_expiration-date-options":[]},"acf":[],"_links":{"self":[{"href":"https:\/\/us.edu.pl\/student\/wp-json\/wp\/v2\/komunikaty\/50473"}],"collection":[{"href":"https:\/\/us.edu.pl\/student\/wp-json\/wp\/v2\/komunikaty"}],"about":[{"href":"https:\/\/us.edu.pl\/student\/wp-json\/wp\/v2\/types\/komunikaty"}],"author":[{"embeddable":true,"href":"https:\/\/us.edu.pl\/student\/wp-json\/wp\/v2\/users\/2544"}],"version-history":[{"count":1,"href":"https:\/\/us.edu.pl\/student\/wp-json\/wp\/v2\/komunikaty\/50473\/revisions"}],"predecessor-version":[{"id":50477,"href":"https:\/\/us.edu.pl\/student\/wp-json\/wp\/v2\/komunikaty\/50473\/revisions\/50477"}],"wp:attachment":[{"href":"https:\/\/us.edu.pl\/student\/wp-json\/wp\/v2\/media?parent=50473"}],"curies":[{"name":"wp","href":"https:\/\/api.w.org\/{rel}","templated":true}]}}