{"id":58981,"date":"2025-09-11T10:10:15","date_gmt":"2025-09-11T08:10:15","guid":{"rendered":"https:\/\/us.edu.pl\/student\/?post_type=komunikaty&#038;p=58981"},"modified":"2025-09-11T10:11:28","modified_gmt":"2025-09-11T08:11:28","slug":"ekoliderki-wzmocnienie-procesow-sprawiedliwej-transformacji-slaska","status":"publish","type":"komunikaty","link":"https:\/\/us.edu.pl\/student\/komunikaty\/ekoliderki-wzmocnienie-procesow-sprawiedliwej-transformacji-slaska\/","title":{"rendered":"Ekoliderki. Wzmocnienie proces\u00f3w sprawiedliwej transformacji \u015al\u0105ska"},"content":{"rendered":"<p><span style=\"font-size: 12pt;\">Trwa nab\u00f3r do projektu \u201eEkoliderki. Wzmocnienie proces\u00f3w sprawiedliwej transformacji \u015al\u0105ska\u201d. Do udzia\u0142u zaproszone s\u0105 kobiety mieszkaj\u0105ce, ucz\u0105ce si\u0119 lub pracuj\u0105ce na terenie jednego z siedmiu\u00a0subregion\u00f3w<!--more--> wojew\u00f3dztwa \u015bl\u0105skiego:<\/span><\/p>\n<ul>\n<li class=\"v1MsoNormal\"><span style=\"font-size: 12pt;\"><strong>bielski<\/strong>: powiaty bielski, cieszy\u0144ski, \u017cywiecki oraz miasto Bielsko-Bia\u0142a;<\/span><\/li>\n<li class=\"v1MsoNormal\"><span style=\"font-size: 12pt;\"><strong>bytomski<\/strong>: miasta Bytom, Piekary \u015al\u0105skie, powiaty lubliniecki, tarnog\u00f3rski;<\/span><\/li>\n<li class=\"v1MsoNormal\"><span style=\"font-size: 12pt;\"><strong>gliwicki<\/strong>: powiat gliwicki, miasta Gliwice, Zabrze;<\/span><\/li>\n<li class=\"v1MsoNormal\"><span style=\"font-size: 12pt;\"><strong>katowicki<\/strong>: miasta Chorz\u00f3w, Katowice, Mys\u0142owice, Ruda \u015al\u0105ska, Siemianowice \u015al\u0105skie, \u015awi\u0119toch\u0142owice;<\/span><\/li>\n<li class=\"v1MsoNormal\"><span style=\"font-size: 12pt;\"><strong>rybnicki<\/strong>: powiaty rybnicki, wodzis\u0142awski, raciborski, miasta Rybnik, Jastrz\u0119bie-Zdr\u00f3j, \u017bory;<\/span><\/li>\n<li class=\"v1MsoNormal\"><span style=\"font-size: 12pt;\"><strong>sosnowiecki<\/strong>: powiaty b\u0119dzi\u0144ski, zawiercia\u0144ski, miasta D\u0105browa G\u00f3rnicza, Sosnowiec, Jaworzno;<\/span><\/li>\n<li class=\"v1MsoNormal\"><span style=\"font-size: 12pt;\"><strong>tyski<\/strong>: powiaty miko\u0142owski, pszczy\u0144ski, bieru\u0144sko-l\u0119dzi\u0144ski, miasto Tychy.<\/span><\/li>\n<\/ul>\n<p><span style=\"font-size: 12pt;\">Projekt obejmuje dwa modu\u0142y wyjazdowe:<\/span><\/p>\n<p><span style=\"font-size: 12pt;\"><strong>Modu\u0142 I \u2013 rozw\u00f3j osobisty i przyw\u00f3dztwo<\/strong><\/span><\/p>\n<ul>\n<li class=\"v1MsoNormal\"><span style=\"font-size: 12pt;\">Pog\u0142\u0119bienie wiedzy o w\u0142asnych talentach i preferencjach dzia\u0142ania<\/span><\/li>\n<li class=\"v1MsoNormal\"><span style=\"font-size: 12pt;\">Rozw\u00f3j umiej\u0119tno\u015bci komunikacyjnych, pracy z emocjami, rozwi\u0105zywania konflikt\u00f3w<\/span><\/li>\n<li class=\"v1MsoNormal\"><span style=\"font-size: 12pt;\">Zrozumienie roli liderki w zespole i organizacji<\/span><\/li>\n<li class=\"v1MsoNormal\"><span style=\"font-size: 12pt;\">Wzmocnienie kompetencji osobistych oraz zarz\u0105dzania sob\u0105 i zespo\u0142em<\/span><\/li>\n<\/ul>\n<p><span style=\"font-size: 12pt;\"><strong>Modu\u0142 II \u2013 tematyka ekologiczna<\/strong><\/span><\/p>\n<ul>\n<li class=\"v1MsoNormal\"><span style=\"font-size: 12pt;\">Podniesienie \u015bwiadomo\u015bci ekologicznej<\/span><\/li>\n<li class=\"v1MsoNormal\"><span style=\"font-size: 12pt;\">Promowanie aktywnych postaw i dzia\u0142a\u0144 proekologicznych<\/span><\/li>\n<li class=\"v1MsoNormal\"><span style=\"font-size: 12pt;\">Rozw\u00f3j \u015bwiadomo\u015bci wp\u0142ywu jednostki na \u015brodowisko lokalne i globalne<\/span><\/li>\n<li class=\"v1MsoNormal\"><span style=\"font-size: 12pt;\">Wiedza o klimacie, transformacji energetycznej i zr\u00f3wnowa\u017conym rozwoju<\/span><\/li>\n<\/ul>\n<p><span style=\"font-size: 12pt;\">Dodatkowe wsparcie dla uczestniczek obejmuje:<\/span><\/p>\n<ul>\n<li class=\"v1MsoNormal\"><span style=\"font-size: 12pt;\">trzy godziny indywidualnego doradztwa dostosowanego do potrzeb i cel\u00f3w projektu;<\/span><\/li>\n<li class=\"v1MsoNormal\"><span style=\"font-size: 12pt;\">mo\u017cliwo\u015b\u0107 ubiegania si\u0119 o realizacj\u0119 w\u0142asnej inicjatywy lokalnej z dofinansowaniem do 6 tys. z\u0142 \u2013 po uko\u0144czeniu obu modu\u0142\u00f3w.<\/span><\/li>\n<\/ul>\n<p><span style=\"font-size: 12pt;\">Rekrutacja do V rundy trwa do 21 wrze\u015bnia.<\/span><\/p>\n<p><span style=\"font-size: 12pt;\">Zg\u0142oszenia mo\u017cna sk\u0142ada\u0107:<\/span><\/p>\n<ul>\n<li class=\"v1MsoNormal\"><span style=\"font-size: 12pt;\">przez formularz online,<\/span><\/li>\n<li class=\"v1MsoNormal\"><span style=\"font-size: 12pt;\">tradycyjn\u0105 poczt\u0105,<\/span><\/li>\n<li class=\"v1MsoNormal\"><span style=\"font-size: 12pt;\">osobi\u015bcie w jednym z biur projektu.<\/span><\/li>\n<\/ul>\n<p><span style=\"font-size: 12pt;\">Szczeg\u00f3\u0142y, regulamin oraz dokumenty dost\u0119pne s\u0105\u00a0<a href=\"https:\/\/www.ekoliderki.pl\/\">na stronie projektu<\/a>.<\/span><\/p>\n<p><span style=\"font-size: 12pt;\">Projekt \u201eEkoliderki. Wzmocnienie proces\u00f3w sprawiedliwej transformacji \u015al\u0105ska\u201d jest dofinansowany ze \u015brodk\u00f3w Funduszy Europejskich dla \u015al\u0105skiego 2021\u20132027 (Fundusz na rzecz Sprawiedliwej Transformacji \u2013 dzia\u0142anie FESL.10.24 W\u0142\u0105czenie spo\u0142eczne \u2013 Wzmocnienie procesu sprawiedliwej transformacji).<\/span><\/p>\n<p><img class=\"alignnone wp-image-58982 size-full\" src=\"https:\/\/us.edu.pl\/student\/wp-content\/uploads\/sites\/3\/Bez-kategorii\/plakat-skompresowany_page-0001-e1757577930995.jpg\" alt=\"Plakat informacyjny.\" width=\"566\" height=\"800\" \/><\/p>","protected":false},"excerpt":{"rendered":"<p>Trwa nab\u00f3r do projektu \u201eEkoliderki. Wzmocnienie proces\u00f3w sprawiedliwej transformacji \u015al\u0105ska\u201d. Do udzia\u0142u zaproszone s\u0105 kobiety mieszkaj\u0105ce, ucz\u0105ce si\u0119 lub pracuj\u0105ce na terenie jednego z siedmiu\u00a0subregion\u00f3w [&#8230;]<\/p>\n<p><a class=\"btn btn-secondary understrap-read-more-link\" href=\"https:\/\/us.edu.pl\/student\/komunikaty\/ekoliderki-wzmocnienie-procesow-sprawiedliwej-transformacji-slaska\/\">Read More&#8230;<\/a><\/p>\n","protected":false},"author":187,"featured_media":0,"template":"","meta":{"_expiration-date-status":"","_expiration-date":0,"_expiration-date-type":"","_expiration-date-categories":[],"_expiration-date-options":[]},"acf":[],"_links":{"self":[{"href":"https:\/\/us.edu.pl\/student\/wp-json\/wp\/v2\/komunikaty\/58981"}],"collection":[{"href":"https:\/\/us.edu.pl\/student\/wp-json\/wp\/v2\/komunikaty"}],"about":[{"href":"https:\/\/us.edu.pl\/student\/wp-json\/wp\/v2\/types\/komunikaty"}],"author":[{"embeddable":true,"href":"https:\/\/us.edu.pl\/student\/wp-json\/wp\/v2\/users\/187"}],"version-history":[{"count":3,"href":"https:\/\/us.edu.pl\/student\/wp-json\/wp\/v2\/komunikaty\/58981\/revisions"}],"predecessor-version":[{"id":58989,"href":"https:\/\/us.edu.pl\/student\/wp-json\/wp\/v2\/komunikaty\/58981\/revisions\/58989"}],"wp:attachment":[{"href":"https:\/\/us.edu.pl\/student\/wp-json\/wp\/v2\/media?parent=58981"}],"curies":[{"name":"wp","href":"https:\/\/api.w.org\/{rel}","templated":true}]}}