{"id":61579,"date":"2026-04-24T14:20:04","date_gmt":"2026-04-24T12:20:04","guid":{"rendered":"https:\/\/us.edu.pl\/student\/?post_type=komunikaty&#038;p=61579"},"modified":"2026-04-24T14:20:04","modified_gmt":"2026-04-24T12:20:04","slug":"rekrutacja-do-projektu-dyplom-i-co-dalej-absolwenci-z-niepelnosprawnosciami-na-rynku-pracy","status":"publish","type":"komunikaty","link":"https:\/\/us.edu.pl\/student\/komunikaty\/rekrutacja-do-projektu-dyplom-i-co-dalej-absolwenci-z-niepelnosprawnosciami-na-rynku-pracy\/","title":{"rendered":"Rekrutacja do projektu \u201eDyplom i co dalej? Absolwenci z niepe\u0142nosprawno\u015bciami na rynku pracy\u201d"},"content":{"rendered":"<p>[vc_row][vc_column]\r\n                <div class=\"text-modules\">\r\n                    <div class=\"container\">\r\n                        \r\n                        <div class=\"text-modules__content\"><p>Zastanawiasz si\u0119, jak rozpocz\u0105\u0107 swoj\u0105 karier\u0119 zawodow\u0105 po studiach? We\u017a udzia\u0142 w projekcie \u201eDyplom i co dalej? Absolwenci z niepe\u0142nosprawno\u015bciami na rynku pracy\u201d, wsp\u00f3\u0142finansowanym ze \u015brodk\u00f3w PFRON w ramach programu \u201eABSOLWENT II\u201d.<!--more--><!--more--><!--more--> Projekt realizowany jest w okresie od 1 pa\u017adziernika 2024 r. do 30 wrze\u015bnia 2026 r.<\/p>\n<p><strong>Dla kogo?<\/strong><br \/>\nProjekt skierowany jest do os\u00f3b z niepe\u0142nosprawno\u015bciami, kt\u00f3re studiuj\u0105 na ostatnim roku studi\u00f3w (licencjackich, magisterskich, doktoranckich lub podyplomowych) lub uko\u0144czy\u0142y studia maksymalnie 5 lat temu, nie pracuj\u0105 lub pracuj\u0105 dorywczo b\u0105d\u017a poni\u017cej swoich kwalifikacji oraz mieszkaj\u0105 na terenie wybranych wojew\u00f3dztw, m.in. \u015bl\u0105skiego, mazowieckiego, ma\u0142opolskiego czy wielkopolskiego.<\/p>\n<p><strong>Dlaczego warto?<\/strong><br \/>\nUdzia\u0142 w projekcie to realne wsparcie w wej\u015bciu na rynek pracy:<\/p>\n<ul>\n<li>zaplanujesz swoj\u0105 \u015bcie\u017ck\u0119 kariery zawodowej,<\/li>\n<li>zdob\u0119dziesz do\u015bwiadczenie podczas p\u0142atnego sta\u017cu (3 510,92 z\u0142 netto),<\/li>\n<li>skorzystasz z bezp\u0142atnych szkole\u0144 i kurs\u00f3w,<\/li>\n<li>otrzymasz zwrot koszt\u00f3w dojazdu oraz opieki nad dzieckiem lub osob\u0105 zale\u017cn\u0105,<\/li>\n<li>uzyskasz pomoc w znalezieniu pracy dopasowanej do Twoich kwalifikacji.<\/li>\n<\/ul>\n<p><strong>Projekt realizowany jest w okresie od 1 pa\u017adziernika 2024 r. do 30 wrze\u015bnia 2026 r., rekrutacja trwa,<\/strong> a udzia\u0142 w nim jest bezp\u0142atny, przy czym liczba miejsc jest ograniczona.<\/p>\n<p><a href=\"https:\/\/kontraktor.biz.pl\/projekt-pfron\">Wi\u0119cej informacji o projekcie oraz szczeg\u00f3\u0142y rekrutacji znajdziesz na stronie internetowej<\/a>.<\/p>\n<p><strong>Jak do\u0142\u0105czy\u0107?<\/strong><br \/>\nSkontaktuj si\u0119 z organizatorami:<br \/>\n\u2022 tel.: 885 402 718<br \/>\n\u2022 e-mail: <a href=\"mailto:absolwent@kontraktor.biz.pl\">absolwent@kontraktor.biz.pl<\/a><\/p>\n<p><a href=\"https:\/\/www.facebook.com\/profile.php?id=61575848261328&amp;locale=pl_PL\">Aktualno\u015bci oraz bie\u017c\u0105ce informacje publikowane s\u0105 na fanpage\u2019u projektu.<\/a><\/p>\n<p>Nie zwlekaj \u2013 skorzystaj ze wsparcia i zwi\u0119ksz swoje szanse na rynku pracy!<\/p>\n<\/div>\r\n                    <\/div>\r\n                <\/div>[\/vc_column][\/vc_row]<\/p>","protected":false},"excerpt":{"rendered":"<p>[vc_row][vc_column]Zastanawiasz si\u0119, jak rozpocz\u0105\u0107 swoj\u0105 karier\u0119 zawodow\u0105 po studiach? We\u017a udzia\u0142 w projekcie \u201eDyplom i co dalej? Absolwenci z niepe\u0142nosprawno\u015bciami na rynku pracy\u201d, wsp\u00f3\u0142finansowanym ze \u015brodk\u00f3w PFRON w ramach programu \u201eABSOLWENT II\u201d. [&#8230;]<\/p>\n<p><a class=\"btn btn-secondary understrap-read-more-link\" href=\"https:\/\/us.edu.pl\/student\/komunikaty\/rekrutacja-do-projektu-dyplom-i-co-dalej-absolwenci-z-niepelnosprawnosciami-na-rynku-pracy\/\">Read More&#8230;<\/a><\/p>\n","protected":false},"author":7151,"featured_media":0,"template":"","meta":{"_expiration-date-status":"","_expiration-date":0,"_expiration-date-type":"","_expiration-date-categories":[],"_expiration-date-options":[]},"acf":[],"_links":{"self":[{"href":"https:\/\/us.edu.pl\/student\/wp-json\/wp\/v2\/komunikaty\/61579"}],"collection":[{"href":"https:\/\/us.edu.pl\/student\/wp-json\/wp\/v2\/komunikaty"}],"about":[{"href":"https:\/\/us.edu.pl\/student\/wp-json\/wp\/v2\/types\/komunikaty"}],"author":[{"embeddable":true,"href":"https:\/\/us.edu.pl\/student\/wp-json\/wp\/v2\/users\/7151"}],"version-history":[{"count":1,"href":"https:\/\/us.edu.pl\/student\/wp-json\/wp\/v2\/komunikaty\/61579\/revisions"}],"predecessor-version":[{"id":61580,"href":"https:\/\/us.edu.pl\/student\/wp-json\/wp\/v2\/komunikaty\/61579\/revisions\/61580"}],"wp:attachment":[{"href":"https:\/\/us.edu.pl\/student\/wp-json\/wp\/v2\/media?parent=61579"}],"curies":[{"name":"wp","href":"https:\/\/api.w.org\/{rel}","templated":true}]}}