{"id":61676,"date":"2026-04-30T14:12:06","date_gmt":"2026-04-30T12:12:06","guid":{"rendered":"https:\/\/us.edu.pl\/student\/?post_type=komunikaty&#038;p=61676"},"modified":"2026-04-30T14:12:06","modified_gmt":"2026-04-30T12:12:06","slug":"miedzynarodowe-sympozjum-poswiecone-przyszlosci-pracy-i-zatrudnienia","status":"publish","type":"komunikaty","link":"https:\/\/us.edu.pl\/student\/komunikaty\/miedzynarodowe-sympozjum-poswiecone-przyszlosci-pracy-i-zatrudnienia\/","title":{"rendered":"Mi\u0119dzynarodowe Sympozjum po\u015bwi\u0119cone przysz\u0142o\u015bci pracy i zatrudnienia"},"content":{"rendered":"<p>[vc_row][vc_column]\r\n                <div class=\"text-modules\">\r\n                    <div class=\"container\">\r\n                        \r\n                        <div class=\"text-modules__content\"><p>\u015awiat dynamicznie zmienia si\u0119, tak\u017ce praca i rynek zatrudnienia. Warto by\u0107 na bie\u017c\u0105co obserwuj\u0105c trendy i tendencje. 18 maja br. we\u017a udzia\u0142 w mi\u0119dzynarodowym Sympozjum po\u015bwi\u0119conym przysz\u0142o\u015bci zatrudnienia i rozwojowi kompetencji zawodowych.<!--more--><!--more--><\/p>\n<p>Sympozjum odbywa si\u0119 w ramach projektu \u201eTRANSFORM: Przysz\u0142o\u015b\u0107 si\u0142y roboczej: Przyjmowanie zmian, wyzwa\u0144 i mo\u017cliwo\u015bci\u201d.<\/p>\n<p>Dzi\u0119ki udzia\u0142owi w spotkaniu poznasz perspektyw\u0119 wp\u0142ywu transformacji technologicznej oraz robotyzacji na rynek pracy, dowiesz si\u0119 jakie kompetencje s\u0105 aktualnie po\u017c\u0105dane. Na spotkaniu b\u0119dzie tak\u017ce poruszany temat dobrostanu pracownik\u00f3w. Poznasz nowe modele pracy, rol\u0119 partycypacji spo\u0142ecznej i dialogu mi\u0119dzysektorowego we wsp\u00f3\u0142czesnym \u015bwiecie.<\/p>\n<p>Sympozjum b\u0119dzie doskona\u0142\u0105 okazj\u0105 do poszerzenia wiedzy na temat przysz\u0142o\u015bci rynku pracy, poznania mi\u0119dzynarodowych perspektyw oraz udzia\u0142u w dyskusji dotycz\u0105cej wyzwa\u0144 i szans zawodowych nadchodz\u0105cych lat.<\/p>\n<p>Wydarzenie jest organizowane przez ISCTE \u2013 Instituto Universit\u00e1rio de Lisboa.<\/p>\n<p>Sympozjum\u00a0 odb\u0119dzie si\u0119 <strong>18 maja 2026 roku w godzinach 09.30\u201313.00 (CET) w formule online. <\/strong>J\u0119zyk spotkania &#8211; angielski.<\/p>\n<p><a href=\"https:\/\/forms.office.com\/pages\/responsepage.aspx?id=YOgwYsW_lUCmvBBHIa3W5kfu_hIBU4dPgJqgK8SWLoFUM0xLWU1SQTNWRTlPMkY1UzNWT0FXVlBaRy4u&amp;route=shorturl\"><strong>Zarejestruj si\u0119 poprzez stron\u0119.<\/strong><\/a><\/p>\n<p>Aplikacje mo\u017cna sk\u0142ada\u0107 do<strong> 15 maja 2026 roku.\u00a0 <\/strong><\/p>\n<\/div>\r\n                    <\/div>\r\n                <\/div>[\/vc_column][\/vc_row]<\/p>","protected":false},"excerpt":{"rendered":"<p>[vc_row][vc_column]\u015awiat dynamicznie zmienia si\u0119, tak\u017ce praca i rynek zatrudnienia. Warto by\u0107 na bie\u017c\u0105co obserwuj\u0105c trendy i tendencje. 18 maja br. we\u017a udzia\u0142 w mi\u0119dzynarodowym Sympozjum po\u015bwi\u0119conym przysz\u0142o\u015bci zatrudnienia i rozwojowi kompetencji zawodowych. [&#8230;]<\/p>\n<p><a class=\"btn btn-secondary understrap-read-more-link\" href=\"https:\/\/us.edu.pl\/student\/komunikaty\/miedzynarodowe-sympozjum-poswiecone-przyszlosci-pracy-i-zatrudnienia\/\">Read More&#8230;<\/a><\/p>\n","protected":false},"author":7151,"featured_media":0,"template":"","meta":{"_expiration-date-status":"","_expiration-date":0,"_expiration-date-type":"","_expiration-date-categories":[],"_expiration-date-options":[]},"acf":[],"_links":{"self":[{"href":"https:\/\/us.edu.pl\/student\/wp-json\/wp\/v2\/komunikaty\/61676"}],"collection":[{"href":"https:\/\/us.edu.pl\/student\/wp-json\/wp\/v2\/komunikaty"}],"about":[{"href":"https:\/\/us.edu.pl\/student\/wp-json\/wp\/v2\/types\/komunikaty"}],"author":[{"embeddable":true,"href":"https:\/\/us.edu.pl\/student\/wp-json\/wp\/v2\/users\/7151"}],"version-history":[{"count":1,"href":"https:\/\/us.edu.pl\/student\/wp-json\/wp\/v2\/komunikaty\/61676\/revisions"}],"predecessor-version":[{"id":61677,"href":"https:\/\/us.edu.pl\/student\/wp-json\/wp\/v2\/komunikaty\/61676\/revisions\/61677"}],"wp:attachment":[{"href":"https:\/\/us.edu.pl\/student\/wp-json\/wp\/v2\/media?parent=61676"}],"curies":[{"name":"wp","href":"https:\/\/api.w.org\/{rel}","templated":true}]}}