{"id":63300,"date":"2026-09-02T14:44:59","date_gmt":"2026-09-02T12:44:59","guid":{"rendered":"https:\/\/us.edu.pl\/student\/?post_type=komunikaty&#038;p=63300"},"modified":"2026-09-02T14:44:59","modified_gmt":"2026-09-02T12:44:59","slug":"slaska-akademia-biznesu","status":"publish","type":"komunikaty","link":"https:\/\/us.edu.pl\/student\/komunikaty\/slaska-akademia-biznesu\/","title":{"rendered":"\u015al\u0105ska Akademia Biznesu"},"content":{"rendered":"<p>[vc_row][vc_column]\r\n                <div class=\"text-modules\">\r\n                    <div class=\"container\">\r\n                        \r\n                        <div class=\"text-modules__content\"><p>W\u0142asna firma mo\u017ce zacz\u0105\u0107 si\u0119 od pomys\u0142u, kt\u00f3ry pojawi\u0142 si\u0119 mi\u0119dzy zaj\u0119ciami albo od potrzeby stworzenia czego\u015b w\u0142asnego. Je\u015bli zastanawiasz si\u0119, jak prze\u0142o\u017cy\u0107 pomys\u0142 na dzia\u0142aj\u0105cy biznes, <strong>17 wrze\u015bnia 2026 r.<\/strong> mo\u017cesz zdoby\u0107 praktyczn\u0105 wiedz\u0119 podczas spotkania <strong>\u015al\u0105skiej Akademii Biznesu<\/strong> w Katowicach.<!--more--><\/p>\n<p>To wydarzenie dla tych, kt\u00f3rzy chc\u0105 zdoby\u0107 praktyczn\u0105 wiedz\u0119 i konkretne narz\u0119dzia przydatne w prowadzeniu w\u0142asnej firmy \u2013 bez zb\u0119dnej teorii.<\/p>\n<p><strong>Dlaczego warto?<\/strong><\/p>\n<ul>\n<li>we\u017amiesz udzia\u0142 w <strong>3 praktycznych blokach szkoleniowych<\/strong> prowadzonych przez osoby z do\u015bwiadczeniem biznesowym,<\/li>\n<li>dowiesz si\u0119, jak <strong>zweryfikowa\u0107 sw\u00f3j pomys\u0142 na biznes<\/strong> i sprawdzi\u0107, czy odpowiada na realne potrzeby klient\u00f3w,<\/li>\n<li>poznasz sposoby na <strong>skuteczny marketing i komunikacj\u0119 ma\u0142ej firmy<\/strong> bez konieczno\u015bci dysponowania du\u017cym bud\u017cetem,<\/li>\n<li>zdob\u0119dziesz podstawow\u0105 wiedz\u0119 dotycz\u0105c\u0105 <strong>prawnych aspekt\u00f3w prowadzenia dzia\u0142alno\u015bci<\/strong>, m.in. um\u00f3w, ZUS, podatk\u00f3w i ochrony danych osobowych,<\/li>\n<li>b\u0119dziesz mie\u0107 mo\u017cliwo\u015b\u0107 skorzystania z <strong>indywidualnych konsultacji 1:1 z ekspertami<\/strong> z zakresu prawa, marketingu, ksi\u0119gowo\u015bci i pozyskiwania dotacji,<\/li>\n<li>poznasz innych przedsi\u0119biorc\u00f3w i osoby zainteresowane biznesem podczas <strong>networkingu<\/strong>.<\/li>\n<\/ul>\n<p>\u015al\u0105ska Akademia Biznesu skierowana jest do os\u00f3b, kt\u00f3re planuj\u0105 rozpocz\u0105\u0107 w\u0142asn\u0105 dzia\u0142alno\u015b\u0107, maj\u0105 pomys\u0142 na biznes lub ju\u017c prowadz\u0105 firm\u0119 i chc\u0105 zdoby\u0107 wiedz\u0119 potrzebn\u0105 do jej dalszego rozwoju. To r\u00f3wnie\u017c dobra okazja dla student\u00f3w i absolwent\u00f3w zainteresowanych przedsi\u0119biorczo\u015bci\u0105 i rozpocz\u0119ciem w\u0142asnej dzia\u0142alno\u015bci.<\/p>\n<p>Wydarzenie odb\u0119dzie si\u0119 <strong>17 wrze\u015bnia 2026 r. (czwartek)<\/strong> w godz. <strong>12.00\u201317.00<\/strong> w <strong>Miejskim Inkubatorze Przedsi\u0119biorczo\u015bci Rawa.Ink przy ul. Teatralnej 17A w Katowicach<\/strong>. Udzia\u0142 w wydarzeniu jest <strong>bezp\u0142atny<\/strong> dzi\u0119ki dofinansowaniu ze \u015brodk\u00f3w Samorz\u0105du Wojew\u00f3dztwa \u015al\u0105skiego. Liczba miejsc jest ograniczona, a o udziale decyduje kolejno\u015b\u0107 zg\u0142osze\u0144.<\/p>\n<p><a href=\"https:\/\/www.slaska.akademiapzw.pl\/\">Szczeg\u00f3\u0142owe informacje, plan wydarzenia oraz formularz zg\u0142oszeniowy znajdziesz na stronie projektu.<\/a><\/p>\n<p>Nie czekaj z realizacj\u0105 swojego pomys\u0142u \u2013 <strong>zr\u00f3b pierwszy krok w stron\u0119 w\u0142asnego biznesu!<\/strong><\/p>\n<\/div>\r\n                    <\/div>\r\n                <\/div>[\/vc_column][\/vc_row]<\/p>","protected":false},"excerpt":{"rendered":"<p>[vc_row][vc_column]W\u0142asna firma mo\u017ce zacz\u0105\u0107 si\u0119 od pomys\u0142u, kt\u00f3ry pojawi\u0142 si\u0119 mi\u0119dzy zaj\u0119ciami albo od potrzeby stworzenia czego\u015b w\u0142asnego. Je\u015bli zastanawiasz si\u0119, jak prze\u0142o\u017cy\u0107 pomys\u0142 na dzia\u0142aj\u0105cy biznes, 17 wrze\u015bnia 2026 r. mo\u017cesz zdoby\u0107 praktyczn\u0105 wiedz\u0119 podczas spotkania \u015al\u0105skiej Akademii Biznesu w Katowicach. [&#8230;]<\/p>\n<p><a class=\"btn btn-secondary understrap-read-more-link\" href=\"https:\/\/us.edu.pl\/student\/komunikaty\/slaska-akademia-biznesu\/\">Read More&#8230;<\/a><\/p>\n","protected":false},"author":7151,"featured_media":0,"template":"","meta":{"_expiration-date-status":"","_expiration-date":0,"_expiration-date-type":"","_expiration-date-categories":[],"_expiration-date-options":[]},"acf":[],"_links":{"self":[{"href":"https:\/\/us.edu.pl\/student\/wp-json\/wp\/v2\/komunikaty\/63300"}],"collection":[{"href":"https:\/\/us.edu.pl\/student\/wp-json\/wp\/v2\/komunikaty"}],"about":[{"href":"https:\/\/us.edu.pl\/student\/wp-json\/wp\/v2\/types\/komunikaty"}],"author":[{"embeddable":true,"href":"https:\/\/us.edu.pl\/student\/wp-json\/wp\/v2\/users\/7151"}],"version-history":[{"count":1,"href":"https:\/\/us.edu.pl\/student\/wp-json\/wp\/v2\/komunikaty\/63300\/revisions"}],"predecessor-version":[{"id":63301,"href":"https:\/\/us.edu.pl\/student\/wp-json\/wp\/v2\/komunikaty\/63300\/revisions\/63301"}],"wp:attachment":[{"href":"https:\/\/us.edu.pl\/student\/wp-json\/wp\/v2\/media?parent=63300"}],"curies":[{"name":"wp","href":"https:\/\/api.w.org\/{rel}","templated":true}]}}