{"id":1253,"date":"2019-08-30T10:18:59","date_gmt":"2019-08-30T08:18:59","guid":{"rendered":"http:\/\/php71.nfinity-beta.pl\/us\/student\/?page_id=1253"},"modified":"2026-07-27T13:46:52","modified_gmt":"2026-07-27T11:46:52","slug":"index","status":"publish","type":"page","link":"https:\/\/us.edu.pl\/student\/","title":{"rendered":"G\u0142\u00f3wna"},"content":{"rendered":"<p>[vc_row][vc_column]\n\t\t\t\t<input type=\"hidden\" name=\"promoted_only\" value=\"\">\n\t\t\t\t<input type=\"hidden\" name=\"order\" value=\"ASC\">\n\t\t\t\t<input type=\"hidden\" name=\"order_by\" value=\"menu_order\">\n\n\t\t\t\t<div class=\"article-loop loop-section  color-blue\" style=\"background: \">\n\t\t\t\t\t <div class=\"container \">\n\t\t\t\t\t \t<div class=\"col-12 article-loop-gutter-left\">\n\t\t\t\t\t\t  <div class=\"article-loop-top loop-section-top\">\n\t\t\t\t\t\t\t\t<h2 class=\"section-title\">Wiadomo\u015bci studenckie<\/h2><div class=\"article-loop-top_right loop-section-top__right\" >\n\t\t\t\t\t\t\t\t\t <select name=\"sort\" title = \"filter by category\"\n\t\t\t\t\t\t\t\t\t\t  class=\"article-loop-sort\" >\n\t\t\t\t\t\t\t\t\t\t  <option value = \"\" selected disabled > filtrowanie wed\u0142ug kategorii<\/option>\n\t\t\t\t\t\t\t\t\t\t  <option value = \"3-204,3-189,3-522,3-221,3-13,3-1,3-184,3-213,3-192,3-388,3-21,3-80,3-208,3-22,3-75,3-493,3-537,3-14,3-24,3-29,3-32,3-215,3-203,3-354,3-529,3-520,3-415,3-417,3-16,3-19,3-77,3-26,3-27,3-33,3-35,3-36,3-37,3-38,3-39,3-40,3-41,3-43,3-44,3-542,3-198,3-42,3-526,3-45,3-508\" > Wszystko<\/option> <option data-link='https:\/\/us.edu.pl\/student\/category\/ussupports-together-we-are-stronger\/' value='3-204'>#U\u015awspiera | Razem jeste\u015bmy silniejsi<\/option><option data-link='https:\/\/us.edu.pl\/student\/category\/akademiki\/' value='3-189'>akademiki<\/option><option data-link='https:\/\/us.edu.pl\/student\/category\/ankiety\/' value='3-522'>ankiety<\/option><option data-link='https:\/\/us.edu.pl\/student\/category\/antyplagiat\/' value='3-221'>antyplagiat<\/option><option data-link='https:\/\/us.edu.pl\/student\/category\/artykuly\/' value='3-13'>artyku\u0142y<\/option><option data-link='https:\/\/us.edu.pl\/student\/category\/bez-kategorii\/' value='3-1'>Bez kategorii<\/option><option data-link='https:\/\/us.edu.pl\/student\/category\/covid-19\/' value='3-184'>COVID-19<\/option><option data-link='https:\/\/us.edu.pl\/student\/category\/dostepnosc\/' value='3-213'>dost\u0119pno\u015b\u0107<\/option><option data-link='https:\/\/us.edu.pl\/student\/category\/e-sport\/' value='3-192'>e-sport<\/option><option data-link='https:\/\/us.edu.pl\/student\/category\/inicjatywa-doskonalosci\/' value='3-388'>inicjatywa doskona\u0142o\u015bci<\/option><option data-link='https:\/\/us.edu.pl\/student\/category\/konferencje\/' value='3-21'>konferencje<\/option><option data-link='https:\/\/us.edu.pl\/student\/category\/konkurs\/' value='3-80'>konkurs<\/option><option data-link='https:\/\/us.edu.pl\/student\/category\/education\/' value='3-208'>kszta\u0142cenie<\/option><option data-link='https:\/\/us.edu.pl\/student\/category\/materialy-wideo\/' value='3-22'>materia\u0142y wideo<\/option><option data-link='https:\/\/us.edu.pl\/student\/category\/ochrona-srodowiska\/' value='3-75'>Ochrona \u015brodowiska<\/option><option data-link='https:\/\/us.edu.pl\/student\/category\/pomoc-dla-ukrainy\/' value='3-493'>pomoc dla Ukrainy<\/option><option data-link='https:\/\/us.edu.pl\/student\/category\/sfn\/' value='3-537'>\u015aFN<\/option><option data-link='https:\/\/us.edu.pl\/student\/category\/slaski-badawczy\/' value='3-14'>\u015al\u0105ski badawczy<\/option><option data-link='https:\/\/us.edu.pl\/student\/category\/slaski-badawczy\/nauka-i-sztuka\/' value='3-24'>nauka i sztuka<\/option><option data-link='https:\/\/us.edu.pl\/student\/category\/slaski-badawczy\/popularyzacja-nauki\/' value='3-29'>popularyzacja nauki<\/option><option data-link='https:\/\/us.edu.pl\/student\/category\/wiadomosci\/projekty-wiadomosci\/' value='3-32'>projekty<\/option><option data-link='https:\/\/us.edu.pl\/student\/category\/studenci\/' value='3-215'>studenci<\/option><option data-link='https:\/\/us.edu.pl\/student\/category\/swiadczenia\/' value='3-203'>\u015bwiadczenia<\/option><option data-link='https:\/\/us.edu.pl\/student\/category\/t4e\/' value='3-354'>t4e<\/option><option data-link='https:\/\/us.edu.pl\/student\/category\/t4eu\/' value='3-529'>t4eu<\/option><option data-link='https:\/\/us.edu.pl\/student\/category\/teatr\/' value='3-520'>teatr<\/option><option data-link='https:\/\/us.edu.pl\/student\/category\/uniwersytet-europejski\/' value='3-415'>uniwersytet europejski<\/option><option data-link='https:\/\/us.edu.pl\/student\/category\/european-university\/' value='3-417'>Uniwersytet Europejski<\/option><option data-link='https:\/\/us.edu.pl\/student\/category\/wiadomosci\/' value='3-16'>Wiadomo\u015bci<\/option><option data-link='https:\/\/us.edu.pl\/student\/category\/wiadomosci\/informacje\/' value='3-19'>informacje<\/option><option data-link='https:\/\/us.edu.pl\/student\/category\/wiadomosci\/informacje\/swieta\/' value='3-77'>\u015bwi\u0119ta<\/option><option data-link='https:\/\/us.edu.pl\/student\/category\/wiadomosci\/ogolne\/' value='3-26'>og\u00f3lne<\/option><option data-link='https:\/\/us.edu.pl\/student\/category\/wiadomosci\/osiagniecia\/' value='3-27'>osi\u0105gni\u0119cia<\/option><option data-link='https:\/\/us.edu.pl\/student\/category\/wiadomosci\/rekrutacja\/' value='3-33'>rekrutacja<\/option><option data-link='https:\/\/us.edu.pl\/student\/category\/wiadomosci\/relacje-wiadomosci\/' value='3-35'>relacje<\/option><option data-link='https:\/\/us.edu.pl\/student\/category\/wiadomosci\/seminaria\/' value='3-36'>seminaria<\/option><option data-link='https:\/\/us.edu.pl\/student\/category\/wiadomosci\/sport\/' value='3-37'>sport<\/option><option data-link='https:\/\/us.edu.pl\/student\/category\/wiadomosci\/spotkania\/' value='3-38'>spotkania<\/option><option data-link='https:\/\/us.edu.pl\/student\/category\/wiadomosci\/szkolenia\/' value='3-39'>szkolenia<\/option><option data-link='https:\/\/us.edu.pl\/student\/category\/wiadomosci\/uroczystosci\/' value='3-40'>uroczysto\u015bci<\/option><option data-link='https:\/\/us.edu.pl\/student\/category\/wiadomosci\/wspolpraca\/' value='3-41'>wsp\u00f3\u0142praca<\/option><option data-link='https:\/\/us.edu.pl\/student\/category\/wiadomosci\/wydarzenia-wiadomosci\/' value='3-43'>wydarzenia<\/option><option data-link='https:\/\/us.edu.pl\/student\/category\/wiadomosci\/wyklady\/' value='3-44'>wyk\u0142ady<\/option><option data-link='https:\/\/us.edu.pl\/student\/category\/wolontariat\/' value='3-542'>wolontariat<\/option><option data-link='https:\/\/us.edu.pl\/student\/category\/wsparcie\/' value='3-198'>wsparcie<\/option><option data-link='https:\/\/us.edu.pl\/student\/category\/wydarzenia\/' value='3-42'>wydarzenia<\/option><option data-link='https:\/\/us.edu.pl\/student\/category\/wyroznienia\/' value='3-526'>wyr\u00f3\u017cnienia<\/option><option data-link='https:\/\/us.edu.pl\/student\/category\/wywiady\/' value='3-45'>wywiady<\/option><option data-link='https:\/\/us.edu.pl\/student\/category\/zyczenia\/' value='3-508'>\u017cyczenia<\/option><\/select>    <a href = \"\/student\/category\/wiadomosci\/\" class=\"link-button \" > Wszystko<\/a><\/div>  \n\t\t\t\t\t\t  <\/div>\n\t\t\t\t\t\t  <div class=\"article-loop-main carousel\" data-home-url=\"https:\/\/us.edu.pl\/student\" >\n\t\t\t\t\t\t\t\t<a href = \"#\" data-slide = \"prev\" title=\"przesu\u0144 pasek Wiadomo\u015bci studenckiew lewo\" class=\"arrow\" >\n\t\t\t\t\t\t\t\t\t <em class=\"ci ci-arrow-left\" ><\/em >\n\t\t\t\t\t\t\t\t\t <span class=\"d-none\" > arrow<\/span >\n\t\t\t\t\t\t\t\t<\/a>\n\t \n\t\t\t\t\t\t\t\t<a href = \"#\" data-slide = \"next\" title=\"przesu\u0144 pasek Wiadomo\u015bci studenckie w prawo\" class=\"arrow\" >\n\t\t\t\t\t\t\t\t\t <em class=\"ci ci-arrow-right\" ><\/em >\n\t\t\t\t\t\t\t\t\t <span class=\"d-none\" > arrow<\/span >\n\t\t\t\t\t\t\t\t<\/a>\n\t\t\t\t\t\t\t\t<div class=\"row items\" >\n\t\t\t\t\t\t\t\t\t \r\n            <article class=\"article-loop-post carousel-slide\">\r\n                <a href=\"https:\/\/us.edu.pl\/student\/terminy-kwaterowania-w-akademikach-na-rok-akademicki-2026-2027\/\" class=\"article-loop-post__thumbnail thumbnail\"\r\n                    style=\"background-image: url(https:\/\/us.edu.pl\/student\/wp-content\/uploads\/sites\/3\/Bez-kategorii\/fot.-Szymon-Nawrat-Cieszyn-18-300x197.jpg)\">\r\n                    <span>wi\u0119cej<\/span>\r\n                <\/a>\r\n\r\n                <div class=\"article-loop-post__content\">\r\n                    <h3 class=\"article-loop-post__title\">\r\n                        <a href=\"https:\/\/us.edu.pl\/student\/terminy-kwaterowania-w-akademikach-na-rok-akademicki-2026-2027\/\">Terminy kwaterowania w akademikach na rok akademicki 2026\/2027<\/a>\r\n                    <\/h3>\r\n            \r\n                    <div class=\"article-loop-post__categories\">\r\n                        <a href=\"https:\/\/us.edu.pl\/student\/category\/akademiki\/\">akademiki<\/a><a href=\"https:\/\/us.edu.pl\/student\/category\/wiadomosci\/informacje\/\">informacje<\/a>\r\n                    <\/div>    \r\n                <\/div>\r\n            <\/article>\r\n        \r\n            <article class=\"article-loop-post carousel-slide\">\r\n                <a href=\"https:\/\/us.edu.pl\/student\/zostan-wolontariuszka-lub-wolontariuszem-szlachetnej-paczki\/\" class=\"article-loop-post__thumbnail thumbnail\"\r\n                    style=\"background-image: url(https:\/\/us.edu.pl\/student\/wp-content\/uploads\/sites\/3\/Bez-kategorii\/SU3A7492-300x200.jpg)\">\r\n                    <span>wi\u0119cej<\/span>\r\n                <\/a>\r\n\r\n                <div class=\"article-loop-post__content\">\r\n                    <h3 class=\"article-loop-post__title\">\r\n                        <a href=\"https:\/\/us.edu.pl\/student\/zostan-wolontariuszka-lub-wolontariuszem-szlachetnej-paczki\/\">Zosta\u0144 Wolontariuszk\u0105 lub Wolontariuszem Szlachetnej Paczki<\/a>\r\n                    <\/h3>\r\n            \r\n                    <div class=\"article-loop-post__categories\">\r\n                        <a href=\"https:\/\/us.edu.pl\/student\/category\/wiadomosci\/informacje\/\">informacje<\/a><a href=\"https:\/\/us.edu.pl\/student\/category\/wiadomosci\/ogolne\/\">og\u00f3lne<\/a><a href=\"https:\/\/us.edu.pl\/student\/category\/studenci\/\">studenci<\/a>\r\n                    <\/div>    \r\n                <\/div>\r\n            <\/article>\r\n        \r\n            <article class=\"article-loop-post carousel-slide\">\r\n                <a href=\"https:\/\/us.edu.pl\/student\/nowoczesne-kabiny-akustyczne-na-wydzialach-us\/\" class=\"article-loop-post__thumbnail thumbnail\"\r\n                    style=\"background-image: url(https:\/\/us.edu.pl\/student\/wp-content\/uploads\/sites\/3\/Bez-kategorii\/kabina-300x225.jpg)\">\r\n                    <span>wi\u0119cej<\/span>\r\n                <\/a>\r\n\r\n                <div class=\"article-loop-post__content\">\r\n                    <h3 class=\"article-loop-post__title\">\r\n                        <a href=\"https:\/\/us.edu.pl\/student\/nowoczesne-kabiny-akustyczne-na-wydzialach-us\/\">Nowoczesne kabiny akustyczne na wydzia\u0142ach U\u015a!<\/a>\r\n                    <\/h3>\r\n            \r\n                    <div class=\"article-loop-post__categories\">\r\n                        <a href=\"https:\/\/us.edu.pl\/student\/category\/bez-kategorii\/\">Bez kategorii<\/a>\r\n                    <\/div>    \r\n                <\/div>\r\n            <\/article>\r\n        \r\n            <article class=\"article-loop-post carousel-slide\">\r\n                <a href=\"https:\/\/us.edu.pl\/wydzial\/wns\/2026\/07\/27\/studenckie-podroze-po-morzu-kreatywnosci-rozmowa-z-laureatkami-tegorocznej-edycji-konkursu-odyseja-umyslu\/\" class=\"article-loop-post__thumbnail thumbnail\"\r\n                    style=\"background-image: url(https:\/\/us.edu.pl\/student\/wp-content\/uploads\/sites\/3\/Bez-kategorii\/zdjecie-na-strone-1-838x1024-1-300x200.jpg)\">\r\n                    <span>wi\u0119cej<\/span>\r\n                <\/a>\r\n\r\n                <div class=\"article-loop-post__content\">\r\n                    <h3 class=\"article-loop-post__title\">\r\n                        <a href=\"https:\/\/us.edu.pl\/wydzial\/wns\/2026\/07\/27\/studenckie-podroze-po-morzu-kreatywnosci-rozmowa-z-laureatkami-tegorocznej-edycji-konkursu-odyseja-umyslu\/\">Studenckie podr\u00f3\u017ce po morzu kreatywno\u015bci \u2013 rozmowa z laureatkami tegorocznej edycji konkursu Odyseja Umys\u0142u<\/a>\r\n                    <\/h3>\r\n            \r\n                    <div class=\"article-loop-post__categories\">\r\n                        <a href=\"https:\/\/us.edu.pl\/student\/category\/wiadomosci\/informacje\/\">informacje<\/a><a href=\"https:\/\/us.edu.pl\/student\/category\/wiadomosci\/osiagniecia\/\">osi\u0105gni\u0119cia<\/a><a href=\"https:\/\/us.edu.pl\/student\/category\/studenci\/\">studenci<\/a>\r\n                    <\/div>    \r\n                <\/div>\r\n            <\/article>\r\n        \r\n            <article class=\"article-loop-post carousel-slide\">\r\n                <a href=\"https:\/\/us.edu.pl\/wydzial\/wpia\/2026\/07\/27\/granice-ochrony-danych-osobowych-a-wolnosc-nauki-podcast-z-udzialem-dr-hab-mariusza-jagielskiego-prof-us\/\" class=\"article-loop-post__thumbnail thumbnail\"\r\n                    style=\"background-image: url(https:\/\/us.edu.pl\/student\/wp-content\/uploads\/sites\/3\/Bez-kategorii\/RODO-a-Wypowiedz-akademicka-i-badania-naukowe-1024x576-1-300x169.png)\">\r\n                    <span>wi\u0119cej<\/span>\r\n                <\/a>\r\n\r\n                <div class=\"article-loop-post__content\">\r\n                    <h3 class=\"article-loop-post__title\">\r\n                        <a href=\"https:\/\/us.edu.pl\/wydzial\/wpia\/2026\/07\/27\/granice-ochrony-danych-osobowych-a-wolnosc-nauki-podcast-z-udzialem-dr-hab-mariusza-jagielskiego-prof-us\/\">Granice ochrony danych osobowych a wolno\u015b\u0107 nauki \u2013 podcast z udzia\u0142em dr. hab. Mariusza Jagielskiego, prof. U\u015a<\/a>\r\n                    <\/h3>\r\n            \r\n                    <div class=\"article-loop-post__categories\">\r\n                        <a href=\"https:\/\/us.edu.pl\/student\/category\/wiadomosci\/informacje\/\">informacje<\/a><a href=\"https:\/\/us.edu.pl\/student\/category\/slaski-badawczy\/popularyzacja-nauki\/\">popularyzacja nauki<\/a>\r\n                    <\/div>    \r\n                <\/div>\r\n            <\/article>\r\n        \r\n            <article class=\"article-loop-post carousel-slide\">\r\n                <a href=\"https:\/\/us.edu.pl\/student\/akademiki-us-twoj-pierwszy-adres-na-studiach-ruszyla-mozliwosc-aplikowania-o-miejsce-w-domu-studenta\/\" class=\"article-loop-post__thumbnail thumbnail\"\r\n                    style=\"background-image: url(https:\/\/us.edu.pl\/student\/wp-content\/uploads\/sites\/3\/Bez-kategorii\/fot.-Szymon-Nawrat-Cieszyn-4-300x175.jpg)\">\r\n                    <span>wi\u0119cej<\/span>\r\n                <\/a>\r\n\r\n                <div class=\"article-loop-post__content\">\r\n                    <h3 class=\"article-loop-post__title\">\r\n                        <a href=\"https:\/\/us.edu.pl\/student\/akademiki-us-twoj-pierwszy-adres-na-studiach-ruszyla-mozliwosc-aplikowania-o-miejsce-w-domu-studenta\/\">Akademiki U\u015a \u2013 Tw\u00f3j pierwszy adres na studiach! Ruszy\u0142a mo\u017cliwo\u015b\u0107 aplikowania o miejsce w domu studenta<\/a>\r\n                    <\/h3>\r\n            \r\n                    <div class=\"article-loop-post__categories\">\r\n                        <a href=\"https:\/\/us.edu.pl\/student\/category\/akademiki\/\">akademiki<\/a><a href=\"https:\/\/us.edu.pl\/student\/category\/wiadomosci\/informacje\/\">informacje<\/a>\r\n                    <\/div>    \r\n                <\/div>\r\n            <\/article>\r\n        \r\n            <article class=\"article-loop-post carousel-slide\">\r\n                <a href=\"https:\/\/us.edu.pl\/t4e\/otwarty-nabor-na-inicjatywy-studenckie-majace-na-celu-rozwoj-t4eu-do-2-sierpnia-2026-r\/\" class=\"article-loop-post__thumbnail thumbnail\"\r\n                    style=\"background-image: url(https:\/\/us.edu.pl\/student\/wp-content\/uploads\/sites\/3\/Bez-kategorii\/Grafika-2-1.jpg)\">\r\n                    <span>wi\u0119cej<\/span>\r\n                <\/a>\r\n\r\n                <div class=\"article-loop-post__content\">\r\n                    <h3 class=\"article-loop-post__title\">\r\n                        <a href=\"https:\/\/us.edu.pl\/t4e\/otwarty-nabor-na-inicjatywy-studenckie-majace-na-celu-rozwoj-t4eu-do-2-sierpnia-2026-r\/\">Otwarty nab\u00f3r na inicjatywy studenckie maj\u0105ce na celu rozw\u00f3j T4EU<\/a>\r\n                    <\/h3>\r\n            \r\n                    <div class=\"article-loop-post__categories\">\r\n                        <a href=\"https:\/\/us.edu.pl\/student\/category\/wiadomosci\/informacje\/\">informacje<\/a><a href=\"https:\/\/us.edu.pl\/student\/category\/t4eu\/\">t4eu<\/a>\r\n                    <\/div>    \r\n                <\/div>\r\n            <\/article>\r\n        \r\n            <article class=\"article-loop-post carousel-slide\">\r\n                <a href=\"https:\/\/us.edu.pl\/student\/adapciak-2026-wyjazd-adaptacyjny-dla-nowych-studentek-i-studentow-us\/\" class=\"article-loop-post__thumbnail thumbnail\"\r\n                    style=\"background-image: url(https:\/\/us.edu.pl\/student\/wp-content\/uploads\/sites\/3\/Bez-kategorii\/obrazek-wyrozniajacy-800x600-1-300x225.png)\">\r\n                    <span>wi\u0119cej<\/span>\r\n                <\/a>\r\n\r\n                <div class=\"article-loop-post__content\">\r\n                    <h3 class=\"article-loop-post__title\">\r\n                        <a href=\"https:\/\/us.edu.pl\/student\/adapciak-2026-wyjazd-adaptacyjny-dla-nowych-studentek-i-studentow-us\/\">Adapciak 2026 \u2013 wyjazd adaptacyjny dla nowych studentek i student\u00f3w U\u015a<\/a>\r\n                    <\/h3>\r\n            \r\n                    <div class=\"article-loop-post__categories\">\r\n                        <a href=\"https:\/\/us.edu.pl\/student\/category\/wiadomosci\/informacje\/\">informacje<\/a><a href=\"https:\/\/us.edu.pl\/student\/category\/studenci\/\">studenci<\/a>\r\n                    <\/div>    \r\n                <\/div>\r\n            <\/article>\r\n        \n\t\t\t\t\t\t\t\t<\/div>\n\t\t\t\t\t\t  <\/div>\n\t\t\t\t\t <\/div>\n\t\t\t\t\t <\/div>\n\t\t\t\t<\/div>\r\n                            \r\n            <div class=\"announcement-loop loop-section color-blue\" style=\"background-color: \">\r\n                <div class=\"container\">\r\n\r\n                    <div class=\"announcement-loop-top loop-section-top\">\r\n                        <h2 class=\"section-title\">Komunikaty<\/h2>\r\n                        \r\n                        <div class=\"announcement-loop-top_right loop-section-top__right\">\r\n                             <a href = \"https:\/\/us.edu.pl\/student\/komunikaty\/\" class=\"link-button \" > Wszystko<\/a>\r\n                        <\/div> \r\n                    <\/div>\r\n\r\n                    <div class=\"announcement-loop-main\">\r\n            \r\n                <article class=\"announcement-loop-post carousel-slide\">\r\n                    \r\n                    <a href=\"https:\/\/us.edu.pl\/student\/komunikaty\/slaska-akademia-biznesu\/\">    <h3 class=\"article-title announcement-loop-post__title\">\u015al\u0105ska Akademia Biznesu<\/h3> <\/a>\r\n                        \r\n                    <a href=\"https:\/\/us.edu.pl\/student\/komunikaty\/slaska-akademia-biznesu\/\">     <div class=\"announcement-loop-post__text\">[vc_row][vc_column]W\u0142asna firma mo\u017ce zacz\u0105\u0107 si\u0119 od pomys\u0142u, kt\u00f3ry pojawi\u0142 si\u0119 mi\u0119dzy zaj\u0119ciami albo od potrzeby stworzenia czego\u015b w\u0142asnego. Je\u015bli zastanawiasz si\u0119, jak prze\u0142o\u017cy\u0107 pomys\u0142 na dzia\u0142aj\u0105cy biznes, 17 wrze\u015bnia 202...<\/div> <\/a>\r\n                    \r\n                     <a href=\"https:\/\/us.edu.pl\/student\/komunikaty\/slaska-akademia-biznesu\/\">   <div class=\"announcement-loop-post__more\">wi\u0119cej...<\/div> <\/a>\r\n                    \r\n                <\/article>\r\n            \r\n                <article class=\"announcement-loop-post carousel-slide\">\r\n                    \r\n                    <a href=\"https:\/\/us.edu.pl\/student\/komunikaty\/twoj-dzien-z-liderka-zobacz-jak-wyglada-praca-liderki-astrazeneca-od-srodka\/\">    <h3 class=\"article-title announcement-loop-post__title\">Tw\u00f3j dzie\u0144 z Liderk\u0105 \u2013 zobacz, jak wygl\u0105da praca liderki AstraZeneca od \u015brodka!<\/h3> <\/a>\r\n                        \r\n                    <a href=\"https:\/\/us.edu.pl\/student\/komunikaty\/twoj-dzien-z-liderka-zobacz-jak-wyglada-praca-liderki-astrazeneca-od-srodka\/\">     <div class=\"announcement-loop-post__text\">[vc_row][vc_column]Jeden dzie\u0144 mo\u017ce da\u0107 Ci wi\u0119cej ni\u017c my\u015blisz. Poznaj kulisy pracy liderki, porozmawiaj o jej drodze zawodowej i zobacz, jak w praktyce wygl\u0105da rozw\u00f3j kariery w obszarze STEM. [...]<p><a class=\"btn btn-secondary understr...<\/div> <\/a>\r\n                    \r\n                     <a href=\"https:\/\/us.edu.pl\/student\/komunikaty\/twoj-dzien-z-liderka-zobacz-jak-wyglada-praca-liderki-astrazeneca-od-srodka\/\">   <div class=\"announcement-loop-post__more\">wi\u0119cej...<\/div> <\/a>\r\n                    \r\n                <\/article>\r\n            \r\n                <article class=\"announcement-loop-post carousel-slide\">\r\n                    \r\n                    <a href=\"https:\/\/us.edu.pl\/student\/komunikaty\/bezplatne-warsztaty-przygotowujace-do-testow-epso\/\">    <h3 class=\"article-title announcement-loop-post__title\">Bezp\u0142atne warsztaty przygotowuj\u0105ce do test\u00f3w EPSO<\/h3> <\/a>\r\n                        \r\n                    <a href=\"https:\/\/us.edu.pl\/student\/komunikaty\/bezplatne-warsztaty-przygotowujace-do-testow-epso\/\">     <div class=\"announcement-loop-post__text\">[vc_row][vc_column]4 wrze\u015bnia 2026 r. odb\u0119d\u0105 si\u0119 bezp\u0142atne, ca\u0142odniowe warsztaty online po\u015bwi\u0119cone przygotowaniu do test\u00f3w rozumowania EPSO. [...]<p><a class=\"btn btn-secondary understrap-read-more-link\" href=\"https:\/\/us.edu.pl\/student...<\/div> <\/a>\r\n                    \r\n                     <a href=\"https:\/\/us.edu.pl\/student\/komunikaty\/bezplatne-warsztaty-przygotowujace-do-testow-epso\/\">   <div class=\"announcement-loop-post__more\">wi\u0119cej...<\/div> <\/a>\r\n                    \r\n                <\/article>\r\n            \r\n                <article class=\"announcement-loop-post carousel-slide\">\r\n                    \r\n                    <a href=\"https:\/\/us.edu.pl\/student\/komunikaty\/yeserasmus-jeszcze-bardziej-na-plus-wez-udzial-w-konkursie\/\">    <h3 class=\"article-title announcement-loop-post__title\">YES!Erasmus+ jeszcze bardziej na plus \u2013 we\u017a udzia\u0142 w konkursie<\/h3> <\/a>\r\n                        \r\n                    <a href=\"https:\/\/us.edu.pl\/student\/komunikaty\/yeserasmus-jeszcze-bardziej-na-plus-wez-udzial-w-konkursie\/\">     <div class=\"announcement-loop-post__text\">[vc_row][vc_column width=&#8221;1\/2&#8243;][vc_column_text] Organizator konkursu YES!Erasmus+, Centrum Wsp\u00f3\u0142pracy i Dialogu Uniwersytetu Warszawskiego zaprasza studentki i student\u00f3w oraz doktorantki i doktorant\u00f3w, kt\u00f3rzy w\u0142a\u015bnie rozpoczy...<\/div> <\/a>\r\n                    \r\n                     <a href=\"https:\/\/us.edu.pl\/student\/komunikaty\/yeserasmus-jeszcze-bardziej-na-plus-wez-udzial-w-konkursie\/\">   <div class=\"announcement-loop-post__more\">wi\u0119cej...<\/div> <\/a>\r\n                    \r\n                <\/article>\r\n            \r\n                <article class=\"announcement-loop-post carousel-slide\">\r\n                    \r\n                    <a href=\"https:\/\/us.edu.pl\/student\/komunikaty\/szkolenie-bk-kompetencje-przyszlosci-przewaga-dzis-jak-budowac-swoja-wartosc-na-rynku-pracy-w-erze-ai-w-ramach-akademii-rozwoju-kariery-2026\/\">    <h3 class=\"article-title announcement-loop-post__title\">Szkolenie BK: \u201eKompetencje Przysz\u0142o\u015bci, Przewaga Dzi\u015b: Jak budowa\u0107 swoj\u0105 warto\u015b\u0107 na rynku pracy w erze AI\u201d \u2013 w ramach Akademii Rozwoju Kariery 2026<\/h3> <\/a>\r\n                        \r\n                    <a href=\"https:\/\/us.edu.pl\/student\/komunikaty\/szkolenie-bk-kompetencje-przyszlosci-przewaga-dzis-jak-budowac-swoja-wartosc-na-rynku-pracy-w-erze-ai-w-ramach-akademii-rozwoju-kariery-2026\/\">     <div class=\"announcement-loop-post__text\">[vc_row][vc_column]Ju\u017c 9 wrze\u015bnia 2026 r. w godz. 10.00 \u2013 13.00 spotkaj si\u0119 z przedstawicielami Capgemini podczas bezp\u0142atnego szkolenia pt. \u201eKompetencje Przysz\u0142o\u015bci, Przewaga Dzi\u015b: Jak budowa\u0107 swoj\u0105 warto\u015b\u0107 na rynku pracy w erze ...<\/div> <\/a>\r\n                    \r\n                     <a href=\"https:\/\/us.edu.pl\/student\/komunikaty\/szkolenie-bk-kompetencje-przyszlosci-przewaga-dzis-jak-budowac-swoja-wartosc-na-rynku-pracy-w-erze-ai-w-ramach-akademii-rozwoju-kariery-2026\/\">   <div class=\"announcement-loop-post__more\">wi\u0119cej...<\/div> <\/a>\r\n                    \r\n                <\/article>\r\n            \r\n                <article class=\"announcement-loop-post carousel-slide\">\r\n                    \r\n                    <a href=\"https:\/\/us.edu.pl\/student\/komunikaty\/szkolenie-bk-zrob-swietne-pierwsze-wrazenie-cv-i-rozmowa-o-prace-bez-stresu-w-ramach-akademii-rozwoju-kariery-2026\/\">    <h3 class=\"article-title announcement-loop-post__title\">Szkolenie BK: \u201eZr\u00f3b \u015bwietne pierwsze wra\u017cenie &#8211; CV i rozmowa o prac\u0119 bez stresu\u201d \u2013 w ramach Akademii Rozwoju Kariery 2026<\/h3> <\/a>\r\n                        \r\n                    <a href=\"https:\/\/us.edu.pl\/student\/komunikaty\/szkolenie-bk-zrob-swietne-pierwsze-wrazenie-cv-i-rozmowa-o-prace-bez-stresu-w-ramach-akademii-rozwoju-kariery-2026\/\">     <div class=\"announcement-loop-post__text\">[vc_row][vc_column]Jak przyci\u0105gn\u0105\u0107 uwag\u0119 rekrutera i pewnie zaprezentowa\u0107 si\u0119 podczas rozmowy kwalifikacyjnej? Poznaj w dniu 2 wrze\u015bnia br. w godz. 10.00 \u2013 13.00. sprawdzone wskaz\u00f3wki, [...]<p><a class=\"btn btn-secondary understrap-re...<\/div> <\/a>\r\n                    \r\n                     <a href=\"https:\/\/us.edu.pl\/student\/komunikaty\/szkolenie-bk-zrob-swietne-pierwsze-wrazenie-cv-i-rozmowa-o-prace-bez-stresu-w-ramach-akademii-rozwoju-kariery-2026\/\">   <div class=\"announcement-loop-post__more\">wi\u0119cej...<\/div> <\/a>\r\n                    \r\n                <\/article><\/div>\r\n                    \r\n                    <div class=\"announcement-loop-main announcement-loop-main_responsive carousel\">\r\n                    \r\n                        <a href = \"#\" data-slide = \"prev\" class=\"arrow\" >\r\n                            <em class=\"ci ci-angle-left\" ><\/em >\r\n                            <span class=\"d-none\" > arrow<\/span >\r\n                        <\/a>\r\n    \r\n                        <a href = \"#\" data-slide = \"next\" class=\"arrow\" >\r\n                            <em class=\"ci ci-angle-right\" ><\/em >\r\n                            <span class=\"d-none\" > arrow<\/span >\r\n                        <\/a>\r\n                    \r\n                        <div class=\"row items\">\r\n            \r\n                <article class=\"announcement-loop-post carousel-slide\">\r\n                    \r\n                    <a href=\"https:\/\/us.edu.pl\/student\/komunikaty\/slaska-akademia-biznesu\/\">    <h3 class=\"article-title announcement-loop-post__title\">\u015al\u0105ska Akademia Biznesu<\/h3> <\/a>\r\n                        \r\n                    <a href=\"https:\/\/us.edu.pl\/student\/komunikaty\/slaska-akademia-biznesu\/\">     <div class=\"announcement-loop-post__text\">[vc_row][vc_column]W\u0142asna firma mo\u017ce zacz\u0105\u0107 si\u0119 od pomys\u0142u, kt\u00f3ry pojawi\u0142 si\u0119 mi\u0119dzy zaj\u0119ciami albo od potrzeby stworzenia czego\u015b w\u0142asnego. Je\u015bli zastanawiasz si\u0119, jak prze\u0142o\u017cy\u0107 pomys\u0142 na dzia\u0142aj\u0105cy biznes, 17 wrze\u015bnia 202...<\/div> <\/a>\r\n                    \r\n                     <a href=\"https:\/\/us.edu.pl\/student\/komunikaty\/slaska-akademia-biznesu\/\">   <div class=\"announcement-loop-post__more\">wi\u0119cej...<\/div> <\/a>\r\n                    \r\n                <\/article>\r\n            \r\n                <article class=\"announcement-loop-post carousel-slide\">\r\n                    \r\n                    <a href=\"https:\/\/us.edu.pl\/student\/komunikaty\/twoj-dzien-z-liderka-zobacz-jak-wyglada-praca-liderki-astrazeneca-od-srodka\/\">    <h3 class=\"article-title announcement-loop-post__title\">Tw\u00f3j dzie\u0144 z Liderk\u0105 \u2013 zobacz, jak wygl\u0105da praca liderki AstraZeneca od \u015brodka!<\/h3> <\/a>\r\n                        \r\n                    <a href=\"https:\/\/us.edu.pl\/student\/komunikaty\/twoj-dzien-z-liderka-zobacz-jak-wyglada-praca-liderki-astrazeneca-od-srodka\/\">     <div class=\"announcement-loop-post__text\">[vc_row][vc_column]Jeden dzie\u0144 mo\u017ce da\u0107 Ci wi\u0119cej ni\u017c my\u015blisz. Poznaj kulisy pracy liderki, porozmawiaj o jej drodze zawodowej i zobacz, jak w praktyce wygl\u0105da rozw\u00f3j kariery w obszarze STEM. [...]<p><a class=\"btn btn-secondary understr...<\/div> <\/a>\r\n                    \r\n                     <a href=\"https:\/\/us.edu.pl\/student\/komunikaty\/twoj-dzien-z-liderka-zobacz-jak-wyglada-praca-liderki-astrazeneca-od-srodka\/\">   <div class=\"announcement-loop-post__more\">wi\u0119cej...<\/div> <\/a>\r\n                    \r\n                <\/article>\r\n            \r\n                <article class=\"announcement-loop-post carousel-slide\">\r\n                    \r\n                    <a href=\"https:\/\/us.edu.pl\/student\/komunikaty\/bezplatne-warsztaty-przygotowujace-do-testow-epso\/\">    <h3 class=\"article-title announcement-loop-post__title\">Bezp\u0142atne warsztaty przygotowuj\u0105ce do test\u00f3w EPSO<\/h3> <\/a>\r\n                        \r\n                    <a href=\"https:\/\/us.edu.pl\/student\/komunikaty\/bezplatne-warsztaty-przygotowujace-do-testow-epso\/\">     <div class=\"announcement-loop-post__text\">[vc_row][vc_column]4 wrze\u015bnia 2026 r. odb\u0119d\u0105 si\u0119 bezp\u0142atne, ca\u0142odniowe warsztaty online po\u015bwi\u0119cone przygotowaniu do test\u00f3w rozumowania EPSO. [...]<p><a class=\"btn btn-secondary understrap-read-more-link\" href=\"https:\/\/us.edu.pl\/student...<\/div> <\/a>\r\n                    \r\n                     <a href=\"https:\/\/us.edu.pl\/student\/komunikaty\/bezplatne-warsztaty-przygotowujace-do-testow-epso\/\">   <div class=\"announcement-loop-post__more\">wi\u0119cej...<\/div> <\/a>\r\n                    \r\n                <\/article>\r\n            \r\n                <article class=\"announcement-loop-post carousel-slide\">\r\n                    \r\n                    <a href=\"https:\/\/us.edu.pl\/student\/komunikaty\/yeserasmus-jeszcze-bardziej-na-plus-wez-udzial-w-konkursie\/\">    <h3 class=\"article-title announcement-loop-post__title\">YES!Erasmus+ jeszcze bardziej na plus \u2013 we\u017a udzia\u0142 w konkursie<\/h3> <\/a>\r\n                        \r\n                    <a href=\"https:\/\/us.edu.pl\/student\/komunikaty\/yeserasmus-jeszcze-bardziej-na-plus-wez-udzial-w-konkursie\/\">     <div class=\"announcement-loop-post__text\">[vc_row][vc_column width=&#8221;1\/2&#8243;][vc_column_text] Organizator konkursu YES!Erasmus+, Centrum Wsp\u00f3\u0142pracy i Dialogu Uniwersytetu Warszawskiego zaprasza studentki i student\u00f3w oraz doktorantki i doktorant\u00f3w, kt\u00f3rzy w\u0142a\u015bnie rozpoczy...<\/div> <\/a>\r\n                    \r\n                     <a href=\"https:\/\/us.edu.pl\/student\/komunikaty\/yeserasmus-jeszcze-bardziej-na-plus-wez-udzial-w-konkursie\/\">   <div class=\"announcement-loop-post__more\">wi\u0119cej...<\/div> <\/a>\r\n                    \r\n                <\/article>\r\n            \r\n                <article class=\"announcement-loop-post carousel-slide\">\r\n                    \r\n                    <a href=\"https:\/\/us.edu.pl\/student\/komunikaty\/szkolenie-bk-kompetencje-przyszlosci-przewaga-dzis-jak-budowac-swoja-wartosc-na-rynku-pracy-w-erze-ai-w-ramach-akademii-rozwoju-kariery-2026\/\">    <h3 class=\"article-title announcement-loop-post__title\">Szkolenie BK: \u201eKompetencje Przysz\u0142o\u015bci, Przewaga Dzi\u015b: Jak budowa\u0107 swoj\u0105 warto\u015b\u0107 na rynku pracy w erze AI\u201d \u2013 w ramach Akademii Rozwoju Kariery 2026<\/h3> <\/a>\r\n                        \r\n                    <a href=\"https:\/\/us.edu.pl\/student\/komunikaty\/szkolenie-bk-kompetencje-przyszlosci-przewaga-dzis-jak-budowac-swoja-wartosc-na-rynku-pracy-w-erze-ai-w-ramach-akademii-rozwoju-kariery-2026\/\">     <div class=\"announcement-loop-post__text\">[vc_row][vc_column]Ju\u017c 9 wrze\u015bnia 2026 r. w godz. 10.00 \u2013 13.00 spotkaj si\u0119 z przedstawicielami Capgemini podczas bezp\u0142atnego szkolenia pt. \u201eKompetencje Przysz\u0142o\u015bci, Przewaga Dzi\u015b: Jak budowa\u0107 swoj\u0105 warto\u015b\u0107 na rynku pracy w erze ...<\/div> <\/a>\r\n                    \r\n                     <a href=\"https:\/\/us.edu.pl\/student\/komunikaty\/szkolenie-bk-kompetencje-przyszlosci-przewaga-dzis-jak-budowac-swoja-wartosc-na-rynku-pracy-w-erze-ai-w-ramach-akademii-rozwoju-kariery-2026\/\">   <div class=\"announcement-loop-post__more\">wi\u0119cej...<\/div> <\/a>\r\n                    \r\n                <\/article>\r\n            \r\n                <article class=\"announcement-loop-post carousel-slide\">\r\n                    \r\n                    <a href=\"https:\/\/us.edu.pl\/student\/komunikaty\/szkolenie-bk-zrob-swietne-pierwsze-wrazenie-cv-i-rozmowa-o-prace-bez-stresu-w-ramach-akademii-rozwoju-kariery-2026\/\">    <h3 class=\"article-title announcement-loop-post__title\">Szkolenie BK: \u201eZr\u00f3b \u015bwietne pierwsze wra\u017cenie &#8211; CV i rozmowa o prac\u0119 bez stresu\u201d \u2013 w ramach Akademii Rozwoju Kariery 2026<\/h3> <\/a>\r\n                        \r\n                    <a href=\"https:\/\/us.edu.pl\/student\/komunikaty\/szkolenie-bk-zrob-swietne-pierwsze-wrazenie-cv-i-rozmowa-o-prace-bez-stresu-w-ramach-akademii-rozwoju-kariery-2026\/\">     <div class=\"announcement-loop-post__text\">[vc_row][vc_column]Jak przyci\u0105gn\u0105\u0107 uwag\u0119 rekrutera i pewnie zaprezentowa\u0107 si\u0119 podczas rozmowy kwalifikacyjnej? Poznaj w dniu 2 wrze\u015bnia br. w godz. 10.00 \u2013 13.00. sprawdzone wskaz\u00f3wki, [...]<p><a class=\"btn btn-secondary understrap-re...<\/div> <\/a>\r\n                    \r\n                     <a href=\"https:\/\/us.edu.pl\/student\/komunikaty\/szkolenie-bk-zrob-swietne-pierwsze-wrazenie-cv-i-rozmowa-o-prace-bez-stresu-w-ramach-akademii-rozwoju-kariery-2026\/\">   <div class=\"announcement-loop-post__more\">wi\u0119cej...<\/div> <\/a>\r\n                    \r\n                <\/article><\/div>\r\n                    <\/div>\r\n                <\/div>\r\n            <\/div>\r\n            \r\n            \r\n            <div class=\"events-loop loop-section color-blue\" style=\"background: \">\r\n                <div class=\"container\">\r\n                    <div class=\"events-loop-top loop-section-top\">\r\n                        <h2 class=\"section-title\">\r\n                            Nadchodz\u0105ce wydarzenia\r\n                        <\/h2><div class=\"event-loop-top_right loop-section-top__right\">\r\n                                        <a href=\"https:\/\/us.edu.pl\/student\/event\/\" class=\"link-button \">Wszystko<\/a>\r\n                                    <\/div>\r\n                    <\/div>\r\n            \r\n                    <div class=\"events-loop-main\">\r\n                        <div class=\"row m-0\">    \r\n                    <article class=\"events-loop-post-container\" >\r\n                        <a href = \"https:\/\/us.edu.pl\/student\/event\/fundraising-dla-poczatkujacych-grassroots-hacking-webinar-w-ramach-mn-lab\/\" class=\"events-loop-post\" >\r\n                            <div class=\"events-loop-post__date\" >\r\n                                <div class=\"events-loop-post__month\" > Wrzesie\u0144<\/div >\r\n                                <span > 22<\/span >\r\n                            <\/div >\r\n                            <h3 class=\"events-loop-post__title\" > \u201eFundraising dla pocz\u0105tkuj\u0105cych \u2013 Grassroots Hacking\u201d \u2013 webinar w ramach MN.LAB<\/h3 >\r\n                        <\/a >\r\n                    <\/article >\r\n                    <article class=\"events-loop-post-container\" >\r\n                        <a href = \"https:\/\/us.edu.pl\/student\/event\/jezyk-literatura-kultura-przeklad-studencka-konferencja-romanistyczna\/\" class=\"events-loop-post\" >\r\n                            <div class=\"events-loop-post__date\" >\r\n                                <div class=\"events-loop-post__month\" > Wrzesie\u0144<\/div >\r\n                                <span > 30<\/span >\r\n                            <\/div >\r\n                            <h3 class=\"events-loop-post__title\" > J\u0118ZYK \u2013 LITERATURA \u2013 KULTURA \u2013 PRZEK\u0141AD. Studencka Konferencja Romanistyczna<\/h3 >\r\n                        <\/a >\r\n                    <\/article >\r\n                    <article class=\"events-loop-post-container\" >\r\n                        <a href = \"https:\/\/us.edu.pl\/student\/event\/ogolnopolska-konferencja-naukowa-plantx\/\" class=\"events-loop-post\" >\r\n                            <div class=\"events-loop-post__date\" >\r\n                                <div class=\"events-loop-post__month\" > Pa\u017adziernik<\/div >\r\n                                <span > 14<\/span >\r\n                            <\/div >\r\n                            <h3 class=\"events-loop-post__title\" > Og\u00f3lnopolska Konferencja Naukowa PlantX<\/h3 >\r\n                        <\/a >\r\n                    <\/article ><\/div>\r\n                    <\/div>\r\n                <\/div>\r\n            <\/div>[\/vc_column][\/vc_row][vc_row disable_element=&#8221;yes&#8221;][vc_column width=&#8221;1\/6&#8243;][\/vc_column][vc_column width=&#8221;2\/3&#8243;]\r\n                <div class=\"text-modules\">\r\n                    <div class=\"container\">\r\n                        \r\n                        <div class=\"text-modules__content\"><\/p>\n<hr style=\"border-color: #002E5A;\" \/>\n<p style=\"text-align: center;\"><strong><small><span style=\"letter-spacing: 1.4mm; color: #002e5a; font-size: 260%; font-family: 'PT Sans Narrow';\"><span style=\"font-family: 'arial black', sans-serif;\">Najwa\u017cniejsze w tym tygodniu<br \/>\n<\/span><\/span><\/small><a href=\"https:\/\/us.edu.pl\/student\/najwazniejsze-w-tym-tygodniu\/\"><span style=\"color: #002e5a; font-family: verdana, geneva, sans-serif;\"><span style=\"font-size: 20px; letter-spacing: 5.29134px;\">Kliknij tutaj<\/span><\/span><\/a><\/strong><\/p>\n<hr style=\"border-color: #002E5A;\" \/>\n<p>\n<\/div>\r\n                    <\/div>\r\n                <\/div>[\/vc_column][vc_column width=&#8221;1\/6&#8243;][\/vc_column][\/vc_row]<\/p>","protected":false},"excerpt":{"rendered":"<p>[vc_row][vc_column][\/vc_column][\/vc_row][vc_row disable_element=&#8221;yes&#8221;][vc_column width=&#8221;1\/6&#8243;][\/vc_column][vc_column width=&#8221;2\/3&#8243;][\/vc_column][vc_column width=&#8221;1\/6&#8243;][\/vc_column][\/vc_row] [&#8230;]<\/p>\n<p><a class=\"btn btn-secondary understrap-read-more-link\" href=\"https:\/\/us.edu.pl\/student\/adapciak-2026-wyjazd-adaptacyjny-dla-nowych-studentek-i-studentow-us\/\">Read More&#8230;<\/a><\/p>\n","protected":false},"author":1,"featured_media":0,"parent":0,"menu_order":0,"comment_status":"closed","ping_status":"closed","template":"page-templates\/page-with-sidebar.php","meta":{"_expiration-date-status":"","_expiration-date":0,"_expiration-date-type":"","_expiration-date-categories":[],"_expiration-date-options":[]},"acf":[],"_links":{"self":[{"href":"https:\/\/us.edu.pl\/student\/wp-json\/wp\/v2\/pages\/1253"}],"collection":[{"href":"https:\/\/us.edu.pl\/student\/wp-json\/wp\/v2\/pages"}],"about":[{"href":"https:\/\/us.edu.pl\/student\/wp-json\/wp\/v2\/types\/page"}],"author":[{"embeddable":true,"href":"https:\/\/us.edu.pl\/student\/wp-json\/wp\/v2\/users\/1"}],"replies":[{"embeddable":true,"href":"https:\/\/us.edu.pl\/student\/wp-json\/wp\/v2\/comments?post=1253"}],"version-history":[{"count":10,"href":"https:\/\/us.edu.pl\/student\/wp-json\/wp\/v2\/pages\/1253\/revisions"}],"predecessor-version":[{"id":62940,"href":"https:\/\/us.edu.pl\/student\/wp-json\/wp\/v2\/pages\/1253\/revisions\/62940"}],"wp:attachment":[{"href":"https:\/\/us.edu.pl\/student\/wp-json\/wp\/v2\/media?parent=1253"}],"curies":[{"name":"wp","href":"https:\/\/api.w.org\/{rel}","templated":true}]}}