{"id":23236,"date":"2020-08-18T16:01:46","date_gmt":"2020-08-18T14:01:46","guid":{"rendered":"https:\/\/us.edu.pl\/student\/?page_id=23236"},"modified":"2020-08-18T16:10:35","modified_gmt":"2020-08-18T14:10:35","slug":"patrycja-rok","status":"publish","type":"page","link":"https:\/\/us.edu.pl\/student\/dzialalnosc-studencka\/wyroznienia-jm-rektora-us\/laureaci-poprzednich-edycji\/laureaci-xii-edycji\/studenci\/patrycja-rok\/","title":{"rendered":"Patrycja Rok"},"content":{"rendered":"<p>[vc_row][vc_column]\r\n                <div class=\"text-modules \">\r\n                    <div class=\"container\">\r\n                         <h3 class=\"subtitle text-modules__subtitle\">Patrycja Rok<\/h3>\r\n                        <div class=\"row m-0\">\r\n                            <div class=\"text-modules__content\">\r\n                                <span style=\"font-weight: 400\">Otrzyma\u0142a Wyr\u00f3\u017cnienie Rektora U\u015a za <\/span><b>dzia\u0142alno\u015b\u0107 spo\u0142eczn\u0105 <\/b><span style=\"font-weight: 400\">jako studentka V roku prawa. Od 2017 roku prowadzi akcje charytatywne na rzecz bezdomnych zwierz\u0105t w schroniskach m.in. w Cz\u0119stochowie,\u00a0 Sosnowcu i Chorzowie. Od 2017 roku dzia\u0142a spo\u0142ecznie w Studenckiej Poradni Prawnej Wydzia\u0142u Prawa i Administracji Uniwersytetu \u015al\u0105skiego. By\u0142a zaanga\u017cowane w organizacj\u0119 i obs\u0142ug\u0119 wydarzenia \u201e\u015al\u0105skie na \u015al\u0105skim Fest\u201d z okazji 20-lecia Wojew\u00f3dztwa \u015al\u0105skiego, 50-lecia Uniwersytetu \u015al\u0105skiego oraz 100-lecia Adwokatury (2018). Prowadzi\u0142a prelekcje na temat praw zwierz\u0105t dla dzieci i m\u0142odzie\u017cy. Bra\u0142a udzia\u0142 w projekcie zespo\u0142owym, dotycz\u0105cym statusu pszcz\u00f3\u0142 w ramach kampanii \u201cNie \u017c\u0105dl\u0119-zapylam\u201d wsp\u00f3\u0142finansowanej przez Wojew\u00f3dzki Fundusz Ochrony \u015arodowiska i Gospodarki Wodnej w Katowicach oraz w projekcie prawa e-sportowego. Wyst\u0105pi\u0142a na kilku konferencjach naukowych zar\u00f3wno krajowych, jak i mi\u0119dzynarodowych oraz, w ramach dzia\u0142alno\u015bci w Kole Naukowym Praw Zwierz\u0105t U\u015a i Sekcji Praw Zwierz\u0105t Studenckiej Poradni Prawnej, wsp\u00f3\u0142organizowa\u0142a og\u00f3lnopolsk\u0105 konferencj\u0119 naukow\u0105 \u201eStatus prawny zwierz\u0105t z perspektywy prawa cywilnego i karnego &#8211; aspekty praktyczne\u201d (2019).<\/span> \r\n                                <div class=\"mt-3\"><\/div>\r\n                            <\/div>\r\n                            \r\n                            <div class=\"text-modules__img\"><img src=\"https:\/\/us.edu.pl\/student\/wp-content\/uploads\/sites\/3\/Wyr\u00f3\u017cnienia-rektora\/wyr\u00f3\u017cnieni-z-lat-poprzednich\/Laureaci-2020\/Patrycja-Rok-300x300.jpg\" alt=\"img\"><\/div>\r\n                        <\/div>\r\n                    <\/div>\r\n                <\/div>[\/vc_column][\/vc_row]<\/p>","protected":false},"excerpt":{"rendered":"<p>[vc_row][vc_column][\/vc_column][\/vc_row] [&#8230;]<\/p>\n<p><a class=\"btn btn-secondary understrap-read-more-link\" href=\"https:\/\/us.edu.pl\/student\/dzialalnosc-studencka\/wyroznienia-jm-rektora-us\/laureaci-poprzednich-edycji\/laureaci-xii-edycji\/studenci\/patrycja-rok\/\">Read More&#8230;<\/a><\/p>\n","protected":false},"author":28,"featured_media":0,"parent":23084,"menu_order":0,"comment_status":"closed","ping_status":"closed","template":"","meta":{"_expiration-date-status":"saved","_expiration-date":0,"_expiration-date-type":"","_expiration-date-categories":[],"_expiration-date-options":[]},"acf":[],"_links":{"self":[{"href":"https:\/\/us.edu.pl\/student\/wp-json\/wp\/v2\/pages\/23236"}],"collection":[{"href":"https:\/\/us.edu.pl\/student\/wp-json\/wp\/v2\/pages"}],"about":[{"href":"https:\/\/us.edu.pl\/student\/wp-json\/wp\/v2\/types\/page"}],"author":[{"embeddable":true,"href":"https:\/\/us.edu.pl\/student\/wp-json\/wp\/v2\/users\/28"}],"replies":[{"embeddable":true,"href":"https:\/\/us.edu.pl\/student\/wp-json\/wp\/v2\/comments?post=23236"}],"version-history":[{"count":0,"href":"https:\/\/us.edu.pl\/student\/wp-json\/wp\/v2\/pages\/23236\/revisions"}],"up":[{"embeddable":true,"href":"https:\/\/us.edu.pl\/student\/wp-json\/wp\/v2\/pages\/23084"}],"wp:attachment":[{"href":"https:\/\/us.edu.pl\/student\/wp-json\/wp\/v2\/media?parent=23236"}],"curies":[{"name":"wp","href":"https:\/\/api.w.org\/{rel}","templated":true}]}}