{"id":32526,"date":"2021-11-10T13:45:13","date_gmt":"2021-11-10T12:45:13","guid":{"rendered":"https:\/\/us.edu.pl\/student\/?page_id=32526"},"modified":"2021-11-15T11:46:20","modified_gmt":"2021-11-15T10:46:20","slug":"laura-tomaszewska","status":"publish","type":"page","link":"https:\/\/us.edu.pl\/student\/dzialalnosc-studencka\/wyroznienia-jm-rektora-us\/laureaci-xiii-edycji\/uniwersytet-slaski-dzieci\/laura-tomaszewska\/","title":{"rendered":"Laura Tomaszewska"},"content":{"rendered":"<p>[vc_row][vc_column]\r\n                <div class=\"text-modules \">\r\n                    <div class=\"container\">\r\n                        <h3 class=\"section-title section-title_border-bottom\">Laura Tomaszewska<\/h3> \r\n                        <div class=\"row m-0\">\r\n                            <div class=\"text-modules__content\">\r\n                                <span class=\"TextRun SCXW126266518 BCX8\" lang=\"PL-PL\" xml:lang=\"PL-PL\" data-contrast=\"auto\"><span class=\"NormalTextRun SCXW126266518 BCX8\">Otrzyma\u0142a Wyr\u00f3\u017cnienie Rektora U\u015a w XIII edycji konkursu<\/span><span class=\"NormalTextRun SCXW126266518 BCX8\">\u00a0jako aktywna studentka w grupie<\/span><span class=\"NormalTextRun SCXW126266518 BCX8\">\u00a0Ekspert\u00f3w (13-15 lat).<\/span><span class=\"NormalTextRun SCXW126266518 BCX8\">\u00a0Od 7 roku \u017cycia ucz\u0119szcza na zaj\u0119cia taneczne, gdzie rozwija swoj\u0105 pasj\u0119 i poznaje r\u00f3\u017cne techniki ta\u0144ca. Dzi\u0119ki wyj\u0105tkowej osobie\u00a0<\/span><span class=\"NormalTextRun SCXW126266518 BCX8\">prowadz\u0105cej<\/span><span class=\"NormalTextRun SCXW126266518 BCX8\">\u00a0i mo\u017cliwo\u015bci ucz\u0119szczania na zaj\u0119cia Ma\u0142ej Akademii Teatru i Ta\u0144ca Uniwersytetu \u015al\u0105skiego Dzieci systematycznie doskonal<\/span><span class=\"NormalTextRun SCXW126266518 BCX8\">i<\/span><span class=\"NormalTextRun SCXW126266518 BCX8\">\u00a0swoj\u0105 technik\u0119, ma mo\u017cliwo\u015b\u0107 spr\u00f3bowania swoich si\u0142 i wyra\u017cenia siebie w zaj\u0119ciach aktorskich. Dzi\u0119ki temu bra\u0142a udzia\u0142 w projektach i spektaklach t<\/span><span class=\"NormalTextRun SCXW126266518 BCX8\">akich jak\u00a0<\/span><span class=\"NormalTextRun SCXW126266518 BCX8\">&#8222;Alicja po drugiej stronie lustra&#8221; (na deskach Filharmonii \u015al\u0105skiej, Muza Sosnowiec),\u00a0<\/span><span class=\"NormalTextRun SCXW126266518 BCX8\">\u201c<\/span><span class=\"NormalTextRun SCXW126266518 BCX8\">Ma\u0142y Ksi\u0105\u017c\u0119<\/span><span class=\"NormalTextRun SCXW126266518 BCX8\">\u201d<\/span><span class=\"NormalTextRun SCXW126266518 BCX8\">\u00a0(Katowice Miasto Ogrod\u00f3w, Teatr \u015al\u0105ski),\u00a0<\/span><span class=\"NormalTextRun SCXW126266518 BCX8\">\u201c<\/span><span class=\"NormalTextRun SCXW126266518 BCX8\">Podr\u00f3\u017c tysi\u0105ca mil zaczyna si\u0119 od pierwszego kroku<\/span><span class=\"NormalTextRun SCXW126266518 BCX8\">\u201d, w pokazie mody na targach Silesia\u00a0<\/span><span class=\"NormalTextRun SCXW126266518 BCX8\">Bazaar<\/span><span class=\"NormalTextRun SCXW126266518 BCX8\">\u00a0Kids 8, w \u015al\u0105skim Festiwalu Nauki oraz\u00a0<\/span><span class=\"NormalTextRun SCXW126266518 BCX8\">w p<\/span><span class=\"NormalTextRun SCXW126266518 BCX8\">rojek<\/span><span class=\"NormalTextRun SCXW126266518 BCX8\">cie<\/span><span class=\"NormalTextRun SCXW126266518 BCX8\">\u00a0edukacyjny<\/span><span class=\"NormalTextRun SCXW126266518 BCX8\">m<\/span><span class=\"NormalTextRun SCXW126266518 BCX8\">\u00a0w ramach \u015awiatowego Szczytu Klimatycznego ONZ &#8211; COP24 &#8211; Chro\u0144my \u015awiat<\/span><span class=\"NormalTextRun SCXW126266518 BCX8\">. Niezapomnianym i wyj\u0105tkowym prze\u017cyciem by\u0142 dla\u00a0<\/span><span class=\"NormalTextRun SCXW126266518 BCX8\">niej<\/span><span class=\"NormalTextRun SCXW126266518 BCX8\">\u00a0udzia\u0142 w spocie reklamowym Uniwersytetu \u015al\u0105skiego oraz w\u00a0<\/span><span class=\"NormalTextRun SCXW126266518 BCX8\">offowym<\/span><span class=\"NormalTextRun SCXW126266518 BCX8\">\u00a0serialu science\u00a0<\/span><span class=\"NormalTextRun SCXW126266518 BCX8\">fiction<\/span><span class=\"NormalTextRun SCXW126266518 BCX8\">\u00a0U\u015a &#8211; dr Primo. Sko\u0144czy\u0142a 3 klasy Niepublicznej Szko\u0142y Baletowej w Katowicach, a obecnie opr\u00f3cz zaj\u0119\u0107 w U\u015aD ucz\u0119szczam do Akademii Ta\u0144ca &#8211; Art\u00a0<\/span><span class=\"NormalTextRun SCXW126266518 BCX8\">Academy<\/span><span class=\"NormalTextRun SCXW126266518 BCX8\">\u00a0i teatru Ta\u0144ca The\u00a0<\/span><span class=\"NormalTextRun SCXW126266518 BCX8\">Hoofers<\/span><span class=\"NormalTextRun SCXW126266518 BCX8\">, gdzie rozwija swoje umiej\u0119tno\u015bci taneczno-aktorskie i robi to co kocha. Poza tym stara si\u0119 by\u0107 piln\u0105 uczennic\u0105 i ka\u017cdy rok szkolny ko\u0144cz<\/span><span class=\"NormalTextRun SCXW126266518 BCX8\">y<\/span><span class=\"NormalTextRun SCXW126266518 BCX8\">\u00a0z wyr\u00f3\u017cnieniem. Rokrocznie bi<\/span><span class=\"NormalTextRun SCXW126266518 BCX8\">erze<\/span><span class=\"NormalTextRun SCXW126266518 BCX8\">\u00a0udzia\u0142 w olimpiadzie historycznej i walcz<\/span><span class=\"NormalTextRun SCXW126266518 BCX8\">y<\/span><span class=\"NormalTextRun SCXW126266518 BCX8\">\u00a0o tytu\u0142 laureata. Stara si\u0119 r\u00f3wnie\u017c bra\u0107 czynny udzia\u0142 w akcjach charytatywnych przynale\u017c\u0105c do Szkolnego Ko\u0142a Wolontariatu. Jej pasj\u0105 jest taniec, a w wolnych chwilach interesuje si\u0119 siatk\u00f3wk\u0105.<\/span><\/span><span class=\"EOP SCXW126266518 BCX8\" data-ccp-props=\"{&quot;201341983&quot;:0,&quot;335559739&quot;:160,&quot;335559740&quot;:360}\">\u00a0<\/span> \r\n                                <div class=\"mt-3\"><\/div>\r\n                            <\/div>\r\n                            \r\n                            <div class=\"text-modules__img\"><img src=\"https:\/\/us.edu.pl\/student\/wp-content\/uploads\/sites\/3\/Wyr\u00f3\u017cnienia-rektora\/Wyr\u00f3\u017cnienia-2021\/Laura-Tomaszewska-U\u015aD-225x300.jpg\" alt=\"img\"><\/div>\r\n                        <\/div>\r\n                    <\/div>\r\n                <\/div>[\/vc_column][\/vc_row]<\/p>","protected":false},"excerpt":{"rendered":"<p>[vc_row][vc_column][\/vc_column][\/vc_row] [&#8230;]<\/p>\n<p><a class=\"btn btn-secondary understrap-read-more-link\" href=\"https:\/\/us.edu.pl\/student\/dzialalnosc-studencka\/wyroznienia-jm-rektora-us\/laureaci-xiii-edycji\/uniwersytet-slaski-dzieci\/laura-tomaszewska\/\">Read More&#8230;<\/a><\/p>\n","protected":false},"author":28,"featured_media":0,"parent":32510,"menu_order":0,"comment_status":"closed","ping_status":"closed","template":"","meta":{"_expiration-date-status":"saved","_expiration-date":0,"_expiration-date-type":"","_expiration-date-categories":[],"_expiration-date-options":[]},"acf":[],"_links":{"self":[{"href":"https:\/\/us.edu.pl\/student\/wp-json\/wp\/v2\/pages\/32526"}],"collection":[{"href":"https:\/\/us.edu.pl\/student\/wp-json\/wp\/v2\/pages"}],"about":[{"href":"https:\/\/us.edu.pl\/student\/wp-json\/wp\/v2\/types\/page"}],"author":[{"embeddable":true,"href":"https:\/\/us.edu.pl\/student\/wp-json\/wp\/v2\/users\/28"}],"replies":[{"embeddable":true,"href":"https:\/\/us.edu.pl\/student\/wp-json\/wp\/v2\/comments?post=32526"}],"version-history":[{"count":0,"href":"https:\/\/us.edu.pl\/student\/wp-json\/wp\/v2\/pages\/32526\/revisions"}],"up":[{"embeddable":true,"href":"https:\/\/us.edu.pl\/student\/wp-json\/wp\/v2\/pages\/32510"}],"wp:attachment":[{"href":"https:\/\/us.edu.pl\/student\/wp-json\/wp\/v2\/media?parent=32526"}],"curies":[{"name":"wp","href":"https:\/\/api.w.org\/{rel}","templated":true}]}}