{"id":32528,"date":"2021-11-10T13:46:44","date_gmt":"2021-11-10T12:46:44","guid":{"rendered":"https:\/\/us.edu.pl\/student\/?page_id=32528"},"modified":"2021-11-15T11:44:15","modified_gmt":"2021-11-15T10:44:15","slug":"aleksandra-kopec","status":"publish","type":"page","link":"https:\/\/us.edu.pl\/student\/dzialalnosc-studencka\/wyroznienia-jm-rektora-us\/laureaci-xiii-edycji\/uniwersytet-slaski-dzieci\/aleksandra-kopec\/","title":{"rendered":"Aleksandra Kope\u0107"},"content":{"rendered":"<p>[vc_row][vc_column]\r\n                <div class=\"text-modules \">\r\n                    <div class=\"container\">\r\n                        <h3 class=\"section-title section-title_border-bottom\">Aleksandra Kope\u0107<\/h3> \r\n                        <div class=\"row m-0\">\r\n                            <div class=\"text-modules__content\">\r\n                                <span class=\"NormalTextRun BCX8 SCXW119808223\">Otrzyma\u0142a Wyr\u00f3\u017cnienie Rektora U\u015a w XIII edycji konkursu<\/span><span class=\"NormalTextRun BCX8 SCXW119808223\">\u00a0<\/span><span class=\"NormalTextRun BCX8 SCXW119808223\">jako aktywna studentka w grupie M\u0142odych Naukowc\u00f3w (10-12 lat)<\/span><span class=\"NormalTextRun BCX8 SCXW119808223\">.<\/span><span class=\"NormalTextRun BCX8 SCXW119808223\">\u00a0Wyr\u00f3\u017cnia si\u0119 sw<\/span><span class=\"NormalTextRun BCX8 SCXW119808223\">oim t<\/span><span class=\"NormalTextRun BCX8 SCXW119808223\">alent<\/span><span class=\"NormalTextRun BCX8 SCXW119808223\">em<\/span><span class=\"NormalTextRun BCX8 SCXW119808223\">\u00a0recytatorski<\/span><span class=\"NormalTextRun BCX8 SCXW119808223\">mi o<\/span><span class=\"NormalTextRun BCX8 SCXW119808223\">gromn<\/span><span class=\"NormalTextRun BCX8 SCXW119808223\">\u0105<\/span><span class=\"NormalTextRun BCX8 SCXW119808223\">\u00a0wyobra\u017ani<\/span><span class=\"NormalTextRun BCX8 SCXW119808223\">\u0105, kt\u00f3ra<\/span><span class=\"NormalTextRun BCX8 SCXW119808223\">\u00a0pozwala jej tworzy\u0107 pi\u0119kne prace plastyczne<\/span><span class=\"NormalTextRun BCX8 SCXW119808223\">. Jej<\/span><span class=\"NormalTextRun BCX8 SCXW119808223\">\u00a0<\/span><span class=\"NormalTextRun BCX8 SCXW119808223\">pasj\u0105 jest te\u017c s<\/span><span class=\"NormalTextRun BCX8 SCXW119808223\">port\u00a0<\/span><span class=\"NormalTextRun BCX8 SCXW119808223\">&#8211;\u00a0<\/span><span class=\"NormalTextRun BCX8 SCXW119808223\">trenuje badmintona, doskonali p\u0142ywanie, trenuje lekkoatletyk\u0119. Uwielbia uk\u0142ada\u0107 klocki Lego, obecnie wymy\u015bla w\u0142asne konstrukcje i nadaje mi w\u0142asne \u017cycie, tworz\u0105c przy tym historie zwi\u0105zane ze zbudowan\u0105 konstrukcj\u0105: \u017cycie figurek, zasady funkcjonowania, misja i cel budowy.\u00a0<\/span><span class=\"NormalTextRun BCX8 SCXW119808223\">W\u015br\u00f3d swoich sukces\u00f3w mo\u017ce wymieni\u0107 m.in. z<\/span><span class=\"NormalTextRun BCX8 SCXW119808223\">aj\u0119cie I miejsca w mi\u0119dzyszkolnym konkursie recytatorskim w Mys\u0142owicach<\/span><span class=\"NormalTextRun BCX8 SCXW119808223\">, z<\/span><span class=\"NormalTextRun BCX8 SCXW119808223\">aj\u0119cie II miejsca w mi\u0119dzyszkolnym konkursie w tematyce<\/span><span class=\"NormalTextRun BCX8 SCXW119808223\">\u00a0<\/span><span class=\"NormalTextRun BCX8 SCXW119808223\">zak\u0142adka do ksi\u0105\u017cki organizowanym przez M\u0142odzie\u017cowy Dom Kultury Mys\u0142owice<\/span><span class=\"NormalTextRun BCX8 SCXW119808223\">\u00a0oraz z<\/span><span class=\"NormalTextRun BCX8 SCXW119808223\">aj\u0119cie I miejsca w mi\u0119dzyszkolnym konkursie w tematyce: kartka \u015bwi\u0105teczna &#8211; organizowanym przez M\u0142odzie\u017cowy Dom Kultury Mys\u0142owice.<\/span><span class=\"NormalTextRun BCX8 SCXW119808223\">\u00a0Ceni U\u015a za to, \u017ce prowadzone zaj\u0119cia r\u00f3\u017cni\u0105 si\u0119 tematycznie od jej innych aktywno\u015bci<\/span><span class=\"NormalTextRun BCX8 SCXW119808223\">\u00a0i\u00a0<\/span><span class=\"NormalTextRun BCX8 SCXW119808223\">bezpo\u015bredni<\/span><span class=\"NormalTextRun BCX8 SCXW119808223\">o<\/span><span class=\"NormalTextRun BCX8 SCXW119808223\">\u00a0<\/span><span class=\"NormalTextRun BCX8 SCXW119808223\">anga\u017cuj\u0105 tak, \u017ce mo\u017cna sta\u0107 si\u0119 cz\u0119\u015bci\u0105 prowadzonych spotka\u0144<\/span><span class=\"NormalTextRun BCX8 SCXW119808223\">.<\/span> \r\n                                <div class=\"mt-3\"><\/div>\r\n                            <\/div>\r\n                            \r\n                            <div class=\"text-modules__img\"><img src=\"https:\/\/us.edu.pl\/student\/wp-content\/uploads\/sites\/3\/Wyr\u00f3\u017cnienia-rektora\/Wyr\u00f3\u017cnienia-2021\/Aleksandra-Kope\u0107-U\u015aD-138x300.jpg\" alt=\"img\"><\/div>\r\n                        <\/div>\r\n                    <\/div>\r\n                <\/div>[\/vc_column][\/vc_row]<\/p>","protected":false},"excerpt":{"rendered":"<p>[vc_row][vc_column][\/vc_column][\/vc_row] [&#8230;]<\/p>\n<p><a class=\"btn btn-secondary understrap-read-more-link\" href=\"https:\/\/us.edu.pl\/student\/dzialalnosc-studencka\/wyroznienia-jm-rektora-us\/laureaci-xiii-edycji\/uniwersytet-slaski-dzieci\/aleksandra-kopec\/\">Read More&#8230;<\/a><\/p>\n","protected":false},"author":28,"featured_media":0,"parent":32510,"menu_order":0,"comment_status":"closed","ping_status":"closed","template":"","meta":{"_expiration-date-status":"saved","_expiration-date":0,"_expiration-date-type":"","_expiration-date-categories":[],"_expiration-date-options":[]},"acf":[],"_links":{"self":[{"href":"https:\/\/us.edu.pl\/student\/wp-json\/wp\/v2\/pages\/32528"}],"collection":[{"href":"https:\/\/us.edu.pl\/student\/wp-json\/wp\/v2\/pages"}],"about":[{"href":"https:\/\/us.edu.pl\/student\/wp-json\/wp\/v2\/types\/page"}],"author":[{"embeddable":true,"href":"https:\/\/us.edu.pl\/student\/wp-json\/wp\/v2\/users\/28"}],"replies":[{"embeddable":true,"href":"https:\/\/us.edu.pl\/student\/wp-json\/wp\/v2\/comments?post=32528"}],"version-history":[{"count":0,"href":"https:\/\/us.edu.pl\/student\/wp-json\/wp\/v2\/pages\/32528\/revisions"}],"up":[{"embeddable":true,"href":"https:\/\/us.edu.pl\/student\/wp-json\/wp\/v2\/pages\/32510"}],"wp:attachment":[{"href":"https:\/\/us.edu.pl\/student\/wp-json\/wp\/v2\/media?parent=32528"}],"curies":[{"name":"wp","href":"https:\/\/api.w.org\/{rel}","templated":true}]}}