{"id":4377,"date":"2019-09-10T10:26:25","date_gmt":"2019-09-10T08:26:25","guid":{"rendered":"http:\/\/php71.nfinity-beta.pl\/us\/student\/?page_id=4377"},"modified":"2026-03-05T10:48:00","modified_gmt":"2026-03-05T09:48:00","slug":"nowy-student-pierwsze-kroki","status":"publish","type":"page","link":"https:\/\/us.edu.pl\/student\/nowy-student\/nowy-student-pierwsze-kroki\/","title":{"rendered":"Pierwsze kroki"},"content":{"rendered":"<p><\/p>\n<p>[vc_row][vc_column][vc_empty_space]\r\n                <div class=\"text-modules\">\r\n                    <div class=\"container\">\r\n                        <h3 class=\"page-title text__title\">Pierwsze kroki w U\u015a<\/h3>\r\n                        <div class=\"text-modules__content\"><\/div>\r\n                    <\/div>\r\n                <\/div>[\/vc_column][\/vc_row][vc_row][vc_column]\r\n\r\n            <div class=\"blocks\" style=\"text-align: \">\r\n               <div class=\"container\">\r\n                  \r\n                  <div class=\"row m-0 blocks_4\">\r\n                  \r\n                     <a href=\"https:\/\/us.edu.pl\/student\/nowy-student\/nowy-student-pierwsze-kroki\/dni-adaptacyjne-inkluweek2025\/\" class=\"thumbnail blocks__item\" style=\"background-image: url(https:\/\/us.edu.pl\/student\/wp-content\/uploads\/sites\/3\/2025\/09\/fot.-Szymon-Nawrat-Katowice-3.jpg)\">\r\n                        <span>wi\u0119cej<\/span>\r\n                        <div class=\"blocks__bottom\">\r\n                        <div class=\"blocks__title\">DNI ADAPTACYJNE\/ INKLUweek2025<\/div>\r\n                        \r\n                        <\/div>\r\n                     <\/a>\r\n                  \r\n                     <a href=\"https:\/\/us.edu.pl\/student\/wsparcie-i-fundusze\/akademiki-2\/\" class=\"thumbnail blocks__item\" style=\"background-image: url(https:\/\/us.edu.pl\/student\/wp-content\/uploads\/sites\/3\/Bez-kategorii\/fot.-Szymon-Nawrat-Cieszyn-52-1-1024x683.jpg)\">\r\n                        <span>wi\u0119cej<\/span>\r\n                        <div class=\"blocks__bottom\">\r\n                        <div class=\"blocks__title\">Akademiki<\/div>\r\n                        \r\n                        <\/div>\r\n                     <\/a>\r\n                  \r\n                     <a href=\"https:\/\/us.edu.pl\/student\/nowy-student\/komunikacja-z-uczelnia\/\" class=\"thumbnail blocks__item\" style=\"background-image: url(https:\/\/us.edu.pl\/student\/wp-content\/uploads\/sites\/3\/Bez-kategorii\/fot.-Tomasz-Kielkowski-89-1.jpg)\">\r\n                        <span>wi\u0119cej<\/span>\r\n                        <div class=\"blocks__bottom\">\r\n                        <div class=\"blocks__title\">B\u0105d\u017a na bie\u017c\u0105co<\/div>\r\n                        \r\n                        <\/div>\r\n                     <\/a>\r\n                  \r\n                     <a href=\"https:\/\/us.edu.pl\/organizacja-roku-akademickiego\/ \" class=\"thumbnail blocks__item\" style=\"background-image: url(https:\/\/us.edu.pl\/student\/wp-content\/uploads\/sites\/3\/Bez-kategorii\/fot.-Tomasz-Kielkowski-49.jpg)\">\r\n                        <span>wi\u0119cej<\/span>\r\n                        <div class=\"blocks__bottom\">\r\n                        <div class=\"blocks__title\">Organizacja roku akademickiego, sesja, zaj\u0119cia<\/div>\r\n                        \r\n                        <\/div>\r\n                     <\/a>\r\n                  \r\n                     <a href=\"https:\/\/us.edu.pl\/student\/nowy-student\/nowy-student-pierwsze-kroki\/miedzyuczelniana-inauguracja-roku-akademickiego-i-inauguracje-wydzialowe-spotkania-adptacyjne\/\" class=\"thumbnail blocks__item\" style=\"background-image: url(https:\/\/us.edu.pl\/student\/wp-content\/uploads\/sites\/3\/COS\/SSA\/inauguracja-roku-1024x684.jpg)\">\r\n                        <span>wi\u0119cej<\/span>\r\n                        <div class=\"blocks__bottom\">\r\n                        <div class=\"blocks__title\">Inauguracja roku<\/div>\r\n                        \r\n                        <\/div>\r\n                     <\/a>\r\n                  \r\n                     <a href=\"https:\/\/us.edu.pl\/student\/nowy-student\/nowy-student-pierwsze-kroki\/jak-dotrzec-na-swoj-wydzial-2\" class=\"thumbnail blocks__item\" style=\"background-image: url(https:\/\/us.edu.pl\/student\/wp-content\/uploads\/sites\/3\/Bez-kategorii\/fot.-Szymon-Nawrat-Cieszyn-77-1024x683.jpg)\">\r\n                        <span>wi\u0119cej<\/span>\r\n                        <div class=\"blocks__bottom\">\r\n                        <div class=\"blocks__title\">Jak dotrze\u0107 na sw\u00f3j wydzia\u0142<\/div>\r\n                        \r\n                        <\/div>\r\n                     <\/a>\r\n                  \r\n                     <a href=\"https:\/\/us.edu.pl\/student\/studia\/prawa-i-obowiazki\/\" class=\"thumbnail blocks__item\" style=\"background-image: url(https:\/\/us.edu.pl\/student\/wp-content\/uploads\/sites\/3\/2025\/08\/fot.-Szymon-Nawrat-Cieszyn-20.jpg)\">\r\n                        <span>wi\u0119cej<\/span>\r\n                        <div class=\"blocks__bottom\">\r\n                        <div class=\"blocks__title\">Twoje prawa i obowi\u0105zki<\/div>\r\n                        \r\n                        <\/div>\r\n                     <\/a>\r\n                  \r\n                     <a href=\"https:\/\/us.edu.pl\/student\/nowy-student\/nowy-student-pierwsze-kroki\/dziekanaty\/\" class=\"thumbnail blocks__item\" style=\"background-image: url(https:\/\/us.edu.pl\/student\/wp-content\/uploads\/sites\/3\/2025\/09\/Kontakt-z-dziekanatem-696x1024.jpg)\">\r\n                        <span>wi\u0119cej<\/span>\r\n                        <div class=\"blocks__bottom\">\r\n                        <div class=\"blocks__title\">Skontaktuj si\u0119 z dziekanatem<\/div>\r\n                        \r\n                        <\/div>\r\n                     <\/a>\r\n                  \r\n                     <a href=\"https:\/\/us.edu.pl\/student\/nowy-student\/nowy-student-pierwsze-kroki\/systemy-i-wsparcie-it\/\" class=\"thumbnail blocks__item\" style=\"background-image: url(https:\/\/us.edu.pl\/student\/wp-content\/uploads\/sites\/3\/Bez-kategorii\/fot.-Szymon-Nawrat-Sosnowiec-44-1024x667.jpg)\">\r\n                        <span>wi\u0119cej<\/span>\r\n                        <div class=\"blocks__bottom\">\r\n                        <div class=\"blocks__title\">Dost\u0119p do platform U\u015a <\/div>\r\n                        \r\n                        <\/div>\r\n                     <\/a>\r\n                  \r\n                     <a href=\"https:\/\/us.edu.pl\/student\/nowy-student\/nowy-student-pierwsze-kroki\/rejestracja-na-wf-i-lektoraty-jezykowe\/\" class=\"thumbnail blocks__item\" style=\"background-image: url(https:\/\/us.edu.pl\/student\/wp-content\/uploads\/sites\/3\/Bez-kategorii\/fot.-Szymon-Nawrat-Sosnowiec-53-1024x707.jpg)\">\r\n                        <span>wi\u0119cej<\/span>\r\n                        <div class=\"blocks__bottom\">\r\n                        <div class=\"blocks__title\">Rejestracja na WF i lektoraty j\u0119zykowe<\/div>\r\n                        \r\n                        <\/div>\r\n                     <\/a>\r\n                  \r\n                     <a href=\"https:\/\/us.edu.pl\/student\/studia\/obowiazkowe-szkolenia\/\" class=\"thumbnail blocks__item\" style=\"background-image: url(https:\/\/us.edu.pl\/student\/wp-content\/uploads\/sites\/3\/Bez-kategorii\/fot.-Szymon-Nawrat-Sosnowiec-43-1024x683.jpg)\">\r\n                        <span>wi\u0119cej<\/span>\r\n                        <div class=\"blocks__bottom\">\r\n                        <div class=\"blocks__title\">Obowi\u0105zkowe szkolenia<\/div>\r\n                        \r\n                        <\/div>\r\n                     <\/a>\r\n                  \r\n                     <a href=\"https:\/\/us.edu.pl\/student\/studia\/tok-studiow-2\/elektroniczna-legitymacja-studencka-els-i-indeks\/\" class=\"thumbnail blocks__item\" style=\"background-image: url(https:\/\/us.edu.pl\/student\/wp-content\/uploads\/sites\/3\/2025\/08\/fot.-Szymon-Nawrat-Chorzow-11.jpg)\">\r\n                        <span>wi\u0119cej<\/span>\r\n                        <div class=\"blocks__bottom\">\r\n                        <div class=\"blocks__title\">Legitymacja studencka<\/div>\r\n                        \r\n                        <\/div>\r\n                     <\/a>\r\n                  \r\n                     <a href=\"https:\/\/us.edu.pl\/student\/wsparcie-i-fundusze\/swiadczenia-stypendia-i-zapomoga\/\" class=\"thumbnail blocks__item\" style=\"background-image: url(https:\/\/us.edu.pl\/student\/wp-content\/uploads\/sites\/3\/Bez-kategorii\/fot.-Szymon-Nawrat-Chorzow-84.jpg)\">\r\n                        <span>wi\u0119cej<\/span>\r\n                        <div class=\"blocks__bottom\">\r\n                        <div class=\"blocks__title\">\u015awiadczenia: Stypendia i zapomoga<\/div>\r\n                        \r\n                        <\/div>\r\n                     <\/a>\r\n                  \r\n                     <a href=\"https:\/\/us.edu.pl\/student\/wsparcie-i-fundusze\/ubezpieczenie\/\" class=\"thumbnail blocks__item\" style=\"background-image: url(https:\/\/us.edu.pl\/student\/wp-content\/uploads\/sites\/3\/2025\/09\/Ubezpieczenie.jpg)\">\r\n                        <span>wi\u0119cej<\/span>\r\n                        <div class=\"blocks__bottom\">\r\n                        <div class=\"blocks__title\">Ubezpieczenie<\/div>\r\n                        \r\n                        <\/div>\r\n                     <\/a>\r\n                  \r\n                     <a href=\"https:\/\/us.edu.pl\/student\/wsparcie-i-fundusze\/kredyty-studenckie\/\" class=\"thumbnail blocks__item\" style=\"background-image: url(https:\/\/us.edu.pl\/student\/wp-content\/uploads\/sites\/3\/2025\/09\/Kredyt-Studencki.jpg)\">\r\n                        <span>wi\u0119cej<\/span>\r\n                        <div class=\"blocks__bottom\">\r\n                        <div class=\"blocks__title\">Kredyt studencki<\/div>\r\n                        \r\n                        <\/div>\r\n                     <\/a>\r\n                  \r\n                     <a href=\"https:\/\/us.edu.pl\/bezpieczenstwo\/\" class=\"thumbnail blocks__item\" style=\"background-image: url(https:\/\/us.edu.pl\/student\/wp-content\/uploads\/sites\/3\/Bez-kategorii\/pexels-markusspiske-1089438.jpg)\">\r\n                        <span>wi\u0119cej<\/span>\r\n                        <div class=\"blocks__bottom\">\r\n                        <div class=\"blocks__title\">Bezpiecze\u0144stwo, cyberbezpiecze\u0144stwo<\/div>\r\n                        \r\n                        <\/div>\r\n                     <\/a>\r\n                  \r\n                     <a href=\"https:\/\/us.edu.pl\/uczelnia\/o-nas\/wladze-uniwersytetu-slaskiego\/ \" class=\"thumbnail blocks__item\" style=\"background-image: url(https:\/\/us.edu.pl\/student\/wp-content\/uploads\/sites\/3\/Bez-kategorii\/Ryszard-Koziolek-fot.-Julia-Szymala.jpg)\">\r\n                        <span>wi\u0119cej<\/span>\r\n                        <div class=\"blocks__bottom\">\r\n                        <div class=\"blocks__title\">W\u0142adze Uniwersytetu \u015al\u0105skiego<\/div>\r\n                        \r\n                        <\/div>\r\n                     <\/a>\r\n                  \r\n                     <a href=\"https:\/\/sklep.us.edu.pl\/\" class=\"thumbnail blocks__item\" style=\"background-image: url(https:\/\/us.edu.pl\/student\/wp-content\/uploads\/sites\/3\/Bez-kategorii\/Fot.-Matylda-Klos-18.jpg)\">\r\n                        <span>wi\u0119cej<\/span>\r\n                        <div class=\"blocks__bottom\">\r\n                        <div class=\"blocks__title\">U\u015ashop<\/div>\r\n                        \r\n                        <\/div>\r\n                     <\/a>\r\n                  \r\n                     <a href=\"https:\/\/us.edu.pl\/student\/wsparcie-i-fundusze\/dostosowanie-do-specjalnych-potrzeb\/\" class=\"thumbnail blocks__item\" style=\"background-image: url(https:\/\/us.edu.pl\/student\/wp-content\/uploads\/sites\/3\/COS\/Inne-wydarzenia\/strona-g\u0142owna-1024x683.jpg)\">\r\n                        <span>wi\u0119cej<\/span>\r\n                        <div class=\"blocks__bottom\">\r\n                        <div class=\"blocks__title\">Dostosowanie\/Dost\u0119pno\u015b\u0107<\/div>\r\n                        \r\n                        <\/div>\r\n                     <\/a>\r\n                  \r\n                     <a href=\"https:\/\/us.edu.pl\/media-akademickie\/\" class=\"thumbnail blocks__item\" style=\"background-image: url(https:\/\/us.edu.pl\/student\/wp-content\/uploads\/sites\/3\/Bez-kategorii\/kamera_lens-3143893_1280-e1693899939907.jpg)\">\r\n                        <span>wi\u0119cej<\/span>\r\n                        <div class=\"blocks__bottom\">\r\n                        <div class=\"blocks__title\">Media akademickie <\/div>\r\n                        \r\n                        <\/div>\r\n                     <\/a>\r\n                  \r\n                     <a href=\"https:\/\/us.edu.pl\/student\/nowy-student\/nowy-student-pierwsze-kroki\/bufety-przekaski\/\" class=\"thumbnail blocks__item\" style=\"background-image: url(https:\/\/us.edu.pl\/student\/wp-content\/uploads\/sites\/3\/2025\/08\/Bufety-fot.-Szymon-Nawrat.jpg)\">\r\n                        <span>wi\u0119cej<\/span>\r\n                        <div class=\"blocks__bottom\">\r\n                        <div class=\"blocks__title\">Bufety, przek\u0105ski<\/div>\r\n                        \r\n                        <\/div>\r\n                     <\/a>\r\n                  \r\n                     <a href=\"https:\/\/us.edu.pl\/student\/nowy-student\/nowy-student-pierwsze-kroki\/korzystaj-z-uczelnianych-grafik-i-prezentacji\/\" class=\"thumbnail blocks__item\" style=\"background-image: url(https:\/\/us.edu.pl\/student\/wp-content\/uploads\/sites\/3\/2025\/08\/Sala-komputerowa-Szymon-Nawrat.jpg)\">\r\n                        <span>wi\u0119cej<\/span>\r\n                        <div class=\"blocks__bottom\">\r\n                        <div class=\"blocks__title\">Korzystaj z uczelnianych grafik i prezentacji<\/div>\r\n                        \r\n                        <\/div>\r\n                     <\/a>\r\n                  \r\n                     <a href=\"https:\/\/us.edu.pl\/student\/wsparcie-i-fundusze\/pomoc-psychologiczna\/\" class=\"thumbnail blocks__item\" style=\"background-image: url(https:\/\/us.edu.pl\/student\/wp-content\/uploads\/sites\/3\/2025\/09\/fot.-Szymon-Nawrat-pomoc-psychologiczna.jpg)\">\r\n                        <span>wi\u0119cej<\/span>\r\n                        <div class=\"blocks__bottom\">\r\n                        <div class=\"blocks__title\">Pomoc psychologiczna<\/div>\r\n                        \r\n                        <\/div>\r\n                     <\/a>\r\n                  \r\n                     <a href=\"https:\/\/us.edu.pl\/student\/nowy-student\/nowy-student-pierwsze-kroki\/poznaj-swoj-wydzial\/\" class=\"thumbnail blocks__item\" style=\"background-image: url(https:\/\/us.edu.pl\/student\/wp-content\/uploads\/sites\/3\/Bez-kategorii\/fot.-Szymon-Nawrat-Katowice-104-www-e1738160158687.jpg)\">\r\n                        <span>wi\u0119cej<\/span>\r\n                        <div class=\"blocks__bottom\">\r\n                        <div class=\"blocks__title\">Poznaj sw\u00f3j wydzia\u0142<\/div>\r\n                        \r\n                        <\/div>\r\n                     <\/a>\r\n                  \r\n                     <a href=\"https:\/\/us.edu.pl\/student\/nowy-student\/nowy-student-pierwsze-kroki\/twoje-miejsca-do-nauki\/\" class=\"thumbnail blocks__item\" style=\"background-image: url(https:\/\/us.edu.pl\/student\/wp-content\/uploads\/sites\/3\/2025\/08\/fot.-Szymon-Nawrat-Katowice-CINIBA.jpg)\">\r\n                        <span>wi\u0119cej<\/span>\r\n                        <div class=\"blocks__bottom\">\r\n                        <div class=\"blocks__title\">Twoje miejsca do nauki<\/div>\r\n                        \r\n                        <\/div>\r\n                     <\/a>\r\n                  \r\n                     <a href=\"https:\/\/us.edu.pl\/student\/event\/\" class=\"thumbnail blocks__item\" style=\"background-image: url(https:\/\/us.edu.pl\/student\/wp-content\/uploads\/sites\/3\/2025\/08\/fot.-Szymon-Nawrat-Chorzow-66.jpg)\">\r\n                        <span>wi\u0119cej<\/span>\r\n                        <div class=\"blocks__bottom\">\r\n                        <div class=\"blocks__title\">Wydarzenia<\/div>\r\n                        \r\n                        <\/div>\r\n                     <\/a>\r\n                  \r\n                     <a href=\"https:\/\/us.edu.pl\/student\/aplikacja-mobilna-dostepny-us\" class=\"thumbnail blocks__item\" style=\"background-image: url(https:\/\/us.edu.pl\/student\/wp-content\/uploads\/sites\/3\/2025\/08\/2149936204-1.jpg)\">\r\n                        <span>wi\u0119cej<\/span>\r\n                        <div class=\"blocks__bottom\">\r\n                        <div class=\"blocks__title\">Aplikacje mobilne<\/div>\r\n                        \r\n                        <\/div>\r\n                     <\/a>\r\n                  \r\n                     <a href=\"https:\/\/us.edu.pl\/uczelnia\/polsko-angielski-glosariusz-terminow-uniwersyteckich\/\" class=\"thumbnail blocks__item\" style=\"background-image: url(https:\/\/us.edu.pl\/student\/wp-content\/uploads\/sites\/3\/COS\/Inne-wydarzenia\/kierunki-1024x683.jpg)\">\r\n                        <span>wi\u0119cej<\/span>\r\n                        <div class=\"blocks__bottom\">\r\n                        <div class=\"blocks__title\">Polsko-angielski glosariusz termin\u00f3w uniwersyteckich<\/div>\r\n                        \r\n                        <\/div>\r\n                     <\/a>\r\n                  \r\n                     <a href=\"https:\/\/us.edu.pl\/student\/nowy-student\/nowy-student-pierwsze-kroki\/slownik-inkluzywny\" class=\"thumbnail blocks__item\" style=\"background-image: url(https:\/\/us.edu.pl\/student\/wp-content\/uploads\/sites\/3\/Bez-kategorii\/fot.-Szymon-Nawrat-Katowice-220.jpg)\">\r\n                        <span>wi\u0119cej<\/span>\r\n                        <div class=\"blocks__bottom\">\r\n                        <div class=\"blocks__title\">S\u0142ownik inkluzywny<\/div>\r\n                        \r\n                        <\/div>\r\n                     <\/a>\r\n                  \r\n                     <a href=\"https:\/\/us.edu.pl\/student\/wykaz-aktywnych-organizacji-studenckich-i-doktoranckich-us\" class=\"thumbnail blocks__item\" style=\"background-image: url(https:\/\/us.edu.pl\/student\/wp-content\/uploads\/sites\/3\/Bez-kategorii\/fot.-Szymon-Nawrat-Katowice-48-1024x688.jpg)\">\r\n                        <span>wi\u0119cej<\/span>\r\n                        <div class=\"blocks__bottom\">\r\n                        <div class=\"blocks__title\">Ko\u0142a naukowe<\/div>\r\n                        \r\n                        <\/div>\r\n                     <\/a>\r\n                  \r\n                     <a href=\"https:\/\/us.edu.pl\/student\/kariera-i-rozwoj\/\" class=\"thumbnail blocks__item\" style=\"background-image: url(https:\/\/us.edu.pl\/student\/wp-content\/uploads\/sites\/3\/BK\/ludzie-biznesu-chodzi-na-zewnatrz-budynku-biurowego.jpg)\">\r\n                        <span>wi\u0119cej<\/span>\r\n                        <div class=\"blocks__bottom\">\r\n                        <div class=\"blocks__title\">Bli\u017cej kariery<\/div>\r\n                        \r\n                        <\/div>\r\n                     <\/a>\r\n                  \r\n                     <a href=\"https:\/\/us.edu.pl\/student\/wda\/poznaj-cos\/\" class=\"thumbnail blocks__item\" style=\"background-image: url(https:\/\/us.edu.pl\/student\/wp-content\/uploads\/sites\/3\/2025\/08\/fot.-Szymon-Nawrat-Katowice-267-jak-dojade.jpg)\">\r\n                        <span>wi\u0119cej<\/span>\r\n                        <div class=\"blocks__bottom\">\r\n                        <div class=\"blocks__title\">Poznaj COS<\/div>\r\n                        \r\n                        <\/div>\r\n                     <\/a>\r\n                  \r\n                     <a href=\"https:\/\/us.edu.pl\/kolegium\/kdo\/up\/ \" class=\"thumbnail blocks__item\" style=\"background-image: url(https:\/\/us.edu.pl\/student\/wp-content\/uploads\/sites\/3\/2025\/09\/fot.-Szymon-Nawrat-Sosnowiec-76.jpg)\">\r\n                        <span>wi\u0119cej<\/span>\r\n                        <div class=\"blocks__bottom\">\r\n                        <div class=\"blocks__title\">INFOzKDO<\/div>\r\n                        \r\n                        <\/div>\r\n                     <\/a><\/div>     \r\n               <\/div>\r\n            <\/div>[\/vc_column][\/vc_row]<\/p>\n<p><\/p>","protected":false},"excerpt":{"rendered":"<p>[vc_row][vc_column][vc_empty_space][\/vc_column][\/vc_row][vc_row][vc_column][\/vc_column][\/vc_row] [&#8230;]<\/p>\n<p><a class=\"btn btn-secondary understrap-read-more-link\" href=\"https:\/\/us.edu.pl\/student\/nowy-student\/nowy-student-pierwsze-kroki\/\">Read More&#8230;<\/a><\/p>\n","protected":false},"author":1,"featured_media":0,"parent":12264,"menu_order":0,"comment_status":"closed","ping_status":"closed","template":"","meta":{"_expiration-date-status":"","_expiration-date":0,"_expiration-date-type":"","_expiration-date-categories":[],"_expiration-date-options":[]},"acf":[],"_links":{"self":[{"href":"https:\/\/us.edu.pl\/student\/wp-json\/wp\/v2\/pages\/4377"}],"collection":[{"href":"https:\/\/us.edu.pl\/student\/wp-json\/wp\/v2\/pages"}],"about":[{"href":"https:\/\/us.edu.pl\/student\/wp-json\/wp\/v2\/types\/page"}],"author":[{"embeddable":true,"href":"https:\/\/us.edu.pl\/student\/wp-json\/wp\/v2\/users\/1"}],"replies":[{"embeddable":true,"href":"https:\/\/us.edu.pl\/student\/wp-json\/wp\/v2\/comments?post=4377"}],"version-history":[{"count":12,"href":"https:\/\/us.edu.pl\/student\/wp-json\/wp\/v2\/pages\/4377\/revisions"}],"predecessor-version":[{"id":60861,"href":"https:\/\/us.edu.pl\/student\/wp-json\/wp\/v2\/pages\/4377\/revisions\/60861"}],"up":[{"embeddable":true,"href":"https:\/\/us.edu.pl\/student\/wp-json\/wp\/v2\/pages\/12264"}],"wp:attachment":[{"href":"https:\/\/us.edu.pl\/student\/wp-json\/wp\/v2\/media?parent=4377"}],"curies":[{"name":"wp","href":"https:\/\/api.w.org\/{rel}","templated":true}]}}