{"id":6116,"date":"2019-10-09T15:32:42","date_gmt":"2019-10-09T13:32:42","guid":{"rendered":"https:\/\/us.edu.pl\/student\/?page_id=6116"},"modified":"2019-10-09T15:35:26","modified_gmt":"2019-10-09T13:35:26","slug":"uniwersytet-trzeciego-wieku","status":"publish","type":"page","link":"https:\/\/us.edu.pl\/student\/dzialalnosc-studencka\/wyroznienia-jm-rektora-us\/laureaci-poprzednich-edycji\/laureaci-2017\/uniwersytet-trzeciego-wieku\/","title":{"rendered":"Uniwersytet Trzeciego Wieku"},"content":{"rendered":"<p>[vc_row el_class=&#8221;container&#8221;][vc_column el_class=&#8221;container&#8221;]\r\n                <div class=\"text-modules\">\r\n                    <div class=\"container\">\r\n                        <h3 class=\"page-title text__title\">Uniwersytet Trzeciego Wieku<\/h3>\r\n                        <div class=\"text-modules__content\"><\/div>\r\n                    <\/div>\r\n                <\/div>\r\n                <div class=\"text-modules \">\r\n                    <div class=\"container\">\r\n                        <h3 class=\"section-title section-title_border-bottom\">Danuta Ko\u0142odziej<\/h3> \r\n                        <div class=\"row m-0\">\r\n                            <div class=\"text-modules__content\">\r\n                                <\/p>\n<ul>\n<li>Jest s\u0142uchaczk\u0105 Uniwersytetu Trzeciego Wieku od 2007 r. Z wykszta\u0142cenia jest pedagogiem, absolwentk\u0105 Uniwersytetu Marii Curie Sk\u0142odowskiej w Lublinie<\/li>\n<li>Swoje wykszta\u0142cenie\u00a0 uzupe\u0142nia\u0142a\u00a0 poprzez studia podyplomowe z zakresu logopedii oraz zdobywaj\u0105c umiej\u0119tno\u015bci komunikacji symbolicznej, r\u00f3wnie\u017c\u00a0 na praktykach w klinikach w Niemczech i Szwajcarii<\/li>\n<li>Pracowa\u0142a jako logopeda w Katowicach w Poradni Psychologiczno \u2013 Pedagogicznej oraz w pierwszym w Polsce O\u015brodku Rehabilitacyjno \u2013 Wychowawczym dla dzieci i m\u0142odzie\u017cy oraz os\u00f3b doros\u0142ych z ci\u0119\u017ckim pora\u017ceniem i niem\u00f3wi\u0105cymi. Przez kilka lat pracowa\u0142a na Uniwersytecie \u015al\u0105skim, przekazuj\u0105c swoje wiadomo\u015bci i umiej\u0119tno\u015bci studentom<\/li>\n<li>Przez pewien okres uczestniczy\u0142a w pracach grupy wolontariuszy, kt\u00f3ra wsp\u00f3\u0142pracuje\u00a0 z\u00a0 Fundacj\u0105 Gniazdo prowadz\u0105c\u0105 \u015bwietlic\u0119 terapeutyczn\u0105 na Koszutce. Grup\u0119 t\u0119 opu\u015bci\u0142a, znajduj\u0105c swoje miejsce jako wolontariusz w Szpitalu Zakonu Bonifratr\u00f3w w Katowicach. Pomagaj\u0105c personelowi szpitala w karmieniu chorych le\u017c\u0105cych, wykorzystuje\u00a0 zdobyte umiej\u0119tno\u015bci logopedyczne, poniewa\u017c te same narz\u0105dy, kt\u00f3re s\u0142u\u017c\u0105 do m\u00f3wienia bior\u0105 r\u00f3wnie\u017c udzia\u0142 w przyjmowaniu pokarm\u00f3w. Spe\u0142nia si\u0119 wi\u0119c jako osoba pomocna i kompetentna. Od pi\u0119ciu lat, regularnie raz w tygodniu przez cztery godziny, przebywa z chorymi<\/li>\n<li>Na pytanie co daje jej praca w charakterze wolontariuszki Pani Danuta odpowiada, ze daje jej si\u0142\u0119 do godnego \u017cycia.\u00a0 Jak sama m\u00f3wi: \u201eMimo, \u017ce wychodz\u0119 ze szpitala bardzo zm\u0119czona, to mam wewn\u0119trzne przekonanie, \u017ce jestem\u00a0 potrzebna chorym i bardzo sobie ceni\u0119 spotkanie z nimi.\u00a0 Lubi\u0119 fartuszek bonifraterski, kt\u00f3ry ubieram na bia\u0142\u0105 bluzk\u0119. Staram si\u0119 \u0142adnie wygl\u0105da\u0107,\u00a0 poniewa\u017c tych chorych ludzi szanuj\u0119 i wiem, \u017ce oni ciesz\u0105 si\u0119 ze spotkania ze mn\u0105.\u201d<\/li>\n<li>Opr\u00f3cz pracy z lud\u017ami, Pani Danuta lubi prac\u0119 w ogr\u00f3dku. Posiada dzia\u0142k\u0119, na kt\u00f3rej pracuje i odpoczywa w\u015br\u00f3d kwiat\u00f3w. Nale\u017cy tak\u017ce do komisji Rewizyjnej Rodzinnych Ogr\u00f3dk\u00f3w\u00a0 Dzia\u0142kowych \u201eS\u0142oneczne Wzg\u00f3rze\u201d w Katowicach przy ulicy\u00a0 Osikowej<\/li>\n<\/ul>\n<div class=\"mt-3\"><\/div>\r\n                            <\/div>\r\n                            \r\n                            \r\n                        <\/div>\r\n                    <\/div>\r\n                <\/div>\r\n                <div class=\"text-modules \">\r\n                    <div class=\"container\">\r\n                        <h3 class=\"section-title section-title_border-bottom\">Zdzis\u0142awa Szymura<\/h3> \r\n                        <div class=\"row m-0\">\r\n                            <div class=\"text-modules__content\">\r\n                                <\/p>\n<ul>\n<li>Uko\u0144czy\u0142a studia politechniczne i bibliotekarstwo z informacj\u0105 naukow\u0105 na Uniwersytecie \u015al\u0105skim<\/li>\n<li>Od roku 2011 jest s\u0142uchaczem Uniwersytetu Trzeciego Wieku w Uniwersytecie \u015al\u0105skim<\/li>\n<li>Pracuj\u0105c zawodowo, ju\u017c wtedy nie stroni\u0142a od prac spo\u0142ecznych. W\u00a0 latach 2001 &#8211;\u00a0 2013 by\u0142a cz\u0142onkini\u0105 Mi\u0119dzynarodowej Organizacji Kobiet Soroptimist International. By\u0142a cz\u0142onkiem za\u0142o\u017cycielem \u015al\u0105skiego Klubu NIKE w Katowicach,\u00a0 a tak\u017ce sekretarzem\u00a0 pierwszej i czwartej kadencji tego Klubu. W ramach Klubu NIKE bra\u0142a\u00a0 udzia\u0142 w akcjach charytatywnych mi\u0119dzy innym na rzecz\u00a0 \u201eDomu Anio\u0142\u00f3w Str\u00f3\u017c\u00f3w\u2019 w Katowicach, Hospicjum Cordis w Janowie czy Stowarzyszenia Pomocy Dzieciom i M\u0142odzie\u017cy<\/li>\n<li>Nale\u017ca\u0142a do nagrody Czarnej Per\u0142y przyznawanej kobietom, kt\u00f3re w spos\u00f3b wyj\u0105tkowy wp\u0142ywaj\u0105 na \u017cycie\u00a0 \u015al\u0105ska<\/li>\n<li>Jest cz\u0142onkiem zespo\u0142u wokalnego \u201eEconoVocale\u201d przy Ekonomicznym Uniwersytecie Trzeciego Wieku. Z Zespo\u0142em tym uczestniczy\u0142a w wielu koncertach,\u00a0 mi\u0119dzy innymi w Mi\u0119dzynarodowym Konkursie Kol\u0119d i Pastora\u0142ek w\u00a0 B\u0119dzinie<\/li>\n<li>Nale\u017cy do\u00a0 zespo\u0142u tanecznego \u201eJolki\u201d w naszym uniwersytecie. Z zespo\u0142em tym\u00a0 wyst\u0119powa\u0142a w Olimpiadzie UTW w \u0141azach, z okazji Dnia Seniora na rynku katowickim, w Przegl\u0105dach Tw\u00f3rczo\u015bci Artystycznej S\u0142uchaczy UTW, w czasie\u00a0 \u015al\u0105skiego\u00a0 Festiwalu Nauki, Pikniku Uniwersytetu \u015al\u0105skiego i wielu innych imprezach na rzecz \u015brodowiska<\/li>\n<li>Bra\u0142a udzia\u0142 w konkursie Ta\u0144ca \u015al\u0105skiego \u201eTrojak 2012\u201d, \u201eTrojak 2013\u201d<\/li>\n<li>Jest\u00a0\u00a0 cz\u0142onkiem zespo\u0142u teatralnego, grupow\u0105 Warsztat\u00f3w Teatralnych. Grupa ta wyst\u0119powa\u0142a kilkakrotnie z okazji uroczysto\u015bci UTW<\/li>\n<li>Jako reprezentantka Uniwersytetu Trzeciego Wieku w Uniwersytecie \u015al\u0105skim bra\u0142a udzia\u0142<\/li>\n<li>w\u00a0 przedstawieniu charytatywnym \u201eKoncert Gwiazd\u201d w Teatrze Rozrywki w Chorzowie na rzecz\u00a0 Stowarzyszenia \u201e Dress For\u00a0 Success Poland\u201d i\u00a0 Fundacji \u201ePorozumienie bez Barier\u201d<\/li>\n<li>Jako reprezentantka zespo\u0142u zdoby\u0142a w 2016 roku pierwsze\u00a0\u00a0 miejsce w II Konkursie Recytatorskim dla Senior\u00f3w \u201eWszystko jest poezj\u0105, ka\u017cdy jest poet\u0105\u201d w Piekarach \u015al\u0105skich<\/li>\n<li>Zdj\u0119cia z r\u00f3\u017cnych imprez, wybrane i opisane przez Pani\u0105 Zdzis\u0142aw\u0119 znajduj\u0105 si\u0119 w galerii UTW<\/li>\n<li>Jest pasjonatk\u0105 teatru, ta\u0144ca i dobrej kuchni<\/li>\n<\/ul>\n<div class=\"mt-3\"><\/div>\r\n                            <\/div>\r\n                            \r\n                            \r\n                        <\/div>\r\n                    <\/div>\r\n                <\/div>\r\n                <div class=\"text-modules \">\r\n                    <div class=\"container\">\r\n                        <h3 class=\"section-title section-title_border-bottom\">Marianna Urbanek<\/h3> \r\n                        <div class=\"row m-0\">\r\n                            <div class=\"text-modules__content\">\r\n                                <\/p>\n<ul>\n<li>Nale\u017cy do grupy najstarszych s\u0142uchaczy UTW, solidnie ucz\u0119szczaj\u0105cych \u00a0na zaj\u0119cia od 1998 roku. Jest mieszkank\u0105 Miko\u0142owa, a do uniwersytetu zapisa\u0142a si\u0119 wtedy gdy nasz UTW przyjmowa\u0142 senior\u00f3w z ca\u0142ego \u015al\u0105ska, b\u0119d\u0105c\u00a0 jedyn\u0105 plac\u00f3wk\u0105 tego typu w wojew\u00f3dztwie.<\/li>\n<li>Od wielu lat jest cz\u0142onkiem Samorz\u0105du UTW, aktywnie w\u0142\u0105czaj\u0105c si\u0119 w jego prace. Utworzy\u0142a pierwsz\u0105 komputerow\u0105 baz\u0119 danych, co na pocz\u0105tku tego wieku by\u0142o rzadko\u015bci\u0105\u00a0 na UTW. Do jej przygotowania zaanga\u017cowa\u0142a swoj\u0105 rodzin\u0119, szczeg\u00f3lnie syn\u00f3w. Baza ta, co roku aktualizowana, pokazuje osobowy sk\u0142ad UTW i jest podstaw\u0105 ukazywania r\u00f3\u017cnych statystyk. Przez kilka lat by\u0142a odpowiedzialna za stron\u0119 informacyjn\u0105 uniwersytetu, zar\u00f3wno za informacje przychodz\u0105ce do plac\u00f3wki, jak i informacje o uniwersytecie.<\/li>\n<li>Uczestniczy\u0142a w przygotowaniu konferencji jubileuszowych z okazji 20 i 30 rocznicy istnienia UTW w Uniwersytecie \u015al\u0105skim\u00a0 oraz Og\u00f3lnopolskiej\u00a0 Konferencji Uniwersytet\u00f3w Trzeciego Wieku z okazji 35 rocznicy powo\u0142ania UTW w Polsce.<\/li>\n<li>W\u00a0 otoczeniu jest spostrzegana jako cz\u0142owiek skromny, kt\u00f3ry bardzo ch\u0119tnie\u00a0 wspiera wszystkich b\u0119d\u0105cych w potrzebie, zar\u00f3wno w miejscu zamieszkania (Miko\u0142\u00f3w) jak i na uniwersytecie. Cieszy si\u0119 bardzo du\u017cym zaufaniem kole\u017canek i koleg\u00f3w UTW a szczeg\u00f3lnie starszych i schorowanych, kt\u00f3rych wspiera\u00a0 w dyskretny spos\u00f3b. Kilku s\u0142uchaczy zawdzi\u0119cza jej swoj\u0105 obecno\u015b\u0107 na zaj\u0119ciach UTW, bo ona po prostu pomaga im w przyj\u015bciu na wyk\u0142ady,\u00a0 gdy s\u0142abo\u015b\u0107 nie pozwala im samodzielnie uda\u0107 si\u0119 na nasz uniwersytet.<\/li>\n<li>Czynne uczestnictwo przez wiele lat w \u017cyciu UTW, da\u0142o Jej wiele satysfakcji i zadowolenia. Ceni sobie przynale\u017cno\u015b\u0107 do UTW i mimo pewnego trudu zwi\u0105zanego z dojazdem z Miko\u0142owa, nie zamierza rezygnowa\u0107 z UTW.<\/li>\n<li>Po przej\u015bciu na emerytur\u0119 zaanga\u017cowa\u0142a si\u0119 tak\u017ce w prac\u0119 jako wolontariuszka w \u015awietlicy \u015arodowiskowej dla dzieci z rodzin dysfunkcyjnych w \u0141aziskach G\u00f3rnych. Zorganizowa\u0142a wyposa\u017cenie \u015bwietlicy w meble i sprz\u0119t komputerowy oraz niezb\u0119dne\u00a0 materia\u0142y eksploatacyjne. Prowadzi\u0142a z dzie\u0107mi zaj\u0119cia plastyczne i roboty r\u0119czne jak szyde\u0142kowanie, rob\u00f3tki na drutach. Pomaga\u0142a dzieciom w odrabianiu lekcji oraz w przygotowaniu posi\u0142k\u00f3w. Po\u015bredniczy\u0142a r\u00f3wnie\u017c w za\u0142atwianiu pomocy rodzinom b\u0119d\u0105cym w trudnej sytuacji materialnej. Zaanga\u017cowanie w tym wolontariacie trwa\u0142o oko\u0142o 5 lat.<\/li>\n<li>Prywatnie, pomaga\u0142a w wychowaniu wnuczek i ch\u0119tnie pracuje w przydomowym ogr\u00f3dku.<\/li>\n<\/ul>\n<div class=\"mt-3\"><\/div>\r\n                            <\/div>\r\n                            \r\n                            \r\n                        <\/div>\r\n                    <\/div>\r\n                <\/div>[\/vc_column][\/vc_row]<\/p>","protected":false},"excerpt":{"rendered":"<p>[vc_row el_class=&#8221;container&#8221;][vc_column el_class=&#8221;container&#8221;][\/vc_column][\/vc_row] [&#8230;]<\/p>\n<p><a class=\"btn btn-secondary understrap-read-more-link\" href=\"https:\/\/us.edu.pl\/student\/dzialalnosc-studencka\/wyroznienia-jm-rektora-us\/laureaci-poprzednich-edycji\/laureaci-2017\/uniwersytet-trzeciego-wieku\/\">Read More&#8230;<\/a><\/p>\n","protected":false},"author":1,"featured_media":0,"parent":5891,"menu_order":0,"comment_status":"closed","ping_status":"closed","template":"","meta":{"_expiration-date-status":"","_expiration-date":0,"_expiration-date-type":"","_expiration-date-categories":[],"_expiration-date-options":[]},"acf":[],"_links":{"self":[{"href":"https:\/\/us.edu.pl\/student\/wp-json\/wp\/v2\/pages\/6116"}],"collection":[{"href":"https:\/\/us.edu.pl\/student\/wp-json\/wp\/v2\/pages"}],"about":[{"href":"https:\/\/us.edu.pl\/student\/wp-json\/wp\/v2\/types\/page"}],"author":[{"embeddable":true,"href":"https:\/\/us.edu.pl\/student\/wp-json\/wp\/v2\/users\/1"}],"replies":[{"embeddable":true,"href":"https:\/\/us.edu.pl\/student\/wp-json\/wp\/v2\/comments?post=6116"}],"version-history":[{"count":0,"href":"https:\/\/us.edu.pl\/student\/wp-json\/wp\/v2\/pages\/6116\/revisions"}],"up":[{"embeddable":true,"href":"https:\/\/us.edu.pl\/student\/wp-json\/wp\/v2\/pages\/5891"}],"wp:attachment":[{"href":"https:\/\/us.edu.pl\/student\/wp-json\/wp\/v2\/media?parent=6116"}],"curies":[{"name":"wp","href":"https:\/\/api.w.org\/{rel}","templated":true}]}}