{"id":6214,"date":"2019-10-09T17:48:36","date_gmt":"2019-10-09T15:48:36","guid":{"rendered":"https:\/\/us.edu.pl\/student\/?page_id=6214"},"modified":"2019-10-09T17:52:44","modified_gmt":"2019-10-09T15:52:44","slug":"doktorant","status":"publish","type":"page","link":"https:\/\/us.edu.pl\/student\/dzialalnosc-studencka\/wyroznienia-jm-rektora-us\/laureaci-poprzednich-edycji\/laureaci-2016\/doktorant\/","title":{"rendered":"Doktorant"},"content":{"rendered":"<p>[vc_row el_class=&#8221;container&#8221;][vc_column el_class=&#8221;container&#8221;]\r\n                <div class=\"text-modules\">\r\n                    <div class=\"container\">\r\n                        <h3 class=\"page-title text__title\">Doktorant<\/h3>\r\n                        <div class=\"text-modules__content\"><\/div>\r\n                    <\/div>\r\n                <\/div>\r\n                <div class=\"text-modules \">\r\n                    <div class=\"container\">\r\n                        <h3 class=\"section-title section-title_border-bottom\">Roksana Brodnicka<\/h3> \r\n                        <div class=\"row m-0\">\r\n                            <div class=\"text-modules__content\">\r\n                                Doktorantka matematyki na Wydziale Matematyki, Fizyki i Chemii. Wyr\u00f3\u017cniona przez JM Rektora Uniwersytetu \u015al\u0105skiego za\u00a0<strong>dzia\u0142alno\u015b\u0107 i osi\u0105gni\u0119cia sportowe, popularyzacj\u0119 sportu oraz nauki<\/strong>. Od roku akademickiego 2011\/2012 by\u0142a koordynatorem Akademickich Mistrzostw \u015al\u0105ska w ergometrze wio\u015blarskim kobiet i m\u0119\u017cczyzn \u2013 w ka\u017cdym roku odbywaj\u0105 si\u0119 dwie edycje tego wydarzenia. Wsp\u00f3\u0142pracowa\u0142a podczas organizacji Testu Coopera na stadionie AWF Katowice, Silesiady (Igrzyska Student\u00f3w Pierwszego Roku) w 2013,Og\u00f3lnopolskich Igrzysk Student\u00f3w Pierwszego Roku w 2013, Akademickich Mistrzostw \u015awiata w Szachach w 2014 oraz wolontariusz na VII Akademickich Mistrzostwach Europy w Pi\u0142ce R\u0119cznej Kobiet i M\u0119\u017cczyzn w 2013. Wsp\u00f3\u0142organizowa\u0142a takie wydarzenia jak wydzia\u0142owa \u201eZbi\u00f3rka Miko\u0142ajkowa\u201d dla zespo\u0142u opieku\u0144czo-wychowawczego nr 4 w Sosnowcu, \u201eWioska Smerf\u00f3w\u201d (2013) i \u201eIndia\u0144ska Wioska\u201d (2014) na lodowisku Spodek w Katowicach dla dzieci z katowickich plac\u00f3wek opieku\u0144czo-wychowawczych. Od 2011 roku kierownik sekcji lekkoatletycznej oraz kierownik sekcji ergometru wio\u015blarskiego w Klubie Uczelnianym AZS U\u015a. Poza dzia\u0142alno\u015bci\u0105 naukow\u0105, bra\u0142a udzia\u0142 w organizacji kilku edycji \u015awi\u0119ta Liczby Pi, kt\u00f3re promuje \u015bwiat matematyki w\u015br\u00f3d dzieci i m\u0142odzie\u017cy. Jej praca \u201cThe convolution of measures in the model of particles collisions&#8221; otrzyma\u0142a wyr\u00f3\u017cnienie w konkursie im. Eugeniusza Fidelisa dla m\u0142odych matematyk\u00f3w na XLIV Og\u00f3lnopolskiej Konferencji Zastosowa\u0144 Matematyki w 2015 roku. Laureatka Regionalna w Konkursie Studencki Nobel na Najlepszego Studenta RP w bran\u017cy nauki \u015bcis\u0142e w 2014. Zdoby\u0142a Tytu\u0142 Sportowca Roku 2013 AZS U\u015a oraz m.in. I miejsce w Wy\u015bcigu Smoczych \u0141odzi (2013), III miejsce w kategorii uniwersytety w rzucie oszczepem kobiet podczas Mistrzostw Polski w Lekkiej Atletyce (2013) i Akademickich Mistrzostw Polski w Lekkiej Atletyce (2014). Podczas Lekkoatletycznych Akademickich Mistrzostw \u015al\u0105ska zajmowa\u0142a II lub III miejsce w rzucie oszczepem kobiet w latach 2011-2014. Zaj\u0119\u0142a I miejsce w og\u00f3lnopolskim konkursie fotograficznym &#8222;Polska Kocha Blackberry&#8221; (2013). Odby\u0142a 3 zagraniczne sta\u017ce. Interesuje si\u0119 tematyk\u0105 zastosowa\u0144 matematyki oraz gie\u0142d\u0105 \u015bwiatow\u0105 &#8211; uko\u0144czy\u0142a kurs Maklera Papier\u00f3w Warto\u015bciowych. W\u015br\u00f3d swoich licznych pasji wymienia m.in. rysowanie pastelami, kolekcjonowanie poczt\u00f3wek z r\u00f3\u017cnych stron \u015bwiata, organizowanie wyjazd\u00f3w dla siebie oraz znajomych. \r\n                                <div class=\"mt-3\"><\/div>\r\n                            <\/div>\r\n                            \r\n                            \r\n                        <\/div>\r\n                    <\/div>\r\n                <\/div>\r\n                <div class=\"text-modules \">\r\n                    <div class=\"container\">\r\n                        <h3 class=\"section-title section-title_border-bottom\">Marta Dziewi\u0119cka<\/h3> \r\n                        <div class=\"row m-0\">\r\n                            <div class=\"text-modules__content\">\r\n                                Doktorantka Advanced methods in biotechnology and biodiversity na Wydziale Biologii i Ochrony \u015arodowiska. Wyr\u00f3\u017cniona przez JM Rektora Uniwersytetu \u015al\u0105skiego za\u00a0<strong>dzia\u0142alno\u015b\u0107 naukow\u0105<\/strong>. Wsp\u00f3\u0142autorka 5 artyku\u0142\u00f3w naukowych, 5 innych tekst\u00f3w naukowych oraz ponad 20 wyst\u0105pie\u0144 lub poster\u00f3w na mi\u0119dzynarodowych i og\u00f3lnopolskich konferencjach naukowych. By\u0142a cz\u0142onkiem zespo\u0142u badawczego w projekcie \u201eZintegrowany system wspomagaj\u0105cy zarz\u0105dzaniem i ochron\u0105 zbiornika zaporowego. Strategiczny projekt badawczy ZiZOZap\u201d, wsp\u00f3\u0142finansowanego ze \u015brodk\u00f3w Europejskiego Funduszu Rozwoju Regionalnego w ramach Programu Operacyjnego Innowacyjna Gospodarka. Prowadzi\u0142a warsztaty w trzech edycjach Nocy Biolog\u00f3w (2014, 2015, 2016). Uko\u0144czy\u0142a r\u00f3wnie\u017c kosmetologi\u0119 na \u015al\u0105skim Uniwersytecie Medycznym w Sosnowcu. Stypendystka LPP Erasmus oraz DAAD (Niemieckiej Centrali Wymiany Akademickiej). Jest artyst\u0105 plastykiem, a jej zainteresowania i pasje to jazda konna, wycieczki rowerowe, zagraniczne podr\u00f3\u017ce, geografia i sztuka.<\/p>\n<div class=\"mt-3\"><\/div>\r\n                            <\/div>\r\n                            \r\n                            \r\n                        <\/div>\r\n                    <\/div>\r\n                <\/div>\r\n                <div class=\"text-modules \">\r\n                    <div class=\"container\">\r\n                        <h3 class=\"section-title section-title_border-bottom\">Karpeta-Kaczmarek Julia<\/h3> \r\n                        <div class=\"row m-0\">\r\n                            <div class=\"text-modules__content\">\r\n                                Doktorantka Advanced methods in biotechnology and biodiversity na Wydziale Biologii i Ochrony \u015arodowiska. Wyr\u00f3\u017cniona przez JM Rektora Uniwersytetu \u015al\u0105skiego za\u00a0<strong>dzia\u0142alno\u015b\u0107 naukow\u0105 oraz osi\u0105gni\u0119cia sportowe<\/strong>. Wsp\u00f3\u0142autorka 4 artyku\u0142\u00f3w naukowych publikowanych w uznanych czasopismach naukowych, 5 innych publikacji naukowych oraz 12 wyst\u0105pie\u0144\u00a0i poster\u00f3w na mi\u0119dzynarodowych i og\u00f3lnopolskich konferencjach naukowych. By\u0142a cz\u0142onkiem zespo\u0142u badawczego w projekcie \u201eZintegrowany system wspomagaj\u0105cy zarz\u0105dzaniem i ochron\u0105 zbiornika zaporowego. Strategiczny projekt badawczy ZiZOZap\u201d, wsp\u00f3\u0142finansowanego ze \u015brodk\u00f3w Europejskiego Funduszu Rozwoju Regionalnego w ramach Programu Operacyjnego Innowacyjna Gospodarka. Zaanga\u017cowa\u0142a si\u0119 w organizacj\u0119 dw\u00f3ch edycji Nocy Biolog\u00f3w (2015, 2016). Bra\u0142a udzia\u0142 w licznych og\u00f3lnopolskich turniejach ta\u0144ca towarzyskiego oraz dw\u00f3ch turniejach mi\u0119dzynarodowych, na kt\u00f3rych zreszt\u0105 zaj\u0119\u0142a I miejsca. Otrzyma\u0142a dyplom za zaanga\u017cowanie i wytrwa\u0142o\u015b\u0107 podczas trening\u00f3w sportowych oraz\u00a0osi\u0105gn\u0119\u0142a poziom\u00a0klasy \u201eA\u201d w ta\u0144cach standardowych. Posiada certyfikat uko\u0144czenia akredytowanego szkolenia PRINCE2\u00ae Foundation (szkolenie akredytowane z metodyki zarz\u0105dzania projektami). Jej zainteresowania i pasje to taniec towarzyski, jazda konna i zdrowy tryb \u017cycia.<\/p>\n<div class=\"mt-3\"><\/div>\r\n                            <\/div>\r\n                            \r\n                            \r\n                        <\/div>\r\n                    <\/div>\r\n                <\/div>\r\n                <div class=\"text-modules \">\r\n                    <div class=\"container\">\r\n                        <h3 class=\"section-title section-title_border-bottom\">Ma\u0142gorzata Lubelska-Sazan\u00f3w<\/h3> \r\n                        <div class=\"row m-0\">\r\n                            <div class=\"text-modules__content\">\r\n                                Doktorantka prawa na na Wydziale Prawa i Administracji. Wyr\u00f3\u017cniona przez JM Rektora Uniwersytetu \u015al\u0105skiego za\u00a0<strong>dzia\u0142alno\u015b\u0107 naukow\u0105 oraz osi\u0105gni\u0119cia sportowe<\/strong>. Jest wsp\u00f3\u0142autork\u0105 lub autork\u0105 3 artyku\u0142\u00f3w naukowych, 3 rozdzia\u0142\u00f3w w ksi\u0105\u017ckach i 4 innych tekst\u00f3w naukowych. Realizuje kilka projekt\u00f3w badawczych, w tym jako cz\u0142onek zespo\u0142\u00f3w w mi\u0119dzynarodowym projekcie badawczym \u201eBilateralna niemiecko-polska harmonizacja prawa prywatnego w procesie integracji prawa Unii Europejskiej. Uzupe\u0142nienie czy opozycja?\u201d oraz \u201ePEPP \u2013 Programme in European Private Law for Postgraduate\u201d. Wyst\u0105pi\u0142a na 5 mi\u0119dzynarodowych, zagranicznych konferencjach naukowych oraz na 8 konferencjach mi\u0119dzynarodowych lub og\u00f3lnopolskich organizowanych w kraju. Zorganizowa\u0142a 6 konferencji naukowych. Reprezentowa\u0142a Uniwersytet \u015al\u0105ski w wielu konkursach o zasi\u0119gu mi\u0119dzynarodowym. Otrzyma\u0142a wyr\u00f3\u017cnienie na presti\u017cowym Mi\u0119dzynarodowym konkursie arbitra\u017cowym XX Willem C. Vis (East) International Commercial Arbitration Moot Court Competition (2013). Uzyskanie II klasy sportowej i liczne wygrane w konkursach o zasi\u0119gu og\u00f3lnopolskim i regionalnym rozgrywanych do wysoko\u015bci 125 cm w konkurencji je\u017adziectwo: skoki przez przeszkody. Jej zainteresowania i pasje to je\u017adziectwo, podr\u00f3\u017ce, ekologia, wegetaria\u0144ska kuchnia i literatura pi\u0119kna. \r\n                                <div class=\"mt-3\"><\/div>\r\n                            <\/div>\r\n                            \r\n                            \r\n                        <\/div>\r\n                    <\/div>\r\n                <\/div>\r\n                <div class=\"text-modules \">\r\n                    <div class=\"container\">\r\n                        <h3 class=\"section-title section-title_border-bottom\">Wanda Niemyska<\/h3> \r\n                        <div class=\"row m-0\">\r\n                            <div class=\"text-modules__content\">\r\n                                Doktorantka matematyki na Wydziale Matematyki, Fizyki i Chemii. Wyr\u00f3\u017cniona przez JM Rektora Uniwersytetu \u015al\u0105skiego za\u00a0<strong>dzia\u0142alno\u015b\u0107 spo\u0142eczn\u0105 i naukow\u0105<\/strong>. W\u015br\u00f3d swoich osi\u0105gni\u0119\u0107 mo\u017ce wymieni\u0107 wieloletnie prowadzenie grup dzieci\u0119cych i m\u0142odzie\u017cowych Przymierza Rodzin (jako wychowawca oraz koordynator), a tak\u017ce dzia\u0142alno\u015b\u0107 na rzecz m\u0142odych wychowawc\u00f3w w Stowarzyszeniu Przymierze Rodzin. Podstawow\u0105 dzia\u0142alno\u015bci\u0105 tej organizacji jest prowadzenie grup dzieci\u0119cych i m\u0142odzie\u017cowych w Terenowych O\u015brodkach przy parafiach i wsparcie rodzic\u00f3w w wychowaniu dzieci na dobrych obywateli i chrze\u015bcijan. Pani Niemyska by\u0142a r\u00f3wnie\u017c wsp\u00f3\u0142prowadz\u0105c\u0105 i wsp\u00f3\u0142tw\u00f3rczyni\u0105 programu szkole\u0144 dla wolontariuszy gruzi\u0144skich, wsp\u00f3\u0142organizowa\u0142a r\u00f3wnie\u017c remont przedszkola wiejskiego w Gruzji wraz z Caritas Gruzja. Poza tym by\u0142a wsp\u00f3\u0142organizatork\u0105 kolejnych trzech edycji zawod\u00f3w pasterskich (pierwszych w Polsce wg regulaminu ASCA &#8211; dla owczark\u00f3w australijskich i innych ras pasterskich). Jest wsp\u00f3\u0142autork\u0105 3 artyku\u0142\u00f3w naukowych oraz 6 innych tekst\u00f3w naukowych. Uzyska\u0142a zespo\u0142owo grant\u00a0 Fundacji na rzecz Nauki Polskiej na realizacj\u0119 mi\u0119dzynarodowego projektu pt. &#8222;Czy biologi\u0119 da si\u0119 schwyta\u0107 na matematyczne lasso? Nowe struktury topologiczne w bia\u0142kach&#8221;. Bierze udzia\u0142 w realizacji tak\u017ce dw\u00f3ch innych projekt\u00f3w naukowych finansowanych ze \u017ar\u00f3de\u0142 zewn\u0119trznych. Wyst\u0105pi\u0142a na 8 zagranicznych konferencjach naukowych oraz 6 konferencjach zorganizowanych w Polsce. Otrzyma\u0142a Nagrod\u0119 Publiczno\u015bci oraz II miejsce w finale konkursu popularyzatorskiego INTER, organizowanego przez Fundacj\u0119 na Rzecz Nauki Polskiej w ramach projektu SKILLS. Potrafi \u015bpiewa\u0107, wyst\u0119powa\u0142a w kilku amatorskich przedstawieniach muzycznych. Jeste tak\u017ce m.in. instruktorem narciarstwa. Jej pasj\u0105 s\u0105 podr\u00f3\u017ce i ludzie. By\u0142a na trzech wielkich wyprawach autostopowych: 6 miesi\u0119cy w Stanach Zjednoczonych i Kanadzie oraz 1,5 miesi\u0105ca wok\u00f3\u0142 Ba\u0142tyku. \r\n                                <div class=\"mt-3\"><\/div>\r\n                            <\/div>\r\n                            \r\n                            \r\n                        <\/div>\r\n                    <\/div>\r\n                <\/div>\r\n                <div class=\"text-modules \">\r\n                    <div class=\"container\">\r\n                        <h3 class=\"section-title section-title_border-bottom\">Wojciech Osuchowski<\/h3> \r\n                        <div class=\"row m-0\">\r\n                            <div class=\"text-modules__content\">\r\n                                Doktorant w dyscyplinie sztuki pi\u0119kne na Wydziale Artystycznym. Wyr\u00f3\u017cniony przez JM Rektora Uniwersytetu \u015al\u0105skiego za\u00a0<strong>osi\u0105gni\u0119cia artystyczne<\/strong>. Reprezentowa\u0142 Uniwersytet \u015al\u0105ski w konkursach o zasi\u0119gu mi\u0119dzynarodowym. Otrzyma\u0142 III nagrod\u0119 za plakat \u201eSocjotechnika\u201d oraz wyr\u00f3\u017cnienie za plakat \u201eKsi\u0105\u017cka skarg\u201d na 2. Mi\u0119dzynarodowym Biennale Plakatu &#8211; wystawie \u201eC\u00f3\u017c nam po prawdzie\u201d, na kt\u00f3rej reprezentowanych by\u0142o 18 kraj\u00f3w i zakwalifikowano do wystawy 53 plakaty (2015). Jego plakat \u201eI like my school\u201d otrzyma\u0142 wyr\u00f3\u017cnienie podczas \u201eInternational poster competition &#8211; Graphisme dans la rue\u201d w Pary\u017cu (2014) w ramach mi\u0119dzynarodowego konkursu na plakat o prawie dziecka do edukacji, a plakat \u201eHomo Alienati\u201d zosta\u0142 zakwalifikowany do 24. Biennale Plakatu Polskiego (2015) oraz Biennale Plakatu w Boliwi (2015). Zwyci\u0119\u017cy\u0142 w edycji 2015 sta\u0142ego konkursu na plakat posterposter.org \u201eMonday Poster\u201d. Zakwalifikowa\u0142 si\u0119 r\u00f3wnie\u017c do 6th World Biennal of Student Poster 2014 w Serbii z plakatem \u201eManipulation\u201d (2014), do V Mi\u0119dzynarodowego Biennale Plakatu Spo\u0142eczno-Politycznego (seria wystaw 2014-2015) z plakatem \u201eSocjotechnika\u201d, do International Poster Festival w Turcji (2015) z plakatem \u201eRelay \u2013 organ donation\u201d oraz do serii wystaw mi\u0119dzynarodowych \u201ePoster for tomorrow. Right to healthcare\u201d z plakatem \u201eThe queue\u201d (2014-2016) \u2013 plakat ten wystawiono w kilku krajach europejskich, a tak\u017ce w USA, Meksyku, Maroku, Ghanie, Iranie i Pakistanie. Wystaw\u0119 indywidualn\u0105 jego plakat\u00f3w zaprezentowano w Uniwersytecie im. Dragomanowa w Kijowie na Ukrainie (2016). Odby\u0142y si\u0119 r\u00f3wnie\u017c wystawy indywidualne jego plakat\u00f3w wsp\u00f3lnie z opiekunem artystycznym profesorem Aleksandrem Ostrowskim. Podczas wystawy zbiorowej polskich ilustrator\u00f3w ksi\u0105\u017cek dla dzieci i m\u0142odzie\u017cy w Centrum Kultury Zamek w Poznaniu (2016) zaprezentowa\u0142 seri\u0119 ilustracji \u201eFamy i kronopia\u201d. Jego zainteresowania i pasje to ksi\u0105\u017cki i g\u00f3ry. \r\n                                <div class=\"mt-3\"><\/div>\r\n                            <\/div>\r\n                            \r\n                            \r\n                        <\/div>\r\n                    <\/div>\r\n                <\/div>\r\n                <div class=\"text-modules \">\r\n                    <div class=\"container\">\r\n                        <h3 class=\"section-title section-title_border-bottom\">Lidia Sonakowska<\/h3> \r\n                        <div class=\"row m-0\">\r\n                            <div class=\"text-modules__content\">\r\n                                Doktorantka Advanced methods in biotechnology and biodiversity na Wydziale Biologii i Ochrony \u015arodowiska. Wyr\u00f3\u017cniona przez JM Rektora Uniwersytetu \u015al\u0105skiego za\u00a0<strong>dzia\u0142alno\u015b\u0107 naukow\u0105 i popularyzacj\u0119 nauki<\/strong>. Jest wsp\u00f3\u0142autork\u0105 5 artyku\u0142\u00f3w naukowych publikowanych w uznanych czasopismach naukowych oraz ponad 40 wyst\u0105pie\u0144 lub poster\u00f3w na mi\u0119dzynarodowych i og\u00f3lnopolskich konferencjach naukowych &#8211; reprezentowa\u0142a w\u00f3wczas Uniwersytet \u015al\u0105ski w konkursach o zasi\u0119gu mi\u0119dzynarodowym i og\u00f3lnopolskim na najlepsze postery na konferencjach. By\u0142a kierownikiem i g\u0142\u00f3wnym wykonawc\u0105 mi\u0119dzynarodowego projektu \u201cA novel correlative approach for studying 3D development of larval crustaceans (freshwater shrimp Neocaridina hetaeropoda) combining Confocal Laser Scanning Microscopy with X-ray micro-computer tomography\u201d, finansowanego przez The Natural History Museum (NHM) w Londynie (2016) oraz projektu finansowanego w ramach konkursu wydzia\u0142owego \u201eProcesy \u015bmierci kom\u00f3rkowej w nab\u0142onku jelita \u015brodkowego i w\u0105trobotrzuski s\u0142odkowodnej krewetki Neocaridina heteropoda (Crustacea, Malacostraca)\u201d (2014-2015). Pracowa\u0142a w komitetach organizacyjnych trzech konferencji naukowych. Zaanga\u017cowa\u0142a si\u0119 r\u00f3wnie\u017c w dzia\u0142alno\u015b\u0107 popularyzatorsk\u0105 \u2013 prowadzi\u0142a zaj\u0119cia edukacyjne dla Akademii M\u0142odych Biolog\u00f3w \u201eLykeion\u201d. Koordynowa\u0142a prac\u0119 badawcz\u0105 przygotowywan\u0105 przez uczennice I Liceum Og\u00f3lnokszta\u0142c\u0105cego w Tychach do XLV Olimpiady Biologicznej oraz projekt badawczy \u201eWykrywanie materia\u0142\u00f3w zapasowych w nab\u0142onku jelita \u015brodkowego pierwszego stadium larwy s\u0142odkowodnej krewetki Neocaridina heteropoda (Crustacea, Malacostraca)\u201d s\u0142uchaczy Akademii M\u0142odych Biolog\u00f3w \u201eLykeion\u201d. Podj\u0119\u0142a si\u0119 r\u00f3wnie\u017c opieki naukowej nad sta\u017cem realizowanym przez s\u0142uchaczy Akademii M\u0142odych Biolog\u00f3w. Prowadzi\u0142a wyk\u0142ady i zaj\u0119cia edukacyjne dla \u015al\u0105skiego Uniwersytetu Dzieci\u0119cego \u201eGaudeamus&#8221;. Jej zainteresowania i pasje to sport, g\u00f3ry i podr\u00f3\u017ce.<\/p>\n<div class=\"mt-3\"><\/div>\r\n                            <\/div>\r\n                            \r\n                            \r\n                        <\/div>\r\n                    <\/div>\r\n                <\/div>\r\n                <div class=\"text-modules \">\r\n                    <div class=\"container\">\r\n                        <h3 class=\"section-title section-title_border-bottom\">Monika Stalmach<\/h3> \r\n                        <div class=\"row m-0\">\r\n                            <div class=\"text-modules__content\">\r\n                                Doktorantka Advanced methods in biotechnology and biodiversity na Wydziale Biologii i Ochrony \u015arodowiska. Wyr\u00f3\u017cniona przez JM Rektora Uniwersytetu \u015al\u0105skiego za\u00a0<strong>dzia\u0142alno\u015b\u0107 naukow\u0105 oraz spo\u0142eczn\u0105<\/strong>. Przez 3 lata by\u0142a wolontariuszk\u0105 w ramach akcji \u201eWolontariat dla Tatr\u201d prowadzonej przez Tatrza\u0144ski Park Narodowy. Wykonywa\u0142a szereg r\u00f3\u017cnych zada\u0144 takich jak: patrolowanie szlak\u00f3w turystycznych, prowadzenie prelekcji edukacyjnych dla turyst\u00f3w, udost\u0119pnianie ekspozycji muzealnych, kontrola i konserwacja ma\u0142ej infrastruktury turystycznej, sprz\u0105tanie szlak\u00f3w turystycznych oraz zwalczanie obcych gatunk\u00f3w ro\u015blin. Przeprowadzi\u0142a tak\u017ce warsztaty ekologiczne w ramach programu PROJEKTOR &#8211; wolontariat studencki. Jest wsp\u00f3\u0142autork\u0105 4 artyku\u0142\u00f3w naukowych publikowanych w uznanych czasopismach naukowych oraz 8 wyst\u0105pie\u0144 lub poster\u00f3w na mi\u0119dzynarodowych i og\u00f3lnopolskich konferencjach naukowych. By\u0142a cz\u0142onkiem zespo\u0142u badawczego w projekcie \u201eZintegrowany system wspomagaj\u0105cy zarz\u0105dzaniem i ochron\u0105 zbiornika zaporowego. Strategiczny projekt badawczy ZiZOZap\u201d, wsp\u00f3\u0142finansowanego ze \u015brodk\u00f3w Europejskiego Funduszu Rozwoju Regionalnego w ramach Programu Operacyjnego Innowacyjna Gospodarka. Interesuje si\u0119 owadami, turystyk\u0105 g\u00f3rsk\u0105 oraz literatur\u0105. \r\n                                <div class=\"mt-3\"><\/div>\r\n                            <\/div>\r\n                            \r\n                            \r\n                        <\/div>\r\n                    <\/div>\r\n                <\/div>\r\n                <div class=\"text-modules \">\r\n                    <div class=\"container\">\r\n                        <h3 class=\"section-title section-title_border-bottom\">Ewelina Suszek<\/h3> \r\n                        <div class=\"row m-0\">\r\n                            <div class=\"text-modules__content\">\r\n                                Doktorantka literaturoznawstwa na Wydziale Filologicznym. Wyr\u00f3\u017cniona przez JM Rektora Uniwersytetu \u015al\u0105skiego za\u00a0<strong>dzia\u0142alno\u015b\u0107 naukow\u0105 i kulturaln\u0105<\/strong>, popularyzacj\u0119 nauki oraz dzia\u0142alno\u015b\u0107 na rzecz spo\u0142eczno\u015bci akademickiej. Laureatka (II nagroda) w Og\u00f3lnopolskim Konkursie im. Czes\u0142awa Zgorzelskiego na najlepsz\u0105 polonistyczn\u0105 prac\u0119 magistersk\u0105 (2013). Uzyska\u0142a tytu\u0142 \u201eNajlepszego Absolwenta\u201d dla szczeg\u00f3lnie wyr\u00f3\u017cniaj\u0105cych si\u0119 absolwent\u00f3w Uniwersytetu \u015al\u0105skiego w Katowicach, kt\u00f3rzy uko\u0144czyli studia w roku akademickim 2012\/ 2013. Autorka ksi\u0105\u017cki \u201eSzybko\u015b\u0107, po\u015bpiech, kompresja. Poetyka przy\u015bpieszenia w poezji Krystyny Mi\u0142ob\u0119dzkiej\u201d oraz wsp\u00f3\u0142redaktorka ksi\u0105\u017cki \u201ePrzygody nierozumu: szale\u0144stwo \u2013 my\u015bl \u2013 kultura\u201d. Autorka 11 rozdzia\u0142\u00f3w w monografiach, 8 innych tekst\u00f3w naukowych, 11 artyku\u0142\u00f3w popularnonaukowych oraz ponad 20 wyst\u0105pie\u0144 na konferencjach mi\u0119dzynarodowych i og\u00f3lnopolskich. By\u0142a wsp\u00f3\u0142organizatorem 10 konferencji naukowych i wspar\u0142a organizacj\u0119 3. Spo\u015br\u00f3d nich by\u0142a pomys\u0142odawczyni\u0105 dw\u00f3ch konferencji: \u201eOg\u00f3lnopolskiej Interdyscyplinarnej Konferencji Naukowej Student\u00f3w i Doktorant\u00f3w Filozof \u2013 Teolog \u2013 Literaturoznawca. (Nad)u\u017cycia\u201d (2014) oraz \u201eOg\u00f3lnopolskiej Interdyscyplinarnej Konferencji Naukowej Kontr-interpretacje\u201d. Uzyska\u0142a zespo\u0142owy, ministerialny grant \u201eHistoryczny s\u0142ownik termin\u00f3w literackich. \u0179r\u00f3d\u0142a i przemiany wybranych poj\u0119\u0107\u201d przewidziany na lata 2013-2017. Zaanga\u017cowa\u0142a si\u0119 w realizacj\u0119 kilkunastu zespo\u0142owych projekt\u00f3w naukowych, kulturalnych oraz popularyzuj\u0105cych nauk\u0119 i kultur\u0119, w tym tak\u017ce czytelnictwo. Wzi\u0119\u0142a udzia\u0142 np. w akcji \u201eDruk na bruk\u201d, kt\u00f3ra mia\u0142a na celu promowanie tw\u00f3rczo\u015bci Czes\u0142awa Mi\u0142osza w\u015br\u00f3d mieszka\u0144c\u00f3w Katowic w Roku Mi\u0142osza. Odby\u0142a jako wolontariusz sta\u017c w wymiarze 160 godzin roboczych w Wydawnictwie Biuro Literackie we Wroc\u0142awiu (poza programem nauczania). Rozwija\u0142a wsp\u00f3\u0142prac\u0119 interdyscyplinarn\u0105, wsp\u00f3\u0142organizuj\u0105c liczne spotkania i seminaria, np. na temat muzyczno\u015bci literatury i literacko\u015bci muzyki oraz spotkania z uczestnikami interdyscyplinarnego programu doktoranckiego Artes Liberales. Aktywnie uczestniczy\u0142a w pracach organizacyjnych \u015al\u0105skiego Klubu Profesorskiego (cykl comiesi\u0119cznych wyk\u0142ad\u00f3w i dyskusji naukowych w trakcie roku akademickiego 2012\/ 2013), podejmowa\u0142a wsp\u00f3\u0142prac\u0119 z Poradni\u0105 J\u0119zykow\u0105 Uniwersytetu \u015al\u0105skiego (2010), anga\u017cowa\u0142a si\u0119 w dzia\u0142ania popularyzuj\u0105ce nauk\u0119 i literatur\u0119 w\u015br\u00f3d uczni\u00f3w, tak\u017ce w ramach kilku edycji Festiwalu Nauki. Sekretarz (od 2012) i przewodnicz\u0105ca (od 2014) Ko\u0142a Naukowego Doktorant\u00f3w Wydzia\u0142u Filologicznego. Dzia\u0142a\u0142a r\u00f3wnie\u017c w kilku ko\u0142ach naukowych, m.in. w Kole Naukowym Polonist\u00f3w i Kole Naukowym WolnoMISHlicieli. Wsp\u00f3\u0142pracowa\u0142a z Business Consulting sp. z. o. o. w Katowicach na rzecz og\u00f3lnopolskiej kampanii spo\u0142eczno-edukacyjnej \u201eProwadz\u0119 \u2013 jestem trze\u017awy\u201d. Jej zainteresowania naukowe oscyluj\u0105 wok\u00f3\u0142 polskiej poezji drugiej po\u0142owy XX wieku i estetyki wsp\u00f3\u0142czesnej. \r\n                                <div class=\"mt-3\"><\/div>\r\n                            <\/div>\r\n                            \r\n                            \r\n                        <\/div>\r\n                    <\/div>\r\n                <\/div>\r\n                <div class=\"text-modules \">\r\n                    <div class=\"container\">\r\n                        <h3 class=\"section-title section-title_border-bottom\">Leszek \u015awieca<\/h3> \r\n                        <div class=\"row m-0\">\r\n                            <div class=\"text-modules__content\">\r\n                                Doktorant pedagogiki na Wydziale Pedagogiki i Psychologii. Wyr\u00f3\u017cniony przez JM Rektora Uniwersytetu \u015al\u0105skiego za dzia\u0142alno\u015b\u0107 naukow\u0105. Jest autorem lub wsp\u00f3\u0142autorem 7 artyku\u0142\u00f3w opublikowanych w czasopismach naukowych, 5 rozdzia\u0142\u00f3w w monografiach, 4 innych publikacji naukowych oraz ponad 20 wyst\u0105pie\u0144 na konferencjach naukowych o zasi\u0119gu mi\u0119dzynarodowym i og\u00f3lnopolskim. Uczestniczy\u0142 w dw\u00f3ch projektach naukowo-badawczych dotycz\u0105cych wdro\u017cenia i upowszechnienia nowych narz\u0119dzi diagnostycznych oraz doskonalenia jako\u015bci kszta\u0142cenia przez w\u0142\u0105czenie pracodawc\u00f3w i instytucji rynku pracy w proces dydaktyczny. Anga\u017cowa\u0142 si\u0119 r\u00f3wnie\u017c w dzia\u0142alno\u015b\u0107 popularnonaukow\u0105 prowadz\u0105c prelekcje i szkolenia. Wzi\u0105\u0142 udzia\u0142 w programie MOST dla doktorant\u00f3w. Pe\u0142ni funkcj\u0119 spo\u0142ecznego kuratora s\u0105dowego. Cz\u0142onek International Communication Association (ICA) 1500 21st Street, NW Washington, DC 20036 USA oraz Polskiego Towarzystwa Komunikacji Spo\u0142ecznej, ul. Koszarowa 3, 51-149 Wroc\u0142aw. Otrzymywa\u0142 Stypendium JM Rektora Uniwersytetu \u015al\u0105skiego dla najlepszych doktorant\u00f3w oraz Stypendium Projako\u015bciowe, w latach 2013 do 2016. Jego pasj\u0105 jest nauka \r\n                                <div class=\"mt-3\"><\/div>\r\n                            <\/div>\r\n                            \r\n                            \r\n                        <\/div>\r\n                    <\/div>\r\n                <\/div>[\/vc_column][\/vc_row]<\/p>","protected":false},"excerpt":{"rendered":"<p>[vc_row el_class=&#8221;container&#8221;][vc_column el_class=&#8221;container&#8221;][\/vc_column][\/vc_row] [&#8230;]<\/p>\n<p><a class=\"btn btn-secondary understrap-read-more-link\" href=\"https:\/\/us.edu.pl\/student\/dzialalnosc-studencka\/wyroznienia-jm-rektora-us\/laureaci-poprzednich-edycji\/laureaci-2016\/doktorant\/\">Read More&#8230;<\/a><\/p>\n","protected":false},"author":1,"featured_media":0,"parent":5896,"menu_order":0,"comment_status":"closed","ping_status":"closed","template":"","meta":{"_expiration-date-status":"","_expiration-date":0,"_expiration-date-type":"","_expiration-date-categories":[],"_expiration-date-options":[]},"acf":[],"_links":{"self":[{"href":"https:\/\/us.edu.pl\/student\/wp-json\/wp\/v2\/pages\/6214"}],"collection":[{"href":"https:\/\/us.edu.pl\/student\/wp-json\/wp\/v2\/pages"}],"about":[{"href":"https:\/\/us.edu.pl\/student\/wp-json\/wp\/v2\/types\/page"}],"author":[{"embeddable":true,"href":"https:\/\/us.edu.pl\/student\/wp-json\/wp\/v2\/users\/1"}],"replies":[{"embeddable":true,"href":"https:\/\/us.edu.pl\/student\/wp-json\/wp\/v2\/comments?post=6214"}],"version-history":[{"count":0,"href":"https:\/\/us.edu.pl\/student\/wp-json\/wp\/v2\/pages\/6214\/revisions"}],"up":[{"embeddable":true,"href":"https:\/\/us.edu.pl\/student\/wp-json\/wp\/v2\/pages\/5896"}],"wp:attachment":[{"href":"https:\/\/us.edu.pl\/student\/wp-json\/wp\/v2\/media?parent=6214"}],"curies":[{"name":"wp","href":"https:\/\/api.w.org\/{rel}","templated":true}]}}