{"id":6354,"date":"2019-10-10T10:22:25","date_gmt":"2019-10-10T08:22:25","guid":{"rendered":"https:\/\/us.edu.pl\/student\/?page_id=6354"},"modified":"2019-10-10T10:24:39","modified_gmt":"2019-10-10T08:24:39","slug":"uniwersytet-trzeciego-wieku","status":"publish","type":"page","link":"https:\/\/us.edu.pl\/student\/dzialalnosc-studencka\/wyroznienia-jm-rektora-us\/laureaci-poprzednich-edycji\/laureaci_2015\/uniwersytet-trzeciego-wieku\/","title":{"rendered":"Uniwersytet Trzeciego Wieku"},"content":{"rendered":"<p>[vc_row el_class=&#8221;container&#8221;][vc_column el_class=&#8221;container&#8221;]\r\n                <div class=\"text-modules\">\r\n                    <div class=\"container\">\r\n                        <h3 class=\"page-title text__title\">Uniwersytet Trzeciego Wieku<\/h3>\r\n                        <div class=\"text-modules__content\"><\/div>\r\n                    <\/div>\r\n                <\/div>\r\n                <div class=\"text-modules \">\r\n                    <div class=\"container\">\r\n                        <h3 class=\"section-title section-title_border-bottom\">Graf Lucyna<\/h3> \r\n                        <div class=\"row m-0\">\r\n                            <div class=\"text-modules__content\">\r\n                                <\/p>\n<div class=\"content\">\n<p>Prac\u0119 zawodow\u0105 uko\u0144czy\u0142a po 40 latach pracy w s\u0142u\u017cbie zdrowia, w Kasie Chorych oraz w \u015al\u0105skim Wojew\u00f3dzkim\u00a0 Oddziale NFZ w Katowicach. W roku 2005 zosta\u0142a s\u0142uchaczk\u0105 Uniwersytetu Trzeciego Wieku w Uniwersytecie \u015al\u0105skim. W\u00a0 tym samym roku Uniwersytet realizowa\u0142 projekt \u201eSeniorzy seniorom\u201d, finansowany przez Polsko \u2013 Ameryka\u0144sk\u0105 Fundacj\u0119 Wolno\u015bci. Pani Lucyna Graf bardzo czynnie w\u0142\u0105czy\u0142a si\u0119 w realizacj\u0119 projektu. Uczestniczy\u0142a<\/p>\n<p>w spotkaniach z pensjonariuszami dom\u00f3w pomocy spo\u0142ecznej, uczestniczy\u0142a w warsztatach \u201eWolontariat ludzi starszych\u201d, s\u0142ucha\u0142a wyk\u0142ad\u00f3w o tematyce zdrowotnej, o us\u0142ugach\u00a0 \u015bwiadczonych przez zak\u0142ady opieki spo\u0142ecznej na rzecz\u00a0 os\u00f3b starszych i niepe\u0142nosprawnych. Wiadomo\u015bci zdobyte w czasie pracy zawodowej\u00a0 i umiej\u0119tno\u015bci pog\u0142\u0119bione w projekcie pozwoli\u0142y jej podj\u0105\u0107 si\u0119 w ramach projektu przewodniczenia zespo\u0142owi zdrowia.Po zako\u0144czeniu projektu zaanga\u017cowa\u0142a si\u0119 jako cz\u0142onek Samorz\u0105du UTW w propagowanie ruchu dla senior\u00f3w. Od 9 lat organizuje zaj\u0119cia ruchowe dla s\u0142uchaczy.W pierwszym roku jej dzia\u0142alno\u015bci prowadzone by\u0142y zaj\u0119cia tylko z Dennisona i gimnastyki klasycznej, \u0107wiczy\u0142o oko\u0142o 60 os\u00f3b. Zaj\u0119cia ruchowe coraz bardziej stawa\u0142y si\u0119 popularne w\u015br\u00f3d\u00a0 s\u0142uchaczy dlatego, \u017ce\u00a0 instruktorzy prowadzili je w przyjaznej atmosferze, dostosowuj\u0105c wysi\u0142ek fizyczny do mo\u017cliwo\u015bci\u00a0 senior\u00f3w. Dzi\u015b \u0107wiczy oko\u0142o 450 os\u00f3b, zaj\u0119cia odbywaj\u0105 si\u0119 w 16, zr\u00f3\u017cnicowanych grupach: jest to gimnastyka klasyczna, pilates, gimnastyka przy muzyce, joga, ta\u0144ce europejskie. Uczestnicy ta\u0144c\u00f3w europejskich kilkakrotnie wyst\u0119powali na\u00a0 r\u00f3\u017cnych uroczysto\u015bciach UTW. Pani Lucyna jest wsp\u00f3\u0142organizatorem grupy s\u0142uchaczy na Olimpiad\u0119 Sportow\u0105 UTW w \u0141azach. Ponadto bra\u0142a udzia\u0142 w Kongresach Obywatel-Senior organizowanych od 4 lat w Parku \u015al\u0105skim, a tak\u017ce w Dniach Seniora organizowanych przez Urz\u0105d Miasta Katowice. Uczestniczy\u0142a w programie profilaktyki chor\u00f3b uk\u0142adu kr\u0105\u017cenia organizowanym przez Szpital w Chorzowie finansowanym przez NFZ. Zach\u0119ca UTW i znajomych senior\u00f3w do udzia\u0142u w tych imprezach, zawsze ch\u0119tnie dzieli si\u0119 z zdobytymi informacjami na temat zdrowia. Na co dzie\u0144 prowadzi dom, z m\u0119\u017cem opiekuj\u0119 si\u0119 6 letni\u0105 wnuczk\u0105 i 85 letni\u0105 s\u0105siadk\u0105 mieszkaj\u0105c\u0105 samotnie.<\/p>\n<\/div>\n<div class=\"mt-3\"><\/div>\r\n                            <\/div>\r\n                            \r\n                            \r\n                        <\/div>\r\n                    <\/div>\r\n                <\/div>\r\n                <div class=\"text-modules \">\r\n                    <div class=\"container\">\r\n                        <h3 class=\"section-title section-title_border-bottom\">Kluczna Zofia<\/h3> \r\n                        <div class=\"row m-0\">\r\n                            <div class=\"text-modules__content\">\r\n                                Jest d\u0142ugoletni\u0105 s\u0142uchaczk\u0105 Uniwersytetu Trzeciego Wieku w Uniwersytecie \u015al\u0105skim. Po przej\u015bciu na emerytur\u0119 w\u00a0 2003 roku zacz\u0119\u0142a zastanawia\u0107 si\u0119 nad zagospodarowaniem wolnego czasu. Wyb\u00f3r pad\u0142 na UTW w Katowicach. R\u00f3wnocze\u015bnie w latach 2004\/2009 by\u0142a cz\u0142onkiem Sp\u00f3\u0142dzielni Spo\u0142em i sekretarzem Rady Nadzorczej. Od pocz\u0105tku aktywnie uczestniczy\u0142a w pracach UTW, najpierw jako s\u0142uchacz, bra\u0142a udzia\u0142 w projekcie \u201eSeniorzy Seniorom\u201d organizowanym przez Polsko-Ameryka\u0144ska Fundacj\u0119 Wolno\u015bci, a nast\u0119pnie jako cz\u0142onek Samorz\u0105du S\u0142uchaczy. Jest sekretarzem Samorz\u0105du, a jej szczeg\u00f3\u0142owe\u00a0 protoko\u0142y obrazuj\u0105 d\u0142ugoletni\u0105 dzia\u0142alno\u015b\u0107 UTW. Z jej inicjatywy, w roku 2013\u00a0 powsta\u0142a w\u00a0 UTW Grupa wolontariuszy, kt\u00f3r\u0105 do dnia dzisiejszego kieruje. Do prowadzenia tej grupy przygotowywa\u0142a si\u0119 rzetelnie, uczestnicz\u0105c w kilkuetapowych warsztatach pt. Uniwersytety Trzeciego Wieku dla spo\u0142eczno\u015bci lokalnej\u201d prowadzonych przez Towarzystwo Inicjatyw Tw\u00f3rczych\u00a0 \u201e\u0119\u201d\u00a0 przy wsp\u00f3\u0142udziale Polsko Ameryka\u0144skiej Fundacji Wolno\u015bci w Warszawie. Grupa wolontariuszy, pod jej kierownictwem, prowadzi pomoc s\u0142uchaczom UTW \u2013 pomoc prawn\u0105, akcj\u0119 podaj dalej ksi\u0105\u017ck\u0119, kontakt z chorymi s\u0142uchaczami. Wsp\u00f3\u0142pracuje\u00a0 ze \u015bwietlic\u0105 \u015brodowiskow\u0105 Fundacji Gniazdo, z przedszkolem w Domu Anio\u0142\u00f3w Str\u00f3\u017c\u00f3w. Wsp\u00f3\u0142praca polega na\u00a0 udzielaniu korepetycji, czytaniu bajek, czy wsp\u00f3\u0142organizowaniu\u00a0 uroczysto\u015bci merytorycznych \u0142\u0105cznie z pocz\u0119stunkiem. Jest matk\u0105 dw\u00f3jki syn\u00f3w i kochaj\u0105c\u0105 babci\u0105 pi\u0119ciu wnuk\u00f3w. \r\n                                <div class=\"mt-3\"><\/div>\r\n                            <\/div>\r\n                            \r\n                            \r\n                        <\/div>\r\n                    <\/div>\r\n                <\/div>\r\n                <div class=\"text-modules \">\r\n                    <div class=\"container\">\r\n                        <h3 class=\"section-title section-title_border-bottom\">Wi\u015bnioch Krystyna<\/h3> \r\n                        <div class=\"row m-0\">\r\n                            <div class=\"text-modules__content\">\r\n                                <\/p>\n<div class=\"content\">\n<p>Jest s\u0142uchaczk\u0105 Uniwersytetu Trzeciego Wieku w Uniwersytecie \u015al\u0105skim od roku 2007. Nale\u017cy do grupy\u00a0 ta\u0144c\u00f3w europejskich, w kt\u00f3rej regularnie ta\u0144czy pod kierunkiem instruktora, by\u0142a cz\u0142onkiem Komisji Rewizyjnej w UTW. Jako wolontariuszka nale\u017cy do Fundacji Park \u015al\u0105ski. Przynale\u017cno\u015b\u0107 do UTW jest dla niej bardzo wa\u017cn\u0105 ze wzgl\u0119du na spotkanie ciekawych ludzi, zawarte przyja\u017anie, zdobyt\u0105 wiedz\u0119. Jest \u015al\u0105zaczk\u0105 urodzon\u0105 w Giszowcu z czego jest bardzo dumna. Od wielu lat nale\u017cy do Zwi\u0105zku G\u00f3rno\u015bl\u0105skiego, pracuje w Zarz\u0105dzie, a ubi\u00f3r \u015bl\u0105ski jest przez ni\u0105 zak\u0142adany\u00a0 bardzo cz\u0119sto na uroczysto\u015bci pa\u0144stwowe i ko\u015bcielne. Przepracowa\u0142a 35 lat i odesz\u0142a na emerytur\u0119 z\u00a0 Zespo\u0142u Opieki Zdrowotnej dla miasta Katowice. Siebie charakteryzuje jako spo\u0142ecznika, kt\u00f3ry zawsze\u00a0 pomaga\u0142 ludziom i broni\u0142 ich praw. W zak\u0142adzie pracy nale\u017ca\u0142a do komitetu za\u0142o\u017cycielskiego Solidarno\u015bci, kt\u00f3ry powsta\u0142 w 1982 roku. Do dnia dzisiejszego jest cz\u0142onkiem tego Zwi\u0105zku i pracuje w Regionie. Pracuj\u0105c zawodowo my\u015bla\u0142a o zagospodarowaniu czasu na emeryturze. Kupi\u0142a dzia\u0142k\u0119 i pracuj\u0105c na niej pozna\u0142a ciekawych ludzi. Nale\u017ca\u0142a do Zarz\u0105du Ogr\u00f3dk\u00f3w Dzia\u0142kowych, jako przewodnicz\u0105ca Komisji Rewizyjnej. Przez dwie kadencje by\u0142a \u0142awnikiem w Wydziale Karnym. Od listopada 2014 jest cz\u0142onkiem Rady Senior\u00f3w Miasta Katowice. Od 18 lat dzia\u0142a w Klubie Krystyny. Corocznie\u00a0 wyje\u017cd\u017ca na\u00a0\u00a0 imieniny, spotyka ciekawych ludzi z ca\u0142ej Polski. Wychowa\u0142a dw\u00f3ch syn\u00f3w w poczuciu patriotyzmu do ojczyzny i przekazuj\u0105c im\u00a0 tradycje \u015bl\u0105skie. Obecnie jest babci\u0105 dw\u00f3ch wnuk\u00f3w,\u00a0 kt\u00f3re s\u0105 jej wielk\u0105 rado\u015bci\u0105. Pomaga\u00a0 w ich wychowaniu.<\/p>\n<\/div>\n<div class=\"mt-3\"><\/div>\r\n                            <\/div>\r\n                            \r\n                            \r\n                        <\/div>\r\n                    <\/div>\r\n                <\/div>\r\n                <div class=\"text-modules \">\r\n                    <div class=\"container\">\r\n                        <h3 class=\"section-title section-title_border-bottom\">W\u00f3jcik Joanna<\/h3> \r\n                        <div class=\"row m-0\">\r\n                            <div class=\"text-modules__content\">\r\n                                <\/p>\n<div class=\"content\">\n<p>Pochodzi z rodziny o tradycji\u00a0 g\u00f3rniczej, a zarazem spo\u0142ecznikowskiej. Jest \u015bl\u0105zaczk\u0105 i manifestuje swoj\u0105 przynale\u017cno\u015b\u0107 przez ubi\u00f3r, tj. str\u00f3j \u015bl\u0105ski na wszystkich uroczysto\u015bciach regionalnych.\u00a0\u00a0 Od lat m\u0142odzie\u0144czych nale\u017ca\u0142a do zespo\u0142u muzycznego, kt\u00f3ry bra\u0142 udzia\u0142<\/p>\n<p>w r\u00f3\u017cnego rodzaju uroczysto\u015bciach m\u0142odzie\u017cowych i osiedlowych. Zawsze my\u015bla\u0142a o innych, lubi\u0142a opiekowa\u0107 si\u0119 ma\u0142ymi dzie\u0107mi, dlatego wybra\u0142a zaw\u00f3d piel\u0119gniarki. Przez trzydzie\u015bci lat pracowa\u0142a w szpitalu jako piel\u0119gniarka. W okresie powstawania Solidarno\u015bci wst\u0105pi\u0142a do Polskiego Klubu Pomocy Spo\u0142ecznej pomagaj\u0105c innym przetrwa\u0107 trudne czasy internowania. Z grup\u0105 przyjaci\u00f3\u0142 za\u0142o\u017cy\u0142a klub seniora \u201eKleofas\u201d, do kt\u00f3rego nale\u017c\u0105 byli pracownicy zlikwidowanej kopalni. Jest cz\u0142onkiem zarz\u0105du Klubu, a do jej zada\u0144 nale\u017cy organizacja wycieczek, organizacja spotka\u0144 okoliczno\u015bciowych, odwiedzanie chorych cz\u0142onk\u00f3w klubu a tak\u017ce prowadzenie kroniki. Co roku w grudniu wsp\u00f3\u0142organizuje zabaw\u0119 z okazji Dnia G\u00f3rnika,<\/p>\n<p>w kt\u00f3rej z rado\u015bci\u0105 uczestniczy, uroczysto\u015b\u0107 \u015bwi\u0119tego Miko\u0142aja jak i spotkanie wigilijne dla cz\u0142onk\u00f3w Klubu.\u00a0 Opr\u00f3cz zabawy i prezent\u00f3w spotkania te s\u0105 wzbogacane konkursami z historii g\u00f3rnictwa i\u00a0 miasta, kt\u00f3rych autork\u0105 jest Pani Joanna. Od 2010 roku nale\u017cy do Uniwersytetu Trzeciego Wieku, regularnie uczestnicz\u0105c w wyk\u0142adach. Jest cz\u0142onkiem grupy literackiej, pisze wiersze. W wydanym tomiku s\u0142uchaczy UTW pt.: \u201d&#8230;.tylko ze mn\u0105 porozmawiaj&#8230;\u201d wydrukowane s\u0105 r\u00f3wnie\u017c jej wiersze, po\u015bwi\u0119cone ukochanym c\u00f3rkom, z kt\u00f3rych jeden \u201eOptymistka\u201d charakteryzuje jej osobowo\u015b\u0107.\u00a0\u00a0\u00a0 \u201eOptymizm ze mn\u0105 co dzie\u0144 si\u0119 budzi,<\/p>\n<p>bo lubi\u0119 s\u0142o\u0144ce, zwierz\u0119ta i ludzi&#8230;<\/p>\n<p>&#8230;.nic to, \u017ce kilka zmarszczek na twarzy<\/p>\n<p>w jesieni \u017cycia co\u015b jeszcze si\u0119 zdarzy.<\/p>\n<\/div>\n<div class=\"mt-3\"><\/div>\r\n                            <\/div>\r\n                            \r\n                            \r\n                        <\/div>\r\n                    <\/div>\r\n                <\/div>[\/vc_column][\/vc_row]<\/p>","protected":false},"excerpt":{"rendered":"<p>[vc_row el_class=&#8221;container&#8221;][vc_column el_class=&#8221;container&#8221;][\/vc_column][\/vc_row] [&#8230;]<\/p>\n<p><a class=\"btn btn-secondary understrap-read-more-link\" href=\"https:\/\/us.edu.pl\/student\/dzialalnosc-studencka\/wyroznienia-jm-rektora-us\/laureaci-poprzednich-edycji\/laureaci_2015\/uniwersytet-trzeciego-wieku\/\">Read More&#8230;<\/a><\/p>\n","protected":false},"author":1,"featured_media":0,"parent":5901,"menu_order":0,"comment_status":"closed","ping_status":"closed","template":"","meta":{"_expiration-date-status":"","_expiration-date":0,"_expiration-date-type":"","_expiration-date-categories":[],"_expiration-date-options":[]},"acf":[],"_links":{"self":[{"href":"https:\/\/us.edu.pl\/student\/wp-json\/wp\/v2\/pages\/6354"}],"collection":[{"href":"https:\/\/us.edu.pl\/student\/wp-json\/wp\/v2\/pages"}],"about":[{"href":"https:\/\/us.edu.pl\/student\/wp-json\/wp\/v2\/types\/page"}],"author":[{"embeddable":true,"href":"https:\/\/us.edu.pl\/student\/wp-json\/wp\/v2\/users\/1"}],"replies":[{"embeddable":true,"href":"https:\/\/us.edu.pl\/student\/wp-json\/wp\/v2\/comments?post=6354"}],"version-history":[{"count":0,"href":"https:\/\/us.edu.pl\/student\/wp-json\/wp\/v2\/pages\/6354\/revisions"}],"up":[{"embeddable":true,"href":"https:\/\/us.edu.pl\/student\/wp-json\/wp\/v2\/pages\/5901"}],"wp:attachment":[{"href":"https:\/\/us.edu.pl\/student\/wp-json\/wp\/v2\/media?parent=6354"}],"curies":[{"name":"wp","href":"https:\/\/api.w.org\/{rel}","templated":true}]}}