{"id":6572,"date":"2019-10-10T14:42:17","date_gmt":"2019-10-10T12:42:17","guid":{"rendered":"https:\/\/us.edu.pl\/student\/?page_id=6572"},"modified":"2019-10-10T16:24:36","modified_gmt":"2019-10-10T14:24:36","slug":"student","status":"publish","type":"page","link":"https:\/\/us.edu.pl\/student\/dzialalnosc-studencka\/wyroznienia-jm-rektora-us\/laureaci-poprzednich-edycji\/laureaci-2012\/student\/","title":{"rendered":"Student"},"content":{"rendered":"<p>[vc_row el_class=&#8221;container&#8221;][vc_column el_class=&#8221;container&#8221;]\r\n                <div class=\"text-modules\">\r\n                    <div class=\"container\">\r\n                        <h3 class=\"page-title text__title\">Student<\/h3>\r\n                        <div class=\"text-modules__content\"><\/div>\r\n                    <\/div>\r\n                <\/div>\r\n                <div class=\"text-modules \">\r\n                    <div class=\"container\">\r\n                        <h3 class=\"section-title section-title_border-bottom\">Anna Bachniak<\/h3> \r\n                        <div class=\"row m-0\">\r\n                            <div class=\"text-modules__content\">\r\n                                <\/p>\n<ul>\n<li>21 maja 2012 r. otrzyma\u0142a Wyr\u00f3\u017cnienie Jego Magnificencji Rektora U\u015a za osi\u0105gni\u0119cia w dzia\u0142alno\u015bci kulturalnej<\/li>\n<li>studentka etnologii na Wydziale Etnologii i Nauk o Edukacji, uko\u0144czy\u0142a r\u00f3wnie\u017c pedagogik\u0119 na tym samym Wydziale<\/li>\n<li>od 2006 roku jest aktywnym cz\u0142onkiem Ko\u0142a Naukowego Edukacji Mi\u0119dzykulturowej m.in. wsp\u00f3\u0142organizuj\u0105c liczne spotkania i konferencje<\/li>\n<li>od 2009 jest cz\u0142onkiem Zespo\u0142u Regionalnego Magurzanie z \u0141odygowic. W tym czasie nie tylko propagowa\u0142a ta\u0144ce regionalne na wielu polskich i zagranicznych scenach, ale tak\u017ce organizowa\u0142a akcje charytatywne<\/li>\n<li>inicjatorka i organizatorka I Mi\u0119dzynarodowego Zjazdu Student\u00f3w Etnologii i Antropologii Kulturowej Europy \u015arodkowej \u201eEtnologia Bez Granic\u201d<\/li>\n<li>zainicjowa\u0142a dzia\u0142alno\u015b\u0107 Mi\u0119dzywydzia\u0142owego Zespo\u0142u Folkowego Uniwersytetu \u015al\u0105skiego i od 2009 roku koordynuje jego aktywno\u015b\u0107, reprezentuj\u0105c Uczelni\u0119 i propaguj\u0105c kultur\u0119<\/li>\n<li>pomys\u0142odawca i organizator imprezy naukowo- kulturalnej \u201eDni G\u00f3ralskie. Trzy regiony. G\u00f3rale \u015bl\u0105scy, \u017cywieccy i podhala\u0144scy\u201d oraz imprezy kulturalnej Dni \u015al\u0105skie &#8211;<\/li>\n<li>zorganizowa\u0142a II Mi\u0119dzynarodowy Festiwal Ta\u0144ca w Bielsku-Bia\u0142ej<\/li>\n<li>wyst\u0119powa\u0142a w \u201eGrupie Szalonych Mim\u00f3w\u201d wystawiaj\u0105c spektakl m.in. podczas fina\u0142u II Edycji projektu Entr\u00e9e w Teatrze Rozrywki w Chorzowie<\/li>\n<li>uczestniczy\u0142a i organizowa\u0142a w licznych warsztatach zwi\u0105zanych z tematyk\u0105 ta\u0144ca i folkloru<\/li>\n<li>od czerwca 2010 rozpocz\u0119\u0142a w\u0142asny projekt \u201eMuzeum Etnologiczne w \u0141odygowicach\u201d, zbieraj\u0105c i konserwuj\u0105c eksponaty oraz organizuj\u0105c dla nich przestrze\u0144<\/li>\n<li>jej zainteresowania to taniec, sztuka nieprofesjonalna, tw\u00f3rczo\u015b\u0107 literacka Terrego Pratchetta<\/li>\n<li>uko\u0144czona szko\u0142a \u015brednia: I Liceum Og\u00f3lnokszta\u0142c\u0105ce im. Powsta\u0144c\u00f3w \u015al\u0105skich w Rybniku<\/li>\n<\/ul>\n<div class=\"mt-3\"><\/div>\r\n                            <\/div>\r\n                            \r\n                            <div class=\"text-modules__img\"><img src=\"https:\/\/us.edu.pl\/student\/wp-content\/uploads\/sites\/3\/Nieprzypisane\/Bachniak-Anna1-199x300.jpg\" alt=\"img\"><\/div>\r\n                        <\/div>\r\n                    <\/div>\r\n                <\/div>\r\n                <div class=\"text-modules reverse\">\r\n                    <div class=\"container\">\r\n                        <h3 class=\"section-title section-title_border-bottom\">Monika Banasik<\/h3> \r\n                        <div class=\"row m-0\">\r\n                            <div class=\"text-modules__content\">\r\n                                <\/p>\n<ul>\n<li>21 maja 2012 r. otrzyma\u0142a Wyr\u00f3\u017cnienie Jego Magnificencji Rektora U\u015a za dzia\u0142alno\u015b\u0107 spo\u0142eczn\u0105 na rzecz spo\u0142eczno\u015bci lokalnej<\/li>\n<li>studentka pedagogiki na Wydziale Pedagogiki i Psychologii<\/li>\n<li>jest za\u0142o\u017cycielk\u0105 Zag\u00f3rskiego Stowarzyszenia Regionalnego \u201ePAKOSZNICA\u201d w Sosnowcu, promuje walory historyczno-przyrodnicze regionu Zag\u0142\u0119bia D\u0105browskiego<\/li>\n<li>od 2009 roku jest wolontariuszem w ramach programu \u201eS\u0142onecznik\u201d, realizowanego przez Zesp\u00f3\u0142 Poradnictwa Specjalistycznego dla Rodzin, jednostki Miejskiego O\u015brodka Pomocy Spo\u0142ecznej w Katowicach, a od 2012 roku r\u00f3wnie\u017c w \u015awietlicy Socjoterapeutycznej w Katowicach<\/li>\n<li>by\u0142a wolontariuszem w ramach projektu \u201eAktywizacja os\u00f3b po 60 roku \u017cycia \u2013 szansa na lepsze jutro\u201d w Dziennym Domu Pomocy Spo\u0142ecznej nr 2 w Katowicach oraz w Poradni Psychologiczno-Pedagogicznej nr 2 w Sosonowcu, w Stowarzyszeniu WIOSNA w ramach Akademii Przysz\u0142o\u015bci<\/li>\n<li>bra\u0142a aktywny udzia\u0142 w projekcie PRESPINA w ramach Fundacji Spina &#8211; \u2013na rzecz spo\u0142eczno\u015bci lokalnej<\/li>\n<li>pomys\u0142odawca projektu edukacyjnego \u201eSztuka ludowa \u2013 to jest tw\u00f3rcze\u201d w ramach programu \u201ePROJEKTOR \u2013 wolontariat studencki\u201d w Katowicach<\/li>\n<li>prowadzi\u0142a liczne warsztaty i spotkania dla student\u00f3w i uczni\u00f3w r\u00f3wnie\u017c w ramach akcji Studenci-uczniom<\/li>\n<li>jako cz\u0142onek Ko\u0142a Inicjatyw Tw\u00f3rczych oraz Polonistycznego Ko\u0142a Naukowego \u201eBaka\u0142arz\u201d uczestniczy w konferencjach, bardzo wielu warsztatach i spotkaniach naukowych<\/li>\n<li>jej zainteresowania to pedagogika Celestyna Freineta, pedagogika Marii Montessori, chromoterapia, historia, podr\u00f3\u017ce<\/li>\n<li>uko\u0144czy\u0142a II Liceum Og\u00f3lnokszta\u0142c\u0105ce im. Stefana \u017beromskiego w D\u0105browie G\u00f3rniczej<\/li>\n<li>rodzinna miejscowo\u015b\u0107: Sosnowiec<\/li>\n<\/ul>\n<div class=\"mt-3\"><\/div>\r\n                            <\/div>\r\n                            \r\n                            <div class=\"text-modules__img\"><img src=\"https:\/\/us.edu.pl\/student\/wp-content\/uploads\/sites\/3\/Nieprzypisane\/Banasik-Monika1.jpg\" alt=\"img\"><\/div>\r\n                        <\/div>\r\n                    <\/div>\r\n                <\/div>\r\n                <div class=\"text-modules \">\r\n                    <div class=\"container\">\r\n                        <h3 class=\"section-title section-title_border-bottom\">Iwona Cichy<\/h3> \r\n                        <div class=\"row m-0\">\r\n                            <div class=\"text-modules__content\">\r\n                                <\/p>\n<ul>\n<li>21 maja 2012 r. otrzyma\u0142a Wyr\u00f3\u017cnienie Jego Magnificencji Rektora U\u015a za osi\u0105gni\u0119cia w dzia\u0142alno\u015bci kulturalnej<\/li>\n<li>studentka grafiki na Wydziale Artystycznym<\/li>\n<li>uko\u0144czy\u0142a r\u00f3wnie\u017c studia licencjackie na kierunku edukacja artystyczna w zakresie sztuk plastycznych z wynikiem celuj\u0105cym<\/li>\n<li>uczestnik wielu wystaw w kraju i za granic\u0105; jej plakaty zosta\u0142y zakwalifikowane m.in. do The International Biennial of Trade Marks and Logotypes Tamga &#8217;10, The 1st Vibre Poster Festiwal, The 3rd International Poster and Computer Animation Competition \u201eAntiAIDS-Ukraine\u201d, VIII Mi\u0119dzynarodowego Triennale Plakatu Ekologicznego (Kharkov, Ukraina), konkursu \u201eTworzymy Bezpieczny Internet\u201d (Muzeum Plakatu w Wilanowie, Warszawa), XII Festiwalu Sztuki Wysokiej \u201eMi\u0119dzy s\u0142o\u0144cem a ksi\u0119\u017cycem\u201d<\/li>\n<li>bra\u0142a udzia\u0142 i jej prace by\u0142y publikowane w ramach The World Biennial of Student Photography 2011, Trien\u00e1le Ekoplag\u00e1t 2011 \u2013 The International Exhibition and Contest of issued posters on the topics of conservation of nature and environment, The 4th World Biennial of Student Poster, Green+You 2010 International Poster Exhibition, The 7th Trnava Poster Triennial oraz w ramach konkursu na plakat pami\u0119ci Henryka Miko\u0142aja G\u00f3reckiego przy 22. Biennale Plakatu Polskiego w Katowicach<\/li>\n<li>tw\u00f3rca projektu ok\u0142adki i ilustracji do ksi\u0105\u017ceczki dla dzieci autorstwa Marii B\u0105czkowicz \u201eK\u0142opoty Burka z podw\u00f3rka\u201d oraz ilustracji i projektu ok\u0142adki kolorowanki dla dzieci wraz z przygotowaniem graficznym planszy gry dydaktycznej w ramach projektu \u201eUwaga! Bateria na \u015bmietniku!\u201d<\/li>\n<li>tw\u00f3rca projektu publikacji zwi\u0105zanej z 30-leciem pracy tw\u00f3rczej dr hab. prof. U\u015a El\u017cbiety Kuraj<\/li>\n<li>stworzy\u0142a seri\u0119 piktogram\u00f3w ekologicznych dla trzech edycji (2009, 2010, 2011) Biuletynu Konferencji Ekologicznej oraz projekty logo m.in. dla I i II edycji mi\u0119dzynarodowego projektu WEAST organizowanego przez AEGEE Hamburg (Niemcy) i Academy of Peace and Development (Tbilisi, Gruzja)<\/li>\n<li>interesuje si\u0119 projektowaniem system\u00f3w identyfikacji i komunikacji wizualnej, kroj\u00f3w pism, kinem i wsp\u00f3\u0142czesn\u0105 literatur\u0105 \u015bwiatow\u0105<\/li>\n<li>uko\u0144czy\u0142a II Liceum Og\u00f3lnokszta\u0142c\u0105ce im. Stanis\u0142awa Staszica w Tarnowskich G\u00f3rach<\/li>\n<li>rodzinna miejscowo\u015b\u0107: Nowe Chech\u0142o<\/li>\n<\/ul>\n<div class=\"mt-3\"><\/div>\r\n                            <\/div>\r\n                            \r\n                            <div class=\"text-modules__img\"><img src=\"https:\/\/us.edu.pl\/student\/wp-content\/uploads\/sites\/3\/Nieprzypisane\/Cichy-Iwona1.jpg\" alt=\"img\"><\/div>\r\n                        <\/div>\r\n                    <\/div>\r\n                <\/div>\r\n                <div class=\"text-modules reverse\">\r\n                    <div class=\"container\">\r\n                        <h3 class=\"section-title section-title_border-bottom\">Anna Duda<\/h3> \r\n                        <div class=\"row m-0\">\r\n                            <div class=\"text-modules__content\">\r\n                                <\/p>\n<ul>\n<li>21 maja 2012 r. otrzyma\u0142a Wyr\u00f3\u017cnienie Jego Magnificencji Rektora U\u015a za dzia\u0142alno\u015b\u0107 spo\u0142eczn\u0105 na rzecz spo\u0142eczno\u015bci akademickiej<\/li>\n<li>studentka filologii polskiej i kulturoznawstwa w ramach Mi\u0119dzywydzia\u0142owych Indywidualnych Studi\u00f3w Humanistycznych<\/li>\n<li>od 2007 roku aktywnie dzia\u0142a w ramach Mi\u0119dzywydzia\u0142owego Ko\u0142a Naukowego \u201eInicjatywa\u201d, od 2008 roku zast\u0119pca redaktora naczelnego Magazynu Student\u00f3w U\u015a \u201eSuplement\u201d<\/li>\n<li>od 2010 roku aktywnie dzia\u0142a w Kole Naukowym WolnoMISHlicieli, reprezentuje i promuje Mi\u0119dzywydzia\u0142owe Indywidualne Studia Humanistyczne<\/li>\n<li>koordynatorka i uczestniczka projektu \u201eSpektakl teatralny pt. bunt of Nietzsche\u201d (Maj \u2013 listopad 2011 r.)<\/li>\n<li>wsp\u00f3\u0142organizatorka i uczestniczka Pleneru fotograficznego pt. \u201eRytua\u0142 \u015bwi\u0119tej codzienno\u015bci cz\u0142owieka gardzienickiego\u201d oraz organizatorka wystawy poplenerowej<\/li>\n<li>uczestniczy\u0142a w projektach Biura Europejskiej Stolicy Kultury Katowice, Amnesty International oraz Stowarzyszenia \u201eWiosna\u201d<\/li>\n<li>dwukrotna stypendystka Ministra Nauki i Szkolnictwa Wy\u017cszego za osi\u0105gni\u0119cia w nauce<\/li>\n<li>jej zainteresowania to literatura, sztuka, teatr<\/li>\n<li>uko\u0144czy\u0142a IV Liceum Og\u00f3lnokszta\u0142c\u0105ce im. Stanis\u0142awa Staszica w Sosnowcu<\/li>\n<li>rodzinna miejscowo\u015b\u0107: Sosnowiec<\/li>\n<\/ul>\n<div class=\"mt-3\"><\/div>\r\n                            <\/div>\r\n                            \r\n                            <div class=\"text-modules__img\"><img src=\"https:\/\/us.edu.pl\/student\/wp-content\/uploads\/sites\/3\/Nieprzypisane\/Duda-Anna1-300x215.jpg\" alt=\"img\"><\/div>\r\n                        <\/div>\r\n                    <\/div>\r\n                <\/div>\r\n                <div class=\"text-modules \">\r\n                    <div class=\"container\">\r\n                        <h3 class=\"section-title section-title_border-bottom\">Natalia Gorzelnik<\/h3> \r\n                        <div class=\"row m-0\">\r\n                            <div class=\"text-modules__content\">\r\n                                <\/p>\n<ul>\n<li>21 maja 2012 r. otrzyma\u0142a Wyr\u00f3\u017cnienie Jego Magnificencji Rektora U\u015a za dzia\u0142alno\u015b\u0107 spo\u0142eczn\u0105 na rzecz Wydzia\u0142u i spo\u0142eczno\u015bci akademickiej<\/li>\n<li>studentka psychologii na Wydziale Pedagogiki i Psychologii oraz filologii polskiej na Wydziale Filologicznym<\/li>\n<li>inicjatorka i organizatorka Uroczysto\u015bci upami\u0119tniaj\u0105cej Profesor\u00f3w Lwowskich Zamordowanych Przez Hitlerowc\u00f3w (po\u0142\u0105czonej z obchodami 70-tej rocznicy zamordowania Profesor\u00f3w Lwowskich przez Hitlerowc\u00f3w)<\/li>\n<li>inicjatorka i organizatorka konkursu na Logotyp Wydzia\u0142u Pedagogiki i Psychologii<\/li>\n<li>inicjatorka i organizatorka PiPsodni 2011 \u2013 \u015awi\u0119ta Wydzia\u0142u Pedagogiki i Psychologii, zbi\u00f3rki pieni\u0119\u017cnej na Schronisko dla koni \u201eTara\u201d, Happeningu Miko\u0142ajkowego,<\/li>\n<li>zainicjowa\u0142a stworzenie i uruchomienie strony internetowej Wydzia\u0142owego Samorz\u0105du Studenckiego<\/li>\n<li>inicjatorka i promotorka licznych imprez integracyjnych dla student\u00f3w pedagogiki i psychologii oraz spotka\u0144 informacyjnych<\/li>\n<li>reprezentuje Uniwersytet na konferencjach i spotkaniach oraz w mediach<\/li>\n<li>jej zainteresowania to ochrona \u015brodowiska, jazda konna, literatura i teatr<\/li>\n<li>uko\u0144czy\u0142a Szko\u0142\u0119 Muzyczn\u0105 1 stopnia w Lubinie w klasie fortepianu oraz I Liceum Og\u00f3lnokszta\u0142c\u0105ce im. M. Kopernika w Lubinie<\/li>\n<li>rodzinna miejscowo\u015b\u0107: Krzeczyn Wielki, gmina Lubin<\/li>\n<\/ul>\n<div class=\"mt-3\"><\/div>\r\n                            <\/div>\r\n                            \r\n                            <div class=\"text-modules__img\"><img src=\"https:\/\/us.edu.pl\/student\/wp-content\/uploads\/sites\/3\/2019\/10\/Gorzelnik-Natalia1-300x202.jpg\" alt=\"img\"><\/div>\r\n                        <\/div>\r\n                    <\/div>\r\n                <\/div>\r\n                <div class=\"text-modules reverse\">\r\n                    <div class=\"container\">\r\n                        <h3 class=\"section-title section-title_border-bottom\">Piotr Idzik<\/h3> \r\n                        <div class=\"row m-0\">\r\n                            <div class=\"text-modules__content\">\r\n                                <\/p>\n<ul>\n<li>21 maja 2012 r. otrzyma\u0142 Wyr\u00f3\u017cnienie Jego Magnificencji Rektora U\u015a za osi\u0105gni\u0119cia naukowe<\/li>\n<li>student matematyki na Wydziale Matematyki, Fizyki i Chemi<\/li>\n<li>od 2008 roku cz\u0142onek Ko\u0142a Naukowego Matematyk\u00f3w<\/li>\n<li>by\u0142 g\u0142\u00f3wnym programist\u0105 w projekcie, kt\u00f3rego celem by\u0142o stworzenie programu komputerowego wyznaczaj\u0105cego warto\u015b\u0107 liczby \u03c0 z wykorzystaniem \u015bredniej arytmetyczno-geometrycznej<\/li>\n<li>autor dziesi\u0119ciu artyku\u0142\u00f3w naukowych oraz kilku artyku\u0142\u00f3w popularnonaukowych<\/li>\n<li>wyst\u0105pi\u0142 na szesnastu konferencjach naukowych w kraju i na \u015bwiecie<\/li>\n<li>wielokrotnie aktywnie wsp\u00f3\u0142tworzy\u0142 takie imprezy jak \u015awi\u0119to Liczby \u03c0, Festiwal Nauki oraz \u015al\u0105ska Noc Naukowc\u00f3w \u2013 przygotowuj\u0105c wyst\u0105pienia, postery lub warsztaty<\/li>\n<li>przygotowa\u0142 i wyg\u0142osi\u0142 ponad dziesi\u0119\u0107 referat\u00f3w dla m\u0142odzie\u017cy licealnej promuj\u0105c studia matematyczne; prowadzi warsztaty programistyczne dla uczni\u00f3w<\/li>\n<li>reprezentowa\u0142 Uniwersytet \u015al\u0105ski na zawodach wspinaczkowych oraz dw\u00f3ch konkursach matematycznych w Ostravie<\/li>\n<li>od 2007 roku administrator i moderator studenckiego forum internetowego<\/li>\n<li>w 2010 roku pomaga\u0142 przy organizacji akcji Zimowe szale\u0144stwo organizowanej dla dzieci przez UM Sosnowiec<\/li>\n<li>trzykrotnie otrzyma\u0142 Stypendium Ministra Nauki i Szkolnictwa Wy\u017cszego za osi\u0105gni\u0119cia w nauce<\/li>\n<li>jego \u015brednia ocen to 4,99<\/li>\n<li>jego zainteresowania pozanaukowe to wspinaczka ska\u0142kowa oraz brytyjska muzyka rockowa<\/li>\n<li>uko\u0144czy\u0142 II Liceum Og\u00f3lnokszta\u0142c\u0105ce im. Emilii Plater w Sosnowcu<\/li>\n<li>rodzinna miejscowo\u015b\u0107: Sosnowiec<\/li>\n<\/ul>\n<div class=\"mt-3\"><\/div>\r\n                            <\/div>\r\n                            \r\n                            <div class=\"text-modules__img\"><img src=\"https:\/\/us.edu.pl\/student\/wp-content\/uploads\/sites\/3\/Nieprzypisane\/Idzik-Piotr1-300x225.jpg\" alt=\"img\"><\/div>\r\n                        <\/div>\r\n                    <\/div>\r\n                <\/div>\r\n                <div class=\"text-modules \">\r\n                    <div class=\"container\">\r\n                        <h3 class=\"section-title section-title_border-bottom\">Paulina Kosma<\/h3> \r\n                        <div class=\"row m-0\">\r\n                            <div class=\"text-modules__content\">\r\n                                <\/p>\n<ul>\n<li>21 maja 2012 r. otrzyma\u0142a Wyr\u00f3\u017cnienie Jego Magnificencji Rektora U\u015a za osi\u0105gni\u0119cia w dzia\u0142alno\u015bci kulturalnej<\/li>\n<li>studentka grafiki na Wydziale Artystycznym<\/li>\n<li>autorka zwyci\u0119skiego billboardu promuj\u0105cego ekojazd\u0119 w ramach Og\u00f3lnopolskiego Konkursu Ekojazda \u2013 ale jazda! (I nagroda i wyr\u00f3\u017cnienie)<\/li>\n<li>otrzyma\u0142a wyr\u00f3\u017cnienie w konkursie na warszawski mural o Sk\u0142odowskiej-Curie<\/li>\n<li>II Nagroda w og\u00f3lnopolskim konkursie plastycznym DIALOG oraz wystawa pokonkursowa (Galeria NA STAR\u00d3WCE, \u017bory), I Nagroda w konkursie na plakat\u201d Diabe\u0142 tkwi w szczeg\u00f3\u0142ach\u201d (Warszawa\/Cieszyn)<\/li>\n<li>uczestniczy\u0142a w mi\u0119dzynarodowym projekcie \u201eCamille Claudel III Aesthetic Education in European Dimension\u201d w Wenecji, udzia\u0142 w 53. Biennale Sztuki w Wenecji<\/li>\n<li>w ramach projektu Wzorowe \u015al\u0104SKIE uczestniczy\u0142a w projektowaniu rozk\u0142ad\u00f3w jazdy w mie\u015bcie Cieszyn<\/li>\n<li>projektowa\u0142a plakaty promuj\u0105ce \u201eSpacery Zaanga\u017cowane\u201d \u2013 projekt realizowany przy wsp\u00f3\u0142pracy z Wydzia\u0142em Informacji i Promocji w Cieszynie, Instytutem Nauk o Edukacji oraz Instytutem Sztuki w Cieszynie<\/li>\n<li>opr\u00f3cz tego uczestniczy\u0142a i przedstawia\u0142a swoje prace w czterech projektach kulturalnych mi\u0119dzynarodowych i dw\u00f3ch krajowych oraz w licznych wystawach<\/li>\n<li>cz\u0119\u015b\u0107 studi\u00f3w odby\u0142a na Universidad Castilla la Mancha w Hiszpanii w ramach programu Erasmus<\/li>\n<li>jej zainteresowania to pi\u0142ka siatkowa i podr\u00f3\u017ce (couch surfing)<\/li>\n<li>uko\u0144czy\u0142a Zesp\u00f3\u0142 Szk\u00f3\u0142 Plastycznych w Bielsku-Bia\u0142ej<\/li>\n<li>rodzinna miejscowo\u015b\u0107: Szczyrk<\/li>\n<\/ul>\n<div class=\"mt-3\"><\/div>\r\n                            <\/div>\r\n                            \r\n                            <div class=\"text-modules__img\"><img src=\"https:\/\/us.edu.pl\/student\/wp-content\/uploads\/sites\/3\/Nieprzypisane\/Kosma-Paulina1-300x200.jpg\" alt=\"img\"><\/div>\r\n                        <\/div>\r\n                    <\/div>\r\n                <\/div>\r\n                <div class=\"text-modules reverse\">\r\n                    <div class=\"container\">\r\n                        <h3 class=\"section-title section-title_border-bottom\">Anna Krasucka<\/h3> \r\n                        <div class=\"row m-0\">\r\n                            <div class=\"text-modules__content\">\r\n                                <\/p>\n<ul>\n<li>21 maja 2012 r. otrzyma\u0142a Wyr\u00f3\u017cnienie Jego Magnificencji Rektora U\u015a za dzia\u0142alno\u015b\u0107 spo\u0142eczn\u0105<\/li>\n<li>studentka filologii (specjalno\u015b\u0107 angielska) na Wydziale Filologicznym<\/li>\n<li>studiuje tak\u017ce filozofi\u0119 na Wydziale Nauk Spo\u0142ecznych<\/li>\n<li>Przewodnicz\u0105ca Porozumienia Samorz\u0105d\u00f3w Studenckich na Rzecz Juwenali\u00f3w \u015al\u0105skich 2012 oraz koordynator g\u0142\u00f3wny Juwenali\u00f3w Zag\u0142\u0119biowskich 2012<\/li>\n<li>koordynuje prace Porozumienia (oko\u0142o 20 przedstawicieli uczelni regionu), reprezentuje je przez w\u0142adzami miast oraz pozyskuje sponsor\u00f3w imprezy<\/li>\n<li>pomys\u0142odawczyni i koordynator g\u0142\u00f3wny Konkursu na Hymn Juwenali\u00f3w \u015al\u0105ska i Zag\u0142\u0119bia; koordynowa\u0142a prace konkursowe, promuj\u0105c inicjatyw\u0119 w mediach i pozyskuj\u0105c sponsor\u00f3w do jej realizacji<\/li>\n<li>pe\u0142ni\u0142a funkcj\u0119 koordynatora g\u0142\u00f3wnego Juwenali\u00f3w Zag\u0142\u0119biowskich w 2011 roku oraz koordynatora ds. kultury w 2010<\/li>\n<li>od 2009 roku aktywnie dzia\u0142a\u0142a w Samorz\u0105dzie Studenckim Wydzia\u0142u Filologicznego, a od stycznia 2012 roku podj\u0119\u0142a si\u0119 pe\u0142nienia funkcji Przewodnicz\u0105cej Komisji Kultury i Kontakt\u00f3w Mi\u0119dzyuczelnianych Uczelnianej Rady Samorz\u0105du Studenckiego<\/li>\n<li>zorganizowa\u0142a Konkurs Indeks\u00f3w Wydzia\u0142u Filologicznego dla student\u00f3w w Sosnowcu<\/li>\n<li>koordynowa\u0142a organizacj\u0119 pierwszego Balu Filologa na Wydziale w 2011 roku, dbaj\u0105c o promocj\u0119 imprezy<\/li>\n<li>zorganizowa\u0142a wiele imprez klubowych na Osiedlu Akademickim w Sosnowcu, dzi\u0119ki czemu sta\u0142o si\u0119 ono prawdziwym o\u015brodkiem studenckich wydarze\u0144 kulturalnych<\/li>\n<li>uczestniczy\u0142a w kilku og\u00f3lnopolskich konferencjach i zjazdach Parlamentu Student\u00f3w Rzeczpospolitej Polskiej<\/li>\n<li>posiada patent sternika jachtowego oraz starszego sternika motorowodnego , a jej zainteresowania to: narciarstwo, \u017ceglarstwo i literatura XX wieku<\/li>\n<li>uko\u0144czy\u0142a I Liceum Og\u00f3lnokszta\u0142c\u0105ce im. Edwarda Dembowskiego w Gliwicach<\/li>\n<li>rodzinna miejscowo\u015b\u0107: Gliwice<\/li>\n<\/ul>\n<div class=\"mt-3\"><\/div>\r\n                            <\/div>\r\n                            \r\n                            <div class=\"text-modules__img\"><img src=\"https:\/\/us.edu.pl\/student\/wp-content\/uploads\/sites\/3\/Nieprzypisane\/Krasucka-Anna1.jpg\" alt=\"img\"><\/div>\r\n                        <\/div>\r\n                    <\/div>\r\n                <\/div>\r\n                <div class=\"text-modules \">\r\n                    <div class=\"container\">\r\n                        <h3 class=\"section-title section-title_border-bottom\">Micha\u0142 Kucharski<\/h3> \r\n                        <div class=\"row m-0\">\r\n                            <div class=\"text-modules__content\">\r\n                                <\/p>\n<ul>\n<li>21 maja 2012 r. otrzyma\u0142 Wyr\u00f3\u017cnienie Jego Magnificencji Rektora U\u015a za osi\u0105gni\u0119cia naukowe oraz dzia\u0142alno\u015b\u0107 spo\u0142eczn\u0105<\/li>\n<li>student politologii na Wydziale Nauk Spo\u0142ecznych<\/li>\n<li>dwukrotnie bra\u0142 udzia\u0142 w badaniach \u201ePreferencje polityczne. Postawy, identyfikacje, zachowania\u201d w ramach projektu Polskiego Towarzystwa Nauk Politycznych<\/li>\n<li>wyst\u0105pi\u0142 na sze\u015bciu konferencjach, a wsp\u00f3\u0142organizowa\u0142 lub organizowa\u0142 osiem<\/li>\n<li>zorganizowa\u0142 cztery sympozja naukowe w Szczyrku<\/li>\n<li>zorganizowa\u0142 trzy edycje og\u00f3lnopolskiego konkursu negocjacyjnego \u201eMa\u0142e Diploma\u201d w latach 2010-2012<\/li>\n<li>reprezentowa\u0142 Uniwersytet podczas \u201cNorth London Model UN Conference\u201d; pe\u0142ni\u0142 funkcj\u0119 mi\u0119dzynarodowego obserwatora i odby\u0142 wiele spotka\u0144 z dyrektorami szk\u00f3\u0142 i innych plac\u00f3wek o\u015bwiatowych w p\u00f3\u0142nocnym Londynie<\/li>\n<li>redaktor zeszytu VIII \u201ePism Humanistycznych\u201d<\/li>\n<li>przewodnicz\u0105cy Ko\u0142a Naukowego Stosunk\u00f3w Mi\u0119dzynarodowych w latach 2009-2011<\/li>\n<li>w latach 2009-2011 organizacja zbi\u00f3rki miko\u0142ajkowej dla dzieci z Domu Dziecka nr 3 w Sosnowcu<\/li>\n<li>organizator r\u00f3\u017cnego rodzaju spotka\u0144, warsztat\u00f3w i innych wydarze\u0144 dla student\u00f3w Wydzia\u0142u Nauk Spo\u0142ecznych<\/li>\n<li>posiada patent \u017ceglarski \u017ceglarza jachtowego, a jego zainteresowania to fotografia, sport, fantastyka i pierwsza pomoc<\/li>\n<li>uko\u0144czy\u0142 II Liceum Og\u00f3lnokszta\u0142c\u0105ce im. Emilii Plater w Sosnowcu<\/li>\n<li>rodzinna miejscowo\u015b\u0107: Sosnowiec<\/li>\n<\/ul>\n<div class=\"mt-3\"><\/div>\r\n                            <\/div>\r\n                            \r\n                            <div class=\"text-modules__img\"><img src=\"https:\/\/us.edu.pl\/student\/wp-content\/uploads\/sites\/3\/Nieprzypisane\/Kucharski-Micha\u01421.jpg\" alt=\"img\"><\/div>\r\n                        <\/div>\r\n                    <\/div>\r\n                <\/div>\r\n                <div class=\"text-modules reverse\">\r\n                    <div class=\"container\">\r\n                        <h3 class=\"section-title section-title_border-bottom\">Karina Kunc<\/h3> \r\n                        <div class=\"row m-0\">\r\n                            <div class=\"text-modules__content\">\r\n                                <\/p>\n<ul>\n<li>21 maja 2012 r. otrzyma\u0142a Wyr\u00f3\u017cnienie Jego Magnificencji Rektora U\u015a za dzia\u0142alno\u015b\u0107 spo\u0142eczn\u0105<\/li>\n<li>studentka prawa na Wydziale Prawa i Administracji<\/li>\n<li>wolontariusz w projekcie Street Law, kt\u00f3rego celem jest rozwijanie \u015bwiadomo\u015bci prawnej spo\u0142ecze\u0144stwa, zwi\u0119kszenie zainteresowania m\u0142odzie\u017cy tematyk\u0105 prawn\u0105 oraz promocja dzia\u0142alno\u015bci pro publico bono<\/li>\n<li>wsp\u00f3\u0142organizowa\u0142a debaty w Zak\u0142adzie Karnym w Lubli\u0144cu<\/li>\n<li>pomys\u0142odawca i organizator \u201eSzkolenia student\u00f3w w Szkole Policji w Katowicach\u201d<\/li>\n<li>inicjator i koordynator warsztat\u00f3w kryminalistycznych w Wy\u017cszej Szkole Policji w Szczytnie<\/li>\n<li>za\u0142o\u017cycielka i przewodnicz\u0105ca Ko\u0142a Naukowego Prawa Karnego, kt\u00f3re funkcjonuje od 2009 roku<\/li>\n<li>aktywny cz\u0142onek Ko\u0142a Naukowego Kryminalistyki \u201eVeritas\u201d od 2007 roku<\/li>\n<li>organizowa\u0142a lub pomaga\u0142a w organizacji licznych konferencji, spotka\u0144, debat na Wydziale Prawa i Administracji<\/li>\n<li>zorganizowa\u0142a akcj\u0119 charytatywn\u0105 \u201eTylko jedna ksi\u0105\u017cka\u201d w celu zasilenia nowymi ksi\u0105\u017ckami bibliotek wi\u0119zie\u0144 i areszt\u00f3w \u015bledczych i pobudzenie w\u015br\u00f3d student\u00f3w ch\u0119ci dzia\u0142a\u0144 o charakterze charytatywnym<\/li>\n<li>od 2010 roku cz\u0142onek zespo\u0142u redakcyjnego O\u015brodka Radia Studenckiego Politechniki \u015al\u0105skiej w Gliwicach<\/li>\n<li>III miejsce w Finale XV Og\u00f3lnopolskiego Konkursu Krasom\u00f3wczego w Bia\u0142ymstoku w 2011 roku<\/li>\n<li>w Lokalnym Konkursie Krasom\u00f3wczym w Katowicach zaj\u0119\u0142a I miejsce (2011), II miejsce (2009) i III miejsce (2012)<\/li>\n<li>jej zainteresowania to literatura rosyjska, fantastyka, kryminalistyka, prawno-karne aspekty w mediach, polityce, reklamie<\/li>\n<li>uko\u0144czy\u0142a II LO im. Emilii Plater w Sosnowcu<\/li>\n<li>rodzinna miejscowo\u015b\u0107: Sosnowiec<\/li>\n<\/ul>\n<div class=\"mt-3\"><\/div>\r\n                            <\/div>\r\n                            \r\n                            <div class=\"text-modules__img\"><img src=\"https:\/\/us.edu.pl\/student\/wp-content\/uploads\/sites\/3\/Nieprzypisane\/Kunc-Karina1-200x300.jpg\" alt=\"img\"><\/div>\r\n                        <\/div>\r\n                    <\/div>\r\n                <\/div>\r\n                <div class=\"text-modules \">\r\n                    <div class=\"container\">\r\n                        <h3 class=\"section-title section-title_border-bottom\">Kamila Kuros<\/h3> \r\n                        <div class=\"row m-0\">\r\n                            <div class=\"text-modules__content\">\r\n                                <\/p>\n<ul>\n<li>21 maja 2012 r. otrzyma\u0142a Wyr\u00f3\u017cnienie Jego Magnificencji Rektora U\u015a za osi\u0105gni\u0119cia naukowe<\/li>\n<li>studentka filologii polskiej na Wydziale Filologicznym<\/li>\n<li>realizowa\u0142a projekt badawczy \u201eWiedza o j\u0119zyku polskim we wsp\u00f3\u0142czesnej szkole\u201d oraz \u201eProfilaktyka logopedyczna w systemie edukacji\u201d<\/li>\n<li>autorka sze\u015bciu artyku\u0142\u00f3w naukowych, czynny uczestnik siedmiu konferencji<\/li>\n<li>wsp\u00f3\u0142pracowa\u0142a przy organizacji sze\u015bciu konferencji<\/li>\n<li>wspiera\u0142a organizacj\u0119 konkurs\u00f3w przedmiotowych, ortograficznych<\/li>\n<li>w latach 2008-2010 pracowa\u0142a jako wolontariusz na rzecz m\u0142odzie\u017cy gimnazjalnej w Sosnowcu<\/li>\n<li>promowa\u0142a studia polonistyczne<\/li>\n<li>jej \u015brednia ocen to 4,98<\/li>\n<li>dwukrotnie otrzyma\u0142a stypendium Ministra Nauki i Szkolnictwa Wy\u017cszego za osi\u0105gni\u0119cia w nauce<\/li>\n<li>jej zainteresowania to logopedia, bilingwizm, reporta\u017ce podr\u00f3\u017cnicze, j\u0119zykoznawstwo, kolarstwo<\/li>\n<li>uko\u0144czy\u0142a II Liceum Og\u00f3lnokszta\u0142c\u0105ce im. Stefana \u017beromskiego w D\u0105browie G\u00f3rniczej<\/li>\n<li>rodzinna miejscowo\u015b\u0107: Sosnowiec<\/li>\n<\/ul>\n<div class=\"mt-3\"><\/div>\r\n                            <\/div>\r\n                            \r\n                            <div class=\"text-modules__img\"><img src=\"https:\/\/us.edu.pl\/student\/wp-content\/uploads\/sites\/3\/Nieprzypisane\/Kuros-Kamila1.jpg\" alt=\"img\"><\/div>\r\n                        <\/div>\r\n                    <\/div>\r\n                <\/div>\r\n                <div class=\"text-modules reverse\">\r\n                    <div class=\"container\">\r\n                        <h3 class=\"section-title section-title_border-bottom\">Justyna \u0141apaj<\/h3> \r\n                        <div class=\"row m-0\">\r\n                            <div class=\"text-modules__content\">\r\n                                <\/p>\n<ul>\n<li>21 maja 2012 r. otrzyma\u0142a Wyr\u00f3\u017cnienie Jego Magnificencji Rektora U\u015a za osi\u0105gni\u0119cia naukowe<\/li>\n<li>studentka politologii na Wydziale Nauk Spo\u0142ecznych<\/li>\n<li>realizuje projekt naukowo \u2013 badawczy w zwi\u0105zku z projektem \u201ePrzyjazny Urz\u0105d\u201d w ramach szwajcarskiego programu wsp\u00f3\u0142pracy z nowymi krajami cz\u0142onkowskimi Unii Europejskiej (podmiot realizuj\u0105cy: Stowarzyszenie Wzajemnej Pomocy BONA FIDES)<\/li>\n<li>autorka pi\u0119ciu publikacji naukowych, uczestniczy\u0142a czynnie w sze\u015bciu konferencjach<\/li>\n<li>pomys\u0142odawca, organizator i moderator konferencji \u201eZiemia Obiecana ? Historia, Kultura i polityka Izraela\u201d oraz organizatorka trzech innych konferencji<\/li>\n<li>organizowa\u0142a lub wsp\u00f3\u0142organizowa\u0142a debaty, sympozja i inne spotkania naukowe na Wydziale i poza Wydzia\u0142em<\/li>\n<li>jej zainteresowania pozanaukowe to jazda konna, taniec latynoameryka\u0144ski oraz malarstwo, teatr i kulinaria<\/li>\n<li>uko\u0144czy\u0142a I Liceum Og\u00f3lnokszta\u0142c\u0105ce Im. Miko\u0142aja Kopernika w B\u0119dzinie<\/li>\n<li>rodzinna miejscowo\u015b\u0107: B\u0119dzin<\/li>\n<li><\/li>\n<\/ul>\n<div class=\"mt-3\"><\/div>\r\n                            <\/div>\r\n                            \r\n                            <div class=\"text-modules__img\"><img src=\"https:\/\/us.edu.pl\/student\/wp-content\/uploads\/sites\/3\/Nieprzypisane\/\u0141apaj-Justyna1-200x300.jpg\" alt=\"img\"><\/div>\r\n                        <\/div>\r\n                    <\/div>\r\n                <\/div>\r\n                <div class=\"text-modules \">\r\n                    <div class=\"container\">\r\n                        <h3 class=\"section-title section-title_border-bottom\">Mi\u0142osz Markiewicz<\/h3> \r\n                        <div class=\"row m-0\">\r\n                            <div class=\"text-modules__content\">\r\n                                <\/p>\n<ul>\n<li>21 maja 2012 r. otrzyma\u0142 Wyr\u00f3\u017cnienie Jego Magnificencji Rektora U\u015a za osi\u0105gni\u0119cia w dzia\u0142alno\u015bci kulturalnej i dzia\u0142alno\u015b\u0107 spo\u0142eczn\u0105<\/li>\n<li>student Mi\u0119dzywydzia\u0142owych Indywidualnych Studi\u00f3w Humanistycznych<\/li>\n<li>aktor spektaklu \u201eDziadowisko\u201d, kt\u00f3ry by\u0142 cz\u0119\u015bci\u0105 projektu \u201eTerapia przez sztuk\u0119\u201d realizowanego w Sosnowcu (cz\u0119\u015b\u0107 aktor\u00f3w stanowi\u0142a m\u0142odzie\u017c niepe\u0142nosprawna umys\u0142owo z Zespo\u0142u Szk\u00f3\u0142 Specjalnych nr 4 w Sosnowcu) oraz aktor w spektaklu \u201eSportowe zmagania Pinokia\u201d w ramach projektu \u201eMi\u0119dzynarodowy Dzie\u0144 Dziecka i Bachora\u201d realizowanego przy wsp\u00f3\u0142pracy z Urz\u0119dem Miasta w Sosnowcu<\/li>\n<li>organizator projektu \u201eCOOLiteratura arteTURA\u201d z okazji obchod\u00f3w Mi\u0119dzynarodowego Dnia Teatru (przez kilka dni m\u0142odzie\u017c b\u0119d\u0105ca cz\u0142onkami teatru amatorskiego wyst\u0119powa\u0142a w nowych adaptacjach znanych dramat\u00f3w teatralnych)<\/li>\n<li>jako asystent re\u017cysera przygotowa\u0142 widowisko muzyczne \u201eImpresja na temat Piazzolli\u201d, w trakcie ceremonii otwarcia 78. Indywidualnych Mistrzostw Polski w Tenisie Sto\u0142owym (opracowanie muzyki oraz scenariusza)<\/li>\n<li>jako asystent re\u017cysera przygotowa\u0142 spektakl \u201eNoc Kupa\u0142y\u201d w trakcie festynu \u201eMaczkowska Noc \u015awi\u0119toja\u0144ska\u201d w Sosnowcu (opracowanie i aran\u017cacja muzyki)<\/li>\n<li>prowadzi\u0142 autorskie zaj\u0119cia teoretyczno-plastyczne skupione wok\u00f3\u0142 tematyki historii sztuki w ramach projektu \u201e\u0141ap bakcyla. Zaj\u0119cia profilaktyczno-edukacyjne\u201d dla grupy dzieci, kt\u00f3re uczestniczy\u0142y w p\u00f3\u0142koloniach w Sosnowcu<\/li>\n<li>jeden z pomys\u0142odawc\u00f3w i organizator projektu \u201eZderzenia Kultur Europejskich i Sztuk Performatywnych \u2013 Wie\u017ca Babel\u201d<\/li>\n<li>organizator i koordynator mi\u0119dzynarodowej wystawy \u201ePejza\u017ce Polskie\u201d oraz wystawy \u201eS\u0142ynne obrazy\u201d<\/li>\n<li>pomys\u0142odawca i organizator paneli dyskusyjnych w Galerii Sztuki Wsp\u00f3\u0142czesnej BIBU w Katowicach &#8211; spotkania odbywaj\u0105 si\u0119 co 2 tygodnie i maj\u0105 na celu przybli\u017ca\u0107 do siebie teoretyk\u00f3w sztuki, jej odbiorc\u00f3w, jak i ludzi praktycznie si\u0119 ni\u0105 zajmuj\u0105cych<\/li>\n<li>od 2008 roku cz\u0142onek M\u0142odzie\u017cowej Akademii Teatralnej<\/li>\n<li>od 2009 roku cz\u0142onek Studenckiego Ko\u0142a Naukowego Historyk\u00f3w Sztuki<\/li>\n<li>jego zainteresowania to sztuka, teatr, filozofia kultury, powie\u015bci historyczne i ikonografia<\/li>\n<li>uko\u0144czy\u0142 IV Liceum Og\u00f3lnokszta\u0142c\u0105ce w Sosnowcu<\/li>\n<li>rodzinna miejscowo\u015b\u0107: Sosnowiec<\/li>\n<\/ul>\n<div class=\"mt-3\"><\/div>\r\n                            <\/div>\r\n                            \r\n                            <div class=\"text-modules__img\"><img src=\"https:\/\/us.edu.pl\/student\/wp-content\/uploads\/sites\/3\/Nieprzypisane\/Markiewicz-Mi\u0142osz1-300x199.jpg\" alt=\"img\"><\/div>\r\n                        <\/div>\r\n                    <\/div>\r\n                <\/div>\r\n                <div class=\"text-modules reverse\">\r\n                    <div class=\"container\">\r\n                        <h3 class=\"section-title section-title_border-bottom\">Maria Pallado<\/h3> \r\n                        <div class=\"row m-0\">\r\n                            <div class=\"text-modules__content\">\r\n                                <\/p>\n<ul>\n<li>21 maja 2012 r. otrzyma\u0142a Wyr\u00f3\u017cnienie Jego Magnificencji Rektora U\u015a za dzia\u0142alno\u015b\u0107 kulturaln\u0105 i osi\u0105gni\u0119cia naukowe<\/li>\n<li>studentka historii sztuki na Wydziale Nauk Spo\u0142ecznych<\/li>\n<li>uczestniczy\u0142a w kilku konferencjach naukowych<\/li>\n<li>organizatorka konferencji Zamki i pa\u0142ace \u015al\u0105ska oraz wystawy \u201eWsp\u00f3\u0142czesne malarstwo wenezuelskie\u201d<\/li>\n<li>opracowa\u0142a i przedstawi\u0142a historie obiekt\u00f3w w ramach \u201eSpaceru po katowickiej modernie\u201d oraz \u201eSpaceru po mys\u0142owickich zgliszczach\u201d<\/li>\n<li>prowadzi zaj\u0119cia dla licealist\u00f3w na temat motyw\u00f3w mitologicznych i biblijnych w sztuce<\/li>\n<li>przewodnicz\u0105ca Studenckiego Ko\u0142a Naukowego Historyk\u00f3w Sztuki<\/li>\n<li>interesuje si\u0119 zarz\u0105dzaniem kultur\u0105 i jej upowszechnianiem, literatur\u0105, j\u0119zykami obcymi, kultur\u0105 i histori\u0105 Hiszpanii<\/li>\n<li>uko\u0144czy\u0142a II Liceum Og\u00f3lnokszta\u0142c\u0105ce z oddzia\u0142ami dwuj\u0119zycznymi im. Marii Konopnickiej w Katowicach<\/li>\n<li>rodzinna miejscowo\u015b\u0107: Katowice<\/li>\n<\/ul>\n<div class=\"mt-3\"><\/div>\r\n                            <\/div>\r\n                            \r\n                            <div class=\"text-modules__img\"><img src=\"https:\/\/us.edu.pl\/student\/wp-content\/uploads\/sites\/3\/Nieprzypisane\/Pallado-Maria1-1-300x200.jpg\" alt=\"img\"><\/div>\r\n                        <\/div>\r\n                    <\/div>\r\n                <\/div>\r\n                <div class=\"text-modules \">\r\n                    <div class=\"container\">\r\n                        <h3 class=\"section-title section-title_border-bottom\">Dorota Sid\u0142o<\/h3> \r\n                        <div class=\"row m-0\">\r\n                            <div class=\"text-modules__content\">\r\n                                <\/p>\n<ul>\n<li>21 maja 2012 r. otrzyma\u0142a Wyr\u00f3\u017cnienie Jego Magnificencji Rektora U\u015a za osi\u0105gni\u0119cia sportowe<\/li>\n<li>studentka psychologii na Wydziale Pedagogiki i Psychologii<\/li>\n<li>udzia\u0142 w trzecioligowych rozgrywkach siatkarskich oraz reprezentowanie uczelni w rozgrywkach uczelnianych w latach 2007-2012<\/li>\n<li>uczestniczy\u0142a w Rozgrywkach Pierwszej Ligi Uczelnianej Akademickich Mistrzostw \u015al\u0105ska w siatk\u00f3wce przez pi\u0119\u0107 sezon\u00f3w (od 2007 do 2012) oraz w Akademickich Mistrzostwach Polski w siatk\u00f3wce kobiet &#8211; strefa D przez trzy sezony (od 2009 do 2012)<\/li>\n<li>drugie miejsce na Akademickich Mistrzostwach \u015al\u0105ska w Pi\u0142ce Siatkowej (2007\/2008)<\/li>\n<li>drugie miejsce na Og\u00f3lnopolskim Turnieju Siatk\u00f3wki (2011)<\/li>\n<li>trzecie miejsce w Turnieju Pi\u0142ki Siatkowej podczas 6. Festiwalu Sportowego AZS Katowice<\/li>\n<li>w ramach III ligi siatk\u00f3wki o charakterze regionalnym drugie miejsce (2008\/2009), trzecie miejsce (2009\/2010) i pi\u0105te miejsce (2010\/2011 oraz 2011\/2012)<\/li>\n<li>drugie miejsce w og\u00f3lnopolskim p\u00f3\u0142fina\u0142owym turnieju bara\u017cowym o wej\u015bcie do II ligi siatk\u00f3wki (2009 i 2010)<\/li>\n<li>czwarte miejsce w og\u00f3lnopolskim fina\u0142owym turnieju bara\u017cowym o wej\u015bcie do II ligi siatk\u00f3wki (2009 i 2010)<\/li>\n<li>trzykrotnie uczestniczy\u0142a w Akademickich Mistrzostwach \u015al\u0105ska w siatk\u00f3wce pla\u017cowej<\/li>\n<li>kapitan dru\u017cyny uczelnianej w sezonach 2010\/2011 oraz 2011\/2012<\/li>\n<li>opr\u00f3cz sportu lubi powie\u015bci kryminalne XX i XXI wieku, film i muzyk\u0119<\/li>\n<li>absolwentka Pa\u0144stwowej Szko\u0142y Muzycznej im. Grzegorza Gerwazego Gorczyckiego w Rudzie \u015al\u0105skiej w klasie skrzypiec<\/li>\n<li>uko\u0144czy\u0142a III Liceum Og\u00f3lnokszta\u0142c\u0105ce im. Stefana Batorego w Chorzowie<\/li>\n<li>rodzinna miejscowo\u015b\u0107: Ruda \u015al\u0105ska<\/li>\n<\/ul>\n<div class=\"mt-3\"><\/div>\r\n                            <\/div>\r\n                            \r\n                            <div class=\"text-modules__img\"><img src=\"https:\/\/us.edu.pl\/student\/wp-content\/uploads\/sites\/3\/Nieprzypisane\/Sid\u0142o-Dorota1.jpg\" alt=\"img\"><\/div>\r\n                        <\/div>\r\n                    <\/div>\r\n                <\/div>\r\n                <div class=\"text-modules reverse\">\r\n                    <div class=\"container\">\r\n                        <h3 class=\"section-title section-title_border-bottom\">Daria Sitko<\/h3> \r\n                        <div class=\"row m-0\">\r\n                            <div class=\"text-modules__content\">\r\n                                <\/p>\n<ul>\n<li>21 maja 2012 r. otrzyma\u0142a Wyr\u00f3\u017cnienie Jego Magnificencji Rektora U\u015a za osi\u0105gni\u0119cia spo\u0142eczne<\/li>\n<li>studentka filologii polskiej na Wydziale Filologicznym<\/li>\n<li>od 2011 roku prowadzi 5. Bytomsk\u0105 Gromad\u0119 Zuch\u00f3w w ramach Zwi\u0105zku Harcerstwa Rzeczypospolitej, do kt\u00f3rego nale\u017cy od 2001 roku<\/li>\n<li>w latach 2008-2011 wolontariusz i lider grupy wolontariuszy w Stowarzyszeniu WIOSNA w ramach projektu Akademia Przysz\u0142o\u015bci, kt\u00f3ry jest adresowany do dzieci do\u015bwiadczaj\u0105cych niepowodze\u0144 szkolnych oraz wychowuj\u0105cych si\u0119 w trudnych \u015brodowiskach<\/li>\n<li>pomys\u0142odawca, wsp\u00f3\u0142organizator konkursu dla uczni\u00f3w szk\u00f3\u0142 ponadgimnazjalnych sprawdzaj\u0105cego wiedz\u0119 z kultury j\u0119zyka polskiego pt. \u201eRozwi\u0105\u017c sw\u00f3j j\u0119zyk. Polszczyzna bez tajemnic\u201d<\/li>\n<li>pomys\u0142odawca i wsp\u00f3\u0142organizator zbi\u00f3rki charytatywnej \u201eKup z nami indeks dla Kacpra!\u201d<\/li>\n<li>od 2010 roku przewodnicz\u0105ca Ko\u0142a Kultury J\u0119zyka Polskiego oraz cz\u0142onek Studenckiego Ko\u0142a Naukowego J\u0119zykoznawc\u00f3w<\/li>\n<li>interesuje si\u0119 kultur\u0105 j\u0119zyka polskiego, turystyk\u0105 g\u00f3rsk\u0105 i muzyk\u0105<\/li>\n<li>uko\u0144czy\u0142a III Liceum Og\u00f3lnokszta\u0142c\u0105ce im. A. Mickiewicza w Katowicach<\/li>\n<li>miejscowo\u015b\u0107 rodzinna: Sosnowiec<\/li>\n<\/ul>\n<div class=\"mt-3\"><\/div>\r\n                            <\/div>\r\n                            \r\n                            <div class=\"text-modules__img\"><img src=\"https:\/\/us.edu.pl\/student\/wp-content\/uploads\/sites\/3\/Nieprzypisane\/Sitko-Daria1-300x201.jpg\" alt=\"img\"><\/div>\r\n                        <\/div>\r\n                    <\/div>\r\n                <\/div>\r\n                <div class=\"text-modules \">\r\n                    <div class=\"container\">\r\n                        <h3 class=\"section-title section-title_border-bottom\">Marcin Smierz<\/h3> \r\n                        <div class=\"row m-0\">\r\n                            <div class=\"text-modules__content\">\r\n                                <\/p>\n<ul>\n<li>21 maja 2012 r. otrzyma\u0142 Wyr\u00f3\u017cnienie Jego Magnificencji Rektora U\u015a za osi\u0105gni\u0119cia naukowe oraz dzia\u0142alno\u015b\u0107 na rzecz spo\u0142eczno\u015bci lokalnej<\/li>\n<li>student historii na Wydziale Nauk Spo\u0142ecznych<\/li>\n<li>bra\u0142 udzia\u0142 w badaniach terenowych i wykopaliskach archeologicznych w projekcie \u201eKopce Graniczne\u201d na obszarze dzisiejszych miast Chorz\u00f3w-Katowice-Ruda \u015al\u0105ska<\/li>\n<li>od 2007 roku bierze udzia\u0142 w projekcie \u201eOcali\u0107 od zapomnienia\u201d, kt\u00f3rego celem jest stworzenie fotograficznej dokumentacji istniej\u0105cych i likwidowanych zak\u0142ad\u00f3w przemys\u0142owych na terenie G\u00f3rnego \u015al\u0105ska, Zag\u0142\u0119bia D\u0105browskiego i Zag\u0142\u0119bia Jaworznicko-Chrzanowskiego; od 2011 roku jest g\u0142\u00f3wnym koordynatorem projektu<\/li>\n<li>bierze udzia\u0142 r\u00f3wnie\u017c w projektach \u201eDziadek z Wehrmachtu\u201d (warsztaty teoretyczne po\u0142\u0105czone ze spotkaniami z historykami badaj\u0105cymi problematyk\u0119 wciele\u0144 do armii niemieckiej w okresie II wojny \u015bwiatowej),<\/li>\n<li>cz\u0142onek Komitetu Organizacyjnego jubileuszu 650 lat Koch\u0142owic i grupy inicjatywnej projektu<\/li>\n<li>autor pi\u0119tnastu artyku\u0142\u00f3w naukowych oraz jedenastu popularnonaukowych<\/li>\n<li>czynny uczestnik trzynastu konferencji naukowych, a organizator lub wsp\u00f3\u0142organizator sze\u015bciu<\/li>\n<li>od 2007 roku w Studenckim Kole Naukowym Historyk\u00f3w oraz w Stowarzyszeniu Genius Loci \u2013 Duch Miejsca Ruda \u015al\u0105ska<\/li>\n<li>od 2002 roku ratownik Wodnego Ochotniczego Pogotowia Ratunkowego, oddzia\u0142 miejski Ruda \u015al\u0105ska<\/li>\n<li>jego zainteresowania to historia gospodarcza \u015al\u0105ska ze szczeg\u00f3lnym uwzgl\u0119dnieniem okresu XIX \u2013 XX wiek, archiwistyka, podr\u00f3\u017ce, lektura dobrej ksi\u0105\u017cki<\/li>\n<li>uko\u0144czy\u0142 III Liceum Og\u00f3lnokszta\u0142c\u0105ce im. Jana Paw\u0142a II w Rudzie \u015al\u0105skiej \u2013 Koch\u0142owicach<\/li>\n<li>rodzinna miejscowo\u015b\u0107: Ruda \u015al\u0105ska<\/li>\n<\/ul>\n<div class=\"mt-3\"><\/div>\r\n                            <\/div>\r\n                            \r\n                            <div class=\"text-modules__img\"><img src=\"https:\/\/us.edu.pl\/student\/wp-content\/uploads\/sites\/3\/Nieprzypisane\/Smierz-Marcin1.jpg\" alt=\"img\"><\/div>\r\n                        <\/div>\r\n                    <\/div>\r\n                <\/div>\r\n                <div class=\"text-modules reverse\">\r\n                    <div class=\"container\">\r\n                        <h3 class=\"section-title section-title_border-bottom\">Magdalena Uchnast<\/h3> \r\n                        <div class=\"row m-0\">\r\n                            <div class=\"text-modules__content\">\r\n                                <\/p>\n<ul>\n<li>21 maja 2012 r. otrzyma\u0142a Wyr\u00f3\u017cnienie Jego Magnificencji Rektora U\u015a za osi\u0105gni\u0119cia w dzia\u0142alno\u015bci spo\u0142ecznej<\/li>\n<li>studentka kulturoznawstwa na Wydziale Filologicznym (specjalno\u015b\u0107 komunikacja spo\u0142eczna)<\/li>\n<li>studiuje tak\u017ce histori\u0119 sztuki na Wydziale Nauk Spo\u0142ecznych<\/li>\n<li>pe\u0142ni funkcj\u0119 Koordynatora ds. promocji Juwenali\u00f3w \u015al\u0105skich 2012, jest jednocze\u015bnie rzecznikiem prasowym tej\u017ce imprezy, wsp\u00f3\u0142pracuj\u0105c \u015bci\u015ble z mediami; stworzy\u0142a strategie promocyjne oraz kampanie reklamowe Juwenali\u00f3w, pozyska\u0142a patron\u00f3w medialnych i honorowych, jest odpowiedzialna za projekty gad\u017cet\u00f3w promocyjnych imprezy<\/li>\n<li>jest tak\u017ce Koordynatorem ds. promocji tegorocznych Juwenali\u00f3w Zag\u0142\u0119biowskich i rzecznikiem prasowym tej imprezy<\/li>\n<li>nawi\u0105za\u0142a wsp\u00f3\u0142prac\u0119 z Wydzia\u0142ami Promocji i Informacji miast Sosnowca i Katowic<\/li>\n<li>organizator g\u0142\u00f3wny Gali Lauru Studenckiego 2011, kt\u00f3ra mia\u0142a miejsce 20 stycznia 2012 roku; pozyska\u0142a sponsor\u00f3w tej\u017ce imprezy, i wsp\u00f3\u0142pracowa\u0142a z mediami na rzecz organizacji tego presti\u017cowego wydarzenia<\/li>\n<li>by\u0142a g\u0142\u00f3wnym organizatorem II oraz III Balu Studenta Uniwersytetu \u015al\u0105skiego<\/li>\n<li>od 2009 roku czynna cz\u0142onkini Samorz\u0105du Studenckiego Uniwersytetu \u015al\u0105skiego, a od listopada 2010 roku Przewodnicz\u0105ca Komisji Promocji URSS<\/li>\n<li>komisja, kt\u00f3rej przewodzi wsp\u00f3\u0142organizowa\u0142a niemal wszystkie imprezy kulturalne znajduj\u0105ce si\u0119 w kalendarzu wydarze\u0144 firmowanych przez Samorz\u0105d Studencki, takie jak: FAZA Festiwal, Festiwal Nauki czy Otrz\u0119siny<\/li>\n<li>wsp\u00f3\u0142organizowa\u0142a szkolenie otwarte dla student\u00f3w U\u015a z dziedziny PR, prowadzone przez profesora Uniwersytetu Kijowskiego, organizowa\u0142a te\u017c niejednokrotnie szkolenia dla nowych cz\u0142onk\u00f3w samorz\u0105du studenckiego<\/li>\n<li>uczestniczy\u0142a w kilku og\u00f3lnopolskich konferencjach i zjazdach Parlamentu Student\u00f3w Rzeczypospolitej Polskiej<\/li>\n<li>cz\u0142onkini Ko\u0142a Naukowego MOSTY<\/li>\n<li>jej zainteresowania to event management, PR i marketing, kultura brytyjska, moda i sztuka (w szczeg\u00f3lno\u015bci malarstwo prerafaelit\u00f3w)<\/li>\n<li>uko\u0144czy\u0142a IV Liceum Og\u00f3lnokszta\u0142c\u0105ce im. Stanis\u0142awa Staszica w Sosnowcu<\/li>\n<li>rodzinna miejscowo\u015b\u0107: Katowice<\/li>\n<\/ul>\n<div class=\"mt-3\"><\/div>\r\n                            <\/div>\r\n                            \r\n                            <div class=\"text-modules__img\"><img src=\"https:\/\/us.edu.pl\/student\/wp-content\/uploads\/sites\/3\/2019\/10\/Uchnast-Magdalena1.jpg\" alt=\"img\"><\/div>\r\n                        <\/div>\r\n                    <\/div>\r\n                <\/div>[\/vc_column][\/vc_row]<\/p>","protected":false},"excerpt":{"rendered":"<p>[vc_row el_class=&#8221;container&#8221;][vc_column el_class=&#8221;container&#8221;][\/vc_column][\/vc_row] [&#8230;]<\/p>\n<p><a class=\"btn btn-secondary understrap-read-more-link\" href=\"https:\/\/us.edu.pl\/student\/dzialalnosc-studencka\/wyroznienia-jm-rektora-us\/laureaci-poprzednich-edycji\/laureaci-2012\/student\/\">Read More&#8230;<\/a><\/p>\n","protected":false},"author":1,"featured_media":0,"parent":5913,"menu_order":0,"comment_status":"closed","ping_status":"closed","template":"","meta":{"_expiration-date-status":"","_expiration-date":0,"_expiration-date-type":"","_expiration-date-categories":[],"_expiration-date-options":[]},"acf":[],"_links":{"self":[{"href":"https:\/\/us.edu.pl\/student\/wp-json\/wp\/v2\/pages\/6572"}],"collection":[{"href":"https:\/\/us.edu.pl\/student\/wp-json\/wp\/v2\/pages"}],"about":[{"href":"https:\/\/us.edu.pl\/student\/wp-json\/wp\/v2\/types\/page"}],"author":[{"embeddable":true,"href":"https:\/\/us.edu.pl\/student\/wp-json\/wp\/v2\/users\/1"}],"replies":[{"embeddable":true,"href":"https:\/\/us.edu.pl\/student\/wp-json\/wp\/v2\/comments?post=6572"}],"version-history":[{"count":0,"href":"https:\/\/us.edu.pl\/student\/wp-json\/wp\/v2\/pages\/6572\/revisions"}],"up":[{"embeddable":true,"href":"https:\/\/us.edu.pl\/student\/wp-json\/wp\/v2\/pages\/5913"}],"wp:attachment":[{"href":"https:\/\/us.edu.pl\/student\/wp-json\/wp\/v2\/media?parent=6572"}],"curies":[{"name":"wp","href":"https:\/\/api.w.org\/{rel}","templated":true}]}}