{"id":6035,"date":"2021-09-30T15:58:18","date_gmt":"2021-09-30T13:58:18","guid":{"rendered":"https:\/\/us.edu.pl\/szkola-doktorska\/?page_id=6035"},"modified":"2021-11-05T13:52:12","modified_gmt":"2021-11-05T12:52:12","slug":"plan-zajec-semestr-zimowy-ii-rok-2021","status":"publish","type":"page","link":"https:\/\/us.edu.pl\/szkola-doktorska\/harmonogram-zajec-semestr-zimowy-2021-2022\/plan-zajec-semestr-zimowy-ii-rok-2021\/","title":{"rendered":"Plan zaj\u0119\u0107 &#8211; semestr zimowy &#8211; II rok SD"},"content":{"rendered":"<p>[vc_row][vc_column]\r\n                <div class=\"text-modules \">\r\n                    <div class=\"container\">\r\n                        <h3 class=\"section-title section-title_border-bottom\">Seminarium doktorskie i tutoring<\/h3> \r\n                        <div class=\"row m-0\">\r\n                            <div class=\"text-modules__content\">\r\n                                Zaj\u0119cia indywidualne (seminarium, tutoring) realizowane s\u0105 zgodnie ze zg\u0142oszeniami. O formie zaj\u0119\u0107 i kryteriach zaliczenia decyduj\u0105 wsp\u00f3lnie prowadz\u0105cy i doktorant. Je\u017celi co\u015b wymaga poprawy w USOS &#8211; <a href=\"mailto:agnieszka.filipowska@us.edu.pl\">zg\u0142o\u015b to<\/a>.<\/p>\n<p>Wi\u0119cej na temat tutoringu: <a href=\"\/szkola-doktorska\/ksztalcenie-indywidualne\/tutoring\/\">tutoring ekspercki w Szkole Doktorskiej<\/a> \r\n                                <div class=\"mt-3\"><\/div>\r\n                            <\/div>\r\n                            \r\n                            <div class=\"text-modules__img\"><img src=\"https:\/\/us.edu.pl\/szkola-doktorska\/wp-content\/uploads\/sites\/50\/2019\/11\/apple-256268_1920-300x199.jpg\" alt=\"img\"><\/div>\r\n                        <\/div>\r\n                    <\/div>\r\n                <\/div>\r\n                <div class=\"text-modules \">\r\n                    <div class=\"container\">\r\n                        <h3 class=\"section-title section-title_border-bottom\">Academic English<\/h3> <h3 class=\"subtitle text-modules__subtitle\">60 godzin (30 w semestrze zimowym i 30 w semestrze letnim), 4 ECTS<\/h3>\r\n                        <div class=\"row m-0\">\r\n                            <div class=\"text-modules__content\">\r\n                                Zaj\u0119cia prowadzone w formie zdalne, z u\u017cyciem MS Teams. Prowadz\u0105cy kontaktuj\u0105 si\u0119 z doktorantami i ustalaj\u0105 form\u0119 komunikacji. Zaj\u0119cia dla wszystkich doktorant\u00f3w, w tym wdro\u017ceniowych i obcoj\u0119zycznych.<\/p>\n<p>Zaj\u0119cia w podziale na dyscypliny, realizowane blokach trzygodzinnych od 13 pa\u017adziernika do 22 grudnia. Wi\u0119cej: <a href=\"\/szkola-doktorska\/harmonogram-roku-akademickiego-2021-2022\/\">harmonogram roku akademickiego<\/a>.<\/p>\n<p>Zaj\u0119cia nie wymagaj\u0105 logowania. Doktoranci przydzielani s\u0105 do grup zgodnie z dyscyplin\u0105 &#8211; ewentualne zmiany nale\u017cy om\u00f3wi\u0107 z prowadz\u0105cymi.<\/p>\n<p><strong>Obszar nauk \u015bcis\u0142ych i przyrodniczych oraz in\u017cynieryjno-technicznych<\/strong><\/p>\n<ul>\n<li>nauki fizyczne, in\u017cynieria materia\u0142owa &#8211; dr hab. Anna Bajorek, prof. U\u015a, dr hab. Dariusz Kajewski \u2013 \u015broda, 9:45-12:00<\/li>\n<li>nauki chemiczne &#8211; dr Alexander Lowe, \u015broda, 9:00-11:15<\/li>\n<li>nauki biologiczne, nauki o Ziemi i \u015brodowisku \u2013 dr hab. Alexander Betekhtin, prof. U\u015a \u2013 \u015broda, 8:45-11:15<\/li>\n<li>matematyka, informatyka techniczna i telekomunikacja \u2013 dr in\u017c. Przemys\u0142aw Kud\u0142acik, dr Thomas Z\u00fcrcher \u2013 \u015broda, 15:30-17:45<\/li>\n<\/ul>\n<p><strong>Obszar nauk humanistycznych, nauk teologicznych i sztuki<\/strong><\/p>\n<ul>\n<li>literaturoznawstwo, nauki o kulturze i religii, sztuki filmowe i teatralne \u2013 dr Aleksandra Musia\u0142, dr Nina Augustynowicz \u2013 \u015broda, 17:00-19:15 (dwie grupy podzielone ze wzgl\u0119du na poziom znajomo\u015bci j\u0119zyka)<\/li>\n<li>j\u0119zykoznawstwo \u2013 dr hab. Krystyna Warcha\u0142, prof. U\u015a \u2013 \u015brody, 9:45-12:00<\/li>\n<li>filozofia, historia \u2013 dr hab. Piotr Machura, prof. U\u015a \u2013 \u015brody 13:45-16:00<\/li>\n<\/ul>\n<p><strong>Obszar nauk spo\u0142ecznych<\/strong><\/p>\n<ul>\n<li>nauki prawne \u2013 mgr Joanna Jakubiec-Bontko \u2013 \u015brody, 11:30-13:00, pozosta\u0142e 45 minut realizowane w formie e-learningu<\/li>\n<li>pedagogika, psychologia \u2013 dr Wojciech Kruszelnicki \u2013 \u015brody, 12:00-14:15<\/li>\n<li>nauki o polityce i administracji, nauki socjologiczne \u2013 dr Robert Radek \u2013 \u015brody, 8:30-12:15<\/li>\n<li>nauki o komunikacji spo\u0142ecznej i mediach \u2013 dr Sylwia Szostak \u2013 \u015brody, 9:45-12:00<\/li>\n<\/ul>\n<div class=\"mt-3\"><\/div>\r\n                            <\/div>\r\n                            \r\n                            <div class=\"text-modules__img\"><img src=\"https:\/\/us.edu.pl\/szkola-doktorska\/wp-content\/uploads\/sites\/50\/Nieprzypisane\/pexels-pixabay-415071-300x178.jpg\" alt=\"img\"><\/div>\r\n                        <\/div>\r\n                    <\/div>\r\n                <\/div>\r\n                <div class=\"text-modules \">\r\n                    <div class=\"container\">\r\n                        <h3 class=\"section-title section-title_border-bottom\">Prawo w\u0142asno\u015bci intelektualnej i prawo autorskie<\/h3> <h3 class=\"subtitle text-modules__subtitle\">15 godzin, 2 ECTS<\/h3>\r\n                        <div class=\"row m-0\">\r\n                            <div class=\"text-modules__content\">\r\n                                Zaj\u0119cia prowadzone w bezpo\u015brednim kontakcie, w podziale na obszary. Oddzielne zaj\u0119cia dla doktorant\u00f3w wdro\u017ceniowych i zaj\u0119cia po angielsku \u2013 prowadzone zdalnie.<\/p>\n<p>Nie ma rejestracji na te zaj\u0119cia \u2013 doktoranci przypisywani s\u0105 do grup wed\u0142ug dyscypliny (oddzielnie osoby niepolskoj\u0119zyczne i doktoranci wdro\u017ceniowi). Ewentualne zmiany w grupie (np. przeniesienie do grupy angloj\u0119zycznej) nale\u017cy uzgodni\u0107 z prowadz\u0105cym i nast\u0119pnie zg\u0142osi\u0107 do biura Szko\u0142y Doktorskiej (<a href=\"mailto:agnieszka.filipowska@us.edu.pl\">agnieszka.filipowska@us.edu.pl<\/a>).<\/p>\n<p>&nbsp;<\/p>\n<p><strong>Obszar nauk \u015bcis\u0142ych i przyrodniczych oraz in\u017cynieryjno-technicznych<\/strong><\/p>\n<p>Dr hab. Anna Chor\u0105\u017cewska, prof. U\u015a<\/p>\n<ul>\n<li>pi\u0105tek 15 pa\u017adziernika 9:45-13:45 (Katowice)<\/li>\n<li>pi\u0105tek 22 pa\u017adziernika 9:45-13:45 (Katowice)<\/li>\n<li>pi\u0105tek 29 pa\u017adziernika 9:45-13:45 (Katowice)<\/li>\n<\/ul>\n<p><strong>Obszar nauk spo\u0142ecznych i obszar nauk humanistycznych, teologicznych i sztuki<\/strong> \u2013 zaj\u0119cia w semestrze letnim<\/p>\n<p><strong>Grupa angloj\u0119zyczna<\/strong> \u2013 dr hab. Marlena Jankowska, prof. U\u015a<\/p>\n<p>Wtorki od 19 pa\u017adziernika do 2 grudnia 19:00-20:30 online<\/p>\n<p><strong>Doktoranci wdro\u017ceniowi<\/strong> \u2013 dr hab. Anna Chor\u0105\u017cewska, prof. U\u015a<\/p>\n<p>Poniedzia\u0142ki od 11 pa\u017adziernika do 8 listopada, 16:30-19:45 online \r\n                                <div class=\"mt-3\"><\/div>\r\n                            <\/div>\r\n                            \r\n                            <div class=\"text-modules__img\"><img src=\"https:\/\/us.edu.pl\/szkola-doktorska\/wp-content\/uploads\/sites\/50\/Nieprzypisane\/wood-g586117a51_1280-300x210.jpg\" alt=\"img\"><\/div>\r\n                        <\/div>\r\n                    <\/div>\r\n                <\/div>\r\n                <div class=\"text-modules \">\r\n                    <div class=\"container\">\r\n                        <h3 class=\"section-title section-title_border-bottom\">Warsztaty doktoranckie - prezentacja planu badawczego<\/h3> <h3 class=\"subtitle text-modules__subtitle\">15 godzin, 2 ECTS<\/h3>\r\n                        <div class=\"row m-0\">\r\n                            <div class=\"text-modules__content\">\r\n                                Zaj\u0119cia w podziale na dyscypliny, dla wszystkich doktorant\u00f3w, w tym wdro\u017ceniowych i niepolskoj\u0119zycznych. Grupa sk\u0142ada si\u0119 z doktorant\u00f3w jednej lub kilku dyscyplin i prowadzona jest przez badaczy z tych dyscyplin. W przypadku grup sk\u0142adaj\u0105cych si\u0119 z kilku dyscyplin, prowadz\u0105cy uczestnicz\u0105 w zaj\u0119ciach na zmian\u0119. Wszyscy doktoranci uczestnicz\u0105 we wszystkich spotkaniach &#8211; doktoranci z dyscypliny odpowiedniej do prowadz\u0105cego \u0107wicz\u0105 swoje umiej\u0119tno\u015bci prezentacyjne, a pozostali s\u0105 aktywn\u0105 publiczno\u015bci\u0105.<\/p>\n<p><strong>Obszar nauk \u015bcis\u0142ych i przyrodniczych oraz in\u017cynieryjno-technicznych<\/strong><\/p>\n<ul>\n<li>nauki fizyczne &#8211; dr hab. Seweryn Kowalski, prof. U\u015a &#8211; pi\u0105tki od 19 listopada do 10 grudnia, godz. 11:30, MS Teams<\/li>\n<li>nauki biologiczne &#8211; dr hab. Damian Gruszka, prof. U\u015a &#8211; pi\u0105tki od 5 listopada do 3 grudnia, godz. 9:45-13:00, Katowice, Jagiello\u0144ska, sala C-244 (sala seminaryjna\u00a0Zespo\u0142u Genetyki i Genomiki Funkcjonalnej Ro\u015blin)<\/li>\n<li>nauki o Ziemi i \u015brodowisku &#8211; dr hab. Marek Ruman, prof. U\u015a &#8211; pi\u0105tki od 5 listopada do 3 grudnia, godz. 15:30-18:30, Sosnowiec, B\u0119dzi\u0144ska 60 (WNP), sala 103A<\/li>\n<li>in\u017cynieria materia\u0142owa, matematyka, informatyka techniczna, nauki chemiczne &#8211; prof. dr hab Micha\u0142 Baczy\u0144ski (matematyka i informatyka techniczna), dr hab. J\u00f3zef Deniszczyk, prof. U\u015a (in\u017cynieria materia\u0142owa), prof. dr hab. Wojciech Pisarski (chemia) &#8211; wed\u0142ug harmonogramu:<\/li>\n<\/ul>\n<p style=\"text-align: center;\">poniedzia\u0142ki, Katowice, Bankowa 14, sala 409<br \/>\n15 listopada 15:30-18:30 WP, MB, JD<br \/>\n22 listopada 15:30-18:30 WP<br \/>\n29 listopada 15:30-18:30 WP, MB<br \/>\n6 grudnia 15:30-18:00 JD<\/p>\n<p><strong>Obszar nauk humanistycznych, nauk teologicznych i sztuki<\/strong><\/p>\n<ul>\n<li style=\"text-align: left;\">literaturoznawstwo &#8211; dr hab. Piotr Bogalecki (polonistyczne), dr hab Rafa\u0142 Borys\u0142awski, prof. U\u015a (anglistyczne), dr hab. Joanna Warmuzi\u0144ska-Rog\u00f3\u017c, prof. U\u015a (romanistyczne), wed\u0142ug harmonogramu:<\/li>\n<\/ul>\n<p style=\"text-align: center;\">poniedzia\u0142ki, Katowice, Bankowa 14, sala 409<br \/>\n11 pa\u017adziernika 9:45-11:15 PB<br \/>\n8 listopada 9:45-13:00 PB<br \/>\n15 listopada 9:45-13:00 PB<br \/>\n22 listopada 9:45-13:00 RB<br \/>\n29 listopada 9:45-11:15 JWR<\/p>\n<ul>\n<li>j\u0119zykoznawstwo &#8211; prof. dr hab. Aldona Skudrzyk (polonistyczne), prof. dr hab. Piotr Fast (rusycystyczne, s\u0142owia\u0144skie), dr hab. Ma\u0142gorzata P\u0142omi\u0144ska (germanistyczne), dr hab. Konrad Szcze\u015bniak (anglistyczne), wed\u0142ug nast\u0119puj\u0105cego harmonogramu:<\/li>\n<\/ul>\n<p style=\"text-align: center;\">Katowice, Bankowowa 14<br \/>\npi\u0105tek 5 listopada 9:45-13:00 KS &#8211; sala 409<br \/>\npi\u0105tek 19 listopada 9:45-13:00 KS &#8211; sala 409<br \/>\npi\u0105tek 26 listopada 9:45-13:00 PF i MP &#8211; sala 409<br \/>\nponiedzia\u0142ek 29 listopada 13:45-17:00 AS &#8211; sala 319 (sala w remoncie nie ma jej jeszcze w USOS)<\/p>\n<ul>\n<li>nauki o kulturze i religii, sztuki filmowe i teatralne &#8211; dr Adam Pisarek (nauki o kulturze i religii), prof. Bogdan Dziworski (sztuki filmowe i teatralne), wed\u0142ug nast\u0119puj\u0105cego harmonogramu:<\/li>\n<\/ul>\n<p style=\"text-align: center;\">poniedzia\u0142ki, Katowice<br \/>\n11 pa\u017adziernika 13:45-15:15 AP, Bankowa 14, sala 410<br \/>\n18 pa\u017adziernika 13:45-15:15 AP, Bankowa 14, sala 410<br \/>\n8 listopada 13:45-17:00 AP, Bankowa 14, sala 410<br \/>\n15 listopada 13:45-17:00 AP, Bankowa 14, sala 410<br \/>\n3 grudnia 11:30-13:00 BD, Szko\u0142a Filmowa, \u015bw. Paw\u0142a 3, sala 1.08<\/p>\n<ul>\n<li>historia, filozofia &#8211; prof. dr hab. Ryszard Kaczmarek (historia), prof. dr hab. Krzysztof Wieczorek (filozofia), wed\u0142ug nast\u0119puj\u0105cego harmonogramu:<\/li>\n<\/ul>\n<p style=\"text-align: center;\">poniedzia\u0142ki, Katowice, Bankowa 14, sala 410<br \/>\n11.10 13:45-17:00 RK<br \/>\n18.10 13:45-17:00 RK<br \/>\n22.11 13:45-17:00 KW<br \/>\n29.11 13:45-17:00 KW<\/p>\n<p><strong>Obszar nauk spo\u0142ecznych<\/strong><\/p>\n<ul>\n<li>nauki prawne, grupa 1* &#8211; dr hab. Piotr Pinior, prof. U\u015a &#8211; zaj\u0119cia wed\u0142ug nast\u0119puj\u0105cego harmonogramu:<\/li>\n<\/ul>\n<p style=\"text-align: center;\">pi\u0105tki, Katowice, WPiA, sala 19<br \/>\n5 listopada 11:30-13:45<br \/>\n19 listopada 11:30-13:45<br \/>\n26 listopada 11:30-13:45<br \/>\n3 grudnia 11:30-13:45<br \/>\n10 grudnia 11:30-13:45<\/p>\n<ul>\n<li>nauki prawne, grupa 2* &#8211; dr hab. Piotr Pinior, prof. U\u015a &#8211; zaj\u0119cia wed\u0142ug nast\u0119puj\u0105cego harmonogramu:<\/li>\n<\/ul>\n<p style=\"text-align: center;\">poniedzia\u0142ki, Katowice, WPiA, sala 2.25<br \/>\n25 pa\u017adziernika 16:30-18:45<br \/>\n15 listopada 16:30-18:45<br \/>\n22 listopada 16:30-18:45<br \/>\n29 listopada 16:30-18:45<br \/>\n6 grudnia 16:30-18:45<\/p>\n<p>* &#8211; doktoranci nauk prawnych b\u0119d\u0105 wybiera\u0107 grupy w rejestracji, przy czym pierwsze\u0144stwo do wyboru grupy maj\u0105 doktoranci wdro\u017ceniowi<\/p>\n<ul>\n<li>nauki o polityce i administracji, nauki o komunikacji spo\u0142ecznej i mediach, nauki socjologiczne &#8211; dr hab. Damian Guzek, prof. U\u015a (nauki o komunikacji), dr hab. Ma\u0142gorzata My\u015bliwiec, prof. U\u015a (nauki o polityce), dr hab. Tomasz Nawrocki, prof. U\u015a (nauki socjologiczne) ,wed\u0142ug nast\u0119puj\u0105cego harmonogramu:<\/li>\n<\/ul>\n<p style=\"text-align: center;\">poniedzia\u0142ki, Katowice, Bankowa 14<br \/>\n22 listopada 9:45-13:00 MM &#8211; sala 410<br \/>\n29 listopada 9:45-13:00 MM &#8211; sala 319 (sala w remoncie nie ma jej jeszcze w USOS)<br \/>\n06 grudnia 9:45-13:00 MM i DG, sala 409<br \/>\n13 grudnia 11:30-15:15 DG i TN, sala 409<\/p>\n<ul>\n<li>pedagogika, psychologia &#8211; prof. dr hab. Ewa Jarosz (pedagogika), prof. dr hab. Barbara Ko\u017cusznik (psychologia), wed\u0142ug nast\u0119puj\u0105cego harmonogramu:<\/li>\n<\/ul>\n<p style=\"text-align: center;\">poniedzia\u0142ki, Katowice, Gra\u017cy\u0144skiego 53, sala 341<br \/>\n15.11 14:00-17.00 EJ<br \/>\n29.11 14:00-17:00 EJ<\/p>\n<p style=\"text-align: center;\">poniedzia\u0142ki, Katowice, Bankowa 14, sala 410<br \/>\n06.12 9:45-13:00 BK<br \/>\n13.12 9:45-13:00 BK<\/p>\n<div class=\"mt-3\"><\/div>\r\n                            <\/div>\r\n                            \r\n                            <div class=\"text-modules__img\"><img src=\"https:\/\/us.edu.pl\/szkola-doktorska\/wp-content\/uploads\/sites\/50\/Nieprzypisane\/tools-1083796_640-300x225.jpg\" alt=\"img\"><\/div>\r\n                        <\/div>\r\n                    <\/div>\r\n                <\/div>[\/vc_column][\/vc_row]<\/p>","protected":false},"excerpt":{"rendered":"<p>[vc_row][vc_column][\/vc_column][\/vc_row] [&#8230;]<\/p>\n<p><a class=\"btn btn-secondary understrap-read-more-link\" href=\"https:\/\/us.edu.pl\/szkola-doktorska\/harmonogram-zajec-semestr-zimowy-2021-2022\/plan-zajec-semestr-zimowy-ii-rok-2021\/\">Read More&#8230;<\/a><\/p>\n","protected":false},"author":42,"featured_media":0,"parent":6033,"menu_order":0,"comment_status":"closed","ping_status":"closed","template":"","meta":{"_expiration-date-status":"saved","_expiration-date":0,"_expiration-date-type":"","_expiration-date-categories":[],"_expiration-date-options":[]},"acf":[],"_links":{"self":[{"href":"https:\/\/us.edu.pl\/szkola-doktorska\/wp-json\/wp\/v2\/pages\/6035"}],"collection":[{"href":"https:\/\/us.edu.pl\/szkola-doktorska\/wp-json\/wp\/v2\/pages"}],"about":[{"href":"https:\/\/us.edu.pl\/szkola-doktorska\/wp-json\/wp\/v2\/types\/page"}],"author":[{"embeddable":true,"href":"https:\/\/us.edu.pl\/szkola-doktorska\/wp-json\/wp\/v2\/users\/42"}],"replies":[{"embeddable":true,"href":"https:\/\/us.edu.pl\/szkola-doktorska\/wp-json\/wp\/v2\/comments?post=6035"}],"version-history":[{"count":17,"href":"https:\/\/us.edu.pl\/szkola-doktorska\/wp-json\/wp\/v2\/pages\/6035\/revisions"}],"predecessor-version":[{"id":6241,"href":"https:\/\/us.edu.pl\/szkola-doktorska\/wp-json\/wp\/v2\/pages\/6035\/revisions\/6241"}],"up":[{"embeddable":true,"href":"https:\/\/us.edu.pl\/szkola-doktorska\/wp-json\/wp\/v2\/pages\/6033"}],"wp:attachment":[{"href":"https:\/\/us.edu.pl\/szkola-doktorska\/wp-json\/wp\/v2\/media?parent=6035"}],"curies":[{"name":"wp","href":"https:\/\/api.w.org\/{rel}","templated":true}]}}