{"id":6775,"date":"2022-02-01T14:29:32","date_gmt":"2022-02-01T13:29:32","guid":{"rendered":"https:\/\/us.edu.pl\/szkola-doktorska\/?page_id=6775"},"modified":"2022-02-07T09:10:12","modified_gmt":"2022-02-07T08:10:12","slug":"autoprezentacja-i-upowszechanie-badan-2021-2022","status":"publish","type":"page","link":"https:\/\/us.edu.pl\/szkola-doktorska\/harmonogram-zajec-semestr-letni-2021-2022\/plan-zajec-semestr-letni-ii-rok-2021-2022\/autoprezentacja-i-upowszechanie-badan-2021-2022\/","title":{"rendered":"Autoprezentacja i upowszechanie bada\u0144 2021\/2022"},"content":{"rendered":"<p>[vc_row][vc_column]\r\n                <div class=\"title-with-link color-white\" style=\"background: #002E5A\">\r\n                    <div class=\"container\">\r\n                        <div class=\"title-with-link-container \">\r\n                            <div class=\"title-with-link__title\"><span>Spotkanie z prowadz\u0105cymi zaj\u0119cia Autoprezentacja i upowszechnianie bada\u0144 - 7 lutego o godz. 12:00 - dla wszystkich doktorant\u00f3w<\/span><\/div>\r\n                            <a href=\"https:\/\/teams.microsoft.com\/l\/team\/19%3a3a068cfffec6470484da887a3fcd9cf7%40thread.tacv2\/conversations?groupId=996ec3e7-1116-4ff7-b470-56eb705bdf97&amp;tenantId=50c76291-0c80-4444-a2fb-4f8ab168c311\" class=\"title-with-link__link\">Do\u0142\u0105cz do zespo\u0142u<\/a>\r\n                        <\/div>\r\n                    <\/div>\r\n                <\/div>\r\n            \r\n                <div class=\"text-modules\">\r\n                    <div class=\"container\">\r\n                        <h3 class=\"page-title text__title\">Rejestracja na zaj\u0119cia<\/h3>\r\n                        <div class=\"text-modules__content\"><p>USOSweb &#8211; od wtorku 8 lutego godz. 17:00<\/p>\n<\/div>\r\n                    <\/div>\r\n                <\/div>\r\n                <div class=\"text-modules\">\r\n                    <div class=\"container\">\r\n                        <h3 class=\"page-title text__title\">Oferta zaj\u0119\u0107<\/h3>\r\n                        <div class=\"text-modules__content\"><\/div>\r\n                    <\/div>\r\n                <\/div><div class=\"container\"><div class=\"separator\" style=\"background-color: #002E5A\"><\/div><\/div>\r\n                <div class=\"text-modules \">\r\n                    <div class=\"container\">\r\n                        <h3 class=\"section-title section-title_border-bottom\">Rados\u0142aw Aksamit<\/h3> <h3 class=\"subtitle text-modules__subtitle\">Wydzia\u0142 Nauk Spo\u0142ecznych, Centrum Medialne U\u015a, rzecznik prasowy i organizator \u015al\u0105skiego Festiwalu Nauki<\/h3>\r\n                        <div class=\"row m-0\">\r\n                            <div class=\"text-modules__content\">\r\n                                <strong>Zaj\u0119cia w zakresie popularyzacji nauki: organizacja wydarze\u0144 + wykorzystanie studia telewizyjnego.\u00a0<\/strong><\/p>\n<p><strong>1. Czego mo\u017cesz si\u0119 nauczy\u0107?<\/strong><\/p>\n<ul>\n<li>podstawowych zasady organizacji wydarze\u0144 naukowych i popularnonaukowych<\/li>\n<li>zagadnie\u0144 zwi\u0105zanych z zasadami kontaktu z dzia\u0142ami administracji U\u015a w zakresie realizacji wydarze\u0144 online i onsite<\/li>\n<li>zasad organizacji wydarze\u0144 online (tak\u017ce od strony realizacji technicznej)<\/li>\n<li>wsp\u00f3\u0142pracy z podwykonawcami<\/li>\n<li>budowania programu wydarzenia w zale\u017cno\u015bci od grup docelowych i wymog\u00f3w lokalizacji<\/li>\n<li>zasad promocji wydarze\u0144 z wykorzystaniem medi\u00f3w klasycznych i nowych medi\u00f3w<\/li>\n<li>realizacji materia\u0142\u00f3w informacyjnych i promocyjnych dla wydarzenia<\/li>\n<li>obs\u0142ugi patron\u00f3w medialnych<\/li>\n<li>zasad zwi\u0105zanych z zapewnieniem dost\u0119pno\u015bci dla os\u00f3b z niepe\u0142nosprawno\u015bci\u0105 (m.in. wymogi WCAG oraz zasady zwi\u0105zane z ustaw\u0105 o dost\u0119pno\u015bci cyfrowej)<\/li>\n<li>nawi\u0105zywania komunikacji z zagranicznymi o\u015brodkami naukowymi<\/li>\n<li>wsp\u00f3\u0142pracy z ambasadorami i go\u015b\u0107mi specjalnymi wydarzenia<\/li>\n<li>podstaw wykorzystania studia telewizyjnego do realizacji prostych nagra\u0144 video<\/li>\n<li>podstaw pracy z wykorzystaniem kamer studyjnych (kadrowanie, ekspozycja)<\/li>\n<li>podstawy pracy z o\u015bwietleniem studyjnym<\/li>\n<li>podstawy pracy z nag\u0142o\u015bnieniem studyjnym<\/li>\n<\/ul>\n<p><strong>2. Zasady organizacji zaj\u0119\u0107:<\/strong><\/p>\n<ul>\n<li>zaj\u0119cia o charakterze wyk\u0142adowym\n<ul>\n<li>przedstawienie zasad zwi\u0105zanych z organizacj\u0105 wydarze\u0144 naukowych i popularnonaukowych<\/li>\n<\/ul>\n<\/li>\n<li>zaj\u0119cia o charakterze warsztatowym\n<ul>\n<li>praca w studiu telewizyjnym<\/li>\n<li>realizacja indywidualnych nagra\u0144 popularyzuj\u0105cych prowadzone badania<\/li>\n<\/ul>\n<\/li>\n<\/ul>\n<p>Decyzj\u0119 o ostatecznej formie zaj\u0119\u0107 podejmuj\u0105 uczestnicy wsp\u00f3lnie z prowadz\u0105cym.<\/p>\n<p><strong>3. Program zaj\u0119\u0107<\/strong><\/p>\n<p>Zaj\u0119cia 1 &#8211; spotkanie konsultacyjno-wyk\u0142adowe (3 godziny) \u2013 zaj\u0119cia online lub kontaktowe<\/p>\n<ul>\n<li>ustalenie potrzeb uczestnik\u00f3w w zakresie wiedzy i umiej\u0119tno\u015bci zw. z popularyzacj\u0105 nauki<\/li>\n<li>ustalenie formy zaj\u0119\u0107<\/li>\n<li>podstawowe zasady organizacji wydarze\u0144 naukowych i popularnonaukowych<\/li>\n<li>zagadnie\u0144 zwi\u0105zanyc z zasadami kontaktu z dzia\u0142ami administracji U\u015a w zakresie realizacji wydarze\u0144 online<\/li>\n<li>zasad organizacji wydarze\u0144 online (tak\u017ce od strony realizacji technicznej)<\/li>\n<li>wsp\u00f3\u0142pracy z podwykonawcami<\/li>\n<li>budowania programu wydarzenia w zale\u017cno\u015bci od grup docelowych i wymog\u00f3w lokalizacji<\/li>\n<li>pytania uczestnik\u00f3w<\/li>\n<\/ul>\n<p>Zaj\u0119cia 2 &#8211; spotkanie wyk\u0142adowe (3 godziny) \u2013 zaj\u0119cia online lub kontaktowe<\/p>\n<ul>\n<li>zasady promocji wydarze\u0144 z wykorzystaniem medi\u00f3w klasycznych i nowych medi\u00f3w<\/li>\n<li>realizacja materia\u0142\u00f3w marketingowych i promocyjnych dla wydarzenia<\/li>\n<li>obs\u0142uga patronat\u00f3w medialnych<\/li>\n<li>zasad zwi\u0105zanych z zapewnieniem dost\u0119pno\u015bci dla os\u00f3b z niepe\u0142nosprawno\u015bci\u0105 (m.in. wymogi WCAG oraz zasady zwi\u0105zane z ustaw\u0105 o dost\u0119pno\u015bci cyfrowej)<\/li>\n<li>nawi\u0105zywanie komunikacji z zagranicznymi o\u015brodkami naukowymi<\/li>\n<li>wsp\u00f3\u0142praca z ambasadorami i go\u015b\u0107mi specjalnymi wydarzenia<\/li>\n<li>pytania uczestnik\u00f3w<\/li>\n<\/ul>\n<p>Zaj\u0119cia 3 &#8211; spotkanie warsztatowe (w zale\u017cno\u015bci od wyboru opcji realizacji zaj\u0119\u0107; 3 godziny) \u2013 zaj\u0119cia kontaktowe<\/p>\n<ul>\n<li>podstaw wykorzystania studia telewizyjnego do realizacji prostych nagra\u0144 video<\/li>\n<li>podstaw pracy z wykorzystaniem kamer studyjnych (kadrowanie, ekspozycja)<\/li>\n<li>podstawy pracy z o\u015bwietleniem studyjnym<\/li>\n<li>podstawy pracy z nag\u0142o\u015bnieniem studyjnym<\/li>\n<\/ul>\n<p>Zaj\u0119cia 4+5 \u2013 spotkanie warsztatowe (po 3 godziny) \u2013 zaj\u0119cia kontaktowe<\/p>\n<ul>\n<li>realizacja indywidualnych nagra\u0144 uczestnik\u00f3w na temat prowadzonych przez nich bada\u0144<\/li>\n<\/ul>\n<p>&nbsp;<\/p>\n<p>Termin zaj\u0119\u0107: 5 spotka\u0144 po 3 godziny; poniedzia\u0142ki od 13:45 &#8211; pierwsze spotkanie 28 lutego \r\n                                <div class=\"mt-3\"><\/div>\r\n                            <\/div>\r\n                            \r\n                            <div class=\"text-modules__img\"><img src=\"https:\/\/us.edu.pl\/szkola-doktorska\/wp-content\/uploads\/sites\/50\/Nieprzypisane\/IMG_8381-1024x683.jpg\" alt=\"img\"><\/div>\r\n                        <\/div>\r\n                    <\/div>\r\n                <\/div>\r\n                <div class=\"text-modules \">\r\n                    <div class=\"container\">\r\n                        <h3 class=\"section-title section-title_border-bottom\">dr Andrzej Boczarowski<\/h3> <h3 class=\"subtitle text-modules__subtitle\">Wydzia\u0142 Nauk Przyrodniczych, Jurapark Krasiej\u00f3w, paleontolog, grafik, muzealnik<\/h3>\r\n                        <div class=\"row m-0\">\r\n                            <div class=\"text-modules__content\">\r\n                                Popularyzacja wiedzy staje si\u0119 w obecnych czasach nakazem dla ka\u017cdego naukowca, aby zwr\u00f3ci\u0107 spo\u0142ecze\u0144stwu informacj\u0119 o tym, czego dotycz\u0105 badania naukowe konkretnych os\u00f3b, kt\u00f3re przecie\u017c zazwyczaj s\u0105 finansowane ze \u015brodk\u00f3w publicznych. Ale jest te\u017c mniej formalna kwestia z tym zwi\u0105zana. Rozbudzanie zainteresowania w\u015br\u00f3d m\u0142odzie\u017cy, prowokowanie ich do p\u00f3j\u015bcia na kierunkowe studia, a tak\u017ce zaspokajanie ciekawo\u015bci zwyk\u0142ych obywateli, dla kt\u00f3rych wiedza jest po prostu ciekawa.<\/p>\n<p>Autor zaj\u0119\u0107 podzieli si\u0119 z uczestnikami swoimi ca\u0142o\u017cyciowymi do\u015bwiadczeniami w tym zakresie, obejmuj\u0105cymi tworzenie ilustracji naukowej, filmu dokumentalnego (w tym obrazu 3D stereo), audycji telewizyjnych i radiowych, wystaw muzealnych i park\u00f3w plenerowych, wywiad\u00f3w do prasy codziennej i \u2013 to co najwa\u017cniejsze \u2013 zaimplementowania wiedzy w podr\u0119cznikach szkolnych.<\/p>\n<p>Terminy zaj\u0119\u0107: 5 spotka\u0144 po 3 godziny, poniedzia\u0142ki od 7 marca, godz. 13.00-15.15, zaj\u0119cia na miejscu (Katowice)<\/p>\n<p><em>zobacz film przygotowany przez prowadz\u0105cego &#8211; poni\u017cej<\/em> \r\n                                <div class=\"mt-3\"><\/div>\r\n                            <\/div>\r\n                            \r\n                            <div class=\"text-modules__img\"><img src=\"https:\/\/us.edu.pl\/szkola-doktorska\/wp-content\/uploads\/sites\/50\/Nieprzypisane\/Za\u0142\u0105cznik-bez-tytu\u0142u-00285-1024x768.jpg\" alt=\"img\"><\/div>\r\n                        <\/div>\r\n                    <\/div>\r\n                <\/div>[vc_video link=&#8221;https:\/\/www.youtube.com\/watch?v=djHryOPp-2o&#8221; el_width=&#8221;70&#8243; align=&#8221;center&#8221; title=&#8221;dr Andrzej Boczarowski&#8221;]\r\n                <div class=\"text-modules \">\r\n                    <div class=\"container\">\r\n                        <h3 class=\"section-title section-title_border-bottom\">dr Jerzy Jarosz, prof. U\u015a<\/h3> <h3 class=\"subtitle text-modules__subtitle\">Wydzia\u0142 Nauk \u015acis\u0142ych i Technicznych, Uniwersytet \u015al\u0105ski Dziecki, fizyk, popularyzator nauki<\/h3>\r\n                        <div class=\"row m-0\">\r\n                            <div class=\"text-modules__content\">\r\n                                Oba poj\u0119cia tytu\u0142owe &#8211; autoprezentacja i upowszechnianie bada\u0144 &#8211; zwi\u0105zane s\u0105 ze \u015bwiadom\u0105 i efektywn\u0105 komunikacj\u0105. Zaj\u0119cia b\u0119d\u0105 w g\u0142\u00f3wnej mierze koncentrowa\u0142y si\u0119 na tej problematyce. Om\u00f3wimy zagadnienia zwi\u0105zane z mo\u017cliwo\u015bci\u0105 i wieloma sposobami komunikowania si\u0119, poznamy budow\u0119 komunikatu i najprostsze modele komunikacji.<\/p>\n<p>Poznamy tak\u017ce przeszkody i zak\u0142\u00f3cenia towarzysz\u0105ce ka\u017cdemu komunikatowi oraz sposoby s\u0142u\u017c\u0105ce ich eliminowaniu i u\u015bci\u015blaniu znacze\u0144 komunikatu. Przeanalizujemy tr\u00f3jk\u0105t semantyczny i zastanowimy si\u0119 czy 2+2 mo\u017ce nie r\u00f3wna\u0107 si\u0119 4.<\/p>\n<p>Na zaj\u0119ciach zajmiemy si\u0119 r\u00f3wnie\u017c komunikacj\u0105 zmys\u0142ow\u0105. Analizuj\u0105c zak\u0142\u00f3cenia wp\u0142ywaj\u0105ce na funkcjonowanie zmys\u0142\u00f3w na poziomie receptor\u00f3w i na poziomie przetwarzania informacji, poznamy ich specyfik\u0119 i przekonamy si\u0119, \u017ce \u017cyjemy w Matrixie.<\/p>\n<p>Zastanowimy si\u0119 nad mechanizmami percepcji i zapami\u0119tywania, poznamy rol\u0119 i znaczenie symboli, mem\u00f3w i kompetencji w procesie edukacji.<\/p>\n<p>Odpowiemy na pytanie jak pozyskiwa\u0107 uwag\u0119 s\u0142uchaczy i jak ni\u0105 kierowa\u0107. Przeanalizujemy rol\u0119 eksperymentu w edukacji oraz zaplanujemy, wykonamy i zinterpretujemy w\u0142asne eksperymenty s\u0142u\u017c\u0105ce potrzebom zaj\u0119\u0107.<\/p>\n<p>Na koniec poszukamy odniesie\u0144 poruszanych zagadnie\u0144 do pracy dydaktycznej, naukowej i do w\u0142asnej codzienno\u015bci badawczej.<\/p>\n<p>Termin zaj\u0119\u0107:<\/p>\n<p>5 spotka\u0144 po 3 godziny akademickie &#8211; poniedzia\u0142ki od 7 marca, godz. 11:30-13:45 \r\n                                <div class=\"mt-3\"><\/div>\r\n                            <\/div>\r\n                            \r\n                            <div class=\"text-modules__img\"><img src=\"https:\/\/us.edu.pl\/szkola-doktorska\/wp-content\/uploads\/sites\/50\/Nieprzypisane\/SFN-Dzie\u0144-pierwszy_0243-1024x917.jpg\" alt=\"img\"><\/div>\r\n                        <\/div>\r\n                    <\/div>\r\n                <\/div>\r\n                <div class=\"text-modules reverse\">\r\n                    <div class=\"container\">\r\n                        <h3 class=\"section-title section-title_border-bottom\">dr Marek Kaczmarzyk<\/h3> <h3 class=\"subtitle text-modules__subtitle\">Wydzia\u0142 Nauk Przyrodniczych, biolog i neurodydaktyk<\/h3>\r\n                        <div class=\"row m-0\">\r\n                            <div class=\"text-modules__content\">\r\n                                W swoich zaj\u0119ciach nacisk k\u0142ad\u0119 na znaczenie wiedzy oraz odpowiedzialno\u015b\u0107 jaka spoczywa na \u015bwiecie nauki, w warunkach \u0142atwego dost\u0119pu do informacji.<\/p>\n<p>Zmian\u0119 jaka zachodzi na naszych oczach w obszarze jako\u015bci dost\u0119pnej informacji, chcia\u0142bym pokaza\u0107 w aspekcie element\u00f3w biologicznego pod\u0142o\u017ca dystrybucji informacji, takich jak pami\u0119\u0107 oraz procesy percepcyjne, relacje pomi\u0119dzy racjonalnym a emocjonalnym postrzeganiem rzeczywisto\u015bci oraz pomi\u0119dzy czynnikami inherentnymi (genetycznymi) a \u015brodowiskowymi. Szczeg\u00f3lnie wa\u017cna jest z tej perspektywy posta\u0107 prowadz\u0105cego zaj\u0119cia wyk\u0142adowcy\/popularyzatora. Jedn\u0105 z osi naszych analiz b\u0119dzie tak\u017ce interpretacja memetyczna oraz podstawowe prawa selekcji i ewolucji informacji kulturowej.<\/p>\n<p>Termin zaj\u0119\u0107: 5 spotka\u0144 po 3 godziny akademickie, poniedzia\u0142ek 28 lutego do 28 marca, 16:00-18:15 online \r\n                                <div class=\"mt-3\"><\/div>\r\n                            <\/div>\r\n                            \r\n                            <div class=\"text-modules__img\"><img src=\"https:\/\/us.edu.pl\/szkola-doktorska\/wp-content\/uploads\/sites\/50\/Nieprzypisane\/IMG_8426-e1613729540919-683x1024.jpg\" alt=\"img\"><\/div>\r\n                        <\/div>\r\n                    <\/div>\r\n                <\/div>\r\n                <div class=\"text-modules \">\r\n                    <div class=\"container\">\r\n                        <h3 class=\"section-title section-title_border-bottom\">dr \u0141ukasz Lam\u017ca<\/h3> <h3 class=\"subtitle text-modules__subtitle\">Centrum Kopernika Bada\u0144 Interdyscyplinarnych<\/h3>\r\n                        <div class=\"row m-0\">\r\n                            <div class=\"text-modules__content\">\r\n                                O zaj\u0119ciach:<br \/>\nZaj\u0119cia &#8222;Autoprezentacja i upowszechnianie bada\u0144&#8221; adresowane s\u0105 do wszystkich naukowc\u00f3w i doktorant\u00f3w, kt\u00f3rzy chc\u0105 nimi zosta\u0107. W pracy naukowca istotne jest nie tylko uzyskanie wyniku, ale te\u017c umiej\u0119tno\u015b\u0107 jego zakomunikowania. S\u0105 trzy podstawowe konteksty, w kt\u00f3rych ma to miejsce.<br \/>\n1. Z jednej strony komunikujemy nasze badania innym naukowcom, czy to w formie wyst\u0105pienia ustnego na konferencji, czy te\u017c w postaci artyku\u0142u naukowego &#8211; kt\u00f3ry te\u017c mo\u017cna napisa\u0107 lepiej lub gorzej: mniej lub bardziej klarownie, mniej lub bardziej interesuj\u0105co. Na etapie redakcji artyku\u0142u przyj\u0119tego do czasopisma cz\u0119sto wprowadza si\u0119 zmiany maj\u0105ce na celu uczynienie tekstu bardziej atrakcyjnym, zw\u0142aszcza na poziomie tytu\u0142u i abstraktu: jak to robi\u0107, co o tym s\u0105dzi\u0107?<br \/>\n2. Elementem pracy pracownika akademickiego jest te\u017c cz\u0119sto upowszechnianie wynik\u00f3w swoich bada\u0144, co bywa te\u017c formalnym wymaganiem w grantach badawczych. W takich przypadkach komunikujemy si\u0119 z masowym odbiorc\u0105, co nak\u0142ada na nas zupe\u0142nie nowego rodzaju ograniczenia: musimy bowiem dostosowa\u0107 sw\u00f3j komunikat do poziomu wiedzy i zainteresowa\u0144 &#8222;zwyk\u0142ego cz\u0142owieka&#8221;. Typow\u0105 form\u0105 jest w tym przypadku artyku\u0142 prasowy. Jak go pisa\u0107, na co zwraca\u0107 uwag\u0119?<br \/>\n3. Na koniec nie zapominajmy o coraz popularniejszym zjawisku, jakim jest dobrowolne popularyzowanie nauki, pod w\u0142asnym nazwiskiem, nie tyle z powodu wymaga\u0144 ze strony pracodawcy lub jednostki finansuj\u0105cej badania, ale ze wzgl\u0119du na w\u0142asn\u0105 potrzeb\u0119 dzielenia si\u0119 ze \u015bwiatem tym, co si\u0119 wie dzi\u0119ki swoim zainteresowaniom naukowym. Wielu znanych popularyzator\u00f3w nauki to w istocie naukowcy, kt\u00f3rzy z czasem zorientowali si\u0119, \u017ce tworzenie tre\u015bci edukacyjnych i popularyzatorskich jest dla nich bardziej atrakcyjne ni\u017c tworzenie nowej nauki. Jedn\u0105 z popularnych form jest dzi\u015b forma kr\u00f3tkiego filmu na serwisie typu YouTube; inni naukowcy-popularyzatorzy wyst\u0119puj\u0105 publicznie i pisz\u0105. Jak wygl\u0105da to w praktyce?<\/p>\n<p>Zaj\u0119cia maj\u0105 posta\u0107 wyk\u0142adowo-warsztatow\u0105, z du\u017cym naciskiem na praktyk\u0119 i \u0107wiczenia maj\u0105ce pom\u00f3c w samodzielnym odnalezieniu w\u0142asnego stylu autoprezentacji i prezentowania bada\u0144 naukowych.<\/p>\n<p>O mnie:<br \/>\n\u0141ukasz Lam\u017ca jest z wykszta\u0142cenia filozofem, pracuje obecnie w Centrum Kopernika Bada\u0144 Interdyscyplinarnych na Uniwersytecie Jagiello\u0144skim. Popularyzator nauki i dziennikarz naukowy, cz\u0142onek redakcji &#8222;Tygodnika Powszechnego&#8221;. Autor ksi\u0105\u017cek, m.in. &#8222;\u015awiaty r\u00f3wnoleg\u0142e&#8221; (2020) i &#8222;Po\u0142\u0105cz kropki&#8221; (2021), tw\u00f3rca programu popularnonaukowego &#8222;Czytamy natur\u0119&#8221;. Ambasador &#8222;\u015al\u0105skiego Festiwalu Nauki&#8221;.<\/p>\n<p>Terminy zaj\u0119\u0107: 3 spotkania po 5 godzin, poniedzia\u0142ek 7, 14, 21 marca, godz. 9:00-13:00, stacjonarnie (Katowice) \r\n                                <div class=\"mt-3\"><\/div>\r\n                            <\/div>\r\n                            \r\n                            <div class=\"text-modules__img\"><img src=\"https:\/\/us.edu.pl\/szkola-doktorska\/wp-content\/uploads\/sites\/50\/Nieprzypisane\/lukasz_lamza.jpg\" alt=\"img\"><\/div>\r\n                        <\/div>\r\n                    <\/div>\r\n                <\/div>\r\n                <div class=\"text-modules \">\r\n                    <div class=\"container\">\r\n                        <h3 class=\"section-title section-title_border-bottom\">prof. dr hab. Iwona Loewe<\/h3> <h3 class=\"subtitle text-modules__subtitle\">Retoryka w nauce<\/h3>\r\n                        <div class=\"row m-0\">\r\n                            <div class=\"text-modules__content\">\r\n                                Zaj\u0119cia maj\u0105 przygotowa\u0107 s\u0142uchaczy do uczestnictwa w nauce w r\u00f3\u017cnych formach jej popularyzacji, upowszechnienia, zaciekawienia partner\u00f3w w dyscyplinie, jak r\u00f3wnie\u017c spoza dyscypliny oraz ludzi z zaciekawionych zaledwie nauk\u0105.<\/p>\n<p>Proponuj\u0119 doktorantkom i doktorantom:<\/p>\n<ul>\n<li>\u0107wiczenie z tytu\u0142owania swoich przedsi\u0119wzi\u0119\u0107 badawczych w zale\u017cno\u015bci od projektowanego odbiorcy;<\/li>\n<li>\u0107wiczenie umiej\u0119tno\u015bci odmiennej stylizacji tekstu naukowego w dwu r\u00f3\u017cnych znakach: mowy i pisma;<\/li>\n<li>\u0107wiczenie kompetencji adaptacji tekstu naukowego dla r\u00f3\u017cnego typu odbiorcy (prezentacja w awansach zawodowych, wyst\u0105pienie dla partnera w dyscyplinie, wyst\u0105pienie dla partnera w dziedzinie, prezentacja popularnonaukowa);<\/li>\n<li>\u0107wiczenie kompetencji komponowania prezentacji naukowej w formacie slajd\u00f3w.<\/li>\n<li>Osobnym celem zaj\u0119\u0107 jest akcentowanie wagi autopromocji badacza we wsp\u00f3\u0142czesnym \u015bwiecie nauki.<\/li>\n<\/ul>\n<p>Zaj\u0119cia mog\u0105 przygotowa\u0107 uczestniczki i uczestnik\u00f3w b\u0105d\u017a doskonali\u0107 ju\u017c zdobyte przez nich kompetencje do udzia\u0142u w konferencjach naukowych, festiwalach nauki, konkursach typu Three Minute Thesis czy projektach popularyzatorskich.<\/p>\n<p>Wykorzystam do osi\u0105gniecia efekt\u00f3w kszta\u0142cenia strategie retoryczne w tym perswazyjne, autoprezentacyjne i autopromocyjne.<\/p>\n<p>Prowadz\u0105ca o sobie:<\/p>\n<p>Jestem profesork\u0105 nauk humanistycznych; pracuj\u0119 w Instytucie J\u0119zykoznawstwa i specjalizuj\u0119 si\u0119 w mediolingwistyce, genologii j\u0119zykoznawczej oraz stylistyce multimodalnej. Pe\u0142ni\u0119 funkcj\u0119 opiekunki Ko\u0142a Naukowego Doktorant\u00f3w J\u0119zykoznawstwa, kt\u00f3rzy jak dot\u0105d ch\u0119tnie uczestniczyli w \u015al\u0105skim Festiwalu Nauki a coraz ch\u0119tniej podejmuj\u0105 si\u0119 konkurowa\u0107 w \u015bl\u0105skiej edycji mi\u0119dzynarodowego konkursu Three Minute Thesis <a href=\"https:\/\/www.cpn.polsl.pl\/3mt\/\">https:\/\/www.cpn.polsl.pl\/3mt\/<\/a><\/p>\n<p>Terminy zaj\u0119\u0107: 5 spotka\u0144 po 3 godziny, poniedzia\u0142ki od 14 marca, godz. 9.45-12.00 \r\n                                <div class=\"mt-3\"><\/div>\r\n                            <\/div>\r\n                            \r\n                            <div class=\"text-modules__img\"><img src=\"https:\/\/us.edu.pl\/szkola-doktorska\/wp-content\/uploads\/sites\/50\/Nieprzypisane\/SDr.jpg\" alt=\"img\"><\/div>\r\n                        <\/div>\r\n                    <\/div>\r\n                <\/div>\r\n                <div class=\"text-modules\">\r\n                    <div class=\"container\">\r\n                        <h3 class=\"page-title text__title\">Grupa angloj\u0119zyczna<\/h3>\r\n                        <div class=\"text-modules__content\"><p><em>informacja zostanie podana wkr\u00f3tce<\/em><\/p>\n<\/div>\r\n                    <\/div>\r\n                <\/div>[\/vc_column][\/vc_row]<\/p>","protected":false},"excerpt":{"rendered":"<p>[vc_row][vc_column][vc_video link=&#8221;https:\/\/www.youtube.com\/watch?v=djHryOPp-2o&#8221; el_width=&#8221;70&#8243; align=&#8221;center&#8221; title=&#8221;dr Andrzej Boczarowski&#8221;][\/vc_column][\/vc_row] [&#8230;]<\/p>\n<p><a class=\"btn btn-secondary understrap-read-more-link\" href=\"https:\/\/us.edu.pl\/szkola-doktorska\/harmonogram-zajec-semestr-letni-2021-2022\/plan-zajec-semestr-letni-ii-rok-2021-2022\/autoprezentacja-i-upowszechanie-badan-2021-2022\/\">Read More&#8230;<\/a><\/p>\n","protected":false},"author":42,"featured_media":1333,"parent":6727,"menu_order":0,"comment_status":"closed","ping_status":"closed","template":"","meta":{"_expiration-date-status":"saved","_expiration-date":0,"_expiration-date-type":"","_expiration-date-categories":[],"_expiration-date-options":[]},"acf":[],"_links":{"self":[{"href":"https:\/\/us.edu.pl\/szkola-doktorska\/wp-json\/wp\/v2\/pages\/6775"}],"collection":[{"href":"https:\/\/us.edu.pl\/szkola-doktorska\/wp-json\/wp\/v2\/pages"}],"about":[{"href":"https:\/\/us.edu.pl\/szkola-doktorska\/wp-json\/wp\/v2\/types\/page"}],"author":[{"embeddable":true,"href":"https:\/\/us.edu.pl\/szkola-doktorska\/wp-json\/wp\/v2\/users\/42"}],"replies":[{"embeddable":true,"href":"https:\/\/us.edu.pl\/szkola-doktorska\/wp-json\/wp\/v2\/comments?post=6775"}],"version-history":[{"count":10,"href":"https:\/\/us.edu.pl\/szkola-doktorska\/wp-json\/wp\/v2\/pages\/6775\/revisions"}],"predecessor-version":[{"id":6805,"href":"https:\/\/us.edu.pl\/szkola-doktorska\/wp-json\/wp\/v2\/pages\/6775\/revisions\/6805"}],"up":[{"embeddable":true,"href":"https:\/\/us.edu.pl\/szkola-doktorska\/wp-json\/wp\/v2\/pages\/6727"}],"wp:featuredmedia":[{"embeddable":true,"href":"https:\/\/us.edu.pl\/szkola-doktorska\/wp-json\/wp\/v2\/media\/1333"}],"wp:attachment":[{"href":"https:\/\/us.edu.pl\/szkola-doktorska\/wp-json\/wp\/v2\/media?parent=6775"}],"curies":[{"name":"wp","href":"https:\/\/api.w.org\/{rel}","templated":true}]}}