{"id":785,"date":"2021-07-15T10:11:30","date_gmt":"2021-07-15T08:11:30","guid":{"rendered":"https:\/\/us.edu.pl\/t4e\/?page_id=785"},"modified":"2022-09-05T14:12:18","modified_gmt":"2022-09-05T12:12:18","slug":"transform4europe-week","status":"publish","type":"page","link":"https:\/\/us.edu.pl\/t4e\/transform4europe-week\/","title":{"rendered":"Transform4Europe Week"},"content":{"rendered":"<p>[vc_row css=&#8221;.vc_custom_1628696935370{margin-bottom: 0px !important;border-bottom-width: 0px !important;padding-bottom: 0px !important;}&#8221;][vc_column width=&#8221;1\/4&#8243; css=&#8221;.vc_custom_1628676746787{margin-bottom: 0px !important;border-bottom-width: 0px !important;padding-bottom: 0px !important;}&#8221;][\/vc_column][vc_column width=&#8221;3\/4&#8243; css=&#8221;.vc_custom_1628749912462{margin-right: 5px !important;padding-left: 10px !important;}&#8221;]\r\n                <div class=\"text-modules\">\r\n                    <div class=\"container\">\r\n                        \r\n                        <div class=\"text-modules__content\"><\/p>\n<p style=\"line-height: 0.9; color: #000000; font-family: 'PT Sans Narrow'; font-size: 2.5em;\"><strong>TRANSFORM4EUROPE WEEK<\/strong><\/p>\n<p style=\"line-height: 1.2; color: #000000; font-family: 'PT Sans';\">SPOTKAJMY SI\u0118 NA UNIWERSYTECIE \u015aL\u0104SKIM W KATOWICACH!<\/p>\n<p style=\"line-height: 0.9; color: #000000; font-family: 'PT Sans Narrow';\"><strong>9\u201313 maja 2022 roku | POLSKA<\/strong><\/p>\n<p>\n<\/div>\r\n                    <\/div>\r\n                <\/div>[vc_empty_space height=&#8221;16px&#8221;][vc_row_inner][vc_column_inner][\/vc_column_inner][\/vc_row_inner][vc_row_inner][vc_column_inner width=&#8221;2\/3&#8243;][vc_empty_space height=&#8221;1px&#8221; css=&#8221;.vc_custom_1628690988868{background-color: #71af3a !important;}&#8221;][\/vc_column_inner][vc_column_inner width=&#8221;1\/3&#8243;][\/vc_column_inner][\/vc_row_inner][\/vc_column][\/vc_row][vc_row el_class=&#8221;container&#8221;][vc_column][vc_empty_space height=&#8221;48px&#8221;]\r\n                <div class=\"text-modules\">\r\n                    <div class=\"container\">\r\n                        \r\n                        <div class=\"text-modules__content\"><\/p>\n<p style=\"line-height: 0.9; color: #000000; font-family: 'PT Sans Narrow'; font-size: 1.8em;\"><strong>IDEA<\/strong><\/p>\n<p>\n<\/div>\r\n                    <\/div>\r\n                <\/div>[\/vc_column][\/vc_row][vc_row el_class=&#8221;container&#8221;][vc_column width=&#8221;1\/4&#8243;][\/vc_column][vc_column width=&#8221;3\/4&#8243;]\r\n                <div class=\"text-modules\">\r\n                    <div class=\"container\">\r\n                        \r\n                        <div class=\"text-modules__content\"><p>Kilka dni \u2013 czy tyle wystarczy, aby si\u0119 lepiej pozna\u0107? Sprawdzili\u015bmy to podczas pierwszego Transform4Europe Week. By\u0142o to jedno z wydarze\u0144 zainicjowanych przez nasz uniwersytet europejski. W tym czasie odbywa\u0142y si\u0119 spotkania, rozmowy, warsztaty, pokazy i wiele innych wydarze\u0144, aby\u015bmy mogli dowiedzie\u0107 si\u0119 o sobie wi\u0119cej.<\/p>\n<p>Organizatorem pilota\u017cowej edycji by\u0142 Uniwersytet \u015al\u0105ski w Katowicach. Zaprosili\u015bmy do Polski student\u00f3w, doktorant\u00f3w i pracownik\u00f3w reprezentuj\u0105cych ka\u017cd\u0105 z uczelni sojuszu.<\/p>\n<p>Pi\u0119\u0107 dni wype\u0142ni\u0142a bogata oferta wyk\u0142ad\u00f3w, zaj\u0119\u0107 dydaktycznych, wycieczek, warsztat\u00f3w i wydarze\u0144 artystycznych. Uczyli\u015bmy si\u0119 j\u0119zyk\u00f3w w ramach inicjatywy Languages for Lunch. Podczas popo\u0142udniowych spotka\u0144 pokazywali\u015bmy go\u015bciom z partnerskich uczelni nasz region i kultur\u0119. Prezentowali\u015bmy najciekawsze projekty badawcze, dydaktyczne i artystyczne. <span style=\"font-weight: 400;\">Warto doda\u0107, \u017ce Transform4Europe <\/span><span style=\"font-weight: 400;\">Week to tak\u017ce spotkania online, przygotowane z my\u015bl\u0105 o ca\u0142ej spo\u0142eczno\u015bci akademickiej naszego uniwersytetu europejskiego.<\/span><\/p>\n<\/div>\r\n                    <\/div>\r\n                <\/div>[\/vc_column][\/vc_row][vc_row el_class=&#8221;container&#8221;][vc_column]\r\n                <div class=\"text-modules\">\r\n                    <div class=\"container\">\r\n                        \r\n                        <div class=\"text-modules__content\"><\/p>\n<p style=\"line-height: 0.9; color: #000000; font-family: 'PT Sans Narrow'; font-size: 1.8em;\"><strong>PRZE\u017bYJMY TO JESZCZE RAZ<\/strong><\/p>\n<p>\n<\/div>\r\n                    <\/div>\r\n                <\/div>[\/vc_column][\/vc_row][vc_row el_class=&#8221;container&#8221;][vc_column width=&#8221;1\/4&#8243;][\/vc_column][vc_column width=&#8221;3\/4&#8243;][vc_empty_space][vc_video link=&#8221;https:\/\/www.youtube.com\/watch?v=uZ1rZq4JQWQ&#8221;][\/vc_column][\/vc_row][vc_row el_class=&#8221;container&#8221;][vc_column][vc_separator color=&#8221;custom&#8221; accent_color=&#8221;#71af3a&#8221;][\/vc_column][\/vc_row][vc_row el_class=&#8221;container&#8221;][vc_column]\r\n                <div class=\"text-modules\">\r\n                    <div class=\"container\">\r\n                        \r\n                        <div class=\"text-modules__content\"><\/p>\n<p id=\"agenda\" style=\"line-height: 0.9; color: #000000; font-family: 'PT Sans Narrow'; font-size: 1.8em;\"><strong>AGENDA I INFOPACK DLA UCZESTNIK\u00d3W<\/strong><\/p>\n<p>\n<\/div>\r\n                    <\/div>\r\n                <\/div>[\/vc_column][\/vc_row][vc_row el_class=&#8221;container&#8221;][vc_column][vc_separator color=&#8221;custom&#8221; accent_color=&#8221;#71af3a&#8221;][\/vc_column][\/vc_row][vc_row el_class=&#8221;container&#8221;][vc_column width=&#8221;1\/4&#8243;][\/vc_column][vc_column width=&#8221;3\/4&#8243;]\r\n                <div class=\"text-modules\">\r\n                    <div class=\"container\">\r\n                        \r\n                        <div class=\"text-modules__content\"><p>Debaty, warsztaty, wsp\u00f3lne projekty badawcze, ale tak\u017ce mo\u017cliwo\u015b\u0107 poznania regionu i integracja \u2013 tego do\u015bwiadczyli uczestnicy Transform4Europe Week (9\u201313 maja 2022 roku). W ramach wydarzenia odby\u0142y si\u0119 r\u00f3wnolegle aktywno\u015bci dla grup nauczycieli akademickich, pracownik\u00f3w administracji uczelnianych, doktorant\u00f3w i student\u00f3w siedmiu uczelni wsp\u00f3\u0142tworz\u0105cych europejski kampus Transform4Europe.<\/p>\n<p>Program wydarzenia to tak\u017ce cykl pi\u0119ciodniowych zaj\u0119\u0107 dla student\u00f3w \u2013 by\u0142a to kontaktowa kontynuacja modu\u0142\u00f3w, kt\u00f3re rozpocz\u0119\u0142y si\u0119 w trybie zdalnym jeszcze w kwietniu. Podczas zjazdu wiele os\u00f3b wsp\u00f3\u0142pracuj\u0105cych od ponad roku w ramach wirtualnych biur spotka\u0142o si\u0119 po raz pierwszy w jednym miejscu, w miastach uniwersyteckich naszej uczelni.<\/p>\n<\/div>\r\n                    <\/div>\r\n                <\/div>\r\n                <div class=\"text-modules\">\r\n                    <div class=\"container\">\r\n                        \r\n                        <div class=\"text-modules__content\"><\/p>\n<p style=\"line-height: 0.9; color: #000000; font-family: 'PT Sans Narrow'; font-size: 1.8em;\"><strong><a href=\"https:\/\/us.edu.pl\/t4e\/wp-content\/uploads\/sites\/59\/pliki\/transform4europe-week\/2022-05-09_T4EU-WEEK-SCHEDULE.pdf\" class=\"mtli_attachment mtli_pdf\" data-mtli=\"mtli_filesize285,80kB\" class=\"mtli_attachment mtli_pdf\" data-mtli=\"mtli_filesize285,80kB\">POBIERZ PROGRAM<\/a><\/strong><\/p>\n<p style=\"line-height: 0.9; color: #000000; font-family: 'PT Sans Narrow'; font-size: 1.8em;\"><a href=\"https:\/\/us.edu.pl\/t4e\/wp-content\/uploads\/sites\/59\/pliki\/T4EU_INFOPACK.pdf\" class=\"mtli_attachment mtli_pdf\" data-mtli=\"mtli_filesize215,04kB\" class=\"mtli_attachment mtli_pdf\" data-mtli=\"mtli_filesize215,04kB\"><strong>POBIERZ INFOPACK<\/strong><\/a><\/p>\n<p>(materia\u0142 w j\u0119zyku angielskim)<\/p>\n<p><em>aktualizacja: 9. 05. 2022 r.<\/em><\/p>\n<style type=\"text\/css\">a[data-mtli~=\"mtli_filesize285,80kB\"]:after {content:\" (285,80 kB)\"}a[data-mtli~=\"mtli_filesize215,04kB\"]:after {content:\" (215,04 kB)\"}<\/style><\/div>\r\n                    <\/div>\r\n                <\/div>[\/vc_column][\/vc_row][vc_row el_class=&#8221;container&#8221;][vc_column]\r\n                <div class=\"text-modules\">\r\n                    <div class=\"container\">\r\n                        \r\n                        <div class=\"text-modules__content\"><\/p>\n<p id=\"dni\" style=\"line-height: 0.9; color: #000000; font-family: 'PT Sans Narrow'; font-size: 1.8em;\"><strong>TRANSFORM4EUROPE WEEK \u2013 5 DNI<\/strong><\/p>\n<p>\n<\/div>\r\n                    <\/div>\r\n                <\/div>[\/vc_column][\/vc_row][vc_row el_class=&#8221;container&#8221;][vc_column][vc_separator color=&#8221;custom&#8221; accent_color=&#8221;#71af3a&#8221;][\/vc_column][\/vc_row][vc_row el_class=&#8221;container&#8221;][vc_column]\r\n\r\n            <div class=\"blocks\" style=\"text-align: \">\r\n               <div class=\"container\">\r\n                  \r\n                  <div class=\"row m-0 blocks_3\">\r\n                  \r\n                     <a href=\"https:\/\/us.edu.pl\/t4eu-week-pierwszy-dzien-za-nami\/\" class=\"thumbnail blocks__item\" style=\"background-image: url(https:\/\/us.edu.pl\/t4e\/wp-content\/uploads\/sites\/59\/fotografie\/transform4europe-week-2022\/Gosia-Dymowska-3a-1.jpg)\">\r\n                        <span>wi\u0119cej<\/span>\r\n                        <div class=\"blocks__bottom\">\r\n                        <div class=\"blocks__title\">Poniedzia\u0142ek<\/div>\r\n                        <div class=\"blocks__subtitle\">Zaczynamy!<\/div>\r\n                        <\/div>\r\n                     <\/a>\r\n                  \r\n                     <a href=\"https:\/\/us.edu.pl\/t4eu-week-co-sie-dzialo-drugiego-dnia\/\" class=\"thumbnail blocks__item\" style=\"background-image: url(https:\/\/us.edu.pl\/t4e\/wp-content\/uploads\/sites\/59\/fotografie\/transform4europe-week-2022\/Katarzyna-Stolpiec_37.jpg)\">\r\n                        <span>wi\u0119cej<\/span>\r\n                        <div class=\"blocks__bottom\">\r\n                        <div class=\"blocks__title\">Wtorek<\/div>\r\n                        <div class=\"blocks__subtitle\">Warsztaty, spotkania, wycieczki<\/div>\r\n                        <\/div>\r\n                     <\/a>\r\n                  \r\n                     <a href=\"https:\/\/us.edu.pl\/t4eu-week-jestesmy-na-polmetku\/\" class=\"thumbnail blocks__item\" style=\"background-image: url(https:\/\/us.edu.pl\/t4e\/wp-content\/uploads\/sites\/59\/fotografie\/transform4europe-week-2022\/IMG_Tomasz-Puszer.jpg)\">\r\n                        <span>wi\u0119cej<\/span>\r\n                        <div class=\"blocks__bottom\">\r\n                        <div class=\"blocks__title\">\u015aroda<\/div>\r\n                        <div class=\"blocks__subtitle\">T4EU jedzie do Cieszyna!<\/div>\r\n                        <\/div>\r\n                     <\/a>\r\n                  \r\n                     <a href=\"https:\/\/us.edu.pl\/t4eu-week-dzien-czwarty\/\" class=\"thumbnail blocks__item\" style=\"background-image: url(https:\/\/us.edu.pl\/t4e\/wp-content\/uploads\/sites\/59\/fotografie\/transform4europe-week-2022\/Cosmos_WKorpusik_48.jpg)\">\r\n                        <span>wi\u0119cej<\/span>\r\n                        <div class=\"blocks__bottom\">\r\n                        <div class=\"blocks__title\">Czwartek<\/div>\r\n                        <div class=\"blocks__subtitle\">Jeszcze wi\u0119cej warsztat\u00f3w, spotka\u0144 i wycieczek<\/div>\r\n                        <\/div>\r\n                     <\/a>\r\n                  \r\n                     <a href=\"https:\/\/us.edu.pl\/t4eu-week-jeszcze-tylko-dzis\/\" class=\"thumbnail blocks__item\" style=\"background-image: url(https:\/\/us.edu.pl\/t4e\/wp-content\/uploads\/sites\/59\/fotografie\/transform4europe-week-2022\/IMG-20220513-WA0004_fot_Patrycja-Kierlik.jpg)\">\r\n                        <span>wi\u0119cej<\/span>\r\n                        <div class=\"blocks__bottom\">\r\n                        <div class=\"blocks__title\">Pi\u0105tek<\/div>\r\n                        <div class=\"blocks__subtitle\">Co\u015b dla duszy, co\u015b dla umys\u0142u<\/div>\r\n                        <\/div>\r\n                     <\/a><\/div>     \r\n               <\/div>\r\n            <\/div>[\/vc_column][\/vc_row][vc_row el_class=&#8221;container&#8221;][vc_column]\r\n                <div class=\"text-modules\">\r\n                    <div class=\"container\">\r\n                        \r\n                        <div class=\"text-modules__content\"><\/p>\n<p id=\"filmy\" style=\"line-height: 0.9; color: #000000; font-family: 'PT Sans Narrow'; font-size: 1.8em;\"><strong>TRANSFORM4EUROPE WEEK \u2013 WARTO OBEJRZE\u0106<\/strong><\/p>\n<p>\n<\/div>\r\n                    <\/div>\r\n                <\/div>[\/vc_column][\/vc_row][vc_row el_class=&#8221;container&#8221;][vc_column width=&#8221;1\/3&#8243;][vc_video link=&#8221;https:\/\/youtu.be\/j82w4Stv5KM&#8221;][\/vc_column][vc_column width=&#8221;1\/3&#8243;][vc_video link=&#8221;https:\/\/youtu.be\/hQO1-0rKz3o&#8221;][\/vc_column][vc_column width=&#8221;1\/3&#8243;][vc_video link=&#8221;https:\/\/youtu.be\/zj01txXMtWo&#8221;][\/vc_column][\/vc_row][vc_row el_class=&#8221;container&#8221;][vc_column][vc_separator color=&#8221;custom&#8221; accent_color=&#8221;#71af3a&#8221;][\/vc_column][\/vc_row][vc_row el_class=&#8221;container&#8221;][vc_column]\r\n                <div class=\"text-modules\">\r\n                    <div class=\"container\">\r\n                        \r\n                        <div class=\"text-modules__content\"><\/p>\n<p style=\"line-height: 0.9; color: #000000; font-family: 'PT Sans Narrow'; font-size: 1.8em;\"><strong>TRANSFORM4EUROPE WEEK \u2013 6 PROGRAM\u00d3W<\/strong><\/p>\n<p>\n<\/div>\r\n                    <\/div>\r\n                <\/div>[\/vc_column][\/vc_row][vc_row el_class=&#8221;container&#8221;][vc_column][vc_separator color=&#8221;custom&#8221; accent_color=&#8221;#71af3a&#8221;][\/vc_column][\/vc_row][vc_row el_class=&#8221;container&#8221;][vc_column width=&#8221;1\/4&#8243;][\/vc_column][vc_column width=&#8221;3\/4&#8243;][vc_tta_accordion style=&#8221;flat&#8221; shape=&#8221;square&#8221; color=&#8221;black&#8221; spacing=&#8221;5&#8243; c_icon=&#8221;triangle&#8221; active_section=&#8221;0&#8243; no_fill=&#8221;true&#8221; collapsible_all=&#8221;true&#8221;][vc_tta_section title=&#8221;PROGRAM BADAWCZY&#8221; tab_id=&#8221;program-badawczy&#8221;]\r\n                <div class=\"text-modules\">\r\n                    <div class=\"container\">\r\n                        \r\n                        <div class=\"text-modules__content\"><p>W\u015br\u00f3d cel\u00f3w, jakie le\u017c\u0105 u podstaw sojuszu Transform4Europe, istotne miejsce zajmuje wymiana do\u015bwiadcze\u0144 dydaktycznych i badawczych, stworzenie mi\u0119dzynarodowego kampusu (rozumianego dos\u0142ownie jako sie\u0107 laboratori\u00f3w, bibliotek czy innych element\u00f3w infrastruktury badawczej dost\u0119pnej dla wszystkich uczelni partnerskich).<\/p>\n<p>Do osi\u0105gni\u0119cia tych cel\u00f3w przybli\u017cy nas Transform4Europe Week \u2013 w Katowicach go\u015bci\u0107 b\u0119dziemy po pi\u0119cioro pracownik\u00f3w naukowo-dydaktycznych z ka\u017cdej uczelni partnerskiej. Akademicy, niezale\u017cnie od tego, w jakim kraju znajduje si\u0119 ich <em>Alma Mater, <\/em>borykaj\u0105 si\u0119 z podobnymi problemami natury administracyjnej, sk\u0142adaj\u0105 wnioski w tych samych konkursach grantowych, pracuj\u0105 wed\u0142ug tych samych za\u0142o\u017ce\u0144 (system bolo\u0144ski). Wymiana tzw. dobrych praktyk oraz indywidualnych do\u015bwiadcze\u0144 z pewno\u015bci\u0105 przyniesie korzy\u015bci wszystkim badaczom, kt\u00f3rzy odwiedz\u0105 w maju Uniwersytet \u015al\u0105ski.<\/p>\n<p>Co chc\u0105 zaoferowa\u0107 swoim kolegom naukowcy z naszej uczelni w ramach \u201eResearch stream\u201d? Mi\u0119dzy innymi debat\u0119 \u201eWyzwania europejskiej nauki w 21. wieku\u201d, warsztaty pisania efektywnych projekt\u00f3w badawczych (do kt\u00f3rego prowadzenia zaproszono dr M. Bauman z Berlina) czy szkolenie z zakresu przygotowywania posteru\/abstraktu\/wyst\u0105pienia konferencyjnego.<\/p>\n<p>Bywalcy konferencji naukowych wiedz\u0105, \u017ce nieocenion\u0105 warto\u015bci\u0105 ka\u017cdej z nich s\u0105 dyskusje kuluarowe. Cz\u0142onkowie sojuszu b\u0119d\u0105 mieli r\u00f3wnie\u017c czas na nieformaln\u0105 wymian\u0119 my\u015bli \u2013 zaplanowano dla nich wiele atrakcji poza kampusem uczelnianym, m.in. zwiedzanie Nikiszowca, zabytkowej dzielnicy Katowic, uczestnictwo w projekcji astronomicznej czy wys\u0142uchanie wyj\u0105tkowego koncertu NOSPR.<\/p>\n<\/div>\r\n                    <\/div>\r\n                <\/div>[\/vc_tta_section][vc_tta_section title=&#8221;PROGRAM EDUKACYJNY&#8221; tab_id=&#8221;program-edukacyjny&#8221;]\r\n                <div class=\"text-modules\">\r\n                    <div class=\"container\">\r\n                        \r\n                        <div class=\"text-modules__content\"><p>U pod\u0142o\u017ca wsp\u00f3\u0142pracy w ramach sojuszu Trasform4Europe le\u017cy prze\u015bwiadczenie, \u017ce uniwersytety mog\u0105 odgrywa\u0107 wa\u017cn\u0105 rol\u0119 w procesach transformacji europejskiej \u2013 mi\u0119dzy innymi poprzez kszta\u0142cenie i szkolenie student\u00f3w i studentek. Dlatego program edukacyjny dla os\u00f3b, kt\u00f3re b\u0119d\u0105 uczestniczy\u0107 w Transform4Europe Week, przygotowany zosta\u0142 w oparciu o trzy filary: transformacj\u0119 cyfrow\u0105, \u015brodowiskow\u0105 i spo\u0142eczn\u0105.<\/p>\n<p>Mi\u0119dzy 9 a 13 maja oko\u0142o dwudziestoosobowe grupy studentek i student\u00f3w z siedmiu kraj\u00f3w b\u0119d\u0105 uczestniczy\u0107 w modu\u0142ach prowadzonych przez naukowc\u00f3w z Uniwersytetu \u015al\u0105skiego i z uczelni partnerskich. W ofercie znalaz\u0142y si\u0119 zaj\u0119cia z zakresu nauk spo\u0142eczno-humanistycznych czy nowych technologii informatycznych. Adepci nauk o \u015brodowisku wyrusz\u0105 w teren, by pod okiem \u015bl\u0105skich specjalist\u00f3w przyjrze\u0107 si\u0119 specyfice regionu, z jego poprzemys\u0142owymi uwarunkowaniami.<\/p>\n<p>Warto podkre\u015bli\u0107, \u017ce oferta dydaktyczna uwzgl\u0119dnia nie tylko osoby, kt\u00f3re w maju przyjad\u0105 do Katowic. W wi\u0119kszo\u015bci z dwudziestu modu\u0142\u00f3w b\u0119dzie mo\u017cna uczestniczy\u0107 zdalnie. Odzwierciedla to za\u0142o\u017cenie r\u00f3wnej dost\u0119pno\u015bci do ca\u0142ego wydarzenia.<\/p>\n<p>Poza codziennymi zaj\u0119ciami dydaktycznymi studentki i studenci uczelni sojuszu b\u0119d\u0105 zaanga\u017cowani w r\u00f3\u017cnorodne aktywno\u015bci, kt\u00f3re przygotowuje Uczelniana Rada Samorz\u0105du Studenckiego Uniwersytetu \u015al\u0105skiego w Katowicach. W planach s\u0105 mi\u0119dzy innymi: warsztaty ta\u0144c\u00f3w regionalnych, piknik czy zwiedzanie Muzeum \u015al\u0105skiego.<\/p>\n<\/div>\r\n                    <\/div>\r\n                <\/div>[\/vc_tta_section][vc_tta_section title=&#8221;PROGRAM DOKTORANCKI&#8221; tab_id=&#8221;program-doktorancki&#8221;]\r\n                <div class=\"text-modules\">\r\n                    <div class=\"container\">\r\n                        \r\n                        <div class=\"text-modules__content\"><p>Transform4Europe Week to wyj\u0105tkowa szansa na nowe znajomo\u015bci i kontakty badawcze oraz wymian\u0119 do\u015bwiadcze\u0144 m\u0142odych naukowc\u00f3w i naukowczy\u0144. To tak\u017ce niepowtarzalna mo\u017cliwo\u015b\u0107 udzia\u0142u w mi\u0119dzynarodowych zespo\u0142ach badawczych, dopasowanych do zainteresowa\u0144 doktorant\u00f3w i doktorantek ze wszystkich uczelni sojuszu Transform4Europe.<\/p>\n<p>Uczestnicz\u0105c w Transform4Europe Week, dowiesz si\u0119, jakie badania prowadz\u0105 twoi koledzy i twoje kole\u017canki z innych uczelni sojuszu oraz staniesz si\u0119 cz\u0119\u015bci\u0105 sieci naszego uniwersytetu europejskiego. We\u017amiesz udzia\u0142 w debacie pt. \u201eThe challenges for science in Europe in XXI century\u201d. Mo\u017cesz spodziewa\u0107 si\u0119 r\u00f3wnie\u017c: wielu spotka\u0144 w mi\u0119dzynarodowym gronie badaczy i badaczek, wydarze\u0144 sprzyjaj\u0105cych nawi\u0105zywaniu nowych naukowych kontakt\u00f3w oraz inicjatyw, dzi\u0119ki kt\u00f3rym poznasz jeden z najciekawszych region\u00f3w w Polsce i jego atrakcji.<\/p>\n<\/div>\r\n                    <\/div>\r\n                <\/div>[vc_row_inner][vc_column_inner width=&#8221;1\/2&#8243;]\r\n                <div class='sidebar_moduls sidebar_button' style=\"background-color: #FFFFFF; color: #002E5A\">\r\n                    <h3><\/h3>\r\n                    <div class='link-button-wrap'><a style=\"background-color: #002E5A!important; color: #FFFFFF!important\" href='https:\/\/us.edu.pl\/t4e\/transform4europe-week\/program-doktorancki\/' class='link-button'>program doktorancki \u2013 warsztaty badawcze<\/a><\/div>\r\n                <\/div>[\/vc_column_inner][vc_column_inner width=&#8221;1\/2&#8243;][\/vc_column_inner][\/vc_row_inner][\/vc_tta_section][vc_tta_section title=&#8221;PROGRAM ADMINISTRACYJNY&#8221; tab_id=&#8221;program-administracyjny&#8221;]\r\n                <div class=\"text-modules\">\r\n                    <div class=\"container\">\r\n                        \r\n                        <div class=\"text-modules__content\"><p>Sprawd\u017a, jak robi\u0105 to na innych uczelniach!<\/p>\n<p>Czy wiesz, \u017ce w ka\u017cdej uczelni sojuszu Transform4Europe s\u0105 osoby, kt\u00f3re podejmuj\u0105 te same wyzwania, co ty? Dbaj\u0105 o promocj\u0119 uniwersytetu, jako\u015b\u0107 wymiany akademickiej, rozw\u00f3j kadry czy profesjonaln\u0105 obs\u0142ug\u0119 student\u00f3w i studentek?<\/p>\n<p>Czy wiesz te\u017c, \u017ce mo\u017cesz pozna\u0107 tych ludzi i podzieli\u0107 si\u0119 z nimi swoimi dobrymi praktykami podczas wyj\u0105tkowego wydarzenia Transform4Europe Week?<\/p>\n<p>Czego mo\u017cesz si\u0119 spodziewa\u0107:<\/p>\n<ul>\n<li>warsztat\u00f3w w sze\u015bciu grupach tematycznych, odpowiadaj\u0105cych zakresom pracy poszczeg\u00f3lnych dzia\u0142\u00f3w administracji uczelnianej,<\/li>\n<li>szkole\u0144 i webinar\u00f3w z zakresu rozwoju zawodowego,<\/li>\n<li>spotka\u0144 i konsultacji w ramach tzw. job shadowing.<\/li>\n<\/ul>\n<p>Wydarzenie b\u0119dzie te\u017c okazj\u0105 do pierwszego spotkania na \u017cywo tzw. wsp\u00f3lnych biur wirtualnych (Joint Virtual Offices), kt\u00f3re od pocz\u0105tku trwania projektu wsp\u00f3\u0142pracuj\u0105 zdalnie w zakresie komunikacji, mobilno\u015bci czy zarz\u0105dzania kadr\u0105.<\/p>\n<p>Transform4Europe Week dla kadry administracyjnej to tak\u017ce mo\u017cliwo\u015b\u0107 poznania naszej uczelni i zobaczenia najciekawszych miejsc regionu, takich jak: Zabytkowa Kopalnia Guido czy Nikiszowiec.<\/p>\n<p>Zapisz daty w kalendarzu: 9\u201313 maja 2022 roku.<\/p>\n<\/div>\r\n                    <\/div>\r\n                <\/div>[\/vc_tta_section][vc_tta_section title=&#8221;PROGRAM ARTYSTYCZNY&#8221; tab_id=&#8221;program-artystyczny&#8221;]\r\n                <div class=\"text-modules\">\r\n                    <div class=\"container\">\r\n                        \r\n                        <div class=\"text-modules__content\"><p>W tej cz\u0119\u015bci programu zaprezentujemy prace i projekty artyst\u00f3w zwi\u0105zanych z Uniwersytetem \u015al\u0105skim, a tak\u017ce osi\u0105gni\u0119cia student\u00f3w wydzia\u0142\u00f3w i kierunk\u00f3w artystycznych uczelni partnerskich.<\/p>\n<\/div>\r\n                    <\/div>\r\n                <\/div>[\/vc_tta_section][vc_tta_section title=&#8221;PROGRAM KULTURALNO-SPO\u0141ECZNY&#8221; tab_id=&#8221;program-kulturalno-spoleczny&#8221;]\r\n                <div class=\"text-modules\">\r\n                    <div class=\"container\">\r\n                        \r\n                        <div class=\"text-modules__content\"><p>W inicjatywach zaplanowanych w ramach tego programu b\u0119d\u0105 mogli wzi\u0105\u0107 udzia\u0142 wszyscy uczestnicy Transform4Europe Week. Przygotujemy zaj\u0119cia warsztatowe, podczas kt\u00f3rych zastanowimy si\u0119 wsp\u00f3lnie, przed jakimi wyzwaniami stoj\u0105 nasze regiony i co mo\u017cemy zrobi\u0107, aby stawa\u0142y si\u0119 jeszcze lepszymi miejscami dla swoich mieszka\u0144c\u00f3w. Popo\u0142udniowe atrakcje pozwol\u0105 pozna\u0107 bli\u017cej kultur\u0119 naszego regionu, kt\u00f3ry jest jednym z najbardziej charakterystycznych miejsc Polski. Zorganizujemy koncerty i spotkania w klubach i na otwartej przestrzeni.<\/p>\n<\/div>\r\n                    <\/div>\r\n                <\/div>[\/vc_tta_section][\/vc_tta_accordion][\/vc_column][\/vc_row][vc_row el_class=&#8221;container&#8221;][vc_column][vc_separator color=&#8221;custom&#8221; accent_color=&#8221;#71af3a&#8221;][\/vc_column][\/vc_row][vc_row el_class=&#8221;container&#8221;][vc_column]\r\n                <div class=\"text-modules\">\r\n                    <div class=\"container\">\r\n                        \r\n                        <div class=\"text-modules__content\"><\/p>\n<p style=\"line-height: 0.9; color: #000000; font-family: 'PT Sans Narrow'; font-size: 1.8em;\"><strong>WYDARZENIA OTWARTE<\/strong><\/p>\n<p>\n<\/div>\r\n                    <\/div>\r\n                <\/div>[\/vc_column][\/vc_row][vc_row el_class=&#8221;container&#8221;][vc_column width=&#8221;1\/4&#8243;][\/vc_column][vc_column width=&#8221;3\/4&#8243;]\r\n                <div class=\"text-modules\">\r\n                    <div class=\"container\">\r\n                        \r\n                        <div class=\"text-modules__content\"><p><span style=\"font-weight: 400;\">W dniach 9\u201313 maja 2022 roku odb\u0119dzie si\u0119 Transform4Europe Week. To pierwsze takie wydarzenie w ramach uniwersytetu europejskiego, w kt\u00f3rym wezm\u0105 udzia\u0142 studenci, doktoranci i pracownicy wszystkich uczelni sojuszu.<\/span><\/p>\n<p><span style=\"font-weight: 400;\">Pierwsz\u0105 edycj\u0119 organizuje Uniwersytet \u015al\u0105ski w Katowicach. Przez pi\u0119\u0107 dni uczestnicy wezm\u0105 udzia\u0142 we wsp\u00f3lnych projektach badawczych, zaj\u0119ciach dydaktycznych, wyk\u0142adach mistrzowskich, wycieczkach i wielu innych aktywno\u015bciach.<\/span><\/p>\n<p><span style=\"font-weight: 400;\">Serdecznie zapraszamy cz\u0142onk\u00f3w wsp\u00f3lnoty akademickiej Uniwersytetu \u015al\u0105skiego do udzia\u0142u w wydarzeniach otwartych organizowanych w ramach Transform4Europe Week. W przypadku wydarze\u0144, na kt\u00f3re wymagana jest rejestracja decydowa\u0107 b\u0119dzie kolejno\u015b\u0107 zg\u0142osze\u0144.<\/span><\/p>\n<h3><span style=\"font-weight: 400;\">9 maja<\/span><\/h3>\n<p><span style=\"font-weight: 400;\">9.00\u20139.30 \u2013 \u201eTransform4Europe Opening\u201d \u2013 inauguracja Transform4Europe Week odb\u0119dzie si\u0119 na deptaku Uniwersytetu \u015al\u0105skiego na ul. Bankowej.<\/span><\/p>\n<p><span style=\"font-weight: 400;\">9.45\u201311.45 \u2013 Debata \u201eWyzwania dla nauki w Europie w XXI wieku\u201d (\u201eThe challenges for science in Europe in the 21st century Round Table and Debate\u201d). Podczas og\u00f3lnouniwersyteckiej debaty, z udzia\u0142em rektor\u00f3w i prorektor\u00f3w partner\u00f3w sojuszu, podj\u0119ta zostanie pr\u00f3ba refleksji nad kierunkiem rozwoju nauki w poszczeg\u00f3lnych regionach i ca\u0142ej Europie, a tak\u017ce sformu\u0142owania wsp\u00f3lnych dla wszystkich cz\u0142onk\u00f3w Transform4Europe priorytetowych obszar\u00f3w badawczych. <\/span><span style=\"font-weight: 400;\"><br \/>\n<\/span><span style=\"font-weight: 400;\">Ka\u017cdy cz\u0142onek spo\u0142eczno\u015bci akademickiej zainteresowany tematyk\u0105 spotkania b\u0119dzie m\u00f3g\u0142 w\u0142\u0105czy\u0107 si\u0119 do dyskusji. <\/span><span style=\"font-weight: 400;\"><br \/>\n<\/span><span style=\"font-weight: 400;\">Wydarzenie odb\u0119dzie si\u0119 w Auli im. Kazimierza Lepszego w rektoracie Uniwersytetu \u015al\u0105skiego w Katowicach (ul. Bankowa 12).\u00a0\u00a0<\/span><\/p>\n<p><span style=\"font-weight: 400;\">17.30\u201321.00 \u2013 studenckie wydarzenie otwieraj\u0105ce Transform4Europe Week, maj\u0105ce r\u00f3wnie\u017c charakter spotkania integracyjnego. Odbywa\u0107 si\u0119 b\u0119dzie w pubie Drzwi zwane koniem (ul. Warszawska 37). Wst\u0119p wolny.<\/span><\/p>\n<p><span style=\"font-weight: 400;\">18.00\u201319.30 \u2013 Opening Ceremony \u2013 Europe Day Celebration \u2013 ceremonia otwieraj\u0105ca Transform4Europe Week w Sali Sejmowej gmachu Sejmu \u015al\u0105skiego (ul. Jagiello\u0144ska 25). Na wydarzenie wymagana jest rejestracja. Osoby pragn\u0105ce wzi\u0105\u0107 w nim udzia\u0142 prosimy o kontakt na adres: inauguracja@us.edu.pl.<\/span><\/p>\n<h3><span style=\"font-weight: 400;\">10 maja<\/span><\/h3>\n<p><span style=\"font-weight: 400;\">17.00\u201318.30 \u2013 wyk\u0142ad pt. \u201eThe importance of translational education for contemporary careers paths: a testimony\u201d poprowadzi dr Roberto della Marina (Venture Factory Tech\/Uniwersytet w Trie\u015bcie). Podczas wyst\u0105pienia naukowiec wska\u017ce wyzwania, z jakimi zmaga si\u0119 wsp\u00f3\u0142czesny rynek pracy, w wyniku wci\u0105\u017c wy\u0142aniaj\u0105cych si\u0119 nowych us\u0142ug i produkt\u00f3w oraz modeli biznesowych. Podkre\u015blona zostanie r\u00f3wnie\u017c konieczno\u015b\u0107 elastycznego kszta\u0142cenia przysz\u0142ych pracownik\u00f3w, aby u\u0142atwia\u0107 im odnajdywanie si\u0119 w sytuacji, gdy b\u0119d\u0105 zmuszeni wykonywa\u0107 zaw\u00f3d w innych ni\u017c dotychczasowe warunkach.<\/span><span style=\"font-weight: 400;\"><br \/>\n<\/span><span style=\"font-weight: 400;\">Wydarzenie odb\u0119dzie si\u0119 w przestrzeni Rawa.Ink w Katowicach (ul. Teatralna 17a). Na wyk\u0142ad nie jest wymagana rejestracja.<\/span><\/p>\n<p><span style=\"font-weight: 400;\">18.30\u201321.00 \u2013 spotkanie integracyjne dla wszystkich uczestnik\u00f3w i cz\u0142onk\u00f3w wsp\u00f3lnoty akademickiej Uniwersytetu \u015al\u0105skiego, po\u0142\u0105czone z pota\u0144c\u00f3wk\u0105 i nauk\u0105 ta\u0144c\u00f3w ludowych, do kt\u00f3rych zaprosz\u0105 cz\u0142onkowie Studenckiego Zespo\u0142u Pie\u015bni i Ta\u0144ca \u201eKatowice\u201d . Wydarzenie odb\u0119dzie si\u0119 na dziedzi\u0144cu Wydzia\u0142u Humanistycznego U\u015a (ul. Uniwersytecka 4). W ramach spotkania zaprezentowane zostan\u0105 tak\u017ce animacje stworzone przez student\u00f3w w trakcie Letniej Akademii Animacji 2021 organizowanej przez Esto\u0144sk\u0105 Akademi\u0119 Sztuki w Tallinie (patio Wydzia\u0142u Humanistycznego). Wst\u0119p wolny.<\/span><\/p>\n<h3><span style=\"font-weight: 400;\">11 maja\u00a0<\/span><\/h3>\n<p><span style=\"font-weight: 400;\">19.00\u201321.00 \u2013 koncert pracownik\u00f3w Instytutu Sztuk Muzycznych Wydzia\u0142u Sztuki i Nauk o Edukacji U\u015a oraz zespo\u0142u Madame Jean Pierre w Domu Narodowym w Cieszynie (Rynek 12). Osoby pragn\u0105ce wzi\u0105\u0107 w nim udzia\u0142 prosimy o przes\u0142anie e-maila na adres: transform4europe@us.edu.pl.<\/span><\/p>\n<h3><span style=\"font-weight: 400;\">12 maja\u00a0<\/span><\/h3>\n<p><span style=\"font-weight: 400;\">18.00\u201319.00 \u2013 pokaz astronomiczny pt. \u201eCosmos ad libitum\u201d, kt\u00f3ry poprowadzi dr Telmo Fernandez Castro (dyrektor Planetarium w Madrycie). Astronomowi towarzyszy\u0107 b\u0119d\u0105 muzycy na \u017cywo akompaniuj\u0105cy do pokazu. Wydarzenie odb\u0119dzie si\u0119 w auli Wydzia\u0142u Humanistycznego w Katowicach (ul. Uniwersytecka 4). Na wydarzenie nie jest wymagana rejestracja.<\/span><\/p>\n<\/div>\r\n                    <\/div>\r\n                <\/div>[\/vc_column][\/vc_row][vc_row el_class=&#8221;container&#8221;][vc_column][vc_separator color=&#8221;custom&#8221; accent_color=&#8221;#71af3a&#8221;][\/vc_column][\/vc_row][vc_row el_class=&#8221;container&#8221;][vc_column]\r\n                <div class=\"text-modules\">\r\n                    <div class=\"container\">\r\n                        \r\n                        <div class=\"text-modules__content\"><\/p>\n<p style=\"line-height: 0.9; color: #000000; font-family: 'PT Sans Narrow'; font-size: 1.8em;\"><strong>TRANSFORM4EUROPE \u2013 2 MIASTA<\/strong><\/p>\n<p>\n<\/div>\r\n                    <\/div>\r\n                <\/div>[\/vc_column][\/vc_row][vc_row el_class=&#8221;container&#8221;][vc_column width=&#8221;1\/4&#8243;]\r\n                <div class=\"text-modules\">\r\n                    <div class=\"container\">\r\n                        \r\n                        <div class=\"text-modules__content\"><\/p>\n<p style=\"text-align: right;\"><strong><span style=\"font-size: 1.3em;\">Katowice<\/span><\/strong><\/p>\n<p>\n<\/div>\r\n                    <\/div>\r\n                <\/div>[\/vc_column][vc_column width=&#8221;3\/4&#8243;][vc_row_inner][vc_column_inner width=&#8221;2\/3&#8243;]\r\n                <div class=\"text-modules\">\r\n                    <div class=\"container\">\r\n                        \r\n                        <div class=\"text-modules__content\"><p><span style=\"font-weight: 400;\">Stolica wojew\u00f3dztwa \u015bl\u0105skiego zosta\u0142a za\u0142o\u017cona w 1865 roku. Cho\u0107 jest stosunkowo m\u0142odym miastem, stanowi przyk\u0142ad tego, jak poprzemys\u0142owy o\u015brodek mo\u017ce przekszta\u0142ci\u0107 si\u0119 w miejsce rozwoju nowych technologii i ekologicznych rozwi\u0105za\u0144.<\/span><\/p>\n<p><span style=\"font-weight: 400;\">Katowice od pocz\u0105tku swego istnienia silnie zwi\u0105zane s\u0105 z nauk\u0105. Jednym z za\u0142o\u017cycieli miasta by\u0142 Richard Holtze \u2013 ceniony lekarz. Tutaj te\u017c urodzi\u0142a si\u0119 noblistka z fizyki Maria G\u00f6ppert-Mayer, kt\u00f3rej wizerunek uwieczniony zosta\u0142 na \u015bcianie budynku rektoratu Uniwersytetu \u015al\u0105skiego (ul. Bankowa 12), widzianej od strony Rawy.<\/span><\/p>\n<p><span style=\"font-weight: 400;\">Zabytkowe osiedle Nikiszowiec jest dziedzictwem g\u00f3rniczej kultury. W znajduj\u0105cej si\u0119 tam filii Muzeum Historii Katowic (ul. Rymarska 4) prezentowane jest wn\u0119trze tradycyjnego g\u00f3rniczego mieszkania, a tak\u017ce pralni i magla.<\/span><\/p>\n<p><span style=\"font-weight: 400;\">W centrum Katowic, przyje\u017cd\u017caj\u0105cych do miasta wita ikoniczny budynek Spodka, otwartego w 1971 roku. Nowoczesn\u0105 architektur\u0119 stolicy wojew\u00f3dztwa rozpozna\u0107 mo\u017cna m.in. w konstrukcji Narodowej Orkiestry Symfonicznej Polskiego Radia (NOSPR na pl. W. Kilara 1), Mi\u0119dzynarodowego Centrum Kongresowego (pl. S\u0142awika i Antalla 1) oraz Muzeum \u015al\u0105skiego (ul. T. Dobrowolskiego 1), kt\u00f3re zaadaptowa\u0142o tereny dawnej kopalni w\u0119gla kamiennego \u201eKatowice\u201d.<\/span><\/p>\n<\/div>\r\n                    <\/div>\r\n                <\/div>\r\n                <div class=\"text-modules\">\r\n                    <div class=\"container\">\r\n                        \r\n                        <div class=\"text-modules__content\"><\/p>\n<h3>Kampus uniwersytecki<\/h3>\n<p><span style=\"font-weight: 400;\">Uniwersytet \u015al\u0105ski zajmuje w Katowicach blisko 20 budynk\u00f3w, w kt\u00f3rych mieszcz\u0105 si\u0119 m.in. rektorat, wydzia\u0142y oraz Centrum Informacji Naukowej i Biblioteka Akademicka (CINiBA).<\/span><\/p>\n<\/div>\r\n                    <\/div>\r\n                <\/div>[vc_video link=&#8221;https:\/\/youtu.be\/azMUt0AE-Uw&#8221;][\/vc_column_inner][vc_column_inner width=&#8221;1\/3&#8243;]\r\n                <div class=\"text-modules\">\r\n                    <div class=\"container\">\r\n                        \r\n                        <div class=\"text-modules__content\"><p><a href=\"https:\/\/katowice.eu\"><span style=\"font-weight: 400;\">Strona internetowa miasta Katowice<\/span><\/a><\/p>\n<p><a href=\"https:\/\/www.facebook.com\/Katowice.eu\"><span style=\"font-weight: 400;\">Oficjalny profil miasta Katowice na Facebooku<\/span><\/a><\/p>\n<\/div>\r\n                    <\/div>\r\n                <\/div>\r\n                <div class=\"text-modules\">\r\n                    <div class=\"container\">\r\n                        \r\n                        <div class=\"text-modules__content\"><\/p>\n<h3>Czy wiesz, \u017ce\u2026?<\/h3>\n<p><span style=\"font-weight: 400;\">Z Katowic pochodzi\u0142 himalaista Jerzy Kukuczka, kt\u00f3ry jako drugi cz\u0142owiek na Ziemi zdoby\u0142 Koron\u0119 Himalaj\u00f3w i Karakorum.<\/span><\/p>\n<\/div>\r\n                    <\/div>\r\n                <\/div>\r\n                <div class=\"text-modules\">\r\n                    <div class=\"container\">\r\n                        \r\n                        <div class=\"text-modules__content\"><\/p>\n<h3>Komunikacja miejska i Centrum Informacji Turystycznej<\/h3>\n<p><span style=\"font-weight: 400;\">Wszelkie informacje dotycz\u0105ce komunikacji miejskiej oraz rozk\u0142ady jazdy mo\u017cna otrzyma\u0107 w <\/span><a href=\"https:\/\/katowice.eu\/czas-wolny\/turystyka\/centrum-informacji-turystycznej\"><span style=\"font-weight: 400;\">Centrum Informacji Turystycznej Katowic<\/span><\/a><span style=\"font-weight: 400;\"> na ul. Rynek 13.<\/span><\/p>\n<\/div>\r\n                    <\/div>\r\n                <\/div>\r\n                <div class=\"text-modules\">\r\n                    <div class=\"container\">\r\n                        \r\n                        <div class=\"text-modules__content\"><p><span style=\"font-weight: 400;\">Kontakt:\u00a0<\/span><\/p>\n<ul>\n<li style=\"font-weight: 400;\" aria-level=\"1\"><span style=\"font-weight: 400;\">tel. (+48) 322 593 808<\/span><\/li>\n<li style=\"font-weight: 400;\" aria-level=\"1\">e-mail: <a href=\"mailto:katowice@silesia.travel\">katowice@silesia.travel<\/a><\/li>\n<\/ul>\n<p>\n<\/div>\r\n                    <\/div>\r\n                <\/div>[\/vc_column_inner][\/vc_row_inner][\/vc_column][\/vc_row][vc_row el_class=&#8221;container&#8221;][vc_column]<div class=\"container\"><div class=\"separator\" style=\"background-color: #EBEBEB\"><\/div><\/div>[\/vc_column][\/vc_row][vc_row el_class=&#8221;container&#8221;][vc_column width=&#8221;1\/4&#8243;]\r\n                <div class=\"text-modules\">\r\n                    <div class=\"container\">\r\n                        \r\n                        <div class=\"text-modules__content\"><\/p>\n<p style=\"text-align: right;\"><strong><span style=\"font-size: 1.3em;\">Cieszyn<\/span><\/strong><\/p>\n<p>\n<\/div>\r\n                    <\/div>\r\n                <\/div>[\/vc_column][vc_column width=&#8221;3\/4&#8243;][vc_row_inner][vc_column_inner width=&#8221;2\/3&#8243;]\r\n                <div class=\"text-modules\">\r\n                    <div class=\"container\">\r\n                        \r\n                        <div class=\"text-modules__content\"><p><span style=\"font-weight: 400;\">To jedno z najstarszych miast na \u015al\u0105sku. Prawa miejskie otrzyma\u0142o na pocz\u0105tku XIII wieku. W latach 1290\u20131918 by\u0142 on stolic\u0105 Ksi\u0119stwa Cieszy\u0144skiego.<\/span><\/p>\n<p><span style=\"font-weight: 400;\">Cieszyn le\u017cy na granicy Polski z Czechami. G\u0142\u00f3wny o\u015brodek miejski znajduje si\u0119 w polskiej cz\u0119\u015bci Cieszyna. Cz\u0119\u015b\u0107 czeska nosi nazw\u0119 Czeskiego Cieszyna. Przez miasto przep\u0142ywa rzeka Olza.<\/span><\/p>\n<p><span style=\"font-weight: 400;\">Po\u015br\u00f3d zabytk\u00f3w architektury wymieni\u0107 mo\u017cna wiele obiekt\u00f3w \u015bwieckich i sakralnych. Jednym z bardziej rozpoznawalnych jest roma\u0144ska Rotunda \u015bw. Miko\u0142aja z XI wieku, uwieczniona na polskim banknocie o nominale 20 z\u0142. Popularno\u015bci\u0105 cieszy si\u0119 r\u00f3wnie\u017c \u201eCieszy\u0144ska Wenecja\u201d \u2013 cz\u0119\u015b\u0107 starego miasta le\u017c\u0105ca nad sztucznym ciekiem wodnym.<\/span><\/p>\n<p><span style=\"font-weight: 400;\">Cieszyn jest miastem blisko zwi\u0105zanym z przyrod\u0105. 23% powierzchni miasta zajmuj\u0105 tereny zielone, a powierzchnie zabudowane pozostaj\u0105 silnie zadrzewione. W mie\u015bcie znajduj\u0105 si\u0119 3 rezerwaty przyrody. Posiada ono r\u00f3wnie\u017c bogat\u0105 faun\u0119 \u2013 w Cieszynie spotka\u0107 mo\u017cna m.in. czaple, rzekotki drzewne czy pi\u017cmaki.<\/span><\/p>\n<\/div>\r\n                    <\/div>\r\n                <\/div>\r\n                <div class=\"text-modules\">\r\n                    <div class=\"container\">\r\n                        \r\n                        <div class=\"text-modules__content\"><\/p>\n<h3>Kampus uniwersytecki<\/h3>\n<p><span style=\"font-weight: 400;\">Cieszyn jest siedzib\u0105 Wydzia\u0142u Sztuki i Nauk o Edukacji Uniwersytetu \u015al\u0105skiego.<\/span><\/p>\n<\/div>\r\n                    <\/div>\r\n                <\/div>[vc_video link=&#8221;https:\/\/youtu.be\/qaDqXt7s9aw&#8221;][\/vc_column_inner][vc_column_inner width=&#8221;1\/3&#8243;]\r\n                <div class=\"text-modules\">\r\n                    <div class=\"container\">\r\n                        \r\n                        <div class=\"text-modules__content\"><p><a href=\"https:\/\/www.cieszyn.pl\/\"><span style=\"font-weight: 400;\">Strona internetowa miasta Cieszyn<\/span><\/a><\/p>\n<p><a href=\"https:\/\/www.facebook.com\/CieszynRobiWrazenie\"><span style=\"font-weight: 400;\">Oficjalny profil miasta Cieszyn na Facebooku<\/span><\/a><\/p>\n<\/div>\r\n                    <\/div>\r\n                <\/div>\r\n                <div class=\"text-modules\">\r\n                    <div class=\"container\">\r\n                        \r\n                        <div class=\"text-modules__content\"><\/p>\n<h3>Czy wiesz, \u017ce\u2026?<\/h3>\n<p><span style=\"font-weight: 400;\">Od miasta nazw\u0119 wzi\u0119\u0142a ska\u0142a cieszynit, kt\u00f3r\u0105 po raz pierwszy w XIX wieku w jej okolicach opisa\u0142 geolog Ludwik Hohenegger. Jest to ska\u0142a magmowa, g\u0142\u0119binowa, zasadowa powsta\u0142a w dolnej kredzie.<\/span><\/p>\n<\/div>\r\n                    <\/div>\r\n                <\/div>\r\n                <div class=\"text-modules\">\r\n                    <div class=\"container\">\r\n                        \r\n                        <div class=\"text-modules__content\"><\/p>\n<h3>Komunikacja miejska i Cieszy\u0144skie Centrum Informacji<\/h3>\n<p><span style=\"font-weight: 400;\">Wszelkie informacje dotycz\u0105ce komunikacji miejskiej oraz rozk\u0142ady jazdy mo\u017cna otrzyma\u0107 w <\/span><a href=\"https:\/\/www.slaskie.travel\/poi\/1610\/cieszynskie-centrum-informacji\"><span style=\"font-weight: 400;\">Cieszy\u0144skim Centrum Informacji<\/span><\/a><span style=\"font-weight: 400;\"> na ul. Rynek 1.<\/span><\/p>\n<\/div>\r\n                    <\/div>\r\n                <\/div>\r\n                <div class=\"text-modules\">\r\n                    <div class=\"container\">\r\n                        \r\n                        <div class=\"text-modules__content\"><p><span style=\"font-weight: 400;\">Kontakt:\u00a0<\/span><\/p>\n<ul>\n<li style=\"font-weight: 400;\" aria-level=\"1\"><span style=\"font-weight: 400;\">tel. +48 334 794 248<\/span><\/li>\n<li style=\"font-weight: 400;\" aria-level=\"1\"><span style=\"font-weight: 400;\">e-mail: <a href=\"mailto:cieszyn@slaskie.travel\">cieszyn@slaskie.travel<\/a><\/span><\/li>\n<\/ul>\n<p>\n<\/div>\r\n                    <\/div>\r\n                <\/div>[\/vc_column_inner][\/vc_row_inner][\/vc_column][\/vc_row][vc_row el_class=&#8221;container&#8221;][vc_column][vc_separator color=&#8221;custom&#8221; accent_color=&#8221;#71af3a&#8221;][\/vc_column][\/vc_row][vc_row el_class=&#8221;container&#8221;][vc_column]\r\n                <div class=\"text-modules\">\r\n                    <div class=\"container\">\r\n                        \r\n                        <div class=\"text-modules__content\"><\/p>\n<p style=\"line-height: 0.9; color: #000000; font-family: 'PT Sans Narrow'; font-size: 1.8em;\"><strong>KONTAKT <\/strong><\/p>\n<p>\n<\/div>\r\n                    <\/div>\r\n                <\/div>[\/vc_column][\/vc_row][vc_row el_class=&#8221;container&#8221;][vc_column width=&#8221;1\/4&#8243;][\/vc_column][vc_column width=&#8221;3\/4&#8243;]\r\n                <div class=\"text-modules\">\r\n                    <div class=\"container\">\r\n                        \r\n                        <div class=\"text-modules__content\"><p><a href=\"mailto:transform4europe@us.edu.pl\">transform4europe@us.edu.pl<\/a><\/p>\n<\/div>\r\n                    <\/div>\r\n                <\/div>[\/vc_column][\/vc_row][vc_row][vc_column]\r\n                <div class=\"text-modules\">\r\n                    <div class=\"container\">\r\n                        \r\n                        <div class=\"text-modules__content\"><p><img class=\"alignnone wp-image-1286 size-full\" src=\"https:\/\/us.edu.pl\/t4e\/wp-content\/uploads\/sites\/59\/grafiki\/transform4europe-week\/slider_T4E_pl_obraz-do-strony_logo-ue.jpg\" alt=\"Transform4Europe Week Spotkajmy si\u0119 na Uniwersytecie \u015al\u0105skim\" width=\"100%\" height=\"auto\" srcset=\"https:\/\/us.edu.pl\/t4e\/wp-content\/uploads\/sites\/59\/grafiki\/transform4europe-week\/slider_T4E_pl_obraz-do-strony_logo-ue.jpg 1622w, https:\/\/us.edu.pl\/t4e\/wp-content\/uploads\/sites\/59\/grafiki\/transform4europe-week\/slider_T4E_pl_obraz-do-strony_logo-ue-800x284.jpg 800w, https:\/\/us.edu.pl\/t4e\/wp-content\/uploads\/sites\/59\/grafiki\/transform4europe-week\/slider_T4E_pl_obraz-do-strony_logo-ue-768x272.jpg 768w, https:\/\/us.edu.pl\/t4e\/wp-content\/uploads\/sites\/59\/grafiki\/transform4europe-week\/slider_T4E_pl_obraz-do-strony_logo-ue-1024x363.jpg 1024w, https:\/\/us.edu.pl\/t4e\/wp-content\/uploads\/sites\/59\/grafiki\/transform4europe-week\/slider_T4E_pl_obraz-do-strony_logo-ue-575x204.jpg 575w\" sizes=\"(max-width: 1622px) 100vw, 1622px\" \/><\/p>\n<\/div>\r\n                    <\/div>\r\n                <\/div>[\/vc_column][\/vc_row]<\/p>\n<style type=\"text\/css\">a[data-mtli~=\"mtli_filesize285,80kB\"]:after {content:\" (285,80 kB)\"}a[data-mtli~=\"mtli_filesize215,04kB\"]:after {content:\" (215,04 kB)\"}a[data-mtli~=\"mtli_filesize154,01kB\"]:after {content:\" (154,01 kB)\"}<\/style>","protected":false},"excerpt":{"rendered":"<p>[vc_row css=&#8221;.vc_custom_1628696935370{margin-bottom: 0px !important;border-bottom-width: 0px !important;padding-bottom: 0px !important;}&#8221;][vc_column width=&#8221;1\/4&#8243; css=&#8221;.vc_custom_1628676746787{margin-bottom: 0px !important;border-bottom-width: 0px !important;padding-bottom: 0px !important;}&#8221;][\/vc_column][vc_column width=&#8221;3\/4&#8243; css=&#8221;.vc_custom_1628749912462{margin-right: 5px !important;padding-left: 10px !important;}&#8221;][vc_empty_space height=&#8221;16px&#8221;][vc_row_inner][vc_column_inner][\/vc_column_inner][\/vc_row_inner][vc_row_inner][vc_column_inner width=&#8221;2\/3&#8243;][vc_empty_space height=&#8221;1px&#8221; css=&#8221;.vc_custom_1628690988868{background-color: #71af3a !important;}&#8221;][\/vc_column_inner][vc_column_inner width=&#8221;1\/3&#8243;][\/vc_column_inner][\/vc_row_inner][\/vc_column][\/vc_row][vc_row el_class=&#8221;container&#8221;][vc_column][vc_empty_space height=&#8221;48px&#8221;][\/vc_column][\/vc_row][vc_row el_class=&#8221;container&#8221;][vc_column width=&#8221;1\/4&#8243;][\/vc_column][vc_column width=&#8221;3\/4&#8243;][\/vc_column][\/vc_row][vc_row el_class=&#8221;container&#8221;][vc_column][\/vc_column][\/vc_row][vc_row el_class=&#8221;container&#8221;][vc_column width=&#8221;1\/4&#8243;][\/vc_column][vc_column width=&#8221;3\/4&#8243;][vc_empty_space][vc_video link=&#8221;https:\/\/www.youtube.com\/watch?v=uZ1rZq4JQWQ&#8221;][\/vc_column][\/vc_row][vc_row el_class=&#8221;container&#8221;][vc_column][vc_separator color=&#8221;custom&#8221; accent_color=&#8221;#71af3a&#8221;][\/vc_column][\/vc_row][vc_row el_class=&#8221;container&#8221;][vc_column][\/vc_column][\/vc_row][vc_row el_class=&#8221;container&#8221;][vc_column][vc_separator color=&#8221;custom&#8221; accent_color=&#8221;#71af3a&#8221;][\/vc_column][\/vc_row][vc_row el_class=&#8221;container&#8221;][vc_column width=&#8221;1\/4&#8243;][\/vc_column][vc_column width=&#8221;3\/4&#8243;][\/vc_column][\/vc_row][vc_row el_class=&#8221;container&#8221;][vc_column][\/vc_column][\/vc_row][vc_row el_class=&#8221;container&#8221;][vc_column][vc_separator color=&#8221;custom&#8221; accent_color=&#8221;#71af3a&#8221;][\/vc_column][\/vc_row][vc_row el_class=&#8221;container&#8221;][vc_column][\/vc_column][\/vc_row][vc_row el_class=&#8221;container&#8221;][vc_column][\/vc_column][\/vc_row][vc_row [&#8230;]<\/p>\n<p><a class=\"btn btn-secondary understrap-read-more-link\" href=\"https:\/\/us.edu.pl\/t4e\/transform4europe-week\/\">Read More&#8230;<\/a><\/p>\n","protected":false},"author":139,"featured_media":768,"parent":0,"menu_order":0,"comment_status":"closed","ping_status":"closed","template":"","meta":{"_expiration-date-status":"","_expiration-date":0,"_expiration-date-type":"","_expiration-date-categories":[],"_expiration-date-options":[]},"acf":[],"_links":{"self":[{"href":"https:\/\/us.edu.pl\/t4e\/wp-json\/wp\/v2\/pages\/785"}],"collection":[{"href":"https:\/\/us.edu.pl\/t4e\/wp-json\/wp\/v2\/pages"}],"about":[{"href":"https:\/\/us.edu.pl\/t4e\/wp-json\/wp\/v2\/types\/page"}],"author":[{"embeddable":true,"href":"https:\/\/us.edu.pl\/t4e\/wp-json\/wp\/v2\/users\/139"}],"replies":[{"embeddable":true,"href":"https:\/\/us.edu.pl\/t4e\/wp-json\/wp\/v2\/comments?post=785"}],"version-history":[{"count":10,"href":"https:\/\/us.edu.pl\/t4e\/wp-json\/wp\/v2\/pages\/785\/revisions"}],"predecessor-version":[{"id":1838,"href":"https:\/\/us.edu.pl\/t4e\/wp-json\/wp\/v2\/pages\/785\/revisions\/1838"}],"wp:featuredmedia":[{"embeddable":true,"href":"https:\/\/us.edu.pl\/t4e\/wp-json\/wp\/v2\/media\/768"}],"wp:attachment":[{"href":"https:\/\/us.edu.pl\/t4e\/wp-json\/wp\/v2\/media?parent=785"}],"curies":[{"name":"wp","href":"https:\/\/api.w.org\/{rel}","templated":true}]}}