{"id":10256,"date":"2021-02-12T10:16:10","date_gmt":"2021-02-12T09:16:10","guid":{"rendered":"https:\/\/us.edu.pl\/wydzial\/wh\/?post_type=event&#038;p=10256"},"modified":"2021-02-12T10:16:10","modified_gmt":"2021-02-12T09:16:10","slug":"32nd-international-conference-on-foreign-second-language-acquisition-online","status":"publish","type":"event","link":"https:\/\/us.edu.pl\/wydzial\/wh\/event\/32nd-international-conference-on-foreign-second-language-acquisition-online\/","title":{"rendered":"32nd International Conference on Foreign \/ Second Language Acquisition (online)"},"content":{"rendered":"<p>[vc_row][vc_column width=&#8221;2\/3&#8243;]\r\n                <div class=\"text-modules\">\r\n                    <div class=\"container\">\r\n                        \r\n                        <div class=\"text-modules__content\"><p><a href=\"https:\/\/us.edu.pl\/instytut\/ij\/\"><strong>Instytut J\u0119zykoznawstwa<\/strong><\/a> Uniwersytetu \u015al\u0105skiego ma zaszczyt zaprosi\u0107 Pa\u0144stwa do udzia\u0142u w mi\u0119dzynarodowej konferencji <strong>International Conference on Foreign \/ Second Language Acquisition<\/strong> <strong>(ICFSLA 2021)<\/strong>, kt\u00f3ra odb\u0119dzie si\u0119 w dniach <strong>20-22 maja 2021 r.<\/strong><\/p>\n<p>W zwi\u0105zku z pandemi\u0105 konferencja odb\u0119dzie si\u0119 <strong>online<\/strong>.<\/p>\n<p>Termin sk\u0142adania abstrakt\u00f3w: <strong>20 lutego 2021 r.<\/strong><\/p>\n<p>adres mailowy: <a href=\"mailto:szczyrk2021@gmail.com\">szczyrk2021@gmail.com<\/a><\/p>\n<p><a href=\"http:\/\/www.icfsla.us.edu.pl\">www.icfsla.us.edu.pl<\/a><\/p>\n<\/div>\r\n                    <\/div>\r\n                <\/div>\r\n                <div class=\"text-modules\">\r\n                    <div class=\"container\">\r\n                        \r\n                        <div class=\"text-modules__content\"><\/p>\n<h4><strong><span style=\"color: #003366\">Narratives of Success and Failure: Stories from Foreign Language Teachers and Learners<\/span><\/strong><\/h4>\n<p>&nbsp;<\/p>\n<p><strong>GO\u015aCIE PLENARNI:<\/strong><\/p>\n<ul>\n<li><strong>Prof. Christina Gkonou<\/strong> (University of Essex, Colchester)<\/li>\n<li><strong>Prof. Hanna Komorowska<\/strong> (University of Social Sciences and Humanities, Warsaw)<\/li>\n<li><strong>Prof. Agnieszka Otwinowska-Kasztelanic<\/strong> (Warsaw University, Warsaw)<\/li>\n<li><strong>Prof. Simone Pfenninger<\/strong> (University of Salzburg, Salzburg)<\/li>\n<li><strong>Prof. David Singleton<\/strong> (Professor Emeritus, Trinity College, Dublin)<\/li>\n<\/ul>\n<p>\n<\/div>\r\n                    <\/div>\r\n                <\/div>[\/vc_column][vc_column width=&#8221;1\/3&#8243;]\r\n                <div class=\"text-modules\">\r\n                    <div class=\"container\">\r\n                        \r\n                        <div class=\"text-modules__content\"><\/p>\n<p><img class=\"alignnone wp-image-10257 size-large\" src=\"https:\/\/us.edu.pl\/wydzial\/wh\/wp-content\/uploads\/sites\/15\/Nieprzypisane\/20210208_092143-e1613120669308-768x1024.jpg\" alt=\"plakat konferencji w j\u0119zyku angielskim\" width=\"640\" height=\"853\" srcset=\"https:\/\/us.edu.pl\/wydzial\/wh\/wp-content\/uploads\/sites\/15\/Nieprzypisane\/20210208_092143-e1613120669308-768x1024.jpg 768w, https:\/\/us.edu.pl\/wydzial\/wh\/wp-content\/uploads\/sites\/15\/Nieprzypisane\/20210208_092143-e1613120669308-225x300.jpg 225w, https:\/\/us.edu.pl\/wydzial\/wh\/wp-content\/uploads\/sites\/15\/Nieprzypisane\/20210208_092143-e1613120669308-431x575.jpg 431w\" sizes=\"(max-width: 640px) 100vw, 640px\" \/><\/p>\n<\/div>\r\n                    <\/div>\r\n                <\/div>[\/vc_column][\/vc_row]<\/p>","protected":false},"excerpt":{"rendered":"<p>[vc_row][vc_column width=&#8221;2\/3&#8243;][\/vc_column][vc_column width=&#8221;1\/3&#8243;][\/vc_column][\/vc_row] [&#8230;]<\/p>\n<p><a class=\"btn btn-secondary understrap-read-more-link\" href=\"https:\/\/us.edu.pl\/wydzial\/wh\/event\/32nd-international-conference-on-foreign-second-language-acquisition-online\/\">Read More&#8230;<\/a><\/p>\n","protected":false},"author":1,"featured_media":0,"template":"","meta":{"_expiration-date-status":"saved","_expiration-date":0,"_expiration-date-type":"","_expiration-date-categories":[],"_expiration-date-options":[]},"acf":[],"_links":{"self":[{"href":"https:\/\/us.edu.pl\/wydzial\/wh\/wp-json\/wp\/v2\/event\/10256"}],"collection":[{"href":"https:\/\/us.edu.pl\/wydzial\/wh\/wp-json\/wp\/v2\/event"}],"about":[{"href":"https:\/\/us.edu.pl\/wydzial\/wh\/wp-json\/wp\/v2\/types\/event"}],"author":[{"embeddable":true,"href":"https:\/\/us.edu.pl\/wydzial\/wh\/wp-json\/wp\/v2\/users\/1"}],"version-history":[{"count":13,"href":"https:\/\/us.edu.pl\/wydzial\/wh\/wp-json\/wp\/v2\/event\/10256\/revisions"}],"predecessor-version":[{"id":10270,"href":"https:\/\/us.edu.pl\/wydzial\/wh\/wp-json\/wp\/v2\/event\/10256\/revisions\/10270"}],"wp:attachment":[{"href":"https:\/\/us.edu.pl\/wydzial\/wh\/wp-json\/wp\/v2\/media?parent=10256"}],"curies":[{"name":"wp","href":"https:\/\/api.w.org\/{rel}","templated":true}]}}