{"id":12569,"date":"2021-05-17T11:48:01","date_gmt":"2021-05-17T09:48:01","guid":{"rendered":"https:\/\/us.edu.pl\/wydzial\/wh\/?post_type=event&#038;p=12569"},"modified":"2021-05-17T11:48:01","modified_gmt":"2021-05-17T09:48:01","slug":"miedzynarodowa-konferencja-naukowa-nt-erinnerungsorte-und-erinnerungskulturen-interdisziplinar-fachspezifische-und-fachdidaktische-annaherungen","status":"publish","type":"event","link":"https:\/\/us.edu.pl\/wydzial\/wh\/event\/miedzynarodowa-konferencja-naukowa-nt-erinnerungsorte-und-erinnerungskulturen-interdisziplinar-fachspezifische-und-fachdidaktische-annaherungen\/","title":{"rendered":"Mi\u0119dzynarodowa konferencja naukowa nt. \u201eErinnerungsorte und Erinnerungskulturen interdisziplin\u00e4r \u2013 fachspezifische und fachdidaktische Ann\u00e4herungen\u201c"},"content":{"rendered":"<p>[vc_row][vc_column width=&#8221;2\/3&#8243;]\r\n                <div class=\"text-modules\">\r\n                    <div class=\"container\">\r\n                        \r\n                        <div class=\"text-modules__content\"><p>Zapraszamy na mi\u0119dzynarodow\u0105 konferencj\u0119 naukow\u0105 nt. \u201eErinnerungsorte und Erinnerungskulturen interdisziplin\u00e4r \u2013 fachspezifische und fachdidaktische Ann\u00e4herungen&#8221;, w dniach <strong>20-22.05.2021 r.<\/strong><\/p>\n<p>Organizatorzy: Uniwersytet \u015al\u0105ski w Katowicach we wsp\u00f3\u0142pracy z <a href=\"https:\/\/www.daad.pl\/pl\/\">Niemieck\u0105 Central\u0105 Wymiany Akademickiej (DAAD)<\/a>, <a href=\"https:\/\/www.uni-saarland.de\/en\/home.html\">Uniwersytetem Kraju Saary<\/a>, <a href=\"https:\/\/ztu.edu.ua\/en\/\">\u017bytomierskim Uniwersytetem Pa\u0144stwowym im. Iwana Franki<\/a><\/p>\n<p>Patronat: <a href=\"https:\/\/www.facebook.com\/KonsulatNiemiecWroclaw\/\">Konsulat Generalny Republiki Federalnej Niemiec we Wroc\u0142awiu<\/a><\/p>\n<p>Partner: <a href=\"https:\/\/teatrzaglebia.pl\/\">Teatr Zag\u0142\u0119bia w Sosnowcu<\/a><\/p>\n<\/div>\r\n                    <\/div>\r\n                <\/div>[\/vc_column][vc_column width=&#8221;1\/3&#8243;]\r\n                <div class=\"text-modules\">\r\n                    <div class=\"container\">\r\n                        \r\n                        <div class=\"text-modules__content\"><p><img class=\"alignnone wp-image-5545 size-full\" src=\"https:\/\/us.edu.pl\/wydzial\/wh\/wp-content\/uploads\/sites\/15\/Nieprzypisane\/book-2592057_640.jpg\" alt=\"na pierwszym planie zdj\u0119cia wida\u0107 otwarty notes, na kt\u00f3rym le\u017cy d\u0142ugopis, w tle uczestnicy konferencji, kt\u00f3rych sylwetki s\u0105 niewyra\u017ane\" width=\"640\" height=\"426\" srcset=\"https:\/\/us.edu.pl\/wydzial\/wh\/wp-content\/uploads\/sites\/15\/Nieprzypisane\/book-2592057_640.jpg 640w, https:\/\/us.edu.pl\/wydzial\/wh\/wp-content\/uploads\/sites\/15\/Nieprzypisane\/book-2592057_640-300x200.jpg 300w, https:\/\/us.edu.pl\/wydzial\/wh\/wp-content\/uploads\/sites\/15\/Nieprzypisane\/book-2592057_640-575x383.jpg 575w\" sizes=\"(max-width: 640px) 100vw, 640px\" \/><\/p>\n<\/div>\r\n                    <\/div>\r\n                <\/div>[\/vc_column][\/vc_row]<\/p>","protected":false},"excerpt":{"rendered":"<p>[vc_row][vc_column width=&#8221;2\/3&#8243;][\/vc_column][vc_column width=&#8221;1\/3&#8243;][\/vc_column][\/vc_row] [&#8230;]<\/p>\n<p><a class=\"btn btn-secondary understrap-read-more-link\" href=\"https:\/\/us.edu.pl\/wydzial\/wh\/event\/miedzynarodowa-konferencja-naukowa-nt-erinnerungsorte-und-erinnerungskulturen-interdisziplinar-fachspezifische-und-fachdidaktische-annaherungen\/\">Read More&#8230;<\/a><\/p>\n","protected":false},"author":1,"featured_media":0,"template":"","meta":{"_expiration-date-status":"saved","_expiration-date":0,"_expiration-date-type":"","_expiration-date-categories":[],"_expiration-date-options":[]},"acf":[],"_links":{"self":[{"href":"https:\/\/us.edu.pl\/wydzial\/wh\/wp-json\/wp\/v2\/event\/12569"}],"collection":[{"href":"https:\/\/us.edu.pl\/wydzial\/wh\/wp-json\/wp\/v2\/event"}],"about":[{"href":"https:\/\/us.edu.pl\/wydzial\/wh\/wp-json\/wp\/v2\/types\/event"}],"author":[{"embeddable":true,"href":"https:\/\/us.edu.pl\/wydzial\/wh\/wp-json\/wp\/v2\/users\/1"}],"version-history":[{"count":6,"href":"https:\/\/us.edu.pl\/wydzial\/wh\/wp-json\/wp\/v2\/event\/12569\/revisions"}],"predecessor-version":[{"id":12576,"href":"https:\/\/us.edu.pl\/wydzial\/wh\/wp-json\/wp\/v2\/event\/12569\/revisions\/12576"}],"wp:attachment":[{"href":"https:\/\/us.edu.pl\/wydzial\/wh\/wp-json\/wp\/v2\/media?parent=12569"}],"curies":[{"name":"wp","href":"https:\/\/api.w.org\/{rel}","templated":true}]}}