{"id":15230,"date":"2021-10-04T14:55:46","date_gmt":"2021-10-04T12:55:46","guid":{"rendered":"https:\/\/us.edu.pl\/wydzial\/wh\/?post_type=event&#038;p=15230"},"modified":"2021-10-04T15:11:48","modified_gmt":"2021-10-04T13:11:48","slug":"iii-kolokwium-czesko-polskie-z-naszych-warsztatow-badawczych","status":"publish","type":"event","link":"https:\/\/us.edu.pl\/wydzial\/wh\/event\/iii-kolokwium-czesko-polskie-z-naszych-warsztatow-badawczych\/","title":{"rendered":"III Kolokwium Czesko-Polskie: \u201eZ naszych warsztat\u00f3w badawczych\u201d"},"content":{"rendered":"<p>[vc_row][vc_column width=&#8221;2\/3&#8243;]\r\n                <div class=\"text-modules\">\r\n                    <div class=\"container\">\r\n                        \r\n                        <div class=\"text-modules__content\"><p><strong>6 pa\u017adziernika 2021 o godzinie 11.00<\/strong> w Czeskim Cieszynie w Centrum Polskim (ul. Strzelnicza 28) odb\u0119dzie si\u0119<br \/>\nIII Kolokwium Czesko-Polskie. Z naszych warsztat\u00f3w badawczych.<\/p>\n<p>Celem spotkania jest prezentacja obszar\u00f3w bada\u0144, metod i perspektyw badawczych w kr\u0119gach badaczy literatury i kultury staropolskiej Instytutu Literaturoznawstwa Wydzia\u0142u Humanistycznego Uniwersytetu \u015al\u0105skiego<br \/>\nw Katowicach oraz Katedry Slawistyki Wydzia\u0142u Filozoficznego Uniwersytetu Ostrawskiego.<\/p>\n<p>Organizatorami s\u0105: <a href=\"https:\/\/us.edu.pl\/instytut\/il\/\">Instytut Literaturoznawstwa Wydzia\u0142u Humanistycznego Uniwersytetu \u015al\u0105skiego w Katowicach<\/a>, Katedra Slawistyki Uniwersytetu Ostrawskiego, Pracownia Zarz\u0105dzania Wiedz\u0105.<\/p>\n<p>Cz\u0119\u015bci\u0105 konferencji jest te\u017c zwiedzanie wystawy Sonii Rammer Him\u00e1lajsk\u00e9 Legendy oraz Aleksandra Radziszewskiego Baltsk\u00e9 Legendy (Galerie P\u016fda, ul. Strzelnicza 256\/1).<\/p>\n<p><strong>Miejsce:<\/strong>\u00a0Centrum Polskie (budynek Polskiego Zwi\u0105zku Kulturalno-O\u015bwiatowego w RC, ul. Strzelnicza\/St\u0159elni\u010dn\u00ed 28, Czeski Cieszyn).<\/p>\n<p>&nbsp;<\/p>\n<h3>PROGRAM:<\/h3>\n<p><strong>10:30 \u2013 11:00\u00a0<\/strong><\/p>\n<p>Pocz\u0119stunek<\/p>\n<p><strong>11:00 \u2013 11:30<\/strong><\/p>\n<p>Prezentacja dzia\u0142alno\u015bci Centrum Polskiego (dr Micha\u0142 Przywara).<\/p>\n<p>Prezentacja ksi\u0105\u017cki <a href=\"https:\/\/us.edu.pl\/instytut\/il\/osoby\/jacek-kwosek\/\"><strong>dr Jacka Kwoska<\/strong><\/a> <em>Scholastyczne inspiracje poetyki Macieja Kazimierza Sarbiewskiego.<\/em><\/p>\n<p><strong>11:30 \u2013 12:45<\/strong><\/p>\n<p><strong>Prof. dr hab. Jan Malicki<\/strong> (Uniwersytet \u015al\u0105ski w Katowicach, Akademia Muzyczna w Katowicach): <em>Katowiczanie. Cz\u0119\u015b\u0107 pierwsza \u2013 \u017bywio\u0142y przesz\u0142o\u015bci w kustodii pami\u0119ci. Cz\u0119\u015b\u0107 druga \u2013 Przypowie\u015b\u0107 prawdziwa o bohaterkach<br \/>\ni bohaterstwie<\/em>.<\/p>\n<p><a href=\"https:\/\/us.edu.pl\/instytut\/il\/osoby\/dariusz-rott\/\"><strong>Prof. dr hab. Dariusz Rott<\/strong><\/a> (Uniwersytet \u015al\u0105ski w Katowicach, Univerzita Palackeho v Olomouci):\u00a0<em>Dr Alojzy Konior (1925-2020) \u2013 komeniolog z Leszna<\/em>.<\/p>\n<p><a href=\"https:\/\/us.edu.pl\/instytut\/il\/osoby\/teresa-banas-korniak\/\"><strong>Dr hab. Teresa Bana\u015b-Korniak, prof. U\u015a<\/strong><\/a> (Uniwersytet \u015al\u0105ski w Katowicach):\u00a0<em>O zacnym szlachcicu polskim i jego domostwie. Technika ironicznej laudacji Jana z Kijan<\/em>.<\/p>\n<p>Dyskusja<\/p>\n<p><strong>12:45 \u2013 13:00<\/strong><\/p>\n<p>Przerwa kawowa<\/p>\n<p><strong>13:00 \u2013 14:15<\/strong><\/p>\n<p><a href=\"https:\/\/us.edu.pl\/instytut\/il\/osoby\/beata-stuchlik-surowiak\/\"><strong>Dr hab. Beata Stuchlik-Surowiak, prof. U\u015a<\/strong><\/a>: <em>\u201eGospodarz (&#8230;) ma by\u0107 nad wszystkim g\u0142ow\u0105 i panem, a gospodyni za\u015b tylko pomocnic\u0105\u201d \u2013 czyli rola kobiety i model ma\u0142\u017ce\u0144stwa w uj\u0119ciu Jakuba Kazimierza Haura (1632-1709)<\/em>.<\/p>\n<p><strong>Dr hab. Marek Bernacki, prof. ATH<\/strong>: <em>Po\u017cegnanie Adama Zagajewskiego &#8211; o ostatnim tomie poety Prawdziwe \u017cycie.<\/em><\/p>\n<p><a href=\"https:\/\/us.edu.pl\/instytut\/il\/osoby\/jacek-kwosek\/\"><strong>Dr Jacek Kwosek<\/strong><\/a> (Uniwersytet \u015al\u0105ski w Katowicach): <em>Prometeusz wyegzorcyzmowany. Uwagi o Wielkiej Improwizacji Adama Mickiewicza<\/em><\/p>\n<p><strong>Dr Micha\u0142 Przywara<\/strong> (Uniwersytet Ostrawski): <em>Obraz czesko-polskich stereotyp\u00f3w na przyk\u0142adzie wybranych utwor\u00f3w.<\/em><\/p>\n<p>Dyskusja<\/p>\n<p><strong>15:00<\/strong><\/p>\n<p>P\u00f3\u017any obiad (Restauracja Cieszy\u0144ska)<\/p>\n<p><strong>16:00 \u2013 16:30<\/strong><\/p>\n<p>Zwiedzanie wystawy w galerii \u201eNa P\u016fd\u011b\u201c \u2013 \u201eLegendy Himalajskie\u201c Sonia Rammer.<\/p>\n<\/div>\r\n                    <\/div>\r\n                <\/div>[\/vc_column][vc_column width=&#8221;1\/3&#8243;]\r\n                <div class=\"text-modules\">\r\n                    <div class=\"container\">\r\n                        \r\n                        <div class=\"text-modules__content\"><p><img class=\"alignnone wp-image-15245 size-full\" src=\"https:\/\/us.edu.pl\/wydzial\/wh\/wp-content\/uploads\/sites\/15\/Nieprzypisane\/plakat-wystawy.jpg\" alt=\"plakat promuj\u0105cy wydarzenie\" width=\"503\" height=\"720\" srcset=\"https:\/\/us.edu.pl\/wydzial\/wh\/wp-content\/uploads\/sites\/15\/Nieprzypisane\/plakat-wystawy.jpg 503w, https:\/\/us.edu.pl\/wydzial\/wh\/wp-content\/uploads\/sites\/15\/Nieprzypisane\/plakat-wystawy-210x300.jpg 210w, https:\/\/us.edu.pl\/wydzial\/wh\/wp-content\/uploads\/sites\/15\/Nieprzypisane\/plakat-wystawy-402x575.jpg 402w\" sizes=\"(max-width: 503px) 100vw, 503px\" \/><\/p>\n<\/div>\r\n                    <\/div>\r\n                <\/div>[\/vc_column][\/vc_row]<\/p>","protected":false},"excerpt":{"rendered":"<p>[vc_row][vc_column width=&#8221;2\/3&#8243;][\/vc_column][vc_column width=&#8221;1\/3&#8243;][\/vc_column][\/vc_row] [&#8230;]<\/p>\n<p><a class=\"btn btn-secondary understrap-read-more-link\" href=\"https:\/\/us.edu.pl\/wydzial\/wh\/event\/iii-kolokwium-czesko-polskie-z-naszych-warsztatow-badawczych\/\">Read More&#8230;<\/a><\/p>\n","protected":false},"author":1,"featured_media":0,"template":"","meta":{"_expiration-date-status":"saved","_expiration-date":0,"_expiration-date-type":"","_expiration-date-categories":[],"_expiration-date-options":[]},"acf":[],"_links":{"self":[{"href":"https:\/\/us.edu.pl\/wydzial\/wh\/wp-json\/wp\/v2\/event\/15230"}],"collection":[{"href":"https:\/\/us.edu.pl\/wydzial\/wh\/wp-json\/wp\/v2\/event"}],"about":[{"href":"https:\/\/us.edu.pl\/wydzial\/wh\/wp-json\/wp\/v2\/types\/event"}],"author":[{"embeddable":true,"href":"https:\/\/us.edu.pl\/wydzial\/wh\/wp-json\/wp\/v2\/users\/1"}],"version-history":[{"count":7,"href":"https:\/\/us.edu.pl\/wydzial\/wh\/wp-json\/wp\/v2\/event\/15230\/revisions"}],"predecessor-version":[{"id":15261,"href":"https:\/\/us.edu.pl\/wydzial\/wh\/wp-json\/wp\/v2\/event\/15230\/revisions\/15261"}],"wp:attachment":[{"href":"https:\/\/us.edu.pl\/wydzial\/wh\/wp-json\/wp\/v2\/media?parent=15230"}],"curies":[{"name":"wp","href":"https:\/\/api.w.org\/{rel}","templated":true}]}}