{"id":157326,"date":"2022-07-22T11:55:25","date_gmt":"2022-07-22T09:55:25","guid":{"rendered":"https:\/\/us.edu.pl\/wydzial\/wh\/?post_type=event&#038;p=157326"},"modified":"2022-08-19T11:12:38","modified_gmt":"2022-08-19T09:12:38","slug":"kursy-jezyka-polskiego-dla-obywateli-ukrainy","status":"publish","type":"event","link":"https:\/\/us.edu.pl\/wydzial\/wh\/event\/kursy-jezyka-polskiego-dla-obywateli-ukrainy\/","title":{"rendered":"Kursy j\u0119zyka polskiego dla obywateli Ukrainy"},"content":{"rendered":"<p>[vc_row][vc_column width=&#8221;2\/3&#8243;]\r\n                <div class=\"text-modules\">\r\n                    <div class=\"container\">\r\n                        \r\n                        <div class=\"text-modules__content\"><p>Odpowiadaj\u0105c na potrzeby obywateli Ukrainy szukaj\u0105cych schronienia w Polsce po napa\u015bci armii rosyjskiej na ziemie ukrai\u0144skie 24 lutego br. i w obliczu dynamicznie zmieniaj\u0105cej si\u0119 sytuacji geopolitycznej Polski Uniwersytet \u015al\u0105ski w Katowicach, dysponuj\u0105c zar\u00f3wno odpowiedni\u0105 infrastruktur\u0105, jak i kadr\u0105 o stosownych kompetencjach merytorycznych i organizacyjnych, przygotowa\u0142 projekt i ofert\u0119 edukacyjn\u0105 w ramach Uniwersyteckiego Centrum Kszta\u0142cenia J\u0119zykowego. W nowoutworzonej jednostce zorganizowano <strong>bezp\u0142atne finansowane przez Metropoli\u0119 G\u00f3rno\u015bl\u0105sko-Zag\u0142\u0119biowsk\u0105 intensywne kursy j\u0119zyka polskiego<\/strong> na poziomie podstawowym dla pe\u0142noletnich uchod\u017ac\u00f3w z Ukrainy.<\/p>\n<p>Koordynatorom UCKJ oraz organizatorom kurs\u00f3w j\u0119zyka polskiego przy\u015bwieca\u0142a my\u015bl, \u017ce praca w grupie na zaj\u0119ciach j\u0119zykowych po\u0142\u0105czona z realizacj\u0105 temat\u00f3w realioznawczych mog\u0105 stanowi\u0107 istotny czynnik pobudzaj\u0105cy aktywno\u015b\u0107 edukacyjn\u0105 i kulturaln\u0105 uczestnik\u00f3w kurs\u00f3w oraz zmniejszaj\u0105cy poczucie wykluczenia w \u015brodowisku obcoj\u0119zycznym. Ponadto, uczestnicz\u0105c w zaj\u0119ciach <strong>w ma\u0142ych 12-osobowych grupach<\/strong> ucz\u0105cy si\u0119 b\u0119d\u0105 mieli mo\u017cliwo\u015b\u0107 lepszego poznania siebie nawzajem oraz skuteczniejszego integrowania si\u0119. Nie bez znaczenia b\u0119dzie tak\u017ce fakt, \u017ce dzi\u0119ki nabytym kompetencjom j\u0119zykowym uczestnicy kurs\u00f3w, je\u015bli wyra\u017c\u0105 tak\u0105 wol\u0119, b\u0119d\u0105 mogli z wi\u0119kszym powodzeniem poszukiwa\u0107 pracy w regionie b\u0105d\u017a podj\u0105\u0107 nauk\u0119 w uczelniach \u015al\u0105sko-Zag\u0142\u0119biowskiej Metropolii.<\/p>\n<p>&nbsp;<\/p>\n<p><strong>Kursy adresowane s\u0105 do pe\u0142noletnich obywateli Ukrainy, kt\u00f3rzy przekroczyli granic\u0119 Polski po 24 lutego 2022 roku i zamieszkuj\u0105 na terenie G\u00f3rno\u015bl\u0105sko-Zag\u0142\u0119biowskiej Metropolii.<\/strong><\/p>\n<p>Zapisy na kursy odbywaj\u0105 si\u0119 poprzez formularz rejestracyjny dost\u0119pny pod linkiem <a href=\"https:\/\/www.formularze.us.edu.pl\/uckj\">https:\/\/www.formularze.us.edu.pl\/uckj<\/a>.<\/p>\n<p>&nbsp;<\/p>\n<p><strong>Rejestracja na kursy jest ci\u0105g\u0142a.<\/strong> Po zebraniu grupy kursant\u00f3w organizatorzy przesy\u0142aj\u0105 im na wskazane podczas rejestracji adresy mejlowe szczeg\u00f3\u0142owy harmonogram zaj\u0119\u0107 (dni tygodnia, godziny, czas trwania kursu od \u2013 do oraz nazwiska prowadz\u0105cych i kontakt do nich).<\/p>\n<p>&nbsp;<\/p>\n<p>Kurs obejmuje <strong>60 godzin<\/strong> (1 godz. dydaktyczna = 45 min.) <strong>stacjonarnych zaj\u0119\u0107<\/strong> z do\u015bwiadczonymi akredytowanymi lektorami i egzaminatorami j\u0119zyka polskiego posiadaj\u0105cymi uprawnienia wymagane przez Narodow\u0105 Agencj\u0119 Wymiany Akademickiej.<\/p>\n<p>Lektorzy, kt\u00f3rzy ucz\u0105 w Uniwersyteckim Centrum Kszta\u0142cenia J\u0119zykowego to nauczyciele akademiccy, specjali\u015bci w\u00a0zakresie glottodydaktyki polonistycznej \u2014 autorzy znanych i\u00a0cenionych podr\u0119cznik\u00f3w oraz\u00a0program\u00f3w komputerowych przeznaczonych do\u00a0nauczania j\u0119zyka polskiego jako obcego. Wsp\u00f3\u0142pracuj\u0105 oni ze Szko\u0142\u0105 J\u0119zyka i\u00a0Kultury Polskiej \u2014 instytucj\u0105 Uniwersytetu \u015al\u0105skiego\u00a0powsta\u0142\u0105 w\u00a01991\u00a0roku.<\/p>\n<p>Sfinansowanie przedsi\u0119wzi\u0119cia przez MG-Z gwarantuje uruchomienie <strong>30 kurs\u00f3w<\/strong> (grup) j\u0119zykowych <strong>w okresie od lipca do ko\u0144ca listopada 2022<\/strong>. W chwili obecnej pierwsze dwie grupy ch\u0119tnych odbywaj\u0105 ju\u017c zaj\u0119cia.<\/p>\n<p><strong>Zaj\u0119cia realizowane s\u0105 stacjonarnie w siedzibie Wydzia\u0142u Humanistycznego przy ul. Uniwersyteckiej 4 w Katowicach<\/strong>, ale je\u015bli zaistnieje potrzeba jeste\u015bmy w stanie zorganizowa\u0107 zaj\u0119cia dla okre\u015blonych grup w pozosta\u0142ych kampusach uniwersyteckich w Sosnowcu czy w Chorzowie.<\/p>\n<p>W programie kursu przewidziano tre\u015bci gwarantuj\u0105ce kursantom nabycie umiej\u0119tno\u015bci z zakresu podstawowej komunikacji. Uczestnicy po zako\u0144czeniu kursu otrzymaj\u0105 za\u015bwiadczenie o uko\u0144czeniu kursu z zaznaczeniem realnej liczby godzin, w kt\u00f3rych wzi\u0119li udzia\u0142.<\/p>\n<\/div>\r\n                    <\/div>\r\n                <\/div>[\/vc_column][vc_column width=&#8221;1\/3&#8243;]\r\n                <div class=\"text-modules\">\r\n                    <div class=\"container\">\r\n                        \r\n                        <div class=\"text-modules__content\"><p><img class=\"alignnone wp-image-157327 size-full\" src=\"https:\/\/us.edu.pl\/wydzial\/wh\/wp-content\/uploads\/sites\/15\/Bez-kategorii\/FB_post.png\" alt=\"grafika przedstawiaj\u0105ca dwie rozmawiaj\u0105ce ze sob\u0105 osoby (jedn\u0105 z Polski, drug\u0105 z Ukrainy). U g\u00f3ry napis &quot;Kursy j\u0119zyka polskiego dla obywateli Ukrainy lipiec-listopad 2022 r. Uniwersyteckie Centrum Kszta\u0142cenia J\u0119zykowego Wydzia\u0142 Humanistyczny U\u015a, ul. Uniwersytecka 4, Katowice oraz logo U\u015a i logo Metropolii \u015al\u0105sko-Zag\u0142\u0119biowskiej\" width=\"1200\" height=\"1200\" srcset=\"https:\/\/us.edu.pl\/wydzial\/wh\/wp-content\/uploads\/sites\/15\/Bez-kategorii\/FB_post.png 1200w, https:\/\/us.edu.pl\/wydzial\/wh\/wp-content\/uploads\/sites\/15\/Bez-kategorii\/FB_post-300x300.png 300w, https:\/\/us.edu.pl\/wydzial\/wh\/wp-content\/uploads\/sites\/15\/Bez-kategorii\/FB_post-1024x1024.png 1024w, https:\/\/us.edu.pl\/wydzial\/wh\/wp-content\/uploads\/sites\/15\/Bez-kategorii\/FB_post-150x150.png 150w, https:\/\/us.edu.pl\/wydzial\/wh\/wp-content\/uploads\/sites\/15\/Bez-kategorii\/FB_post-768x768.png 768w, https:\/\/us.edu.pl\/wydzial\/wh\/wp-content\/uploads\/sites\/15\/Bez-kategorii\/FB_post-575x575.png 575w\" sizes=\"(max-width: 1200px) 100vw, 1200px\" \/><\/p>\n<\/div>\r\n                    <\/div>\r\n                <\/div>[\/vc_column][\/vc_row]<\/p>","protected":false},"excerpt":{"rendered":"<p>[vc_row][vc_column width=&#8221;2\/3&#8243;][\/vc_column][vc_column width=&#8221;1\/3&#8243;][\/vc_column][\/vc_row] [&#8230;]<\/p>\n<p><a class=\"btn btn-secondary understrap-read-more-link\" href=\"https:\/\/us.edu.pl\/wydzial\/wh\/event\/kursy-jezyka-polskiego-dla-obywateli-ukrainy\/\">Read More&#8230;<\/a><\/p>\n","protected":false},"author":1,"featured_media":0,"template":"","meta":{"_expiration-date-status":"","_expiration-date":0,"_expiration-date-type":"","_expiration-date-categories":[],"_expiration-date-options":[]},"acf":[],"_links":{"self":[{"href":"https:\/\/us.edu.pl\/wydzial\/wh\/wp-json\/wp\/v2\/event\/157326"}],"collection":[{"href":"https:\/\/us.edu.pl\/wydzial\/wh\/wp-json\/wp\/v2\/event"}],"about":[{"href":"https:\/\/us.edu.pl\/wydzial\/wh\/wp-json\/wp\/v2\/types\/event"}],"author":[{"embeddable":true,"href":"https:\/\/us.edu.pl\/wydzial\/wh\/wp-json\/wp\/v2\/users\/1"}],"version-history":[{"count":7,"href":"https:\/\/us.edu.pl\/wydzial\/wh\/wp-json\/wp\/v2\/event\/157326\/revisions"}],"predecessor-version":[{"id":157473,"href":"https:\/\/us.edu.pl\/wydzial\/wh\/wp-json\/wp\/v2\/event\/157326\/revisions\/157473"}],"wp:attachment":[{"href":"https:\/\/us.edu.pl\/wydzial\/wh\/wp-json\/wp\/v2\/media?parent=157326"}],"curies":[{"name":"wp","href":"https:\/\/api.w.org\/{rel}","templated":true}]}}