{"id":169259,"date":"2023-11-27T13:50:15","date_gmt":"2023-11-27T12:50:15","guid":{"rendered":"https:\/\/us.edu.pl\/wydzial\/wh\/?post_type=event&#038;p=169259"},"modified":"2023-11-27T13:50:15","modified_gmt":"2023-11-27T12:50:15","slug":"wyklady-dr-chloe-huvet-z-universite-devry-val-dessonne-paris-saclay","status":"publish","type":"event","link":"https:\/\/us.edu.pl\/wydzial\/wh\/event\/wyklady-dr-chloe-huvet-z-universite-devry-val-dessonne-paris-saclay\/","title":{"rendered":"Wyk\u0142ady dr Chloe Huvet z Universit\u00e9 d&#8217;\u00c9vry-Val-d\u2019Essonne Paris-Saclay"},"content":{"rendered":"<p>[vc_row][vc_column width=&#8221;2\/3&#8243; css=&#8221;.vc_custom_1701089109182{background-color: #f8f8f8 !important;}&#8221;]\r\n                <div class=\"text-modules\">\r\n                    <div class=\"container\">\r\n                        \r\n                        <div class=\"text-modules__content\"><p><strong>W dniach 6-7 grudnia go\u015bciem Wydzia\u0142u Humanistycznego Uniwersytetu \u015al\u0105skiego w Katowicach b\u0119dzie <\/strong><strong>dr Chloe Huvet z Universit\u00e9\u00a0d&#8217;\u00c9vry-Val-d\u2019Essonne Paris-Saclay<\/strong>.<\/p>\n<p>W ramach jej pobytu zaplanowano dwa wyk\u0142ady po\u015bwi\u0119cone muzyce Hansa Zimmera (\u201eIncepcja\u201d, \u201eInterstellar\u201d) oraz Johna Williamsa (cykl \u201eGwiezdne wojny\u201d). Dr Huvet odwiedzi Uniwersytet \u015al\u0105ski na zaproszenie Dyrekcji Instytutu Nauk o Sztuce oraz Dyrekcji Kierunk\u00f3w Kulturoznawstwo, Kultury Medi\u00f3w i Historia Sztuki.<\/p>\n<\/div>\r\n                    <\/div>\r\n                <\/div>[\/vc_column][vc_column width=&#8221;1\/3&#8243;][\/vc_column][\/vc_row][vc_row css=&#8221;.vc_custom_1701089035680{background-color: #f8f8f8 !important;}&#8221;][vc_column width=&#8221;1\/3&#8243;][vc_single_image image=&#8221;169260&#8243; img_size=&#8221;medium&#8221; alignment=&#8221;center&#8221; style=&#8221;vc_box_circle_2&#8243;][\/vc_column][vc_column width=&#8221;2\/3&#8243;][vc_empty_space height=&#8221;16px&#8221;]\r\n                <div class=\"text-modules\">\r\n                    <div class=\"container\">\r\n                        \r\n                        <div class=\"text-modules__content\"><\/p>\n<h4>Dr Chloe Huvet<\/h4>\n<p>Dr Chloe Huvet jest profesorem muzykologii w Universit\u00e9\u00a0d&#8217;\u00c9vry-Val-d\u2019Essonne Paris-Saclay. Jej badania dotycz\u0105 relacji muzyki, d\u017awi\u0119ku i obrazu w kinie wsp\u00f3\u0142czesnym, w szczeg\u00f3lno\u015bci hollywoodzkim. Jej rozprawa doktorska na temat muzyki i sound designu w cyklu \u201eGwiezdne wojny\u201d zdoby\u0142a wiele nagr\u00f3d we Francji i Kanadzie. Dr Huvet jest autork\u0105 ksi\u0105\u017cki <em>Screen Composer in the Digital Age: The First Two Star Wars Trilogies<\/em> (Vrin, 2022), redaktork\u0105 tomu <em>Ennio Morricone: For a Few Notes More\u2026 <\/em>(\u00c9ditions Universitaires de Dijon, 2022) oraz wsp\u00f3\u0142redaktork\u0105 specjalnego numeru czasopisma \u201eFiligrane\u201d, pt. \u201eMusic and Sound Design in Contemporary Audiovisual Productions\u201d. Aktualnie zajmuje si\u0119 redakcj\u0105 ksi\u0105\u017cki po\u015bwi\u0119conej \u015bcie\u017ckom d\u017awi\u0119kowym film\u00f3w science fiction (2024).<\/p>\n<\/div>\r\n                    <\/div>\r\n                <\/div>[\/vc_column][\/vc_row][vc_row][vc_column width=&#8221;2\/3&#8243;][vc_empty_space]\r\n                <div class=\"text-modules\">\r\n                    <div class=\"container\">\r\n                        \r\n                        <div class=\"text-modules__content\"><\/p>\n<h3>Harmonogram i tematyka wyk\u0142ad\u00f3w<\/h3>\n<hr \/>\n<p>Wyk\u0142ady dr Huvet (w j\u0119zyku angielskim) odb\u0119d\u0105 si\u0119 w budynku Wydzia\u0142u Humanistycznego U\u015a w Katowicach przy ul. Uniwersyteckiej 4:<\/p>\n<ul>\n<li><strong>6 grudnia o godz. 10.00 <\/strong>w sali B0.39<\/li>\n<li><strong>7 grudnia o godz. 10.00 <\/strong>w sali B0.38.<\/li>\n<\/ul>\n<p>\n<\/div>\r\n                    <\/div>\r\n                <\/div>[\/vc_column][vc_column width=&#8221;1\/3&#8243;][\/vc_column][\/vc_row][vc_row][vc_column width=&#8221;2\/3&#8243; css=&#8221;.vc_custom_1701089385099{border-left-width: 3px !important;padding-left: 2px !important;border-left-color: #002e5a !important;border-left-style: solid !important;border-radius: 15px !important;}&#8221;]\r\n                <div class=\"text-modules\">\r\n                    <div class=\"container\">\r\n                        \r\n                        <div class=\"text-modules__content\"><p><strong>6 grudnia: <\/strong><em>Pushing sound boundaries: Hans Zimmer\u2019s scores for \u201cInception\u201d (2010) and \u201cInterstellar\u201d (2014)<\/em><\/p>\n<hr \/>\n<p>Wyk\u0142ad uka\u017ce r\u00f3\u017cnorodno\u015b\u0107, bogactwo i elastyczno\u015b\u0107 podej\u015bcia Hansa Zimmera do muzyki filmowej, skupiaj\u0105c si\u0119 na dw\u00f3ch znacz\u0105cych filmach powsta\u0142ych w ramach jego wsp\u00f3\u0142pracy z Christopherem Nolanem: \u201eIncepcji\u201d (2010) oraz \u201eInterstellarze\u201d (2014). Estetyka muzyki Zimmera cz\u0119sto jest charakteryzowana jako sprowadzaj\u0105ca si\u0119 do schematycznego zastosowania, niezale\u017cnie od filmu i historii, kilku element\u00f3w stylistycznych i technik kompozytorskich. Takie uj\u0119cie wymaga zrewidowania w obliczu wielowymiarowo\u015bci tw\u00f3rczej strategii artysty w zakresie kompozycji, relacji mi\u0119dzy muzyk\u0105 a obrazem oraz interakcji mi\u0119dzy partytur\u0105 muzyczn\u0105 a sound designem.<\/p>\n<\/div>\r\n                    <\/div>\r\n                <\/div>[\/vc_column][vc_column width=&#8221;1\/3&#8243;][\/vc_column][\/vc_row][vc_row][vc_column width=&#8221;2\/3&#8243; css=&#8221;.vc_custom_1701089408565{border-left-width: 3px !important;padding-left: 2px !important;border-left-color: #002e5a !important;border-left-style: solid !important;border-radius: 15px !important;}&#8221;]\r\n                <div class=\"text-modules\">\r\n                    <div class=\"container\">\r\n                        \r\n                        <div class=\"text-modules__content\"><p><strong>7 grudnia: <\/strong><em>John Williams\u2019s Orchestration in the \u201cStar Wars\u201d Sequel Trilogy (2015-2019)<\/em><\/p>\n<hr \/>\n<p>Trwa\u0142a obecno\u015b\u0107 muzyki Johna Williamsa w ca\u0142ej sadze \u201eGwiezdnych wojen\u201d mo\u017ce dawa\u0107 z\u0142udzenie organicznej muzycznej jedno\u015bci, wzmacnianej przez rozpoznawalny styl kompozytora. Niezale\u017cnie jednak od stale powracaj\u0105cych element\u00f3w stylistycznych, charakterystycznym znakiem orkiestracji Williamsa jest jej transformacyjna natura. Jego tw\u00f3rczo\u015b\u0107, stale rekonfigurowana na potrzeby film\u00f3w, uleg\u0142a znacz\u0105cej przemianie pod koniec lat 90., co wi\u0105za\u0142o si\u0119 nie tylko z jej og\u00f3ln\u0105 ewolucj\u0105, lecz tak\u017ce z ekspansj\u0105 cyfrowych technologii. Jak zatem kszta\u0142tuje si\u0119 brzmienie \u201ePrzebudzenia Mocy\u201d, \u201eOstatniego Jedi\u201d i \u201eSkywalker. Odrodzenia\u201d na tle kanonu \u201eGwiezdnych wojen\u201d? Wyk\u0142ad ma na celu zidentyfikowanie specyfiki technik orkiestracji tych trzech sequeli w \u015bwietle strategii kompozytorskich zastosowanych w \u201eoryginalnej trylogii\u201d oraz \u201etrylogii prequeli\u201d.<\/p>\n<\/div>\r\n                    <\/div>\r\n                <\/div>[\/vc_column][vc_column width=&#8221;1\/3&#8243;][\/vc_column][\/vc_row]<\/p>","protected":false},"excerpt":{"rendered":"<p>[vc_row][vc_column width=&#8221;2\/3&#8243; css=&#8221;.vc_custom_1701089109182{background-color: #f8f8f8 !important;}&#8221;][\/vc_column][vc_column width=&#8221;1\/3&#8243;][\/vc_column][\/vc_row][vc_row css=&#8221;.vc_custom_1701089035680{background-color: #f8f8f8 !important;}&#8221;][vc_column width=&#8221;1\/3&#8243;][vc_single_image image=&#8221;169260&#8243; img_size=&#8221;medium&#8221; alignment=&#8221;center&#8221; style=&#8221;vc_box_circle_2&#8243;][\/vc_column][vc_column width=&#8221;2\/3&#8243;][vc_empty_space height=&#8221;16px&#8221;][\/vc_column][\/vc_row][vc_row][vc_column width=&#8221;2\/3&#8243;][vc_empty_space][\/vc_column][vc_column width=&#8221;1\/3&#8243;][\/vc_column][\/vc_row][vc_row][vc_column width=&#8221;2\/3&#8243; css=&#8221;.vc_custom_1701089385099{border-left-width: 3px !important;padding-left: 2px !important;border-left-color: #002e5a !important;border-left-style: solid !important;border-radius: 15px !important;}&#8221;][\/vc_column][vc_column width=&#8221;1\/3&#8243;][\/vc_column][\/vc_row][vc_row][vc_column width=&#8221;2\/3&#8243; css=&#8221;.vc_custom_1701089408565{border-left-width: 3px !important;padding-left: 2px !important;border-left-color: #002e5a !important;border-left-style: solid !important;border-radius: 15px !important;}&#8221;][\/vc_column][vc_column width=&#8221;1\/3&#8243;][\/vc_column][\/vc_row] [&#8230;]<\/p>\n<p><a class=\"btn btn-secondary understrap-read-more-link\" href=\"https:\/\/us.edu.pl\/wydzial\/wh\/event\/wyklady-dr-chloe-huvet-z-universite-devry-val-dessonne-paris-saclay\/\">Read More&#8230;<\/a><\/p>\n","protected":false},"author":1,"featured_media":0,"template":"","meta":{"_expiration-date-status":"","_expiration-date":0,"_expiration-date-type":"","_expiration-date-categories":[],"_expiration-date-options":[]},"acf":[],"_links":{"self":[{"href":"https:\/\/us.edu.pl\/wydzial\/wh\/wp-json\/wp\/v2\/event\/169259"}],"collection":[{"href":"https:\/\/us.edu.pl\/wydzial\/wh\/wp-json\/wp\/v2\/event"}],"about":[{"href":"https:\/\/us.edu.pl\/wydzial\/wh\/wp-json\/wp\/v2\/types\/event"}],"author":[{"embeddable":true,"href":"https:\/\/us.edu.pl\/wydzial\/wh\/wp-json\/wp\/v2\/users\/1"}],"version-history":[{"count":10,"href":"https:\/\/us.edu.pl\/wydzial\/wh\/wp-json\/wp\/v2\/event\/169259\/revisions"}],"predecessor-version":[{"id":169273,"href":"https:\/\/us.edu.pl\/wydzial\/wh\/wp-json\/wp\/v2\/event\/169259\/revisions\/169273"}],"wp:attachment":[{"href":"https:\/\/us.edu.pl\/wydzial\/wh\/wp-json\/wp\/v2\/media?parent=169259"}],"curies":[{"name":"wp","href":"https:\/\/api.w.org\/{rel}","templated":true}]}}