{"id":173351,"date":"2024-06-18T12:52:05","date_gmt":"2024-06-18T10:52:05","guid":{"rendered":"https:\/\/us.edu.pl\/wydzial\/wh\/?post_type=event&#038;p=173351"},"modified":"2024-11-04T10:07:49","modified_gmt":"2024-11-04T09:07:49","slug":"konferencja-pt-after-words-after-worlds-the-legacy-of-jacques-derrida","status":"publish","type":"event","link":"https:\/\/us.edu.pl\/wydzial\/wh\/event\/konferencja-pt-after-words-after-worlds-the-legacy-of-jacques-derrida\/","title":{"rendered":"Konferencja pt. \u201eAfter-words\/After-worlds. The Legacy of Jacques Derrida\u201d"},"content":{"rendered":"<p>[vc_row][vc_column width=&#8221;2\/3&#8243;][vc_row_inner][vc_column_inner css=&#8221;.vc_custom_1728570117462{border-left-width: 2px !important;border-left-color: #fdac00 !important;border-left-style: solid !important;border-radius: 10px !important;}&#8221;]\r\n                <div class=\"text-modules\">\r\n                    <div class=\"container\">\r\n                        \r\n                        <div class=\"text-modules__content\"><p>Od \u00a05 do 7 listopada 2024 r. na Wydziale Humanistycznym Uniwersytetu \u015al\u0105skiego w Katowicach odbywa\u0107 si\u0119 b\u0119dzie mi\u0119dzynarodowa konferencja naukowa \u201eAfter-words\/After-worlds. The Legacy of Jacques Derrida\u201d po\u015bwi\u0119cona dorobkowi intelektualnemu Jacques\u2019a Derridy w dwudziest\u0105 rocznic\u0119 jego \u015bmierci i dwudziest\u0105 si\u00f3dm\u0105 rocznic\u0119 nadania mu doktoratu\u00a0<em>honoris causa<\/em>\u00a0przez nasz\u0105 uczelni\u0119.<\/p>\n<p>G\u0142\u00f3wn\u0105 o\u015b proponowanej dyskusji stanowi\u0105 wsp\u00f3\u0142czesne odczytania dekonstrukcji, szczeg\u00f3lnie wyczulone na jej polityczny i spo\u0142eczny wymiar. Tytu\u0142owe \u201epo-s\u0142owa\u201d (\u201epo-s\u0142owia\u201d) i \u201epo-\u015bwiaty\u201d kieruj\u0105 nas ku refleksji nad mo\u017cliw\u0105 przysz\u0142o\u015bci\u0105 jako alternatyw\u0105 dla \u015bwiata n\u0119kanego konfliktami, katastrofami klimatycznymi i \u015brodowiskowymi, kryzysami uchod\u017aczymi czy rozdzieraniem tkanki spo\u0142ecznej przez rozw\u00f3j i ci\u0105g\u0142y wzrost globalnego kapitalizmu.<\/p>\n<\/div>\r\n                    <\/div>\r\n                <\/div>[\/vc_column_inner][\/vc_row_inner][vc_empty_space][vc_row_inner][vc_column_inner css=&#8221;.vc_custom_1728570129150{border-left-width: 2px !important;border-left-color: #000000 !important;border-left-style: solid !important;border-radius: 10px !important;}&#8221;]\r\n                <div class=\"text-modules\">\r\n                    <div class=\"container\">\r\n                        \r\n                        <div class=\"text-modules__content\"><p>Konferencja zgromadzi wybitne badaczki i wybitnych badaczy filozofii Derridy z ca\u0142ego \u015bwiata. W\u015br\u00f3d zaproszonych go\u015bci znajduj\u0105 si\u0119 prof. Anne Berger (Universit\u00e9 de Vincennes \u2013 Paris 8), prof. Vicki Kirby (University of New South Wales), prof. Nicholas Royle (University of Sussex) oraz prof. Jeremy Gilbert (University of East London).<\/p>\n<\/div>\r\n                    <\/div>\r\n                <\/div>[\/vc_column_inner][\/vc_row_inner][vc_empty_space][vc_tta_tabs][vc_tta_section title=&#8221;ENGLISH&#8221; tab_id=&#8221;1728568251945-ba24eb68-4f15&#8243;]\r\n                <div class=\"text-modules\">\r\n                    <div class=\"container\">\r\n                        \r\n                        <div class=\"text-modules__content\"><p>It has been almost twenty years since Jacques Derrida died. Today, perhaps more than ever, as we confront a grotesque and inhumane countenance of what we are accustomed to call global capitalism, the question of what remains after Derrida becomes especially pertinent.<\/p>\n<p>Is deconstructive promise still relevant and captivating, or has it been confined solely to academic departments and turned into what Derrida calls in Specters of Marx \u201cthe neutralizing anesthesia of a new theoreticism\u201d?<\/p>\n<p>In other words, is there still a place and demand for a valuable and vigilant deconstructive practice? If that is the case, shouldn\u2019t we accept the responsibility of re-politicizing deconstruction and facing the \u201cdominant intellectual normativity\u201d of our times?<\/p>\n<p>Challenged by these questions, we would like to make a modest attempt at thinking how it is possible to \u201cproduce events, new effective forms of action, practice, organization, and so forth,\u201d as Derrida has it. We intend to investigate what can be done to keep the future open and to envision (im)possible worlds as alternatives to programmed barbarism and social homogeneities aggravated by multiple global crises.<\/p>\n<\/div>\r\n                    <\/div>\r\n                <\/div>[\/vc_tta_section][vc_tta_section title=&#8221;POLISH&#8221; tab_id=&#8221;1728568251955-94e6537e-bcb7&#8243;]\r\n                <div class=\"text-modules\">\r\n                    <div class=\"container\">\r\n                        \r\n                        <div class=\"text-modules__content\"><p>Min\u0119\u0142o niemal dwadzie\u015bcia lat od \u015bmierci Jacques\u2019a Derridy. Dzi\u015b, gdy mierzymy si\u0119 z groteskowym i nieludzkim obliczem tego, co zwyk\u0142o nazywa\u0107 si\u0119 globalnym kapitalizmem, pytanie o to, co pozosta\u0142o nam po Derridzie wydaje si\u0119 szczeg\u00f3lnie istotne. Czy niesiona przez dekonstrukcj\u0119 obietnica wci\u0105\u017c budzi \u017cywe zainteresowanie i okazuje si\u0119 wart\u0105 uwagi propozycj\u0105 kulturow\u0105, czy by\u0107 mo\u017ce zosta\u0142a uwi\u0119ziona w korytarzach uczelni, zredukowana do tego, co sam Derrida nazywa w Widmach Marksa \u201eneutralizuj\u0105cym znieczuleniem p\u0142yn\u0105cym ze strony nowego teoretyzmu\u201d?<\/p>\n<p>Innymi s\u0142owy, czy wci\u0105\u017c istnieje potrzeba oraz miejsce dla warto\u015bciowej i wra\u017cliwej praktyki dekonstrukcyjnej? Je\u015bli tak, czy nie powinni\u015bmy wzi\u0105\u0107 na siebie odpowiedzialno\u015bci re-polityzacji dekonstrukcji oraz zmierzenia si\u0119 z \u201edominuj\u0105c\u0105 intelektualn\u0105 normatywno\u015bci\u0105\u201d naszych czas\u00f3w?<\/p>\n<p>Sami mierz\u0105c si\u0119 z tymi pytaniami, chcieliby\u015bmy podj\u0105\u0107 si\u0119 pr\u00f3by pomy\u015blenia, jak mo\u017cna \u201etworzy\u0107 nowe formy dzia\u0142ania, praktyki, organizacji itd.\u201d, jak pisa\u0142 o nich Derrida. Pragniemy przyjrze\u0107 si\u0119 temu, co mo\u017cna zrobi\u0107, by przysz\u0142o\u015b\u0107 pozosta\u0142a otwarta, za\u015b (nie)mo\u017cliwe \u015bwiaty \u2013 stanowi\u0105ce alternatywy dla programowego barbaryzmu oraz spo\u0142ecznej homogeniczno\u015bci pot\u0119gowanej przez globalnej kryzysy \u2013 pomy\u015blane.<\/p>\n<p>Wychodz\u0105c od \u017cycia i ku \u017cyciu, jak chcia\u0142by tego sam Derrida, nale\u017cy przecie\u017c zw\u0105tpi\u0107 tak\u017ce w to, \u017ce w\u0142a\u015bciwym miejscem dekonstrukcji mo\u017ce by\u0107 dzi\u015b jedynie przestrze\u0144 uniwersytecka, g\u0119sto wype\u0142niony rega\u0142 i coraz pustsze sale wyk\u0142adowe. W duchu humanistyki zaanga\u017cowanej, czy te\u017c tak zwanej nowej humanistyki, warto zwr\u00f3ci\u0107 uwag\u0119 na inne miejsca, miejsca wsp\u00f3lne, miejsca przeci\u0119\u0107, gdzie my\u015bl Derridy mo\u017ce okaza\u0107 si\u0119 wsp\u00f3\u0142cze\u015bnie inspiruj\u0105ca, wa\u017cna i no\u015bna. Miejsca, w kt\u00f3rych tylko w wielowarstwowym dialogu i spotkaniach ponad klasycznymi podzia\u0142ami, mo\u017cna wykrzesa\u0107 z niej si\u0142\u0119 i nadziej\u0119, pozwalaj\u0105c\u0105 zmierza\u0107 si\u0119 z najtrudniejszymi problemami wsp\u00f3\u0142czesno\u015bci.<\/p>\n<\/div>\r\n                    <\/div>\r\n                <\/div>[\/vc_tta_section][\/vc_tta_tabs][vc_empty_space][vc_row_inner][vc_column_inner]\r\n                <div class=\"text-modules\">\r\n                    <div class=\"container\">\r\n                        \r\n                        <div class=\"text-modules__content\"><\/p>\n<h3><span style=\"color: #fdac00;\">Program konferencji<\/span><\/h3>\n<hr \/>\n<h5>Aula im. Andrzeja Pawlikowskiego (B1.1)<\/h5>\n<p>\n<\/div>\r\n                    <\/div>\r\n                <\/div>[\/vc_column_inner][\/vc_row_inner][vc_tta_accordion title_tag=&#8221;h3&#8243; section_title_tag=&#8221;h5&#8243; style=&#8221;modern&#8221; active_section=&#8221;666&#8243; collapsible_all=&#8221;true&#8221;][vc_tta_section title=&#8221;Day 1 \u2013 5.11.2024&#8243; tab_id=&#8221;1728634747435-6b086a9c-7dd6&#8243;]\r\n                <div class=\"text-modules\">\r\n                    <div class=\"container\">\r\n                        \r\n                        <div class=\"text-modules__content\"><\/p>\n<h5><span style=\"color: #fdac00;\">9:30 \u2013 9:45<\/span><\/h5>\n<p>Opening Words \u2013 Aleksander Kopka (University of Silesia in Katowice)<\/p>\n<hr \/>\n<h5><span style=\"color: #fdac00;\">9:45 \u2013 11:00<\/span><\/h5>\n<p>Nicholas Royle (University of Sussex) \u2013 <em>Transfers of Thought<\/em><\/p>\n<hr \/>\n<h5><span style=\"color: #fdac00;\">11:15 \u2013 11:45<\/span><\/h5>\n<p>Andrzej Leder (Polish Academy of Sciences) \u2013 <em>Impatience and Indolence: Jacques Derrida and the Ethico-political Dimension of Epistemology<\/em><\/p>\n<hr \/>\n<h5><span style=\"color: #fdac00;\">11:45 \u2013 12:15<\/span><\/h5>\n<p>Jens Schr\u00f6ter (University of Bonn) \u2013 <em>Derrida and Media Theory<\/em><\/p>\n<hr \/>\n<h5><span style=\"color: #fdac00;\">12:15 \u2013 12:45<\/span><\/h5>\n<p>Mina Karavanta (National and Kapodistrian University of Athens) \u2013 <em>Deconstruction \u201cAt Large\u201d: The Threshold of \u201cLiving Together\u201d<\/em><\/p>\n<hr \/>\n<h5><span style=\"color: #fdac00;\">12:45 \u2013 13:15<\/span><\/h5>\n<p>Gloria Freitag\u00a0(Friedrich Schiller University Jena) \u2013 <em>Towards a Hospitality to Come: Deconstructing the Cosmopolitan World<\/em><\/p>\n<hr \/>\n<h5><span style=\"color: #fdac00;\">14:15 \u2013 14:45<\/span><\/h5>\n<p>Przemys\u0142aw Tacik (Jagiellonian University in Krak\u00f3w) \u2013 <em>Derrida\u2019s Wadi: How Philosophy Sinks into the Sand<\/em><\/p>\n<hr \/>\n<h5><span style=\"color: #fdac00;\">14:45 \u2013 15:15<\/span><\/h5>\n<p>Nitasha Kaul (University of Westminster) \u2013 <em>Democracy as Work-in-Progress<\/em><\/p>\n<hr \/>\n<h5><span style=\"color: #fdac00;\">15:30 \u2013 16:30<\/span><\/h5>\n<p><em>The Future(s) of Democracy<\/em> \u2013 Discussion Panel with Nitasha Kaul and Jeremy Gilbert, chair: Aleksander Kopka<\/p>\n<\/div>\r\n                    <\/div>\r\n                <\/div>[\/vc_tta_section][vc_tta_section title=&#8221;Day 2 \u2013 6.11.2024&#8243; tab_id=&#8221;1728634747448-ba2cbbe2-1e2f&#8221;]\r\n                <div class=\"text-modules\">\r\n                    <div class=\"container\">\r\n                        \r\n                        <div class=\"text-modules__content\"><\/p>\n<h5><span style=\"color: #fdac00;\">9:00 \u2013 10:15 <\/span><\/h5>\n<p>Anne Berger (University of Paris 8) \u2013 <em>Politics of the Heart<\/em><\/p>\n<hr \/>\n<h5><span style=\"color: #fdac00;\">10:30 \u2013 11:00<\/span><\/h5>\n<p>Al\u017ebeta Kuchtov\u00e1 (Slovak Academy of Sciences) \u2013 <em>Enemy-Friendship Dynamics in Our Relations with Nature?<\/em><\/p>\n<hr \/>\n<h5><span style=\"color: #fdac00;\">11:00 \u2013 12:30<\/span><\/h5>\n<p>Joseph Cohen (University College Dublin) \u2013 <em>Sacrificing Sacrifice Through History: On Derrida\u2019s Deconstruction of Truth and Donation<\/em><\/p>\n<hr \/>\n<h5><span style=\"color: #fdac00;\">12:30 \u2013 13:00 <\/span><\/h5>\n<p>Patryk Rogalski (not affiliated) \u2013 <em>Capitalism Without Remainder: Derrida and the Economy of the Impossible<\/em><\/p>\n<hr \/>\n<h5><span style=\"color: #fdac00;\">14:00 \u2013 15:15 <\/span><\/h5>\n<p>Jeremy Gilbert (University of East London) \u2013 <em>Reconstructing Solidarity<\/em><\/p>\n<hr \/>\n<h5><span style=\"color: #fdac00;\">15:15 \u2013 15:45 <\/span><\/h5>\n<p>Giustino De Michele (Aix-Marseille University) \u2013 <em>Deconstruction (in) Practice: Revolution, Value, and Work<\/em><\/p>\n<hr \/>\n<h5><span style=\"color: #fdac00;\">16:00 \u2013 16:30 <\/span><\/h5>\n<p>Aimilianos Tsakiroglou (National and Kapodistrian University of Athens) \u2013 <em>Deconstructing Marxist Political Ontology: Towards New Forms of Transgression<\/em><\/p>\n<hr \/>\n<h5><span style=\"color: #fdac00;\">16:30 \u2013 17:00 <\/span><\/h5>\n<p>Daniel Sobota (Polish Academy of Sciences) \u2013 <em>Dictatorship of Literacy<\/em><\/p>\n<\/div>\r\n                    <\/div>\r\n                <\/div>[\/vc_tta_section][vc_tta_section title=&#8221;Day 3 \u2013 7.11.2024&#8243; tab_id=&#8221;1728635008772-860b6aa1-2a4a&#8221;]\r\n                <div class=\"text-modules\">\r\n                    <div class=\"container\">\r\n                        \r\n                        <div class=\"text-modules__content\"><\/p>\n<h5><span style=\"color: #fdac00;\">9:00 \u2013 10:15 <\/span><\/h5>\n<p>Vicki Kirby (University of New South Wales) \u2013 <em>Originary Humanicity: Rethinking the Anthropocene<\/em><\/p>\n<hr \/>\n<h5><span style=\"color: #fdac00;\">10:30 \u2013 11:00<\/span><\/h5>\n<p>Maria Go\u0142\u0119biewska (Polish Academy of Sciences) \u2013 <em>Jacques Derrida\u2019s Contribution to Linguistic Semantics<\/em><\/p>\n<hr \/>\n<h5><span style=\"color: #fdac00;\">11:00 \u2013 12:00 <\/span><\/h5>\n<p>Pawe\u0142 Dybel (Polish Academy of Sciences) \u2013<em> Derrida\u2019s De-conjuring of Marx. Notes on the Margins of the Spectre<\/em><\/p>\n<hr \/>\n<h5><span style=\"color: #fdac00;\">12:00 \u2013 12:30 <\/span><\/h5>\n<p>Yuji Nishiyama (Tokyo Metropolitan University) \u2013 <em>Deconstruction as the Thinking of Secret<\/em><\/p>\n<hr \/>\n<h5><span style=\"color: #fdac00;\">13:30 \u2013 14:00 <\/span><\/h5>\n<p>Yi Chen (Paris Nanterre University) \u2013 <em>\u201cIn Dreams Begins Responsibility\u201d: the Ethics of Deconstruction and the Poetics of the Unconscious<\/em><\/p>\n<hr \/>\n<h5><span style=\"color: #fdac00;\">14:00 \u2013 14:30 <\/span><\/h5>\n<p>Jimmy Hernandez Marcelo (International University of La Rioja) \u2013 <em>From Deconstitution to Deconstruction: The Influence of Nicolas Abraham on the Origin of Deconstruction<\/em><\/p>\n<hr \/>\n<h5><span style=\"color: #fdac00;\">14:30 \u201315:30<\/span><\/h5>\n<p>Jakub Momro (Jagiellonian University in Krak\u00f3w) \u2013 <em>Images After Last Skies.\u00a0 Jean-Luc Nancy: Between Visual Hegemony and Political Deconstruction<\/em><\/p>\n<hr \/>\n<h5><span style=\"color: #fdac00;\">16:00 \u2013 17:00<\/span><\/h5>\n<p><em>The Reception of Jacques Derrida in Poland \/ Deconstruction and Psychoanalysis<\/em> \u2013 Discussion Panel with Jakub Momro and Pawe\u0142 Dybel, chair: Aleksander Kopka (in Polish)<\/p>\n<hr \/>\n<h5><span style=\"color: #fdac00;\">17:00 <\/span><\/h5>\n<p>Closing Remarks \u2013 Aleksander Kopka<\/p>\n<\/div>\r\n                    <\/div>\r\n                <\/div>[\/vc_tta_section][\/vc_tta_accordion][\/vc_column][vc_column width=&#8221;1\/3&#8243;][vc_single_image image=&#8221;178320&#8243; img_size=&#8221;full&#8221; onclick=&#8221;link_image&#8221;][vc_empty_space][vc_tta_pageable no_fill_content_area=&#8221;true&#8221; active_section=&#8221;1&#8243; pagination_style=&#8221;&#8221; css=&#8221;.vc_custom_1718705971836{background-color: #ececec !important;border-radius: 10px !important;}&#8221;][vc_tta_section tab_id=&#8221;1718705931492-d69bf033-6c72&#8243;]\r\n                <div class=\"text-modules\">\r\n                    <div class=\"container\">\r\n                        \r\n                        <div class=\"text-modules__content\"><\/p>\n<h3 class=\"vc_custom_heading\"><span style=\"color: #002e5a;\">Komitet organizacyjny:<\/span><\/h3>\n<hr \/>\n<ul>\n<li><a href=\"https:\/\/us.edu.pl\/instytut\/ifil\/osoby\/aleksander-kopka\/\">dr Aleksander Kopka<\/a> (Instytut Filozofii U\u015a),<\/li>\n<li>dr Micha\u0142 Kisiel (Uniwersytet Jana D\u0142ugosza w Cz\u0119stochowie),<\/li>\n<li><a href=\"https:\/\/us.edu.pl\/instytut\/il\/osoby\/katarzyna-szopa\/\">dr hab. Katarzyna Szopa<\/a> (Instytut Literaturoznawstwa U\u015a)<\/li>\n<li><a href=\"https:\/\/us.edu.pl\/instytut\/ifil\/osoby\/sebastian-spiewak\/\">dr Sebastian \u015apiewak<\/a> (Instytut Filozofii U\u015a).<\/li>\n<\/ul>\n<p>\n<\/div>\r\n                    <\/div>\r\n                <\/div>[\/vc_tta_section][\/vc_tta_pageable][vc_empty_space]\r\n                <div class=\"text-modules\">\r\n                    <div class=\"container\">\r\n                        \r\n                        <div class=\"text-modules__content\"><\/p>\n<h3 class=\"vc_custom_heading\"><span style=\"color: #002e5a;\">Lokalizacja:<\/span><\/h3>\n<hr \/>\n<p>\n<\/div>\r\n                    <\/div>\r\n                <\/div>[vc_gmaps link=&#8221;#E-8_JTNDaWZyYW1lJTIwc3JjJTNEJTIyaHR0cHMlM0ElMkYlMkZ3d3cuZ29vZ2xlLmNvbSUyRm1hcHMlMkZlbWJlZCUzRnBiJTNEJTIxMW0xOCUyMTFtMTIlMjExbTMlMjExZDI1NTAuNjYzOTEwMjIyMjI5JTIxMmQxOS4wMjM2NDAyNzcwMTcyODYlMjEzZDUwLjI2MDg2MTEwMDk5NTg0JTIxMm0zJTIxMWYwJTIxMmYwJTIxM2YwJTIxM20yJTIxMWkxMDI0JTIxMmk3NjglMjE0ZjEzLjElMjEzbTMlMjExbTIlMjExczB4NDcxNmNlNDk0NWVjZDE5ZCUyNTNBMHhkZjFiMDg2N2E1ZmJjM2ZiJTIxMnNGYWN1bHR5JTI1MjBvZiUyNTIwSHVtYW5pdGllcyUyNTJDJTI1MjBVbml2ZXJzaXR5JTI1MjBvZiUyNTIwU2lsZXNpYSUyNTIwaW4lMjUyMEthdG93aWNlJTIxNWUwJTIxM20yJTIxMXNlbiUyMTJzcGwlMjE0djE3Mjg2MzU1MjM5MTIlMjE1bTIlMjExc2VuJTIxMnNwbCUyMiUyMHdpZHRoJTNEJTIyNjAwJTIyJTIwaGVpZ2h0JTNEJTIyNDUwJTIyJTIwc3R5bGUlM0QlMjJib3JkZXIlM0EwJTNCJTIyJTIwYWxsb3dmdWxsc2NyZWVuJTNEJTIyJTIyJTIwbG9hZGluZyUzRCUyMmxhenklMjIlMjByZWZlcnJlcnBvbGljeSUzRCUyMm5vLXJlZmVycmVyLXdoZW4tZG93bmdyYWRlJTIyJTNFJTNDJTJGaWZyYW1lJTNF&#8221; size=&#8221;&#8221;][\/vc_column][\/vc_row][vc_row][vc_column][vc_empty_space][\/vc_column][\/vc_row][vc_row][vc_column][vc_separator color=&#8221;custom&#8221; border_width=&#8221;2&#8243; accent_color=&#8221;#fdac00&#8243;][\/vc_column][\/vc_row][vc_row][vc_column width=&#8221;2\/3&#8243;][vc_row_inner][vc_column_inner width=&#8221;1\/2&#8243;]\r\n                <div class=\"text-modules\">\r\n                    <div class=\"container\">\r\n                        \r\n                        <div class=\"text-modules__content\"><p><img class=\"alignnone wp-image-172826 size-full\" src=\"https:\/\/us.edu.pl\/wydzial\/wh\/wp-content\/uploads\/sites\/15\/Bez-kategorii\/logoWH-na-osi-1-e1718707665880.jpg\" alt=\"logo wydzia\u0142u humanistycznego\" width=\"605\" height=\"329\" srcset=\"https:\/\/us.edu.pl\/wydzial\/wh\/wp-content\/uploads\/sites\/15\/Bez-kategorii\/logoWH-na-osi-1-e1718707665880.jpg 605w, https:\/\/us.edu.pl\/wydzial\/wh\/wp-content\/uploads\/sites\/15\/Bez-kategorii\/logoWH-na-osi-1-e1718707665880-300x163.jpg 300w, https:\/\/us.edu.pl\/wydzial\/wh\/wp-content\/uploads\/sites\/15\/Bez-kategorii\/logoWH-na-osi-1-e1718707665880-575x313.jpg 575w\" sizes=\"(max-width: 605px) 100vw, 605px\" \/><\/p>\n<\/div>\r\n                    <\/div>\r\n                <\/div>[\/vc_column_inner][vc_column_inner width=&#8221;1\/2&#8243;]\r\n                <div class=\"text-modules\">\r\n                    <div class=\"container\">\r\n                        \r\n                        <div class=\"text-modules__content\"><p><img class=\"alignnone wp-image-178318 size-full\" src=\"https:\/\/us.edu.pl\/wydzial\/wh\/wp-content\/uploads\/sites\/15\/Bez-kategorii\/Logo-transparent.png\" alt=\"Ko\u0142o Naukowe My\u015bli Lewicowej obok grafika: czerwony obrys otwartej ksi\u0105\u017cki z kt\u00f3rej wychodzi czarna pi\u0119\u015b\u0107\" width=\"100%\" height=\"auto\" srcset=\"https:\/\/us.edu.pl\/wydzial\/wh\/wp-content\/uploads\/sites\/15\/Bez-kategorii\/Logo-transparent.png 1386w, https:\/\/us.edu.pl\/wydzial\/wh\/wp-content\/uploads\/sites\/15\/Bez-kategorii\/Logo-transparent-300x143.png 300w, https:\/\/us.edu.pl\/wydzial\/wh\/wp-content\/uploads\/sites\/15\/Bez-kategorii\/Logo-transparent-1024x487.png 1024w, https:\/\/us.edu.pl\/wydzial\/wh\/wp-content\/uploads\/sites\/15\/Bez-kategorii\/Logo-transparent-768x365.png 768w, https:\/\/us.edu.pl\/wydzial\/wh\/wp-content\/uploads\/sites\/15\/Bez-kategorii\/Logo-transparent-575x273.png 575w\" sizes=\"(max-width: 1386px) 100vw, 1386px\" \/><\/p>\n<\/div>\r\n                    <\/div>\r\n                <\/div>[\/vc_column_inner][\/vc_row_inner][vc_row_inner][vc_column_inner width=&#8221;1\/2&#8243;]\r\n                <div class=\"text-modules\">\r\n                    <div class=\"container\">\r\n                        \r\n                        <div class=\"text-modules__content\"><\/p>\n<p style=\"text-align: center;\">Konferencja odbywa si\u0119 pod honorowym patronatem Dziekana Wydzia\u0142u Humanistycznego Uniwersytetu \u015al\u0105skiego w Katowicach<br \/>\n<strong>prof. dr hab. Adama Dziadka<\/strong><\/p>\n<p>\n<\/div>\r\n                    <\/div>\r\n                <\/div>[\/vc_column_inner][vc_column_inner width=&#8221;1\/2&#8243;]\r\n                <div class=\"text-modules\">\r\n                    <div class=\"container\">\r\n                        \r\n                        <div class=\"text-modules__content\"><\/p>\n<p style=\"text-align: center;\">Konferencja odbywa si\u0119 pod matronatem<br \/>\nKo\u0142a Naukowego My\u015bli Lewicowej U\u015a<\/p>\n<p>\n<\/div>\r\n                    <\/div>\r\n                <\/div>[\/vc_column_inner][\/vc_row_inner][\/vc_column][vc_column width=&#8221;1\/3&#8243;][vc_row_inner][vc_column_inner width=&#8221;1\/3&#8243;]\r\n                <div class=\"text-modules\">\r\n                    <div class=\"container\">\r\n                        \r\n                        <div class=\"text-modules__content\"><p><img class=\"alignnone wp-image-172829 size-full\" src=\"https:\/\/us.edu.pl\/wydzial\/wh\/wp-content\/uploads\/sites\/15\/Bez-kategorii\/MRA_dofinansowanie.png\" alt=\"\" width=\"100%\" height=\"auto\" srcset=\"https:\/\/us.edu.pl\/wydzial\/wh\/wp-content\/uploads\/sites\/15\/Bez-kategorii\/MRA_dofinansowanie.png 180w, https:\/\/us.edu.pl\/wydzial\/wh\/wp-content\/uploads\/sites\/15\/Bez-kategorii\/MRA_dofinansowanie-86x300.png 86w, https:\/\/us.edu.pl\/wydzial\/wh\/wp-content\/uploads\/sites\/15\/Bez-kategorii\/MRA_dofinansowanie-165x575.png 165w\" sizes=\"(max-width: 180px) 100vw, 180px\" \/><\/p>\n<\/div>\r\n                    <\/div>\r\n                <\/div>[\/vc_column_inner][vc_column_inner width=&#8221;2\/3&#8243;][vc_empty_space][vc_empty_space]\r\n                <div class=\"text-modules\">\r\n                    <div class=\"container\">\r\n                        \r\n                        <div class=\"text-modules__content\"><\/p>\n<p style=\"text-align: center;\"><span style=\"font-size: 10pt;\">Wydarzenie realizowane jest<br \/>\nw pa\u015bmie\u00a0<em>Miasto-Region-Akademia<\/em><\/span><br \/>\n<span style=\"font-size: 10pt;\">w ramach obchod\u00f3w\u00a0<em>Europejskiego Miasta Nauki Katowice 2024<\/em>.<\/span><\/p>\n<p>\n<\/div>\r\n                    <\/div>\r\n                <\/div>[vc_empty_space]\r\n                <div class=\"text-modules\">\r\n                    <div class=\"container\">\r\n                        \r\n                        <div class=\"text-modules__content\"><\/p>\n<p style=\"text-align: center;\"><span style=\"font-size: 10pt;\">Wydarzenie jest dofinansowane<\/span><br \/>\n<span style=\"font-size: 10pt;\">ze \u015brodk\u00f3w Wojew\u00f3dztwa \u015al\u0105skiego \u2013 Wsp\u00f3\u0142organizatora\u00a0<em>Europejskiego Miasta Nauki Katowice 2024<\/em>.<\/span><\/p>\n<p>\n<\/div>\r\n                    <\/div>\r\n                <\/div>[\/vc_column_inner][\/vc_row_inner][\/vc_column][\/vc_row][vc_row][vc_column][vc_separator color=&#8221;custom&#8221; border_width=&#8221;2&#8243; accent_color=&#8221;#fdac00&#8243;][\/vc_column][\/vc_row][vc_row][vc_column]\r\n                <div class=\"text-modules\">\r\n                    <div class=\"container\">\r\n                        \r\n                        <div class=\"text-modules__content\"><p>Partnerem konferencji jest Centre fran\u00e7ais de recherche en sciences sociales (CEFRES) oraz Instytut Francuski w Polsce<\/p>\n<\/div>\r\n                    <\/div>\r\n                <\/div>[\/vc_column][\/vc_row][vc_row][vc_column width=&#8221;1\/3&#8243;][vc_empty_space]\r\n                <div class=\"text-modules\">\r\n                    <div class=\"container\">\r\n                        \r\n                        <div class=\"text-modules__content\"><p><img class=\"alignnone wp-image-172830 size-full\" src=\"https:\/\/us.edu.pl\/wydzial\/wh\/wp-content\/uploads\/sites\/15\/Bez-kategorii\/cefres-logo.png\" alt=\"CEFRES logo\" width=\"100%\" height=\"auto\" srcset=\"https:\/\/us.edu.pl\/wydzial\/wh\/wp-content\/uploads\/sites\/15\/Bez-kategorii\/cefres-logo.png 709w, https:\/\/us.edu.pl\/wydzial\/wh\/wp-content\/uploads\/sites\/15\/Bez-kategorii\/cefres-logo-300x127.png 300w, https:\/\/us.edu.pl\/wydzial\/wh\/wp-content\/uploads\/sites\/15\/Bez-kategorii\/cefres-logo-575x242.png 575w\" sizes=\"(max-width: 709px) 100vw, 709px\" \/><\/p>\n<\/div>\r\n                    <\/div>\r\n                <\/div>[\/vc_column][vc_column width=&#8221;1\/3&#8243;]\r\n                <div class=\"text-modules\">\r\n                    <div class=\"container\">\r\n                        \r\n                        <div class=\"text-modules__content\"><p><img class=\"alignnone wp-image-178316 size-full\" src=\"https:\/\/us.edu.pl\/wydzial\/wh\/wp-content\/uploads\/sites\/15\/Bez-kategorii\/IF_Pologne_bleu.png\" alt=\"Institut Fran\u00e7ais en Pologne\" width=\"100%\" height=\"auto\" srcset=\"https:\/\/us.edu.pl\/wydzial\/wh\/wp-content\/uploads\/sites\/15\/Bez-kategorii\/IF_Pologne_bleu.png 852w, https:\/\/us.edu.pl\/wydzial\/wh\/wp-content\/uploads\/sites\/15\/Bez-kategorii\/IF_Pologne_bleu-300x222.png 300w, https:\/\/us.edu.pl\/wydzial\/wh\/wp-content\/uploads\/sites\/15\/Bez-kategorii\/IF_Pologne_bleu-768x569.png 768w, https:\/\/us.edu.pl\/wydzial\/wh\/wp-content\/uploads\/sites\/15\/Bez-kategorii\/IF_Pologne_bleu-575x426.png 575w\" sizes=\"(max-width: 852px) 100vw, 852px\" \/><\/p>\n<\/div>\r\n                    <\/div>\r\n                <\/div>[\/vc_column][vc_column width=&#8221;1\/3&#8243;][\/vc_column][\/vc_row][vc_row][vc_column][vc_separator color=&#8221;custom&#8221; border_width=&#8221;2&#8243; accent_color=&#8221;#fdac00&#8243;][\/vc_column][\/vc_row][vc_row][vc_column width=&#8221;2\/3&#8243;]\r\n                <div class=\"text-modules\">\r\n                    <div class=\"container\">\r\n                        \r\n                        <div class=\"text-modules__content\"><\/p>\n<p style=\"text-align: left;\">Patronat medialny nad konferencj\u0105 sprawuje Miesi\u0119cznik \u201e\u015al\u0105sk\u201d oraz \u201eCzas Kultury\u201d.<\/p>\n<p>\n<\/div>\r\n                    <\/div>\r\n                <\/div>[\/vc_column][vc_column width=&#8221;1\/3&#8243;][\/vc_column][\/vc_row][vc_row][vc_column width=&#8221;1\/3&#8243;][vc_empty_space]\r\n                <div class=\"text-modules\">\r\n                    <div class=\"container\">\r\n                        \r\n                        <div class=\"text-modules__content\"><p><a href=\"https:\/\/czaskultury.pl\/\"><img class=\"alignnone wp-image-173440 size-full\" src=\"https:\/\/us.edu.pl\/wydzial\/wh\/wp-content\/uploads\/sites\/15\/Bez-kategorii\/CzK-logotyp-scaled.jpg\" alt=\"Czas kultury\" width=\"100%\" height=\"auto\" srcset=\"https:\/\/us.edu.pl\/wydzial\/wh\/wp-content\/uploads\/sites\/15\/Bez-kategorii\/CzK-logotyp-scaled.jpg 2560w, https:\/\/us.edu.pl\/wydzial\/wh\/wp-content\/uploads\/sites\/15\/Bez-kategorii\/CzK-logotyp-300x54.jpg 300w, https:\/\/us.edu.pl\/wydzial\/wh\/wp-content\/uploads\/sites\/15\/Bez-kategorii\/CzK-logotyp-1024x184.jpg 1024w, https:\/\/us.edu.pl\/wydzial\/wh\/wp-content\/uploads\/sites\/15\/Bez-kategorii\/CzK-logotyp-768x138.jpg 768w, https:\/\/us.edu.pl\/wydzial\/wh\/wp-content\/uploads\/sites\/15\/Bez-kategorii\/CzK-logotyp-1536x276.jpg 1536w, https:\/\/us.edu.pl\/wydzial\/wh\/wp-content\/uploads\/sites\/15\/Bez-kategorii\/CzK-logotyp-2048x368.jpg 2048w, https:\/\/us.edu.pl\/wydzial\/wh\/wp-content\/uploads\/sites\/15\/Bez-kategorii\/CzK-logotyp-575x103.jpg 575w\" sizes=\"(max-width: 2560px) 100vw, 2560px\" \/><\/a><\/p>\n<\/div>\r\n                    <\/div>\r\n                <\/div>[\/vc_column][vc_column width=&#8221;1\/3&#8243;]\r\n                <div class=\"text-modules\">\r\n                    <div class=\"container\">\r\n                        \r\n                        <div class=\"text-modules__content\"><p><a href=\"https:\/\/www.slaskwn.com.pl\/sklep\/slask-miesiecznik-spoleczno-kulturalny-0\"><img class=\"alignnone wp-image-172831 size-full\" src=\"https:\/\/us.edu.pl\/wydzial\/wh\/wp-content\/uploads\/sites\/15\/Bez-kategorii\/miesiecznik-slask.jpeg\" alt=\"Miesi\u0119cznik spo\u0142eczno-kulturalny \u015al\u0105sk\" width=\"100%\" height=\"auto\" srcset=\"https:\/\/us.edu.pl\/wydzial\/wh\/wp-content\/uploads\/sites\/15\/Bez-kategorii\/miesiecznik-slask.jpeg 458w, https:\/\/us.edu.pl\/wydzial\/wh\/wp-content\/uploads\/sites\/15\/Bez-kategorii\/miesiecznik-slask-300x108.jpeg 300w\" sizes=\"(max-width: 458px) 100vw, 458px\" \/><\/a><\/p>\n<\/div>\r\n                    <\/div>\r\n                <\/div>[\/vc_column][vc_column width=&#8221;1\/3&#8243;][\/vc_column][\/vc_row]<\/p>","protected":false},"excerpt":{"rendered":"<p>[vc_row][vc_column width=&#8221;2\/3&#8243;][vc_row_inner][vc_column_inner css=&#8221;.vc_custom_1728570117462{border-left-width: 2px !important;border-left-color: #fdac00 !important;border-left-style: solid !important;border-radius: 10px !important;}&#8221;][\/vc_column_inner][\/vc_row_inner][vc_empty_space][vc_row_inner][vc_column_inner css=&#8221;.vc_custom_1728570129150{border-left-width: 2px !important;border-left-color: #000000 !important;border-left-style: solid !important;border-radius: 10px !important;}&#8221;][\/vc_column_inner][\/vc_row_inner][vc_empty_space][vc_tta_tabs][vc_tta_section title=&#8221;ENGLISH&#8221; tab_id=&#8221;1728568251945-ba24eb68-4f15&#8243;][\/vc_tta_section][vc_tta_section title=&#8221;POLISH&#8221; tab_id=&#8221;1728568251955-94e6537e-bcb7&#8243;][\/vc_tta_section][\/vc_tta_tabs][vc_empty_space][vc_row_inner][vc_column_inner][\/vc_column_inner][\/vc_row_inner][vc_tta_accordion title_tag=&#8221;h3&#8243; section_title_tag=&#8221;h5&#8243; style=&#8221;modern&#8221; active_section=&#8221;666&#8243; collapsible_all=&#8221;true&#8221;][vc_tta_section title=&#8221;Day 1 \u2013 5.11.2024&#8243; tab_id=&#8221;1728634747435-6b086a9c-7dd6&#8243;][\/vc_tta_section][vc_tta_section title=&#8221;Day 2 \u2013 6.11.2024&#8243; tab_id=&#8221;1728634747448-ba2cbbe2-1e2f&#8221;][\/vc_tta_section][vc_tta_section title=&#8221;Day 3 \u2013 7.11.2024&#8243; tab_id=&#8221;1728635008772-860b6aa1-2a4a&#8221;][\/vc_tta_section][\/vc_tta_accordion][\/vc_column][vc_column width=&#8221;1\/3&#8243;][vc_single_image image=&#8221;178320&#8243; img_size=&#8221;full&#8221; onclick=&#8221;link_image&#8221;][vc_empty_space][vc_tta_pageable no_fill_content_area=&#8221;true&#8221; active_section=&#8221;1&#8243; pagination_style=&#8221;&#8221; css=&#8221;.vc_custom_1718705971836{background-color: #ececec !important;border-radius: 10px [&#8230;]<\/p>\n<p><a class=\"btn btn-secondary understrap-read-more-link\" href=\"https:\/\/us.edu.pl\/wydzial\/wh\/event\/konferencja-pt-after-words-after-worlds-the-legacy-of-jacques-derrida\/\">Read More&#8230;<\/a><\/p>\n","protected":false},"author":1,"featured_media":0,"template":"","meta":{"_expiration-date-status":"","_expiration-date":0,"_expiration-date-type":"","_expiration-date-categories":[],"_expiration-date-options":[]},"acf":[],"_links":{"self":[{"href":"https:\/\/us.edu.pl\/wydzial\/wh\/wp-json\/wp\/v2\/event\/173351"}],"collection":[{"href":"https:\/\/us.edu.pl\/wydzial\/wh\/wp-json\/wp\/v2\/event"}],"about":[{"href":"https:\/\/us.edu.pl\/wydzial\/wh\/wp-json\/wp\/v2\/types\/event"}],"author":[{"embeddable":true,"href":"https:\/\/us.edu.pl\/wydzial\/wh\/wp-json\/wp\/v2\/users\/1"}],"version-history":[{"count":10,"href":"https:\/\/us.edu.pl\/wydzial\/wh\/wp-json\/wp\/v2\/event\/173351\/revisions"}],"predecessor-version":[{"id":179720,"href":"https:\/\/us.edu.pl\/wydzial\/wh\/wp-json\/wp\/v2\/event\/173351\/revisions\/179720"}],"wp:attachment":[{"href":"https:\/\/us.edu.pl\/wydzial\/wh\/wp-json\/wp\/v2\/media?parent=173351"}],"curies":[{"name":"wp","href":"https:\/\/api.w.org\/{rel}","templated":true}]}}