{"id":19679,"date":"2022-04-08T13:27:14","date_gmt":"2022-04-08T11:27:14","guid":{"rendered":"https:\/\/us.edu.pl\/wydzial\/wh\/?post_type=event&#038;p=19679"},"modified":"2022-04-22T17:01:18","modified_gmt":"2022-04-22T15:01:18","slug":"ukrainsko-polskie-spotkanie-integracyjne-w-sosnowcu","status":"publish","type":"event","link":"https:\/\/us.edu.pl\/wydzial\/wh\/event\/ukrainsko-polskie-spotkanie-integracyjne-w-sosnowcu\/","title":{"rendered":"[ODWO\u0141ANE] Ukrai\u0144sko-polskie spotkanie integracyjne w SOSNOWCU"},"content":{"rendered":"<p>[vc_row][vc_column width=&#8221;2\/3&#8243;]\r\n                <div class=\"text-modules\">\r\n                    <div class=\"container\">\r\n                        \r\n                        <div class=\"text-modules__content\"><p><span style=\"color: #ff0000;\">Ze wzgl\u0119du na Zarz\u0105dzenie Prezesa Rady Ministr\u00f3w z dnia 14 kwietnia 2022 r. wprowadzaj\u0105ce na terenie RP drugi stopie\u0144 alarmowy BRAVO, spotkanie zosta\u0142o ODWO\u0141ANE. <\/span><\/p>\n<p><span style=\"color: #ff0000;\">Wydarzenie odb\u0119dzie si\u0119 w innym terminie, o kt\u00f3rym poinformujemy, jak tylko b\u0119dzie taka mo\u017cliwo\u015b\u0107.<\/span><\/p>\n<p>&nbsp;<\/p>\n<p>&nbsp;<\/p>\n<p>Drodzy Pracownicy i Studenci naszego Wydzia\u0142u!<\/p>\n<p>Od kilku tygodni w budynku naszego Wydzia\u0142u w Sosnowcu wolontariuszka, Pani Uliana Tymkiv, prowadzi nieodp\u0142atny kurs j\u0119zyka polskiego dla Ukrai\u0144c\u00f3w. Zapisa\u0142o si\u0119 na niego ponad 90 os\u00f3b i ch\u0119tnych wci\u0105\u017c przybywa.<\/p>\n<p>Kurs obywa si\u0119 w soboty, kiedy nasz budynek jest ca\u0142kiem pusty. Zrodzi\u0142 si\u0119 zatem pomys\u0142, aby zorganizowa\u0107 spotkanie integracyjne kursant\u00f3w ze spo\u0142eczno\u015bci\u0105 naszego Wydzia\u0142u. Chcia\u0142yby\u015bmy stworzy\u0107 okazj\u0119 do wzajemnego poznania si\u0119, a tym samym r\u00f3wnie\u017c podnie\u015b\u0107 naszych go\u015bci na duchu w tych ci\u0119\u017ckich czasach. Pad\u0142a propozycja wsp\u00f3lnego, wieloj\u0119zycznego \u015bpiewu, kt\u00f3ra spotka\u0142a si\u0119 z wielkim entuzjazmem ze strony go\u015bci ukrai\u0144skich.<\/p>\n<p>Zapraszamy zatem na ukrai\u0144sko-polskie spotkanie integracyjne. Odb\u0119dzie si\u0119 ono w ostatni pi\u0105tek kwietnia <strong>(29.04.)<\/strong> w godz. <strong>18:30-20:30<\/strong>. Chcemy, \u017ceby by\u0142a to r\u00f3wnocze\u015bnie okazja do bli\u017cszego poznania si\u0119 tak\u017ce naszych pracownik\u00f3w i student\u00f3w. Zach\u0119camy, aby przyprowadzili ze sob\u0105 Pa\u0144stwo swoich bliskich, przyjaci\u00f3\u0142, Polak\u00f3w i obcokrajowc\u00f3w, wszystkich (niezale\u017cnie od wieku!), kt\u00f3rzy chcieliby si\u0119 przy\u0142\u0105czy\u0107 do tej akcji.<\/p>\n<p>Wydarzenie odb\u0119dzie si\u0119 w <strong>holu g\u0142\u00f3wnym budynku Wydzia\u0142u Humanistycznego w Sosnowcu przy ul. Grota-Roweckiego 5<\/strong>, gdzie b\u0119dziemy \u015bpiewa\u0107 r\u00f3\u017cne pie\u015bni i piosenki biesiadne, g\u0142\u00f3wnie ukrai\u0144skie i polskie. Planujemy przygotowa\u0107 \u015bpiewniki. W trakcie spotkania odb\u0119d\u0105 si\u0119 dwie przerwy, podczas kt\u00f3rych w dolnym holu chcieliby\u015bmy pocz\u0119stowa\u0107 naszych go\u015bci s\u0142odko\u015bciami. Dzieci natomiast zaprosimy do sali Rady Wydzia\u0142u, gdzie b\u0119d\u0105 na nie czeka\u0107 animatorzy.<\/p>\n<p>Motywem przewodnim spotkania b\u0119dzie ukrai\u0144ska piosenka ludowa \u201eCzerwona kalina\u201d: <a href=\"https:\/\/www.youtube.com\/watch?v=HvXCILWHjnI\">https:\/\/www.youtube.com\/watch?v=HvXCILWHjnI<\/a><br \/>\n<a href=\"https:\/\/www.youtube.com\/watch?v=EV_vT0Vud5Q\">https:\/\/www.youtube.com\/watch?v=EV_vT0Vud5Q<\/a><\/p>\n<p>Podczas przerw b\u0119d\u0105 dost\u0119pne kartki z napisem \u201eU\u015aMIECH\u201d, \u201e\u017b\u00d3\u0141WIK\u201d oraz \u201ePRZYTULASEK\u201d. Osoby, kt\u00f3re chcia\u0142yby si\u0119 do kogo\u015b u\u015bmiechn\u0105\u0107, \u201ewymieni\u0107 \u017c\u00f3\u0142wika\u201d lub przytuli\u0107, b\u0119d\u0105 mog\u0142y wzi\u0105\u0107 tak\u0105 kartk\u0119 i pokaza\u0107 innym, jak\u0105 maj\u0105 potrzeb\u0119. W ten spos\u00f3b mo\u017cemy si\u0119 zintegrowa\u0107 z nieznajomymi, niekoniecznie pr\u00f3buj\u0105c prze\u0142ama\u0107 barier\u0119 j\u0119zykow\u0105.<\/p>\n<p>Zaznaczamy, \u017ce podczas spotkania nie organizujemy \u017cadnej zbi\u00f3rki. Jest tylko pro\u015bba, aby ka\u017cdy przyni\u00f3s\u0142 ze sob\u0105 jakie\u015b ciasto lub co\u015b s\u0142odkiego oraz nap\u00f3j wraz z talerzykami i kubkami jednorazowego u\u017cytku. Bardzo prosimy te\u017c, aby Pa\u0144stwo za\u0142o\u017cyli zwyczajne, codzienne ubrania &#8211; to z za\u0142o\u017cenia impreza bez sukienek i bez krawat\u00f3w.<\/p>\n<p>Wszystkich zainteresowanych wzi\u0119ciem udzia\u0142u w naszej akcji prosimy o informacj\u0119 do 22 kwietnia, z jak\u0105 ilo\u015bci\u0105 os\u00f3b chcia\u0142yby przyj\u015b\u0107. Prosimy o wype\u0142nienie formularza:<\/p>\n<p><a href=\"https:\/\/forms.gle\/MxCBtd4gobDn42Bm8\">https:\/\/forms.gle\/MxCBtd4gobDn42Bm8<\/a><\/p>\n<p>lub kontakt mailowy: <a href=\"mailto:cecylia.tatoj@us.edu.pl\">cecylia.tatoj@us.edu.pl<\/a>, <a href=\"mailto:aniela.kucharska@us.edu.pl\">aniela.kucharska@us.edu.pl<\/a><\/p>\n<p>Prosimy tak\u017ce o zg\u0142aszanie si\u0119 os\u00f3b, kt\u00f3re mog\u0142yby pom\u00f3c przy:<br \/>\n&#8211; uk\u0142adaniu ciast i s\u0142odko\u015bci,<br \/>\n&#8211; animacji dzieci.<\/p>\n<p>Je\u015bli kto\u015b z Pa\u0144stwa nie mo\u017ce bezpo\u015brednio wzi\u0105\u0107 udzia\u0142u w tej akcji, a chcia\u0142by podarowa\u0107 co\u015b s\u0142odkiego lub napoje, tak\u017ce prosimy o informacj\u0119.<\/p>\n<p>Do akcji ju\u017c przy\u0142\u0105czy\u0142y si\u0119 dwa ko\u0142a studenckie: Ko\u0142o Naukowe Komunikacji Mi\u0119dzykulturowej oraz Ko\u0142o Naukowe Mundo Hispano. Bardzo dzi\u0119kujemy!<\/p>\n<p>Jednocze\u015bnie zwracamy si\u0119 do wszystkich, kt\u00f3rzy mogliby pom\u00f3c w prowadzeniu zaj\u0119\u0107 z j\u0119zyka polskiego \u2013 kursant\u00f3w wci\u0105\u017c przybywa.<\/p>\n<p>Licz\u0105c na spotkanie w ostatni pi\u0105tek kwietnia, ju\u017c teraz \u0142\u0105czymy \u017cyczenia spokojnych \u015awi\u0105t \u2013<br \/>\nCecylia Tatoj<br \/>\nAniela Kucharska<\/p>\n<\/div>\r\n                    <\/div>\r\n                <\/div>[\/vc_column][vc_column width=&#8221;1\/3&#8243;]\r\n                <div class=\"text-modules\">\r\n                    <div class=\"container\">\r\n                        \r\n                        <div class=\"text-modules__content\"><p><img class=\"alignnone wp-image-19825 size-full\" src=\"https:\/\/us.edu.pl\/wydzial\/wh\/wp-content\/uploads\/sites\/15\/OBRAZKI-WYROZNIAJACE\/sheet-music-gf1875e2cd_640.jpg\" alt=\"dwa serduszka w kolorach flagi Ukrainy na zeszycie z zapisem nutowym\" width=\"640\" height=\"412\" srcset=\"https:\/\/us.edu.pl\/wydzial\/wh\/wp-content\/uploads\/sites\/15\/OBRAZKI-WYROZNIAJACE\/sheet-music-gf1875e2cd_640.jpg 640w, https:\/\/us.edu.pl\/wydzial\/wh\/wp-content\/uploads\/sites\/15\/OBRAZKI-WYROZNIAJACE\/sheet-music-gf1875e2cd_640-300x193.jpg 300w, https:\/\/us.edu.pl\/wydzial\/wh\/wp-content\/uploads\/sites\/15\/OBRAZKI-WYROZNIAJACE\/sheet-music-gf1875e2cd_640-575x370.jpg 575w\" sizes=\"(max-width: 640px) 100vw, 640px\" \/><\/p>\n<\/div>\r\n                    <\/div>\r\n                <\/div>[\/vc_column][\/vc_row]<\/p>","protected":false},"excerpt":{"rendered":"<p>[vc_row][vc_column width=&#8221;2\/3&#8243;][\/vc_column][vc_column width=&#8221;1\/3&#8243;][\/vc_column][\/vc_row] [&#8230;]<\/p>\n<p><a class=\"btn btn-secondary understrap-read-more-link\" href=\"https:\/\/us.edu.pl\/wydzial\/wh\/event\/ukrainsko-polskie-spotkanie-integracyjne-w-sosnowcu\/\">Read More&#8230;<\/a><\/p>\n","protected":false},"author":1,"featured_media":0,"template":"","meta":{"_expiration-date-status":"","_expiration-date":0,"_expiration-date-type":"","_expiration-date-categories":[],"_expiration-date-options":[]},"acf":[],"_links":{"self":[{"href":"https:\/\/us.edu.pl\/wydzial\/wh\/wp-json\/wp\/v2\/event\/19679"}],"collection":[{"href":"https:\/\/us.edu.pl\/wydzial\/wh\/wp-json\/wp\/v2\/event"}],"about":[{"href":"https:\/\/us.edu.pl\/wydzial\/wh\/wp-json\/wp\/v2\/types\/event"}],"author":[{"embeddable":true,"href":"https:\/\/us.edu.pl\/wydzial\/wh\/wp-json\/wp\/v2\/users\/1"}],"version-history":[{"count":8,"href":"https:\/\/us.edu.pl\/wydzial\/wh\/wp-json\/wp\/v2\/event\/19679\/revisions"}],"predecessor-version":[{"id":19826,"href":"https:\/\/us.edu.pl\/wydzial\/wh\/wp-json\/wp\/v2\/event\/19679\/revisions\/19826"}],"wp:attachment":[{"href":"https:\/\/us.edu.pl\/wydzial\/wh\/wp-json\/wp\/v2\/media?parent=19679"}],"curies":[{"name":"wp","href":"https:\/\/api.w.org\/{rel}","templated":true}]}}