{"id":197049,"date":"2026-04-27T08:58:12","date_gmt":"2026-04-27T06:58:12","guid":{"rendered":"https:\/\/us.edu.pl\/wydzial\/wh\/?post_type=event&#038;p=197049"},"modified":"2026-04-28T09:52:25","modified_gmt":"2026-04-28T07:52:25","slug":"otwarta-kultura-2026-dni-kulturoznawstwa-i-kultur-mediow","status":"publish","type":"event","link":"https:\/\/us.edu.pl\/wydzial\/wh\/event\/otwarta-kultura-2026-dni-kulturoznawstwa-i-kultur-mediow\/","title":{"rendered":"OTWARTA KULTURA 2026 \u2013 Dni Kulturoznawstwa i Kultur Medi\u00f3w"},"content":{"rendered":"<p>[vc_row css=&#8221;.vc_custom_1777272668577{background-color: rgba(0,191,229,0.1) !important;background-position: center !important;background-repeat: no-repeat !important;background-size: contain !important;*background-color: rgb(0,191,229) !important;}&#8221;][vc_column width=&#8221;1\/2&#8243;][vc_tta_tabs title_tag=&#8221;h1&#8243; section_title_tag=&#8221;h2&#8243; style=&#8221;flat&#8221; shape=&#8221;square&#8221; color=&#8221;white&#8221; active_section=&#8221;1&#8243;][vc_tta_section title=&#8221;6.05.2026 | \u015broda&#8221; tab_id=&#8221;1777268460251-c471f83d-3bee&#8221;]\r\n                <div class=\"text-modules\">\r\n                    <div class=\"container\">\r\n                        \r\n                        <div class=\"text-modules__content\"><p><em>9.50-10.00 \/ Strefa studencka &#8211; segment C<\/em><\/p>\n<p><span style=\"font-size: 14pt; color: #024eaf;\">Inauguracja <\/span><\/p>\n<p>Otwarcie Dni Kulturoznawstwa i Kultur Medi\u00f3w przez prof. Magdalen\u0119 Kempn\u0105-Pieni\u0105\u017cek, dyrektork\u0119 kierunk\u00f3w.<\/p>\n<p>&nbsp;<\/p>\n<p><em>10.00-11.15 \/ Strefa studencka &#8211; segment C<\/em><\/p>\n<p><span style=\"color: #024eaf; font-size: 14pt;\">SPOTKANIE | Prompt: Przysz\u0142o\u015b\u0107. Panel o \u017cyciu, nauce i pracy z AI<\/span><\/p>\n<p>Panel dyskusyjny ekspert\u00f3w o wsp\u00f3\u0142czesnej kondycji AI i cz\u0142owieka.<\/p>\n<p>&nbsp;<\/p>\n<p><em>11.40-13.00 \/ Strefa studencka &#8211; segment C<\/em><\/p>\n<p><span style=\"color: #024eaf; font-size: 14pt;\">SPOTKANIE | <em>Mi\u0119dzy zaj\u0119ciami. <\/em>Pogadnik studencki<\/span><\/p>\n<p>Organizacje studenckie, media uniwersyteckie, eventy akademickie, praktyki, projekty we wsp\u00f3\u0142pracy z otoczeniem spo\u0142eczno-gospodarczym.<\/p>\n<p>&nbsp;<\/p>\n<p><em>13.50-15.15 \/ C0.9<\/em><\/p>\n<p><span style=\"font-size: 14pt; color: #024eaf;\">ROZMOWA | Gadaj\u0105ce przedmioty<\/span><\/p>\n<p>Rozmowa z autorkami dokumentu Gadaj\u0105ce g\u0142owy o \u015bcie\u017cce tworzenia filmu od koncepcji do wyzwa\u0144 produkcyjnych.<\/p>\n<p>&nbsp;<\/p>\n<p><em>13.50-15.15 \/ C0.29<\/em><\/p>\n<p><span style=\"color: #024eaf; font-size: 14pt;\">WARSZTATY | Instagram vs Rzeczywisto\u015b\u0107: Iluzja perfekcji<\/span><\/p>\n<p>Warsztaty i interaktywna instalacja wizualna, kt\u00f3ra demaskuje mechanizmy kreowania wyidealizowanego obrazu \u015bwiata w mediach spo\u0142eczno\u015bciowych.<\/p>\n<p>&nbsp;<\/p>\n<p><em>14.00-15.00 \/ Strefa studencka &#8211; segment C<\/em><\/p>\n<p><span style=\"color: #024eaf; font-size: 14pt;\">MONODRAM | Fioletowy ptak<\/span><\/p>\n<p><span style=\"font-size: 14pt; color: #024eaf;\">MONODRAM | Oczywisto\u015b\u0107 <\/span><\/p>\n<\/div>\r\n                    <\/div>\r\n                <\/div>[\/vc_tta_section][vc_tta_section title=&#8221;7.05.2026 | czwartek&#8221; tab_id=&#8221;1777268460257-9b2639f1-9051&#8243;]\r\n                <div class=\"text-modules\">\r\n                    <div class=\"container\">\r\n                        \r\n                        <div class=\"text-modules__content\"><p><em>10.00-11.15 \/ C0.37<\/em><\/p>\n<p><span style=\"color: #024eaf; font-size: 14pt;\">SPOTKANIE | O\u0142owiane Media<\/span><\/p>\n<p>Spotkanie z Mart\u0105 Fox autork\u0105 \u201eMoja o\u0142owianko kl\u0119knij na kolanko\u201d.<\/p>\n<p>&nbsp;<\/p>\n<p><em>11.40-13.00 \/\u00a0 C0.37<\/em><\/p>\n<p><span style=\"color: #024eaf; font-size: 14pt;\">WARSZTATY | TikTok Fashion Lab<\/span><\/p>\n<p>Warsztat wprowadzi uczestnik\u00f3w w zagadnienia zwi\u0105zane z estetyk\u0105 medi\u00f3w spo\u0142eczno\u015bciowych, miksowaniem styl\u00f3w oraz funkcjonowaniem trend\u00f3w w kulturze cyfrowej.<\/p>\n<p><strong>\u00a0<\/strong><\/p>\n<p><em>13.00 \/ Hall g\u0142\u00f3wny, parter<\/em><\/p>\n<p><span style=\"color: #024eaf; font-size: 14pt;\">WERNISA\u017b | Kawa, ciasto i rozmowa o wystawie <em>Ludzka natura<\/em><\/span><\/p>\n<p><em>Ludzka natura <\/em>to wystawa o tym, jak ludzie i ro\u015blinne cia\u0142a wsp\u00f3\u0142kszta\u0142tuj\u0105 wielk\u0105 histori\u0119 i ma\u0142\u0105 codzienno\u015b\u0107.<\/p>\n<p>&nbsp;<\/p>\n<p><em>13.50-15.15 \/ C0.9<\/em><\/p>\n<p><span style=\"color: #024eaf; font-size: 14pt;\">PROJEKCJA | To jest film<\/span><\/p>\n<p>Film opowiada histori\u0119 dw\u00f3ch m\u0142odych tw\u00f3rc\u00f3w pr\u00f3buj\u0105cych zrealizowa\u0107 w\u0142asny projekt filmowy.<\/p>\n<p>&nbsp;<\/p>\n<p><em>13.50-15.15 \/ C0.29<\/em><\/p>\n<p><span style=\"color: #024eaf; font-size: 14pt;\">PREZENTACJE | Powstanie i upadek Imperium Galaktycznego. Micha\u0142 Chilimoniuk o ksi\u0105\u017cce Chrisa Kempshalla<\/span><\/p>\n<p>Refleksja fanowska nad ksi\u0105\u017ck\u0105 w formie prezentacji i rozmowy.<\/p>\n<p>&nbsp;<\/p>\n<p>17.15-18:45 \/ C0.37<\/p>\n<p><span style=\"color: #024eaf; font-size: 14pt;\">SPOTKANIE | \u201ePowidoki\u201d \u2013 spotkanie z Tomaszem Libosk\u0105<\/span><\/p>\n<p>Spotkanie z jednym z najciekawszych wsp\u00f3\u0142czesnych polskich fotograf\u00f3w.<\/p>\n<\/div>\r\n                    <\/div>\r\n                <\/div>[\/vc_tta_section][\/vc_tta_tabs][\/vc_column][vc_column width=&#8221;1\/2&#8243;][vc_empty_space height=&#8221;50px&#8221;]\r\n                <div class=\"text-modules\">\r\n                    <div class=\"container\">\r\n                        \r\n                        <div class=\"text-modules__content\"><p><img class=\"alignnone wp-image-197013 size-large\" src=\"https:\/\/us.edu.pl\/wydzial\/wh\/wp-content\/uploads\/sites\/15\/Bez-kategorii\/1-2-1-819x1024.png\" alt=\"grafika promuj\u0105ca otwart\u0105 kultur\u0119 z zielonym logiem\" width=\"640\" height=\"800\" srcset=\"https:\/\/us.edu.pl\/wydzial\/wh\/wp-content\/uploads\/sites\/15\/Bez-kategorii\/1-2-1-819x1024.png 819w, https:\/\/us.edu.pl\/wydzial\/wh\/wp-content\/uploads\/sites\/15\/Bez-kategorii\/1-2-1-240x300.png 240w, https:\/\/us.edu.pl\/wydzial\/wh\/wp-content\/uploads\/sites\/15\/Bez-kategorii\/1-2-1-768x960.png 768w, https:\/\/us.edu.pl\/wydzial\/wh\/wp-content\/uploads\/sites\/15\/Bez-kategorii\/1-2-1-460x575.png 460w, https:\/\/us.edu.pl\/wydzial\/wh\/wp-content\/uploads\/sites\/15\/Bez-kategorii\/1-2-1.png 1080w\" sizes=\"(max-width: 640px) 100vw, 640px\" \/><\/p>\n<\/div>\r\n                    <\/div>\r\n                <\/div>\r\n                <div class=\"text-modules\">\r\n                    <div class=\"container\">\r\n                        \r\n                        <div class=\"text-modules__content\"><p><span style=\"font-size: 14pt;\"><strong>Zapraszamy na kolejn\u0105 edycj\u0119 Otwartej Kultury!<\/strong><\/span><\/p>\n<p>Dwudniowy festiwal to idealna okazja na zaanga\u017cowanie si\u0119 w \u017cycie studenckie i poznanie innych kierunk\u00f3w. W trakcie jego trwania czekaj\u0105 na Was r\u00f3\u017cne atrakcje:<\/p>\n<ul>\n<li>spotkania<\/li>\n<li>projekcje<\/li>\n<li>spektakle<\/li>\n<li>wystawy<\/li>\n<\/ul>\n<p><strong>Zach\u0119camy do zapoznania si\u0119 z pe\u0142nym plikiem programowym!<\/strong><\/p>\n<\/div>\r\n                    <\/div>\r\n                <\/div>[vc_empty_space height=&#8221;45px&#8221;][\/vc_column][\/vc_row][vc_row css=&#8221;.vc_custom_1777272677166{background-color: rgba(0,191,229,0.1) !important;*background-color: rgb(0,191,229) !important;}&#8221;][vc_column width=&#8221;1\/2&#8243;][vc_empty_space height=&#8221;50px&#8221;]\r\n                <div class=\"text-modules\">\r\n                    <div class=\"container\">\r\n                        \r\n                        <div class=\"text-modules__content\"><p><img class=\"alignnone size-large wp-image-197014\" src=\"https:\/\/us.edu.pl\/wydzial\/wh\/wp-content\/uploads\/sites\/15\/Bez-kategorii\/2-2-1-819x1024.png\" alt=\"grafika promuj\u0105ca otwart\u0105 kultur\u0119 z zielonym logiem\" width=\"640\" height=\"800\" srcset=\"https:\/\/us.edu.pl\/wydzial\/wh\/wp-content\/uploads\/sites\/15\/Bez-kategorii\/2-2-1-819x1024.png 819w, https:\/\/us.edu.pl\/wydzial\/wh\/wp-content\/uploads\/sites\/15\/Bez-kategorii\/2-2-1-240x300.png 240w, https:\/\/us.edu.pl\/wydzial\/wh\/wp-content\/uploads\/sites\/15\/Bez-kategorii\/2-2-1-768x960.png 768w, https:\/\/us.edu.pl\/wydzial\/wh\/wp-content\/uploads\/sites\/15\/Bez-kategorii\/2-2-1-460x575.png 460w, https:\/\/us.edu.pl\/wydzial\/wh\/wp-content\/uploads\/sites\/15\/Bez-kategorii\/2-2-1.png 1080w\" sizes=\"(max-width: 640px) 100vw, 640px\" \/><\/p>\n<\/div>\r\n                    <\/div>\r\n                <\/div>[\/vc_column][vc_column width=&#8221;1\/2&#8243;][vc_tta_tabs title_tag=&#8221;h1&#8243; section_title_tag=&#8221;h2&#8243; style=&#8221;flat&#8221; shape=&#8221;square&#8221; color=&#8221;white&#8221; active_section=&#8221;1&#8243;][vc_tta_section title=&#8221;6.05.2026 | \u015broda&#8221; tab_id=&#8221;1777269511383-c65a5ce0-0a8f&#8221;]\r\n                <div class=\"text-modules\">\r\n                    <div class=\"container\">\r\n                        \r\n                        <div class=\"text-modules__content\"><p><em>9.50-10.00 \/ Strefa studencka &#8211; segment C<\/em><\/p>\n<p><span style=\"font-size: 14pt; color: #024eaf;\">Prompt: Przysz\u0142o\u015b\u0107. Panel o \u017cyciu, nauce i pracy z AI<\/span><\/p>\n<p><strong>Panel dyskusyjny ekspert\u00f3w o wsp\u00f3\u0142czesnej kondycji AI i cz\u0142owieka.<\/strong><\/p>\n<p>Organizatorzy: Wojciech Olej, 1 rok kultur medi\u00f3w, studia magisterskie<\/p>\n<p>Opiekun: dr Monika Karwacka<\/p>\n<hr \/>\n<p><em>11.40-13.00 \/ Strefa studencka &#8211; segment C<\/em><\/p>\n<p><span style=\"font-size: 14pt; color: #024eaf;\">Mi\u0119dzy zaj\u0119ciami. Pogadnik studencki<\/span><\/p>\n<p><strong>Jak postawi\u0107 pierwsze kroki w dzia\u0142alno\u015bci <em>mi\u0119dzy zaj\u0119ciami<\/em>? Organizacje studenckie, media uniwersyteckie, eventy akademickie, praktyki, projekty we wsp\u00f3\u0142pracy z otoczeniem spo\u0142eczno-gospodarczym.<\/strong><\/p>\n<p>Organizatorzy: Katarzyna Tomczyk (2 rok kultur medi\u00f3w studia magisterskie), Dawid Hornik (absolwent kulturoznawstwa, studi\u00f3w licencjackich i magisterskich oraz kultur medi\u00f3w, studi\u00f3w magisterskich), Wiktoria Szpak (1 rok kultur medi\u00f3w studi\u00f3w magisterskich, absolwentka kultur medi\u00f3w, studi\u00f3w licencjackich), Mateusz Hanke (1 rok kultur medi\u00f3w studi\u00f3w magisterskich, absolwent kultur medi\u00f3w studi\u00f3w licencjackich), Zofia Komendera (3 rok kultur medi\u00f3w studi\u00f3w licencjackich), Violetta Kowalska (2 rok kulturoznawstwa studi\u00f3w licencjackich), Mateusz Pieszka\u0142a (1 rok kultur medi\u00f3w studi\u00f3w licencjackich).<\/p>\n<p>Opiekun: dr Julia Legomska, prof. U\u015a.<\/p>\n<p><em>* W przerwie o 13.00 kontynuujemy rozmow\u0119 o dzia\u0142alno\u015bci studenckiej przy pizzy (Strefa studencka \u2013 segment C).<\/em><\/p>\n<\/div>\r\n                    <\/div>\r\n                <\/div>[\/vc_tta_section][vc_tta_section title=&#8221;7.05.2026 | czwartek&#8221; tab_id=&#8221;1777269511391-7652f803-5694&#8243;]\r\n                <div class=\"text-modules\">\r\n                    <div class=\"container\">\r\n                        \r\n                        <div class=\"text-modules__content\"><p><em>10.00-11.15 \/ C0.37<\/em><\/p>\n<p><span style=\"color: #024eaf; font-size: 14pt;\">O\u0142owiane Media<\/span><\/p>\n<p><strong>Spotkanie z Mart\u0105 Fox autork\u0105 \u201eMoja o\u0142owianko kl\u0119knij na kolanko\u201d.<\/strong><\/p>\n<p>Organizatorzy: Emil Kosior, Zuzanna Hajda, Anastasiia Smalchuk, Jan \u015anie\u017cek, kultury medi\u00f3w rok II studi\u00f3w licencjackich<\/p>\n<p>Opiekun: mgr Agata Hofelmajer-Ro\u015b<\/p>\n<hr \/>\n<p><em>17.15-18:45 \/ C0.37<\/em><\/p>\n<p><span style=\"color: #024eaf; font-size: 14pt;\">\u201ePowidoki\u201d \u2013 spotkanie z Tomaszem Libosk\u0105<\/span><\/p>\n<p><strong>Spotkanie z jednym z najciekawszych wsp\u00f3\u0142czesnych polskich fotograf\u00f3w.<\/strong><\/p>\n<p>Organizatorzy: Sandra Milewska, kulturoznawstwo, II rok studi\u00f3w uzupe\u0142niaj\u0105cych<\/p>\n<\/div>\r\n                    <\/div>\r\n                <\/div>[\/vc_tta_section][\/vc_tta_tabs][\/vc_column][\/vc_row][vc_row css=&#8221;.vc_custom_1777272687762{background-color: rgba(0,191,229,0.1) !important;*background-color: rgb(0,191,229) !important;}&#8221;][vc_column width=&#8221;1\/2&#8243;][vc_tta_tabs title_tag=&#8221;h1&#8243; section_title_tag=&#8221;h2&#8243; style=&#8221;flat&#8221; shape=&#8221;square&#8221; color=&#8221;white&#8221; active_section=&#8221;1&#8243;][vc_tta_section title=&#8221;6.05.2026 | \u015broda&#8221; tab_id=&#8221;1777270482607-b7cc4a51-c1ec&#8221;]\r\n                <div class=\"text-modules\">\r\n                    <div class=\"container\">\r\n                        \r\n                        <div class=\"text-modules__content\"><p><em>14.00-15.00 \/ Strefa studencka &#8211; segment C<\/em><\/p>\n<p><span style=\"font-size: 14pt; color: #024eaf;\">Fioletowy ptak<\/span><\/p>\n<p>Organizatorzy: Sara Widerska, Lataj\u0105cy Teatr Szybko<\/p>\n<p>Opiekun: dr hab. Dorota Fox, prof. U\u015a<\/p>\n<hr \/>\n<p><em>14.00-15.00 \/ Strefa studencka &#8211; segment C<\/em><\/p>\n<p><span style=\"font-size: 14pt; color: #024eaf;\">Oczywisto\u015b\u0107<\/span><\/p>\n<p>Organizator: Jakub Czajor, kulturoznawstwo, I rok studi\u00f3w licencjackich<\/p>\n<p>Opiekun: dr hab. Dorota Fox, prof. U\u015a<\/p>\n<\/div>\r\n                    <\/div>\r\n                <\/div>[\/vc_tta_section][vc_tta_section title=&#8221;7.05.2026 | czwartek&#8221; tab_id=&#8221;1777270482617-a86f0ef0-0c59&#8243;]\r\n                <div class=\"text-modules\">\r\n                    <div class=\"container\">\r\n                        \r\n                        <div class=\"text-modules__content\"><p><em>13.50-15.15 \/ C0.9<\/em><\/p>\n<p><span style=\"color: #024eaf; font-size: 14pt;\">To jest film<\/span><\/p>\n<p><strong>Film opowiada histori\u0119 dw\u00f3ch m\u0142odych tw\u00f3rc\u00f3w pr\u00f3buj\u0105cych zrealizowa\u0107 w\u0142asny projekt filmowy.<\/strong><\/p>\n<p>Organizatorzy: Adrian Kondek, Piotr Krawczyk, kulturoznawstwo, rok III studi\u00f3w licencjackich<\/p>\n<p>Opiekun: dr hab. Justyna Budzik<\/p>\n<p>\n<\/div>\r\n                    <\/div>\r\n                <\/div>[\/vc_tta_section][\/vc_tta_tabs][\/vc_column][vc_column width=&#8221;1\/2&#8243;][vc_empty_space height=&#8221;50px&#8221;]\r\n                <div class=\"text-modules\">\r\n                    <div class=\"container\">\r\n                        \r\n                        <div class=\"text-modules__content\"><p><img class=\"alignnone size-large wp-image-197015\" src=\"https:\/\/us.edu.pl\/wydzial\/wh\/wp-content\/uploads\/sites\/15\/Bez-kategorii\/3-2-1-819x1024.png\" alt=\"grafika promuj\u0105ca otwart\u0105 kultur\u0119 z zielonym logiem\" width=\"640\" height=\"800\" srcset=\"https:\/\/us.edu.pl\/wydzial\/wh\/wp-content\/uploads\/sites\/15\/Bez-kategorii\/3-2-1-819x1024.png 819w, https:\/\/us.edu.pl\/wydzial\/wh\/wp-content\/uploads\/sites\/15\/Bez-kategorii\/3-2-1-240x300.png 240w, https:\/\/us.edu.pl\/wydzial\/wh\/wp-content\/uploads\/sites\/15\/Bez-kategorii\/3-2-1-768x960.png 768w, https:\/\/us.edu.pl\/wydzial\/wh\/wp-content\/uploads\/sites\/15\/Bez-kategorii\/3-2-1-460x575.png 460w, https:\/\/us.edu.pl\/wydzial\/wh\/wp-content\/uploads\/sites\/15\/Bez-kategorii\/3-2-1.png 1080w\" sizes=\"(max-width: 640px) 100vw, 640px\" \/><\/p>\n<\/div>\r\n                    <\/div>\r\n                <\/div>[\/vc_column][\/vc_row][vc_row css=&#8221;.vc_custom_1777272697090{background-color: rgba(0,191,229,0.1) !important;*background-color: rgb(0,191,229) !important;}&#8221;][vc_column width=&#8221;1\/2&#8243;][vc_empty_space height=&#8221;50px&#8221;]\r\n                <div class=\"text-modules\">\r\n                    <div class=\"container\">\r\n                        \r\n                        <div class=\"text-modules__content\"><p><img class=\"alignnone wp-image-197019 size-large\" src=\"https:\/\/us.edu.pl\/wydzial\/wh\/wp-content\/uploads\/sites\/15\/Bez-kategorii\/7-2-1-819x1024.png\" alt=\"grafika promuj\u0105ca otwart\u0105 kultur\u0119 z zielonym logiem\" width=\"640\" height=\"800\" srcset=\"https:\/\/us.edu.pl\/wydzial\/wh\/wp-content\/uploads\/sites\/15\/Bez-kategorii\/7-2-1-819x1024.png 819w, https:\/\/us.edu.pl\/wydzial\/wh\/wp-content\/uploads\/sites\/15\/Bez-kategorii\/7-2-1-240x300.png 240w, https:\/\/us.edu.pl\/wydzial\/wh\/wp-content\/uploads\/sites\/15\/Bez-kategorii\/7-2-1-768x960.png 768w, https:\/\/us.edu.pl\/wydzial\/wh\/wp-content\/uploads\/sites\/15\/Bez-kategorii\/7-2-1-460x575.png 460w, https:\/\/us.edu.pl\/wydzial\/wh\/wp-content\/uploads\/sites\/15\/Bez-kategorii\/7-2-1.png 1080w\" sizes=\"(max-width: 640px) 100vw, 640px\" \/><\/p>\n<\/div>\r\n                    <\/div>\r\n                <\/div>[\/vc_column][vc_column width=&#8221;1\/2&#8243;][vc_tta_tabs title_tag=&#8221;h1&#8243; section_title_tag=&#8221;h2&#8243; style=&#8221;flat&#8221; shape=&#8221;square&#8221; color=&#8221;white&#8221; active_section=&#8221;1&#8243;][vc_tta_section title=&#8221;6.05.2026 | \u015broda&#8221; tab_id=&#8221;1777271112455-1cbb93ff-ab96&#8243;]\r\n                <div class=\"text-modules\">\r\n                    <div class=\"container\">\r\n                        \r\n                        <div class=\"text-modules__content\"><p>13.50-15.15 \/ C0.29<\/p>\n<p><span style=\"font-size: 14pt; color: #024eaf;\">Instagram vs Rzeczywisto\u015b\u0107: Iluzja perfekcji<\/span><\/p>\n<p><strong>Warsztaty i interaktywna instalacja wizualna, kt\u00f3ra demaskuje mechanizmy kreowania wyidealizowanego obrazu \u015bwiata w mediach spo\u0142eczno\u015bciowych.<\/strong><\/p>\n<p>Organizatorzy: Natalia Czernecka<strong>, <\/strong>\u00a0Karolina Kulosa, Nadia P\u0119czek, kultury medi\u00f3w rok 2 studi\u00f3w licencjackich<\/p>\n<\/div>\r\n                    <\/div>\r\n                <\/div>[\/vc_tta_section][vc_tta_section title=&#8221;7.05.2026 | czwartek&#8221; tab_id=&#8221;1777271112465-9a964acf-f017&#8243;]\r\n                <div class=\"text-modules\">\r\n                    <div class=\"container\">\r\n                        \r\n                        <div class=\"text-modules__content\"><p><em>13.00 \/ Hall g\u0142\u00f3wny, parter<\/em><\/p>\n<p><span style=\"color: #024eaf; font-size: 14pt;\">Kawa, ciasto i rozmowa o wystawie <em>Ludzka natura<\/em><\/span><\/p>\n<p><strong><em>Ludzka natura <\/em>to wystawa o tym, jak ludzie i ro\u015blinne cia\u0142a wsp\u00f3\u0142kszta\u0142tuj\u0105 wielk\u0105 histori\u0119 i ma\u0142\u0105 codzienno\u015b\u0107.<\/strong><\/p>\n<p>Organizatorzy <em>Ludzkiej natury<\/em>: Ko\u0142o Naukowe Teorii Kultury \u201eCultura\u201d; Kalina Kruszy\u0144ska, Kacper Havemeister, Kacper Szumia\u0142, Karolina Mateja, Szymon Wieloch \u2013\u00a0 kulturoznawstwo II oraz III rok studi\u00f3w licencjackich<\/p>\n<p>Opiekun: dr Kamila G\u0119sikowska<\/p>\n<p>\n<\/div>\r\n                    <\/div>\r\n                <\/div>[\/vc_tta_section][\/vc_tta_tabs][\/vc_column][\/vc_row][vc_row css=&#8221;.vc_custom_1777272706154{background-color: rgba(0,191,229,0.1) !important;*background-color: rgb(0,191,229) !important;}&#8221;][vc_column width=&#8221;1\/2&#8243;][vc_tta_tabs title_tag=&#8221;h1&#8243; section_title_tag=&#8221;h2&#8243; style=&#8221;flat&#8221; shape=&#8221;square&#8221; color=&#8221;white&#8221; active_section=&#8221;1&#8243;][vc_tta_section title=&#8221;6.05.2026 | \u015broda&#8221; tab_id=&#8221;1777271365147-a0bab55c-bcfb&#8221;]\r\n                <div class=\"text-modules\">\r\n                    <div class=\"container\">\r\n                        \r\n                        <div class=\"text-modules__content\"><p>13.50-15.15 \/ C0.29<\/p>\n<p><span style=\"font-size: 14pt; color: #024eaf;\">Instagram vs Rzeczywisto\u015b\u0107: Iluzja perfekcji<\/span><\/p>\n<p><strong>Warsztaty i interaktywna instalacja wizualna, kt\u00f3ra demaskuje mechanizmy kreowania wyidealizowanego obrazu \u015bwiata w mediach spo\u0142eczno\u015bciowych.<\/strong><\/p>\n<p>Organizatorzy: Natalia Czernecka<strong>, <\/strong>\u00a0Karolina Kulosa, Nadia P\u0119czek, kultury medi\u00f3w rok 2 studi\u00f3w licencjackich<\/p>\n<hr \/>\n<p><em>13.50-15.15 \/ C0.9<\/em><\/p>\n<p><span style=\"font-size: 14pt; color: #024eaf;\">Gadaj\u0105ce przedmioty<\/span><\/p>\n<p><strong>Rozmowa z autorkami dokumentu Gadaj\u0105ce g\u0142owy o \u015bcie\u017cce tworzenia filmu od koncepcji do wyzwa\u0144 produkcyjnych.<\/strong><\/p>\n<p>Organizatorzy: Klara Raczkowiak, Martyna Surowiec, Zuzanna Cieleszy\u0144ska, III rok kulturoznawstwa<\/p>\n<p>Opiekun: dr hab. Justyna Budzik<\/p>\n<\/div>\r\n                    <\/div>\r\n                <\/div>[\/vc_tta_section][vc_tta_section title=&#8221;7.05.2026 | czwartek&#8221; tab_id=&#8221;1777271365158-0a77e9af-d25f&#8221;]\r\n                <div class=\"text-modules\">\r\n                    <div class=\"container\">\r\n                        \r\n                        <div class=\"text-modules__content\"><p>11.40-13.00 \/\u00a0 C0.37<\/p>\n<p><span style=\"color: #024eaf; font-size: 14pt;\">TikTok Fashion Lab<\/span><\/p>\n<p><strong>Warsztat wprowadzi uczestnik\u00f3w w zagadnienia zwi\u0105zane z estetyk\u0105 medi\u00f3w spo\u0142eczno\u015bciowych, miksowaniem styl\u00f3w oraz funkcjonowaniem trend\u00f3w w kulturze cyfrowej.<\/strong><\/p>\n<p>Organizatorzy: Laura Wi\u015bniewska, Julia Korcz, Maciej Klimczak, Kultury Medi\u00f3w, II rok studi\u00f3w licencjackich<\/p>\n<p><em>WYDARZENIE NA ZAPISY. LINK POJAWI SI\u0118 JU\u017b WKR\u00d3TCE<\/em><\/p>\n<hr \/>\n<p>13.50-15.15 \/ C0.29<\/p>\n<p><span style=\"color: #024eaf; font-size: 14pt;\">Powstanie i upadek Imperium Galaktycznego. Micha\u0142 Chilimoniuk o ksi\u0105\u017cce Chrisa Kempshalla<\/span><\/p>\n<p><strong>Refleksja fanowska nad ksi\u0105\u017ck\u0105 w formie prezentacji i rozmowy.<\/strong><\/p>\n<p>Organizatorzy: Micha\u0142 Chilimoniuk, kulturoznawstwo<\/p>\n<\/div>\r\n                    <\/div>\r\n                <\/div>[\/vc_tta_section][\/vc_tta_tabs][\/vc_column][vc_column width=&#8221;1\/2&#8243;][vc_empty_space height=&#8221;50px&#8221;]\r\n                <div class=\"text-modules\">\r\n                    <div class=\"container\">\r\n                        \r\n                        <div class=\"text-modules__content\"><p><img class=\"alignnone size-large wp-image-197018\" src=\"https:\/\/us.edu.pl\/wydzial\/wh\/wp-content\/uploads\/sites\/15\/Bez-kategorii\/6-2-1-819x1024.png\" alt=\"grafika promuj\u0105ca otwart\u0105 kultur\u0119 z zielonym logiem\" width=\"640\" height=\"800\" srcset=\"https:\/\/us.edu.pl\/wydzial\/wh\/wp-content\/uploads\/sites\/15\/Bez-kategorii\/6-2-1-819x1024.png 819w, https:\/\/us.edu.pl\/wydzial\/wh\/wp-content\/uploads\/sites\/15\/Bez-kategorii\/6-2-1-240x300.png 240w, https:\/\/us.edu.pl\/wydzial\/wh\/wp-content\/uploads\/sites\/15\/Bez-kategorii\/6-2-1-768x960.png 768w, https:\/\/us.edu.pl\/wydzial\/wh\/wp-content\/uploads\/sites\/15\/Bez-kategorii\/6-2-1-460x575.png 460w, https:\/\/us.edu.pl\/wydzial\/wh\/wp-content\/uploads\/sites\/15\/Bez-kategorii\/6-2-1.png 1080w\" sizes=\"(max-width: 640px) 100vw, 640px\" \/><\/p>\n<\/div>\r\n                    <\/div>\r\n                <\/div>[\/vc_column][\/vc_row]<\/p>","protected":false},"excerpt":{"rendered":"<p>[vc_row css=&#8221;.vc_custom_1777272668577{background-color: rgba(0,191,229,0.1) !important;background-position: center !important;background-repeat: no-repeat !important;background-size: contain !important;*background-color: rgb(0,191,229) !important;}&#8221;][vc_column width=&#8221;1\/2&#8243;][vc_tta_tabs title_tag=&#8221;h1&#8243; section_title_tag=&#8221;h2&#8243; style=&#8221;flat&#8221; shape=&#8221;square&#8221; color=&#8221;white&#8221; active_section=&#8221;1&#8243;][vc_tta_section title=&#8221;6.05.2026 | \u015broda&#8221; tab_id=&#8221;1777268460251-c471f83d-3bee&#8221;][\/vc_tta_section][vc_tta_section title=&#8221;7.05.2026 | czwartek&#8221; tab_id=&#8221;1777268460257-9b2639f1-9051&#8243;][\/vc_tta_section][\/vc_tta_tabs][\/vc_column][vc_column width=&#8221;1\/2&#8243;][vc_empty_space height=&#8221;50px&#8221;][vc_empty_space height=&#8221;45px&#8221;][\/vc_column][\/vc_row][vc_row css=&#8221;.vc_custom_1777272677166{background-color: rgba(0,191,229,0.1) !important;*background-color: rgb(0,191,229) !important;}&#8221;][vc_column width=&#8221;1\/2&#8243;][vc_empty_space height=&#8221;50px&#8221;][\/vc_column][vc_column width=&#8221;1\/2&#8243;][vc_tta_tabs title_tag=&#8221;h1&#8243; section_title_tag=&#8221;h2&#8243; style=&#8221;flat&#8221; shape=&#8221;square&#8221; color=&#8221;white&#8221; active_section=&#8221;1&#8243;][vc_tta_section title=&#8221;6.05.2026 | \u015broda&#8221; tab_id=&#8221;1777269511383-c65a5ce0-0a8f&#8221;][\/vc_tta_section][vc_tta_section title=&#8221;7.05.2026 | czwartek&#8221; tab_id=&#8221;1777269511391-7652f803-5694&#8243;][\/vc_tta_section][\/vc_tta_tabs][\/vc_column][\/vc_row][vc_row css=&#8221;.vc_custom_1777272687762{background-color: rgba(0,191,229,0.1) !important;*background-color: [&#8230;]<\/p>\n<p><a class=\"btn btn-secondary understrap-read-more-link\" href=\"https:\/\/us.edu.pl\/wydzial\/wh\/event\/otwarta-kultura-2026-dni-kulturoznawstwa-i-kultur-mediow\/\">Read More&#8230;<\/a><\/p>\n","protected":false},"author":7254,"featured_media":0,"template":"","meta":{"_expiration-date-status":"","_expiration-date":0,"_expiration-date-type":"","_expiration-date-categories":[],"_expiration-date-options":[]},"acf":[],"_links":{"self":[{"href":"https:\/\/us.edu.pl\/wydzial\/wh\/wp-json\/wp\/v2\/event\/197049"}],"collection":[{"href":"https:\/\/us.edu.pl\/wydzial\/wh\/wp-json\/wp\/v2\/event"}],"about":[{"href":"https:\/\/us.edu.pl\/wydzial\/wh\/wp-json\/wp\/v2\/types\/event"}],"author":[{"embeddable":true,"href":"https:\/\/us.edu.pl\/wydzial\/wh\/wp-json\/wp\/v2\/users\/7254"}],"version-history":[{"count":10,"href":"https:\/\/us.edu.pl\/wydzial\/wh\/wp-json\/wp\/v2\/event\/197049\/revisions"}],"predecessor-version":[{"id":197133,"href":"https:\/\/us.edu.pl\/wydzial\/wh\/wp-json\/wp\/v2\/event\/197049\/revisions\/197133"}],"wp:attachment":[{"href":"https:\/\/us.edu.pl\/wydzial\/wh\/wp-json\/wp\/v2\/media?parent=197049"}],"curies":[{"name":"wp","href":"https:\/\/api.w.org\/{rel}","templated":true}]}}