{"id":198548,"date":"2026-09-03T12:09:31","date_gmt":"2026-09-03T10:09:31","guid":{"rendered":"https:\/\/us.edu.pl\/wydzial\/wh\/?post_type=event&#038;p=198548"},"modified":"2026-09-03T12:09:31","modified_gmt":"2026-09-03T10:09:31","slug":"miedzyuczelniana-inauguracja-roku-akademickiego-2026-2027","status":"publish","type":"event","link":"https:\/\/us.edu.pl\/wydzial\/wh\/event\/miedzyuczelniana-inauguracja-roku-akademickiego-2026-2027\/","title":{"rendered":"Mi\u0119dzyuczelniana Inauguracja Roku Akademickiego 2026\/2027"},"content":{"rendered":"<p>[vc_row][vc_column width=&#8221;2\/3&#8243;]\r\n                <div class=\"text-modules\">\r\n                    <div class=\"container\">\r\n                        \r\n                        <div class=\"text-modules__content\"><\/p>\n<div class=\"text-modules\">\n<div class=\"container\">\n<div class=\"text-modules__content\">\n<p>W tym roku ju\u017c po raz pi\u0105ty Katowice stan\u0105 si\u0119 centrum akademickiego \u017cycia podczas Mi\u0119dzyuczelnianej Inauguracji Roku Akademickiego! To wyj\u0105tkowe wydarzenie odb\u0119dzie si\u0119 w \u015brod\u0119 30 wrze\u015bnia 2026 r. o godz. 16:00 w siedzibie Narodowej Orkiestry Symfonicznej Polskiego Radia, a zostanie poprzedzone tradycyjnym przemarszem orszak\u00f3w rektorskich ulicami miasta.<\/p>\n<p>W programie wsp\u00f3lnego \u015bwi\u0119towania przez \u015bl\u0105skie uczelnie inauguracji roku akademickiego przewidziano szereg wyj\u0105tkowych atrakcji, kt\u00f3re \u0142\u0105cz\u0105 nauk\u0119, sztuk\u0119 i tradycj\u0119 akademick\u0105.<\/p>\n<p><strong>Mi\u0119dzy innymi:<\/strong><\/p>\n<ul>\n<li aria-level=\"1\">10:00 \u2013 inauguracja Miasteczka Naukowego<\/li>\n<li aria-level=\"1\">10:00-16:00 \u2013 Miasteczko Naukowe na Rynku w Katowicach:\n<ul>\n<li aria-level=\"1\">EduPromoDay \u2013 stoiska z naukowcami i naukowczyniami z regionu \u2013 interaktywne pokazy i eksperymenty zainspiruj\u0105 odwiedzaj\u0105cych to miejsce do odkrywania \u015bwiata nauki.<\/li>\n<li aria-level=\"1\">stoisko Polskiego Radia Katowice<\/li>\n<\/ul>\n<\/li>\n<li aria-level=\"1\">Na Rynku w Katowicach stanie <b>miasteczko naukowe<\/b> \u2013 zaplanowane<\/li>\n<li aria-level=\"1\">15:00 \u2013 wyst\u0119py artystyczne zespo\u0142\u00f3w akademickich, kt\u00f3re przybli\u017c\u0105 nam ducha \u015bl\u0105skiej kultury.<\/li>\n<li aria-level=\"1\">15:40 \u2013 uroczysty przemarsz orszak\u00f3w rektorskich z Rynku do siedziby NOSPR z opraw\u0105 muzyczn\u0105 \u201eOrkiestry D\u0119tej Katowice\u201d<\/li>\n<\/ul>\n<\/div>\n<\/div>\n<\/div>\n<div class=\"text-modules\">\n<div class=\"container\">\n<div class=\"text-modules__content\">\n<p><b>CZ\u0118\u015a\u0106 OFICJALNA <\/b>(sala koncertowa NOSPR, godz.16:00)<\/p>\n<ul>\n<li aria-level=\"1\">oficjalne otwarcie roku akademickiego 2026\/2027<\/li>\n<li aria-level=\"1\">immatrykulacja i \u015blubowanie doktorant\u00f3w<\/li>\n<li aria-level=\"1\">wyk\u0142ad inauguracyjny prof. Ewy Chojeckiej, pt: <i>Postindustrialna substancja jako kulturowe dziedzictwo regionu. Co wsp\u00f3lnego z histori\u0105 sztuki maj\u0105 wie\u017ca szybowa kopalni i maszyna parowa?<\/i><\/li>\n<\/ul>\n<p><b>Oprawa artystyczna cz\u0119\u015bci oficjalnej:<\/b><br \/>\nCieszy\u0144ska Orkiestra D\u0119ta Uniwersytetu \u015al\u0105skiego, Ch\u00f3r Uniwersytetu \u015al\u0105skiego \u201eHarmonia\u201d, \u201eNiemy\u201d Ch\u00f3r Uniwersytetu \u015al\u0105skiego, Akademicki Ch\u00f3r Politechniki \u015al\u0105skiej, Ch\u00f3r \u015al\u0105skiego Uniwersytetu Medycznego w Katowicach, Ch\u00f3r Uniwersytetu Ekonomicznego w Katowicach.<\/p>\n<p>Koncert Narodowej Orkiestry Symfonicznej Polskiego Radia<br \/>\ndyrygent \u2013 Maciej Tomasiewicz<\/p>\n<p>Program:<\/p>\n<ul>\n<li>F. Mendelssohn \u2013 uwertura do Snu nocy letniej<\/li>\n<li>G. Rossini \u2013 uwertura do opery Wilhelm Tell<\/li>\n<li>E. Grieg \u2013 Peer Gynt: Poranek, \u015amier\u0107 Azy, Taniec Anitry, Pie\u015b\u0144 Solvejgi, W grocie Kr\u00f3la G\u00f3r<\/li>\n<\/ul>\n<\/div>\n<\/div>\n<\/div>\n<div class=\"text-modules\">\n<div class=\"container\">\n<div class=\"text-modules__content\">\n<p><b>Informacje o sposobie rejestracji na wydarzenie b\u0119d\u0105 dost\u0119pne we wrze\u015bniu br.<\/b><\/p>\n<\/div>\n<\/div>\n<\/div>\n<div class=\"text-modules\">\n<div class=\"container\">\n<div class=\"text-modules__content\">\n<p><b>Organizatorzy:\u00a0<\/b><\/p>\n<ul>\n<li><b>Konsorcjum Akademickie \u2013 Katowice Miasto Nauki<\/b>\n<ul>\n<li>Uniwersytet \u015al\u0105ski w Katowicach<\/li>\n<li>Uniwersytet Ekonomiczny w Katowicach<\/li>\n<li>\u015al\u0105ski Uniwersytet Medyczny w Katowicach<\/li>\n<li>Politechnika \u015al\u0105ska<\/li>\n<li>Akademia Wychowania Fizycznego im. Jerzego Kukuczki w Katowicach<\/li>\n<li>Akademia Sztuk Pi\u0119knych w Katowicach<\/li>\n<li>Akademia Muzyczna im. K. Szymanowskiego w Katowicach<br \/>\n<b><\/b><\/li>\n<\/ul>\n<\/li>\n<li><b>Wojew\u00f3dztwo \u015al\u0105skie<br \/>\n<\/b><b><\/b><\/li>\n<li><b>Miasto Katowice<br \/>\n<\/b><b><\/b><\/li>\n<li><b>G\u00f3rno\u015bl\u0105sko-Zag\u0142\u0119biowska Metropolia<\/b><\/li>\n<\/ul>\n<\/div>\n<\/div>\n<\/div>\n<div class=\"text-modules\">\n<div class=\"container\">\n<div class=\"text-modules__content\">\n<p><b>Patronat Honorowy<\/b><\/p>\n<ul>\n<li>Minister Nauki Szkolnictwa Wy\u017cszego<\/li>\n<li>Minister Zdrowia<\/li>\n<li>Minister Sportu i Turystyki<\/li>\n<li>Minister Kultury i Dziedzictwa Narodowego<\/li>\n<li>Polska Akademia Nauk<\/li>\n<li>Krajowa Reprezentacja Doktorant\u00f3w<\/li>\n<li>Parlament Student\u00f3w RP<\/li>\n<li>Konferencja Rektor\u00f3w Uczelni Artystycznych<\/li>\n<li>Konferencja Rektor\u00f3w Akademickich Szk\u00f3\u0142 Polskich<\/li>\n<li>Konferencja Rektor\u00f3w Polskich Uczelni Technicznych<\/li>\n<li>Regionalna Konferencja Rektor\u00f3w Uczelni Akademickich<\/li>\n<li>Konferencja Rektor\u00f3w Uczelni Ekonomicznych<\/li>\n<li>Konferencja Rektor\u00f3w Uniwersytet\u00f3w Polskich<\/li>\n<li>Prezydent Sosnowca<\/li>\n<li>Prezydent Chorzowa<\/li>\n<li>Burmistrz Cieszyna<\/li>\n<li>Prezydent Rybnika<\/li>\n<li>Prezydent Gliwic<\/li>\n<li>Prezydent Bielska-Bia\u0142ej<\/li>\n<li>Prezydent Bytomia<\/li>\n<li>Prezydent Zabrza<\/li>\n<li>Narodowa Agencja Wymiany Akademickiej<\/li>\n<\/ul>\n<\/div>\n<\/div>\n<\/div>\n<div class=\"text-modules\">\n<div class=\"container\">\n<div class=\"text-modules__content\">\n<p><b>Patronat medialne:<\/b><\/p>\n<ul>\n<li>Dziennik Zachodni<\/li>\n<li>FORUM AKADEMICKIE<\/li>\n<li>Polskie Radio Katowice<\/li>\n<li>Radio Nowy \u015awiat<\/li>\n<li>TVP 3 Katowice<\/li>\n<li>TVP Info<\/li>\n<li>wKatowicach.eu<\/li>\n<\/ul>\n<\/div>\n<\/div>\n<\/div>\n<div class=\"text-modules\">\n<div class=\"container\">\n<div class=\"text-modules__content\">\n<p><b>Partner instytucjonalny<\/b><\/p>\n<p>Narodowa Orkiestra Symfoniczna Polskiego Radia w Katowicach<\/p>\n<\/div>\n<\/div>\n<\/div>\n<div class=\"text-modules\">\n<div class=\"container\">\n<div class=\"text-modules__content\">\n<p><b>Dost\u0119pno\u015b\u0107<\/b><\/p>\n<p>Budynek Narodowej Orkiestry Symfonicznej Polskiego Radia, w kt\u00f3rym odbywa si\u0119 Mi\u0119dzyuczelniana Inauguracja Roku Akademickiego, spe\u0142nia kryteria dost\u0119pno\u015bci. Szczeg\u00f3\u0142owe informacje na stronie <a href=\"https:\/\/nospr.org.pl\/pl\/deklaracja-dostepnosci\">NOSPR.<\/a><\/p>\n<p>&nbsp;<\/p>\n<\/div>\n<\/div>\n<\/div>\n<div class=\"text-modules\">\n<div class=\"container\">\n<div class=\"text-modules__content\">\n<p><img class=\"alignnone size-full wp-image-237105 entered lazyloaded\" src=\"https:\/\/us.edu.pl\/wp-content\/uploads\/Bez-kategorii\/Zrzut-ekranu-2025-07-04-122333.png\" alt=\"\" width=\"100%\" height=\"auto\" data-lazy-src=\"https:\/\/us.edu.pl\/wp-content\/uploads\/Bez-kategorii\/Zrzut-ekranu-2025-07-04-122333.png\" data-ll-status=\"loaded\" \/><\/p>\n<p>&nbsp;<\/p>\n<\/div>\n<\/div>\n<\/div>\n<div class=\"text-modules\">\n<div class=\"container\">\n<div class=\"text-modules__content\">\n<p>Wydarzenie uzyska\u0142o dofinansowanie ze \u015brodk\u00f3w bud\u017cetu Wojew\u00f3dztwa \u015al\u0105skiego.<\/p>\n<p>Klauzula informacyjna: <a class=\"mtli_attachment mtli_pdf mtli_attachment mtli_pdf mtli_attachment mtli_pdf\" href=\"https:\/\/us.edu.pl\/wp-content\/uploads\/pliki\/Klauzula_informacyjna_RODO_MIRA.pdf\" data-mtli=\"mtli_filesize192,40kB\">Klauzula_informacyjna_RODO_MIRA.pdf<\/a><\/p>\n<p>Sprawd\u017a r\u00f3wnie\u017c terminy inauguracji roku akademickiego na poszczeg\u00f3lnych wydzia\u0142ach Uniwersytetu \u015al\u0105skiego.<\/p>\n<\/div>\n<\/div>\n<\/div>\n<p>\n<\/div>\r\n                    <\/div>\r\n                <\/div>[\/vc_column][vc_column width=&#8221;1\/3&#8243;]\r\n                <div class=\"text-modules\">\r\n                    <div class=\"container\">\r\n                        \r\n                        <div class=\"text-modules__content\"><p><img class=\"alignnone size-full wp-image-198549\" src=\"https:\/\/us.edu.pl\/wydzial\/wh\/wp-content\/uploads\/sites\/15\/Bez-kategorii\/2026_US_MIRA_Grafiki-obrazek.png\" alt=\"\" width=\"800\" height=\"600\" srcset=\"https:\/\/us.edu.pl\/wydzial\/wh\/wp-content\/uploads\/sites\/15\/Bez-kategorii\/2026_US_MIRA_Grafiki-obrazek.png 800w, https:\/\/us.edu.pl\/wydzial\/wh\/wp-content\/uploads\/sites\/15\/Bez-kategorii\/2026_US_MIRA_Grafiki-obrazek-300x225.png 300w, https:\/\/us.edu.pl\/wydzial\/wh\/wp-content\/uploads\/sites\/15\/Bez-kategorii\/2026_US_MIRA_Grafiki-obrazek-768x576.png 768w, https:\/\/us.edu.pl\/wydzial\/wh\/wp-content\/uploads\/sites\/15\/Bez-kategorii\/2026_US_MIRA_Grafiki-obrazek-575x431.png 575w\" sizes=\"(max-width: 800px) 100vw, 800px\" \/><\/p>\n<\/div>\r\n                    <\/div>\r\n                <\/div>[\/vc_column][\/vc_row]<\/p>","protected":false},"excerpt":{"rendered":"<p>[vc_row][vc_column width=&#8221;2\/3&#8243;][\/vc_column][vc_column width=&#8221;1\/3&#8243;][\/vc_column][\/vc_row] [&#8230;]<\/p>\n<p><a class=\"btn btn-secondary understrap-read-more-link\" href=\"https:\/\/us.edu.pl\/wydzial\/wh\/event\/miedzyuczelniana-inauguracja-roku-akademickiego-2026-2027\/\">Read More&#8230;<\/a><\/p>\n","protected":false},"author":7254,"featured_media":0,"template":"","meta":{"_expiration-date-status":"","_expiration-date":0,"_expiration-date-type":"","_expiration-date-categories":[],"_expiration-date-options":[]},"acf":[],"_links":{"self":[{"href":"https:\/\/us.edu.pl\/wydzial\/wh\/wp-json\/wp\/v2\/event\/198548"}],"collection":[{"href":"https:\/\/us.edu.pl\/wydzial\/wh\/wp-json\/wp\/v2\/event"}],"about":[{"href":"https:\/\/us.edu.pl\/wydzial\/wh\/wp-json\/wp\/v2\/types\/event"}],"author":[{"embeddable":true,"href":"https:\/\/us.edu.pl\/wydzial\/wh\/wp-json\/wp\/v2\/users\/7254"}],"version-history":[{"count":1,"href":"https:\/\/us.edu.pl\/wydzial\/wh\/wp-json\/wp\/v2\/event\/198548\/revisions"}],"predecessor-version":[{"id":198550,"href":"https:\/\/us.edu.pl\/wydzial\/wh\/wp-json\/wp\/v2\/event\/198548\/revisions\/198550"}],"wp:attachment":[{"href":"https:\/\/us.edu.pl\/wydzial\/wh\/wp-json\/wp\/v2\/media?parent=198548"}],"curies":[{"name":"wp","href":"https:\/\/api.w.org\/{rel}","templated":true}]}}