{"id":6155,"date":"2020-11-17T10:50:31","date_gmt":"2020-11-17T09:50:31","guid":{"rendered":"https:\/\/us.edu.pl\/wydzial\/wh\/?post_type=event&#038;p=6155"},"modified":"2020-11-17T10:50:31","modified_gmt":"2020-11-17T09:50:31","slug":"ulisses-w-czasach-brexitu-literatura-i-kultura-irlandzka-wobec-rzeczywistosci-spoleczno-politycznej-konferencja","status":"publish","type":"event","link":"https:\/\/us.edu.pl\/wydzial\/wh\/event\/ulisses-w-czasach-brexitu-literatura-i-kultura-irlandzka-wobec-rzeczywistosci-spoleczno-politycznej-konferencja\/","title":{"rendered":"\u201eUlisses w czasach brexitu. Literatura i kultura irlandzka wobec rzeczywisto\u015bci spo\u0142eczno-politycznej\u201d \u2013 konferencja"},"content":{"rendered":"<p>[vc_row][vc_column width=&#8221;1\/2&#8243;]\r\n                <div class=\"text-modules\">\r\n                    <div class=\"container\">\r\n                        \r\n                        <div class=\"text-modules__content\"><p><strong>J\u0119zyk konferencji<\/strong>: polski, z wyj\u0105tkiem rozmowy z prof. Emilie Pine (angielski)<\/p>\n<p><strong>Miejsce<\/strong>: online (dla zarejestrowanych uczestnik\u00f3w bezpo\u015brednia transmisja z wydarze\u0144 konferencyjnych na Youtube, a dyskusje i rozmowy realizowane przy pomocy oprogramowania Zoom Video Webinars)<\/p>\n<p><strong>Organizator<\/strong>: Instytut Literaturoznawstwa U\u015a; Fundacja Kultury Irlandzkiej;\u00a0Polskie Towarzystwo Bada\u0144 Irlandystycznych<\/p>\n<p><strong>Patronat Konsula Honorowego Irlandii w Poznaniu<\/strong><\/p>\n<p><strong>Mecenas:<\/strong>\u00a0Santander<\/p>\n<p><strong>Opis<\/strong>: Instytut Literaturoznawstwa U\u015a jest wsp\u00f3\u0142organizatorem konferencji naukowej po\u0142\u0105czonej ze spotkaniem z t\u0142umaczami (m.in. z Maciejem \u015awierkockim, kt\u00f3ry opowie o swoim przek\u0142adzie\u00a0<em>Ulissesa<\/em>), autorami (m.in. z Emilie Pine, kt\u00f3ra opowie o swojej niedawno prze\u0142o\u017conej na polski ksi\u0105\u017cce\u00a0<em>O tym si\u0119 nie m\u00f3wi<\/em>), dzia\u0142aczami kulturalnymi oraz osobami aktywnie wspieraj\u0105cymi rozw\u00f3j\u00a0<em>Irish studies<\/em>\u00a0w Polsce. Chcemy porozmawia\u0107 o tym, co dzieje si\u0119 w polskiej irlandystyce, jak widzimy wsp\u00f3\u0142czesn\u0105 rzeczywisto\u015b\u0107 tekstow\u0105 i pozatekstow\u0105 w Irlandii,\u00a0a tak\u017ce jak (i czy w og\u00f3le) dyskursy kulturowe wp\u0142ywaj\u0105 na \u015bwiat polityki i kszta\u0142t stosunk\u00f3w spo\u0142ecznych w Dublinie i okolicach. Skupimy si\u0119 tak\u017ce na skutkach pandemii dla edukacji akademickiej i bada\u0144 naukowych w Polsce oraz w Irlandii. Chodzi o refleksj\u0119, kt\u00f3ra pozwoli nam skupi\u0107 uwag\u0119 na zwi\u0105zkach kultury z rzeczywisto\u015bci\u0105 \u2013 jako organizatorzy mamy nadziej\u0119, \u017ce nieco prowokacyjnie sformu\u0142owany tytu\u0142 b\u0119dzie stanowi\u0107 dobry punkt wyj\u015bcia do namys\u0142u nie tylko nad stanem wsp\u00f3\u0142czesnej literatury irlandzkiej, ale te\u017c nad wieloma innymi istotnymi kwestiami nurtuj\u0105cymi polskich badaczy zajmuj\u0105cych si\u0119 Irlandi\u0105.<\/p>\n<p><strong>Wi\u0119cej informacji: <\/strong><a class=\"mtli_attachment mtli_pdf mtli_attachment mtli_pdf mtli_attachment mtli_pdf\" href=\"http:\/\/pais.edu.pl\/resources\/konferencja_katowice2020.pdf\" data-mtli=\"mtli_filesize118,19kB\" data-mtli=\"mtli_filesize118,19kB\" rel=\"mtli_filesize899,30kB\">http:\/\/pais.edu.pl\/resources\/konferencja_katowice2020.pdf<\/a><\/p>\n<p>&nbsp;<\/p>\n<p>Wymagana\u00a0<strong>REJESTRACJA<\/strong>, prosimy o kontakt na:\u00a0<a href=\"mailto:ulisses.katowice2020@gmail.com\">ulisses.katowice2020@gmail.com<\/a><\/p>\n<style type=\"text\/css\">a[data-mtli~=\"mtli_filesize118,19kB\"]:after {content:\" (118,19 kB)\"}<\/style><\/div>\r\n                    <\/div>\r\n                <\/div>[\/vc_column][vc_column width=&#8221;1\/2&#8243;]\r\n                <div class=\"text-modules\">\r\n                    <div class=\"container\">\r\n                        \r\n                        <div class=\"text-modules__content\"><p><img class=\"alignnone wp-image-6156 size-large\" src=\"https:\/\/us.edu.pl\/wydzial\/wh\/wp-content\/uploads\/sites\/15\/Nieprzypisane\/Ulisses_program-724x1024.jpg\" alt=\"Plakat konferencji Ulisses w czasach brexitu\" width=\"640\" height=\"905\" srcset=\"https:\/\/us.edu.pl\/wydzial\/wh\/wp-content\/uploads\/sites\/15\/Nieprzypisane\/Ulisses_program-724x1024.jpg 724w, https:\/\/us.edu.pl\/wydzial\/wh\/wp-content\/uploads\/sites\/15\/Nieprzypisane\/Ulisses_program-212x300.jpg 212w, https:\/\/us.edu.pl\/wydzial\/wh\/wp-content\/uploads\/sites\/15\/Nieprzypisane\/Ulisses_program-768x1087.jpg 768w, https:\/\/us.edu.pl\/wydzial\/wh\/wp-content\/uploads\/sites\/15\/Nieprzypisane\/Ulisses_program-406x575.jpg 406w, https:\/\/us.edu.pl\/wydzial\/wh\/wp-content\/uploads\/sites\/15\/Nieprzypisane\/Ulisses_program.jpg 1190w\" sizes=\"(max-width: 640px) 100vw, 640px\" \/><\/p>\n<\/div>\r\n                    <\/div>\r\n                <\/div>[\/vc_column][\/vc_row][vc_row][vc_column]<div class=\"container\"><div class=\"separator\" style=\"background-color: #EBEBEB\"><\/div><\/div>[\/vc_column][\/vc_row][vc_row][vc_column width=&#8221;2\/3&#8243;]\r\n                <div class=\"text-modules\">\r\n                    <div class=\"container\">\r\n                        \r\n                        <div class=\"text-modules__content\"><p><strong>PROGRAM KONFERENCJI<\/strong><\/p>\n<p><strong>Pi\u0105tek \u2013 27 listopada<\/strong><\/p>\n<p><u>10:00<\/u>\u00a0\u2013\u00a0<strong>rozpocz\u0119cie konferencji, s\u0142owo wst\u0119pne:<\/strong>\u00a0Adam Dziadek (Dziekan Wydzia\u0142u Humanistycznego U\u015a), Artur Sikora (Konsul Honorowy Irlandii w Poznaniu), Justyna Mazurek-Schramm (Fundacja Kultury Irlandzkiej), Leszek Drong (Polskie Towarzystwo Bada\u0144 Irlandystycznych)<\/p>\n<p><u>10:30-11:30<\/u>\u00a0\u2013\u00a0<strong>Katarzyna Bazarnik rozmawia z Maciejem \u015awierkockim<\/strong>\u00a0\u2013 o najnowszym przek\u0142adzie\u00a0<em>Ulissesa<\/em>\u00a0i pracy t\u0142umacza literatury irlandzkiej<\/p>\n<p><u>12:00-13:00<\/u>\u00a0\u2013\u00a0<strong>Joanna Kruczkowska rozmawia z Emilie Pine<\/strong>\u00a0\u2013 o ksi\u0105\u017cce\u00a0<em>O tym si\u0119 nie m\u00f3wi<\/em>\u00a0oraz o irlandzkiej pami\u0119ci kulturowej<\/p>\n<p><u>15:00\u201316:00<\/u>\u00a0<strong>Sesja nr 1<\/strong><\/p>\n<p><strong>Liliana Sikorska<\/strong>: W Labiryncie Niepami\u0119ci: \u015bladami Charley\u2019a Graingera, bohatera\u00a0<em>The Cold Eye of Heaven<\/em>\u00a0Christine Dwyer Hickey<\/p>\n<p><strong>Joanna Kruczkowska<\/strong>: Dom i pami\u0119\u0107 po Tygrysie:\u00a0<em>Museum\u00a0<\/em>Pauli Meehan i Dragany Juri\u0161i\u0107<\/p>\n<p><strong>Katarzyna Gutkowska<\/strong>: Od istnienia sacrum (Joyce) do mrocznej ery znikni\u0119cia Boga (Beckett).\u00a0<em>Irish studies<\/em>\u00a0w prozie Enrique Vili-Matasa<\/p>\n<p><u>16:30-17:30<\/u>\u00a0\u2013\u00a0<strong>Leszek Drong rozmawia z Janem J\u0119drzejewskim<\/strong>\u00a0o kulturze, literaturze, kryzysie uniwersytetu, a tak\u017ce aktualnej sytuacji spo\u0142eczno-politycznej w Irlandii P\u00f3\u0142nocnej<\/p>\n<p>&nbsp;<\/p>\n<p><strong>Sobota \u2013 28 listopada<\/strong><\/p>\n<p><u>10:00-11:30<\/u>\u00a0<strong>Sesja nr 2<\/strong><\/p>\n<p><strong>Joanna Jarz\u0105b-Napiera\u0142a i Marta Fr\u0105tczak-D\u0105browska<\/strong>: Polskie spojrzenie na konflikt w Irlandii P\u00f3\u0142nocnej i jego spo\u0142ecznie skutki:\u00a0<em>Belfast.<\/em>\u00a0<em>99 \u015bcian pokoju<\/em>\u00a0Aleksandry \u0141ojek<\/p>\n<p><strong>Bo\u017cena Kuca\u0142a<\/strong>: Irlandczycy pod niebem Manchesteru \u2013 siedemna\u015bcie opowie\u015bci o migracji<\/p>\n<p><strong>Leszek Drong<\/strong>: Granice na kra\u0144cach Europy. Brexit, podzia\u0142y w Irlandii i powstania na G\u00f3rnym \u015al\u0105sku w tw\u00f3rczo\u015bci Glenna Pattersona<\/p>\n<p><strong>Joanna Jarz\u0105b-Napiera\u0142a i Marta Fr\u0105tczak-D\u0105browska<\/strong>: Spo\u0142eczno-kulturowe oblicza nie-pami\u0119tania o przesz\u0142o\u015bci na przyk\u0142adzie powie\u015bci\u00a0<em>Milkman<\/em>\u00a0Anny Burns<\/p>\n<p><u>12:00-14:00<\/u>\u00a0\u2013\u00a0<strong>panel dyskusyjny<\/strong>\u00a0\u2013 o nauczaniu\u00a0<em>Irish studies\u00a0<\/em>(prowadzi prof. Liliana Sikorska)<\/p>\n<p><u>15:00-16:00<\/u>\u00a0\u2013\u00a0<strong>Micha\u0142 Lachman rozmawia z Wawrzy\u0144cem Konarskim<\/strong>\u00a0\u2013 o historii IRA, jego ksi\u0105\u017cce\u00a0<em>Partyzanci,doktrynerzy, terrory\u015bci<\/em>\u00a0i spojrzeniu na polityk\u0119 oraz kultur\u0119 irlandzk\u0105 z polskiej perspektywy<\/p>\n<p><u>16:00<\/u>\u00a0\u2013\u00a0<strong>zako\u0144czenie konferencji, podzi\u0119kowanie<\/strong>\u00a0(Justyna Mazurek-Schramm, Katarzyna Bazarnik, Leszek Drong)<\/p>\n<\/div>\r\n                    <\/div>\r\n                <\/div>[\/vc_column][vc_column width=&#8221;1\/3&#8243;][\/vc_column][\/vc_row]<\/p>\n<style type=\"text\/css\">a[data-mtli~=\"mtli_filesize118,19kB\"]:after {content:\" (118,19 kB)\"}<\/style>","protected":false},"excerpt":{"rendered":"<p>[vc_row][vc_column width=&#8221;1\/2&#8243;][\/vc_column][vc_column width=&#8221;1\/2&#8243;][\/vc_column][\/vc_row][vc_row][vc_column][\/vc_column][\/vc_row][vc_row][vc_column width=&#8221;2\/3&#8243;][\/vc_column][vc_column width=&#8221;1\/3&#8243;][\/vc_column][\/vc_row] [&#8230;]<\/p>\n<p><a class=\"btn btn-secondary understrap-read-more-link\" href=\"https:\/\/us.edu.pl\/wydzial\/wh\/event\/ulisses-w-czasach-brexitu-literatura-i-kultura-irlandzka-wobec-rzeczywistosci-spoleczno-politycznej-konferencja\/\">Read More&#8230;<\/a><\/p>\n","protected":false},"author":1,"featured_media":0,"template":"","meta":{"_expiration-date-status":"saved","_expiration-date":0,"_expiration-date-type":"","_expiration-date-categories":[],"_expiration-date-options":[]},"acf":[],"_links":{"self":[{"href":"https:\/\/us.edu.pl\/wydzial\/wh\/wp-json\/wp\/v2\/event\/6155"}],"collection":[{"href":"https:\/\/us.edu.pl\/wydzial\/wh\/wp-json\/wp\/v2\/event"}],"about":[{"href":"https:\/\/us.edu.pl\/wydzial\/wh\/wp-json\/wp\/v2\/types\/event"}],"author":[{"embeddable":true,"href":"https:\/\/us.edu.pl\/wydzial\/wh\/wp-json\/wp\/v2\/users\/1"}],"version-history":[{"count":2,"href":"https:\/\/us.edu.pl\/wydzial\/wh\/wp-json\/wp\/v2\/event\/6155\/revisions"}],"predecessor-version":[{"id":6158,"href":"https:\/\/us.edu.pl\/wydzial\/wh\/wp-json\/wp\/v2\/event\/6155\/revisions\/6158"}],"wp:attachment":[{"href":"https:\/\/us.edu.pl\/wydzial\/wh\/wp-json\/wp\/v2\/media?parent=6155"}],"curies":[{"name":"wp","href":"https:\/\/api.w.org\/{rel}","templated":true}]}}