{"id":153,"date":"2019-10-02T15:49:45","date_gmt":"2019-10-02T13:49:45","guid":{"rendered":"https:\/\/us.edu.pl\/wydzial\/wh\/?page_id=153"},"modified":"2020-10-23T16:47:28","modified_gmt":"2020-10-23T14:47:28","slug":"dziekani-wydzialu-humanistycznego","status":"publish","type":"page","link":"https:\/\/us.edu.pl\/wydzial\/wh\/strona-glowna\/wydzial-dawniej-i-dzis\/historia-fakty-i-liczby\/dziekani-wydzialu-humanistycznego\/","title":{"rendered":"Dziekani Wydzia\u0142u Humanistycznego"},"content":{"rendered":"<p>[vc_row el_class=&#8221;container&#8221;][vc_column]\r\n                <div class=\"text-modules\">\r\n                    <div class=\"container\">\r\n                        <h3 class=\"page-title text__title\">Dziekani Wydzia\u0142u Humanistycznego<\/h3>\r\n                        <div class=\"text-modules__content\"><\/p>\n<ul>\n<li><strong>Prof.\u00a0W\u0142adys\u0142aw Luba\u015b<\/strong><\/li>\n<\/ul>\n<p style=\"padding-left: 40px\">1\u00a0wrze\u015bnia 1973 \u2013 31\u00a0sierpnia 1975<\/p>\n<ul>\n<li><strong>Prof.\u00a0Tadeusz Bujnicki<\/strong><\/li>\n<\/ul>\n<p style=\"padding-left: 40px\">1\u00a0wrze\u015bnia 1975 \u2013 31\u00a0maja 1977<\/p>\n<ul>\n<li><strong>Prof.\u00a0Witold Nawrocki<\/strong><\/li>\n<\/ul>\n<p style=\"padding-left: 40px\">1\u00a0czerwca 1977 \u2013 31\u00a0sierpnia 1978<\/p>\n<p style=\"padding-left: 40px\">1\u00a0wrze\u015bnia 1978 \u2013 31\u00a0maja 1980<\/p>\n<ul>\n<li><strong>Prof.\u00a0Aleksander Wilko\u0144<\/strong><\/li>\n<\/ul>\n<p style=\"padding-left: 40px\">1\u00a0czerwca 1980 \u2013 31\u00a0stycznia 1982<\/p>\n<ul>\n<li><strong>Prof.\u00a0Aleksander Ab\u0142amowicz<\/strong><\/li>\n<\/ul>\n<p style=\"padding-left: 40px\">1\u00a0lutego 1982 \u2013 31\u00a0sierpnia 1984<\/p>\n<ul>\n<li><strong>Prof.\u00a0W\u0142odzimierz W\u00f3jcik<\/strong><\/li>\n<\/ul>\n<p style=\"padding-left: 40px\">1\u00a0wrze\u015bnia 1984 \u2013 31\u00a0sierpnia 1987<\/p>\n<ul>\n<li><strong>Prof.\u00a0Jan Malicki<\/strong><\/li>\n<\/ul>\n<p style=\"padding-left: 40px\">1\u00a0wrze\u015bnia 1987 \u2013 30\u00a0listopada 1990<\/p>\n<ul>\n<li><strong>Prof.\u00a0Tadeusz Miczka<\/strong><\/li>\n<\/ul>\n<p style=\"padding-left: 40px\">1\u00a0grudnia 1990 \u2013 31\u00a0sierpnia 1993<\/p>\n<p style=\"padding-left: 40px\">1\u00a0wrze\u015bnia 1993 \u2013 31\u00a0sierpnia 1996<\/p>\n<ul>\n<li><strong>Prof.\u00a0Wies\u0142aw Bany\u015b<\/strong><\/li>\n<\/ul>\n<p style=\"padding-left: 40px\">1\u00a0wrze\u015bnia 1996 \u2013 31\u00a0sierpnia 1999<\/p>\n<p style=\"padding-left: 40px\">1\u00a0wrze\u015bnia 1999 \u2013 31\u00a0sierpnia 2002<\/p>\n<ul>\n<li><strong>Prof.\u00a0Piotr Wilczek<\/strong><\/li>\n<\/ul>\n<p style=\"padding-left: 40px\">1\u00a0wrze\u015bnia 2002 \u2013 31\u00a0sierpnia 2005<\/p>\n<p style=\"padding-left: 40px\">1\u00a0wrze\u015bnia 2005 \u2013 31\u00a0sierpnia 2008<\/p>\n<ul>\n<li><strong>Prof.\u00a0Rafa\u0142 Molencki<\/strong><\/li>\n<\/ul>\n<p style=\"padding-left: 40px\">1\u00a0wrze\u015bnia 2008 \u2013 31\u00a0sierpnia 2012<\/p>\n<p style=\"padding-left: 40px\">1\u00a0wrze\u015bnia 2012 \u2013 31\u00a0sierpnia 2016<\/p>\n<ul>\n<li><strong>Prof.\u00a0Krzysztof Jarosz<\/strong><\/li>\n<\/ul>\n<p style=\"padding-left: 40px\">1 wrze\u015bnia 2016 \u2013 14 wrze\u015bnia 2020<\/p>\n<p>\n<\/div>\r\n                    <\/div>\r\n                <\/div>[\/vc_column][\/vc_row]<\/p>","protected":false},"excerpt":{"rendered":"<p>[vc_row el_class=&#8221;container&#8221;][vc_column][\/vc_column][\/vc_row] [&#8230;]<\/p>\n<p><a class=\"btn btn-secondary understrap-read-more-link\" href=\"https:\/\/us.edu.pl\/wydzial\/wh\/strona-glowna\/wydzial-dawniej-i-dzis\/historia-fakty-i-liczby\/dziekani-wydzialu-humanistycznego\/\">Read More&#8230;<\/a><\/p>\n","protected":false},"author":1,"featured_media":0,"parent":143,"menu_order":0,"comment_status":"closed","ping_status":"closed","template":"","meta":{"_expiration-date-status":"saved","_expiration-date":0,"_expiration-date-type":"","_expiration-date-categories":[],"_expiration-date-options":[]},"acf":[],"_links":{"self":[{"href":"https:\/\/us.edu.pl\/wydzial\/wh\/wp-json\/wp\/v2\/pages\/153"}],"collection":[{"href":"https:\/\/us.edu.pl\/wydzial\/wh\/wp-json\/wp\/v2\/pages"}],"about":[{"href":"https:\/\/us.edu.pl\/wydzial\/wh\/wp-json\/wp\/v2\/types\/page"}],"author":[{"embeddable":true,"href":"https:\/\/us.edu.pl\/wydzial\/wh\/wp-json\/wp\/v2\/users\/1"}],"replies":[{"embeddable":true,"href":"https:\/\/us.edu.pl\/wydzial\/wh\/wp-json\/wp\/v2\/comments?post=153"}],"version-history":[{"count":6,"href":"https:\/\/us.edu.pl\/wydzial\/wh\/wp-json\/wp\/v2\/pages\/153\/revisions"}],"predecessor-version":[{"id":5500,"href":"https:\/\/us.edu.pl\/wydzial\/wh\/wp-json\/wp\/v2\/pages\/153\/revisions\/5500"}],"up":[{"embeddable":true,"href":"https:\/\/us.edu.pl\/wydzial\/wh\/wp-json\/wp\/v2\/pages\/143"}],"wp:attachment":[{"href":"https:\/\/us.edu.pl\/wydzial\/wh\/wp-json\/wp\/v2\/media?parent=153"}],"curies":[{"name":"wp","href":"https:\/\/api.w.org\/{rel}","templated":true}]}}