{"id":157737,"date":"2022-09-05T16:16:58","date_gmt":"2022-09-05T14:16:58","guid":{"rendered":"https:\/\/us.edu.pl\/wydzial\/wh\/?page_id=157737"},"modified":"2023-01-11T11:49:01","modified_gmt":"2023-01-11T10:49:01","slug":"instytut-literaturoznawstwa-zespoly-badawcze","status":"publish","type":"page","link":"https:\/\/us.edu.pl\/wydzial\/wh\/instytuty-naukowe\/instytut-literaturoznawstwa-zespoly-badawcze\/","title":{"rendered":"Instytut Literaturoznawstwa | zespo\u0142y badawcze"},"content":{"rendered":"<p>[vc_row el_class=&#8221;container&#8221;][vc_column]\r\n                <div class=\"text-modules\">\r\n                    <div class=\"container\">\r\n                        <h3 class=\"page-title text__title\">Instytut Literaturoznawstwa<\/h3>\r\n                        <div class=\"text-modules__content\"><\/div>\r\n                    <\/div>\r\n                <\/div>[\/vc_column][\/vc_row][vc_row el_class=&#8221;container&#8221;][vc_column width=&#8221;1\/3&#8243;]\r\n                <div class=\"text-modules\">\r\n                    <div class=\"container\">\r\n                        \r\n                        <div class=\"text-modules__content\"><\/p>\n<p style=\"text-align: left;\"><strong><small><span style=\"letter-spacing: 0.6mm; color: #333333; font-size: 14pt;\">NAJWA\u017bNIEJSZE TEMATY BADAWCZE W DYSCYPLINIE<\/span><\/small><\/strong><\/p>\n<p>\n<\/div>\r\n                    <\/div>\r\n                <\/div>[vc_empty_space height=&#8221;1px&#8221; css=&#8221;.vc_custom_1618905480050{background-color: #011535 !important;}&#8221;][vc_empty_space height=&#8221;8px&#8221;][vc_column_text css=&#8221;.vc_custom_1662446248166{padding-top: 20px !important;padding-right: 20px !important;padding-bottom: 20px !important;padding-left: 20px !important;background-color: #f2f2f2 !important;}&#8221;]<\/p>\n<div style=\"font-family: 'PT Sans';\">\n<ul>\n<li style=\"text-align: left;\"><span style=\"color: #000000;\"><strong><small><span style=\"font-size: 130%;\">Badania literatur obcych.<\/span><\/small><\/strong><\/span><\/li>\n<li style=\"text-align: left;\"><span style=\"color: #000000;\"><strong><small><span style=\"font-size: 130%;\">Badania literatury polskiej i klasycznej.<\/span><\/small><\/strong><\/span><\/li>\n<li style=\"text-align: left;\"><span style=\"color: #000000;\"><strong><small><span style=\"font-size: 130%;\">Ludzko-zwierz\u0119ce interakcje od staro\u017cytnos\u0301ci do \u015bredniowiecza.<\/span><\/small><\/strong><\/span><\/li>\n<li style=\"text-align: left;\"><span style=\"color: #000000;\"><strong><small><span style=\"font-size: 130%;\">Humanistyka wobec rewolucji przemys\u0142owej i antropocenu.<\/span><\/small><\/strong><\/span><\/li>\n<li style=\"text-align: left;\"><span style=\"color: #000000;\"><strong><small><span style=\"font-size: 130%;\">Badania literatur po\u0142udniowo- i zachodnios\u0142owia\u0144skich w j\u0119zykach oryginalnych oraz w przek\u0142adach.<\/span><\/small><\/strong><\/span><\/li>\n<li style=\"text-align: left;\"><span style=\"color: #000000;\"><strong><small><span style=\"font-size: 130%;\">Recepcja literatury niemieckoj\u0119zycznej w Polsce w XX i XXI wieku.<\/span><\/small><\/strong><\/span><\/li>\n<li style=\"text-align: left;\"><span style=\"color: #000000;\"><strong><small><span style=\"font-size: 130%;\">Dramat i teatr niemieckoj\u0119zyczny w \u015bwietle bada\u0144 nad mobilno\u015bci\u0105 kulturow\u0105.<\/span><\/small><\/strong><\/span><\/li>\n<li style=\"text-align: left;\"><span style=\"color: #000000;\"><strong><small><span style=\"font-size: 130%;\">Literatura niemieckoj\u0119zyczna na G\u00f3rnym \u015al\u0105sku. Pisarze \u2013 dzie\u0142a \u2013 recepcja.<\/span><\/small><\/strong><\/span><\/li>\n<li style=\"text-align: left;\"><span style=\"color: #000000;\"><strong><small><span style=\"font-size: 130%;\">Literaturoznawstwo i kulturoznawstwo slawistyczne.<\/span><\/small><\/strong><\/span><\/li>\n<\/ul>\n<\/div>\n<p>[\/vc_column_text][vc_empty_space height=&#8221;8px&#8221;][vc_btn title=&#8221;STRONA INSTYTUTU&#8221; style=&#8221;classic&#8221; shape=&#8221;square&#8221; color=&#8221;blue&#8221; size=&#8221;lg&#8221; align=&#8221;right&#8221; link=&#8221;url:https%3A%2F%2Fus.edu.pl%2Finstytut%2Fil&#8221; css=&#8221;.vc_custom_1662446276721{margin-top: 0px !important;margin-bottom: 30px !important;border-top-width: 0px !important;padding-top: 0px !important;}&#8221;][\/vc_column][vc_column width=&#8221;2\/3&#8243;]\r\n                <div class=\"text-modules\">\r\n                    <div class=\"container\">\r\n                        \r\n                        <div class=\"text-modules__content\"><p>W Instytucie Literaturoznawstwa prowadzone s\u0105 na najwy\u017cszym poziomie badania w tradycyjnych specjalno\u015bciach literaturoznawczych, szczeg\u00f3lnie: historia literatury polskiej i innych literatur europejskich (wsp\u00f3\u0142czesnych i dawnych), teoria literatury, metodologia bada\u0144 literackich, badania krytyki literackiej, sztuka interpretacji, komparatystyka, badania przek\u0142adu literackiego, badania nad retoryk\u0105, dydaktyka literatury, bibliologia i nauki pomocnicze, w tym badania podstawowe \u2013 edycje krytyczne. Dzia\u0142alno\u015b\u0107 naukowa Instytutu Literaturoznawstwa \u015bci\u015ble koresponduje ze wskazanymi w strategii Instytutu Literaturoznawstwa U\u015a na lata 2020-2025 obszarami badawczymi. Badania prowadzone s\u0105 w ramach trzech zespo\u0142\u00f3w badawczych, pracuj\u0105cych nad nast\u0119puj\u0105cymi tematami: badania literatur obcych, badania literatury polskiej i klasycznej, ludzko-zwierz\u0119ce interakcje od staro\u017cytno\u015bci do \u015bredniowiecza. Wielu badaczy realizuje badania w ramach krajowych i zagranicznych grant\u00f3w badawczych (m.in. w ramach Stypendium Fulbrighta, grant\u00f3w Horyzont 2020, NCN, NPRH), a efektem bada\u0144 s\u0105 publikacje nagradzane niejednokrotnie presti\u017cowymi nagrodami. Szczeg\u00f3\u0142owe informacje znajduj\u0105 si\u0119 na stronie internetowej Instytutu.<\/p>\n<hr \/>\n<p>\n<\/div>\r\n                    <\/div>\r\n                <\/div>[vc_row_inner][vc_column_inner width=&#8221;1\/2&#8243;]\r\n                <div class='sidebar_moduls sidebar_dropdown color-blue' style='background-color: #EBEBEB'>\r\n                    <h3><\/h3>\r\n                  \r\n                        <div id='sidebar_dropdown'>\r\n                          <div class='angle-list'>\r\n                            <div>\r\n                              <h5>\r\n                                <a class='dropdown_header_title' href=''>\r\n                                 w\u0142adze instytutu\r\n                                <\/a>\r\n                              <\/h5>\r\n                            <\/div>\r\n                        \r\n                            <div>\r\n                              <div class='sidebar__textarea'>\r\n                           \r\n                                 <div>\r\n                                    <p style=\"font-family: 'PT Sans'; font-size: 100%;\"><strong>Dyrektor Instytutu<\/strong><\/br>\n\nprof. dr hab. Dariusz Pawelec<\/br>\ne-mail:\u00a0<a href=\"mailto:dariusz.pawelec@us.edu.pl\">dariusz.pawelec@us.edu.pl<\/a><\/br>\n<\/br>\n<strong>Zast\u0119pca Dyrektora Instytutu (Katowice)<\/strong><\/br>\n\ndr hab. Magdalena B\u0105k, prof. U\u015a<\/br>\ne-mail:\u00a0<a href=\"mailto:magdalena.bak@us.edu.pl\">magdalena.bak@us.edu.pl<\/a><\/br>\n<\/br>\n<strong>Zast\u0119pca Dyrektora Instytutu (Sosnowiec)<\/strong><\/br>\n\ndr hab. Joanna Warmuzi\u0144ska-Rog\u00f3\u017c, prof. U\u015a<\/br>\ne-mail:\u00a0<a href=\"mailto:joanna.warmuzinska-rogoz@us.edu.pl\">joanna.warmuzinska-rogoz@us.edu.pl<\/a><\/br>\n<\/p>\r\n                                 <\/div>\r\n                                  \r\n                              <\/div>\r\n                            <\/div>\r\n                          <\/div><!--.card-->\r\n                        <\/div><!--#dslide_ropdown-->\r\n                \r\n            <\/div> <!--.sidebar_moduls-->\r\n            [\/vc_column_inner][vc_column_inner width=&#8221;1\/2&#8243;]\r\n                <div class='sidebar_moduls sidebar_dropdown color-blue' style='background-color: #EBEBEB'>\r\n                    <h3><\/h3>\r\n                  \r\n                        <div id='sidebar_dropdown'>\r\n                          <div class='angle-list'>\r\n                            <div>\r\n                              <h5>\r\n                                <a class='dropdown_header_title' href=''>\r\n                                 kontakt\r\n                                <\/a>\r\n                              <\/h5>\r\n                            <\/div>\r\n                        \r\n                            <div>\r\n                              <div class='sidebar__textarea'>\r\n                           \r\n                                 <div>\r\n                                    <p style=\"font-family: 'PT Sans'; font-size: 100%;\">e-mail:\u00a0<a href=\"mailto:il.wh@us.edu.pl\">il.wh@us.edu.pl<\/a>\n<\/br>\nUniwersytecka 4<\/br>\n40-007 Katowice (pok\u00f3j A6.18)<\/br>\ntel.: +48 32 2009 409<\/br>\n<\/br>\nGrota-Roweckiego 5<\/br>\n41-200 Sosnowiec (pok\u00f3j 4.23)<\/br>\ntel.: +48 32 364 08 99<\/br><\/p>\r\n                                 <\/div>\r\n                                  \r\n                              <\/div>\r\n                            <\/div>\r\n                          <\/div><!--.card-->\r\n                        <\/div><!--#dslide_ropdown-->\r\n                \r\n            <\/div> <!--.sidebar_moduls-->\r\n            [\/vc_column_inner][\/vc_row_inner][\/vc_column][\/vc_row][vc_row][vc_column]<div class=\"container\"><div class=\"separator\" style=\"background-color: #EBEBEB\"><\/div><\/div>[\/vc_column][\/vc_row][vc_row el_class=&#8221;container&#8221;][vc_column]\r\n                <div class=\"text-modules\">\r\n                    <div class=\"container\">\r\n                        <h3 class=\"page-title text__title\">zespo\u0142y badawcze<\/h3>\r\n                        <div class=\"text-modules__content\"><\/div>\r\n                    <\/div>\r\n                <\/div>[vc_empty_space height=&#8221;16px&#8221;][\/vc_column][\/vc_row][vc_row content_placement=&#8221;top&#8221; el_class=&#8221;container linki&#8221;][vc_column width=&#8221;1\/3&#8243; el_class=&#8221;shadow&#8221;][vc_empty_space height=&#8221;16px&#8221;]\r\n                <div class=\"text-modules\">\r\n                    <div class=\"container\">\r\n                        \r\n                        <div class=\"text-modules__content\"><\/p>\n<p style=\"font-size: small;\">liderka zespo\u0142u badawczego<\/p>\n<h4><strong>dr hab. Joanna Warmuzi\u0144ska-Rog\u00f3\u017c, prof. U\u015a<\/strong><\/h4>\n<p style=\"font-size: 90%;\">kontakt: <a href=\"mailto:joanna.warmuzinska-rogoz@us.edu.pl\">joanna.warmuzinska-rogoz@us.edu.pl<\/a><\/p>\n<p><strong>temat zadania badawczego<br \/>\n<\/strong>Badania literatur obcych.<\/p>\n<hr \/>\n<p><span style=\"color: #333333; font-size: small;\">s\u0142owa kluczowe: <em>teoria literatury; historia literatury; komparatystyka literacka; dydaktyka literatury; nowa humanistyka<\/em><\/span><\/p>\n<\/div>\r\n                    <\/div>\r\n                <\/div>[\/vc_column][vc_column width=&#8221;1\/3&#8243; el_class=&#8221;shadow&#8221;][vc_empty_space height=&#8221;16px&#8221;]\r\n                <div class=\"text-modules\">\r\n                    <div class=\"container\">\r\n                        \r\n                        <div class=\"text-modules__content\"><\/p>\n<p style=\"font-size: small;\">liderka zespo\u0142u badawczego<\/p>\n<h4><strong>dr hab. Magdalena B\u0105k, prof. U\u015a<\/strong><\/h4>\n<p style=\"font-size: 90%;\">kontakt: <a href=\"mailto:magdalena.bak@us.edu.pl\">magdalena.bak@us.edu.pl<\/a><\/p>\n<p><strong>temat zadania badawczego<br \/>\n<\/strong>Badania literatury polskiej i klasycznej.<\/p>\n<hr \/>\n<p><span style=\"color: #333333; font-size: small;\">s\u0142owa kluczowe: <em>teoria literatury; historia literatury; komparatystyka literacka; dydaktyka literatury; nowa humanistyka<\/em><\/span><\/p>\n<\/div>\r\n                    <\/div>\r\n                <\/div>[\/vc_column][vc_column width=&#8221;1\/3&#8243; el_class=&#8221;shadow&#8221;][vc_empty_space height=&#8221;16px&#8221;]\r\n                <div class=\"text-modules\">\r\n                    <div class=\"container\">\r\n                        \r\n                        <div class=\"text-modules__content\"><\/p>\n<p style=\"font-size: small;\">lider zespo\u0142u badawczego<\/p>\n<h4><strong>prof. dr hab. Przemys\u0142aw Marciniak<\/strong><\/h4>\n<p style=\"font-size: 90%;\">kontakt: <a href=\"mailto:przemyslaw.marciniak@us.edu.pl\">przemyslaw.marciniak@us.edu.pl<\/a><\/p>\n<p><strong>temat zadania badawczego<br \/>\n<\/strong>Ludzko-zwierze\u0328ce interakcje od staroz\u0307ytnos\u0301ci do s\u0301redniowiecza.<\/p>\n<hr \/>\n<p><span style=\"color: #333333; font-size: small;\">s\u0142owa kluczowe: <em>literatura bizanty\u0144ska, entomologia kulturowa, ethnomentomologia, studia nad zwierz\u0119tami<\/em><\/span><\/p>\n<\/div>\r\n                    <\/div>\r\n                <\/div>[\/vc_column][\/vc_row][vc_row][vc_column][vc_empty_space height=&#8221;10px&#8221;][\/vc_column][\/vc_row][vc_row content_placement=&#8221;top&#8221; el_class=&#8221;container linki&#8221;][vc_column width=&#8221;1\/3&#8243; el_class=&#8221;shadow&#8221;][vc_empty_space height=&#8221;16px&#8221;]\r\n                <div class=\"text-modules\">\r\n                    <div class=\"container\">\r\n                        \r\n                        <div class=\"text-modules__content\"><\/p>\n<p style=\"font-size: small;\">lider zespo\u0142u badawczego<\/p>\n<h4><strong>dr hab. Pawe\u0142 Tomczok, prof. U\u015a<\/strong><\/h4>\n<p style=\"font-size: 90%;\">kontakt: <a href=\"mailto:pawel.tomczok@us.edu.pl\">pawel.tomczok@us.edu.pl<\/a><\/p>\n<p><strong>temat zadania badawczego<br \/>\n<\/strong>Humanistyka wobec rewolucji przemys\u0142owej i antropocenu.<\/p>\n<hr \/>\n<p><span style=\"color: #333333; font-size: small;\">s\u0142owa kluczowe: <em>Akwafilologia, Humanistyka wobec rewolucji przemys\u0142owej, Humanistyka wobec antropocenu, Narratologia ekologiczna i ekonomiczna<\/em><\/span><\/p>\n<\/div>\r\n                    <\/div>\r\n                <\/div>[\/vc_column][vc_column width=&#8221;1\/3&#8243; el_class=&#8221;shadow&#8221;][vc_empty_space height=&#8221;16px&#8221;]\r\n                <div class=\"text-modules\">\r\n                    <div class=\"container\">\r\n                        \r\n                        <div class=\"text-modules__content\"><\/p>\n<p style=\"font-size: small;\">lider zespo\u0142u badawczego<\/p>\n<h4><strong>dr hab. Leszek Ma\u0142czak, prof. U\u015a<\/strong><\/h4>\n<p style=\"font-size: 90%;\">kontakt: <a href=\"mailto:leszek.malczak@us.edu.pl\">leszek.malczak@us.edu.pl<\/a><\/p>\n<p><strong>temat zadania badawczego<br \/>\n<\/strong>Badania literatur po\u0142udniowo- i zachodnios\u0142owia\u0144skich w j\u0119zykach oryginalnych oraz w przek\u0142adach.<\/p>\n<hr \/>\n<p><span style=\"color: #333333; font-size: small;\">s\u0142owa kluczowe: <em>literatury po\u0142udniowo- i zachodnios\u0142owia\u0144skie, przek\u0142ad literacki, recepcja, poetyka przek\u0142adu, teoria, historia i krytyka przek\u0142adu<\/em><\/span><\/p>\n<\/div>\r\n                    <\/div>\r\n                <\/div>[\/vc_column][vc_column width=&#8221;1\/3&#8243; el_class=&#8221;shadow&#8221;][vc_empty_space height=&#8221;16px&#8221;]\r\n                <div class=\"text-modules\">\r\n                    <div class=\"container\">\r\n                        \r\n                        <div class=\"text-modules__content\"><\/p>\n<p style=\"font-size: small;\">lider zespo\u0142u badawczego<\/p>\n<h4><strong>dr hab. Micha\u0142 Skop, prof. U\u015a<\/strong><\/h4>\n<p style=\"font-size: 90%;\">kontakt: <a href=\"mailto:michal.skop@us.edu.pl\">michal.skop@us.edu.pl<\/a><\/p>\n<p><strong>temat zadania badawczego<br \/>\n<\/strong>Recepcja literatury niemieckoj\u0119zycznej w Polsce w XX i XXI wieku.<\/p>\n<hr \/>\n<p><span style=\"color: #333333; font-size: small;\">s\u0142owa kluczowe: <em>literatura niemieckoj\u0119zyczna, recepcja w Polsce, popularyzacja, przek\u0142ad<\/em><\/span><\/p>\n<\/div>\r\n                    <\/div>\r\n                <\/div>[\/vc_column][\/vc_row][vc_row][vc_column][vc_empty_space height=&#8221;10px&#8221;][\/vc_column][\/vc_row][vc_row content_placement=&#8221;top&#8221; el_class=&#8221;container linki&#8221;][vc_column width=&#8221;1\/3&#8243; el_class=&#8221;shadow&#8221;][vc_empty_space height=&#8221;16px&#8221;]\r\n                <div class=\"text-modules\">\r\n                    <div class=\"container\">\r\n                        \r\n                        <div class=\"text-modules__content\"><\/p>\n<p style=\"font-size: small;\">lider zespo\u0142u badawczego<\/p>\n<h4><strong>dr hab. Zbigniew Feliszewski, prof. U\u015a<\/strong><\/h4>\n<p style=\"font-size: 90%;\">kontakt: <a href=\"mailto:zbigniew.feliszewski@us.edu.pl\">zbigniew.feliszewski@us.edu.pl<\/a><\/p>\n<p><strong>temat zadania badawczego<br \/>\n<\/strong>Dramat i teatr niemieckoj\u0119zyczny w \u015bwietle bada\u0144 nad mobilno\u015bci\u0105 kulturow\u0105.<\/p>\n<hr \/>\n<p><span style=\"color: #333333; font-size: small;\">s\u0142owa kluczowe: <em>teatr i dramat niemieckoj\u0119zyczny, mobilno\u015b\u0107 kulturowa, transfer kultury<\/em><\/span><\/p>\n<\/div>\r\n                    <\/div>\r\n                <\/div>[\/vc_column][vc_column width=&#8221;1\/3&#8243; el_class=&#8221;shadow&#8221;][vc_empty_space height=&#8221;16px&#8221;]\r\n                <div class=\"text-modules\">\r\n                    <div class=\"container\">\r\n                        \r\n                        <div class=\"text-modules__content\"><\/p>\n<p style=\"font-size: small;\">liderka zespo\u0142u badawczego<\/p>\n<h4><strong>dr hab. Renata Dampc-Jarosz, prof. U\u015a<\/strong><\/h4>\n<p style=\"font-size: 90%;\">kontakt: <a href=\"mailto:renata.dampc-jarosz@us.edu.pl\">renata.dampc-jarosz@us.edu.pl<\/a><\/p>\n<p><strong>temat zadania badawczego<br \/>\n<\/strong>Literatura niemieckoj\u0119zyczna na G\u00f3rnym \u015al\u0105sku. Pisarze \u2013 dzie\u0142a \u2013 recepcja<\/p>\n<hr \/>\n<p><span style=\"color: #333333; font-size: small;\">s\u0142owa kluczowe: <em>niemieckoj\u0119zyczni pisarze G\u00f3rnego \u015al\u0105ska, literatura regionalna, kultury pami\u0119ci, polsko-niemiecka przestrze\u0144 kulturowa<\/em><\/span><\/p>\n<\/div>\r\n                    <\/div>\r\n                <\/div>[\/vc_column][vc_column width=&#8221;1\/3&#8243;][\/vc_column][\/vc_row][vc_row el_class=&#8221;container&#8221;][vc_column][vc_empty_space]<div class=\"container\"><div class=\"separator\" style=\"background-color: #002E5A\"><\/div><\/div>[vc_empty_space]\r\n                <div class=\"text-modules\">\r\n                    <div class=\"container\">\r\n                        <h3 class=\"page-title text__title\">badacze indywidualni<\/h3>\r\n                        <div class=\"text-modules__content\"><\/div>\r\n                    <\/div>\r\n                <\/div>[vc_empty_space height=&#8221;16px&#8221;][\/vc_column][\/vc_row][vc_row][vc_column][vc_empty_space height=&#8221;10px&#8221;][\/vc_column][\/vc_row][vc_row content_placement=&#8221;top&#8221; el_class=&#8221;container linki&#8221;][vc_column width=&#8221;1\/3&#8243; el_class=&#8221;shadow&#8221;][vc_empty_space height=&#8221;16px&#8221;]\r\n                <div class=\"text-modules\">\r\n                    <div class=\"container\">\r\n                        \r\n                        <div class=\"text-modules__content\"><\/p>\n<h4><strong>prof. dr hab. Lech Miody\u0144ski<\/strong><\/h4>\n<p style=\"font-size: 90%;\">kontakt: <a href=\"mailto:lech.miodynski@us.edu.pl\">lech.miodynski@us.edu.pl<\/a><\/p>\n<p><strong>temat zadania badawczego<br \/>\n<\/strong>Literaturoznawstwo i kulturoznawstwo slawistyczne<\/p>\n<hr \/>\n<p><span style=\"color: #333333; font-size: small;\">s\u0142owa kluczowe: <em>literaturoznawstwo i kulturoznawstwo slawistyczne, historia slawistyki<\/em><\/span><\/p>\n<\/div>\r\n                    <\/div>\r\n                <\/div>[\/vc_column][vc_column width=&#8221;1\/3&#8243;][\/vc_column][vc_column width=&#8221;1\/3&#8243;][\/vc_column][\/vc_row][vc_row][vc_column][vc_empty_space height=&#8221;10px&#8221;][\/vc_column][\/vc_row]<\/p>","protected":false},"excerpt":{"rendered":"<p>[vc_row el_class=&#8221;container&#8221;][vc_column][\/vc_column][\/vc_row][vc_row el_class=&#8221;container&#8221;][vc_column width=&#8221;1\/3&#8243;][vc_empty_space height=&#8221;1px&#8221; css=&#8221;.vc_custom_1618905480050{background-color: #011535 !important;}&#8221;][vc_empty_space height=&#8221;8px&#8221;][vc_column_text css=&#8221;.vc_custom_1662446248166{padding-top: 20px !important;padding-right: 20px !important;padding-bottom: 20px !important;padding-left: 20px !important;background-color: #f2f2f2 !important;}&#8221;] Badania literatur obcych. Badania literatury polskiej i klasycznej. Ludzko-zwierz\u0119ce interakcje od staro\u017cytnos\u0301ci do \u015bredniowiecza. Humanistyka wobec rewolucji przemys\u0142owej i antropocenu. Badania literatur po\u0142udniowo- i zachodnios\u0142owia\u0144skich w j\u0119zykach oryginalnych oraz w przek\u0142adach. Recepcja literatury niemieckoj\u0119zycznej w [&#8230;]<\/p>\n<p><a class=\"btn btn-secondary understrap-read-more-link\" href=\"https:\/\/us.edu.pl\/wydzial\/wh\/instytuty-naukowe\/instytut-literaturoznawstwa-zespoly-badawcze\/\">Read More&#8230;<\/a><\/p>\n","protected":false},"author":33,"featured_media":0,"parent":157679,"menu_order":0,"comment_status":"closed","ping_status":"closed","template":"","meta":{"_expiration-date-status":"","_expiration-date":0,"_expiration-date-type":"","_expiration-date-categories":[],"_expiration-date-options":[]},"acf":[],"_links":{"self":[{"href":"https:\/\/us.edu.pl\/wydzial\/wh\/wp-json\/wp\/v2\/pages\/157737"}],"collection":[{"href":"https:\/\/us.edu.pl\/wydzial\/wh\/wp-json\/wp\/v2\/pages"}],"about":[{"href":"https:\/\/us.edu.pl\/wydzial\/wh\/wp-json\/wp\/v2\/types\/page"}],"author":[{"embeddable":true,"href":"https:\/\/us.edu.pl\/wydzial\/wh\/wp-json\/wp\/v2\/users\/33"}],"replies":[{"embeddable":true,"href":"https:\/\/us.edu.pl\/wydzial\/wh\/wp-json\/wp\/v2\/comments?post=157737"}],"version-history":[{"count":8,"href":"https:\/\/us.edu.pl\/wydzial\/wh\/wp-json\/wp\/v2\/pages\/157737\/revisions"}],"predecessor-version":[{"id":161373,"href":"https:\/\/us.edu.pl\/wydzial\/wh\/wp-json\/wp\/v2\/pages\/157737\/revisions\/161373"}],"up":[{"embeddable":true,"href":"https:\/\/us.edu.pl\/wydzial\/wh\/wp-json\/wp\/v2\/pages\/157679"}],"wp:attachment":[{"href":"https:\/\/us.edu.pl\/wydzial\/wh\/wp-json\/wp\/v2\/media?parent=157737"}],"curies":[{"name":"wp","href":"https:\/\/api.w.org\/{rel}","templated":true}]}}