{"id":169505,"date":"2023-12-12T12:54:40","date_gmt":"2023-12-12T11:54:40","guid":{"rendered":"https:\/\/us.edu.pl\/wydzial\/wh\/?page_id=169505"},"modified":"2026-09-03T12:47:09","modified_gmt":"2026-09-03T10:47:09","slug":"doradztwo-filozoficzne-i-coaching","status":"publish","type":"page","link":"https:\/\/us.edu.pl\/wydzial\/wh\/kierunki-studiow\/doradztwo-filozoficzne-i-coaching\/","title":{"rendered":"Doradztwo filozoficzne i coaching"},"content":{"rendered":"<p>[vc_row el_class=&#8221;container&#8221;][vc_column width=&#8221;2\/3&#8243;][vc_custom_heading text=&#8221;Doradztwo filozoficzne i coaching&#8221; font_container=&#8221;tag:h2|text_align:left|color:%23002e5a&#8221; use_theme_fonts=&#8221;yes&#8221;][vc_separator color=&#8221;custom&#8221; border_width=&#8221;2&#8243; accent_color=&#8221;#002e5a&#8221;][vc_tta_accordion style=&#8221;modern&#8221; shape=&#8221;square&#8221; spacing=&#8221;1&#8243; gap=&#8221;1&#8243; active_section=&#8221;666&#8243; collapsible_all=&#8221;true&#8221;][vc_tta_section title=&#8221;Rejestracja na zaj\u0119cia &#8211; semestr letni 2025\/2026&#8243; tab_id=&#8221;1689339900986-9a0e6f71-9802&#8243;]\r\n                <div class=\"text-modules\">\r\n                    <div class=\"container\">\r\n                        \r\n                        <div class=\"text-modules__content\"><p>Szanowni Pa\u0144stwo,<\/p>\n<p><span style=\"color: #ff0000;\"><strong>rejestracje na zaj\u0119cia w semestrze letnim rozpoczn\u0105 si\u0119 3 lutego br. od godz. 18.00.<\/strong><\/span><\/p>\n<p>W sprawach rejestracji na zaj\u0119cia prosimy o kontakt z <strong>Pani\u0105 Barbar\u0105 Staro\u0144<\/strong> (<a href=\"mailto:barbara.staron@us.edu.pl\">barbara.staron@us.edu.pl<\/a>) lub <strong>Pani\u0105 Ann\u0105 Musia\u0142<\/strong> (<a href=\"mailto:anna.musial@us.edu.pl\">anna.musial@us.edu.pl<\/a>).<\/p>\n<p><a href=\"https:\/\/us.edu.pl\/wydzial\/wh\/wp-content\/uploads\/sites\/15\/Bez-kategorii\/Harmonogram-rejestracji-2025-26-semestr-LETNI-29.01.2026.pdf\" class=\"mtli_attachment mtli_pdf\" data-mtli=\"mtli_filesize145,71kB\" class=\"mtli_attachment mtli_pdf\" data-mtli=\"mtli_filesize145,71kB\">Harmonogram rejestracji<\/a><\/p>\n<style type=\"text\/css\">a[data-mtli~=\"mtli_filesize145,71kB\"]:after {content:\" (145,71 kB)\"}<\/style><\/div>\r\n                    <\/div>\r\n                <\/div>[\/vc_tta_section][vc_tta_section title=&#8221;Dy\u017cury pracownik\u00f3w&#8221; tab_id=&#8221;1689339926916-2f029354-bf61&#8243;]\r\n                <div class=\"text-modules\">\r\n                    <div class=\"container\">\r\n                        \r\n                        <div class=\"text-modules__content\"><p><a href=\"https:\/\/us.edu.pl\/wydzial\/wh\/wp-content\/uploads\/sites\/15\/Bez-kategorii\/Dyzury-sesja-letnia-25.2624.06.2026.pdf\" class=\"mtli_attachment mtli_pdf\" data-mtli=\"mtli_filesize239,76kB\" class=\"mtli_attachment mtli_pdf\" data-mtli=\"mtli_filesize239,76kB\">harmonogram dy\u017cur\u00f3w w sesji letniej 2025\/2026<\/a> <span style=\"color: #ff0000; font-size: 10pt;\"><strong>(aktualizacja 24.06.2026 r.)<\/strong><\/span><\/p>\n<style type=\"text\/css\">a[data-mtli~=\"mtli_filesize239,76kB\"]:after {content:\" (239,76 kB)\"}<\/style><\/div>\r\n                    <\/div>\r\n                <\/div>[\/vc_tta_section][vc_tta_section title=&#8221;Opiekunowie grup studenckich&#8221; tab_id=&#8221;1689334271238-7e5a0f7d-d51b&#8221;]\r\n                <div class=\"text-modules\">\r\n                    <div class=\"container\">\r\n                        \r\n                        <div class=\"text-modules__content\"><\/p>\n<h4>Rok akademicki 2025\/26<\/h4>\n<hr \/>\n<p><strong>1 rok studi\u00f3w I stopnia:<\/strong>\u00a0mgr Katarzyna Kiepas-Remesz<\/p>\n<p><strong>2 rok studi\u00f3w I stopnia:<\/strong>\u00a0dr Marta Ples-B\u0119ben, prof. U\u015a<\/p>\n<p><strong>3 rok studi\u00f3w I stopnia:<\/strong>\u00a0mgr Beata Wolfigiel<\/p>\n<p>&nbsp;<\/p>\n<p><strong>1 rok studi\u00f3w II stopnia:\u00a0<\/strong>dr hab. Miros\u0142aw Pir\u00f3g, prof. U\u015a<\/p>\n<p><strong>2 rok studi\u00f3w II stopnia:<\/strong>\u00a0dr Dariusz Olesi\u0144ski<\/p>\n<\/div>\r\n                    <\/div>\r\n                <\/div>[\/vc_tta_section][vc_tta_section title=&#8221;Zaj\u0119cia do wyboru&#8221; tab_id=&#8221;1689334271229-964d3601-c56d&#8221;][vc_row_inner][vc_column_inner]\r\n                <div class=\"text-modules\">\r\n                    <div class=\"container\">\r\n                        \r\n                        <div class=\"text-modules__content\"><\/p>\n<h4>studia I stopnia<\/h4>\n<hr \/>\n<p><a href=\"https:\/\/us.edu.pl\/wydzial\/wh\/wp-content\/uploads\/sites\/15\/Bez-kategorii\/lista-modulow-do-wyboru-studia-I-stopnia-DFiC.pdf\" class=\"mtli_attachment mtli_pdf\" data-mtli=\"mtli_filesize117,17kB\" class=\"mtli_attachment mtli_pdf\" data-mtli=\"mtli_filesize117,17kB\">lista modu\u0142\u00f3w do wyboru<\/a><\/p>\n<style type=\"text\/css\">a[data-mtli~=\"mtli_filesize117,17kB\"]:after {content:\" (117,17 kB)\"}<\/style><\/div>\r\n                    <\/div>\r\n                <\/div>[\/vc_column_inner][\/vc_row_inner][vc_row_inner][vc_column_inner]\r\n                <div class=\"text-modules\">\r\n                    <div class=\"container\">\r\n                        \r\n                        <div class=\"text-modules__content\"><\/p>\n<h4>studia II stopnia<\/h4>\n<hr \/>\n<p><a href=\"https:\/\/us.edu.pl\/wydzial\/wh\/wp-content\/uploads\/sites\/15\/Bez-kategorii\/lista-modulow-do-wyboru-studia-II-stopnia-DFiC.pdf\" class=\"mtli_attachment mtli_pdf\" data-mtli=\"mtli_filesize116,09kB\" class=\"mtli_attachment mtli_pdf\" data-mtli=\"mtli_filesize116,09kB\">lista modu\u0142\u00f3w do wyboru<\/a><\/p>\n<style type=\"text\/css\">a[data-mtli~=\"mtli_filesize116,09kB\"]:after {content:\" (116,09 kB)\"}<\/style><\/div>\r\n                    <\/div>\r\n                <\/div>[\/vc_column_inner][\/vc_row_inner][\/vc_tta_section][vc_tta_section title=&#8221;Seminaria dyplomowe i proces dyplomowania&#8221; tab_id=&#8221;1702381265959-b89457ae-a9c9&#8243;][vc_row_inner][vc_column_inner width=&#8221;1\/2&#8243;]\r\n                <div class='sidebar_moduls sidebar_links color-blue' style='background-color: #EBEBEB'>\r\n                    <h3>Proces dyplomowania<\/h3>\r\n                    <ul class='angle-list'>\r\n                    <li><a href=\"https:\/\/us.edu.pl\/wydzial\/wh\/wp-content\/uploads\/sites\/15\/Bez-kategorii\/Proces-dyplomowania-%E2%80%93-praca-licencjacka-DFiC.pdf\" class=\"mtli_attachment mtli_pdf\">praca licencjacka<\/a><\/li><li><a href=\"https:\/\/us.edu.pl\/wydzial\/wh\/wp-content\/uploads\/sites\/15\/Bez-kategorii\/PROCES-DYPLOMOWANIA-%E2%80%93-praca-magisterska-DFiC.pdf\" class=\"mtli_attachment mtli_pdf\">praca magisterska<\/a><\/li><li><a href=\"https:\/\/us.edu.pl\/wydzial\/wh\/wp-content\/uploads\/sites\/15\/Nieprzypisane\/DFiC_zagadnienia_egzaminacyjne.pdf\" class=\"mtli_attachment mtli_pdf\" data-mtli=\"mtli_filesize96,03kB\">zagadnienia egzaminacyjne<\/a><\/li>\r\n                <\/ul>\r\n            <\/div>[\/vc_column_inner][vc_column_inner width=&#8221;1\/2&#8243;][\/vc_column_inner][\/vc_row_inner][\/vc_tta_section][vc_tta_section title=&#8221;Praktyki zawodowe&#8221; tab_id=&#8221;1726044487844-6cb2b6b7-9657&#8243;]\r\n                <div class=\"text-modules\">\r\n                    <div class=\"container\">\r\n                        \r\n                        <div class=\"text-modules__content\"><p><strong>OPIEKUNOWIE PRAKTYK<\/strong><\/p>\n<p><strong>life coaching i business coaching:<\/strong><\/p>\n<p>mgr K. Kiepas-Remesz<br \/>\ne-mail:\u00a0<a href=\"https:\/\/us.edu.pl\/wydzial\/wh\/kierunki-studiow\/doradztwo-filozoficzne-i-coaching\/praktyki-zawodowe\/katarzyna.kiepas-remesz@us.edu.pl\">katarzyna.kiepas-remesz@us.edu.pl<\/a><\/p>\n<p><strong>sesje doradcze:<\/strong><\/p>\n<p>dr hab. Miros\u0142aw Pir\u00f3g<br \/>\ne-mail:\u00a0<a href=\"https:\/\/us.edu.pl\/wydzial\/wh\/kierunki-studiow\/doradztwo-filozoficzne-i-coaching\/praktyki-zawodowe\/miroslaw.pirog@us.edu.pl\">miroslaw.pirog@us.edu.pl<\/a><\/p>\n<p><strong>PRAKTYKI<\/strong><\/p>\n<p><strong>Doradztwo filozoficzne i coaching, studia II stopnia<\/strong><\/p>\n<p><strong>Studia stacjonarne, spec. doradztwo indywidualne i life coaching, od 2021\/2022<\/strong><br \/>\n2\u00a0sem.\u00a0Praktyka:\u00a0Life\u00a0coaching\u00a0110\u00a0godz.<br \/>\n3 sem. Praktyka: Life coaching 110 godz. Praktyka: Superwizja praktyk \u00a0zawodowych 15 godz.<br \/>\n4 sem. Praktyka: Sesje doradcze 110 godz. Praktyka: Superwizja praktyk \u00a0zawodowych 15 godz.<\/p>\n<p><strong>Studia stacjonarne, spec. doradztwo instytucjonalne i coaching biznesowy, od 2021\/2022<\/strong><br \/>\n2\u00a0sem.\u00a0Praktyka:\u00a0Business\u00a0coaching\u00a0110\u00a0godz.<br \/>\n3 sem. Praktyka: Business coaching 110 godz. Praktyka: Superwizja \u00a0praktyk zawodowych 15 godz.<br \/>\n4 sem. Praktyka: Szkolenia rozwojowe 110 godz. Praktyka: Superwizja \u00a0praktyk zawodowych 15 godz.<\/p>\n<p><strong>Studia stacjonarne, spec. doradztwo indywidualne i life coaching, od 2020\/2021<\/strong><\/p>\n<p><em>Life coaching<\/em>, 100 godz. w semestrze 2, 100 godz. w semestrze 3, 100 godz. w semestrze 4.<\/p>\n<p><em>Sesje doradcze<\/em>, 180 godz. w semestrze 4.<\/p>\n<p><strong>Studia stacjonarne, spec. doradztwo instytucjonalne i coaching biznesowy, od 2020\/2021<\/strong><\/p>\n<p><em>Business coaching<\/em>, 100 godz. w semestrze 2, 100 godz. w semestrze 3, 100 godz. w semestrze 4.<\/p>\n<p><em>Szkolenia rozwojowe<\/em>, 180 godz. w semestrze 4.<\/p>\n<p><strong>Studia stacjonarne, spec. doradztwo indywidualne i life coaching, od 2019\/2020<\/strong><\/p>\n<p><em>Life coaching<\/em>, 100 godz. w semestrze 2, 100 godz. w semestrze 3, 100 godz. w semestrze 4.<\/p>\n<p><em>Sesje doradcze<\/em>, 180 godz. w semestrze 4.<\/p>\n<p><strong>Studia stacjonarne, spec. doradztwo instytucjonalne i coaching biznesowy, od 2019\/2020<\/strong><\/p>\n<p><em>Business coaching<\/em>, 100 godz. w semestrze 2, 100 godz. w semestrze 3, 100 godz. w semestrze 4.<\/p>\n<p><em>Szkolenia rozwojowe<\/em>, 180 godz. w semestrze 4.<\/p>\n<p><strong>Studia stacjonarne, spec. doradztwo indywidualne i life coaching, od 2018\/2019<\/strong><\/p>\n<p><em>Life coaching<\/em>, 25 godz. w semestrze 2, 25 godz. w semestrze 3, 25 godz. w semestrze 4.<\/p>\n<p><em>Sesje doradcze<\/em>, 30 godz. w semestrze 4.<\/p>\n<p><strong>Studia stacjonarne, spec. doradztwo instytucjonalne i coaching biznesowy, od 2018\/2019<\/strong><\/p>\n<p><em>Business coaching<\/em>, 25 godz. w semestrze 2, 25 godz. w semestrze 3, 25 godz. w semestrze 4.<\/p>\n<p><em>Szkolenia rozwojowe<\/em>, 30 godz. w semestrze 4.<\/p>\n<p><strong>Studia niestacjonarne, spec. doradztwo indywidualne i life coaching, od 2018\/2019<\/strong><\/p>\n<p><em>Life coaching<\/em>, 30 godz. w semestrze 2, 30 godz. w semestrze 3.<\/p>\n<p><em>Sesje doradcze<\/em>, 50 godz. w semestrze 4.<\/p>\n<p><strong>Studia niestacjonarne, spec. doradztwo instytucjonalne i coaching biznesowy, od 2018\/2019<\/strong><\/p>\n<p><em>Business coaching<\/em>, 30 godz. w semestrze 2, 30 godz. w semestrze 4.<\/p>\n<p><em>Szkolenia rozwojowe<\/em>, 30 godz. w semestrze 3, 30 godz. w semestrze 4.<\/p>\n<p>&nbsp;<\/p>\n<p><a href=\"https:\/\/us.edu.pl\/wydzial\/wh\/wp-content\/uploads\/sites\/15\/Bez-kategorii\/Porozumienia-lub-miejsca-pracy-praktyki19052026.docx\" class=\"mtli_attachment mtli_docx\" data-mtli=\"mtli_filesize16,92kB\" class=\"mtli_attachment mtli_docx\" data-mtli=\"mtli_filesize16,92kB\"><b>Miejsca odbywania praktyk zawodowych<\/b><\/a><\/p>\n<p>&nbsp;<\/p>\n<p><strong><span style=\"color: #ff0000;\">Praktyki zwi\u0105zane z kontaktem z ma\u0142oletnimi \u2013 wa\u017cne informacje i konieczne dokumenty<\/span>\u00a0oraz pozosta\u0142e pliki do pobrania znajduj\u0105 si\u0119 na stronie:\u00a0<\/strong><a href=\"https:\/\/us.edu.pl\/wydzial\/wh\/sprawy-studenckie\/praktyki-zawodowe\/\">https:\/\/us.edu.pl\/wydzial\/wh\/sprawy-studenckie\/praktyki-zawodowe\/<\/a><\/p>\n<p><strong><span style=\"text-decoration: underline;\"><span style=\"font-size: 12pt;\">Procedury zbierania i obiegu dokument\u00f3w\u00a0<\/span><\/span><\/strong><\/p>\n<p><a href=\"https:\/\/us.edu.pl\/wydzial\/wh\/wp-content\/uploads\/sites\/15\/Bez-kategorii\/PRAKTYKI-ZWIAZANE-Z-KONTAKTEM-Z-OSOBAMI-MALOLETNIMI.pdf\" class=\"mtli_attachment mtli_pdf\" data-mtli=\"mtli_filesize135,29kB\" class=\"mtli_attachment mtli_pdf\" data-mtli=\"mtli_filesize135,29kB\">Praktyki zwi\u0105zane z kontaktem z osobami ma\u0142oletnimi<\/a><\/p>\n<p><a href=\"https:\/\/us.edu.pl\/wydzial\/wh\/wp-content\/uploads\/sites\/15\/Bez-kategorii\/PRAKTYKI-NIEZWIAZANE-Z-KONTAKTEM.pdf\" class=\"mtli_attachment mtli_pdf\" data-mtli=\"mtli_filesize64,63kB\" class=\"mtli_attachment mtli_pdf\" data-mtli=\"mtli_filesize64,63kB\">Praktyki niezwi\u0105zane z kontaktem z osobami ma\u0142oletnimi<\/a><\/p>\n<p><a href=\"https:\/\/us.edu.pl\/wydzial\/wh\/wp-content\/uploads\/sites\/15\/Bez-kategorii\/Kompendium-praktyk-zawodowych-118052026.docx\" class=\"mtli_attachment mtli_docx\" data-mtli=\"mtli_filesize19,77kB\" class=\"mtli_attachment mtli_docx\" data-mtli=\"mtli_filesize19,77kB\">Kompendium praktyk zawodowych<\/a><\/p>\n<p>Dziennik praktyk:<\/p>\n<ul>\n<li>\n<ul>\n<li><a class=\"mtli_attachment mtli_doc mtli_attachment mtli_doc mtli_attachment mtli_doc\" href=\"https:\/\/us.edu.pl\/wydzial\/wh\/wp-content\/uploads\/sites\/15\/Nieprzypisane\/dziennik_praktyk_DFC_2019_2020_aktualne.doc\" data-mtli=\"mtli_filesize53,00kB\" data-mtli=\"mtli_filesize53,00kB\" data-mtli=\"mtli_filesize53,00kB\">dziennik praktyk<\/a><\/li>\n<li><a class=\"mtli_attachment mtli_pdf mtli_attachment mtli_pdf mtli_attachment mtli_pdf\" href=\"https:\/\/us.edu.pl\/wydzial\/wh\/wp-content\/uploads\/sites\/15\/Nieprzypisane\/dziennik_praktyk_DFC_2019_2020_aktualne.pdf\" data-mtli=\"mtli_filesize708,92kB\" data-mtli=\"mtli_filesize708,92kB\" data-mtli=\"mtli_filesize708,92kB\">dziennik praktyk<\/a><\/li>\n<\/ul>\n<\/li>\n<\/ul>\n<p>Wsp\u00f3\u0142pracujemy z otoczeniem gospodarczo-spo\u0142ecznym. Nasi interesariusze zewn\u0119trzni to m.in. International Coaching Federation Polska, Polskie Towarzystwo Doradztwa Filozoficznego, Instytut Rozwoju \u015awiadomo\u015bci<\/p>\n<style type=\"text\/css\">a[data-mtli~=\"mtli_filesize16,92kB\"]:after {content:\" (16,92 kB)\"}a[data-mtli~=\"mtli_filesize135,29kB\"]:after {content:\" (135,29 kB)\"}a[data-mtli~=\"mtli_filesize64,63kB\"]:after {content:\" (64,63 kB)\"}a[data-mtli~=\"mtli_filesize19,77kB\"]:after {content:\" (19,77 kB)\"}a[data-mtli~=\"mtli_filesize53,00kB\"]:after {content:\" (53,00 kB)\"}a[data-mtli~=\"mtli_filesize708,92kB\"]:after {content:\" (708,92 kB)\"}<\/style><\/div>\r\n                    <\/div>\r\n                <\/div>[\/vc_tta_section][vc_tta_section title=&#8221;Narz\u0119dziownik badacza&#8221; tab_id=&#8221;1788158685935-481252d1-f042&#8243;]\r\n                <div class=\"text-modules\">\r\n                    <div class=\"container\">\r\n                        \r\n                        <div class=\"text-modules__content\"><p>Przegl\u0105d najwa\u017cniejszych narz\u0119dzi przydatnych w pracach badawczych os\u00f3b studiuj\u0105cych &#8211; <strong><a href=\"https:\/\/endurable-eggplant-ceb.notion.site\/Cyfrowy-narz-dziownik-badacza-spis-narz-dzi-3b749fe58127808f84b1f11df74adcdb\">Narz\u0119dziownik badacza.<\/a><\/strong><\/p>\n<\/div>\r\n                    <\/div>\r\n                <\/div>[\/vc_tta_section][\/vc_tta_accordion][vc_empty_space][vc_custom_heading text=&#8221;Aktualno\u015bci&#8221; font_container=&#8221;tag:h2|text_align:left|color:%239b132a&#8221; use_theme_fonts=&#8221;yes&#8221;][vc_separator color=&#8221;custom&#8221; accent_color=&#8221;#9b132a&#8221;][vc_toggle title=&#8221;Zmiana sposobu obs\u0142ugi niekt\u00f3rych spraw studenckich&#8221; css=&#8221;.vc_custom_1770275770268{background-color: #f8f8f8 !important;}&#8221;]<em><strong>\u201e<\/strong><\/em><em><strong>Drogie Studentki, Drodzy Studenci,<\/strong><\/em><\/p>\n<p><em>przypominamy, \u017ce od 7 stycznia 2026 r. zmienia si\u0119 spos\u00f3b obs\u0142ugi niekt\u00f3rych spraw studenckich na Uniwersytet \u015al\u0105ski. Wszystko po to, aby by\u0142o szybciej, wygodniej i bez papieru. Co to oznacza w praktyce? Obecnie wy\u0142\u0105cznie przez system USOS b\u0119dziecie sk\u0142ada\u0107:<\/em><\/p>\n<ul>\n<li><em>otrzymywa\u0107 zawiadomienia o wszcz\u0119ciu post\u0119powania, <\/em><\/li>\n<li><em>otrzymywa\u0107 decyzje administracyjne w sprawach studenckich (np. decyzje o skre\u015bleniu z listy student\u00f3w),<\/em><\/li>\n<li><em>wnioski o skre\u015blenie z programu studi\u00f3w \u2013 USOS-DOK (w USOS niedost\u0119pne w module poda\u0144).<\/em><\/li>\n<\/ul>\n<p><em><strong>Bardzo wa\u017cne! <\/strong><\/em><em>Poniewa\u017c obecnie ca\u0142a korespondencja prowadzona jest elektronicznie upewnij si\u0119, \u017ce w USOS masz aktualny adres e-mail, regularnie sprawdzaj swoj\u0105 skrzynk\u0119, je\u015bli zmienisz adres e-mail \u2014 zaktualizuj go niezw\u0142ocznie w USOSweb. Przypomniany, \u017ce zgodnie z Regulaminem studi\u00f3w ka\u017cdy student ma obowi\u0105zek posiadania aktywnego adresu e-mail w USOS i zapoznawania si\u0119 z kierowan\u0105 na niego korespondencj\u0105.<\/em><\/p>\n<p><em><strong>Nowo\u015b\u0107:<\/strong><\/em><em> USOS-DOK &#8211; 0d 7 stycznia 2026 r. dost\u0119pny jest tak\u017ce serwis USOS-DOK (Elektroniczna Dokumentacja Kszta\u0142cenia). Dzi\u0119ki niemu mo\u017cesz z\u0142o\u017cy\u0107 podanie o skre\u015blenie z programu studi\u00f3w wygenerowa\u0107 samodzielnie za\u015bwiadczenie o statusie na programie, kt\u00f3re jest podpisane elektronicznie kwalifikowan\u0105 piecz\u0119ci\u0105 uczelni. Za\u015bwiadczenie to jest uproszczon\u0105 wersj\u0105 za\u015bwiadczenia o byciu studentem.<\/em><\/p>\n<p><em>Zar\u00f3wno do system\u00f3w USOS i USOS-DOK zalogujesz si\u0119 przez CAS \u2013 Centralny System Uwierzytelniania, u\u017cywaj\u0105c: adresu e-mail lub numeru albumu.\u201d<\/em>[\/vc_toggle][vc_toggle title=&#8221;&#8221; css=&#8221;.vc_custom_1788159812542{background-color: #f8f8f8 !important;}&#8221;][\/vc_toggle][vc_toggle title=&#8221;&#8221; css=&#8221;.vc_custom_1788159788018{background-color: #f8f8f8 !important;}&#8221;][\/vc_toggle][vc_separator color=&#8221;custom&#8221; accent_color=&#8221;#9b132a&#8221;][vc_row_inner][vc_column_inner][vc_btn title=&#8221;Archiwum aktualno\u015bci&#8221; style=&#8221;custom&#8221; custom_background=&#8221;#002e5a&#8221; custom_text=&#8221;#ffffff&#8221; shape=&#8221;square&#8221; size=&#8221;lg&#8221; align=&#8221;center&#8221; button_block=&#8221;true&#8221; link=&#8221;url:https%3A%2F%2Fus.edu.pl%2Fwydzial%2Fwh%2Fkierunki-studiow%2Fdoradztwo-filozoficzne-i-coaching%2Farchiwum-aktualnosci%2F|target:_blank&#8221;][\/vc_column_inner][\/vc_row_inner][vc_row_inner][vc_column_inner width=&#8221;1\/3&#8243;]\r\n                <div class='sidebar_moduls sidebar_one_header' style='color:#002E5A;background-color: #EBEBEB'>\r\n                    <a href='https:\/\/us.edu.pl\/wydzial\/wh\/kierunki-studiow\/doradztwo-filozoficzne-i-coaching\/organizacje-studenckie\/' class='link'>Organizacje studenckie<\/a>\r\n                <\/div>[\/vc_column_inner][vc_column_inner width=&#8221;1\/3&#8243;]\r\n                <div class='sidebar_moduls sidebar_one_header' style='color:#002E5A;background-color: #EBEBEB'>\r\n                    <a href='https:\/\/us.edu.pl\/wydzial\/wh\/kierunki-studiow\/doradztwo-filozoficzne-i-coaching\/program-erasmus\/' class='link'>Program Erasmus+<\/a>\r\n                <\/div>[\/vc_column_inner][vc_column_inner width=&#8221;1\/3&#8243;]\r\n                <div class='sidebar_moduls sidebar_one_header' style='color:#002E5A;background-color: #EBEBEB'>\r\n                    <a href='https:\/\/us.edu.pl\/wydzial\/wh\/kierunki-studiow\/doradztwo-filozoficzne-i-coaching\/wspolpraca-z-otoczeniem\/' class='link'>Wsp\u00f3\u0142praca z otoczeniem<\/a>\r\n                <\/div>[\/vc_column_inner][\/vc_row_inner]\r\n            <div class=\"container\">  \r\n                <div class=\"lists-with-links\">\r\n                    <div class=\"section-title\"><\/div>\r\n                   <div class=\"lists-with-links__items lists-1\"><ul class=\"angle-list\"> <div class=\"angle-list__title\">Kana\u0142y, podcasty, blogi pracownik\u00f3w Instytutu Filozofii U\u015a<\/div><li> <a href=\"https:\/\/www.youtube.com\/@wojciechsady480\/featured\"> Kana\u0142 YouTube prof. dr. hab. Wojciecha Sadego. Na kanale tym prof. Sady zamieszcza filmy ze swoimi wyk\u0142adami z filozofii. <\/a> <\/li><li> <a href=\"http:\/\/50.us.edu.pl\/wyklady-mistrzowskie-prof-bogdan-dembinski-wideo\"> Prof. dr hab. Bogdan Dembi\u0144ski \u201eWyk\u0142ady mistrzowskie\u201d <\/a> <\/li><li> <a href=\"https:\/\/www.youtube.com\/channel\/UCg3_ffRDji6Sc5cuIxwsb5g\"> Kana\u0142 YouTube dr. hab. Krzysztofa A. Wieczorka. Na kanale tym mo\u017cna znale\u017a\u0107 m.in. wideo kursy podstaw logiki (klasyczny rachunek zda\u0144 oraz sylogistyka) <\/a> <\/li><li> <a href=\"https:\/\/www.youtube.com\/channel\/UCvq8iLgXbpu64TkWXM5hhIA\"> Kana\u0142 Kogniceraptor, na kt\u00f3rym mo\u017cna pos\u0142ucha\u0107 podcast\u00f3w nagranych przez studentki i student\u00f3w kognitywistyki pod opiek\u0105 dr Witolda Marz\u0119dy <\/a> <\/li><li> <a href=\"https:\/\/www.youtube.com\/channel\/UCvA-ETdxI2GttEVPLrTG6Mw\"> Podcast POSTIRONICZNIE, wsp\u00f3\u0142tworzony przez dr Alicj\u0119 Pietras i mgr Pylypa Bilyiego, dotycz\u0105cy aktualnych wydarze\u0144 spo\u0142eczno-politycznych, uj\u0119tych od strony filozoficzno-socjologicznej <\/a> <\/li><li> <a href=\"https:\/\/filozofiacodzien.blogspot.com\/\"> Blog FILOZOFIA CODZIENNO\u015aCI prowadzony przez dr Alicj\u0119 Pietras <\/a> <\/li><li> <a href=\"https:\/\/youtube.com\/playlist?list=PLn3uFCeuPIZ_Tcvucno4YxJZu8vpTAKB6&si=ZKpU00AjZXmBtxHu\"> Kana\u0142 FILOZOFIA TAK BARDZO, gdzie mgr Pylyp Bylyi oraz dr Alicja Pietras (we wsp\u00f3\u0142pracy z innymi osobami) rozmawiaj\u0105 o filozofii ze sob\u0105 i z innymi filozofami <\/a> <\/li><\/ul><\/div>\r\n                <\/div>\r\n            <\/div>[\/vc_column][vc_column width=&#8221;1\/3&#8243;][vc_tta_tabs style=&#8221;flat&#8221; shape=&#8221;square&#8221; color=&#8221;white&#8221; gap=&#8221;1&#8243; active_section=&#8221;666&#8243; title=&#8221;Harmonogramy&#8221; css=&#8221;.vc_custom_1689336166845{border-left-width: 5px !important;border-left-color: #fbb900 !important;border-left-style: solid !important;}&#8221;][vc_tta_section title=&#8221;zaj\u0119\u0107&#8221; tab_id=&#8221;1689335739702-2926960d-14be&#8221;]\r\n                <div class=\"text-modules\">\r\n                    <div class=\"container\">\r\n                        \r\n                        <div class=\"text-modules__content\"><\/p>\n<h4>semestr letni 2025\/2026<\/h4>\n<p><span style=\"font-size: 10pt; color: #ff0000;\"><em>Prosimy o \u015bledzenie aktualizacji harmonogramu, poniewa\u017c mo\u017ce ulec zmianie.<\/em><\/span><\/p>\n<p><a href=\"https:\/\/us.edu.pl\/wydzial\/wh\/wp-content\/uploads\/sites\/15\/Bez-kategorii\/DFC-1-rok-1-stopien-lato.pdf\" class=\"mtli_attachment mtli_pdf\" data-mtli=\"mtli_filesize303,33kB\" class=\"mtli_attachment mtli_pdf\" data-mtli=\"mtli_filesize303,33kB\">1 rok I stopnia<\/a> <span style=\"font-size: 10pt; color: #ff0000;\">(aktualizacja 09.03.2026)<\/span><\/p>\n<p><a href=\"https:\/\/us.edu.pl\/wydzial\/wh\/wp-content\/uploads\/sites\/15\/2026\/05\/DFC-2-rok-1-stopien-lato.pdf\" class=\"mtli_attachment mtli_pdf\" data-mtli=\"mtli_filesize525,16kB\" class=\"mtli_attachment mtli_pdf\" data-mtli=\"mtli_filesize525,16kB\">2 rok I stopnia<\/a> <span style=\"font-size: 10pt; color: #ff0000;\">(aktualizacja 26.02.2026)<\/span><\/p>\n<p><a href=\"https:\/\/us.edu.pl\/wydzial\/wh\/wp-content\/uploads\/sites\/15\/2026\/05\/DFC-3-rok-1-stopien-lato.pdf\" class=\"mtli_attachment mtli_pdf\" data-mtli=\"mtli_filesize418,69kB\" class=\"mtli_attachment mtli_pdf\" data-mtli=\"mtli_filesize418,69kB\">3 rok I stopnia<\/a><\/p>\n<hr \/>\n<p><a href=\"https:\/\/us.edu.pl\/wydzial\/wh\/wp-content\/uploads\/sites\/15\/2026\/05\/DFC-1-rok-2-stopien-lato.pdf\" class=\"mtli_attachment mtli_pdf\" data-mtli=\"mtli_filesize331,09kB\" class=\"mtli_attachment mtli_pdf\" data-mtli=\"mtli_filesize331,09kB\">1 rok II stopnia<\/a> <span style=\"font-size: 10pt; color: #ff0000;\">(aktualizacja 10.04.2026)<\/span><\/p>\n<p><a href=\"https:\/\/us.edu.pl\/wydzial\/wh\/wp-content\/uploads\/sites\/15\/2026\/05\/DFC-2-rok-2-stopien-lato.pdf\" class=\"mtli_attachment mtli_pdf\" data-mtli=\"mtli_filesize337,39kB\" class=\"mtli_attachment mtli_pdf\" data-mtli=\"mtli_filesize337,39kB\">2 rok II stopnia<\/a> <span style=\"font-size: 10pt; color: #ff0000;\">(aktualizacja: 20.02.2026)<\/span><\/p>\n<style type=\"text\/css\">a[data-mtli~=\"mtli_filesize303,33kB\"]:after {content:\" (303,33 kB)\"}a[data-mtli~=\"mtli_filesize525,16kB\"]:after {content:\" (525,16 kB)\"}a[data-mtli~=\"mtli_filesize418,69kB\"]:after {content:\" (418,69 kB)\"}a[data-mtli~=\"mtli_filesize331,09kB\"]:after {content:\" (331,09 kB)\"}a[data-mtli~=\"mtli_filesize337,39kB\"]:after {content:\" (337,39 kB)\"}<\/style><\/div>\r\n                    <\/div>\r\n                <\/div>[\/vc_tta_section][vc_tta_section title=&#8221;sesji&#8221; tab_id=&#8221;1689335739709-90f5c0c9-f826&#8243;]\r\n                <div class=\"text-modules\">\r\n                    <div class=\"container\">\r\n                        \r\n                        <div class=\"text-modules__content\"><p><a href=\"https:\/\/us.edu.pl\/wydzial\/wh\/wp-content\/uploads\/sites\/15\/Bez-kategorii\/DFC-1-stopien-Harmonogram-sesji-LATO-2025-2026.pdf\" class=\"mtli_attachment mtli_pdf\" data-mtli=\"mtli_filesize190,54kB\" class=\"mtli_attachment mtli_pdf\" data-mtli=\"mtli_filesize190,54kB\">harmonogram sesji letniej 2025\/2026 &#8211; I stopie\u0144<\/a><\/p>\n<p><a href=\"https:\/\/us.edu.pl\/wydzial\/wh\/wp-content\/uploads\/sites\/15\/Bez-kategorii\/DFC-2-stopien-Harmonogram-sesji-LATO-2025-2026.pdf\" class=\"mtli_attachment mtli_pdf\" data-mtli=\"mtli_filesize91,49kB\" class=\"mtli_attachment mtli_pdf\" data-mtli=\"mtli_filesize91,49kB\">harmonogram sesji letniej 2025\/2026 &#8211; II stopie\u0144<\/a><\/p>\n<style type=\"text\/css\">a[data-mtli~=\"mtli_filesize190,54kB\"]:after {content:\" (190,54 kB)\"}a[data-mtli~=\"mtli_filesize91,49kB\"]:after {content:\" (91,49 kB)\"}<\/style><\/div>\r\n                    <\/div>\r\n                <\/div>[\/vc_tta_section][\/vc_tta_tabs][vc_row_inner css=&#8221;.vc_custom_1695132122292{margin-left: 0px !important;border-left-width: 5px !important;padding-left: 0px !important;border-left-color: #002e5a !important;border-left-style: solid !important;}&#8221;][vc_column_inner]\r\n                <div class=\"text-modules\">\r\n                    <div class=\"container\">\r\n                        \r\n                        <div class=\"text-modules__content\"><\/p>\n<h3><span style=\"color: #002e5a;\">Dziekanat ds. studenckich<\/span><\/h3>\n<hr \/>\n<p><strong><span style=\"color: #002e5a;\">mgr Bo\u017cena Klimek<\/span><br \/>\n<\/strong><span style=\"color: #002e5a;\">e-mail:<\/span> <a href=\"mailto:bozena.klimek@us.edu.pl\">bozena.klimek@us.edu.pl<\/a><\/p>\n<p><span style=\"color: #002e5a;\">tel.: 32 2009 543<\/span><br \/>\n<span style=\"color: #002e5a;\">ul. Uniwersytecka 4, 40-007 Katowice<br \/>\npok\u00f3j: <strong>B1.37<\/strong><\/span><\/p>\n<p>&nbsp;<\/p>\n<p><strong>GODZINY PRACY DZIEKANATU<\/strong><\/p>\n<p>poniedzia\u0142ek\u00a0\u00a0 11.00 \u2013 14.00<br \/>\nwtorek\u00a0 \u00a0 \u00a0 \u00a0 \u00a0 \u00a0 \u00a010.00 \u2013 14.00<br \/>\n\u015broda\u00a0 \u00a0 \u00a0 \u00a0 \u00a0 \u00a0 \u00a0 \u00a010.00 \u2013 14.00<br \/>\nczwartek\u00a0 \u00a0 \u00a0 \u00a0 \u00a010.00 \u2013 14.00<br \/>\npi\u0105tek\u00a0 \u00a0 \u00a0 \u00a0 \u00a0 \u00a0 \u00a0 nieczynne<br \/>\nsobota\u00a0 \u00a0 \u00a0 \u00a0 \u00a0 \u00a0 \u00a0nieczynne<\/p>\n<\/div>\r\n                    <\/div>\r\n                <\/div>[\/vc_column_inner][\/vc_row_inner][vc_empty_space][vc_row_inner][vc_column_inner][vc_toggle title=&#8221;Dziekanat ds. dydaktycznych&#8221; css=&#8221;.vc_custom_1788432420470{border-top-width: 2px !important;border-right-width: 2px !important;border-bottom-width: 2px !important;border-left-width: 2px !important;border-left-color: #002e5a !important;border-left-style: solid !important;border-right-color: #002e5a !important;border-right-style: solid !important;border-top-color: #002e5a !important;border-top-style: solid !important;border-bottom-color: #002e5a !important;border-bottom-style: solid !important;}&#8221;]<strong><span style=\"color: #002e5a;\">Barbara Staro\u0144<\/span><br \/>\n<\/strong><span style=\"color: #002e5a;\">e-mail:<\/span> <a href=\"mailto:barbara.staron@us.edu.pl\">barbara.staron@us.edu.pl<\/a><\/p>\n<p><span style=\"color: #002e5a;\"><strong>mgr Anna Musia\u0142<\/strong><\/span><br \/>\n<span style=\"color: #002e5a;\">e-mail:<\/span>\u00a0<a href=\"mailto:anna.musial@us.edu.pl\">anna.musial@us.edu.pl<\/a><\/p>\n<p><span style=\"color: #002e5a;\">tel.: 32 359 12 17<\/span><br \/>\n<span style=\"color: #002e5a;\">Katowice, ul. Bankowa 11<br \/>\npok\u00f3j: <strong>21<\/strong><\/span>[\/vc_toggle][\/vc_column_inner][\/vc_row_inner][vc_separator][vc_btn title=&#8221;Karta kierunku &amp; Informator ECTS&#8221; style=&#8221;custom&#8221; custom_background=&#8221;#002e5a&#8221; custom_text=&#8221;#ffffff&#8221; shape=&#8221;square&#8221; size=&#8221;lg&#8221; align=&#8221;center&#8221; button_block=&#8221;true&#8221; link=&#8221;url:https%3A%2F%2Finformator.us.edu.pl%2Fprogrammes%2Flist%2Fall%2FDF%2F%3F_s%3D1|target:_blank&#8221;][vc_separator]\r\n                <div class='sidebar_moduls sidebar_links color-blue' style='background-color: #EBEBEB'>\r\n                    <h3>Egzaminy i zaliczenia (tzw. rygory)<\/h3>\r\n                    <ul class='angle-list'>\r\n                    <li><a href=\"https:\/\/us.edu.pl\/wydzial\/wh\/wp-content\/uploads\/sites\/15\/Bez-kategorii\/Doradztwo-filozoficzne-i-caoching-I-stopien-zima-NA-STRONE_28.08.2025.pdf\" class=\"mtli_attachment mtli_pdf\" data-mtli=\"mtli_filesize149,86kB\">Studia stacjonarne I stopnia semestr zimowy 2025\/2026<\/a><\/li><li><a href=\"https:\/\/us.edu.pl\/wydzial\/wh\/wp-content\/uploads\/sites\/15\/Bez-kategorii\/Doradztwo-filozoficzne-i-caoching-I-stopien-lato_28.08.2025.pdf\" class=\"mtli_attachment mtli_pdf\" data-mtli=\"mtli_filesize144,19kB\">Studia stacjonarne I stopnia semestr letni 2025\/2026<\/a><\/li><li><a href=\"https:\/\/us.edu.pl\/wydzial\/wh\/wp-content\/uploads\/sites\/15\/Bez-kategorii\/Doradztwo-filozoficzne-i-caoching-II-stopien-lato_28.08.2025.pdf\" class=\"mtli_attachment mtli_pdf\" data-mtli=\"mtli_filesize139,90kB\">Studia stacjonarne II stopnia semestr letni 2025\/2026<\/a><\/li><li><a href=\"https:\/\/us.edu.pl\/wydzial\/wh\/wp-content\/uploads\/sites\/15\/Bez-kategorii\/Doradztwo-filozoficzne-i-caoching-II-stopien-zima-na-strone_28.08.2025.pdf\" class=\"mtli_attachment mtli_pdf\" data-mtli=\"mtli_filesize142,03kB\">Studia stacjonarne II stopnia semestr zimowy 2025\/2026<\/a><\/li>\r\n                <\/ul>\r\n            <\/div>[vc_separator]\r\n                <div class=\"title-with-link color-blue\" style=\"background: #EBEBEB\">\r\n                    <div class=\"container\">\r\n                        <div class=\"title-with-link-container links-align-left\">\r\n                            <div class=\"title-with-link__title\"><span><\/span><\/div>\r\n                            <a href=\"https:\/\/us.edu.pl\/wydzial\/wh\/kierunki-studiow\/doradztwo-filozoficzne-i-coaching\/opis-kierunku-i-specjalnosci\/\" class=\"title-with-link__link\">Opis kierunku i specjalno\u015bci<\/a>\r\n                        <\/div>\r\n                    <\/div>\r\n                <\/div>\r\n            \r\n                <div class=\"title-with-link color-blue\" style=\"background: #EBEBEB\">\r\n                    <div class=\"container\">\r\n                        <div class=\"title-with-link-container links-align-left\">\r\n                            <div class=\"title-with-link__title\"><span><\/span><\/div>\r\n                            <a href=\"https:\/\/us.edu.pl\/wydzial\/wh\/rady-dydaktyczne-kierunkow-studiow\/filozofia-kognitywistyka-dfic\/\" class=\"title-with-link__link\">Rada dydaktyczna kierunku<\/a>\r\n                        <\/div>\r\n                    <\/div>\r\n                <\/div>\r\n            [\/vc_column][\/vc_row][vc_row el_class=&#8221;container&#8221;][vc_column][vc_custom_heading text=&#8221;Dyrekcja kierunku&#8221; font_container=&#8221;tag:h2|text_align:left|color:%23002e5a&#8221; google_fonts=&#8221;font_family:PT%20Sans%3Aregular%2Citalic%2C700%2C700italic|font_style:400%20regular%3A400%3Anormal&#8221;][vc_separator color=&#8221;custom&#8221; border_width=&#8221;2&#8243; accent_color=&#8221;#002e5a&#8221;][vc_row_inner][vc_column_inner width=&#8221;1\/3&#8243;]\r\n                <div class=\"text-modules\">\r\n                    <div class=\"container\">\r\n                        \r\n                        <div class=\"text-modules__content\"><\/p>\n<h3><\/h3>\n<h4><span style=\"color: #002e5a;\">dr Mariola Su\u0142kowska-Janowska, prof. U\u015a<strong><br \/>\n<\/strong><\/span><\/h4>\n<h5><span style=\"color: #002e5a;\"><strong>Dyrektor kierunku<\/strong><\/span><\/h5>\n<p><span style=\"color: #002e5a;\">e-mail:\u00a0<a href=\"mailto:mariola.sulkowska@us.edu.pl\">mariola.sulkowska@us.edu.pl<\/a><\/span><br \/>\n<span style=\"color: #002e5a;\">tel.: 32 359 23 78<br \/>\nul. Bankowa 11, 40-007 Katowice<\/span><br \/>\n<span style=\"color: #002e5a;\">pok\u00f3j:<strong>\u00a0318B<\/strong><\/span><\/p>\n<\/div>\r\n                    <\/div>\r\n                <\/div>[\/vc_column_inner][vc_column_inner width=&#8221;1\/3&#8243;]\r\n                <div class=\"text-modules\">\r\n                    <div class=\"container\">\r\n                        \r\n                        <div class=\"text-modules__content\"><\/p>\n<h3><\/h3>\n<h4><span style=\"color: #002e5a;\">dr Agnieszka Woszczyk, prof. U\u015a<strong><br \/>\n<\/strong><\/span><\/h4>\n<h5><span style=\"color: #002e5a;\"><strong>Zast\u0119pca dyrektor kierunku<\/strong><\/span><\/h5>\n<p><span style=\"color: #002e5a;\">e-mail: <a href=\"mailto:agnieszka.woszczyk@us.edu.pl\">agnieszka.woszczyk@us.edu.pl<\/a><br \/>\n<\/span><span style=\"color: #002e5a;\">ul. Bankowa 11, 40-007 Katowice<\/span><br \/>\n<span style=\"color: #002e5a;\">pok\u00f3j:<strong> 318B<\/strong><\/span><\/p>\n<\/div>\r\n                    <\/div>\r\n                <\/div>[\/vc_column_inner][vc_column_inner width=&#8221;1\/3&#8243;]\r\n                <div class=\"text-modules\">\r\n                    <div class=\"container\">\r\n                        \r\n                        <div class=\"text-modules__content\"><\/p>\n<h3><\/h3>\n<h4><span style=\"color: #002e5a;\">dr Maciej Stanek<strong><br \/>\n<\/strong><\/span><\/h4>\n<h5><span style=\"color: #002e5a;\"><strong>Zast\u0119pca dyrektor kierunku<\/strong><\/span><\/h5>\n<p><span style=\"color: #002e5a;\">e-mail: <a href=\"mailto:maciej.stanek@us.edu.pl\">maciej.stanek@us.edu.pl<\/a><\/span><br \/>\n<span style=\"color: #002e5a;\">tel.: 32 359 11 83<br \/>\nul. Bankowa 11, 40-007 Katowice<\/span><br \/>\n<span style=\"color: #002e5a;\">pok\u00f3j:<strong> 317<\/strong><\/span><\/p>\n<\/div>\r\n                    <\/div>\r\n                <\/div>[\/vc_column_inner][\/vc_row_inner][\/vc_column][\/vc_row][vc_row el_class=&#8221;container&#8221;][vc_column][vc_separator][\/vc_column][\/vc_row][vc_row el_class=&#8221;container&#8221;][vc_column width=&#8221;1\/3&#8243;]\r\n            <div class=\"container\">  \r\n                <div class=\"lists-with-links\">\r\n                    <div class=\"section-title\"><\/div>\r\n                   <div class=\"lists-with-links__items lists-1\"><ul class=\"angle-list\"> <div class=\"angle-list__title\">Przydatne linki<\/div><li> <a href=\"https:\/\/aktyprawne.us.edu.pl\/d\/5003\/5\/\"> Regulamin studi\u00f3w <\/a> <\/li><li> <a href=\"https:\/\/us.edu.pl\/organizacja-roku-akademickiego\/\"> Organizacja roku akademickiego <\/a> <\/li><li> <a href=\"https:\/\/us.edu.pl\/wydzial\/wh\/pracownik-wh\/zdalny-wh\/zdalne-nauczanie\/\"> Zdalne nauczanie <\/a> <\/li><li> <a href=\"https:\/\/us.edu.pl\/ksztalcenie\/rpsid\/\"> Rzecznik Praw Studenta i Doktoranta <\/a> <\/li><li> <a href=\"https:\/\/us.edu.pl\/student\/wsparcie-i-fundusze\/pomoc-psychologiczna-nasz-zespol\/\"> Pomoc psychologiczna na U\u015a <\/a> <\/li><li> <a href=\"https:\/\/us.edu.pl\/uczelnia\/rowne-traktowanie\/przeciwdzialanie-molestowaniu-seksualnemu\/ \"> Pe\u0142nomocniczka Rektora ds. przeciwdzia\u0142ania molestowaniu seksualnemu <\/a> <\/li><\/ul><\/div>\r\n                <\/div>\r\n            <\/div>[\/vc_column][vc_column width=&#8221;1\/3&#8243;]\r\n            <div class=\"container\">  \r\n                <div class=\"lists-with-links\">\r\n                    <div class=\"section-title\"><\/div>\r\n                   <div class=\"lists-with-links__items lists-1\"><ul class=\"angle-list\"> <div class=\"angle-list__title\">Polecane strony<\/div><li> <a href=\"https:\/\/journals.us.edu.pl\/index.php\/FOLIA\/index\"> \"Folia Philosophica\", czasopismo wydawane przy Instytucie Filozofii U\u015a <\/a> <\/li><li> <a href=\"https:\/\/filozofuj.eu\/ \"> Czasopismo popularnonaukowe \"Filozofuj!\" <\/a> <\/li><li> <a href=\"https:\/\/ptfilozofia.pl\/\"> Polskie Towarzystwo Filozoficzne <\/a> <\/li><li> <a href=\"http:\/\/logika.net.pl\/\"> Polskie Towarzystwo Logiki i Filozofii Nauki <\/a> <\/li><li> <a href=\"https:\/\/pte.uj.edu.pl\/\"> Polskie Towarzystwo Estetyczne <\/a> <\/li><li> <a href=\"https:\/\/doradztwofilozoficzneptdf.wordpress.com\/?fbclid=IwAR3D_oNZROq2b9UQ-5TlVNiYzd2gHxZ7iV0DjL80HtKmc4aZGWAQ9VQiB-A \"> Polskie Towarzystwo Doradztwa Filozoficznego <\/a> <\/li><li> <a href=\"https:\/\/slaskifestiwalnauki.pl\/\"> \u015al\u0105ski Festiwal Nauki <\/a> <\/li><\/ul><\/div>\r\n                <\/div>\r\n            <\/div>[\/vc_column][vc_column width=&#8221;1\/3&#8243;][vc_empty_space]            \r\n            <div class=\"sidebar_moduls sidebar_moduls_facebok fb-page\"\r\n              data-href=\"https:\/\/www.facebook.com\/FilozofiaKatowice\" \r\n              data-width=\"330\"\r\n              data-hide-cover=\"false\"\r\n              data-show-facepile=\"true\"><\/div>\r\n             \r\n             <div id=\"fb-root\"><\/div>\r\n            <script async defer crossorigin=\"anonymous\" src=\" https:\/\/connect.facebook.net\/pl_PL\/sdk.js#xfbml=1&version=v4.0 \">                        \r\n            <\/script>\r\n            [vc_separator]            \r\n            <div class=\"sidebar_moduls sidebar_moduls_facebok fb-page\"\r\n              data-href=\"https:\/\/www.facebook.com\/wydz.humanistyczny.us\" \r\n              data-width=\"330\"\r\n              data-hide-cover=\"false\"\r\n              data-show-facepile=\"true\"><\/div>\r\n             \r\n             <div id=\"fb-root\"><\/div>\r\n            <script async defer crossorigin=\"anonymous\" src=\" https:\/\/connect.facebook.net\/pl_PL\/sdk.js#xfbml=1&version=v4.0 \">                        \r\n            <\/script>\r\n            [\/vc_column][\/vc_row][vc_column][\/vc_column][vc_column][\/vc_column]<\/p>\n<style type=\"text\/css\">a[data-mtli~=\"mtli_filesize145,71kB\"]:after {content:\" (145,71 kB)\"}a[data-mtli~=\"mtli_filesize239,76kB\"]:after {content:\" (239,76 kB)\"}a[data-mtli~=\"mtli_filesize117,17kB\"]:after {content:\" (117,17 kB)\"}a[data-mtli~=\"mtli_filesize116,09kB\"]:after {content:\" (116,09 kB)\"}a[data-mtli~=\"mtli_filesize96,03kB\"]:after {content:\" (96,03 kB)\"}a[data-mtli~=\"mtli_filesize16,92kB\"]:after {content:\" (16,92 kB)\"}a[data-mtli~=\"mtli_filesize135,29kB\"]:after {content:\" (135,29 kB)\"}a[data-mtli~=\"mtli_filesize64,63kB\"]:after {content:\" (64,63 kB)\"}a[data-mtli~=\"mtli_filesize19,77kB\"]:after {content:\" (19,77 kB)\"}a[data-mtli~=\"mtli_filesize53,00kB\"]:after {content:\" (53,00 kB)\"}a[data-mtli~=\"mtli_filesize708,92kB\"]:after {content:\" (708,92 kB)\"}a[data-mtli~=\"mtli_filesize303,33kB\"]:after {content:\" (303,33 kB)\"}a[data-mtli~=\"mtli_filesize525,16kB\"]:after {content:\" (525,16 kB)\"}a[data-mtli~=\"mtli_filesize418,69kB\"]:after {content:\" (418,69 kB)\"}a[data-mtli~=\"mtli_filesize331,09kB\"]:after {content:\" (331,09 kB)\"}a[data-mtli~=\"mtli_filesize337,39kB\"]:after {content:\" (337,39 kB)\"}a[data-mtli~=\"mtli_filesize190,54kB\"]:after {content:\" (190,54 kB)\"}a[data-mtli~=\"mtli_filesize91,49kB\"]:after {content:\" (91,49 kB)\"}a[data-mtli~=\"mtli_filesize149,86kB\"]:after {content:\" (149,86 kB)\"}a[data-mtli~=\"mtli_filesize144,19kB\"]:after {content:\" (144,19 kB)\"}a[data-mtli~=\"mtli_filesize139,90kB\"]:after {content:\" (139,90 kB)\"}a[data-mtli~=\"mtli_filesize142,03kB\"]:after {content:\" (142,03 kB)\"}<\/style>","protected":false},"excerpt":{"rendered":"<p>[vc_row el_class=&#8221;container&#8221;][vc_column width=&#8221;2\/3&#8243;][vc_custom_heading text=&#8221;Doradztwo filozoficzne i coaching&#8221; font_container=&#8221;tag:h2|text_align:left|color:%23002e5a&#8221; use_theme_fonts=&#8221;yes&#8221;][vc_separator color=&#8221;custom&#8221; border_width=&#8221;2&#8243; accent_color=&#8221;#002e5a&#8221;][vc_tta_accordion style=&#8221;modern&#8221; shape=&#8221;square&#8221; spacing=&#8221;1&#8243; gap=&#8221;1&#8243; active_section=&#8221;666&#8243; collapsible_all=&#8221;true&#8221;][vc_tta_section title=&#8221;Rejestracja na zaj\u0119cia &#8211; semestr letni 2025\/2026&#8243; tab_id=&#8221;1689339900986-9a0e6f71-9802&#8243;][\/vc_tta_section][vc_tta_section title=&#8221;Dy\u017cury pracownik\u00f3w&#8221; tab_id=&#8221;1689339926916-2f029354-bf61&#8243;][\/vc_tta_section][vc_tta_section title=&#8221;Opiekunowie grup studenckich&#8221; tab_id=&#8221;1689334271238-7e5a0f7d-d51b&#8221;][\/vc_tta_section][vc_tta_section title=&#8221;Zaj\u0119cia do wyboru&#8221; tab_id=&#8221;1689334271229-964d3601-c56d&#8221;][vc_row_inner][vc_column_inner][\/vc_column_inner][\/vc_row_inner][vc_row_inner][vc_column_inner][\/vc_column_inner][\/vc_row_inner][\/vc_tta_section][vc_tta_section title=&#8221;Seminaria dyplomowe i proces dyplomowania&#8221; tab_id=&#8221;1702381265959-b89457ae-a9c9&#8243;][vc_row_inner][vc_column_inner width=&#8221;1\/2&#8243;][\/vc_column_inner][vc_column_inner width=&#8221;1\/2&#8243;][\/vc_column_inner][\/vc_row_inner][\/vc_tta_section][vc_tta_section title=&#8221;Praktyki zawodowe&#8221; tab_id=&#8221;1726044487844-6cb2b6b7-9657&#8243;][\/vc_tta_section][vc_tta_section title=&#8221;Narz\u0119dziownik badacza&#8221; tab_id=&#8221;1788158685935-481252d1-f042&#8243;][\/vc_tta_section][\/vc_tta_accordion][vc_empty_space][vc_custom_heading text=&#8221;Aktualno\u015bci&#8221; font_container=&#8221;tag:h2|text_align:left|color:%239b132a&#8221; use_theme_fonts=&#8221;yes&#8221;][vc_separator color=&#8221;custom&#8221; [&#8230;]<\/p>\n<p><a class=\"btn btn-secondary understrap-read-more-link\" href=\"https:\/\/us.edu.pl\/wydzial\/wh\/kierunki-studiow\/doradztwo-filozoficzne-i-coaching\/\">Read More&#8230;<\/a><\/p>\n","protected":false},"author":1,"featured_media":0,"parent":997,"menu_order":0,"comment_status":"closed","ping_status":"closed","template":"","meta":{"_expiration-date-status":"","_expiration-date":0,"_expiration-date-type":"","_expiration-date-categories":[],"_expiration-date-options":[]},"acf":[],"_links":{"self":[{"href":"https:\/\/us.edu.pl\/wydzial\/wh\/wp-json\/wp\/v2\/pages\/169505"}],"collection":[{"href":"https:\/\/us.edu.pl\/wydzial\/wh\/wp-json\/wp\/v2\/pages"}],"about":[{"href":"https:\/\/us.edu.pl\/wydzial\/wh\/wp-json\/wp\/v2\/types\/page"}],"author":[{"embeddable":true,"href":"https:\/\/us.edu.pl\/wydzial\/wh\/wp-json\/wp\/v2\/users\/1"}],"replies":[{"embeddable":true,"href":"https:\/\/us.edu.pl\/wydzial\/wh\/wp-json\/wp\/v2\/comments?post=169505"}],"version-history":[{"count":12,"href":"https:\/\/us.edu.pl\/wydzial\/wh\/wp-json\/wp\/v2\/pages\/169505\/revisions"}],"predecessor-version":[{"id":198565,"href":"https:\/\/us.edu.pl\/wydzial\/wh\/wp-json\/wp\/v2\/pages\/169505\/revisions\/198565"}],"up":[{"embeddable":true,"href":"https:\/\/us.edu.pl\/wydzial\/wh\/wp-json\/wp\/v2\/pages\/997"}],"wp:attachment":[{"href":"https:\/\/us.edu.pl\/wydzial\/wh\/wp-json\/wp\/v2\/media?parent=169505"}],"curies":[{"name":"wp","href":"https:\/\/api.w.org\/{rel}","templated":true}]}}