{"id":17203,"date":"2021-12-28T11:09:25","date_gmt":"2021-12-28T10:09:25","guid":{"rendered":"https:\/\/us.edu.pl\/wydzial\/wh\/?page_id=17203"},"modified":"2026-04-28T13:06:42","modified_gmt":"2026-04-28T11:06:42","slug":"aktualnie-realizowane","status":"publish","type":"page","link":"https:\/\/us.edu.pl\/wydzial\/wh\/projekty-badawcze\/aktualnie-realizowane\/","title":{"rendered":"Aktualnie realizowane projekty"},"content":{"rendered":"<p>[vc_row el_class=&#8221;container&#8221;][vc_column width=&#8221;2\/3&#8243;]\r\n                <div class=\"text-modules\">\r\n                    <div class=\"container\">\r\n                        \r\n                        <div class=\"text-modules__content\"><p><img class=\"alignnone wp-image-194329 size-medium\" src=\"https:\/\/us.edu.pl\/wydzial\/wh\/wp-content\/uploads\/sites\/15\/Bez-kategorii\/mnisw-300x93.png\" alt=\"\" width=\"300\" height=\"93\" srcset=\"https:\/\/us.edu.pl\/wydzial\/wh\/wp-content\/uploads\/sites\/15\/Bez-kategorii\/mnisw-300x93.png 300w, https:\/\/us.edu.pl\/wydzial\/wh\/wp-content\/uploads\/sites\/15\/Bez-kategorii\/mnisw-1024x318.png 1024w, https:\/\/us.edu.pl\/wydzial\/wh\/wp-content\/uploads\/sites\/15\/Bez-kategorii\/mnisw-768x239.png 768w, https:\/\/us.edu.pl\/wydzial\/wh\/wp-content\/uploads\/sites\/15\/Bez-kategorii\/mnisw-575x179.png 575w, https:\/\/us.edu.pl\/wydzial\/wh\/wp-content\/uploads\/sites\/15\/Bez-kategorii\/mnisw.png 1389w\" sizes=\"(max-width: 300px) 100vw, 300px\" \/><\/p>\n<\/div>\r\n                    <\/div>\r\n                <\/div>[\/vc_column][vc_column width=&#8221;1\/3&#8243;][\/vc_column][\/vc_row][vc_row el_class=&#8221;container&#8221;][vc_column][vc_tta_accordion active_section=&#8221;0&#8243;][vc_tta_section title=&#8221;J\u0105kanie jako r\u00f3\u017cnorodno\u015b\u0107. Logopedyczno-lingwistyczna interdyscyplinarna perspektywa badawcza&#8221; tab_id=&#8221;1748338329528-4aeb2aaa-b4eb&#8221;]\r\n                <div class=\"text-modules\">\r\n                    <div class=\"container\">\r\n                        \r\n                        <div class=\"text-modules__content\"><p><strong>Nazwa konkursu: <\/strong>NPRH Sokrates \u2013 Ksi\u0105\u017cka upowszechniaj\u0105ca wyniki bada\u0144<\/p>\n<p><strong>Kierownik projektu: <\/strong>dr hab. Katarzyna W\u0119sierska<\/p>\n<p><strong>Kwota finasowania:<\/strong> 77 798 PLN<\/p>\n<\/div>\r\n                    <\/div>\r\n                <\/div>[\/vc_tta_section][vc_tta_section title=&#8221;Nowe \u015brodowiskowe opowie\u015bci na czas kryzysu klimatycznego&#8221; tab_id=&#8221;1777374174889-177bb305-4f0b&#8221;]\r\n                <div class=\"text-modules\">\r\n                    <div class=\"container\">\r\n                        \r\n                        <div class=\"text-modules__content\"><p><strong>Nazwa konkursu: <\/strong>NPRH Sokrates \u2013 Ksi\u0105\u017cka upowszechniaj\u0105ca wyniki bada\u0144<\/p>\n<p><strong>Kierownik projektu: <\/strong>dr Magdalena Ochwat<\/p>\n<p><strong>Kwota finasowania:<\/strong> 75 747 PLN<\/p>\n<\/div>\r\n                    <\/div>\r\n                <\/div>[\/vc_tta_section][vc_tta_section title=&#8221;Filozofia nauki \u2013 wprowadzenie&#8221; tab_id=&#8221;1777374173614-45345da2-e722&#8243;]\r\n                <div class=\"text-modules\">\r\n                    <div class=\"container\">\r\n                        \r\n                        <div class=\"text-modules__content\"><p><strong>Nazwa konkursu: <\/strong>NPRH Sokrates \u2013 Ksi\u0105\u017cka upowszechniaj\u0105ca wyniki bada\u0144<\/p>\n<p><strong>Kierownik projektu: <\/strong>prof. dr hab. Wojciech Sady<\/p>\n<p><strong>Kwota finasowania:<\/strong> 57 120 PLN<\/p>\n<\/div>\r\n                    <\/div>\r\n                <\/div>[\/vc_tta_section][vc_tta_section title=&#8221;&#8222;Powsta\u0144c\u00f3w \u015bl\u0105skich portret w\u0142asny (1919\u20131922). Pami\u0119\u0107 w\u0142adzy czy pami\u0119\u0107 prywatna? Krytyczne wydanie wspomnie\u0144 uczestnik\u00f3w&#8222;&#8221; tab_id=&#8221;1777374171490-e5009e5e-57d3&#8243;]\r\n                <div class=\"text-modules\">\r\n                    <div class=\"container\">\r\n                        \r\n                        <div class=\"text-modules__content\"><p><strong>Nazwa konkursu: <\/strong>NPRH \u2013 Fundamenty<\/p>\n<p><strong>Kierownik projektu: <\/strong>prof. dr hab. Maciej Fic<\/p>\n<p><strong>Czas trwania:<\/strong><\/p>\n<p><strong>Kwota finasowania:<\/strong> 926 777,48 PLN<\/p>\n<\/div>\r\n                    <\/div>\r\n                <\/div>[\/vc_tta_section][vc_tta_section title=&#8221;W kr\u0119gu dawnej i wsp\u00f3\u0142czesnej polszczyzny. Zwi\u0105zek frazeologiczny jako baza s\u0142owotw\u00f3rcza wyrazu&#8221; tab_id=&#8221;1777373299930-7fa90261-0ab6&#8243;]\r\n                <div class=\"text-modules\">\r\n                    <div class=\"container\">\r\n                        \r\n                        <div class=\"text-modules__content\"><p><strong>Nazwa konkursu: <\/strong>NPRH \u2013 Dziedzictwo Narodowe<\/p>\n<p><strong>Kierownik projektu: <\/strong>dr hab. Agnieszka Piela, prof U\u015a<\/p>\n<p><strong>Czas trwania:<\/strong> 21.10.2025-21.10.2028<\/p>\n<p><strong>Kwota finasowania:<\/strong> 184 986 PLN<\/p>\n<\/div>\r\n                    <\/div>\r\n                <\/div>[\/vc_tta_section][vc_tta_section title=&#8221;Teatr \u015al\u0105ski w archiwach i przekazach ustnych&#8221; tab_id=&#8221;1767778695506-2bad46e5-876c&#8221;]\r\n                <div class=\"text-modules\">\r\n                    <div class=\"container\">\r\n                        \r\n                        <div class=\"text-modules__content\"><p><strong>Nazwa konkursu: <\/strong>NPRH \u2013 Dziedzictwo Narodowe<\/p>\n<p><strong>Kierownik projektu: <\/strong>dr hab. Dorota Fox, prof. U\u015a<\/p>\n<p><strong>Czas trwania:<\/strong> 21.10.2025-21.10.2029<\/p>\n<p><strong>Kwota finasowania:<\/strong> 842 998 PLN<\/p>\n<\/div>\r\n                    <\/div>\r\n                <\/div>[\/vc_tta_section][vc_tta_section title=&#8221;Szczepa\u0144ski. Reaktywacja&#8221; tab_id=&#8221;1767778639084-67df20e4-9aed&#8221;]\r\n                <div class=\"text-modules\">\r\n                    <div class=\"container\">\r\n                        \r\n                        <div class=\"text-modules__content\"><p><strong>Nazwa konkursu: <\/strong>NPRH \u2013 Dziedzictwo Narodowe<\/p>\n<p><strong>Kierownik projektu: <\/strong>dr hab. Ma\u0142gorzata Krakowiak, prof. U\u015a<\/p>\n<p><strong>Czas trwania:<\/strong> 21.10.2025-21.10.2027<\/p>\n<p><strong>Kwota finasowania:<\/strong> 230 779 PLN<\/p>\n<\/div>\r\n                    <\/div>\r\n                <\/div>[\/vc_tta_section][vc_tta_section title=&#8221;Dziedzictwo i potencja\u0142 kulturowy polskiego Obszaru Warownego \u201e\u015al\u0105sk\u201d (dziedzictwo my\u015bli fortyfikacyjnej, unikatowy krajobraz urbanizacyjny, budowanie wsp\u00f3lnoty do\u015bwiadczenia i pami\u0119ci)&#8221; tab_id=&#8221;1767778572403-ac6c30d3-bb99&#8243;]\r\n                <div class=\"text-modules\">\r\n                    <div class=\"container\">\r\n                        \r\n                        <div class=\"text-modules__content\"><p><strong>Nazwa konkursu: <\/strong>NPRH \u2013 Dziedzictwo Narodowe<\/p>\n<p><strong>Kierownik projektu: <\/strong>prof. dr hab. Aleksandra Kunce<\/p>\n<p><strong>Czas trwania:<\/strong> 21.10.2025-21.10.2030<\/p>\n<p><strong>Kwota finasowania:<\/strong> 531 795 PLN<\/p>\n<\/div>\r\n                    <\/div>\r\n                <\/div>[\/vc_tta_section][vc_tta_section title=&#8221;T\u0142umaczenie i opracowanie naukowe Politiques de l&#8217;amiti\u00e9 Jacques&#8217;a Derridy&#8221; tab_id=&#8221;1767778497202-a4034597-4dab&#8221;]\r\n                <div class=\"text-modules\">\r\n                    <div class=\"container\">\r\n                        \r\n                        <div class=\"text-modules__content\"><p><strong>Nazwa konkursu: <\/strong>NPRH Uniwersalia 2.2<\/p>\n<p><strong>Kierownik projektu: <\/strong>dr Aleksander Kopka<\/p>\n<p><strong>Czas trwania:<\/strong> 08.10.2025-08.10.2028<\/p>\n<p><strong>Kwota finasowania:<\/strong> 135 168,00 PLN<\/p>\n<\/div>\r\n                    <\/div>\r\n                <\/div>[\/vc_tta_section][vc_tta_section title=&#8221;Wydanie Pseudo-Senecja\u0144skiego dramatu \u201eHercules Oetaeus&#8222; wraz z t\u0142umaczeniem na j\u0119zyk polski i komentarzem&#8221; tab_id=&#8221;1767778187574-b0d42621-5c0f&#8221;]\r\n                <div class=\"text-modules\">\r\n                    <div class=\"container\">\r\n                        \r\n                        <div class=\"text-modules__content\"><p><strong>Nazwa konkursu: <\/strong>NPRH Uniwersalia 2.2<\/p>\n<p><strong>Kierownik projektu: <\/strong>dr hab. Iwona S\u0142omak, prof. U\u015a<\/p>\n<p><strong>Czas trwania:<\/strong> 31.07.2025-31.10.2033<\/p>\n<p><strong>Kwota finasowania:<\/strong> 146 368,00 PLN<\/p>\n<\/div>\r\n                    <\/div>\r\n                <\/div>[\/vc_tta_section][vc_tta_section title=&#8221;Bizanty\u0144ski Ezop: bajki o zwierz\u0119tach w Bizancjum. T\u0142umaczenie i opracowanie tekst\u00f3w \u201eBajki Syntipasa&#8222; oraz \u201eStefanites i Ichnelates&#8222;&#8221; tab_id=&#8221;1767778146790-0ca0ece3-76ec&#8221;]\r\n                <div class=\"text-modules\">\r\n                    <div class=\"container\">\r\n                        \r\n                        <div class=\"text-modules__content\"><p><strong>Nazwa konkursu: <\/strong>NPRH Uniwersalia 2.2<\/p>\n<p><strong>Kierownik projektu: <\/strong>prof. dr hab. Przemys\u0142aw Marciniak<\/p>\n<p><strong>Czas trwania:<\/strong> 05.11.2025-05.11.2028<\/p>\n<p><strong>Kwota finasowania:<\/strong> 168 923,00 PLN<\/p>\n<\/div>\r\n                    <\/div>\r\n                <\/div>[\/vc_tta_section][vc_tta_section title=&#8221;T\u0142umaczenie monografii \u201eFriedrich Nietzsche in seinen Werken&#8222; na j\u0119zyk polski&#8221; tab_id=&#8221;1767778075154-9b84f1b4-9a72&#8243;]\r\n                <div class=\"text-modules\">\r\n                    <div class=\"container\">\r\n                        \r\n                        <div class=\"text-modules__content\"><p><strong>Nazwa konkursu: <\/strong>NPRH Uniwersalia 2.2<\/p>\n<p><strong>Kierownik projektu: <\/strong>dr hab. Gra\u017cyna Krupi\u0144ska<\/p>\n<p><strong>Czas trwania:<\/strong> 21.10.2025-21.10.2029<\/p>\n<p><strong>Kwota finasowania:<\/strong> 189 211,00 PLN<\/p>\n<\/div>\r\n                    <\/div>\r\n                <\/div>[\/vc_tta_section][vc_tta_section title=&#8221;Komentowana antologia literatury koptyjskiej&#8221; tab_id=&#8221;1767777984161-3539b90c-6abb&#8221;]\r\n                <div class=\"text-modules\">\r\n                    <div class=\"container\">\r\n                        \r\n                        <div class=\"text-modules__content\"><p><strong>Nazwa konkursu: <\/strong>NPRH Uniwersalia 2.2<\/p>\n<p><strong>Kierownik projektu: <\/strong>dr Przemys\u0142aw Piwowarczyk, prof. U\u015a<\/p>\n<p><strong>Czas trwania:<\/strong> 21.10.2025-21.10.2030<\/p>\n<p><strong>Kwota finasowania:<\/strong> 316 176,00 PLN<\/p>\n<\/div>\r\n                    <\/div>\r\n                <\/div>[\/vc_tta_section][vc_tta_section title=&#8221;Adaptacje biografii i tw\u00f3rczo\u015bci Josepha Conrada w kulturze wsp\u00f3\u0142czesnej&#8221; tab_id=&#8221;1767777840634-27e6827b-d717&#8243;]\r\n                <div class=\"text-modules\">\r\n                    <div class=\"container\">\r\n                        \r\n                        <div class=\"text-modules__content\"><p><strong>Nazwa konkursu: <\/strong>NPRH \u2013 Uniwersalia 2.1<\/p>\n<p><strong>Kierownik projektu: <\/strong>prof. dr hab. Agnieszka Po\u015bpiech<\/p>\n<p><strong>Czas trwania:<\/strong> 31.07.2025-31.10.2028<\/p>\n<p><strong>Kwota finasowania:<\/strong> 117 336 PLN<\/p>\n<\/div>\r\n                    <\/div>\r\n                <\/div>[\/vc_tta_section][vc_tta_section title=&#8221;Postprzemys\u0142owa dziewczy\u0144sko\u015b\u0107? Analiza por\u00f3wnawcza wybranej tw\u00f3rczo\u015bci powie\u015bciopisarek najm\u0142odszego pokolenia ze \u015brodowisk \u201epost-w\u0119glowych\u201d w Anglii i w regionie \u015al\u0105ska i Zag\u0142\u0119bia&#8221; tab_id=&#8221;1751008077192-eebdb3d2-698d&#8221;]\r\n                <div class=\"text-modules\">\r\n                    <div class=\"container\">\r\n                        \r\n                        <div class=\"text-modules__content\"><p><strong>Nazwa konkursu: <\/strong>Miniatura 9, Postprzemys\u0142owa dziewczy\u0144sko\u015b\u0107? Analiza por\u00f3wnawcza wybranej tw\u00f3rczo\u015bci powie\u015bciopisarek najm\u0142odszego pokolenia ze \u015brodowisk \u201epost-w\u0119glowych\u201d w Anglii i w regionie \u015al\u0105ska i Zag\u0142\u0119bia<\/p>\n<p><strong>Kierownik projektu: <\/strong>dr Julia Katarzyna Szo\u0142tysek<\/p>\n<p><strong>Kwota finasowania:<\/strong> 23 903 PLN<\/p>\n<\/div>\r\n                    <\/div>\r\n                <\/div>[\/vc_tta_section][vc_tta_section title=&#8221;Czytanie Wybickiego. Cz. 1-2&#8243; tab_id=&#8221;1750919604381-026419ad-a313&#8243;]\r\n                <div class=\"text-modules\">\r\n                    <div class=\"container\">\r\n                        \r\n                        <div class=\"text-modules__content\"><p><strong>Nazwa konkursu: <\/strong>Doskona\u0142a Nauka II \u2013 Wsparcie monografii naukowych<\/p>\n<p><strong>Kierownik projektu: <\/strong><a href=\"https:\/\/us.edu.pl\/instytut\/il\/osoby\/bozena-mazurek\/\">prof. dr hab. Bo\u017cena Mazurek<\/a><\/p>\n<p><strong>Czas trwania:<\/strong> 15.11.2024-15.05.2026<\/p>\n<p><strong>Kwota finasowania:<\/strong> 59 699 PLN<\/p>\n<\/div>\r\n                    <\/div>\r\n                <\/div>[\/vc_tta_section][vc_tta_section title=&#8221;Ideologie historii alternatywnych&#8221; tab_id=&#8221;1730818489692-cfd758a0-2101&#8243;]\r\n                <div class=\"text-modules\">\r\n                    <div class=\"container\">\r\n                        \r\n                        <div class=\"text-modules__content\"><p><strong>Nazwa konkursu: <\/strong>Doskona\u0142a Nauka II \u2013 Wsparcie monografii naukowych<\/p>\n<p><strong>Kierownik projektu: <\/strong><a href=\"https:\/\/us.edu.pl\/instytut\/il\/osoby\/pawel-tomczok\/\">dr hab. Pawe\u0142 Tomczok, prof. U\u015a<\/a><\/p>\n<p><strong>Czas trwania:<\/strong> 15.11.2024-15.11.2026<\/p>\n<p><strong>Kwota finasowania:<\/strong> 50 993 PLN<\/p>\n<\/div>\r\n                    <\/div>\r\n                <\/div>[\/vc_tta_section][vc_tta_section title=&#8221;Przek\u0142ad na j. w\u0142oski monografii Poetka i \u015awiat. Studia i szkice o tw\u00f3rczo\u015bci Wis\u0142awy Szymborskiej&#8221; tab_id=&#8221;1730818484781-b1ae94a4-3402&#8243;]\r\n                <div class=\"text-modules\">\r\n                    <div class=\"container\">\r\n                        \r\n                        <div class=\"text-modules__content\"><p><strong>Nazwa konkursu: <\/strong>Doskona\u0142a Nauka II \u2013 Wsparcie monografii naukowych<\/p>\n<p><strong>Kierownik projektu: <\/strong><a href=\"https:\/\/us.edu.pl\/instytut\/ipo\/pracownicy\/iwona-gralewicz-wolny\/\">dr hab. Iwona Gralewicz-Wolny, prof. U\u015a<\/a><\/p>\n<p><strong>Czas trwania:<\/strong> 15.11.2024-15.05.2026<\/p>\n<p><strong>Kwota finasowania:<\/strong> 25 946 PLN<\/p>\n<\/div>\r\n                    <\/div>\r\n                <\/div>[\/vc_tta_section][vc_tta_section title=&#8221;Wysi\u0142ek militarny Rzeczypospolitej Obojga Narod\u00f3w czas\u00f3w Waz\u00f3w w relacjach dyplomat\u00f3w papieskich&#8221; tab_id=&#8221;1717590910847-a638a7a8-a4d1&#8243;]\r\n                <div class=\"text-modules\">\r\n                    <div class=\"container\">\r\n                        \r\n                        <div class=\"text-modules__content\"><p><strong>Nazwa konkursu: <\/strong>NPRH \u2013 Fundamenty<\/p>\n<p><strong>Kierownik projektu: <\/strong>dr Pawe\u0142 Duda<\/p>\n<p><strong>Czas trwania:<\/strong> 12.02.2024-12.02.2027<\/p>\n<p><strong>Kwota finasowania: <\/strong>590 650\u00a0PLN<\/p>\n<p><strong>Opis projektu:<\/strong><\/p>\n<p>Celem projektu jest przygotowanie edycji \u017ar\u00f3d\u0142owej niepublikowanych dotychczas fragment\u00f3w korespondencji dyplomat\u00f3w papieskich, kt\u00f3re odnosi\u0142y si\u0119 do wysi\u0142ku militarnego Rzeczypospolitej Obojga Narod\u00f3w w latach 1587\u20131668 \u2013 cotygodniowych raport\u00f3w s\u0142anych do Rzymu przez nuncjuszy apostolskich rezyduj\u0105cych w pa\u0144stwie polsko-litewskim epoki Waz\u00f3w. W Archivio Apostolico Vaticano oraz w Biblioteca Apostolica Vaticana przeprowadzone zostan\u0105 kwerendy, analizie poddana zostanie korespondencja dyplomat\u00f3w papieskich rezyduj\u0105cych w Rzeczypospolitej w omawianym czasie oraz materia\u0142 \u017ar\u00f3d\u0142owy wygenerowany przez inne nuncjatury (mi\u0119dzy innymi w Wiedniu, Pary\u017cu, Madrycie), dokonana zostanie jego selekcja, transkrypcja, korekta, ponadto opracowany zostanie aparat naukowy. Pozyskany materia\u0142 \u017ar\u00f3d\u0142owy b\u0119dzie stanowi\u0142 podstaw\u0119 wydania pi\u0119ciu publikacji w j\u0119zyku angielskim (w wydaniu papierowym oraz w postaci e-book\u00f3w w formule\u00a0<em>open access<\/em>).<\/p>\n<p>Edycja wprowadzi do bada\u0144 historycznych niepublikowany dotychczas w takim uj\u0119ciu tematycznym materia\u0142 \u017ar\u00f3d\u0142owy, a tym samym poszerzy zakres dost\u0119pnej wiedzy historycznej, jak r\u00f3wnie\u017c mo\u017ce stanowi\u0107 asumpt do dalszych bada\u0144 nad tematem wojen i wojskowo\u015bci polskiej XVI\u2013XVII wieku, relacji Rzeczypospolitej Obojga Narod\u00f3w z jej s\u0105siadami oraz ze Stolic\u0105 Apostolsk\u0105, rol\u0105 pa\u0144stwa polsko-litewskiego w polityce og\u00f3lnoeuropejskiej, jak r\u00f3wnie\u017c nad sposobem pozyskiwania i obiegu informacji w strukturach papieskiej s\u0142u\u017cby dyplomatycznej.<\/p>\n<\/div>\r\n                    <\/div>\r\n                <\/div>[\/vc_tta_section][vc_tta_section title=&#8221;Krakowskie XV-wieczne kazania uniwersyteckie, ze szczeg\u00f3lnym uwzgl\u0119dnieniem \u201eRecommendationes scientiarum\u201d oraz \u201ePrincipia\u201d do pism filozoficznych&#8221; tab_id=&#8221;1736858529647-ddf2d75c-adf4&#8243;]\r\n                <div class=\"text-modules\">\r\n                    <div class=\"container\">\r\n                        \r\n                        <div class=\"text-modules__content\"><p><strong>Nazwa konkursu: <\/strong>NPRH \u2013 Dziedzictwo narodowe<\/p>\n<p><strong>Kierownik projektu: <\/strong>dr Maciej Stanek<\/p>\n<p><strong>Czas trwania:<\/strong> 07.03.2024-07.03.2029<\/p>\n<p><strong>Kwota finasowania: <\/strong>1 328 927,84 PLN<\/p>\n<\/div>\r\n                    <\/div>\r\n                <\/div>[\/vc_tta_section][vc_tta_section title=&#8221;Bibliotheca Bavoroviana Leopoliensis \u2013 baza danych inkunabu\u0142\u00f3w oraz druk\u00f3w z lat 1701-1830 w zbiorach lwowskich i ksi\u0105\u017cek przemieszczonych po 1939 r. Stan, opracowanie naukowe i ocena konserwatorska&#8221; tab_id=&#8221;1717590861383-42f52314-8284&#8243;]\r\n                <div class=\"text-modules\">\r\n                    <div class=\"container\">\r\n                        \r\n                        <div class=\"text-modules__content\"><p><strong>Nazwa konkursu: <\/strong>NPRH \u2013 Dziedzictwo narodowe<\/p>\n<p><strong>Kierownik projektu: <\/strong>dr hab. Jolanta Gwio\u017adzik, prof. U\u015a<\/p>\n<p><strong>Czas trwania:<\/strong> 11.03.2024-11.03.2029<\/p>\n<p><strong>Kwota finasowania: <\/strong>674\u00a0625,78\u00a0PLN<\/p>\n<\/div>\r\n                    <\/div>\r\n                <\/div>[\/vc_tta_section][vc_tta_section title=&#8221;Polacy w Niemczech w \u015bwietle bada\u0144 nad Archiwum Polskiej Misji Katolickiej w Hanowerze \u2013 edycja dokument\u00f3w&#8221; tab_id=&#8221;1717590762872-e376f845-1c30&#8243;]\r\n                <div class=\"text-modules\">\r\n                    <div class=\"container\">\r\n                        \r\n                        <div class=\"text-modules__content\"><p><strong>Nazwa konkursu: <\/strong>NPRH \u2013 Dziedzictwo narodowe<\/p>\n<p><strong>Kierownik projektu: <\/strong>prof. dr hab. Renata Dampc-Jarosz<\/p>\n<p><strong>Czas trwania:<\/strong> 08.03.2024-08.03.2028<\/p>\n<p><strong>Kwota finasowania: <\/strong>771\u00a0667,45\u00a0PLN<\/p>\n<\/div>\r\n                    <\/div>\r\n                <\/div>[\/vc_tta_section][vc_tta_section title=&#8221;Polscy filozofowie na \u015awiatowych Kongresach Filozofii (1900-1937)&#8221; tab_id=&#8221;1717590581361-c110b977-7e2f&#8221;]\r\n                <div class=\"text-modules\">\r\n                    <div class=\"container\">\r\n                        \r\n                        <div class=\"text-modules__content\"><p><strong>Nazwa konkursu: <\/strong>NPRH \u2013 Dziedzictwo narodowe<\/p>\n<p><strong>Kierownik projektu: <\/strong>dr hab. Dariusz B\u0119ben, prof. U\u015a<\/p>\n<p><strong>Czas trwania:<\/strong> 07.03.2024-07.03.2026<\/p>\n<p><strong>Kwota finasowania: <\/strong>132\u00a0454,70\u00a0PLN<\/p>\n<\/div>\r\n                    <\/div>\r\n                <\/div>[\/vc_tta_section][vc_tta_section title=&#8221;Promocja bada\u0144 zespo\u0142u Geo-Eko-Humanistyka&#8221; tab_id=&#8221;1711456228441-f2493a2d-f56f&#8221;]\r\n                <div class=\"text-modules\">\r\n                    <div class=\"container\">\r\n                        \r\n                        <div class=\"text-modules__content\"><p><strong>Nazwa konkursu: <\/strong>Spo\u0142eczna odpowiedzialno\u015b\u0107 nauki II &#8211; Popularyzacja nauki<\/p>\n<p><strong>Kierownik projektu:\u00a0<\/strong>dr hab. Lucyna Sadzikowska, prof. U\u015a<\/p>\n<p><strong>Czas trwania:<\/strong> 01.10.2023-30.05.2026 | <strong>Okres realizacji: <\/strong>24 miesi\u0119cy<\/p>\n<p><strong>Kwota finasowania: <\/strong>200 000 PLN<\/p>\n<p><strong>Streszczenie popularnonaukowe:\u00a0<\/strong><\/p>\n<p>Projekt zak\u0142ada m.in. organizacj\u0119 szkole\u0144 z humanistyki terenowej, publikacje \u015brodowiskowe oraz realizacj\u0119 wystaw naukowo-artystycznych po\u015bwi\u0119conych \u015brodowisku i zmianie klimatycznej.<\/p>\n<\/div>\r\n                    <\/div>\r\n                <\/div>[\/vc_tta_section][vc_tta_section title=&#8221;Edycja krytyczna list\u00f3w i archiwalnych materia\u0142\u00f3w pi\u015bmiennych wi\u0119\u017ani\u00f3w oboz\u00f3w koncentracyjnych (Stutthof, Gross-Rosen, Auschwitz)&#8221; tab_id=&#8221;1706539301968-343f9185-3a84&#8243;]\r\n                <div class=\"text-modules\">\r\n                    <div class=\"container\">\r\n                        \r\n                        <div class=\"text-modules__content\"><p><strong>Nazwa konkursu: <\/strong>NPRH \u2013 Dziedzictwo narodowe<\/p>\n<p><strong>Kierownik projektu: <\/strong>dr hab. Lucyna Sadzikowska, prof. U\u015a<\/p>\n<p><strong>Czas trwania:<\/strong> 20.02.2024-20.02.2029<\/p>\n<p><strong>Kwota finasowania: <\/strong>1 120 944,34\u00a0PLN<\/p>\n<p><strong>Streszczenie popularnonaukowe:\u00a0<\/strong><\/p>\n<p>Zasadniczym celem projektu jest naukowe opracowanie unikatowego zasobu \u017ar\u00f3d\u0142owego, istotnego dla polskiego dziedzictwa kulturowego, jego ochrona, upowszechnienie i w\u0142\u0105czenie do \u017cywej tradycji kultury narodowej. Materia\u0142ow\u0105 podstaw\u0105 bada\u0144 s\u0105 teksty autorstwa wi\u0119\u017ani\u00f3w oboz\u00f3w koncentracyjnych (Stutthof, Gross-Rosen, Auschwitz). Projekt stawia sobie za cel transkrypcj\u0119, t\u0142umaczenie z j\u0119zyka niemieckiego, opracowanie i opatrzenie aparatem krytycznym, historyczno-filologicznym oraz dwuj\u0119zyczn\u0105 publikacj\u0119 zespo\u0142u list\u00f3w, dokument\u00f3w, a tak\u017ce zachowanych innych nietekstowych dokument\u00f3w osobistych.<\/p>\n<\/div>\r\n                    <\/div>\r\n                <\/div>[\/vc_tta_section][vc_tta_section title=&#8221;Oblicza zwrotu deskryptywnego \u2013 fenomen opisu w literaturze polskiej po roku \u201945&#8243; tab_id=&#8221;1678451832434-1a0864b3-67bc&#8221;]\r\n                <div class=\"text-modules\">\r\n                    <div class=\"container\">\r\n                        \r\n                        <div class=\"text-modules__content\"><p><strong>Nazwa konkursu:\u00a0<\/strong>Per\u0142y nauki<\/p>\n<p><strong>Kierownik projektu: <\/strong>mgr Maciej Mazur<\/p>\n<p><strong>Opiekun naukowy:\u00a0<\/strong>prof. dr hab. Adam Dziadek<\/p>\n<p><strong>Czas trwania:<\/strong> 16.05.2023-16.05.2027 | <strong>Okres realizacji:\u00a0<\/strong>48 miesi\u0119cy<\/p>\n<p><strong>Kwota finasowania:\u00a0<\/strong>192 493 PLN<\/p>\n<\/div>\r\n                    <\/div>\r\n                <\/div>[\/vc_tta_section][vc_tta_section title=&#8221;Nicolai Hartmann: Poznanie w \u015bwietle ontologii i inne pisma \u2013 t\u0142umaczenie, redakcja naukowa i wydanie pism Nicolaia Hartmanna&#8221; tab_id=&#8221;1717592067644-73fd42a3-8859&#8243;]\r\n                <div class=\"text-modules\">\r\n                    <div class=\"container\">\r\n                        \r\n                        <div class=\"text-modules__content\"><p><strong>Nazwa konkursu:\u00a0<\/strong>NPHR Uniwersalia 2.2<\/p>\n<p><strong>Kierownik projektu:<\/strong> <a href=\"https:\/\/us.edu.pl\/instytut\/ifil\/osoby\/alicja-pietras\/\">dr Alicja Pietras<\/a><\/p>\n<p><strong>Czas trwania:<\/strong> 03.11.2023-03.05.2026 | <strong>Okres realizacji: <\/strong>24 miesi\u0105ce<\/p>\n<p><strong>Kwota finasowania: <\/strong>178\u00a0035,05\u00a0PLN<\/p>\n<p><strong>Cel projektu:<\/strong><\/p>\n<p>Celem projektu jest przygotowanie t\u0142umaczenia, krytyczne opracowanie oraz redakcja sze\u015bciu niedost\u0119pnych w j\u0119zyku polskim, najwa\u017cniejszych dla rozumienia kszta\u0142towania si\u0119 i przemian jego krytycznej ontologii, aksjologii i antropologii artyku\u0142\u00f3w Nicolala Hartmanna, zebranych i wydanych po jego \u015bmierci w zbiorze pism Kleinere Schriften.<\/p>\n<\/div>\r\n                    <\/div>\r\n                <\/div>[\/vc_tta_section][vc_tta_section title=&#8221;Przek\u0142ad i komentarz \u0142aci\u0144skoj\u0119zycznych pism Francesco Petrarki (\u201eRerum memorandarum libri\u201d, \u201eAfrica\u201d oraz \u201eCollatio inter Scipionem Alexandrum Hannibalem et Pyrhum\u201d)&#8221; tab_id=&#8221;1717592590659-daab709b-abfe&#8221;]\r\n                <div class=\"text-modules\">\r\n                    <div class=\"container\">\r\n                        \r\n                        <div class=\"text-modules__content\"><p><strong>Nazwa konkursu:\u00a0<\/strong>NPHR Uniwersalia 2.2<\/p>\n<p><strong>Kierownik projektu:<\/strong> <a href=\"https:\/\/us.edu.pl\/instytut\/il\/osoby\/patrycja-matusiak\/\">dr Patrycja Matusiak<\/a><\/p>\n<p><strong>Czas trwania:<\/strong> 03.11.2023-03.11.2028 | <strong>Okres realizacji: <\/strong>60 miesi\u0119cy<\/p>\n<p><strong>Kwota finasowania: <\/strong>237\u00a0080\u00a0PLN<\/p>\n<\/div>\r\n                    <\/div>\r\n                <\/div>[\/vc_tta_section][vc_tta_section title=&#8221;\u201eZ ziemi w\u0142oskiej do Polski\u2026\u201d T\u0142umaczenie oraz edycja naukowa wraz z komparatystycznym komentarzem tetralogii reporterskiej Kazimiery Alberti&#8221; tab_id=&#8221;1717592487119-4edd5d04-2a83&#8243;]\r\n                <div class=\"text-modules\">\r\n                    <div class=\"container\">\r\n                        \r\n                        <div class=\"text-modules__content\"><p><strong>Nazwa konkursu:\u00a0<\/strong>NPHR Uniwersalia 2.2<\/p>\n<p><strong>Kierownik projektu:<\/strong> <a href=\"https:\/\/us.edu.pl\/instytut\/il\/osoby\/mariusz-jochemczyk\/\">dr hab. Mariusz Jochemczyk, prof. U\u015a<\/a><\/p>\n<p><strong>Czas trwania:<\/strong> 15.11.2023-15.11.2028 | <strong>Okres realizacji: <\/strong>60 miesi\u0119cy<\/p>\n<p><strong>Kwota finasowania: <\/strong>598\u00a0423\u00a0PLN<\/p>\n<\/div>\r\n                    <\/div>\r\n                <\/div>[\/vc_tta_section][vc_tta_section title=&#8221;Filozofia przedsokratejska. Fragmenty i doksografia \u2013 t\u0142umaczenie i komentarz. Cz\u0119\u015b\u0107 I: Pocz\u0105tki my\u015bli filozoficznej \u2013 Jo\u0144czycy&#8221; tab_id=&#8221;1717592330798-b1cb0d99-4fdb&#8221;]\r\n                <div class=\"text-modules\">\r\n                    <div class=\"container\">\r\n                        \r\n                        <div class=\"text-modules__content\"><p><strong>Nazwa konkursu:\u00a0<\/strong>NPHR Uniwersalia 2.2<\/p>\n<p><strong>Kierownik projektu:<\/strong> <a href=\"https:\/\/us.edu.pl\/instytut\/ifil\/osoby\/dariusz-kubok\/\">prof. dr hab. Dariusz Kubok<\/a><\/p>\n<p><strong>Czas trwania:<\/strong> 03.11.2023-03.11.2026 | <strong>Okres realizacji:\u00a0<\/strong>24 miesi\u0105ce<\/p>\n<p><strong>Kwota finasowania: <\/strong>217 982,10 PLN<\/p>\n<p><strong>Cel projektu: <\/strong><\/p>\n<p>Celem projektu jest krytyczne wydanie oraz t\u0142umaczenie z j\u0119zyk\u00f3w orygina\u0142u na j\u0119zyk polski pism i testimoni\u00f3w pierwszych jo\u0144skich my\u015blicieli, a tak\u017ce \u015bwiadectwa staro\u017cytnych komentator\u00f3w na ich temat wraz z opracowaniem.<\/p>\n<\/div>\r\n                    <\/div>\r\n                <\/div>[\/vc_tta_section][vc_tta_section title=&#8221;Specyfika humanistyki jako nauki wed\u0142ug Heinricha Rickerta&#8221; tab_id=&#8221;1717592243901-fd254a52-e202&#8243;]\r\n                <div class=\"text-modules\">\r\n                    <div class=\"container\">\r\n                        \r\n                        <div class=\"text-modules__content\"><p><strong>Nazwa konkursu:\u00a0<\/strong>NPHR Uniwersalia 2.2<\/p>\n<p><strong>Kierownik projektu: <\/strong><a href=\"https:\/\/us.edu.pl\/instytut\/ifil\/osoby\/tomasz-kubalica\/\">dr hab. Tomasz Kubalica, prof. U\u015a<\/a><\/p>\n<p><strong>Czas trwania:<\/strong> 03.11.2023-03.11.2028 | <strong>Okres realizacji:\u00a0<\/strong>24 miesi\u0105ce<\/p>\n<p><strong>Kwota finasowania: <\/strong>256\u00a0926\u00a0PLN<\/p>\n<p><strong>Cel projektu: <\/strong><\/p>\n<p>Celem projektu jest udost\u0119pnienie polskiemu czytelnikowi uwa\u017canych za wzorcowe rozwa\u017ca\u0144 dotycz\u0105cych specyfiki nauk humanistycznych autorstwa Heinricha Rickerta, jak r\u00f3wnie\u017c przybli\u017cenie mniej znanego dorobku tego my\u015bliciela w zakresie filozofii nauki.<\/p>\n<\/div>\r\n                    <\/div>\r\n                <\/div>[\/vc_tta_section][vc_tta_section title=&#8221;\u201eKazania parafialne\u201d Johna Henry\u2019ego Newmana&#8221; tab_id=&#8221;1717592754071-5ff6c5ff-2edf&#8221;]\r\n                <div class=\"text-modules\">\r\n                    <div class=\"container\">\r\n                        \r\n                        <div class=\"text-modules__content\"><p><strong>Nazwa konkursu:\u00a0<\/strong>NPHR Uniwersalia 2.2<\/p>\n<p><strong>Kierownik projektu:<\/strong> <a href=\"https:\/\/us.edu.pl\/instytut\/ij\/osoby\/marcin-kuczok\/\">dr Marcin Kuczok<\/a><\/p>\n<p><strong>Czas trwania:<\/strong> 31.07.2025-31.10.2038<\/p>\n<p><strong>Kwota finasowania: <\/strong>122 400 PLN<\/p>\n<\/div>\r\n                    <\/div>\r\n                <\/div>[\/vc_tta_section][vc_tta_section title=&#8221;Krakowskie XV-wieczne komentarze do &#8222;De anima&#8222; Arystotelesa. Cz\u0119\u015b\u0107 I: &#8222;Quaestiones&#8222; Andrzeja Ruczela z Ko\u015bciana i Anonimowe &#8222;Puncta secundum Benedictum Hesse&#8222;&#8221; tab_id=&#8221;1671030476801-8e60d2aa-51ac&#8221;]\r\n                <div class=\"text-modules\">\r\n                    <div class=\"container\">\r\n                        \r\n                        <div class=\"text-modules__content\"><p><strong>Nazwa konkursu:<\/strong> NPRH \u2013 Dziedzictwo Narodowe<\/p>\n<p><strong>Kierownik projektu:<\/strong> prof. dr hab. Hanna Wojtczak<\/p>\n<p><strong>Czas trwania:<\/strong> 22.03.2022-21.03.2027 |\u00a0<strong>Okres realizacji:<\/strong> 22.03.2022- 21.03.2027<\/p>\n<p><strong>Kwota finansowania:<\/strong> 796 491 PLN<\/p>\n<\/div>\r\n                    <\/div>\r\n                <\/div>[\/vc_tta_section][vc_tta_section title=&#8221;Rola Ko\u015bcio\u0142a i inicjatyw lokalnych w gromadzeniu narodowego dziedzictwa w\u0119gla kamiennego&#8221; tab_id=&#8221;1667989195318-818b6971-9eab&#8221;]\r\n                <div class=\"text-modules\">\r\n                    <div class=\"container\">\r\n                        \r\n                        <div class=\"text-modules__content\"><p><strong>Nazwa konkursu: <\/strong>Nauka dla Spo\u0142ecze\u0144stwa<\/p>\n<p><strong>Kierownik projektu: <\/strong><a href=\"https:\/\/us.edu.pl\/instytut\/il\/osoby\/marta-tomczok\/\">prof. dr hab. Marta Tomczok<\/a><\/p>\n<p><strong>Czas trwania: <\/strong>27.02.2024-27.02.2027<strong> | Okres realizacji: <\/strong>36 miesi\u0119cy<\/p>\n<p><strong>Kwota finansowania:<\/strong> 292 380 PLN<\/p>\n<p><strong>Cel projektu: <\/strong><\/p>\n<p>W Polsce ani g\u00f3rnictwo, ani kultura w\u0119gla nie by\u0142y dot\u0105d przedmiotem bada\u0144 historii m\u00f3wionej, dlatego zak\u0142adane w niniejszym projekcie dzia\u0142ania maj\u0105 charakter innowacyjny i prekursorski. Podobnie nie by\u0142y badane tak\u017ce spo\u0142eczne i kulturowe konsekwencje restrukturyzacji g\u00f3rnictwa, a przede wszystkim ich zintegrowana posta\u0107, jak\u0105 jest narodowe dziedzictwo w\u0119gla kamiennego. Narracje m\u00f3wione g\u00f3rnik\u00f3w i ich otoczenia maj\u0105 szans\u0119 na wniesienie zar\u00f3wno korekt w stosunku do komunistycznej wizji kultury, jak i na wytworzenie wsp\u00f3\u0142cze\u015bnie wa\u017cnej kultury kultywowanej przez starzej\u0105c\u0105 si\u0119 cz\u0119\u015b\u0107 spo\u0142ecze\u0144stwa.\u00a0Jej zebranie i zaprezentowanie podczas wielu, przewidzianych w tym projekcie inicjatyw z udzia\u0142em ludzi m\u0142odych, stan\u0105 si\u0119 czynnie przekazywan\u0105 tradycj\u0105 polskiego dziedzictwa narodowego, w kt\u00f3rym wa\u017cn\u0105 rol\u0119 odgrywaj\u0105 my\u015bl religijna i aktywizm spo\u0142eczny.<\/p>\n<\/div>\r\n                    <\/div>\r\n                <\/div>[\/vc_tta_section][vc_tta_section title=&#8221;&#8222;Powsta\u0144c\u00f3w \u015bl\u0105skich portret w\u0142asny (1919\u20131922). Pami\u0119\u0107 w\u0142adzy czy pami\u0119\u0107 prywatna? Krytyczne wydanie wspomnie\u0144 uczestnik\u00f3w&#8222;&#8221; tab_id=&#8221;1767778889309-26b165b6-4e5a&#8221;]\r\n                <div class=\"text-modules\">\r\n                    <div class=\"container\">\r\n                        \r\n                        <div class=\"text-modules__content\"><p><strong>Nazwa konkursu: <\/strong>NPRH \u2013 Fundamenty<\/p>\n<p><strong>Kierownik projektu: <\/strong>prof dr hab. Maciej Fic<\/p>\n<p><strong>Czas trwania:<\/strong> 20.02.2023-20.02.2028<\/p>\n<p><strong>Kwota finasowania: <\/strong>926 777,48 PLN<\/p>\n<\/div>\r\n                    <\/div>\r\n                <\/div>[\/vc_tta_section][vc_tta_section tab_id=&#8221;1640698862325-106b1f18-e77b&#8221; title=&#8221;Dziedzictwo ksi\u0105zki dawnej Rzeczypospolitej. Druki z lat 1459-1600 w zbiorach paulin\u00f3w prowincji polskiej&#8221;]\r\n                <div class=\"text-modules\">\r\n                    <div class=\"container\">\r\n                        \r\n                        <div class=\"text-modules__content\"><p><strong>Nazwa konkursu: <\/strong>NPRH &#8211; Dziadzictwo Narodowe<\/p>\n<p><strong>Kierownik projektu: <\/strong>prof. Leonard Ogierman<\/p>\n<p><strong>Kwota finasowania: <\/strong>584 272 PLN |\u00a0<strong>Okres realizacji: <\/strong>15.11.2024-15.11.2035<\/p>\n<p><strong>Streszczenie popularnonaukowe:\u00a0<\/strong><\/p>\n<p>Projekt zak\u0142ada dokumentacj\u0119 i kompleksowe opracowanie druk\u00f3w z lat 1459-1600, zgromadzonych przez paulin\u00f3w polskich.Badania interdyscyplinarne obejm\u0105 rejestracj\u0119 druk\u00f3w, ich analiz\u0119 bibliologiczn\u0105, tegumentologiczn\u0105 i paleograficzn\u0105, z wykorzystaniem element\u00f3w prac konserwatorskich, a nast\u0119pnie monograficzne om\u00f3wienie zwi\u0105zk\u00f3w kolekcji z kultur\u0105 umys\u0142ow\u0105 epoki Jagiello\u0144skiej i relacji z intelektualnym dziedzictwem europejskim. Zaplanowano:<br \/>\n1. Kompleksowe opracowanie ok. 320 inkunabu\u0142\u00f3w i ok. 2,5 tys. druk\u00f3w z XVI w., przechowywanych g\u0142\u00f3wnie na Jasnej G\u00f3rze i na Ska\u0142ce. Przewidziano pe\u0142n\u0105 charakterystyk\u0119 tych druk\u00f3w, czyli opis bibliograficzny oraz analiz\u0119 i cyfrow\u0105 dokumentacj\u0119 znak\u00f3w proweniencyjnych, a tak\u017ce r\u00f3\u017cnego rodzaju egodokument\u00f3w (g\u0142\u00f3wnie not marginalnych). Za\u0142o\u017cono tak\u017ce charakterystyk\u0119 oryginalnych opraw (ok. 1, 5 tys. zachowanych, w tym kilkadziesi\u0105t tzw. opraw jagiello\u0144skich). Te zbiory dot\u0105d nie podlega\u0142y dokumentacji, jedynie cz\u0119\u015b\u0107 inkunabu\u0142\u00f3w by\u0142a zarejestrowana w katalogu (Incunabula que in bibliothecis Poloniae asservantur 1970-1993), cho\u0107 nie uwzgl\u0119dniono tam ponad 85 tytu\u0142\u00f3w, a opis pozosta\u0142ych by\u0142 znacz\u0105co skr\u00f3cony.<br \/>\n2. Ocen\u0119 aktualnego stanu zachowania ka\u017cdego egzemplarza, wraz z opisem ujawnionych defekt\u00f3w i przebytych chor\u00f3b pochodzenia mikrobiologicznego i entomologicznego.<br \/>\n3. Przedstawienie obiegu druk\u00f3w XV-XVI w., opracowane z wykorzystaniem \u017ar\u00f3de\u0142 archiwalnych oraz cech indywidualnych druk\u00f3w (m.in. zapis\u00f3w proweniencyjnych, marginalii, opraw), a tak\u017ce charakterystyk\u0119 typograficzn\u0105 i rzeczow\u0105 zasobu. Opracowanie historyczne pozwoli na opis intelektualnego \u015brodowiska paulin\u00f3w polskich w relacji do kultury intelektualnej Rzeczypospolitej doby Jagiellon\u00f3w oraz jej relacji z kultur\u0105 i nauk\u0105 europejsk\u0105. Wyniki analiz zostan\u0105 udost\u0119pnione r\u00f3wnie\u017c w formie wizualizacji naukowej (Palladio lub Gephi), co pozwoli na zobrazowanie zachodz\u0105cych relacji w zakresie kszta\u0142towania si\u0119 i funkcjonowania poszczeg\u00f3lnych kolekcji.<br \/>\n4. Wprowadzenie do \u015bwiatowego obiegu naukowego informacji o drukach XV-XVI w. oraz o oryginalnych oprawach z zabytkowego ksi\u0119gozbioru. Ponadto udost\u0119pnienie materia\u0142\u00f3w \u017ar\u00f3d\u0142owych do dziej\u00f3w pisma i ksi\u0105\u017cki jako sposobu komunikacji, narz\u0119dzia organizacji wiedzy i elementu kultury umys\u0142owej dawnej Rzeczypospolitej oraz nauki europejskiej.<\/p>\n<p><strong>S\u0142owa kluczowe: <\/strong>inkunabu\u0142y, stare druki, XVI wiek, tegumentologia, paleografia, katalog, paulini<\/p>\n<\/div>\r\n                    <\/div>\r\n                <\/div>[\/vc_tta_section][vc_tta_section tab_id=&#8221;1641308926751-43318216-3710&#8243; title=&#8221;Polish Men and Masculinities. Przek\u0142ad i edycja w j\u0119zyku angielskim wyboru prac z serii wydawniczej &#8222;Studia o M\u0119sko\u015bci&#8222;&#8221;]\r\n                <div class=\"text-modules\">\r\n                    <div class=\"container\">\r\n                        \r\n                        <div class=\"text-modules__content\"><p><strong>Nazwa konkursu: <\/strong>NPRH \u2013 Uniwersalia 2.1<\/p>\n<p><strong>Kierownik projektu: <\/strong>prof. dr hab. Adam Dziadek<\/p>\n<p><strong>Czas trwania:<\/strong> 12.11.2021-11.11.2026<\/p>\n<p><strong>Kwota finasowania: <\/strong>368 337 PLN<\/p>\n<p><strong>Streszczenie popularnonaukowe:\u00a0<\/strong><\/p>\n<p>Podstaw\u0105 projektu jest pi\u0119\u0107 tom\u00f3w monograficznych, kt\u00f3re ukaza\u0142y si\u0119 w serii &#8222;Studia o M\u0119sko\u015bci&#8221; powo\u0142anej do istnienia przez Wydawnictwo IBL PAN w zwi\u0105zku z projektem NCN Maestro 4, kt\u00f3rym kierowa\u0142 pomys\u0142odawca niniejszego wniosku (w momencie podpisywania umowy grantowej w roku 2013, NCN nie wymaga\u0142 publikacji obcoj\u0119zycznych; jedynie cz\u0119\u015b\u0107 prac, nie uj\u0119ta zreszt\u0105 w niniejszym wyborze, ukaza\u0142a si\u0119 w kilku r\u00f3\u017cnych j\u0119zykach). Jest to wyb\u00f3r, na kt\u00f3ry sk\u0142adaj\u0105 si\u0119 dwie monografie zbiorowe i trzy monografie autorskie. Wyb\u00f3r zosta\u0142 tak pomy\u015blany i opracowany, aby teksty z tom\u00f3w zbiorowych i monografii autorskich nie pokrywa\u0142y si\u0119, tj. aby unikn\u0105\u0107 zb\u0119dnych powt\u00f3rze\u0144, kt\u00f3re generowa\u0142yby jedynie koszty \u2013 w trakcie prac redakcyjnych usuni\u0119te zostan\u0105 ostatecznie jakiekolwiek powt\u00f3rzenia.<\/p>\n<p>Przedstawiony w projekcie wyb\u00f3r, stanowi prezentacj\u0119 metodologii przyj\u0119tej w badaniach (opiera si\u0119 ona na za\u0142o\u017ceniach interdyscyplinarnych \u2013 m. in. literaturoznawstwo, nauki o kulturze, psychoanaliza, socjologia \u2013 w oczywisty spos\u00f3b opiera si\u0119 ona na \u015bwiatowych ustaleniach z zakresu Men&#8217;s Studies, ale przede wszystkim przedstawia metodologi\u0119, jak\u0105 wypracowano w trakcie bada\u0144 nad polskimi m\u0119sko\u015bciami; kulturowa specyfika polskich m\u0119sko\u015bci nie pozwala\u0142a na przej\u0119cie podstaw metodologicznych, ale zmusza\u0142a do wypracowania nowatorskich narz\u0119dzi opisu) oraz prezentacj\u0119 wynik\u00f3w bada\u0144, kt\u00f3re s\u0105 w \u015bwiecie zupe\u0142nie nieznane. Rozprawy zawarte w poszczeg\u00f3lnych ksi\u0105\u017ckach i monografiach stoj\u0105 na bardzo wysokim poziomie merytorycznym \u2013 dopracowana szczeg\u00f3\u0142owo metodologia sprzyja odkrywczym interpretacjom r\u00f3\u017cnorodnych tekst\u00f3w kultury. Podstawy metodologiczne mog\u0105 by\u0107 wykorzystane w dalszych badaniach nad fenomenem m\u0119sko\u015bci tak\u017ce w \u015bwiecie. Opieraj\u0105 si\u0119 na analizie dyskursu, psychoanalizie, studiach kulturowych. W trakcie prowadzonych bada\u0144 si\u0119gano do ustale\u0144 socjologii i innych nauk spo\u0142ecznych (w czasie prac nad monografiami nawi\u0105zano kontakt i wsp\u00f3\u0142prac\u0119 m. in. ze \u015bwiatowej s\u0142awy znawcami problematyki Raewyn Connell i Michaelem Kimmelem). Rozprawy i monografie koncentruj\u0105 si\u0119 w przewa\u017caj\u0105cej mierze na najbardziej znanych polskich tekstach literackich i tekstach kultury. W kolejnych publikacjach dokonano oryginalnych, nowatorskich interpretacji dobrze znanych (tak\u017ce w \u015bwiecie) dzie\u0142, co umo\u017cliwi\u0142a perspektywa maskulinistyczna.<\/p>\n<p>Wyniki bada\u0144 og\u0142oszone w poszczeg\u00f3lnych publikacjach dotycz\u0105 m. in.:<\/p>\n<ul>\n<li>historii odmienno\u015bci seksualnej w polskiej nowoczesno\u015bci (problematyka oswojenia, odrzucenia, izolacji),<\/li>\n<li>\u201eodmie\u0144czych m\u0119sko\u015bci\u201d (problematyka zniewie\u015bcia\u0142o\u015bci, potworno\u015bci, hybrydyzacji, homoseksualno\u015bci),<\/li>\n<li>psychoanalizy literackiej (ojcowskie i m\u0119skie figury w literaturze polskiej),<\/li>\n<li>m\u0119sko\u015bci i jej relacji do kultury dominuj\u0105cej (polskie odmiany m\u0119sko\u015bci hegemonicznej i jej konfrontacja z rzeczywisto\u015bci\u0105),<\/li>\n<li>teorii i metodologii bada\u0144 nad polskimi m\u0119sko\u015bciami w kontek\u015bcie bada\u0144 \u015bwiatowych,<\/li>\n<li>m\u0119sko\u015bci jako kategorii kulturowej i jej historyczno\u015bci.<\/li>\n<\/ul>\n<p><strong>S\u0142owa kluczowe:<\/strong> Men&#8217;s Studies, literatura polska od XIX wieku do wsp\u00f3\u0142czesno\u015bci, pychoanaliza, analiza dyskurs\u00f3w<\/p>\n<\/div>\r\n                    <\/div>\r\n                <\/div>[\/vc_tta_section][vc_tta_section tab_id=&#8221;1641308919178-8ef638bc-dd49&#8243; title=&#8221;Izokrates. Dzie\u0142a wszystkie&#8221;]\r\n                <div class=\"text-modules\">\r\n                    <div class=\"container\">\r\n                        \r\n                        <div class=\"text-modules__content\"><p><strong>Nazwa konkursu: <\/strong>NPRH \u2013 Uniwersalia 2.2<\/p>\n<p><strong>Kierownik projektu: <\/strong>dr hab. Jan Kucharski, prof. U\u015a<\/p>\n<p>Czas trwania: 03.12.2021-02.12.2026<\/p>\n<p><strong>Kwota finasowania: <\/strong>187 664 PLN<\/p>\n<p><strong>Streszczenie popularnonaukowe:\u00a0<\/strong><\/p>\n<p>W\u015br\u00f3d m\u00f3wc\u00f3w attyckich (kt\u00f3rych zachowane pisma wci\u0105\u017c nie doczeka\u0142y si\u0119 pe\u0142nego przek\u0142adu na j\u0119zyk polski) Izokrates zajmuje miejsce szczeg\u00f3lne. Dla nowo\u017cytnego humanizmu ma on bowiem znaczenie nie tylko przedmiotowe, jako kanoniczny autor studiowanych i na\u015bladowanych m\u00f3w, lecz tak\u017ce podmiotowe: jako tw\u00f3rca modelu kszta\u0142cenia, do kt\u00f3rego nawi\u0105zywa\u0142y p\u00f3\u017aniejsze sztuki wyzwolone. Jako pierwszy bowiem otworzy\u0142 on w Atenach niedaleko gimnazjonu w Lykejon sta\u0142\u0105 szko\u0142\u0119 retoryki (ok. 390 p.n.e), kt\u00f3ra za po\u015brednictwem jej hellenistycznych i rzymskich na\u015bladowc\u00f3w sta\u0142a si\u0119 prefiguracj\u0105 nowo\u017cytnej idei uniwersytetu. W czasach wsp\u00f3\u0142czesnych, gdy model kszta\u0142cenia poprzez studia nad literatur\u0105 i sztuk\u0105 wymowy ograniczony zosta\u0142 do w\u0105skiej grupy najbardziej presti\u017cowych uczelni, a studia humanistyczne prze\u017cywaj\u0105 sw\u00f3j najwi\u0119kszy w historii kryzys, przybli\u017cenie polskiemu czytelnikowi postaci Izokratesa, uznawanego za patrona sztuk wyzwolonych, wydaje si\u0119 szczeg\u00f3lnie uzasadnione. Niniejszy projekt obejmuje przek\u0142ad, opracowanie naukowe oraz publikacj\u0119 wszystkich zachowanych pism Izokratesa. Dla wsp\u00f3\u0142czesnego cz\u0142owieka teksty te po raz pierwszy przedstawiaj\u0105 teoretycznie \u015bwiadomy program wychowawczy i kszta\u0142cenia, a zarazem s\u0105 unikalnym do\u015bwiadczeniem kulturowego paradygmatu, jakim by\u0142a demokracja ate\u0144ska, \u201ew dzia\u0142aniu\u201d. Ich wydanie w j\u0119zyku polskim b\u0119dzie nie tylko stanowi\u0142o korzy\u015b\u0107 dla og\u00f3\u0142u spo\u0142ecze\u0144stwa zainteresowanego kultur\u0105 staro\u017cytn\u0105 i jej recepcj\u0105 w kulturze polskiej, ale b\u0119dzie r\u00f3wnie\u017c pomocne badaczom z r\u00f3\u017cnych dziedzin nauk spo\u0142ecznych i humanistycznych, kt\u00f3rzy nie pos\u0142uguj\u0105 si\u0119 p\u0142ynnie j\u0119zykiem starogreckim, a kt\u00f3rzy mog\u0105 wykorzysta\u0107 w swojej pracy te nieopublikowane dot\u0105d po polsku \u017ar\u00f3d\u0142a do historii, polityki, prawa, literatury, retoryki i relacji spo\u0142ecznych staro\u017cytnych Grek\u00f3w.<\/p>\n<\/div>\r\n                    <\/div>\r\n                <\/div>[\/vc_tta_section][\/vc_tta_accordion][\/vc_column][\/vc_row][vc_row el_class=&#8221;container&#8221;][vc_column width=&#8221;2\/3&#8243;]\r\n                <div class=\"text-modules\">\r\n                    <div class=\"container\">\r\n                        \r\n                        <div class=\"text-modules__content\"><p><img class=\"alignnone wp-image-17219 size-full\" src=\"https:\/\/us.edu.pl\/wydzial\/wh\/wp-content\/uploads\/sites\/15\/Logo-projekt\u00f3w-badawczych\/ncn_logo-poziom.jpg\" alt=\"logo Narodowego Centrum Nauki\" width=\"3082\" height=\"260\" srcset=\"https:\/\/us.edu.pl\/wydzial\/wh\/wp-content\/uploads\/sites\/15\/Logo-projekt\u00f3w-badawczych\/ncn_logo-poziom.jpg 3082w, https:\/\/us.edu.pl\/wydzial\/wh\/wp-content\/uploads\/sites\/15\/Logo-projekt\u00f3w-badawczych\/ncn_logo-poziom-300x25.jpg 300w, https:\/\/us.edu.pl\/wydzial\/wh\/wp-content\/uploads\/sites\/15\/Logo-projekt\u00f3w-badawczych\/ncn_logo-poziom-768x65.jpg 768w, https:\/\/us.edu.pl\/wydzial\/wh\/wp-content\/uploads\/sites\/15\/Logo-projekt\u00f3w-badawczych\/ncn_logo-poziom-1024x86.jpg 1024w, https:\/\/us.edu.pl\/wydzial\/wh\/wp-content\/uploads\/sites\/15\/Logo-projekt\u00f3w-badawczych\/ncn_logo-poziom-575x49.jpg 575w\" sizes=\"(max-width: 3082px) 100vw, 3082px\" \/><\/p>\n<\/div>\r\n                    <\/div>\r\n                <\/div>[\/vc_column][vc_column width=&#8221;1\/3&#8243;][\/vc_column][\/vc_row][vc_row el_class=&#8221;container&#8221;][vc_column][vc_tta_accordion style=&#8221;modern&#8221; active_section=&#8221;0&#8243;][vc_tta_section title=&#8221;Autofikcyjne konwersje i to\u017csamo\u015b\u0107 \u015brodkowoeuropejska w tw\u00f3rczo\u015bci Waldemara Bawo\u0142ka, Marka Bie\u0144czyka i Andrzeja Stasiuka&#8221; tab_id=&#8221;1717589727082-113950a9-e33b&#8221;]\r\n                <div class=\"text-modules\">\r\n                    <div class=\"container\">\r\n                        \r\n                        <div class=\"text-modules__content\"><p><strong>Nazwa konkursu: <\/strong>PRELUDIUM 23<\/p>\n<p><strong>Kierownik projektu: <\/strong>dr Jacek Bielawa<\/p>\n<p><strong>Opiekun naukowy:<\/strong> dr hab. piotr Bogalecki, prof U\u015a<\/p>\n<p><strong>Czas trwania: <\/strong>01.10.2024-30.09.2027<\/p>\n<p><strong>Kwota finasowania: <\/strong>131 063 PLN<\/p>\n<p><strong>Streszczenie popularnonaukowe: <a href=\"https:\/\/us.edu.pl\/wydzial\/wh\/wp-content\/uploads\/sites\/15\/Bez-kategorii\/opis_projektu_Bielawa.pdf\" class=\"mtli_attachment mtli_pdf\" data-mtli=\"mtli_filesize537,56kB\" class=\"mtli_attachment mtli_pdf\" data-mtli=\"mtli_filesize537,56kB\">opis projektu w formacie pdf<\/a><\/strong><\/p>\n<style type=\"text\/css\">a[data-mtli~=\"mtli_filesize537,56kB\"]:after {content:\" (537,56 kB)\"}<\/style><\/div>\r\n                    <\/div>\r\n                <\/div>[\/vc_tta_section][vc_tta_section title=&#8221;Poza konsol\u0105: Reinterpretacja to\u017csamo\u015bci did\u017ceja i wsp\u00f3\u0142kreacji cz\u0142owieka z maszyn\u0105 w kulturze algorave&#8221; tab_id=&#8221;1767874886675-dd386846-9599&#8243;]\r\n                <div class=\"text-modules\">\r\n                    <div class=\"container\">\r\n                        \r\n                        <div class=\"text-modules__content\"><p><strong>Nazwa konkursu: <\/strong>PRELUDIUM 25<\/p>\n<p><strong>Kierownik projektu: <\/strong>mgr Olga Rembieli\u0144ska<\/p>\n<p><strong>Opiekun naukowy:<\/strong> dr hab. Anna Malinowska, prof U\u015a<\/p>\n<p><strong>Czas trwania: <\/strong>23.01.2026-22.01.2029<\/p>\n<p><strong>Kwota finasowania: <\/strong>146 215 PLN<\/p>\n<p><strong>Streszczenie popularnonaukowe:<\/strong> <a href=\"https:\/\/us.edu.pl\/wydzial\/wh\/wp-content\/uploads\/sites\/15\/Bez-kategorii\/645573-pl-Poza-konsola-Reinterpretacja-tozsamosci-didzeja-i-wspolkreacji-czlowieka-z-maszyna-w-kulturze-agrorave.pdf\" class=\"mtli_attachment mtli_pdf\" data-mtli=\"mtli_filesize25,98kB\" class=\"mtli_attachment mtli_pdf\" data-mtli=\"mtli_filesize25,98kB\">opis projektu w formacie pdf<\/a><\/p>\n<style type=\"text\/css\">a[data-mtli~=\"mtli_filesize25,98kB\"]:after {content:\" (25,98 kB)\"}<\/style><\/div>\r\n                    <\/div>\r\n                <\/div>[\/vc_tta_section][vc_tta_section title=&#8221;&#8222;CLESI 2: Obci\u0105\u017cenie kognitywne a eksplicytacja w t\u0142umaczeniu symultanicznym. Przypadek profesjonalnych t\u0142umaczy konferencyjnych pracuj\u0105cych w kombinacji hiszpa\u0144ski-angielski.&#8222;&#8221; tab_id=&#8221;1767874724305-48ee32d6-d2d5&#8243;]\r\n                <div class=\"text-modules\">\r\n                    <div class=\"container\">\r\n                        \r\n                        <div class=\"text-modules__content\"><p><strong>Nazwa konkursu: <\/strong>OPUS 29<\/p>\n<p><strong>Kierownik projektu: <\/strong>dr hab. Ewa Gumul, prof. U\u015a<\/p>\n<p><strong>Czas trwania: <\/strong>02.03.2026-01.03.2030<\/p>\n<p><strong>Kwota finasowania: <\/strong>1 562 009 PLN<\/p>\n<p><strong>Streszczenie popularnonaukowe:<\/strong> <a href=\"https:\/\/us.edu.pl\/wydzial\/wh\/wp-content\/uploads\/sites\/15\/Bez-kategorii\/646075-pl.pdf\" class=\"mtli_attachment mtli_pdf\" data-mtli=\"mtli_filesize67,23kB\" class=\"mtli_attachment mtli_pdf\" data-mtli=\"mtli_filesize67,23kB\">opis projektu w formacie pdf<\/a><\/p>\n<style type=\"text\/css\">a[data-mtli~=\"mtli_filesize67,23kB\"]:after {content:\" (67,23 kB)\"}<\/style><\/div>\r\n                    <\/div>\r\n                <\/div>[\/vc_tta_section][vc_tta_section title=&#8221;Metaliteracki wymiar modlitwy wzorcowej w poezji antycznej: Retoryka i intertekstualno\u015b\u0107&#8221; tab_id=&#8221;1767874469433-167d177b-532c&#8221;]\r\n                <div class=\"text-modules\">\r\n                    <div class=\"container\">\r\n                        \r\n                        <div class=\"text-modules__content\"><p><strong>Nazwa konkursu: <\/strong>OPUS 29<\/p>\n<p><strong>Kierownik projektu: <\/strong>dr Damian Pierzak<\/p>\n<p><strong>Czas trwania: <\/strong>01.06.2026-31.05.2028<\/p>\n<p><strong>Kwota finasowania: <\/strong>157 858 PLN<\/p>\n<p><strong>Streszczenie popularnonaukowe:<\/strong> <a href=\"https:\/\/us.edu.pl\/wydzial\/wh\/wp-content\/uploads\/sites\/15\/Bez-kategorii\/649959-pl-Metaliteracki-wymiar-modlitwy-wzorcowej-w-poezji-antycznej-Retoryka-i-intertekstualnosc.pdf\" class=\"mtli_attachment mtli_pdf\" data-mtli=\"mtli_filesize180,75kB\" class=\"mtli_attachment mtli_pdf\" data-mtli=\"mtli_filesize180,75kB\">opis projektu w formacie pdf<\/a><\/p>\n<style type=\"text\/css\">a[data-mtli~=\"mtli_filesize180,75kB\"]:after {content:\" (180,75 kB)\"}<\/style><\/div>\r\n                    <\/div>\r\n                <\/div>[\/vc_tta_section][vc_tta_section title=&#8221;Umi\u0119dzynarodowienie historiografii sztuki w PRL. Przypadek Jana Bia\u0142ostockiego&#8221; tab_id=&#8221;1767874330139-b1140ccc-8109&#8243;]\r\n                <div class=\"text-modules\">\r\n                    <div class=\"container\">\r\n                        \r\n                        <div class=\"text-modules__content\"><p><strong>Nazwa konkursu: <\/strong>OPUS 29<\/p>\n<p><strong>Kierownik projektu: <\/strong>dr Patricia Garc\u00eda-Mont\u00f3n Gonz\u00e1lez<\/p>\n<p><strong>Czas trwania: <\/strong>01.10.2026-30.09.2030<\/p>\n<p><strong>Kwota finasowania: <\/strong>1 674 219 PLN<\/p>\n<p><strong>Streszczenie popularnonaukowe:<\/strong> <a href=\"https:\/\/us.edu.pl\/wydzial\/wh\/wp-content\/uploads\/sites\/15\/Bez-kategorii\/650979-plUmiedzynarodowienie-historiografii-sztuki-w-PRL.-Przypadek-Jana-Bialostock.pdf\" class=\"mtli_attachment mtli_pdf\" data-mtli=\"mtli_filesize69,11kB\" class=\"mtli_attachment mtli_pdf\" data-mtli=\"mtli_filesize69,11kB\">opis projektu w formacie pdf<\/a><\/p>\n<style type=\"text\/css\">a[data-mtli~=\"mtli_filesize69,11kB\"]:after {content:\" (69,11 kB)\"}<\/style><\/div>\r\n                    <\/div>\r\n                <\/div>[\/vc_tta_section][vc_tta_section title=&#8221;Postprzemys\u0142owa dziewczy\u0144sko\u015b\u0107? Analiza por\u00f3wnawcza wybranej tw\u00f3rczo\u015bci powie\u015bciopisarek najm\u0142odszego pokolenia ze \u015brodowisk \u201epost-w\u0119glowych\u201d w Anglii i w regionie \u015al\u0105ska i Zag\u0142\u0119bia&#8221; tab_id=&#8221;1767873998435-aa969e86-930c&#8221;]\r\n                <div class=\"text-modules\">\r\n                    <div class=\"container\">\r\n                        \r\n                        <div class=\"text-modules__content\"><p><strong>Nazwa konkursu: <\/strong>MINIATURA 9<\/p>\n<p><strong>Kierownik projektu: <\/strong>dr Julia Katarzyna Szo\u0142tysek<\/p>\n<p><strong>Czas trwania: <\/strong>10.07.2025-09.07.2026<\/p>\n<p><strong>Kwota finasowania: <\/strong><span data-sheets-root=\"1\">23 903 PLN<\/span><\/p>\n<\/div>\r\n                    <\/div>\r\n                <\/div>[\/vc_tta_section][vc_tta_section title=&#8221;\u201eTo nie Kresy, to Sowiety\u201d. Unicestwienie polskiego dziedzictwa narodowego na obszarze dawnych wojew\u00f3dztw po\u0142udniowo-wschodnich II RP w latach 1946-1956 \u2013 kwerenda&#8221; tab_id=&#8221;1767865218817-7f0484f0-4cf6&#8243;]\r\n                <div class=\"text-modules\">\r\n                    <div class=\"container\">\r\n                        \r\n                        <div class=\"text-modules__content\"><p><strong>Nazwa konkursu: <\/strong>Miniatura 9<\/p>\n<p><strong>Kierownik projektu: <a href=\"https:\/\/us.edu.pl\/instytut\/ih\/osoby\/piotr-olechowski\/#1727904036904-97bbed82-7f7e\">dr Piotr Olechowski<\/a><\/strong><strong><br \/>\n<\/strong><\/p>\n<p><strong>Czas trwania: <\/strong>06.06.2025-05.06.2026<\/p>\n<p><strong>Kwota finasowania: <\/strong>35 291\u00a0z\u0142<\/p>\n<\/div>\r\n                    <\/div>\r\n                <\/div>[\/vc_tta_section][vc_tta_section title=&#8221;Drugoplanowy orszak \u2013 'familia\u2019 nowo\u017cytnych nuncjuszy apostolskich (1559-1700)&#8221; tab_id=&#8221;1748871668818-f1abdc6c-8b18&#8243;]\r\n                <div class=\"text-modules\">\r\n                    <div class=\"container\">\r\n                        \r\n                        <div class=\"text-modules__content\"><p><strong>Nazwa konkursu:<\/strong> OPUS 28<\/p>\n<p><strong>Kierownik projektu:<\/strong> <a href=\"https:\/\/us.edu.pl\/instytut\/ih\/osoby\/dorota-gregorowicz\/\">dr Dorota Gregorowicz<\/a><\/p>\n<p><strong>Czas trwania:<\/strong> 26.11.2025-25.11.2029<\/p>\n<p><strong>Kwota finansowania:<\/strong> 1 493 768 z\u0142<\/p>\n<p><strong>Streszczenie popularnonaukowe:<\/strong>\u00a0<a href=\"https:\/\/us.edu.pl\/wydzial\/wh\/wp-content\/uploads\/sites\/15\/Bez-kategorii\/streszczenie_dr_Gregorowicz.pdf\" class=\"mtli_attachment mtli_pdf\" data-mtli=\"mtli_filesize134,87kB\" class=\"mtli_attachment mtli_pdf\" data-mtli=\"mtli_filesize134,87kB\">opis projektu w formacie .pdf<\/a><\/p>\n<style type=\"text\/css\">a[data-mtli~=\"mtli_filesize134,87kB\"]:after {content:\" (134,87 kB)\"}<\/style><\/div>\r\n                    <\/div>\r\n                <\/div>[\/vc_tta_section][vc_tta_section title=&#8221;Obrazy i historie czarnych miast&#8221; tab_id=&#8221;1733475413592-e20fce83-03ff&#8221;]\r\n                <div class=\"text-modules\">\r\n                    <div class=\"container\">\r\n                        \r\n                        <div class=\"text-modules__content\"><p><strong>Nazwa konkursu:<\/strong> Weave-UNISONO 2024<\/p>\n<p><strong>Kierownik polskiego zespo\u0142u badawczego: <\/strong>dr hab. Marta Tomczok, prof. U\u015a<\/p>\n<p><strong>Czas trwania:<\/strong> 01.04.2025-31.03.2028 <strong>| Okres realizacji:<\/strong> 36 miesi\u0119cy<\/p>\n<p><strong>Kwota finansowania:<\/strong> 343\u00a0743 z\u0142<\/p>\n<p><strong>Streszczenie popularnonaukowe:<\/strong>\u00a0<a href=\"https:\/\/www.ncn.gov.pl\/sites\/default\/files\/pliki\/weave-tomczok-pl.pdf\" class=\"mtli_attachment mtli_pdf\" class=\"mtli_attachment mtli_pdf\">opis projektu w formacie .pdf<\/a><\/p>\n<p>\n<\/div>\r\n                    <\/div>\r\n                <\/div>[\/vc_tta_section][vc_tta_section title=&#8221;Poza cia\u0142em. Przedstawienia korporealno\u015bci w angloj\u0119zycznych powie\u015bciach nigeryjskich XXI wieku&#8221; tab_id=&#8221;1736857508638-c698e67d-14de&#8221;]\r\n                <div class=\"text-modules\">\r\n                    <div class=\"container\">\r\n                        \r\n                        <div class=\"text-modules__content\"><p><strong>Nazwa konkursu:<\/strong> PRELUDIUM 23<\/p>\n<p><strong>Kierownik projektu: <\/strong>mgr Karolina Kmita<\/p>\n<p><strong>Opiekun naukowy:<\/strong> prof. dr hab. Zbigniew Bia\u0142as<\/p>\n<p><strong>Czas trwania:<\/strong> 24.01.2025-23.01.2028<\/p>\n<p><strong>Kwota finansowania:<\/strong> 130 674 z\u0142<\/p>\n<p><strong>Streszczenie popularnonaukowe:<\/strong>\u00a0<a href=\"https:\/\/us.edu.pl\/wydzial\/wh\/wp-content\/uploads\/sites\/15\/PROJEKTY\/pop_Kmita.pdf\" class=\"mtli_attachment mtli_pdf\" data-mtli=\"mtli_filesize141,61kB\" class=\"mtli_attachment mtli_pdf\" data-mtli=\"mtli_filesize141,61kB\" data-mtli=\"mtli_filesize141,61kB\">opis projektu w formacie .pdf<\/a><\/p>\n<style type=\"text\/css\">a[data-mtli~=\"mtli_filesize141,61kB\"]:after {content:\" (141,61 kB)\"}<\/style><\/div>\r\n                    <\/div>\r\n                <\/div>[\/vc_tta_section][vc_tta_section title=&#8221;Przeoczone \u017ar\u00f3d\u0142o krytycznego racjonalizmu. Arthura Schopenhauera wp\u0142yw na Karla Poppera&#8221; tab_id=&#8221;1733475242046-8048e79a-7e1d&#8221;]\r\n                <div class=\"text-modules\">\r\n                    <div class=\"container\">\r\n                        \r\n                        <div class=\"text-modules__content\"><p><strong>Nazwa konkursu:<\/strong> PRELUDIUM 23<\/p>\n<p><strong>Kierownik projektu:<\/strong>\u00a0mgr Dawid Szombierski<\/p>\n<p><strong>Opiekun naukowy:<\/strong>\u00a0<a href=\"https:\/\/us.edu.pl\/instytut\/ifil\/osoby\/dariusz-kubok\/\">prof. dr hab. Dariusz Kubok<\/a><\/p>\n<p><strong>Czas trwania:<\/strong> 29.01.2025-28.01.2028<\/p>\n<p><strong>Kwota finansowania:<\/strong> 146 887 z\u0142<\/p>\n<p><strong>Streszczenie popularnonaukowe:<\/strong>\u00a0<a href=\"https:\/\/us.edu.pl\/wydzial\/wh\/wp-content\/uploads\/sites\/15\/PROJEKTY\/pop_Szombierski.pdf\" class=\"mtli_attachment mtli_pdf\" data-mtli=\"mtli_filesize78,83kB\" class=\"mtli_attachment mtli_pdf\" data-mtli=\"mtli_filesize78,83kB\" data-mtli=\"mtli_filesize78,83kB\">opis projektu w formacie .pdf<\/a><\/p>\n<style type=\"text\/css\">a[data-mtli~=\"mtli_filesize78,83kB\"]:after {content:\" (78,83 kB)\"}<\/style><\/div>\r\n                    <\/div>\r\n                <\/div>[\/vc_tta_section][vc_tta_section title=&#8221;Poetyki spl\u0105tania. Nie-ludzka strona literatury polskiej w podej\u015bciu ekonarratologicznym&#8221; tab_id=&#8221;1733475065154-fff7011d-40dc&#8221;]\r\n                <div class=\"text-modules\">\r\n                    <div class=\"container\">\r\n                        \r\n                        <div class=\"text-modules__content\"><p><strong>Nazwa konkursu:<\/strong> PRELUDIUM 22<\/p>\n<p><strong>Kierownik projektu:<\/strong> dr Piotr Piekutowski<\/p>\n<p><strong>Opiekun naukowy:<\/strong>\u00a0<a href=\"https:\/\/us.edu.pl\/instytut\/il\/osoby\/grzegorz-olszanski\/\">dr hab. Grzegorz Olsza\u0144ski, prof. U\u015a<\/a><\/p>\n<p><strong>Czas trwania:<\/strong> 17.01.2024-16.01.2027<\/p>\n<p><strong>Kwota finansowania:<\/strong> 87 303 z\u0142<\/p>\n<p><strong>Streszczenie popularnonaukowe:<\/strong>\u00a0<a href=\"https:\/\/www.ncn.gov.pl\/sites\/default\/files\/listy-rankingowe\/2023-03-14-opkit45wac\/streszczenia\/584124-pl.pdf\" class=\"mtli_attachment mtli_pdf\" class=\"mtli_attachment mtli_pdf\">opis projektu w formacie .pdf<\/a><\/p>\n<\/div>\r\n                    <\/div>\r\n                <\/div>[\/vc_tta_section][vc_tta_section title=&#8221;Prognozy przysz\u0142o\u015bci: migracje a zmiany klimatu&#8221; tab_id=&#8221;1733475019713-4703e5e5-0d2c&#8221;]\r\n                <div class=\"text-modules\">\r\n                    <div class=\"container\">\r\n                        \r\n                        <div class=\"text-modules__content\"><p><strong>Nazwa konkursu:<\/strong> OPUS<\/p>\n<p><strong>Kierownik projektu:<\/strong>\u00a0<a href=\"https:\/\/us.edu.pl\/instytut\/il\/osoby\/ewa-macura-nnamdi\/\">dr Ewa Macura-Nnamdi<\/a><\/p>\n<p><strong>Czas trwania:<\/strong> 01.03.2024-28.02.2027<\/p>\n<p><strong>Kwota finansowania:<\/strong> 1 010 576 z\u0142<\/p>\n<p><strong>Streszczenie popularnonaukowe:<\/strong>\u00a0<a href=\"https:\/\/www.ncn.gov.pl\/sites\/default\/files\/listy-rankingowe\/2023-03-14-opkit45wac\/streszczenia\/593681-pl.pdf\" class=\"mtli_attachment mtli_pdf\" class=\"mtli_attachment mtli_pdf\">opis projektu w formacie .pdf<\/a><\/p>\n<\/div>\r\n                    <\/div>\r\n                <\/div>[\/vc_tta_section][vc_tta_section title=&#8221;Poetyka i polityka strachu w staroangielskiej tradycji literackiej&#8221; tab_id=&#8221;1736858184108-5de74840-d6a5&#8243;]\r\n                <div class=\"text-modules\">\r\n                    <div class=\"container\">\r\n                        \r\n                        <div class=\"text-modules__content\"><p><strong>Nazwa konkursu:<\/strong> OPUS 23<\/p>\n<p><strong>Kierownik projektu:<\/strong>\u00a0dr hab. Rafa\u0142 Borys\u0142awski, prof. U\u015a<\/p>\n<p><strong>Czas trwania:<\/strong> <span data-sheets-root=\"1\">01.03.2023-28.02.2026<\/span><\/p>\n<p><strong>Kwota finansowania:<\/strong> 183 824 z\u0142<\/p>\n<p><strong>Streszczenie popularnonaukowe:<\/strong>\u00a0<a href=\"https:\/\/us.edu.pl\/wp-content\/uploads\/obrazki-stron\/cbns\/foto\/NCN-Opus-RB-pl.pdf\" class=\"mtli_attachment mtli_pdf\" class=\"mtli_attachment mtli_pdf\">opis projektu w formacie .pdf<\/a><\/p>\n<\/div>\r\n                    <\/div>\r\n                <\/div>[\/vc_tta_section][vc_tta_section title=&#8221;Zale\u017cno\u015b\u0107 pomi\u0119dzy obci\u0105\u017ceniem kognitywnym a eksplicytacj\u0105 u profesjonalnych t\u0142umaczy symultanicznych&#8221; tab_id=&#8221;1736858882508-6a2e84b7-4982&#8243;]\r\n                <div class=\"text-modules\">\r\n                    <div class=\"container\">\r\n                        \r\n                        <div class=\"text-modules__content\"><p><strong>Nazwa konkursu:<\/strong> OPUS 23<\/p>\n<p><strong>Kierownik projektu:<\/strong> <a href=\"https:\/\/us.edu.pl\/instytut\/ij\/osoby\/ewa-gumul\/\">dr hab. Ewa Gumul, prof. U\u015a<\/a><\/p>\n<p><strong>Czas trwania:<\/strong> <span data-sheets-root=\"1\">01.03.2023-28.02.2027<\/span><\/p>\n<p><strong>Kwota finansowania:<\/strong> 649\u00a0245 z\u0142<\/p>\n<p><strong>Streszczenie popularnonaukowe:<\/strong>\u00a0<a href=\"https:\/\/www.ncn.gov.pl\/sites\/default\/files\/listy-rankingowe\/2022-03-15-ako9z8\/streszczenia\/558652-pl.pdf\" class=\"mtli_attachment mtli_pdf\" class=\"mtli_attachment mtli_pdf\">opis projektu w formacie .pdf<\/a><\/p>\n<\/div>\r\n                    <\/div>\r\n                <\/div>[\/vc_tta_section][vc_tta_section title=&#8221;Kara w staro\u017cytnych Atenach. Uj\u0119cie kognitywne&#8221; tab_id=&#8221;1736858991699-d1cbd5d9-224b&#8221;]\r\n                <div class=\"text-modules\">\r\n                    <div class=\"container\">\r\n                        \r\n                        <div class=\"text-modules__content\"><p><strong>Nazwa konkursu:<\/strong> OPUS 23<\/p>\n<p><strong>Kierownik projektu:<\/strong> <a href=\"https:\/\/us.edu.pl\/instytut\/il\/osoby\/janek-kucharski-2\/\">dr hab. Jan Kucharski, prof. U\u015a<\/a><\/p>\n<p><strong>Czas trwania:<\/strong> 03.04.2023-02.04.2027<\/p>\n<p><strong>Przyznana kwota:<\/strong> 1\u00a0123\u00a0034 z\u0142<\/p>\n<p><strong>Streszczenie popularnonaukowe:<\/strong>\u00a0<a href=\"https:\/\/www.ncn.gov.pl\/sites\/default\/files\/listy-rankingowe\/2022-03-15-ako9z8\/streszczenia\/557119-pl.pdf\" class=\"mtli_attachment mtli_pdf\" class=\"mtli_attachment mtli_pdf\">opis projektu w formacie .pdf<\/a><\/p>\n<\/div>\r\n                    <\/div>\r\n                <\/div>[\/vc_tta_section][vc_tta_section title=&#8221;Anarchistyczny model lektury&#8221; tab_id=&#8221;1736859216392-48a78845-3c91&#8243;]\r\n                <div class=\"text-modules\">\r\n                    <div class=\"container\">\r\n                        \r\n                        <div class=\"text-modules__content\"><p><strong>Nazwa konkursu:<\/strong> PRELUDIUM 21<\/p>\n<p><strong>Kierownik projektu:<\/strong> mgr Jadwiga Zaj\u0105c<\/p>\n<p><strong>Opiekun projektu:<\/strong> <a href=\"https:\/\/us.edu.pl\/instytut\/il\/osoby\/alina-swiesciak-fast\/\">prof. dr hab. Alina \u015awie\u015bciak-Fast<\/a><\/p>\n<p><strong>Czas trwania:<\/strong> <span data-sheets-root=\"1\">25.01.2023-24.01.2027<\/span><\/p>\n<p><strong>Przyznana kwota:<\/strong> 88\u00a0045 z\u0142<\/p>\n<p><strong>Streszczenie popularnonaukowe:<\/strong>\u00a0<a href=\"https:\/\/www.ncn.gov.pl\/sites\/default\/files\/listy-rankingowe\/2022-03-15-ako9z8\/streszczenia\/560829-pl.pdf\" class=\"mtli_attachment mtli_pdf\" class=\"mtli_attachment mtli_pdf\">opis projektu w formacie .pdf<\/a><\/p>\n<\/div>\r\n                    <\/div>\r\n                <\/div>[\/vc_tta_section][vc_tta_section title=&#8221;Testery mi\u0142o\u015bci: Technologiczne prototypy profilowania uczu\u0107, osobowo\u015bci i relacji (studium kulturowe)&#8221; tab_id=&#8221;1733474814754-55c76d4d-5464&#8243;]\r\n                <div class=\"text-modules\">\r\n                    <div class=\"container\">\r\n                        \r\n                        <div class=\"text-modules__content\"><p><strong>Nazwa konkursu:<\/strong> OPUS 25<\/p>\n<p><strong>kierownik projektu:<\/strong>\u00a0<a href=\"https:\/\/us.edu.pl\/instytut\/inok\/osoby\/ania-malinowska\/\">dr hab. Anna Helena Malinowska, prof. U\u015a<\/a><\/p>\n<p><strong>Czas trwania:<\/strong> 12.01.2024-11.01.2027<\/p>\n<p><strong>przyznana kwota:<\/strong> 652 700 z\u0142<\/p>\n<p><strong>Streszczenie popularnonaukowe:<\/strong>\u00a0<a href=\"https:\/\/www.ncn.gov.pl\/sites\/default\/files\/listy-rankingowe\/2023-03-14-opkit45wac\/streszczenia\/585855-pl.pdf\" class=\"mtli_attachment mtli_pdf\" class=\"mtli_attachment mtli_pdf\">opis projektu w formacie .pdf<\/a><\/p>\n<\/div>\r\n                    <\/div>\r\n                <\/div>[\/vc_tta_section][vc_tta_section title=&#8221;Nie tylko sacrum. Pojmowanie przyrody w Bizancjum (IV-XV wiek)&#8221; tab_id=&#8221;1733474811353-3a682d60-27fa&#8221;]\r\n                <div class=\"text-modules\">\r\n                    <div class=\"container\">\r\n                        \r\n                        <div class=\"text-modules__content\"><p><strong>Nazwa konkursu:<\/strong> OPUS 25<\/p>\n<p><strong>Kierownik projektu:<\/strong>\u00a0<a href=\"https:\/\/us.edu.pl\/instytut\/il\/osoby\/przemyslaw-marciniak\/\">prof. dr hab. Przemys\u0142aw Tadeusz Marciniak<\/a><\/p>\n<p><strong>Czas trwania:<\/strong> 03.01.2024-02.01.2028<\/p>\n<p><strong>Przyznana kwota:<\/strong> 1 752 774 z\u0142<\/p>\n<p><strong>Streszczenie popularnonaukowe:<\/strong>\u00a0<a href=\"https:\/\/www.ncn.gov.pl\/sites\/default\/files\/listy-rankingowe\/2023-03-14-opkit45wac\/streszczenia\/587959-pl.pdf\" class=\"mtli_attachment mtli_pdf\" class=\"mtli_attachment mtli_pdf\">opis projektu w formacie .pdf<\/a><\/p>\n<\/div>\r\n                    <\/div>\r\n                <\/div>[\/vc_tta_section][vc_tta_section title=&#8221;Wieloj\u0119zyczny i multimodalny badacz: wybory i postawy wobec upowszechniania wiedzy&#8221; tab_id=&#8221;1728470101756-a7cdae7d-6439&#8243;]\r\n                <div class=\"text-modules\">\r\n                    <div class=\"container\">\r\n                        \r\n                        <div class=\"text-modules__content\"><p><strong>Nazwa konkursu: <\/strong>Miniatura 8<\/p>\n<p><strong>Kierownik projektu: <\/strong><a href=\"https:\/\/us.edu.pl\/instytut\/ij\/osoby\/pawel-zakrajewski\/\">dr Pawe\u0142 Zakrajewski<\/a><strong><br \/>\n<\/strong><\/p>\n<p><strong>Czas trwania:<\/strong> 11.10.2024-10.01.2026<\/p>\n<p><strong>Kwota finasowania: <\/strong>49 947 z\u0142<\/p>\n<\/div>\r\n                    <\/div>\r\n                <\/div>[\/vc_tta_section][vc_tta_section title=&#8221;Mapowanie kultury ostatniego zag\u0142\u0119bia w\u0119glowego w Europie&#8221; tab_id=&#8221;1728469866029-13263fce-65cb&#8221;]\r\n                <div class=\"text-modules\">\r\n                    <div class=\"container\">\r\n                        \r\n                        <div class=\"text-modules__content\"><p><strong>Nazwa konkursu: <\/strong>OPUS + LAP<\/p>\n<p><strong>Kierownik projektu: <\/strong>prof. dr hab. Marta Tomczok<\/p>\n<p><strong>Czas trwania:<\/strong> 02.01.2025-01.01.2028<\/p>\n<p><strong>Kwota finasowania: <\/strong>403 447 PLN<\/p>\n<p><strong>Streszczenie popularnonaukowe:<\/strong> <a href=\"https:\/\/us.edu.pl\/wydzial\/wh\/wp-content\/uploads\/sites\/15\/Bez-kategorii\/opis-projektu.pdf\" class=\"mtli_attachment mtli_pdf\" data-mtli=\"mtli_filesize85,63kB\" class=\"mtli_attachment mtli_pdf\" data-mtli=\"mtli_filesize85,63kB\"><strong>Opis projektu<\/strong><\/a><\/p>\n<style type=\"text\/css\">a[data-mtli~=\"mtli_filesize85,63kB\"]:after {content:\" (85,63 kB)\"}<\/style><\/div>\r\n                    <\/div>\r\n                <\/div>[\/vc_tta_section][vc_tta_section title=&#8221;Wp\u0142yw tempa m\u00f3wienia na realizacj\u0119 kontrast\u00f3w fonemicznych w j\u0119zyku ojczystym i j\u0119zyku obcym&#8221; tab_id=&#8221;1720775441350-375cd493-35e4&#8243;]\r\n                <div class=\"text-modules\">\r\n                    <div class=\"container\">\r\n                        \r\n                        <div class=\"text-modules__content\"><p><strong>Nazwa konkursu: <\/strong>OPUS 26<\/p>\n<p><strong>Kierownik projektu: <\/strong><a href=\"https:\/\/us.edu.pl\/instytut\/ij\/osoby\/arkadiusz-rojczyk\/\"><span data-sheets-root=\"1\">prof. dr. hab. Arkadiusz Rojczyk<\/span><\/a><\/p>\n<p><strong>Czas trwania<\/strong>: 01.10.2024-30.09.2027<\/p>\n<p><strong>Kwota finasowania: <\/strong>586 752 PLN<\/p>\n<p><strong>Cel projektu:<\/strong><\/p>\n<p>Celem projektu jest zbadanie, jak zmiany w tempie m\u00f3wienia wp\u0142ywaj\u0105 na realizacj\u0119 kontrast\u00f3w fonemicznych w j\u0119zyku ojczystym i j\u0119zyku obcym. Poddamy badaniu artykulacj\u0119 wybranych kontrast\u00f3w w j\u0119zyku polskim, angielskim i japo\u0144skim w r\u00f3\u017cnych tempach m\u00f3wienia, od tempa wolnego do tempa bardzo szybkiego. J\u0119zyki polski, angielski i japo\u0144ski maj\u0105 interesuj\u0105ce r\u00f3\u017cnice typologiczne w sposobie, w jaki realizuj\u0105 kontrasty fonemiczne. R\u00f3\u017cnice te s\u0105 na poziomie cech iloczasowych i spektralnych i zak\u0142adamy, \u017ce b\u0119d\u0105 wymaga\u0142y odmiennych strategii dopasowania do zmieniaj\u0105cego si\u0119 tempa mowy. Nast\u0119pnie poddamy badaniu wymow\u0119 j\u0119zyka angielskiego jako j\u0119zyka obcego przez Polak\u00f3w i Japo\u0144czyk\u00f3w. Zebrane dane akustyczne oraz dane z bada\u0144 percepcji pozwol\u0105 nam okre\u015bli\u0107, jak zmiana tempa m\u00f3wienia wp\u0142ywa na realizacj\u0119 kontrast\u00f3w fonemicznych w j\u0119zyku obcym i w jakim stopniu realizacja ta r\u00f3\u017cni si\u0119 tego, co obserwujemy w j\u0119zyku ojczystym. Na koniec poddamy badaniu Polak\u00f3w ucz\u0105cych si\u0119 j\u0119zyka japo\u0144skiego jako j\u0119zyka trzeciego, by zobaczy\u0107, jak zmiana tempa mowy wp\u0142ywa na realizacj\u0119 kontrast\u00f3w d\u017awi\u0119kowych w kolejnym j\u0119zyku i jak bardzo realizacja w j\u0119zyku trzecim jest odmienna od tej w j\u0119zyku drugim.<\/p>\n<\/div>\r\n                    <\/div>\r\n                <\/div>[\/vc_tta_section][vc_tta_section title=&#8221;Wsp\u00f3lnototw\u00f3rcza moc tekstu. Literatura g\u00f3rno\u015bl\u0105ska 1989\u20132023&#8243; tab_id=&#8221;1717589769363-dc0dffe1-69e8&#8243;]\r\n                <div class=\"text-modules\">\r\n                    <div class=\"container\">\r\n                        \r\n                        <div class=\"text-modules__content\"><p><strong>Nazwa konkursu: <\/strong>SONATA 19<\/p>\n<p><strong>Kierownik projektu:<\/strong> <span data-sheets-root=\"1\">dr Karolina Pospiszil<\/span><\/p>\n<p><strong>Czas trwania:<\/strong> <span data-sheets-root=\"1\">01.10.2024-30.09.2027<\/span><\/p>\n<p><strong>Kwota finasowania: <\/strong>200 863 PLN<\/p>\n<p><strong>Cel projektu:<\/strong><\/p>\n<p>Celem projektu jest ukazanie rozwoju najnowszej literatury g\u00f3rno\u015bl\u0105skiej (1989-2023) i tego, w jaki spos\u00f3b funkcjonuje ona spo\u0142ecznie, jak oddzia\u0142uje na odbiorc\u00f3w i ich otoczenie.<\/p>\n<\/div>\r\n                    <\/div>\r\n                <\/div>[\/vc_tta_section][vc_tta_section title=&#8221;Mapowanie growej biopolityki: paradygmaty immunologiczne w grach cyfrowych&#8221; tab_id=&#8221;1662633601329-30b7527a-3df9&#8243;]\r\n                <div class=\"text-modules\">\r\n                    <div class=\"container\">\r\n                        \r\n                        <div class=\"text-modules__content\"><p><strong>Nazwa konkursu:<\/strong> OPUS 22<\/p>\n<p><strong>Kierownik projektu:<\/strong> <a href=\"https:\/\/us.edu.pl\/instytut\/il\/osoby\/michal-klosinski\/\">dr hab. Micha\u0142 K\u0142osi\u0144ski, prof. U\u015a<\/a><\/p>\n<p><strong>Czas trwania:<\/strong> <span data-sheets-root=\"1\">03.10.2022 &#8211; 02.10.2026<\/span><\/p>\n<p><strong>Kwota finansowania:<\/strong> 270 840 PLN<\/p>\n<p><strong>Streszczenie popularnonaukowe<\/strong>: <a href=\"https:\/\/ncn.gov.pl\/sites\/default\/files\/listy-rankingowe\/2021-09-15okipi34a\/streszczenia\/542760-pl.pdf\" class=\"mtli_attachment mtli_pdf\" class=\"mtli_attachment mtli_pdf\"><strong>opis projektu.<\/strong><\/a><\/p>\n<p>&nbsp;<\/p>\n<hr \/>\n<p><strong>Project title: <\/strong>Mapping Game Biopolitics: Immunological Paradigms In Video Games<\/p>\n<p><strong>Funding schemes: <\/strong>OPUS 22<\/p>\n<p><strong>Principal Investigator: <\/strong><a href=\"https:\/\/us.edu.pl\/instytut\/il\/osoby\/michal-klosinski\/#1614252598406-37942bba-12c5\">dr hab. Micha\u0142 K\u0142osi\u0144ski, prof. U\u015a<\/a><\/p>\n<p><strong>Funding amount: <\/strong>270 840 PLN<\/p>\n<p><strong>Implementation period: <\/strong>03.10.2022 &#8211; 02.10.2026<\/p>\n<p><strong>Description for the general public: <a href=\"https:\/\/us.edu.pl\/wydzial\/wh\/wp-content\/uploads\/sites\/15\/Bez-kategorii\/Streszczenie_ang_prof.-Klosinski.pdf\" class=\"mtli_attachment mtli_pdf\" data-mtli=\"mtli_filesize10,79kB\" class=\"mtli_attachment mtli_pdf\" data-mtli=\"mtli_filesize10,79kB\">project description.<\/a><\/strong><\/p>\n<style type=\"text\/css\">a[data-mtli~=\"mtli_filesize10,79kB\"]:after {content:\" (10,79 kB)\"}<\/style><\/div>\r\n                    <\/div>\r\n                <\/div>[\/vc_tta_section][vc_tta_section title=&#8221;Krytyka traktatu \u201eHet Schilder-Boeck\u201d (Ksie\u0328ga o malarstwie) i \u015bledzenie migracji mistrz\u00f3w flamandzkich (XV-XVI wiek)&#8221; tab_id=&#8221;1662633671320-22049c15-5f3c&#8221;]\r\n                <div class=\"text-modules\">\r\n                    <div class=\"container\">\r\n                        \r\n                        <div class=\"text-modules__content\"><p><strong>Nazwa konkursu:<\/strong> SONATA 18<\/p>\n<p><strong>Kierownik projektu:<\/strong> <a href=\"https:\/\/us.edu.pl\/instytut\/inos\/osoby\/oskar-jacek-rojewski\/\">dr Oskar J. Rojewski, prof. U\u015a<\/a><\/p>\n<p><strong>Czas trwania: <\/strong>02.10.2023 &#8211; 01.10.2026<\/p>\n<p><strong>Kwota finansowania:<\/strong> 855 588 PLN<\/p>\n<p><strong>Streszczenie popularnonaukowe<\/strong>: <a href=\"https:\/\/projekty.ncn.gov.pl\/opisy\/577651-pl.pdf\" class=\"mtli_attachment mtli_pdf\" class=\"mtli_attachment mtli_pdf\"><strong>opis projektu<\/strong><\/a><\/p>\n<p><strong>Strona projektu:<\/strong> <a href=\"https:\/\/us.edu.pl\/wydzial\/wh\/hetschilderboeck\/\">https:\/\/us.edu.pl\/wydzial\/wh\/hetschilderboeck\/<\/a><\/p>\n<p>&nbsp;<\/p>\n<hr \/>\n<p><strong>Project title: <\/strong>Re-thinking of \u201eHet Schilder-Boeck\u201d (The Book of Painting) and tracing the Migration of Flemish Masters (XV-XVI Centuries)<\/p>\n<p><strong>Funding schemes: <\/strong>SONATA 18<\/p>\n<p><strong>Principal Investigator:<\/strong> <a href=\"https:\/\/us.edu.pl\/instytut\/inos\/osoby\/oskar-jacek-rojewski\/\">dr Oskar J. Rojewski, prof. U\u015a<\/a><\/p>\n<p><strong>Funding amount: <\/strong>855 588 PLN<\/p>\n<p><strong>Implementation period: <\/strong>02.10.2023 &#8211; 01.10.2026<\/p>\n<p><strong>Description for the general public: <\/strong><a href=\"https:\/\/projekty.ncn.gov.pl\/opisy\/577651-en.pdf\" class=\"mtli_attachment mtli_pdf\" class=\"mtli_attachment mtli_pdf\">project description<\/a><\/p>\n<p><strong>Project website:<\/strong> <a href=\"https:\/\/us.edu.pl\/wydzial\/wh\/hetschilderboeck\/\">https:\/\/us.edu.pl\/wydzial\/wh\/hetschilderboeck\/<\/a><\/p>\n<\/div>\r\n                    <\/div>\r\n                <\/div>[\/vc_tta_section][vc_tta_section title=&#8221;Wsp\u00f3\u0142udzia\u0142 w polis: greckie konceptualizacje wsp\u00f3lnoty politycznej&#8221; tab_id=&#8221;1729171982482-c472f7e4-e644&#8243;]\r\n                <div class=\"text-modules\">\r\n                    <div class=\"container\">\r\n                        \r\n                        <div class=\"text-modules__content\"><p><strong>Nazwa konkursu:<\/strong> SONATA 18<\/p>\n<p><strong>Kierownik projektu:<\/strong> <a href=\"https:\/\/us.edu.pl\/instytut\/il\/osoby\/jakub-filonik\/\">dr Jakub Filonik<\/a><\/p>\n<p><strong>Czas trwania:<\/strong> 05.06.2023 &#8211; 04.06.2026<\/p>\n<p><strong>Kwota finansowania:<\/strong> 352 153 z\u0142<\/p>\n<p><strong>Streszczenie popularnonaukowe:<\/strong> <a href=\"https:\/\/www.ncn.gov.pl\/sites\/default\/files\/listy-rankingowe\/2022-09-15-opu8jisl\/streszczenia\/570980-pl.pdf\" class=\"mtli_attachment mtli_pdf\" class=\"mtli_attachment mtli_pdf\"><strong>opis projektu<\/strong><\/a><\/p>\n<p>&nbsp;<\/p>\n<hr \/>\n<p><strong>Project title: <\/strong>Sharing in the polis: Greek conceptualizations of the political community<\/p>\n<p><strong>Funding schemes: <\/strong>SONATA 18<\/p>\n<p><strong>Principal Investigator:<\/strong> <a href=\"https:\/\/us.edu.pl\/instytut\/il\/osoby\/jakub-filonik\/\">dr Jakub Filonik<\/a><\/p>\n<p><strong>Funding amount: <\/strong>352 153\u00a0z\u0142<\/p>\n<p><strong>Implementation period: <\/strong>05.06.23- 04.06.2026<\/p>\n<p><strong>Description for the general public: <\/strong><a href=\"https:\/\/projekty.ncn.gov.pl\/opisy\/570980-en.pdf\" class=\"mtli_attachment mtli_pdf\" class=\"mtli_attachment mtli_pdf\">project description<\/a><\/p>\n<\/div>\r\n                    <\/div>\r\n                <\/div>[\/vc_tta_section][vc_tta_section title=&#8221;Procesy demokratyzacyjne w teatrach instytucjonalnych w Polsce. Procedury, mechanizmy i relacje w\u0142adzy&#8221; tab_id=&#8221;1729171561353-6ee190d1-f15b&#8221;]\r\n                <div class=\"text-modules\">\r\n                    <div class=\"container\">\r\n                        \r\n                        <div class=\"text-modules__content\"><p><strong>Nazwa konkursu:<\/strong> SONATA 17<\/p>\n<p><strong>Kierownik projektu:<\/strong> <a href=\"https:\/\/us.edu.pl\/instytut\/inok\/osoby\/aneta-glowacka\/#1630405290568-b721a160-d29e\">dr Aneta G\u0142owacka<\/a><\/p>\n<p><strong>Czas trwania<\/strong>: <span data-sheets-root=\"1\">03.10.2022- 02.10.2026<\/span><\/p>\n<p><strong>Kwota finansowania:<\/strong> 920 681 PLN<\/p>\n<p><strong>Streszczenie popularnonaukowe:<\/strong> <a href=\"https:\/\/ncn.gov.pl\/sites\/default\/files\/listy-rankingowe\/2021-09-15okipi34a\/streszczenia\/541049-pl.pdf\" class=\"mtli_attachment mtli_pdf\" class=\"mtli_attachment mtli_pdf\"><strong>opis projektu.<\/strong><\/a><\/p>\n<p>&nbsp;<\/p>\n<hr \/>\n<p><strong>Project title: <\/strong>Democratisation processes in institutional theatres in Poland. Procedures, mechanisms and power relations<\/p>\n<p><strong>Funding schemes: <\/strong>SONATA 17<\/p>\n<p><strong>Principal Investigator: <\/strong><a href=\"https:\/\/us.edu.pl\/instytut\/inok\/osoby\/aneta-glowacka\/#1630405290586-5fd1b2a1-8d38\">dr Aneta G\u0142owacka<\/a><\/p>\n<p><strong>Funding amount: <\/strong>920 681 PLN<\/p>\n<p><strong>Implementation period: <\/strong><span data-sheets-root=\"1\">03.10.2022- 02.10.2026<\/span><\/p>\n<p><strong>Description for the general public: <a href=\"https:\/\/us.edu.pl\/wydzial\/wh\/wp-content\/uploads\/sites\/15\/Bez-kategorii\/Streszczenie_ang_dr_Glowacka.pdf\" class=\"mtli_attachment mtli_pdf\" data-mtli=\"mtli_filesize257,44kB\" class=\"mtli_attachment mtli_pdf\" data-mtli=\"mtli_filesize257,44kB\">project description<\/a>.<\/strong><\/p>\n<style type=\"text\/css\">a[data-mtli~=\"mtli_filesize257,44kB\"]:after {content:\" (257,44 kB)\"}<\/style><\/div>\r\n                    <\/div>\r\n                <\/div>[\/vc_tta_section][vc_tta_section title=&#8221;Jana z Janduno \u201eQuaestiones super 'Parva naturalia\u2019 Aristotelis\u201d. Edycja krytyczna i analiza historyczno-filozoficzna&#8221; tab_id=&#8221;1662633754737-f9d9ec84-93e6&#8243;]\r\n                <div class=\"text-modules\">\r\n                    <div class=\"container\">\r\n                        \r\n                        <div class=\"text-modules__content\"><p><strong>Nazwa konkursu:<\/strong> SONATA 17<\/p>\n<p><strong>Kierownik projektu:<\/strong> <a href=\"https:\/\/us.edu.pl\/instytut\/ifil\/osoby\/maciej-stanek\/\">dr Maciej Stanek<\/a><\/p>\n<p><strong>Czas trwania:<\/strong>\u00a0<span data-sheets-root=\"1\">03.10.2022 &#8211; 02.10.2026<\/span><\/p>\n<p><strong>Kwota finansowania:<\/strong> 445 755 z\u0142<\/p>\n<p><strong>Streszczenie popularnonaukowe<\/strong>: <a href=\"https:\/\/ncn.gov.pl\/sites\/default\/files\/listy-rankingowe\/2021-09-15okipi34a\/streszczenia\/532713-pl.pdf\" class=\"mtli_attachment mtli_pdf\" class=\"mtli_attachment mtli_pdf\"><strong>opis projektu.<\/strong><\/a><\/p>\n<p>&nbsp;<\/p>\n<hr \/>\n<p><strong>Project title: <\/strong>John of Jandun&#8217;s &#8222;Quaestiones super 'Parva naturalia&#8217; Aristotelis&#8221;: Critical Edition with Substantial Introduction<\/p>\n<p><strong>Funding schemes: <\/strong>SONATA 17<\/p>\n<p><strong>Principal Investigator: <\/strong><a href=\"https:\/\/us.edu.pl\/instytut\/ifil\/osoby\/maciej-stanek\/\">dr Maciej Stanek<\/a><\/p>\n<p><strong>Funding amount: <\/strong>445\u00a0755 z\u0142<\/p>\n<p><strong>Implementation period: <\/strong><span data-sheets-root=\"1\">03.10.2022 &#8211; 02.10.2026<\/span><\/p>\n<p><strong>Description for the general public: <a href=\"https:\/\/us.edu.pl\/wydzial\/wh\/wp-content\/uploads\/sites\/15\/Bez-kategorii\/Streszczenie_ang_dr_Stanek.pdf\" class=\"mtli_attachment mtli_pdf\" data-mtli=\"mtli_filesize61,49kB\" class=\"mtli_attachment mtli_pdf\" data-mtli=\"mtli_filesize61,49kB\">project description<\/a>.<\/strong><\/p>\n<style type=\"text\/css\">a[data-mtli~=\"mtli_filesize61,49kB\"]:after {content:\" (61,49 kB)\"}<\/style><\/div>\r\n                    <\/div>\r\n                <\/div>[\/vc_tta_section][vc_tta_section title=&#8221;Bizanty\u0144ska entomologia kulturowa: transformacja dziedzictwa antyku (V-XV w.)&#8221; tab_id=&#8221;1662633798808-2ac8afbf-69eb&#8221;]\r\n                <div class=\"text-modules\">\r\n                    <div class=\"container\">\r\n                        \r\n                        <div class=\"text-modules__content\"><p><strong>Nazwa konkursu:<\/strong> PRELUDIUM BIS 3<\/p>\n<p><strong>Kierownik projektu: <\/strong><a href=\"https:\/\/us.edu.pl\/instytut\/il\/osoby\/przemyslaw-marciniak\/\">prof. dr hab. Przemys\u0142aw Marciniak<\/a><\/p>\n<p><strong>Czas trwania:<\/strong> 01.10.22- 30.09.2026<\/p>\n<p><strong>Kwota finansowania:<\/strong> 405\u00a0772 z\u0142<\/p>\n<p>Streszczenie popularnonaukowe: <a href=\"https:\/\/ncn.gov.pl\/sites\/default\/files\/listy-rankingowe\/2021-09-15vpa31r\/streszczenia\/534646-pl.pdf\" class=\"mtli_attachment mtli_pdf\" class=\"mtli_attachment mtli_pdf\"><strong>opis projektu.<\/strong><\/a><\/p>\n<p>&nbsp;<\/p>\n<hr \/>\n<p><strong>Project title:<\/strong> Byzantine cultural entomology: Transformation of the Ancient Heritage (5th-15th centuries).<\/p>\n<p><strong>Funding schemes: <\/strong>PRELUDIUM BIS 3<\/p>\n<p><strong>Principal Investigator: <\/strong><a href=\"https:\/\/us.edu.pl\/instytut\/il\/osoby\/przemyslaw-marciniak\/#1614249526021-b3b74c73-853a\">prof. dr hab. Przemys\u0142aw Marciniak<\/a><\/p>\n<p><strong>Funding amount: <\/strong>405\u00a0772 z\u0142<\/p>\n<p><strong>Implementation period: <\/strong>01.10.22-30.09.26<\/p>\n<p><strong>Description for the general public: <a href=\"https:\/\/us.edu.pl\/wydzial\/wh\/wp-content\/uploads\/sites\/15\/Bez-kategorii\/Streszczenie_ang_prof.Marciniak.pdf\" class=\"mtli_attachment mtli_pdf\" data-mtli=\"mtli_filesize82,74kB\" class=\"mtli_attachment mtli_pdf\" data-mtli=\"mtli_filesize82,74kB\">project description<\/a>. <\/strong><\/p>\n<style type=\"text\/css\">a[data-mtli~=\"mtli_filesize82,74kB\"]:after {content:\" (82,74 kB)\"}<\/style><\/div>\r\n                    <\/div>\r\n                <\/div>[\/vc_tta_section][vc_tta_section tab_id=&#8221;1642410568488-2bdbf441-b557&#8243; title=&#8221;W stron\u0119 bizanty\u0144skiej zoopoetyki. Ludzie i zwierz\u0119ta w bizancjum (X-XII wiek)&#8221;]\r\n                <div class=\"text-modules\">\r\n                    <div class=\"container\">\r\n                        \r\n                        <div class=\"text-modules__content\"><p><strong>Nazwa konkursu: <\/strong>OPUS 18<\/p>\n<p><strong>Kierownik projektu: <\/strong>prof. dr hab. Przemys\u0142aw Marciniak<\/p>\n<p><strong>Czas trwania: <\/strong><span data-sheets-root=\"1\">19.06.2020 &#8211; 18.06.2026<\/span><\/p>\n<p><strong>Kwota finasowania: <\/strong>805 320 PLN<\/p>\n<p><strong>Streszczenie popularnonaukowe: <\/strong><a href=\"https:\/\/projekty.ncn.gov.pl\/opisy\/458533-pl.pdf\" class=\"mtli_attachment mtli_pdf\" class=\"mtli_attachment mtli_pdf\">opis projektu w formacie .pdf<\/a><\/p>\n<p>&nbsp;<\/p>\n<hr \/>\n<p><strong>Project title: <\/strong>Towards Byzantine Zoopoetics: Humans and Non-Human Animals in Byzantium (10th-12th Centuries)<\/p>\n<p><strong>Funding schemes: <\/strong>OPUS 18<\/p>\n<p><strong>Principal Investigator: <\/strong>Prof. Przemys\u0142aw Marciniak<\/p>\n<p><strong>Funding amount: <\/strong>805 320 PLN |\u00a0<strong>Implementation period: <\/strong>19.06.2020 &#8211; 18.06.2026<\/p>\n<p><strong>Description for the general public: <\/strong><a href=\"https:\/\/projekty.ncn.gov.pl\/opisy\/458533-en.pdf\" class=\"mtli_attachment mtli_pdf\" class=\"mtli_attachment mtli_pdf\">project description in a .pdf file<\/a><\/p>\n<\/div>\r\n                    <\/div>\r\n                <\/div>[\/vc_tta_section][vc_tta_section tab_id=&#8221;1642410566657-ae3dee0d-7e19&#8243; title=&#8221;Uciele\u015bniona religia (embodied religion) \u015bwieckich chrze\u015bcijan w p\u00f3\u017anoantycznym Egipcie&#8221;]\r\n                <div class=\"text-modules\">\r\n                    <div class=\"container\">\r\n                        \r\n                        <div class=\"text-modules__content\"><p><strong>Nazwa konkursu: <\/strong>SONATA 16<\/p>\n<p><strong>Kierownik projektu: <\/strong>dr Przemys\u0142aw Piwowarczyk<\/p>\n<p>Czas trwania: <span data-sheets-root=\"1\">30.09.2021 &#8211; 29.09.2026<\/span><\/p>\n<p><strong>Kwota finasowania: <\/strong>293 676 PLN<\/p>\n<p><strong>Streszczenie popularnonaukowe: <\/strong><a href=\"https:\/\/projekty.ncn.gov.pl\/opisy\/498087-pl.pdf\" class=\"mtli_attachment mtli_pdf\" class=\"mtli_attachment mtli_pdf\">opis projektu w formacie .pdf<\/a><\/p>\n<p>&nbsp;<\/p>\n<hr \/>\n<p><strong>Project title: <\/strong>Embodied religion of laypeople in late ancient Egypt<\/p>\n<p><strong>Funding schemes: <\/strong>SONATA 16<\/p>\n<p><strong>Principal Investigator: <\/strong>Przemys\u0142aw Piwowarczyk, PhD<\/p>\n<p><strong>Funding amount: <\/strong>293 676 PLN |\u00a0<strong>Implementation period: <\/strong><span data-sheets-root=\"1\">30.09.2021 &#8211; 29.09.2026<\/span><\/p>\n<p><strong>Description for the general public: <\/strong><a href=\"https:\/\/projekty.ncn.gov.pl\/opisy\/498087-en.pdf\" class=\"mtli_attachment mtli_pdf\" class=\"mtli_attachment mtli_pdf\">project description in a .pdf file<\/a><\/p>\n<\/div>\r\n                    <\/div>\r\n                <\/div>[\/vc_tta_section][vc_tta_section tab_id=&#8221;1642410565874-78f43d5b-1f02&#8243; title=&#8221;Geopolityczna specyfika potrydenckich nuncjatur apostolskich (1562-1605) &#8211; studium prozopograficzno-por\u00f3wnawcze&#8221;]\r\n                <div class=\"text-modules\">\r\n                    <div class=\"container\">\r\n                        \r\n                        <div class=\"text-modules__content\"><p><strong>Nazwa konkursu: <\/strong>SONATA 16<\/p>\n<p><strong>Kierownik projektu: <\/strong>dr Dorota Gregorowicz<\/p>\n<p><strong>Czas trwania:<\/strong> 29.11.2021 &#8211; 28.11.2026<\/p>\n<p><strong>Kwota finasowania: <\/strong>714 432 PLN |<\/p>\n<p><strong>Streszczenie popularnonaukowe: <\/strong><a href=\"https:\/\/projekty.ncn.gov.pl\/opisy\/497972-pl.pdf\" class=\"mtli_attachment mtli_pdf\" class=\"mtli_attachment mtli_pdf\">opis projektu w formacie .pdf<\/a><\/p>\n<p>&nbsp;<\/p>\n<hr \/>\n<p><strong>Project title: <\/strong>The geopolitical character of the post-Tridentine apostolic nunciatures (1562-1605) &#8211; a prosopographical and comparative study<\/p>\n<p><strong>Funding schemes: <\/strong>SONATA 16<\/p>\n<p><strong>Principal Investigator: <\/strong>Dorota Gregorowicz, PhD<\/p>\n<p><strong>Funding amount: <\/strong>714 432 PLN |\u00a0<strong>Implementation period: <\/strong>29.11.2021 &#8211; 28.11.2026<\/p>\n<p><strong>Description for the general public: <\/strong><a href=\"https:\/\/projekty.ncn.gov.pl\/opisy\/497972-en.pdf\" class=\"mtli_attachment mtli_pdf\" class=\"mtli_attachment mtli_pdf\">project description in a .pdf file<\/a><\/p>\n<\/div>\r\n                    <\/div>\r\n                <\/div>[\/vc_tta_section][vc_tta_section tab_id=&#8221;1642418038541-b9e15b89-59e7&#8243; title=&#8221;Poprzez stulecia, j\u0119zyki i kultury &#8211; Cuda \u015bw. Menasa jako \u017ar\u00f3d\u0142o historyczne, utw\u00f3r literacki i tekst liturgiczny&#8221;]\r\n                <div class=\"text-modules\">\r\n                    <div class=\"container\">\r\n                        \r\n                        <div class=\"text-modules__content\"><p><strong>Nazwa konkursu: <\/strong>OPUS 21<\/p>\n<p><strong>Kierownik projektu: <\/strong>dr Przemys\u0142aw Piwowarczyk<\/p>\n<p><strong>Czas trwania:<\/strong> <span data-sheets-root=\"1\">10.01.2022 &#8211; 09.01.2027<\/span><\/p>\n<p><strong>Kwota finasowania: <\/strong>577 143 PLN<\/p>\n<p><strong>Streszczenie popularnonaukowe: <\/strong><a href=\"http:\/\/www.ncn.gov.pl\/sites\/default\/files\/listy-rankingowe\/2021-03-15bhga1\/streszczenia\/517376-pl.pdf\" class=\"mtli_attachment mtli_pdf\" data-mtli=\"mtli_filesize122b\" class=\"mtli_attachment mtli_pdf\" data-mtli=\"mtli_filesize122b\">opis projektu w formacie .pdf<\/a><\/p>\n<p>&nbsp;<\/p>\n<hr \/>\n<p><strong>Project title:\u00a0<\/strong><\/p>\n<p><strong>Funding schemes: <\/strong>OPUS 21<\/p>\n<p><strong>Principal Investigator: <\/strong>Przemys\u0142aw Piwowarczyk, PhD<\/p>\n<p><strong>Funding amount: <\/strong>577 143 PLN |\u00a0<strong>Implementation period: <\/strong><span data-sheets-root=\"1\">10.01.2022 &#8211; 09.01.2027<\/span><\/p>\n<p><strong>Description for the general public: <\/strong><a href=\"https:\/\/us.edu.pl\/wydzial\/wh\/wp-content\/uploads\/sites\/15\/PROJEKTY\/Opus_Piwowarczyk_ang.pdf\" class=\"mtli_attachment mtli_pdf\" data-mtli=\"mtli_filesize64,71kB\" class=\"mtli_attachment mtli_pdf\" data-mtli=\"mtli_filesize64,71kB\">project description in a .pdf file<\/a><\/p>\n<style type=\"text\/css\">a[data-mtli~=\"mtli_filesize122b\"]:after {content:\" (122 b)\"}a[data-mtli~=\"mtli_filesize64,71kB\"]:after {content:\" (64,71 kB)\"}<\/style><\/div>\r\n                    <\/div>\r\n                <\/div>[\/vc_tta_section][vc_tta_section tab_id=&#8221;1642427939583-1b4a7668-f4bc&#8221; title=&#8221;Raptus puellae &#8211; mi\u0119dzy \u017cyciem a literatur\u0105. Nieznany wiersz z sylwy Aleksandra Minora, cze\u015bnika che\u0142mskiego, jako nowe \u017ar\u00f3d\u0142o do literackiej tradycji raptu&#8221;]\r\n                <div class=\"text-modules\">\r\n                    <div class=\"container\">\r\n                        \r\n                        <div class=\"text-modules__content\"><p><strong>Nazwa konkursu: <\/strong>Preludium 19<\/p>\n<p><strong>Kierownik projektu: <\/strong>mgr Monika Szafra\u0144ska<\/p>\n<p><strong>Opiekun naukowy: <\/strong>dr hab. Maria Bar\u0142owska, prof. U\u015a<\/p>\n<p><strong>Kwota finasowania: <\/strong>147 600 PLN |\u00a0<strong>Okres realizacji: <\/strong>11.01.2021-10.01.2024<\/p>\n<p><strong>Streszczenie popularnonaukowe: <\/strong><a href=\"https:\/\/projekty.ncn.gov.pl\/opisy\/477684-pl.pdf\" class=\"mtli_attachment mtli_pdf\" class=\"mtli_attachment mtli_pdf\">opis projektu w formacie .pdf<\/a><\/p>\n<p>&nbsp;<\/p>\n<hr \/>\n<p><strong>Project title: <\/strong>Raptus Puellae, Between Life and Literature. An Unknown Poem from Silva Rerum Written by Alexander Minor, the Cupbearer of Chelm, as a New Reference to the Literary Tradition of Abduction<\/p>\n<p><strong>Funding schemes: <\/strong>Preludium 19<\/p>\n<p><strong>Principal Investigator: <\/strong>Monika Szafra\u0144ska, MA<\/p>\n<p><strong>Research Supervisor: <\/strong>Maria Bar\u0142owska, PhD, DLitt, Associate Professor<\/p>\n<p><strong>Funding amount: <\/strong>147 600 PLN |\u00a0<strong>Implementation period: <\/strong>11.01.2021-10.01.2024<\/p>\n<p><strong>Description for the general public: <\/strong><a href=\"https:\/\/projekty.ncn.gov.pl\/opisy\/477684-en.pdf\" class=\"mtli_attachment mtli_pdf\" class=\"mtli_attachment mtli_pdf\">project description in a .pdf file<\/a><\/p>\n<\/div>\r\n                    <\/div>\r\n                <\/div>[\/vc_tta_section][vc_tta_section tab_id=&#8221;1642427939488-1910977b-f5a8&#8243; title=&#8221;Prawos\u0142awna teologia zwierz\u0105t w eseistyce Tatiany Goriczewej&#8221;]\r\n                <div class=\"text-modules\">\r\n                    <div class=\"container\">\r\n                        \r\n                        <div class=\"text-modules__content\"><p><strong>Nazwa konkursu: <\/strong>PRELUDIUM BIS 2<\/p>\n<p><strong>Kierownik projektu: <\/strong>dr hab. Justyna Tymieniecka-Suchanek, prof. U\u015a<\/p>\n<p><strong>Czas trwania:<\/strong> 01.10.2021 &#8211; 30.09.2025 |\u00a0<strong>Okres realizacji: <\/strong>1.10.2021-30.09.2025<\/p>\n<p><strong>Kwota finasowania: <\/strong>415 380 PLN<\/p>\n<p><strong>Streszczenie popularnonaukowe: <\/strong><a href=\"https:\/\/projekty.ncn.gov.pl\/opisy\/503794-pl.pdf\" class=\"mtli_attachment mtli_pdf\" class=\"mtli_attachment mtli_pdf\">opis projektu w formacie .pdf<\/a><\/p>\n<p>&nbsp;<\/p>\n<hr \/>\n<p><strong>Project title: <\/strong>Orthodox Theology of Animals in the essays of Tatiana Goricheva<\/p>\n<p><strong>Funding schemes: <\/strong>Preludium Bis 2<\/p>\n<p><strong>Principal Investigator: <\/strong>Justyna Tymieniecka-Suchanek, PhD, DLitt, Associate Professor<\/p>\n<p><strong>Funding amount: <\/strong>415 380 PLN |\u00a0<strong>Implementation period: <\/strong>1.10.2021-30.09.2025<\/p>\n<p><strong>Description for the general public: <\/strong><a href=\"https:\/\/projekty.ncn.gov.pl\/opisy\/503794-en.pdf\" class=\"mtli_attachment mtli_pdf\" class=\"mtli_attachment mtli_pdf\">project description in a .pdf file<\/a><\/p>\n<\/div>\r\n                    <\/div>\r\n                <\/div>[\/vc_tta_section][\/vc_tta_accordion][\/vc_column][\/vc_row][vc_row][vc_column]\r\n                <div class=\"text-modules\">\r\n                    <div class=\"container\">\r\n                        <h3 class=\"page-title text__title\">INNE \u015aRODKI<\/h3>\r\n                        <div class=\"text-modules__content\"><\/div>\r\n                    <\/div>\r\n                <\/div>[\/vc_column][\/vc_row][vc_row el_class=&#8221;container&#8221;][vc_column][vc_tta_accordion active_section=&#8221;0&#8243;][vc_tta_section title=&#8221;Wsparcie student\u00f3w w zakresie podniesienia ich kompetencji i umiej\u0119tno\u015bci. Oferta N82 &#8222;Granice umys\u0142u: wschodnie, zachodnie i sztuczne modele poznawcze&#8222;&#8221; tab_id=&#8221;1694423858629-ff535b9b-97a5&#8243;]\r\n                <div class=\"text-modules\">\r\n                    <div class=\"container\">\r\n                        \r\n                        <div class=\"text-modules__content\"><p><strong>Program:<\/strong> Program Funduszy Europejskich &#8211; Wsparcie student\u00f3w W40<\/p>\n<p><strong>Opiekun studenta\/ Koordynator projektu:<\/strong> prof. dr hab. Dariusz Kubok, dr \u0141ukasz Tomanek<\/p>\n<p><strong>Studenci:<\/strong> Magdalena Wolska-Augustyn, Pola Deka, Karol Bar\u0107, Marta Jagie\u0142\u0142o, Micha\u0142 K\u0119dzior<\/p>\n<p><strong>Czas trwania:<\/strong> 29.09.2025-30.06.2026<\/p>\n<p><strong>Kwota finasowania:<\/strong> 240 070,54 PLN<\/p>\n<p>\n<\/div>\r\n                    <\/div>\r\n                <\/div>[\/vc_tta_section][vc_tta_section title=&#8221;Polszczyzna krzepi! W 80-lecie wydania we W\u0142oszech \u201eBitwy o Monte Cassino\u201d Melchiora Wa\u0144kowicza (1945-1947)&#8221; tab_id=&#8221;1767950358912-a8c17703-e855&#8243;]\r\n                <div class=\"text-modules\">\r\n                    <div class=\"container\">\r\n                        \r\n                        <div class=\"text-modules__content\"><p><strong>Program:<\/strong> Promocja J\u0119zyka Polskiego 2025 NAWA<\/p>\n<p><strong>Koordynatorka projektu:<\/strong> dr hab. Beata Nowacka, prof. U\u015a<\/p>\n<p><strong>Czas trwania:<\/strong> 13.10.2025-12.10.2026<\/p>\n<p><strong>Kwota finasowania:<\/strong> 149 600 PLN<\/p>\n<p>\n<\/div>\r\n                    <\/div>\r\n                <\/div>[\/vc_tta_section][vc_tta_section title=&#8221;Akademia Edukacji Klimatyczno-\u015arodowiskowej dla Nauczycieli (AEK\u015aN)&#8221; tab_id=&#8221;1767950285732-ae6432f1-f3b1&#8243;]\r\n                <div class=\"text-modules\">\r\n                    <div class=\"container\">\r\n                        \r\n                        <div class=\"text-modules__content\"><p><strong>Program:<\/strong> WFO\u015aiGW (Wojew\u00f3dzki Fundusz Ochrony \u015arodowiska i Gospodarki Wodnej w Katowicach)<\/p>\n<p><strong>Koordynatorka projektu:<\/strong> dr Magdalena Ochwat<\/p>\n<p><strong>Czas trwania:<\/strong> 20.05.2025-01.01.2026<\/p>\n<p><strong>Kwota finasowania:<\/strong> 113 340 PLN<\/p>\n<p>\n<\/div>\r\n                    <\/div>\r\n                <\/div>[\/vc_tta_section][vc_tta_section title=&#8221;Laboratoria czwartej przyrody: aktywizacja spo\u0142eczno\u015bci lokalnych w kierunku zielonej transformacji i rozpoznawania lokalnego dziedzictwa antropocenu&#8221; tab_id=&#8221;1767950196239-b0643c16-0699&#8243;]\r\n                <div class=\"text-modules\">\r\n                    <div class=\"container\">\r\n                        \r\n                        <div class=\"text-modules__content\"><p><strong>Program:<\/strong> Fundusze Europejskie dla \u015al\u0105skiego 2021-2027 (Fundusz na rzecz Sprawiedliwej Transformacji)<\/p>\n<p><strong>Koordynatorka projektu:<\/strong> dr hab. Marta Tomczok, prof. U\u015a<\/p>\n<p><strong>Czas trwania:<\/strong> 01.06.2024-30.06.2026<\/p>\n<p><strong>Kwota finasowania:<\/strong> 1 434 621,47\u00a0PLN<\/p>\n<p><strong>Streszczenie popularnonaukowe:\u00a0<\/strong><\/p>\n<p>Celem projektu jest rozw\u00f3j aktywno\u015bci spo\u0142ecznej os\u00f3b zamieszkuj\u0105cych Rud\u0119 \u015al\u0105sk\u0105 oraz miasta o\u015bcienne, w tym w szczeg\u00f3lno\u015bci m\u0142odzie\u017cy i kobiet oraz przygotowanie ich do akceptacji dla procesu transformacji i zmiany klimatycznej poprzez podj\u0119cie w okresie realizacji projektu w Rudzie \u015al\u0105skiej, szeregu dzia\u0142a\u0144 na rzecz mieszka\u0144c\u00f3w i obszar\u00f3w uczestnicz\u0105cych w procesie sprawiedliwej transformacji.<\/p>\n<p><strong>Strona projektu:<\/strong> <a href=\"https:\/\/us.edu.pl\/wydzial\/wh\/projekty-badawcze\/laboratoria-czwartej-przyrody\/\">https:\/\/us.edu.pl\/wydzial\/wh\/projekty-badawcze\/laboratoria-czwartej-przyrody\/<\/a><\/p>\n<\/div>\r\n                    <\/div>\r\n                <\/div>[\/vc_tta_section][vc_tta_section title=&#8221;Projekt nt.&#8222;Training and entrepreneurship routes for people with disabilities&#8222; (akronim: diversHUBility)&#8221; tab_id=&#8221;1725869512727-6509e0f7-b408&#8243;]\r\n                <div class=\"text-modules\">\r\n                    <div class=\"container\">\r\n                        \r\n                        <div class=\"text-modules__content\"><p><strong>Program: <\/strong> <span data-sheets-root=\"1\">Erasmus+<\/span><\/p>\n<p><strong>Kierownik projektu:<\/strong> <span data-sheets-root=\"1\">dr Marta Margiel<\/span><\/p>\n<p><strong>Czas trwania:<\/strong> 06.11.2023-05.05.2026<\/p>\n<p><strong>Kwota finasowania:<\/strong> <span data-sheets-root=\"1\">52 000 EUR<\/span><\/p>\n<p>\n<\/div>\r\n                    <\/div>\r\n                <\/div>[\/vc_tta_section][\/vc_tta_accordion][\/vc_column][\/vc_row][vc_row][vc_column][vc_column_text][\/vc_column_text][\/vc_column][\/vc_row]<\/p>\n<style type=\"text\/css\">a[data-mtli~=\"mtli_filesize537,56kB\"]:after {content:\" (537,56 kB)\"}a[data-mtli~=\"mtli_filesize25,98kB\"]:after {content:\" (25,98 kB)\"}a[data-mtli~=\"mtli_filesize67,23kB\"]:after {content:\" (67,23 kB)\"}a[data-mtli~=\"mtli_filesize180,75kB\"]:after {content:\" (180,75 kB)\"}a[data-mtli~=\"mtli_filesize69,11kB\"]:after {content:\" (69,11 kB)\"}a[data-mtli~=\"mtli_filesize134,87kB\"]:after {content:\" (134,87 kB)\"}a[data-mtli~=\"mtli_filesize141,61kB\"]:after {content:\" (141,61 kB)\"}a[data-mtli~=\"mtli_filesize78,83kB\"]:after {content:\" (78,83 kB)\"}a[data-mtli~=\"mtli_filesize85,63kB\"]:after {content:\" (85,63 kB)\"}a[data-mtli~=\"mtli_filesize10,79kB\"]:after {content:\" (10,79 kB)\"}a[data-mtli~=\"mtli_filesize257,44kB\"]:after {content:\" (257,44 kB)\"}a[data-mtli~=\"mtli_filesize61,49kB\"]:after {content:\" (61,49 kB)\"}a[data-mtli~=\"mtli_filesize82,74kB\"]:after {content:\" (82,74 kB)\"}a[data-mtli~=\"mtli_filesize122b\"]:after {content:\" (122 b)\"}a[data-mtli~=\"mtli_filesize64,71kB\"]:after {content:\" (64,71 kB)\"}<\/style>","protected":false},"excerpt":{"rendered":"<p>[vc_row el_class=&#8221;container&#8221;][vc_column width=&#8221;2\/3&#8243;][\/vc_column][vc_column width=&#8221;1\/3&#8243;][\/vc_column][\/vc_row][vc_row el_class=&#8221;container&#8221;][vc_column][vc_tta_accordion active_section=&#8221;0&#8243;][vc_tta_section title=&#8221;J\u0105kanie jako r\u00f3\u017cnorodno\u015b\u0107. Logopedyczno-lingwistyczna interdyscyplinarna perspektywa badawcza&#8221; tab_id=&#8221;1748338329528-4aeb2aaa-b4eb&#8221;][\/vc_tta_section][vc_tta_section title=&#8221;Nowe \u015brodowiskowe opowie\u015bci na czas kryzysu klimatycznego&#8221; tab_id=&#8221;1777374174889-177bb305-4f0b&#8221;][\/vc_tta_section][vc_tta_section title=&#8221;Filozofia nauki \u2013 wprowadzenie&#8221; tab_id=&#8221;1777374173614-45345da2-e722&#8243;][\/vc_tta_section][vc_tta_section title=&#8221;&#8222;Powsta\u0144c\u00f3w \u015bl\u0105skich portret w\u0142asny (1919\u20131922). Pami\u0119\u0107 w\u0142adzy czy pami\u0119\u0107 prywatna? Krytyczne wydanie wspomnie\u0144 uczestnik\u00f3w&#8222;&#8221; tab_id=&#8221;1777374171490-e5009e5e-57d3&#8243;][\/vc_tta_section][vc_tta_section title=&#8221;W kr\u0119gu dawnej i wsp\u00f3\u0142czesnej polszczyzny. Zwi\u0105zek frazeologiczny jako baza s\u0142owotw\u00f3rcza wyrazu&#8221; tab_id=&#8221;1777373299930-7fa90261-0ab6&#8243;][\/vc_tta_section][vc_tta_section [&#8230;]<\/p>\n<p><a class=\"btn btn-secondary understrap-read-more-link\" href=\"https:\/\/us.edu.pl\/wydzial\/wh\/projekty-badawcze\/aktualnie-realizowane\/\">Read More&#8230;<\/a><\/p>\n","protected":false},"author":1,"featured_media":0,"parent":690,"menu_order":0,"comment_status":"closed","ping_status":"closed","template":"","meta":{"_expiration-date-status":"","_expiration-date":0,"_expiration-date-type":"","_expiration-date-categories":[],"_expiration-date-options":[]},"acf":[],"_links":{"self":[{"href":"https:\/\/us.edu.pl\/wydzial\/wh\/wp-json\/wp\/v2\/pages\/17203"}],"collection":[{"href":"https:\/\/us.edu.pl\/wydzial\/wh\/wp-json\/wp\/v2\/pages"}],"about":[{"href":"https:\/\/us.edu.pl\/wydzial\/wh\/wp-json\/wp\/v2\/types\/page"}],"author":[{"embeddable":true,"href":"https:\/\/us.edu.pl\/wydzial\/wh\/wp-json\/wp\/v2\/users\/1"}],"replies":[{"embeddable":true,"href":"https:\/\/us.edu.pl\/wydzial\/wh\/wp-json\/wp\/v2\/comments?post=17203"}],"version-history":[{"count":13,"href":"https:\/\/us.edu.pl\/wydzial\/wh\/wp-json\/wp\/v2\/pages\/17203\/revisions"}],"predecessor-version":[{"id":197157,"href":"https:\/\/us.edu.pl\/wydzial\/wh\/wp-json\/wp\/v2\/pages\/17203\/revisions\/197157"}],"up":[{"embeddable":true,"href":"https:\/\/us.edu.pl\/wydzial\/wh\/wp-json\/wp\/v2\/pages\/690"}],"wp:attachment":[{"href":"https:\/\/us.edu.pl\/wydzial\/wh\/wp-json\/wp\/v2\/media?parent=17203"}],"curies":[{"name":"wp","href":"https:\/\/api.w.org\/{rel}","templated":true}]}}