{"id":1816,"date":"2019-11-11T16:56:57","date_gmt":"2019-11-11T15:56:57","guid":{"rendered":"https:\/\/us.edu.pl\/wydzial\/wh\/?page_id=1816"},"modified":"2025-09-25T11:42:52","modified_gmt":"2025-09-25T09:42:52","slug":"praktyki-zawodowe","status":"publish","type":"page","link":"https:\/\/us.edu.pl\/wydzial\/wh\/kierunki-studiow\/filologia-polska\/praktyki-zawodowe\/","title":{"rendered":"Praktyki zawodowe"},"content":{"rendered":"<p>[vc_row][vc_column][vc_column_text][\/vc_column_text][\/vc_column][\/vc_row][vc_row][vc_column]\r\n                <div class=\"text-modules\">\r\n                    <div class=\"container\">\r\n                        <h3 class=\"page-title text__title\">Opiekunowie praktyk studenckich na kierunku filologia polska(na I i II stopniu kszta\u0142cenia)<\/h3>\r\n                        <div class=\"text-modules__content\"><p><strong>Praktyki glottodydaktyczne:<\/strong> dr Ma\u0142gorzata Smereczniak<\/p>\n<p><strong>Praktyki edytorskie:<\/strong> dr hab. Magdalena Piekara, prof. U\u015a<\/p>\n<p><strong>Praktyki dziennikarskie i kk:<\/strong> dr hab. Marta Baron-Milian<\/p>\n<p><strong>Praktyki literaturoznawcze:<\/strong> dr hab. Monika \u0141ado\u0144, prof. U\u015a<\/p>\n<p><strong>Praktyki nauczycielskie:<\/strong> koordynator: dr hab. Danuta Krzy\u017cyk, prof. U\u015a<\/p>\n<ul>\n<li><strong>SP:<\/strong> dr Maria Wac\u0142awek, dr Karolina Starnawska, dr Magdalena Ochwat<\/li>\n<li><strong>SPP:<\/strong> dr hab. Danuta Krzy\u017cyk, prof. U\u015a i dr hab. Ma\u0142gorzata W\u00f3jcik-Dudek, prof. U\u015a<\/li>\n<\/ul>\n<ol>\n<li style=\"list-style-type: none;\"><\/li>\n<\/ol>\n<p>\n<\/div>\r\n                    <\/div>\r\n                <\/div>[\/vc_column][\/vc_row][vc_row][vc_column]\r\n                <div class=\"text-modules\">\r\n                    <div class=\"container\">\r\n                        <h3 class=\"page-title text__title\">Praktyki zawodowe<\/h3>\r\n                        <div class=\"text-modules__content\"><p><strong><span style=\"color: #ff0000;\">Praktyki zwi\u0105zane z kontaktem z ma\u0142oletnimi \u2013 wa\u017cne informacje i konieczne dokumenty<\/span>\u00a0oraz pozosta\u0142e pliki do pobrania znajduj\u0105 si\u0119 na stronie:\u00a0<\/strong><a href=\"https:\/\/us.edu.pl\/wydzial\/wh\/sprawy-studenckie\/praktyki-zawodowe\/\">https:\/\/us.edu.pl\/wydzial\/wh\/sprawy-studenckie\/praktyki-zawodowe\/<\/a><\/p>\n<p><span style=\"text-decoration: underline;\"><strong>Procedury zbierania i obiegu dokument\u00f3w:<\/strong><\/span><\/p>\n<p><a class=\"mtli_attachment mtli_pdf mtli_attachment mtli_pdf mtli_attachment mtli_pdf\" href=\"https:\/\/us.edu.pl\/wydzial\/wh\/wp-content\/uploads\/sites\/15\/Bez-kategorii\/PRAKTYKI-ZWIAZANE-Z-KONTAKTEM-Z-OSOBAMI-MALOLETNIMI.pdf\" data-mtli=\"mtli_filesize135,29kB\" data-mtli=\"mtli_filesize135,29kB\" data-mtli=\"mtli_filesize135,29kB\">Praktyki zwi\u0105zane z kontaktem z osobami ma\u0142oletnimi<\/a><\/p>\n<p><a class=\"mtli_attachment mtli_pdf mtli_attachment mtli_pdf mtli_attachment mtli_pdf\" href=\"https:\/\/us.edu.pl\/wydzial\/wh\/wp-content\/uploads\/sites\/15\/Bez-kategorii\/PRAKTYKI-NIEZWIAZANE-Z-KONTAKTEM.pdf\" data-mtli=\"mtli_filesize64,63kB\" data-mtli=\"mtli_filesize64,63kB\" data-mtli=\"mtli_filesize64,63kB\">Praktyki niezwi\u0105zane z kontaktem z osobami ma\u0142oletnimi<\/a><\/p>\n<style type=\"text\/css\">a[data-mtli~=\"mtli_filesize135,29kB\"]:after {content:\" (135,29 kB)\"}a[data-mtli~=\"mtli_filesize64,63kB\"]:after {content:\" (64,63 kB)\"}<\/style><\/div>\r\n                    <\/div>\r\n                <\/div>\r\n                <div class=\"tiles-section\" style=\"background: \">\r\n                    <div class=\"container\">\r\n                        <h3 class=\"page-title\"><\/h3>\r\n                        <div class=\"tiles tiles-2\">\r\n                            <a href=\"https:\/\/us.edu.pl\/wydzial\/wh\/kierunki-studiow\/filologia-polska\/praktyki-zawodowe\/studia-i-stopnia\/\" class=\"tile tile_ justify-content-center\" style=\"background-color: #002E5A; font-weight: bold; color: #ffffff;  \">\r\n                                \r\n                                   \r\n                               \r\n                                <div class=\"tile__name\">studia I stopnia<\/div>\r\n                            <\/a>\r\n                            <a href=\"https:\/\/us.edu.pl\/wydzial\/wh\/kierunki-studiow\/filologia-polska\/praktyki-zawodowe\/studia-ii-stopnia\/\" class=\"tile tile_ justify-content-center\" style=\"background-color: #002E5A; font-weight: bold; color: #ffffff;  \">\r\n                                \r\n                                   \r\n                               \r\n                                <div class=\"tile__name\">studia II stopnia<\/div>\r\n                            <\/a><\/div>\r\n                    <\/div>\r\n                <\/div>[\/vc_column][\/vc_row][vc_row][vc_column][vc_column_text][\/vc_column_text][\/vc_column][\/vc_row]<\/p>\n<style type=\"text\/css\">a[data-mtli~=\"mtli_filesize135,29kB\"]:after {content:\" (135,29 kB)\"}a[data-mtli~=\"mtli_filesize64,63kB\"]:after {content:\" (64,63 kB)\"}<\/style>","protected":false},"excerpt":{"rendered":"<p>[vc_row][vc_column][vc_column_text][\/vc_column_text][\/vc_column][\/vc_row][vc_row][vc_column][\/vc_column][\/vc_row][vc_row][vc_column][\/vc_column][\/vc_row][vc_row][vc_column][vc_column_text][\/vc_column_text][\/vc_column][\/vc_row] [&#8230;]<\/p>\n<p><a class=\"btn btn-secondary understrap-read-more-link\" href=\"https:\/\/us.edu.pl\/wydzial\/wh\/kierunki-studiow\/filologia-polska\/praktyki-zawodowe\/\">Read More&#8230;<\/a><\/p>\n","protected":false},"author":32,"featured_media":0,"parent":169921,"menu_order":0,"comment_status":"closed","ping_status":"closed","template":"","meta":{"_expiration-date-status":"","_expiration-date":0,"_expiration-date-type":"","_expiration-date-categories":[],"_expiration-date-options":[]},"acf":[],"_links":{"self":[{"href":"https:\/\/us.edu.pl\/wydzial\/wh\/wp-json\/wp\/v2\/pages\/1816"}],"collection":[{"href":"https:\/\/us.edu.pl\/wydzial\/wh\/wp-json\/wp\/v2\/pages"}],"about":[{"href":"https:\/\/us.edu.pl\/wydzial\/wh\/wp-json\/wp\/v2\/types\/page"}],"author":[{"embeddable":true,"href":"https:\/\/us.edu.pl\/wydzial\/wh\/wp-json\/wp\/v2\/users\/32"}],"replies":[{"embeddable":true,"href":"https:\/\/us.edu.pl\/wydzial\/wh\/wp-json\/wp\/v2\/comments?post=1816"}],"version-history":[{"count":10,"href":"https:\/\/us.edu.pl\/wydzial\/wh\/wp-json\/wp\/v2\/pages\/1816\/revisions"}],"predecessor-version":[{"id":192283,"href":"https:\/\/us.edu.pl\/wydzial\/wh\/wp-json\/wp\/v2\/pages\/1816\/revisions\/192283"}],"up":[{"embeddable":true,"href":"https:\/\/us.edu.pl\/wydzial\/wh\/wp-json\/wp\/v2\/pages\/169921"}],"wp:attachment":[{"href":"https:\/\/us.edu.pl\/wydzial\/wh\/wp-json\/wp\/v2\/media?parent=1816"}],"curies":[{"name":"wp","href":"https:\/\/api.w.org\/{rel}","templated":true}]}}