{"id":468,"date":"2019-10-03T13:02:47","date_gmt":"2019-10-03T11:02:47","guid":{"rendered":"https:\/\/us.edu.pl\/wydzial\/wh\/?page_id=468"},"modified":"2019-10-04T12:41:21","modified_gmt":"2019-10-04T10:41:21","slug":"prof-zw-dr-hab-kazimierz-polanski","status":"publish","type":"page","link":"https:\/\/us.edu.pl\/wydzial\/wh\/strona-glowna\/wydzial-dawniej-i-dzis\/doktorzy-honoris-causa\/prof-zw-dr-hab-kazimierz-polanski\/","title":{"rendered":"Prof. zw. dr hab. Kazimierz Pola\u0144ski"},"content":{"rendered":"<p>[vc_row el_class=&#8221;container&#8221;][vc_column el_class=&#8221;container&#8221;]\r\n                <div class=\"text-modules\">\r\n                    <div class=\"container\">\r\n                        <h3 class=\"page-title text__title\">Prof. zw. dr hab. Kazimierz Pola\u0144ski<\/h3>\r\n                        <div class=\"text-modules__content\"><p><b>Data promocji:<\/b>\u00a0<span class=\"date-display-single\">18. 12. 2008<\/span><\/p>\n<p><b>Data uchwa\u0142y Senatu U\u015a:<\/b>\u00a0<span class=\"date-display-single\">2. 12. 2008<\/span><\/p>\n<p><b>Jednostka sk\u0142adaj\u0105ca wniosek:<\/b>\u00a0Rada Wydzia\u0142u Filologicznego<\/p>\n<p>Profesor zwyczajny Uniwersytetu \u015al\u0105skiego i\u00a0Uniwersytetu Jagiello\u0144skiego. J\u0119zykoznawca \u015bwiatowej s\u0142awy, autor fundamentalnych prac z\u00a0zakresu j\u0119zykoznawstwa og\u00f3lnego i\u00a0s\u0142owia\u0144skiego, wsp\u00f3\u0142tw\u00f3rca polskiej terminologii j\u0119zykoznawczej. Wybitny znawca j\u0119zyka po\u0142abskiego, za\u0142o\u017cyciel neofilologii\u00a0na Uniwersytecie \u015al\u0105skim, wychowawca pokole\u0144 polskich j\u0119zykoznawc\u00f3w.<\/p>\n<\/div>\r\n                    <\/div>\r\n                <\/div>[myprefix_functional_icons print_icon=&#8221;yes&#8221;][\/vc_column][\/vc_row]<\/p>","protected":false},"excerpt":{"rendered":"<p>[vc_row el_class=&#8221;container&#8221;][vc_column el_class=&#8221;container&#8221;][myprefix_functional_icons print_icon=&#8221;yes&#8221;][\/vc_column][\/vc_row] [&#8230;]<\/p>\n<p><a class=\"btn btn-secondary understrap-read-more-link\" href=\"https:\/\/us.edu.pl\/wydzial\/wh\/strona-glowna\/wydzial-dawniej-i-dzis\/doktorzy-honoris-causa\/prof-zw-dr-hab-kazimierz-polanski\/\">Read More&#8230;<\/a><\/p>\n","protected":false},"author":1,"featured_media":303,"parent":187,"menu_order":0,"comment_status":"closed","ping_status":"closed","template":"","meta":{"_expiration-date-status":"","_expiration-date":0,"_expiration-date-type":"","_expiration-date-categories":[],"_expiration-date-options":[]},"acf":[],"_links":{"self":[{"href":"https:\/\/us.edu.pl\/wydzial\/wh\/wp-json\/wp\/v2\/pages\/468"}],"collection":[{"href":"https:\/\/us.edu.pl\/wydzial\/wh\/wp-json\/wp\/v2\/pages"}],"about":[{"href":"https:\/\/us.edu.pl\/wydzial\/wh\/wp-json\/wp\/v2\/types\/page"}],"author":[{"embeddable":true,"href":"https:\/\/us.edu.pl\/wydzial\/wh\/wp-json\/wp\/v2\/users\/1"}],"replies":[{"embeddable":true,"href":"https:\/\/us.edu.pl\/wydzial\/wh\/wp-json\/wp\/v2\/comments?post=468"}],"version-history":[{"count":3,"href":"https:\/\/us.edu.pl\/wydzial\/wh\/wp-json\/wp\/v2\/pages\/468\/revisions"}],"predecessor-version":[{"id":763,"href":"https:\/\/us.edu.pl\/wydzial\/wh\/wp-json\/wp\/v2\/pages\/468\/revisions\/763"}],"up":[{"embeddable":true,"href":"https:\/\/us.edu.pl\/wydzial\/wh\/wp-json\/wp\/v2\/pages\/187"}],"wp:featuredmedia":[{"embeddable":true,"href":"https:\/\/us.edu.pl\/wydzial\/wh\/wp-json\/wp\/v2\/media\/303"}],"wp:attachment":[{"href":"https:\/\/us.edu.pl\/wydzial\/wh\/wp-json\/wp\/v2\/media?parent=468"}],"curies":[{"name":"wp","href":"https:\/\/api.w.org\/{rel}","templated":true}]}}