{"id":545,"date":"2019-10-03T14:50:50","date_gmt":"2019-10-03T12:50:50","guid":{"rendered":"https:\/\/us.edu.pl\/wydzial\/wh\/?page_id=545"},"modified":"2023-04-19T12:53:06","modified_gmt":"2023-04-19T10:53:06","slug":"konferencje-naukowe","status":"publish","type":"page","link":"https:\/\/us.edu.pl\/wydzial\/wh\/konferencje-naukowe\/","title":{"rendered":"Konferencje naukowe"},"content":{"rendered":"<p>[vc_row el_class=&#8221;container&#8221;][vc_column el_class=&#8221;container&#8221;]\r\n\r\n            <div class=\"blocks\" style=\"text-align: \">\r\n               <div class=\"container\">\r\n                  <div class=\"page-title\">Konferencje w 2023 roku<\/div>\r\n                  <div class=\"row m-0 blocks_4\">\r\n                  \r\n                     <a href=\"us.edu.pl\/wydzial\/wh\/konferencje-naukowe\/jozef-wybicki-literat-obywatel-polityk\/\" class=\"thumbnail blocks__item\" style=\"background-image: url(https:\/\/us.edu.pl\/wydzial\/wh\/wp-content\/uploads\/sites\/15\/Bez-kategorii\/ostateczna-wersja_skladany-program-obrad-WYBICKI1-1024x724.png)\">\r\n                        <span>wi\u0119cej<\/span>\r\n                        <div class=\"blocks__bottom\">\r\n                        <div class=\"blocks__title\">J\u00f3zef Wybicki: literat - obywatel - polityk. W dwusetn\u0105 rocznic\u0119 \u015bmierci pisarza (1822-2022)<\/div>\r\n                        <div class=\"blocks__subtitle\">22-25.05.2023<\/div>\r\n                        <\/div>\r\n                     <\/a>\r\n                  \r\n                     <a href=\"https:\/\/us.edu.pl\/wydzial\/wh\/konferencje-naukowe\/ku-nowej-polonistyce\/\" class=\"thumbnail blocks__item\" style=\"background-image: url(https:\/\/us.edu.pl\/wydzial\/wh\/wp-content\/uploads\/sites\/15\/Bez-kategorii\/ku-nowej-polonistyce.jpg)\">\r\n                        <span>wi\u0119cej<\/span>\r\n                        <div class=\"blocks__bottom\">\r\n                        <div class=\"blocks__title\">Konferencja programowa \u201eKu Nowej Polonistyce\u201d<\/div>\r\n                        <div class=\"blocks__subtitle\">17-18.04.2023<\/div>\r\n                        <\/div>\r\n                     <\/a><\/div>     \r\n               <\/div>\r\n            <\/div>\r\n\r\n            <div class=\"blocks\" style=\"text-align: \">\r\n               <div class=\"container\">\r\n                  <div class=\"page-title\">Konferencje w 2022 roku<\/div>\r\n                  <div class=\"row m-0 blocks_4\">\r\n                  \r\n                     <a href=\"https:\/\/us.edu.pl\/wydzial\/wh\/event\/konferencja-naukowa-historia-zofii-kossak-doswiadczenia-i-konteksty\/\" class=\"thumbnail blocks__item\" style=\"background-image: url(https:\/\/us.edu.pl\/wydzial\/wh\/wp-content\/uploads\/sites\/15\/Bez-kategorii\/obrazek-wyrozniajacy_Kossa.jpg)\">\r\n                        <span>wi\u0119cej<\/span>\r\n                        <div class=\"blocks__bottom\">\r\n                        <div class=\"blocks__title\">Historia Zofii Kossak. Do\u015bwiadczenia i konteksty<\/div>\r\n                        <div class=\"blocks__subtitle\">13.06.2022<\/div>\r\n                        <\/div>\r\n                     <\/a>\r\n                  \r\n                     <a href=\"https:\/\/us.edu.pl\/wydzial\/wh\/event\/obywatele-swiata-sztuki-sztuka-w-dzialaniach-artystow-naukowcow\/\" class=\"thumbnail blocks__item\" style=\"background-image: url(https:\/\/us.edu.pl\/wydzial\/wh\/wp-content\/uploads\/sites\/15\/Bez-kategorii\/a-725x1024.jpg)\">\r\n                        <span>wi\u0119cej<\/span>\r\n                        <div class=\"blocks__bottom\">\r\n                        <div class=\"blocks__title\">Obywatele \u015bwiata sztuki. Sztuka w dzia\u0142aniach artyst\u00f3w-naukowc\u00f3w<\/div>\r\n                        <div class=\"blocks__subtitle\"> 11.06.2022<\/div>\r\n                        <\/div>\r\n                     <\/a>\r\n                  \r\n                     <a href=\"https:\/\/us.edu.pl\/wydzial\/wh\/event\/miedzynarodowa-interdyscyplinarna-konferencja-naukowa-horyzonty-slowacystyki-dawne-inspiracje-i-nowe-wyzwania\/\" class=\"thumbnail blocks__item\" style=\"background-image: url(https:\/\/us.edu.pl\/wydzial\/wh\/wp-content\/uploads\/sites\/15\/OBRAZKI-WYR\u00d3\u017bNIAJ\u0104CE\/slovakia-4847785_640.jpg)\">\r\n                        <span>wi\u0119cej<\/span>\r\n                        <div class=\"blocks__bottom\">\r\n                        <div class=\"blocks__title\">Mi\u0119dzynarodowa Interdyscyplinarna Konferencja Naukowa \u201eHoryzonty s\u0142owacystyki: dawne inspiracje i nowe wyzwania\u201d<\/div>\r\n                        <div class=\"blocks__subtitle\">17-18.05.2022<\/div>\r\n                        <\/div>\r\n                     <\/a><\/div>     \r\n               <\/div>\r\n            <\/div>\r\n\r\n            <div class=\"blocks\" style=\"text-align: \">\r\n               <div class=\"container\">\r\n                  <div class=\"page-title\">Konferencje w 2021 roku<\/div>\r\n                  <div class=\"row m-0 blocks_4\">\r\n                  \r\n                     <a href=\"https:\/\/us.edu.pl\/wydzial\/wh\/event\/iii-studencka-konferencja-pn-logopedia-mlodych-forum-logopedycznych-kol-naukowych-online\/\" class=\"thumbnail blocks__item\" style=\"background-image: url(https:\/\/us.edu.pl\/wydzial\/wh\/wp-content\/uploads\/sites\/15\/Nieprzypisane\/pexels-anna-shvets-4226140.jpg)\">\r\n                        <span>wi\u0119cej<\/span>\r\n                        <div class=\"blocks__bottom\">\r\n                        <div class=\"blocks__title\">III studencka konferencja pn. \u201eLogopedia M\u0142odych \u2013 Forum Logopedycznych K\u00f3\u0142 Naukowych\u201d<\/div>\r\n                        <div class=\"blocks__subtitle\"> 06.03.2021<\/div>\r\n                        <\/div>\r\n                     <\/a>\r\n                  \r\n                     <a href=\"https:\/\/us.edu.pl\/wydzial\/wh\/event\/edukacja-dla-klimatu-ksztalcenie-uniwersyteckie-i-szkolne-konferencja-online\/\" class=\"thumbnail blocks__item\" style=\"background-image: url(https:\/\/us.edu.pl\/wydzial\/wh\/wp-content\/uploads\/sites\/15\/obrazki-wyr\u00f3\u017cniaj\u0105ce\/markus-spiske-n52HL8hmsdg-unsplash.jpg)\">\r\n                        <span>wi\u0119cej<\/span>\r\n                        <div class=\"blocks__bottom\">\r\n                        <div class=\"blocks__title\">Edukacja dla klimatu \u2013 kszta\u0142cenie uniwersyteckie i szkolne <\/div>\r\n                        <div class=\"blocks__subtitle\">11.03.2021<\/div>\r\n                        <\/div>\r\n                     <\/a>\r\n                  \r\n                     <a href=\"https:\/\/us.edu.pl\/wydzial\/wh\/event\/druga-edycja-konferencji-dimensions-of-business-language-and-culture-wymiary-jezyka-i-kultury-biznesu-online\/\" class=\"thumbnail blocks__item\" style=\"background-image: url(https:\/\/us.edu.pl\/wydzial\/wh\/wp-content\/uploads\/sites\/15\/Nieprzypisane\/DOBLAC_logo.jpg)\">\r\n                        <span>wi\u0119cej<\/span>\r\n                        <div class=\"blocks__bottom\">\r\n                        <div class=\"blocks__title\">Druga edycja konferencji Dimensions of Business Language and Culture \/ Wymiary J\u0119zyka i Kultury Biznesu<\/div>\r\n                        <div class=\"blocks__subtitle\">15 - 16.04.2021<\/div>\r\n                        <\/div>\r\n                     <\/a>\r\n                  \r\n                     <a href=\"https:\/\/us.edu.pl\/wydzial\/wh\/event\/ix-miedzynarodowa-konferencja-magistrantow-online\/\" class=\"thumbnail blocks__item\" style=\"background-image: url(https:\/\/us.edu.pl\/wydzial\/wh\/wp-content\/uploads\/sites\/15\/Nieprzypisane\/IX-Mi\u0119dzynarodowa-Konferencja-Magistrant\u00f3w_obrazek1.jpg)\">\r\n                        <span>wi\u0119cej<\/span>\r\n                        <div class=\"blocks__bottom\">\r\n                        <div class=\"blocks__title\">IX Mi\u0119dzynarodowa Konferencja Magistrant\u00f3w<\/div>\r\n                        <div class=\"blocks__subtitle\">12.05.2021<\/div>\r\n                        <\/div>\r\n                     <\/a>\r\n                  \r\n                     <a href=\"https:\/\/us.edu.pl\/instytut\/ij\/2021\/05\/25\/studencka-konferencja-naukowa-komunikacja-w-kontekscie-jezykoznawstwa-kognitywnego\/?doing_wp_cron=1643626951.1132180690765380859375\" class=\"thumbnail blocks__item\" style=\"background-image: url(https:\/\/us.edu.pl\/wydzial\/wh\/wp-content\/uploads\/sites\/15\/Nieprzypisane\/198851731_3036612933288458_5873892407559083945_n-1024x768.jpg)\">\r\n                        <span>wi\u0119cej<\/span>\r\n                        <div class=\"blocks__bottom\">\r\n                        <div class=\"blocks__title\">Studencka konferencja naukowa \u201cKomunikacja w kontek\u015bcie j\u0119zykoznawstwa kognitywnego\u201d<\/div>\r\n                        <div class=\"blocks__subtitle\">13.05.2021<\/div>\r\n                        <\/div>\r\n                     <\/a>\r\n                  \r\n                     <a href=\"https:\/\/us.edu.pl\/wydzial\/wh\/event\/nieantagonistyczne-metody-rozwiazywania-konfliktow-utopia-czy-szansa-konferencja-naukowa-online\/\" class=\"thumbnail blocks__item\" style=\"background-image: url(https:\/\/us.edu.pl\/wydzial\/wh\/wp-content\/uploads\/sites\/15\/Nieprzypisane\/obrazek-1.jpg)\">\r\n                        <span>wi\u0119cej<\/span>\r\n                        <div class=\"blocks__bottom\">\r\n                        <div class=\"blocks__title\">,,Nieantagonistyczne metody rozwi\u0105zywania konflikt\u00f3w \u2013 utopia czy szansa?\u201d<\/div>\r\n                        <div class=\"blocks__subtitle\">13.05.2021<\/div>\r\n                        <\/div>\r\n                     <\/a>\r\n                  \r\n                     <a href=\"https:\/\/us.edu.pl\/instytut\/ifil\/2021\/04\/21\/konferencja-filozofikon-6-horror-metafizyczny\/\" class=\"thumbnail blocks__item\" style=\"background-image: url(https:\/\/us.edu.pl\/wydzial\/wh\/wp-content\/uploads\/sites\/15\/OBRAZKI-WYR\u00d3\u017bNIAJ\u0104CE\/heads-6204350_640.jpg)\">\r\n                        <span>wi\u0119cej<\/span>\r\n                        <div class=\"blocks__bottom\">\r\n                        <div class=\"blocks__title\">Konferencja FilozofiKon 6: Horror metafizyczny<\/div>\r\n                        <div class=\"blocks__subtitle\">14 - 16.05.2021<\/div>\r\n                        <\/div>\r\n                     <\/a>\r\n                  \r\n                     <a href=\"https:\/\/us.edu.pl\/wydzial\/wh\/event\/miedzynarodowa-konferencja-naukowa-nt-erinnerungsorte-und-erinnerungskulturen-interdisziplinar-fachspezifische-und-fachdidaktische-annaherungen\/\" class=\"thumbnail blocks__item\" style=\"background-image: url(https:\/\/us.edu.pl\/wydzial\/wh\/wp-content\/uploads\/sites\/15\/Fotorelacje\/Okiem-Markizy\/6_fot-Julia-Agnieszka-Szymala.jpg)\">\r\n                        <span>wi\u0119cej<\/span>\r\n                        <div class=\"blocks__bottom\">\r\n                        <div class=\"blocks__title\">Mi\u0119dzynarodowa konferencja naukowa nt. \u201eErinnerungsorte und Erinnerungskulturen interdisziplin\u00e4r \u2013 fachspezifische und fachdidaktische Ann\u00e4herungen\u201c<\/div>\r\n                        <div class=\"blocks__subtitle\">20 - 22.05.2021<\/div>\r\n                        <\/div>\r\n                     <\/a>\r\n                  \r\n                     <a href=\"https:\/\/us.edu.pl\/wydzial\/wh\/event\/32nd-international-conference-on-foreign-second-language-acquisition-online\/\" class=\"thumbnail blocks__item\" style=\"background-image: url(https:\/\/us.edu.pl\/wydzial\/wh\/wp-content\/uploads\/sites\/15\/obrazki-wyr\u00f3\u017cniaj\u0105ce\/people-2625804_1920-600x396.jpg)\">\r\n                        <span>wi\u0119cej<\/span>\r\n                        <div class=\"blocks__bottom\">\r\n                        <div class=\"blocks__title\">32nd International Conference on Foreign \/ Second Language Acquisition<\/div>\r\n                        <div class=\"blocks__subtitle\">20 - 22.05.2021<\/div>\r\n                        <\/div>\r\n                     <\/a>\r\n                  \r\n                     <a href=\"https:\/\/us.edu.pl\/wydzial\/wh\/event\/konferencja-andrzej-j-noras-wspomnienia-filozofia-rozmowa\/\" class=\"thumbnail blocks__item\" style=\"background-image: url(https:\/\/us.edu.pl\/wydzial\/wh\/wp-content\/uploads\/sites\/15\/Nieprzypisane\/IMG_9284-100_czb-600x400.jpg)\">\r\n                        <span>wi\u0119cej<\/span>\r\n                        <div class=\"blocks__bottom\">\r\n                        <div class=\"blocks__title\">Konferencja \u201eAndrzej J. Noras \u2013 wspomnienia, filozofia, rozmowa\u201d<\/div>\r\n                        <div class=\"blocks__subtitle\">28.05.2021<\/div>\r\n                        <\/div>\r\n                     <\/a>\r\n                  \r\n                     <a href=\"https:\/\/us.edu.pl\/wydzial\/wh\/event\/jak-dobrze-spedzic-czas-gry-zabawy-rozrywka-w-czasach-antycznych-i-wiekach-pozniejszych\/\" class=\"thumbnail blocks__item\" style=\"background-image: url(https:\/\/us.edu.pl\/wydzial\/wh\/wp-content\/uploads\/sites\/15\/Nieprzypisane\/185631247_4281249671933216_7971160800041761628_n.jpg)\">\r\n                        <span>wi\u0119cej<\/span>\r\n                        <div class=\"blocks__bottom\">\r\n                        <div class=\"blocks__title\">Jak dobrze sp\u0119dzi\u0107 czas \u2013 gry, zabawy, rozrywka w czasach antycznych i wiekach p\u00f3\u017aniejszych<\/div>\r\n                        <div class=\"blocks__subtitle\">28.05.2021<\/div>\r\n                        <\/div>\r\n                     <\/a><\/div>     \r\n               <\/div>\r\n            <\/div>\r\n\r\n            <div class=\"blocks\" style=\"text-align: \">\r\n               <div class=\"container\">\r\n                  <div class=\"page-title\">Konferencje w 2020 roku<\/div>\r\n                  <div class=\"row m-0 blocks_4\">\r\n                  \r\n                     <a href=\"https:\/\/us.edu.pl\/instytut\/ij\/2020\/07\/27\/logopeda-i-ortodonta-wspolny-pacjent-wspolne-dzialania\/\" class=\"thumbnail blocks__item\" style=\"background-image: url(https:\/\/us.edu.pl\/wydzial\/wh\/wp-content\/uploads\/sites\/15\/OBRAZKI-WYR\u00d3\u017bNIAJ\u0104CE\/typing-gcc93641a8_640.jpg)\">\r\n                        <span>wi\u0119cej<\/span>\r\n                        <div class=\"blocks__bottom\">\r\n                        <div class=\"blocks__title\">Logopeda i ortodonta. Wsp\u00f3lny pacjent, wsp\u00f3lne dzia\u0142ania<\/div>\r\n                        <div class=\"blocks__subtitle\">17.07.2020<\/div>\r\n                        <\/div>\r\n                     <\/a>\r\n                  \r\n                     <a href=\"https:\/\/us.edu.pl\/wydzial\/wh\/event\/2nd-jomsborg-conference-gesta-hammaburgensis-pontificum-origins-reception-and-significance-of-adam-of-bremens-account-online\/\" class=\"thumbnail blocks__item\" style=\"background-image: url(https:\/\/us.edu.pl\/wydzial\/wh\/wp-content\/uploads\/sites\/15\/Nieprzypisane\/taking-notes-3475991_1280.pixabay-1.jpg)\">\r\n                        <span>wi\u0119cej<\/span>\r\n                        <div class=\"blocks__bottom\">\r\n                        <div class=\"blocks__title\">2nd J\u00f3msborg Conference: Gesta Hammaburgensis Pontificum. Origins, reception and significance of Adam of Bremen\u2019s account (online)<\/div>\r\n                        <div class=\"blocks__subtitle\">19.11.2020<\/div>\r\n                        <\/div>\r\n                     <\/a>\r\n                  \r\n                     <a href=\"https:\/\/us.edu.pl\/instytut\/ij\/2020\/11\/13\/konferencja-naukowa-pn-partnerstwo-w-komunikacji-ii\/\" class=\"thumbnail blocks__item\" style=\"background-image: url(https:\/\/us.edu.pl\/wydzial\/wh\/wp-content\/uploads\/sites\/15\/Nieprzypisane\/laptop-3196481_640.jpg)\">\r\n                        <span>wi\u0119cej<\/span>\r\n                        <div class=\"blocks__bottom\">\r\n                        <div class=\"blocks__title\">Konferencja naukowa pn. Partnerstwo w komunikacji II<\/div>\r\n                        <div class=\"blocks__subtitle\">20.11.2020<\/div>\r\n                        <\/div>\r\n                     <\/a>\r\n                  \r\n                     <a href=\"https:\/\/us.edu.pl\/wydzial\/wh\/event\/ulisses-w-czasach-brexitu-literatura-i-kultura-irlandzka-wobec-rzeczywistosci-spoleczno-politycznej-konferencja\/\" class=\"thumbnail blocks__item\" style=\"background-image: url(https:\/\/us.edu.pl\/wydzial\/wh\/wp-content\/uploads\/sites\/15\/Nieprzypisane\/books-g06afde6ea_1920-1024x768.jpg)\">\r\n                        <span>wi\u0119cej<\/span>\r\n                        <div class=\"blocks__bottom\">\r\n                        <div class=\"blocks__title\">\u201eUlisses w czasach brexitu. Literatura i kultura irlandzka wobec rzeczywisto\u015bci spo\u0142eczno-politycznej\u201d<\/div>\r\n                        <div class=\"blocks__subtitle\">27-28.11.2020<\/div>\r\n                        <\/div>\r\n                     <\/a>\r\n                  \r\n                     <a href=\"https:\/\/us.edu.pl\/wydzial\/wh\/2020\/10\/20\/xiv-ogolnopolska-studencko-doktorancka-konferencja-kol-naukowych\/\" class=\"thumbnail blocks__item\" style=\"background-image: url(https:\/\/us.edu.pl\/wydzial\/wh\/wp-content\/uploads\/sites\/15\/Nieprzypisane\/Ko\u0142o-Naukowe-Infolog\u00f3w_logo.jpg)\">\r\n                        <span>wi\u0119cej<\/span>\r\n                        <div class=\"blocks__bottom\">\r\n                        <div class=\"blocks__title\">XIV Og\u00f3lnopolska Studencko-Doktorancka Konferencja K\u00f3\u0142 Naukowych<\/div>\r\n                        <div class=\"blocks__subtitle\">16.12.2020<\/div>\r\n                        <\/div>\r\n                     <\/a><\/div>     \r\n               <\/div>\r\n            <\/div>\r\n\r\n            <div class=\"blocks\" style=\"text-align: \">\r\n               <div class=\"container\">\r\n                  <div class=\"page-title\">Konferencje w 2019 roku<\/div>\r\n                  <div class=\"row m-0 blocks_4\">\r\n                  \r\n                     <a href=\"https:\/\/us.edu.pl\/event\/iv-miedzynarodowa-interdyscyplinarna-konferencja-naukowa-z-cyklu-czlowiek-inny-obcy-byt\/\" class=\"thumbnail blocks__item\" style=\"background-image: url(https:\/\/us.edu.pl\/wydzial\/wh\/wp-content\/uploads\/sites\/15\/2019\/10\/birds-84665_1280.pixabay-e1554209785157.jpg)\">\r\n                        <span>wi\u0119cej<\/span>\r\n                        <div class=\"blocks__bottom\">\r\n                        <div class=\"blocks__title\">Cz\u0142owiek w relacji do zwierz\u0105t. Mity \u2013 stereotypy \u2013 uprzedzenia<\/div>\r\n                        <div class=\"blocks__subtitle\">26-27.10.2019<\/div>\r\n                        <\/div>\r\n                     <\/a>\r\n                  \r\n                     <a href=\"http:\/\/www.fil.us.edu.pl\/konferencja-pt-czynic-fakty-pojmowalnymi\/\" class=\"thumbnail blocks__item\" style=\"background-image: url(https:\/\/us.edu.pl\/wydzial\/wh\/wp-content\/uploads\/sites\/15\/Nieprzypisane\/taking-notes-3475991_1280.pixabay-1.jpg)\">\r\n                        <span>wi\u0119cej<\/span>\r\n                        <div class=\"blocks__bottom\">\r\n                        <div class=\"blocks__title\">Czyni\u0107 fakty pojmowalnymi?\u2026<\/div>\r\n                        <div class=\"blocks__subtitle\">23.10.2019<\/div>\r\n                        <\/div>\r\n                     <\/a>\r\n                  \r\n                     <a href=\"https:\/\/us.edu.pl\/event\/konferencja-pt-przestrzenie-przekladu-5\/\" class=\"thumbnail blocks__item\" style=\"background-image: url(https:\/\/us.edu.pl\/wydzial\/wh\/wp-content\/uploads\/sites\/15\/Nieprzypisane\/open-book-1428428_960_720pixabay.jpg)\">\r\n                        <span>wi\u0119cej<\/span>\r\n                        <div class=\"blocks__bottom\">\r\n                        <div class=\"blocks__title\">Przestrzenie przek\u0142adu 5<\/div>\r\n                        <div class=\"blocks__subtitle\">24-25.10.2019<\/div>\r\n                        <\/div>\r\n                     <\/a>\r\n                  \r\n                     <a href=\"http:\/\/www.fil.us.edu.pl\/v-konferencja-z-cyklu-various-dimensions-of-contrastive-studies\/\" class=\"thumbnail blocks__item\" style=\"background-image: url(https:\/\/us.edu.pl\/wydzial\/wh\/wp-content\/uploads\/sites\/15\/Nieprzypisane\/ludzie_salaRW-e1482963652460.jpg)\">\r\n                        <span>wi\u0119cej<\/span>\r\n                        <div class=\"blocks__bottom\">\r\n                        <div class=\"blocks__title\">Various Dimensions of Contrastive Studies<\/div>\r\n                        <div class=\"blocks__subtitle\">21-22.10.2019<\/div>\r\n                        <\/div>\r\n                     <\/a>\r\n                  \r\n                     <a href=\"https:\/\/us.edu.pl\/event\/seminarium-pt-narracje-weganizmu-reprezentacje-interpretacje-inspiracje\/\" class=\"thumbnail blocks__item\" style=\"background-image: url(https:\/\/us.edu.pl\/wydzial\/wh\/wp-content\/uploads\/sites\/15\/Nieprzypisane\/vegetables-742095_1280.pixabay-1024x685.jpg)\">\r\n                        <span>wi\u0119cej<\/span>\r\n                        <div class=\"blocks__bottom\">\r\n                        <div class=\"blocks__title\">Narracje weganizmu: reprezentacje\/ interpretacje\/ inspiracje<\/div>\r\n                        <div class=\"blocks__subtitle\">26.06.2019<\/div>\r\n                        <\/div>\r\n                     <\/a>\r\n                  \r\n                     <a href=\"https:\/\/us.edu.pl\/event\/xxxi-edycja-konferencji-pt-przyswajanie-jezyka-drugiego-obcego\/\" class=\"thumbnail blocks__item\" style=\"background-image: url(https:\/\/us.edu.pl\/wydzial\/wh\/wp-content\/uploads\/sites\/15\/Nieprzypisane\/logo-IJA.jpg)\">\r\n                        <span>wi\u0119cej<\/span>\r\n                        <div class=\"blocks__bottom\">\r\n                        <div class=\"blocks__title\">Przyswajanie j\u0119zyka drugiego\/obcego<\/div>\r\n                        <div class=\"blocks__subtitle\">16-18.05.2019<\/div>\r\n                        <\/div>\r\n                     <\/a>\r\n                  \r\n                     <a href=\"https:\/\/us.edu.pl\/event\/seminarium-nt-co-zostalo-z-niziurskiego\/\" class=\"thumbnail blocks__item\" style=\"background-image: url(https:\/\/us.edu.pl\/wydzial\/wh\/wp-content\/uploads\/sites\/15\/Nieprzypisane\/niziurski-edmund-portret-east-news_7128860.jpg)\">\r\n                        <span>wi\u0119cej<\/span>\r\n                        <div class=\"blocks__bottom\">\r\n                        <div class=\"blocks__title\">Co zosta\u0142o z Niziurskiego?<\/div>\r\n                        <div class=\"blocks__subtitle\">15.05.2019<\/div>\r\n                        <\/div>\r\n                     <\/a>\r\n                  \r\n                     <a href=\"https:\/\/us.edu.pl\/event\/konferencja-pt-przeszlosc-nieminiona-trauma-przemoc-tozsamosc\/\" class=\"thumbnail blocks__item\" style=\"background-image: url(https:\/\/us.edu.pl\/wydzial\/wh\/wp-content\/uploads\/sites\/15\/Nieprzypisane\/unsplash-1024x678.jpg)\">\r\n                        <span>wi\u0119cej<\/span>\r\n                        <div class=\"blocks__bottom\">\r\n                        <div class=\"blocks__title\">Przesz\u0142o\u015b\u0107 (nie)miniona: trauma \u2013 przemoc \u2013 to\u017csamo\u015b\u0107<\/div>\r\n                        <div class=\"blocks__subtitle\">7-8.05.2019<\/div>\r\n                        <\/div>\r\n                     <\/a><\/div>     \r\n               <\/div>\r\n            <\/div>\r\n\r\n            <div class=\"blocks\" style=\"text-align: \">\r\n               <div class=\"container\">\r\n                  <div class=\"page-title\">Konferencje w 2018 roku<\/div>\r\n                  <div class=\"row m-0 blocks_4\">\r\n                  \r\n                     <a href=\"https:\/\/us.edu.pl\/event\/miedzynarodowa-konferencja-pt-wymiary-jezyka-i-kultury-biznesu\/\" class=\"thumbnail blocks__item\" style=\"background-image: url(https:\/\/us.edu.pl\/wydzial\/wh\/wp-content\/uploads\/sites\/15\/Nieprzypisane\/DOBLAC_logo.jpg)\">\r\n                        <span>wi\u0119cej<\/span>\r\n                        <div class=\"blocks__bottom\">\r\n                        <div class=\"blocks__title\">Wymiary J\u0119zyka i Kultury Biznesu (Dimensions of Business Language and Culture)<\/div>\r\n                        <div class=\"blocks__subtitle\">15-16.10.2018<\/div>\r\n                        <\/div>\r\n                     <\/a>\r\n                  \r\n                     <a href=\"http:\/\/www.fil.us.edu.pl\/konferencja-naukowa-pt-peryferie-i-przeklad\/\" class=\"thumbnail blocks__item\" style=\"background-image: url(https:\/\/us.edu.pl\/wydzial\/wh\/wp-content\/uploads\/sites\/15\/Nieprzypisane\/valentin-salja-762020-unsplash.jpg)\">\r\n                        <span>wi\u0119cej<\/span>\r\n                        <div class=\"blocks__bottom\">\r\n                        <div class=\"blocks__title\">Peryferie i przek\u0142ad<\/div>\r\n                        <div class=\"blocks__subtitle\">11-13.10.2018<\/div>\r\n                        <\/div>\r\n                     <\/a>\r\n                  \r\n                     <a href=\"http:\/\/www.fil.us.edu.pl\/konferencja-pt-zmysly-w-projektowaniu-architektonicznym-oraz-urbanistycznym\/\" class=\"thumbnail blocks__item\" style=\"background-image: url(https:\/\/us.edu.pl\/wydzial\/wh\/wp-content\/uploads\/sites\/15\/Nieprzypisane\/zmysly_architektura-1.jpg)\">\r\n                        <span>wi\u0119cej<\/span>\r\n                        <div class=\"blocks__bottom\">\r\n                        <div class=\"blocks__title\">Zmys\u0142y w projektowaniu architektonicznym oraz urbanistycznym<\/div>\r\n                        <div class=\"blocks__subtitle\">26-28.09.2018<\/div>\r\n                        <\/div>\r\n                     <\/a>\r\n                  \r\n                     <a href=\"https:\/\/us.edu.pl\/event\/konferencja-pt-biopolityka-meskosci\/\" class=\"thumbnail blocks__item\" style=\"background-image: url(https:\/\/us.edu.pl\/wydzial\/wh\/wp-content\/uploads\/sites\/15\/Nieprzypisane\/biopolityka-meskosci-logo.jpg)\">\r\n                        <span>wi\u0119cej<\/span>\r\n                        <div class=\"blocks__bottom\">\r\n                        <div class=\"blocks__title\">Biopolityka m\u0119sko\u015bci<\/div>\r\n                        <div class=\"blocks__subtitle\">19-21.09.2018<\/div>\r\n                        <\/div>\r\n                     <\/a>\r\n                  \r\n                     <a href=\"https:\/\/us.edu.pl\/event\/konferencja-pt-maski-wolnosci-w-dramacie-i-teatrze-xx-i-xxi-wieku\/\" class=\"thumbnail blocks__item\" style=\"background-image: url(https:\/\/us.edu.pl\/wydzial\/wh\/wp-content\/uploads\/sites\/15\/Nieprzypisane\/venice-3403623_960_720pixabay.jpg)\">\r\n                        <span>wi\u0119cej<\/span>\r\n                        <div class=\"blocks__bottom\">\r\n                        <div class=\"blocks__title\">Maski wolno\u015bci w dramacie i teatrze XX i XXI wieku<\/div>\r\n                        <div class=\"blocks__subtitle\">17-18.09.2018<\/div>\r\n                        <\/div>\r\n                     <\/a>\r\n                  \r\n                     <a href=\"https:\/\/us.edu.pl\/event\/miedzynarodowa-konferencja-naukowa-pt-reportaz-w-swiecie-swiatowosc-reportazu\/\" class=\"thumbnail blocks__item\" style=\"background-image: url(https:\/\/us.edu.pl\/wydzial\/wh\/wp-content\/uploads\/sites\/15\/Nieprzypisane\/woman-246235_960_720pixabay.jpg)\">\r\n                        <span>wi\u0119cej<\/span>\r\n                        <div class=\"blocks__bottom\">\r\n                        <div class=\"blocks__title\">Reporta\u017c w \u015bwiecie \u2013 \u015bwiatowo\u015b\u0107 reporta\u017cu<\/div>\r\n                        <div class=\"blocks__subtitle\">23-24.05.2018<\/div>\r\n                        <\/div>\r\n                     <\/a>\r\n                  \r\n                     <a href=\"http:\/\/www.fil.us.edu.pl\/xxx-miedzynarodowa-konferencja-poswiecona-przyswajaniu-jezyka-drugiego-obcego\/\" class=\"thumbnail blocks__item\" style=\"background-image: url(https:\/\/us.edu.pl\/wydzial\/wh\/wp-content\/uploads\/sites\/15\/Nieprzypisane\/logo-IJA.jpg)\">\r\n                        <span>wi\u0119cej<\/span>\r\n                        <div class=\"blocks__bottom\">\r\n                        <div class=\"blocks__title\">XXX mi\u0119dzynarodowa konferencja po\u015bwi\u0119cona przyswajaniu j\u0119zyka drugiego\/obcego<\/div>\r\n                        <div class=\"blocks__subtitle\">17-19.05.2018<\/div>\r\n                        <\/div>\r\n                     <\/a><\/div>     \r\n               <\/div>\r\n            <\/div>\r\n\r\n            <div class=\"blocks\" style=\"text-align: \">\r\n               <div class=\"container\">\r\n                  <div class=\"page-title\">Konferencje w 2017 roku<\/div>\r\n                  <div class=\"row m-0 blocks_4\">\r\n                  \r\n                     <a href=\"https:\/\/us.edu.pl\/event\/konferencja-pt-doswiadczenie-archiwum-pismo-cialo-pamiec\/\" class=\"thumbnail blocks__item\" style=\"background-image: url(https:\/\/us.edu.pl\/wydzial\/wh\/wp-content\/uploads\/sites\/15\/Nieprzypisane\/archiwum.jpg)\">\r\n                        <span>wi\u0119cej<\/span>\r\n                        <div class=\"blocks__bottom\">\r\n                        <div class=\"blocks__title\">Do\u015bwiadczenie archiwum: pismo, cia\u0142o, pami\u0119\u0107<\/div>\r\n                        <div class=\"blocks__subtitle\">6-8.12.2017<\/div>\r\n                        <\/div>\r\n                     <\/a>\r\n                  \r\n                     <a href=\"https:\/\/us.edu.pl\/event\/konferencja-pt-kulturowa-historia-podrozowania\/\" class=\"thumbnail blocks__item\" style=\"background-image: url(https:\/\/us.edu.pl\/wydzial\/wh\/wp-content\/uploads\/sites\/15\/Nieprzypisane\/kulturowahistoriapodrozowania-300x157.jpg)\">\r\n                        <span>wi\u0119cej<\/span>\r\n                        <div class=\"blocks__bottom\">\r\n                        <div class=\"blocks__title\"> Kulturowa historia podr\u00f3\u017cowania<\/div>\r\n                        <div class=\"blocks__subtitle\"> 27\u201328.11.2017<\/div>\r\n                        <\/div>\r\n                     <\/a>\r\n                  \r\n                     <a href=\"http:\/\/www.fil.us.edu.pl\/konferencje-smys-yrism-2017\/\" class=\"thumbnail blocks__item\" style=\"background-image: url(https:\/\/us.edu.pl\/wydzial\/wh\/wp-content\/uploads\/sites\/15\/Nieprzypisane\/IMG_5292_fot.-Julia-Agnieszka-Szymala.jpg)\">\r\n                        <span>wi\u0119cej<\/span>\r\n                        <div class=\"blocks__bottom\">\r\n                        <div class=\"blocks__title\">SMYS & YRISM 2017<\/div>\r\n                        <div class=\"blocks__subtitle\">16\u201318.11.2017<\/div>\r\n                        <\/div>\r\n                     <\/a>\r\n                  \r\n                     <a href=\"https:\/\/us.edu.pl\/event\/konferencja-naukowa-pt-byc-artysta-i-mowic-o-artyscie\/\" class=\"thumbnail blocks__item\" style=\"background-image: url(https:\/\/us.edu.pl\/wydzial\/wh\/wp-content\/uploads\/sites\/15\/Nieprzypisane\/artist.jpg)\">\r\n                        <span>wi\u0119cej<\/span>\r\n                        <div class=\"blocks__bottom\">\r\n                        <div class=\"blocks__title\">By\u0107 artyst\u0105 i m\u00f3wi\u0107 o arty\u015bcie. W kr\u0119gu problematyki artystowskiej w niemieckich i polskich tekstach kultury<\/div>\r\n                        <div class=\"blocks__subtitle\">16\u201317.11.2017<\/div>\r\n                        <\/div>\r\n                     <\/a>\r\n                  \r\n                     <a href=\"http:\/\/www.fil.us.edu.pl\/konferencja-pt-kicz-w-kulturach-mediow\/\" class=\"thumbnail blocks__item\" style=\"background-image: url(https:\/\/us.edu.pl\/wydzial\/wh\/wp-content\/uploads\/sites\/15\/Nieprzypisane\/KICZ_PLAKAT.jpeg)\">\r\n                        <span>wi\u0119cej<\/span>\r\n                        <div class=\"blocks__bottom\">\r\n                        <div class=\"blocks__title\">Kicz w kulturach medi\u00f3w<\/div>\r\n                        <div class=\"blocks__subtitle\">15\u201316.11.2017<\/div>\r\n                        <\/div>\r\n                     <\/a>\r\n                  \r\n                     <a href=\"https:\/\/us.edu.pl\/event\/iv-miedzynarodowa-konferencja-naukowa-pt-various-dimensions-of-contrastive-studies\/\" class=\"thumbnail blocks__item\" style=\"background-image: url(https:\/\/us.edu.pl\/wydzial\/wh\/wp-content\/uploads\/sites\/15\/Nieprzypisane\/sea.jpg)\">\r\n                        <span>wi\u0119cej<\/span>\r\n                        <div class=\"blocks__bottom\">\r\n                        <div class=\"blocks__title\">Various Dimensions of Contrastive Studies \/ R\u00f3\u017cne wymiary studi\u00f3w kontrastywnych DOCS 2017<\/div>\r\n                        <div class=\"blocks__subtitle\">23\u201324.10.2017<\/div>\r\n                        <\/div>\r\n                     <\/a>\r\n                  \r\n                     <a href=\"http:\/\/www.fil.us.edu.pl\/konferencja-pt-dlaczego-tlumaczymy-praktyka-teoria-i-metateoria-przekladu\/\" class=\"thumbnail blocks__item\" style=\"background-image: url(https:\/\/us.edu.pl\/wydzial\/wh\/wp-content\/uploads\/sites\/15\/Nieprzypisane\/IMG_4887_foto-Julia-Agnieszka-Szymala.jpg)\">\r\n                        <span>wi\u0119cej<\/span>\r\n                        <div class=\"blocks__bottom\">\r\n                        <div class=\"blocks__title\">Dlaczego t\u0142umaczymy? Praktyka, teoria i metateoria przek\u0142adu<\/div>\r\n                        <div class=\"blocks__subtitle\">19\u201321.10.2017<\/div>\r\n                        <\/div>\r\n                     <\/a>\r\n                  \r\n                     <a href=\"http:\/\/www.fil.us.edu.pl\/konferencja-pt-poetus-literarus-heinrich-boll-zum-100-geburtstag\/\" class=\"thumbnail blocks__item\" style=\"background-image: url(https:\/\/us.edu.pl\/wydzial\/wh\/wp-content\/uploads\/sites\/15\/Nieprzypisane\/Konferencja_Poetus-literarus_okno.jpg)\">\r\n                        <span>wi\u0119cej<\/span>\r\n                        <div class=\"blocks__bottom\">\r\n                        <div class=\"blocks__title\">Poetus literarus. Heinrich B\u00f6ll zum 100. Geburtstag<\/div>\r\n                        <div class=\"blocks__subtitle\">19\u201320.10.2017<\/div>\r\n                        <\/div>\r\n                     <\/a>\r\n                  \r\n                     <a href=\"https:\/\/us.edu.pl\/event\/ogolnopolska-konferencja-naukowa-pt-plec-awangardy\/\" class=\"thumbnail blocks__item\" style=\"background-image: url(https:\/\/us.edu.pl\/wydzial\/wh\/wp-content\/uploads\/sites\/15\/Nieprzypisane\/plec-awang_tlo-fb.jpg)\">\r\n                        <span>wi\u0119cej<\/span>\r\n                        <div class=\"blocks__bottom\">\r\n                        <div class=\"blocks__title\">P\u0142e\u0107 awangardy<\/div>\r\n                        <div class=\"blocks__subtitle\">25-27.10.2017<\/div>\r\n                        <\/div>\r\n                     <\/a>\r\n                  \r\n                     <a href=\"https:\/\/us.edu.pl\/event\/xx-miedzynarodowa-konferencja-naukowa-pt-rusycystyka-i-wspolczesnosc\/\" class=\"thumbnail blocks__item\" style=\"background-image: url(https:\/\/us.edu.pl\/wydzial\/wh\/wp-content\/uploads\/sites\/15\/Nieprzypisane\/Rosja.jpg)\">\r\n                        <span>wi\u0119cej<\/span>\r\n                        <div class=\"blocks__bottom\">\r\n                        <div class=\"blocks__title\">Rusycystyka i wsp\u00f3\u0142czesno\u015b\u0107<\/div>\r\n                        <div class=\"blocks__subtitle\"> 27\u201329.2017<\/div>\r\n                        <\/div>\r\n                     <\/a>\r\n                  \r\n                     <a href=\"https:\/\/us.edu.pl\/event\/iii-konferencja-naukowa-z-cyklu-czlowiek-inny-obcy-byt\/\" class=\"thumbnail blocks__item\" style=\"background-image: url(https:\/\/us.edu.pl\/wydzial\/wh\/wp-content\/uploads\/sites\/15\/Nieprzypisane\/butterflies.jpg)\">\r\n                        <span>wi\u0119cej<\/span>\r\n                        <div class=\"blocks__bottom\">\r\n                        <div class=\"blocks__title\">Zootanatos<\/div>\r\n                        <div class=\"blocks__subtitle\">25-26.09.2017<\/div>\r\n                        <\/div>\r\n                     <\/a>\r\n                  \r\n                     <a href=\"http:\/\/www.fil.us.edu.pl\/konferencja-pt-a-suitcase-of-her-own-women-and-travel\/\" class=\"thumbnail blocks__item\" style=\"background-image: url(https:\/\/us.edu.pl\/wydzial\/wh\/wp-content\/uploads\/sites\/15\/Nieprzypisane\/kobieta_z_walizka2.jpg)\">\r\n                        <span>wi\u0119cej<\/span>\r\n                        <div class=\"blocks__bottom\">\r\n                        <div class=\"blocks__title\">A suitcase of her own: women and travel<\/div>\r\n                        <div class=\"blocks__subtitle\">20\u201323.09.2017<\/div>\r\n                        <\/div>\r\n                     <\/a>\r\n                  \r\n                     <a href=\"https:\/\/us.edu.pl\/event\/miedzynarodowa-konferencja-naukowa-pt-vulnerabilities\/\" class=\"thumbnail blocks__item\" style=\"background-image: url(https:\/\/us.edu.pl\/wydzial\/wh\/wp-content\/uploads\/sites\/15\/Nieprzypisane\/clasped-hands-pixabay.jpg)\">\r\n                        <span>wi\u0119cej<\/span>\r\n                        <div class=\"blocks__bottom\">\r\n                        <div class=\"blocks__title\">Vulnerabilities<\/div>\r\n                        <div class=\"blocks__subtitle\">06-08.07.2017<\/div>\r\n                        <\/div>\r\n                     <\/a>\r\n                  \r\n                     <a href=\"https:\/\/us.edu.pl\/event\/miedzynarodowa-konferencja-naukowa-pt-corpus-historicus-the-body-in-of-history\/\" class=\"thumbnail blocks__item\" style=\"background-image: url(https:\/\/us.edu.pl\/wydzial\/wh\/wp-content\/uploads\/sites\/15\/Nieprzypisane\/poster_CH2.jpg)\">\r\n                        <span>wi\u0119cej<\/span>\r\n                        <div class=\"blocks__bottom\">\r\n                        <div class=\"blocks__title\"> Corpus HistoricUS: the Body in\/of History<\/div>\r\n                        <div class=\"blocks__subtitle\">30-06-01.07.2017<\/div>\r\n                        <\/div>\r\n                     <\/a>\r\n                  \r\n                     <a href=\"https:\/\/us.edu.pl\/event\/konferencja-pt-jezyk-lektura-interpretacja-w-dydaktyce-szkolnej\/\" class=\"thumbnail blocks__item\" style=\"background-image: url(https:\/\/us.edu.pl\/wydzial\/wh\/wp-content\/uploads\/sites\/15\/Nieprzypisane\/kids.jpg)\">\r\n                        <span>wi\u0119cej<\/span>\r\n                        <div class=\"blocks__bottom\">\r\n                        <div class=\"blocks__title\">J\u0119zyk \u2013 lektura \u2013 interpretacja w dydaktyce szkolnej<\/div>\r\n                        <div class=\"blocks__subtitle\">24-25.05.2017<\/div>\r\n                        <\/div>\r\n                     <\/a>\r\n                  \r\n                     <a href=\"https:\/\/us.edu.pl\/event\/konferencja-pt-spojrzeniea-ponad-granicee\/\" class=\"thumbnail blocks__item\" style=\"background-image: url(https:\/\/us.edu.pl\/wydzial\/wh\/wp-content\/uploads\/sites\/15\/Nieprzypisane\/access-forbidden.jpg)\">\r\n                        <span>wi\u0119cej<\/span>\r\n                        <div class=\"blocks__bottom\">\r\n                        <div class=\"blocks__title\">Spojrzenie(a) ponad granic\u0119(e). Transkulturowe i transdyscyplinarne aspekty w badaniach germanistycznych oraz nauczaniu j\u0119zyka niemieckiego<\/div>\r\n                        <div class=\"blocks__subtitle\">19-21.05.2017<\/div>\r\n                        <\/div>\r\n                     <\/a>\r\n                  \r\n                     <a href=\"https:\/\/us.edu.pl\/event\/konferencja-naukowa-pt-pisanie-dla-sceny-narracje-wspolczesnego-teatru\/\" class=\"thumbnail blocks__item\" style=\"background-image: url(https:\/\/us.edu.pl\/wydzial\/wh\/wp-content\/uploads\/sites\/15\/Nieprzypisane\/comedy-tragedy-masks.jpg)\">\r\n                        <span>wi\u0119cej<\/span>\r\n                        <div class=\"blocks__bottom\">\r\n                        <div class=\"blocks__title\">Pisanie dla sceny \u2013 narracje wsp\u00f3\u0142czesnego teatru<\/div>\r\n                        <div class=\"blocks__subtitle\">18\u201319.05.2017<\/div>\r\n                        <\/div>\r\n                     <\/a>\r\n                  \r\n                     <a href=\"https:\/\/us.edu.pl\/event\/iii-miedzynarodowa-konferencja-pt-adaptacje-implementacje-konwergencje-dziedziczenie\/\" class=\"thumbnail blocks__item\" style=\"background-image: url(https:\/\/us.edu.pl\/wydzial\/wh\/wp-content\/uploads\/sites\/15\/Nieprzypisane\/smartphone.jpg)\">\r\n                        <span>wi\u0119cej<\/span>\r\n                        <div class=\"blocks__bottom\">\r\n                        <div class=\"blocks__title\">Adaptacje. Implementacje, konwergencje, dziedziczenie<\/div>\r\n                        <div class=\"blocks__subtitle\">15\u201316.05.2017<\/div>\r\n                        <\/div>\r\n                     <\/a>\r\n                  \r\n                     <a href=\"https:\/\/us.edu.pl\/event\/konferencja-pt-indygenne-lokalne-formy-ekspresji-kulturowej-w-sztuce-opowiadania-storytelling\/\" class=\"thumbnail blocks__item\" style=\"background-image: url(https:\/\/us.edu.pl\/wydzial\/wh\/wp-content\/uploads\/sites\/15\/Nieprzypisane\/grafika.-maski-300x300.jpg)\">\r\n                        <span>wi\u0119cej<\/span>\r\n                        <div class=\"blocks__bottom\">\r\n                        <div class=\"blocks__title\">Indygenne\/lokalne formy ekspresji kulturowej w sztuce opowiadania (storytelling), dramacie,  teatrze i performansie. G\u0142osy tradycji i wsp\u00f3\u0142czesno\u015bci w Kanadzie i na G\u00f3rnym \u015al\u0105sku w Polsce<\/div>\r\n                        <div class=\"blocks__subtitle\">26-28.04.2017<\/div>\r\n                        <\/div>\r\n                     <\/a>\r\n                  \r\n                     <a href=\"https:\/\/us.edu.pl\/event\/konferencja-pt-wspolczesne-literatury-francuskojezyczne\/\" class=\"thumbnail blocks__item\" style=\"background-image: url(https:\/\/us.edu.pl\/wydzial\/wh\/wp-content\/uploads\/sites\/15\/Nieprzypisane\/paris2.jpg)\">\r\n                        <span>wi\u0119cej<\/span>\r\n                        <div class=\"blocks__bottom\">\r\n                        <div class=\"blocks__title\">Wsp\u00f3\u0142czesne literatury francuskoj\u0119zyczne: uniwersalno\u015b\u0107 codzienno\u015bci i uniwersalno\u015b\u0107 codzienna (Les litt\u00e9ratures francophones d\u2019aujourd\u2019hui: l\u2019universel du et au quotidien)<\/div>\r\n                        <div class=\"blocks__subtitle\">24.04.2017<\/div>\r\n                        <\/div>\r\n                     <\/a><\/div>     \r\n               <\/div>\r\n            <\/div>[\/vc_column][\/vc_row]<\/p>","protected":false},"excerpt":{"rendered":"<p>[vc_row el_class=&#8221;container&#8221;][vc_column el_class=&#8221;container&#8221;][\/vc_column][\/vc_row] [&#8230;]<\/p>\n<p><a class=\"btn btn-secondary understrap-read-more-link\" href=\"https:\/\/us.edu.pl\/wydzial\/wh\/konferencje-naukowe\/\">Read More&#8230;<\/a><\/p>\n","protected":false},"author":1,"featured_media":0,"parent":0,"menu_order":0,"comment_status":"closed","ping_status":"closed","template":"","meta":{"_expiration-date-status":"","_expiration-date":0,"_expiration-date-type":"","_expiration-date-categories":[],"_expiration-date-options":[]},"acf":[],"_links":{"self":[{"href":"https:\/\/us.edu.pl\/wydzial\/wh\/wp-json\/wp\/v2\/pages\/545"}],"collection":[{"href":"https:\/\/us.edu.pl\/wydzial\/wh\/wp-json\/wp\/v2\/pages"}],"about":[{"href":"https:\/\/us.edu.pl\/wydzial\/wh\/wp-json\/wp\/v2\/types\/page"}],"author":[{"embeddable":true,"href":"https:\/\/us.edu.pl\/wydzial\/wh\/wp-json\/wp\/v2\/users\/1"}],"replies":[{"embeddable":true,"href":"https:\/\/us.edu.pl\/wydzial\/wh\/wp-json\/wp\/v2\/comments?post=545"}],"version-history":[{"count":10,"href":"https:\/\/us.edu.pl\/wydzial\/wh\/wp-json\/wp\/v2\/pages\/545\/revisions"}],"predecessor-version":[{"id":164140,"href":"https:\/\/us.edu.pl\/wydzial\/wh\/wp-json\/wp\/v2\/pages\/545\/revisions\/164140"}],"wp:attachment":[{"href":"https:\/\/us.edu.pl\/wydzial\/wh\/wp-json\/wp\/v2\/media?parent=545"}],"curies":[{"name":"wp","href":"https:\/\/api.w.org\/{rel}","templated":true}]}}