{"id":6305,"date":"2020-11-23T10:12:22","date_gmt":"2020-11-23T09:12:22","guid":{"rendered":"https:\/\/us.edu.pl\/wydzial\/wh\/?page_id=6305"},"modified":"2025-10-27T08:08:41","modified_gmt":"2025-10-27T07:08:41","slug":"olimpiada-jezyka-niemieckiego","status":"publish","type":"page","link":"https:\/\/us.edu.pl\/wydzial\/wh\/kierunki-studiow\/filologia-germanska\/wspolpraca-z-otoczeniem\/olimpiada-jezyka-niemieckiego\/","title":{"rendered":"Olimpiada J\u0119zyka Niemieckiego"},"content":{"rendered":"<p>[vc_row][vc_column]\r\n                <div class=\"text-modules\">\r\n                    <div class=\"container\">\r\n                        \r\n                        <div class=\"text-modules__content\"><p><strong>Og\u00f3lnopolska Olimpiada J\u0119zyka Niemieckiego<\/strong><\/p>\n<p><strong>Zapraszamy uczni\u00f3w szk\u00f3\u0142 \u015brednich do udzia\u0142u w Olimpiadzie J\u0119zyka Niemieckiego!<\/strong><\/p>\n<p><strong>\u015al\u0105ski Komitet Okr\u0119gowy Og\u00f3lnopolskiej Olimpiady J\u0119zyka Niemieckiego <\/strong><strong>mieszcz\u0105cy si\u0119 przy <em>Wydziale Humanistycznym Uniwersytetu \u015al\u0105skiego<\/em> w Sosnowcu, obejmuje swym zasi\u0119giem terytorialnym szko\u0142y \u015brednie wojew\u00f3dztwa \u015bl\u0105skiego. <\/strong><\/p>\n<p><strong>Kontakt<\/strong>:<\/p>\n<p>dr Renata Kozie\u0142<\/p>\n<p>Sekretarz \u015al\u0105skiego Komitetu Okr\u0119gowego OJN<\/p>\n<p>E-Mail: <a href=\"mailto:olimpiada.us@wp.pl\"><strong>olimpiada.us@wp.pl<\/strong><\/a><\/p>\n<p><strong>TERMINARZ 49. OLIMPIADY J\u0118ZYKA NIEMIECKIEGO (ROK SZKOLNY 2025\/2026)<\/strong><\/p>\n<p>Szko\u0142y, kt\u00f3re organizuj\u0105 eliminacje szkolne, zobowi\u0105zane s\u0105 do zg\u0142oszenia udzia\u0142u szko\u0142y w Olimpiadzie do odpowiednich KOMITET\u00d3W OKR\u0118GOWYCH, na adres pocztowy lub poczt\u0105 elektroniczn\u0105 <strong><u>WY\u0141\u0104CZNIE z adresu mailowego szko\u0142y do ko\u0144ca pa\u017adziernika 2025<\/u><\/strong> r. <strong>Wystarczy zg\u0142oszenie udzia\u0142u szko\u0142y, liczb\u0119 uczestnik\u00f3w mo\u017cna zmieni\u0107 nawet w dniu eliminacji szkolnych. <\/strong><\/p>\n<p><strong>Adres poczty elektronicznej \u015al\u0105skiego Komitetu Okr\u0119gowego: <\/strong><a href=\"mailto:olimpiada.us@wp.pl\"><strong>olimpiada.us@wp.pl<\/strong><\/a><\/p>\n<ol>\n<li><strong><u>Eliminacje szkolne<\/u><\/strong>: odb\u0119d\u0105 si\u0119 w szko\u0142ach w dniu<strong> 7. listopada 2025 r. w godz. 10.00 \u2013 11.30<\/strong>. Czas trwania eliminacji: 2 godziny lekcyjne (90 minut). Poprawione przez nauczyciela germanist\u0119 i ostemplowane piecz\u0119ci\u0105 szko\u0142y testy nale\u017cy przes\u0142a\u0107 w ci\u0105gu tygodnia listem poleconym do w\u0142a\u015bciwego okr\u0119gu.<\/li>\n<\/ol>\n<p><strong>Adres pocztowy \u015al\u0105skiego Komitetu Okr\u0119gowego<\/strong>:<\/p>\n<p>Wydzia\u0142 Humanistyczny U\u015a, Filologia Germa\u0144ska, \u015al\u0105ski Komitet Okr\u0119gowy OJN, ul. gen. S. Grota-Roweckiego 5, 41-200 Sosnowiec<\/p>\n<ol start=\"2\">\n<li><strong><u>Eliminacje okr\u0119gowe<\/u><\/strong>:<\/li>\n<li>a) <strong>eliminacje pisemne<\/strong> etapu odb\u0119d\u0105 si\u0119 <strong>w szko\u0142ach<\/strong> w dniu <strong>9. stycznia 2026 r. w godz. 10.00 \u2013 11.30. <\/strong>Czas trwania eliminacji: 2 godziny lekcyjne (90 minut). Bezpo\u015brednio po zako\u0144czeniu eliminacji ostemplowane testy nale\u017cy przes\u0142a\u0107 listem poleconym do w\u0142a\u015bciwego okr\u0119gu. Nades\u0142ane testy zostan\u0105 poprawione i zweryfikowane przez Komitety Okr\u0119gowe. Nast\u0119pnie Sekretarze Okr\u0119gowi powiadomi\u0105 szko\u0142y o tym, kt\u00f3rzy uczniowie zostali zakwalifikowani do eliminacji ustnych (tzn. uzyskali co najmniej 85% punkt\u00f3w w te\u015bcie) oraz o terminie i miejscu eliminacji ustnych.<\/li>\n<li>b<strong>) egzamin ustny<\/strong> dla zakwalifikowanych uczestnik\u00f3w, odb\u0119dzie si\u0119 w 12 okr\u0119gach w terminach wyznaczonych przez Komitety Okr\u0119gowe, jednak <strong>nie p\u00f3\u017aniej, ni\u017c 15. lutego<\/strong>. Zakresy tematyczne eliminacji ustnych znajduj\u0105 si\u0119 na stronie OJN: <a href=\"https:\/\/ojn.wsjo.pl\/zakres-tematyczny\/\">https:\/\/ojn.wsjo.pl\/zakres-tematyczny\/<\/a><\/li>\n<li><strong><u>Fina\u0142 49. OJN<\/u><\/strong>: eliminacje centralne odb\u0119d\u0105 si\u0119 <strong>27. \u2013 29 marca 2026r. w Poznaniu<\/strong>, w Katedrze Skandynawistyki, blok A Collegium Novum Uniwersytetu im. Adama Mickiewicza, al. Niepodleg\u0142o\u015bci 4.<\/li>\n<li><strong><u>Uroczysto\u015b\u0107 zako\u0144czenia fina\u0142u<\/u><\/strong> odb\u0119dzie si\u0119 <strong>29. marca 2026r. w godz. 10.00-12.00<\/strong> w Ma\u0142ej Auli Uniwersytetu im. A. Mickiewicza (Collegium Minus \u2013 Rektorat), ul. Wieniawskiego 1<\/li>\n<\/ol>\n<p>&nbsp;<\/p>\n<p>&nbsp;<\/p>\n<p>\n<\/div>\r\n                    <\/div>\r\n                <\/div>[\/vc_column][\/vc_row]<\/p>","protected":false},"excerpt":{"rendered":"<p>[vc_row][vc_column][\/vc_column][\/vc_row] [&#8230;]<\/p>\n<p><a class=\"btn btn-secondary understrap-read-more-link\" href=\"https:\/\/us.edu.pl\/wydzial\/wh\/kierunki-studiow\/filologia-germanska\/wspolpraca-z-otoczeniem\/olimpiada-jezyka-niemieckiego\/\">Read More&#8230;<\/a><\/p>\n","protected":false},"author":1,"featured_media":0,"parent":6298,"menu_order":0,"comment_status":"closed","ping_status":"closed","template":"","meta":{"_expiration-date-status":"","_expiration-date":0,"_expiration-date-type":"","_expiration-date-categories":[],"_expiration-date-options":[]},"acf":[],"_links":{"self":[{"href":"https:\/\/us.edu.pl\/wydzial\/wh\/wp-json\/wp\/v2\/pages\/6305"}],"collection":[{"href":"https:\/\/us.edu.pl\/wydzial\/wh\/wp-json\/wp\/v2\/pages"}],"about":[{"href":"https:\/\/us.edu.pl\/wydzial\/wh\/wp-json\/wp\/v2\/types\/page"}],"author":[{"embeddable":true,"href":"https:\/\/us.edu.pl\/wydzial\/wh\/wp-json\/wp\/v2\/users\/1"}],"replies":[{"embeddable":true,"href":"https:\/\/us.edu.pl\/wydzial\/wh\/wp-json\/wp\/v2\/comments?post=6305"}],"version-history":[{"count":4,"href":"https:\/\/us.edu.pl\/wydzial\/wh\/wp-json\/wp\/v2\/pages\/6305\/revisions"}],"predecessor-version":[{"id":193287,"href":"https:\/\/us.edu.pl\/wydzial\/wh\/wp-json\/wp\/v2\/pages\/6305\/revisions\/193287"}],"up":[{"embeddable":true,"href":"https:\/\/us.edu.pl\/wydzial\/wh\/wp-json\/wp\/v2\/pages\/6298"}],"wp:attachment":[{"href":"https:\/\/us.edu.pl\/wydzial\/wh\/wp-json\/wp\/v2\/media?parent=6305"}],"curies":[{"name":"wp","href":"https:\/\/api.w.org\/{rel}","templated":true}]}}