{"id":7416,"date":"2020-12-17T18:28:59","date_gmt":"2020-12-17T17:28:59","guid":{"rendered":"https:\/\/us.edu.pl\/wydzial\/wh\/?page_id=7416"},"modified":"2025-10-23T09:23:33","modified_gmt":"2025-10-23T07:23:33","slug":"historia-turystyka-historyczna-srodkowoeuropejskie-studia-historyczne","status":"publish","type":"page","link":"https:\/\/us.edu.pl\/wydzial\/wh\/rady-dydaktyczne-kierunkow-studiow\/historia-turystyka-historyczna-srodkowoeuropejskie-studia-historyczne\/","title":{"rendered":"HISTORIA | TURYSTYKA HISTORYCZNA | \u015aRODKOWOEUROPEJSKIE STUDIA HISTORYCZNE"},"content":{"rendered":"<p>[vc_row][vc_column]\r\n                <div class=\"text-modules\">\r\n                    <div class=\"container\">\r\n                        \r\n                        <div class=\"text-modules__content\"><\/p>\n<h3><span style=\"color: #003366;\"><strong>RADA DYDAKTYCZNA KIERUNK\u00d3W:<br \/>\n<\/strong><\/span><span style=\"color: #003366;\">HISTORIA<\/span><br \/>\n<span style=\"color: #003366;\">TURYSTYKA HISTORYCZNA<\/span><br \/>\n<span style=\"color: #003366;\">\u015aRODKOWOEUROPEJSKIE STUDIA HISTORYCZNE<br \/>\n<\/span><\/h3>\n<p>&nbsp;<\/p>\n<p><strong>dr Pawe\u0142 Duda \u00a0\u2013 <\/strong>przewodnicz\u0105cy (dyrektor kierunk\u00f3w)<\/p>\n<p><strong>dr Dominika Rychel-Mantur<\/strong> \u2013 zast\u0119pczyni dyrektora kierunk\u00f3w<\/p>\n<p><strong>dr hab. Lech Krzy\u017canowski, prof. U\u015a <\/strong>\u2013 przedstawiciel pracownik\u00f3w badawczo-dydaktycznych z dyscypliny historia wskazany przez dyrektora Instytutu Historii<\/p>\n<p><strong>prof. dr hab. Aleksandra Skrzypietz <\/strong>\u2013 przedstawicielka pracownik\u00f3w badawczo-dydaktycznych z dyscypliny historia wskazana przez dyrektora Instytutu Historii<\/p>\n<p><strong>prof. dr hab. Maciej Fic \u00a0<\/strong>\u2013 specjalista w zakresie kszta\u0142cenia nauczycieli<\/p>\n<p><strong>dr hab. Jakub Morawiec, prof. U\u015a<\/strong> <strong>\u2013<\/strong> przedstawiciel pracownik\u00f3w badawczo-dydaktycznych<\/p>\n<p><strong>dr Aleksandra Barwicka &#8211; Makula<\/strong> \u2013 przedstawicielka pracownik\u00f3w badawczo-dydaktycznych<\/p>\n<p><strong>Laura Polewka <\/strong>\u00a0\u2013 przedstawicielka student\u00f3w studi\u00f3w I stopnia (historia)<\/p>\n<p><strong>Julia Gosiewska <\/strong>&#8211; przedstawicielka student\u00f3w studi\u00f3w I stopnia (turystyka historyczna)<\/p>\n<p><strong>lic. Jacek S\u0142owi\u0144ski <\/strong>\u2013 przedstawiciel student\u00f3w studi\u00f3w II stopnia (historia)<\/p>\n<p><strong>\u00a0<\/strong><\/p>\n<p>&nbsp;<\/p>\n<p>Interesariusze zewn\u0119trzni\/osoby z g\u0142osem doradczym<\/p>\n<p><strong>mgr Dorota Szewczyk <\/strong>\u2013 dyrektorka Centrum Doskonalenia Nauczycieli w Sosnowcu<\/p>\n<p><strong>mgr Grzegorz Walotek<\/strong> \u2013 dyrektor IV Liceum Og\u00f3lnokszta\u0142c\u0105cego z oddzia\u0142ami dwuj\u0119zycznymi im. Stanis\u0142awa Staszica w Sosnowcu<\/p>\n<p><strong>mgr Przemys\u0142aw Mycielski<\/strong> \u2013 nauczyciel historii w I Liceum Og\u00f3lnokszta\u0142c\u0105cym im. Karola Miarki w Miko\u0142owie<\/p>\n<p><strong>mgr S\u0142awomira Krupa<\/strong> \u2013<strong> dyrektorka Archiwum Pa\u0144stwowego w Katowicach<\/strong><\/p>\n<p><strong>mgr Pawe\u0142 Tyszka<\/strong> \u2013 kierownik Dzia\u0142u Projekt\u00f3w Naukowych i Muzealnych Zamku Kr\u00f3lewskiego w Warszawie<\/p>\n<p><strong>dr Pawe\u0142 G\u0105siorczyk<\/strong> \u2013 kierownik Wydzia\u0142u Dokumentacji Zbior\u00f3w Centralnego Muzeum Po\u017carnictwa w Mys\u0142owicach<\/p>\n<p><strong>mgr Anna \u0141apsa<\/strong> \u2013 Naczelnik Wydzia\u0142u Administracji i Kadr Urz\u0119du Miasta w Nowym Targu<\/p>\n<\/div>\r\n                    <\/div>\r\n                <\/div>[\/vc_column][\/vc_row]<\/p>","protected":false},"excerpt":{"rendered":"<p>[vc_row][vc_column][\/vc_column][\/vc_row] [&#8230;]<\/p>\n<p><a class=\"btn btn-secondary understrap-read-more-link\" href=\"https:\/\/us.edu.pl\/wydzial\/wh\/rady-dydaktyczne-kierunkow-studiow\/historia-turystyka-historyczna-srodkowoeuropejskie-studia-historyczne\/\">Read More&#8230;<\/a><\/p>\n","protected":false},"author":1,"featured_media":0,"parent":7357,"menu_order":12,"comment_status":"closed","ping_status":"closed","template":"page-templates\/inner-page.php","meta":{"_expiration-date-status":"","_expiration-date":0,"_expiration-date-type":"","_expiration-date-categories":[],"_expiration-date-options":[]},"acf":[],"_links":{"self":[{"href":"https:\/\/us.edu.pl\/wydzial\/wh\/wp-json\/wp\/v2\/pages\/7416"}],"collection":[{"href":"https:\/\/us.edu.pl\/wydzial\/wh\/wp-json\/wp\/v2\/pages"}],"about":[{"href":"https:\/\/us.edu.pl\/wydzial\/wh\/wp-json\/wp\/v2\/types\/page"}],"author":[{"embeddable":true,"href":"https:\/\/us.edu.pl\/wydzial\/wh\/wp-json\/wp\/v2\/users\/1"}],"replies":[{"embeddable":true,"href":"https:\/\/us.edu.pl\/wydzial\/wh\/wp-json\/wp\/v2\/comments?post=7416"}],"version-history":[{"count":8,"href":"https:\/\/us.edu.pl\/wydzial\/wh\/wp-json\/wp\/v2\/pages\/7416\/revisions"}],"predecessor-version":[{"id":193178,"href":"https:\/\/us.edu.pl\/wydzial\/wh\/wp-json\/wp\/v2\/pages\/7416\/revisions\/193178"}],"up":[{"embeddable":true,"href":"https:\/\/us.edu.pl\/wydzial\/wh\/wp-json\/wp\/v2\/pages\/7357"}],"wp:attachment":[{"href":"https:\/\/us.edu.pl\/wydzial\/wh\/wp-json\/wp\/v2\/media?parent=7416"}],"curies":[{"name":"wp","href":"https:\/\/api.w.org\/{rel}","templated":true}]}}