{"id":927,"date":"2019-10-05T16:46:43","date_gmt":"2019-10-05T14:46:43","guid":{"rendered":"https:\/\/us.edu.pl\/wydzial\/wh\/?page_id=927"},"modified":"2026-01-09T10:45:16","modified_gmt":"2026-01-09T09:45:16","slug":"dziekanat","status":"publish","type":"page","link":"https:\/\/us.edu.pl\/wydzial\/wh\/administracja\/dziekanat\/","title":{"rendered":"Dziekanat"},"content":{"rendered":"<p>[vc_row][vc_column][vc_column_text][\/vc_column_text][\/vc_column][\/vc_row][vc_row el_class=&#8221;container&#8221;][vc_column width=&#8221;1\/2&#8243; el_class=&#8221;container&#8221;]\r\n                <div class=\"text-modules\">\r\n                    <div class=\"container\">\r\n                        \r\n                        <div class=\"text-modules__content\"><\/p>\n<p style=\"text-align: center;\"><strong>kierownik dziekanatu <\/strong><\/p>\n<p style=\"text-align: center;\"><strong>mgr Marta Klimek<\/strong><\/p>\n<p style=\"text-align: center;\">e-mail:\u00a0<a href=\"mailto:marta.klimek@us.edu.pl\">marta.klimek@us.edu.pl<\/a><br \/>\ntel.: 32 2009 539<br \/>\nKatowice, ul. Uniwersytecka 4, pok. B1.29 \/ B1.19<\/p>\n<p>\n<\/div>\r\n                    <\/div>\r\n                <\/div>[\/vc_column][vc_column width=&#8221;1\/2&#8243; el_class=&#8221;container&#8221;]\r\n                <div class=\"text-modules\">\r\n                    <div class=\"container\">\r\n                        \r\n                        <div class=\"text-modules__content\"><\/p>\n<p style=\"text-align: center;\"><strong>zast\u0119pca kierownika dziekanatu<\/strong><\/p>\n<p style=\"text-align: center;\"><strong>mgr \u0141ukasz G\u0119borek<\/strong><\/p>\n<p style=\"text-align: center;\">e-mail: <a href=\"mailto:lukasz.geborek@us.edu.pl\">lukasz.geborek@us.edu.pl<\/a><br \/>\ntel.: 32 364 08 43<br \/>\nSosnowiec, ul. Grota-Roweckiego 5, pok. 4.28<\/p>\n<p>\n<\/div>\r\n                    <\/div>\r\n                <\/div>[\/vc_column][\/vc_row][vc_row][vc_column]\r\n                <div class=\"tiles-section\" style=\"background: \">\r\n                    <div class=\"container\">\r\n                        <h3 class=\"page-title\"><\/h3>\r\n                        <div class=\"tiles tiles-2\">\r\n                            <a href=\"https:\/\/us.edu.pl\/wydzial\/wh\/administracja\/dziekanat\/obsluga-toku-studiow-i-spraw-studenckich\/\" class=\"tile tile_ justify-content-center\" style=\"background-color: #002E5A; font-weight: ; color: #ffffff;  \">\r\n                                \r\n                                   \r\n                               \r\n                                <div class=\"tile__name\">Obs\u0142uga toku studi\u00f3w i spraw studenckich<\/div>\r\n                            <\/a>\r\n                            <a href=\"https:\/\/us.edu.pl\/wydzial\/wh\/administracja\/dziekanat\/administracyjna-obsluga-dydaktyki\/\" class=\"tile tile_ justify-content-center\" style=\"background-color: #002E5A; font-weight: ; color: #ffffff;  \">\r\n                                \r\n                                   \r\n                               \r\n                                <div class=\"tile__name\">Administracyjna obs\u0142uga dydaktyki<\/div>\r\n                            <\/a><\/div>\r\n                    <\/div>\r\n                <\/div>[\/vc_column][\/vc_row][vc_row][vc_column]<div class=\"container\"><div class=\"separator\" style=\"background-color: #EBEBEB\"><\/div><\/div>[\/vc_column][\/vc_row][vc_row el_class=&#8221;container&#8221;][vc_column]\r\n                <div class=\"text-modules\">\r\n                    <div class=\"container\">\r\n                        \r\n                        <div class=\"text-modules__content\"><\/p>\n<h3><strong>Sprawy stypendialne student\u00f3w | op\u0142aty za us\u0142ugi edukacyjne<\/strong><\/h3>\n<hr \/>\n<p>\n<\/div>\r\n                    <\/div>\r\n                <\/div>[\/vc_column][\/vc_row][vc_row el_class=&#8221;container&#8221;][vc_column width=&#8221;1\/2&#8243;]\r\n                <div class=\"text-modules\">\r\n                    <div class=\"container\">\r\n                        \r\n                        <div class=\"text-modules__content\"><p><strong>mgr Marta Klimek<\/strong><br \/>\ne-mail:\u00a0<a href=\"mailto:marta.klimek@us.edu.pl\">marta.klimek@us.edu.pl<\/a><br \/>\ntel.: 32 2009 539<span style=\"color: #ff0000;\"><span style=\"color: #000000;\"><br \/>\nKatowice, ul. Uniwersytecka 4, pok. B1.29 \/ B1.19<br \/>\n<\/span><\/span><\/p>\n<p>&nbsp;<\/p>\n<p><strong>lic. Agnieszka Maroszek<\/strong><br \/>\ne-mail:\u00a0<a href=\"mailto:agnieszka.maroszek@us.edu.pl\">agnieszka.maroszek@us.edu.pl<\/a><br \/>\ntel.: 32 2009 540<br \/>\nKatowice, ul. Uniwersytecka 4, pok. B1.29<\/p>\n<p>&nbsp;<\/p>\n<p><strong>mgr\u00a0Iwona Seweryn<\/strong><strong><br \/>\n<\/strong>e-mail:\u00a0<a href=\"mailto:iwona.seweryn@us.edu.pl\">iwona.seweryn@us.edu.pl<\/a>\u00a0<strong><br \/>\n<\/strong>tel.: 32 2009 541<strong><br \/>\n<\/strong>Katowice, ul. Uniwersytecka 4, pok. B1.29<\/p>\n<p>&nbsp;<\/p>\n<p><strong>mgr Agnieszka Urba\u0144czyk<\/strong><br \/>\ne-mail: <a href=\"mailto:agnieszka.urbanczyk@us.edu.pl\">agnieszka.urbanczyk@us.edu.pl<\/a><br \/>\ntel. 32 364 09 68<br \/>\n<span style=\"color: #000000;\">Sosnowiec, ul. Grota-Roweckiego 5, pok. 1.24<br \/>\n<\/span><\/p>\n<p>&nbsp;<\/p>\n<p><strong>Anna Korpus-Kruz<\/strong><br \/>\ne-mail:\u00a0<a href=\"mailto:malgorzata.krasowska-swit@us.edu.pl\">anna.korpus-kruz@us.edu.pl<\/a><br \/>\ntel. 32 364 09 68<br \/>\nSosnowiec, ul. Grota-Roweckiego 5, pok. 1.24<\/p>\n<\/div>\r\n                    <\/div>\r\n                <\/div>[\/vc_column][vc_column width=&#8221;1\/2&#8243;][vc_row_inner css=&#8221;.vc_custom_1734437824022{border-left-width: 3px !important;border-left-color: #000000 !important;border-left-style: solid !important;}&#8221;][vc_column_inner]\r\n                <div class=\"text-modules\">\r\n                    <div class=\"container\">\r\n                        \r\n                        <div class=\"text-modules__content\"><\/p>\n<h5>GODZINY PRACY DZIEKANATU<\/h5>\n<hr \/>\n<p>poniedzia\u0142ek\u00a0 \u00a0 \u00a011.00 \u2013 14.00<br \/>\nwtorek\u00a0 \u00a0 \u00a0 \u00a0 \u00a0 \u00a0 \u00a0 \u00a010.00 \u2013 14.00<br \/>\n\u015broda\u00a0 \u00a0 \u00a0 \u00a0 \u00a0 \u00a0 \u00a0 \u00a0 \u00a010.00 \u2013 14.00<br \/>\nczwartek\u00a0 \u00a0 \u00a0 \u00a0 \u00a0 \u00a010.00 \u2013 14.00<br \/>\npi\u0105tek\u00a0 \u00a0 \u00a0 \u00a0 \u00a0 \u00a0 \u00a0 \u00a0 nieczynne<br \/>\nsobota\u00a0 \u00a0 \u00a0 \u00a0 \u00a0 \u00a0 \u00a0 \u00a0nieczynne<\/p>\n<\/div>\r\n                    <\/div>\r\n                <\/div>[\/vc_column_inner][\/vc_row_inner][\/vc_column][\/vc_row][vc_row el_class=&#8221;container&#8221;][vc_column]\r\n                <div class=\"text-modules\">\r\n                    <div class=\"container\">\r\n                        \r\n                        <div class=\"text-modules__content\"><\/p>\n<h3><strong>Sprawy absolwent\u00f3w<\/strong><\/h3>\n<hr \/>\n<p><strong>dr Antonina Termi\u0144ska<\/strong><br \/>\ne-mail: <a href=\"mailto:antonina.terminska@us.edu.pl\">antonina.terminska@us.edu.pl<\/a><br \/>\ntel.: 32 364 09 73<br \/>\nSosnowiec, ul. Grota-Roweckiego 5, pok. 2.20<\/p>\n<p>&nbsp;<\/p>\n<p><strong>mgr Maja Burdosz<\/strong><br \/>\ne-mail: <a href=\"mailto:maja.burdosz@us.edu.pl\">maja.burdosz@us.edu.pl<\/a><br \/>\ntel.: 32 2009 267<br \/>\nKatowice, ul. Uniwersytecka 4, pok. B1.13<\/p>\n<\/div>\r\n                    <\/div>\r\n                <\/div>[\/vc_column][\/vc_row][vc_column][\/vc_column][vc_column][\/vc_column][vc_row][vc_column][vc_column_text][\/vc_column_text][\/vc_column][\/vc_row][vc_row][vc_column][vc_column_text][\/vc_column_text][\/vc_column][\/vc_row][vc_row][vc_column][vc_column_text][\/vc_column_text][\/vc_column][\/vc_row][vc_row][vc_column][vc_column_text][\/vc_column_text][\/vc_column][\/vc_row][vc_row][vc_column][vc_column_text][\/vc_column_text][\/vc_column][\/vc_row][vc_row][vc_column][vc_column_text][\/vc_column_text][\/vc_column][\/vc_row][vc_row][vc_column][vc_column_text][\/vc_column_text][\/vc_column][\/vc_row][vc_row][vc_column][vc_column_text][\/vc_column_text][\/vc_column][\/vc_row][vc_row][vc_column][vc_column_text][\/vc_column_text][\/vc_column][\/vc_row][vc_row][vc_column][vc_column_text][\/vc_column_text][\/vc_column][\/vc_row][vc_row][vc_column][vc_column_text][\/vc_column_text][\/vc_column][\/vc_row]<\/p>","protected":false},"excerpt":{"rendered":"<p>[vc_row][vc_column][vc_column_text][\/vc_column_text][\/vc_column][\/vc_row][vc_row el_class=&#8221;container&#8221;][vc_column width=&#8221;1\/2&#8243; el_class=&#8221;container&#8221;][\/vc_column][vc_column width=&#8221;1\/2&#8243; el_class=&#8221;container&#8221;][\/vc_column][\/vc_row][vc_row][vc_column][\/vc_column][\/vc_row][vc_row][vc_column][\/vc_column][\/vc_row][vc_row el_class=&#8221;container&#8221;][vc_column][\/vc_column][\/vc_row][vc_row el_class=&#8221;container&#8221;][vc_column width=&#8221;1\/2&#8243;][\/vc_column][vc_column width=&#8221;1\/2&#8243;][vc_row_inner css=&#8221;.vc_custom_1734437824022{border-left-width: 3px !important;border-left-color: #000000 !important;border-left-style: solid !important;}&#8221;][vc_column_inner][\/vc_column_inner][\/vc_row_inner][\/vc_column][\/vc_row][vc_row el_class=&#8221;container&#8221;][vc_column][\/vc_column][\/vc_row][vc_column][\/vc_column][vc_column][\/vc_column][vc_row][vc_column][vc_column_text][\/vc_column_text][\/vc_column][\/vc_row][vc_row][vc_column][vc_column_text][\/vc_column_text][\/vc_column][\/vc_row][vc_row][vc_column][vc_column_text][\/vc_column_text][\/vc_column][\/vc_row][vc_row][vc_column][vc_column_text][\/vc_column_text][\/vc_column][\/vc_row][vc_row][vc_column][vc_column_text][\/vc_column_text][\/vc_column][\/vc_row][vc_row][vc_column][vc_column_text][\/vc_column_text][\/vc_column][\/vc_row][vc_row][vc_column][vc_column_text][\/vc_column_text][\/vc_column][\/vc_row][vc_row][vc_column][vc_column_text][\/vc_column_text][\/vc_column][\/vc_row][vc_row][vc_column][vc_column_text][\/vc_column_text][\/vc_column][\/vc_row][vc_row][vc_column][vc_column_text][\/vc_column_text][\/vc_column][\/vc_row][vc_row][vc_column][vc_column_text][\/vc_column_text][\/vc_column][\/vc_row] [&#8230;]<\/p>\n<p><a class=\"btn btn-secondary understrap-read-more-link\" href=\"https:\/\/us.edu.pl\/wydzial\/wh\/administracja\/dziekanat\/\">Read More&#8230;<\/a><\/p>\n","protected":false},"author":32,"featured_media":0,"parent":917,"menu_order":0,"comment_status":"closed","ping_status":"closed","template":"","meta":{"_expiration-date-status":"","_expiration-date":0,"_expiration-date-type":"","_expiration-date-categories":[],"_expiration-date-options":[]},"acf":[],"_links":{"self":[{"href":"https:\/\/us.edu.pl\/wydzial\/wh\/wp-json\/wp\/v2\/pages\/927"}],"collection":[{"href":"https:\/\/us.edu.pl\/wydzial\/wh\/wp-json\/wp\/v2\/pages"}],"about":[{"href":"https:\/\/us.edu.pl\/wydzial\/wh\/wp-json\/wp\/v2\/types\/page"}],"author":[{"embeddable":true,"href":"https:\/\/us.edu.pl\/wydzial\/wh\/wp-json\/wp\/v2\/users\/32"}],"replies":[{"embeddable":true,"href":"https:\/\/us.edu.pl\/wydzial\/wh\/wp-json\/wp\/v2\/comments?post=927"}],"version-history":[{"count":12,"href":"https:\/\/us.edu.pl\/wydzial\/wh\/wp-json\/wp\/v2\/pages\/927\/revisions"}],"predecessor-version":[{"id":194441,"href":"https:\/\/us.edu.pl\/wydzial\/wh\/wp-json\/wp\/v2\/pages\/927\/revisions\/194441"}],"up":[{"embeddable":true,"href":"https:\/\/us.edu.pl\/wydzial\/wh\/wp-json\/wp\/v2\/pages\/917"}],"wp:attachment":[{"href":"https:\/\/us.edu.pl\/wydzial\/wh\/wp-json\/wp\/v2\/media?parent=927"}],"curies":[{"name":"wp","href":"https:\/\/api.w.org\/{rel}","templated":true}]}}