{"id":165027,"date":"2025-10-28T12:55:58","date_gmt":"2025-10-28T11:55:58","guid":{"rendered":"https:\/\/us.edu.pl\/wydzial\/wnp\/?post_type=multimedia&#038;p=165027"},"modified":"2025-10-28T14:08:56","modified_gmt":"2025-10-28T13:08:56","slug":"lx-zjazd-polskiego-towarzystwa-botanicznego-natura-zmian-z-botanika-w-przyszlosc-katowice-29-czerwca-4-lipca-2025-r","status":"publish","type":"multimedia","link":"https:\/\/us.edu.pl\/wydzial\/wnp\/multimedia\/lx-zjazd-polskiego-towarzystwa-botanicznego-natura-zmian-z-botanika-w-przyszlosc-katowice-29-czerwca-4-lipca-2025-r\/","title":{"rendered":"LX Zjazd Polskiego Towarzystwa Botanicznego &#8222;Natura zmian&#8230; z botanik\u0105 w przysz\u0142o\u015b\u0107&#8221; Katowice, 29 czerwca \u2013 4 lipca 2025 r."},"content":{"rendered":"<p>[vc_row][vc_column]\r\n                <div class=\"text-modules\">\r\n                    <div class=\"container\">\r\n                        \r\n                        <div class=\"text-modules__content\"><p>G\u0142\u00f3wnymi organizatorami LX Zjazd Polskiego Towarzystwa Botanicznego byli: Polskie Towarzystwo Botaniczne, Uniwersytet \u015al\u0105ski w Katowicach i \u015al\u0105ski Uniwersytet Medyczny w Katowicach.<\/p>\n<p>Wsp\u00f3\u0142organizatorami tego wydarzenia by\u0142 Oddzia\u0142 \u015al\u0105ski Polskiego Towarzystwa Botanicznego \u2013 \u015bwi\u0119tuj\u0105cy jubileusz 50-lecia swojego istnienia, Wydzia\u0142 Nauk Przyrodniczych Uniwersytetu \u015al\u0105skiego w Katowicach, Instytut Biologii, Biotechnologii i Ochrony \u015arodowiska Uniwersytetu \u015al\u0105skiego w Katowicach oraz Wydzia\u0142 Nauk Farmaceutycznych \u015al\u0105skiego Uniwersytetu Medycznego w Katowicach.<\/p>\n<p>LX Zjazd Polskiego Towarzystwa Botanicznego zgromadzi\u0142 blisko 370 uczestnik\u00f3w, w tym wybitnych naukowc\u00f3w, przedstawicieli administracji publicznej oraz instytucji odpowiedzialnych za realizacj\u0119 polityki ochrony \u015brodowiska w zakresie zarz\u0105dzania ochron\u0105 przyrody. Wydarzenie stanowi\u0142o doskona\u0142\u0105 platform\u0119 wymiany wiedzy oraz do\u015bwiadcze\u0144 w kontek\u015bcie wsp\u00f3\u0142czesnych wyzwa\u0144 botanicznych.<\/p>\n<p>Do wyg\u0142oszenia referat\u00f3w specjalnych zaproszono\u00a0dwudziestu jeden\u00a0prelegent\u00f3w, w\u00a0tym\u00a0trzech\u00a0zagranicy (Czech, Ukrainy i Islandii)\u00a0oraz osiemnastu z krajowych o\u015brodk\u00f3w naukowych z takich miast\u00a0 jak: Krak\u00f3w, Olsztyn, Opole, Pozna\u0144, Rzesz\u00f3w, Warszawa czy Wroc\u0142aw. Ponadto w sesji plenarnej swoje wyst\u0105pienia mieli m.in. prof. dr hab. Ryszard Kozio\u0142ek \u2013 Rektor Uniwersytetu \u015al\u0105skiego w Katowicach oraz przedstawiciele Las\u00f3w Pa\u0144stwowych i G\u00f3rno\u015bl\u0105sko-Zag\u0142\u0119biowskiej Metropolii.<\/p>\n<p>Podczas uroczystego otwarcia 60. Zjazdu Polskiego Towarzystwa Botanicznego wr\u0119czono zaszczytne odznaczenia i metale dla zas\u0142u\u017conych botanik\u00f3w, w\u015br\u00f3d nich znale\u017ali si\u0119 naukowcy z Uniwersytetu \u015al\u0105skiego. Godno\u015b\u0107 Cz\u0142onka Honorowego PTB nadano prof. dr hab. Barbarze Tokarskiej-Guzik, a Medal im. Prof. W\u0142adys\u0142awa Szafera \u2013 prof. dr hab. Ewie Kurczy\u0144skiej. Laureatem Medalu im. Prof. Boles\u0142awa Hryniewieckiego zosta\u0142 Miejski Ogr\u00f3d Botaniczny w Zabrzu, kt\u00f3rego dyrektorem jest absolwentka Uniwersytetu \u015al\u0105skiego w Katowicach i cz\u0142onek Oddzia\u0142u \u015al\u0105skiego PTB.<\/p>\n<p>Cz\u0119\u015b\u0107 naukow\u0105 stanowi\u0142y sesje referatowe, posterowe i panele dyskusyjne (mia\u0142y one charakter hybrydowy). Referaty i doniesienia przedstawiano w 6 sesjach interdyscyplinarnych:<\/p>\n<p>Sesja 1 \u2013 Biologia ro\u015blin, glon\u00f3w, grzyb\u00f3w \u2013 podstawy ich zmienno\u015bci i klasyfikacji<\/p>\n<p>Sesja 2 \u2013 Fizjologiczne, strukturalne i genetyczne aspekty funkcjonowania ro\u015blin na poziomie kom\u00f3rki, tkanki, organu, osobnika<\/p>\n<p>Sesja 3 \u2013 Odpowied\u017a ro\u015blin, glon\u00f3w, grzyb\u00f3w na czynniki \u015brodowiskowe oraz mechanizmy i skutki ich wzajemnego oddzia\u0142ywania<\/p>\n<p>Sesja 4 \u2013 Spojrzenie wstecz podstaw\u0105 rozwoju nowych dziedzin botaniki<\/p>\n<p>Sesja 5 \u2013 Szata ro\u015blinna i jej przemiany<\/p>\n<p>Sesja 6 \u2013 Obce i inwazyjne ro\u015bliny i grzyby: kierunki bada\u0144 i dzia\u0142a\u0144 praktycznych<\/p>\n<p>Wyg\u0142oszono w sumie 265 referat\u00f3w i doniesie\u0144.<\/p>\n<p>Uczestnicy Zjazdu pochodzili ze 115 r\u00f3\u017cnych instytucji z kraju i z zagranicy.<\/p>\n<p>&nbsp;<\/p>\n<p>Podczas Zjazdu\u00a0odby\u0142y si\u0119 3 panele dyskusyjne, poruszaj\u0105ce wa\u017cne dla botaniki zagadnienia:<\/p>\n<ol>\n<li>\u201eMeandry bada\u0144 nad synantropizacj\u0105 flory i ro\u015blinno\u015bci: spojrzenie w przesz\u0142o\u015b\u0107 i perspektywy na przysz\u0142o\u015b\u0107 \u2013 kontynuacja\u201d<\/li>\n<li>\u201eOchrona przyrody \u2013 nasza odpowiedzialno\u015b\u0107, ratunek czy problem nie do zaakceptowania?\u201d<\/li>\n<li>\u201eBotanika w zmieniaj\u0105cym si\u0119 \u015bwiecie: wiedza, nauka, spo\u0142ecze\u0144stwo\u201d?<\/li>\n<\/ol>\n<p>&nbsp;<\/p>\n<p>W ostatnich dw\u00f3ch dniach Zjazdu (3-4 lipca 2025) realizowano siedem sesji terenowych po \u015al\u0105sku i terenach przyleg\u0142ych, kt\u00f3re zgromadzi\u0142y blisko 150 uczestnik\u00f3w<\/p>\n<p>By\u0142y to\u00a0sesje:<\/p>\n<ul>\n<li>2 sesje dwudniowe: Ochrona szaty ro\u015blinnej Beskidu \u015al\u0105skiego i Park Krajobrazowy Orlich Gniazd<\/li>\n<li>5 sesji jednodniowych: Ogrody Botaniczne G\u00f3rnego \u015al\u0105ska, Srebrny Szlak, Szlak W\u0119glowy, D\u0105browa G\u00f3rnicza \u2013 zag\u0142\u0119biowski gigant z megalitami i pojezierzem w tle, Przyrodnicze paradoksy antropopresji z pogranicza \u015al\u0105ska i Ma\u0142opolski.<\/li>\n<\/ul>\n<p>&nbsp;<\/p>\n<p>Odby\u0142y si\u0119 r\u00f3wnie\u017c bezp\u0142atne wycieczki:<\/p>\n<p>Nocny Spacer po Uroczysku &#8222;Buczyna&#8221; we wsp\u00f3\u0142pracy z Regionaln\u0105 Dyrekcj\u0105 Las\u00f3w Pa\u0144stwowych w Katowicach<\/p>\n<p>oraz Strefa Kultury w otoczeniu drzew.<\/p>\n<p>&nbsp;<\/p>\n<p>Zjazd stanowi\u0142 nie tylko miejsce prezentacji wynik\u00f3w bada\u0144 i refleksji nad przysz\u0142o\u015bci\u0105 botaniki, ale r\u00f3wnie\u017c umo\u017cliwi\u0142 budowanie sieci wsp\u00f3\u0142pracy mi\u0119dzy naukowcami oraz instytucjami odpowiedzialnymi za ochron\u0119 przyrody. Mamy nadziej\u0119, \u017ce dzi\u0119ki interdyscyplinarnemu podej\u015bciu oraz zaanga\u017cowaniu uczestnik\u00f3w wydarzenie\u00a0sta\u0142o si\u0119\u00a0inspiracj\u0105\u00a0do dalszych bada\u0144 i wsp\u00f3\u0142pracy.<\/p>\n<p>\n<\/div>\r\n                    <\/div>\r\n                <\/div>[\/vc_column][\/vc_row][vc_row][vc_column]            \r\n                    <div class=\"container\">\r\n                        <div class=\"gallery gallery_4\" data-images-in-row=\"4\">\r\n                            \r\n                            <div class=\"row m-0\">\r\n                                <a data-fancybox-group=\"button\" title=\"\" data-fancybox=\"6775\" href=\"https:\/\/us.edu.pl\/wydzial\/wnp\/wp-content\/uploads\/sites\/16\/Strona-glowna\/galeria\/zjazd-ptb\/LX-Zjazd-PTB_otwarcie-MCK.jpg\" class=\"gallery__item thumbnail\"\r\n                                    style=\"background-image: url(https:\/\/us.edu.pl\/wydzial\/wnp\/wp-content\/uploads\/sites\/16\/Strona-glowna\/galeria\/zjazd-ptb\/LX-Zjazd-PTB_otwarcie-MCK-1024x576.jpg)\"> <span class=\"d-none\">https:\/\/us.edu.pl\/wydzial\/wnp\/wp-content\/uploads\/sites\/16\/Strona-glowna\/galeria\/zjazd-ptb\/LX-Zjazd-PTB_otwarcie-MCK.jpg<\/span> <\/a><a data-fancybox-group=\"button\" title=\"\" data-fancybox=\"6775\" href=\"https:\/\/us.edu.pl\/wydzial\/wnp\/wp-content\/uploads\/sites\/16\/Strona-glowna\/galeria\/zjazd-ptb\/XL-Zjazd-PTB-uroczyste-otwarcie-zaproszeni-goscie-scaled.jpg\" class=\"gallery__item thumbnail\"\r\n                                    style=\"background-image: url(https:\/\/us.edu.pl\/wydzial\/wnp\/wp-content\/uploads\/sites\/16\/Strona-glowna\/galeria\/zjazd-ptb\/XL-Zjazd-PTB-uroczyste-otwarcie-zaproszeni-goscie-1024x576.jpg)\"> <span class=\"d-none\">https:\/\/us.edu.pl\/wydzial\/wnp\/wp-content\/uploads\/sites\/16\/Strona-glowna\/galeria\/zjazd-ptb\/XL-Zjazd-PTB-uroczyste-otwarcie-zaproszeni-goscie-scaled.jpg<\/span> <\/a><a data-fancybox-group=\"button\" title=\"\" data-fancybox=\"6775\" href=\"https:\/\/us.edu.pl\/wydzial\/wnp\/wp-content\/uploads\/sites\/16\/Strona-glowna\/galeria\/zjazd-ptb\/Wyklad-JM-Rektora-US-scaled.jpg\" class=\"gallery__item thumbnail\"\r\n                                    style=\"background-image: url(https:\/\/us.edu.pl\/wydzial\/wnp\/wp-content\/uploads\/sites\/16\/Strona-glowna\/galeria\/zjazd-ptb\/Wyklad-JM-Rektora-US-1024x576.jpg)\"> <span class=\"d-none\">https:\/\/us.edu.pl\/wydzial\/wnp\/wp-content\/uploads\/sites\/16\/Strona-glowna\/galeria\/zjazd-ptb\/Wyklad-JM-Rektora-US-scaled.jpg<\/span> <\/a><a data-fancybox-group=\"button\" title=\"\" data-fancybox=\"6775\" href=\"https:\/\/us.edu.pl\/wydzial\/wnp\/wp-content\/uploads\/sites\/16\/Strona-glowna\/galeria\/zjazd-ptb\/Wystep-Zespolu-Piesni-i-Tanca-Slask-podczas-uroczystego-otwarcia-scaled.jpg\" class=\"gallery__item thumbnail\"\r\n                                    style=\"background-image: url(https:\/\/us.edu.pl\/wydzial\/wnp\/wp-content\/uploads\/sites\/16\/Strona-glowna\/galeria\/zjazd-ptb\/Wystep-Zespolu-Piesni-i-Tanca-Slask-podczas-uroczystego-otwarcia-1024x683.jpg)\"> <span class=\"d-none\">https:\/\/us.edu.pl\/wydzial\/wnp\/wp-content\/uploads\/sites\/16\/Strona-glowna\/galeria\/zjazd-ptb\/Wystep-Zespolu-Piesni-i-Tanca-Slask-podczas-uroczystego-otwarcia-scaled.jpg<\/span> <\/a><a data-fancybox-group=\"button\" title=\"\" data-fancybox=\"6775\" href=\"https:\/\/us.edu.pl\/wydzial\/wnp\/wp-content\/uploads\/sites\/16\/Strona-glowna\/galeria\/zjazd-ptb\/Jubileusz-50-lecia-istnienia-Oddzialu-Slaskiego-scaled.jpg\" class=\"gallery__item thumbnail\"\r\n                                    style=\"background-image: url(https:\/\/us.edu.pl\/wydzial\/wnp\/wp-content\/uploads\/sites\/16\/Strona-glowna\/galeria\/zjazd-ptb\/Jubileusz-50-lecia-istnienia-Oddzialu-Slaskiego-1024x683.jpg)\"> <span class=\"d-none\">https:\/\/us.edu.pl\/wydzial\/wnp\/wp-content\/uploads\/sites\/16\/Strona-glowna\/galeria\/zjazd-ptb\/Jubileusz-50-lecia-istnienia-Oddzialu-Slaskiego-scaled.jpg<\/span> <\/a><a data-fancybox-group=\"button\" title=\"\" data-fancybox=\"6775\" href=\"https:\/\/us.edu.pl\/wydzial\/wnp\/wp-content\/uploads\/sites\/16\/Strona-glowna\/galeria\/zjazd-ptb\/Panele-dyskusyjne-2-scaled.jpg\" class=\"gallery__item thumbnail\"\r\n                                    style=\"background-image: url(https:\/\/us.edu.pl\/wydzial\/wnp\/wp-content\/uploads\/sites\/16\/Strona-glowna\/galeria\/zjazd-ptb\/Panele-dyskusyjne-2-1024x574.jpg)\"> <span class=\"d-none\">https:\/\/us.edu.pl\/wydzial\/wnp\/wp-content\/uploads\/sites\/16\/Strona-glowna\/galeria\/zjazd-ptb\/Panele-dyskusyjne-2-scaled.jpg<\/span> <\/a><a data-fancybox-group=\"button\" title=\"\" data-fancybox=\"6775\" href=\"https:\/\/us.edu.pl\/wydzial\/wnp\/wp-content\/uploads\/sites\/16\/Strona-glowna\/galeria\/zjazd-ptb\/Panele-dyskusyjne-scaled.jpg\" class=\"gallery__item thumbnail\"\r\n                                    style=\"background-image: url(https:\/\/us.edu.pl\/wydzial\/wnp\/wp-content\/uploads\/sites\/16\/Strona-glowna\/galeria\/zjazd-ptb\/Panele-dyskusyjne-1024x683.jpg)\"> <span class=\"d-none\">https:\/\/us.edu.pl\/wydzial\/wnp\/wp-content\/uploads\/sites\/16\/Strona-glowna\/galeria\/zjazd-ptb\/Panele-dyskusyjne-scaled.jpg<\/span> <\/a><a data-fancybox-group=\"button\" title=\"\" data-fancybox=\"6775\" href=\"https:\/\/us.edu.pl\/wydzial\/wnp\/wp-content\/uploads\/sites\/16\/Strona-glowna\/galeria\/zjazd-ptb\/Sesje-interdyscyplinarne-referatowe-2-scaled.jpg\" class=\"gallery__item thumbnail\"\r\n                                    style=\"background-image: url(https:\/\/us.edu.pl\/wydzial\/wnp\/wp-content\/uploads\/sites\/16\/Strona-glowna\/galeria\/zjazd-ptb\/Sesje-interdyscyplinarne-referatowe-2-1024x683.jpg)\"> <span class=\"d-none\">https:\/\/us.edu.pl\/wydzial\/wnp\/wp-content\/uploads\/sites\/16\/Strona-glowna\/galeria\/zjazd-ptb\/Sesje-interdyscyplinarne-referatowe-2-scaled.jpg<\/span> <\/a><a data-fancybox-group=\"button\" title=\"\" data-fancybox=\"6775\" href=\"https:\/\/us.edu.pl\/wydzial\/wnp\/wp-content\/uploads\/sites\/16\/Strona-glowna\/galeria\/zjazd-ptb\/Sesje-interdyscyplinarne-referatowe-scaled.jpg\" class=\"gallery__item thumbnail\"\r\n                                    style=\"background-image: url(https:\/\/us.edu.pl\/wydzial\/wnp\/wp-content\/uploads\/sites\/16\/Strona-glowna\/galeria\/zjazd-ptb\/Sesje-interdyscyplinarne-referatowe-1024x683.jpg)\"> <span class=\"d-none\">https:\/\/us.edu.pl\/wydzial\/wnp\/wp-content\/uploads\/sites\/16\/Strona-glowna\/galeria\/zjazd-ptb\/Sesje-interdyscyplinarne-referatowe-scaled.jpg<\/span> <\/a><a data-fancybox-group=\"button\" title=\"\" data-fancybox=\"6775\" href=\"https:\/\/us.edu.pl\/wydzial\/wnp\/wp-content\/uploads\/sites\/16\/Strona-glowna\/galeria\/zjazd-ptb\/Spotkanie-ustepujacego-i-aktualnego-Prezydium-Zarzadu-PTB-z-JM-Rektorem-US-scaled.jpg\" class=\"gallery__item thumbnail\"\r\n                                    style=\"background-image: url(https:\/\/us.edu.pl\/wydzial\/wnp\/wp-content\/uploads\/sites\/16\/Strona-glowna\/galeria\/zjazd-ptb\/Spotkanie-ustepujacego-i-aktualnego-Prezydium-Zarzadu-PTB-z-JM-Rektorem-US-1024x683.jpg)\"> <span class=\"d-none\">https:\/\/us.edu.pl\/wydzial\/wnp\/wp-content\/uploads\/sites\/16\/Strona-glowna\/galeria\/zjazd-ptb\/Spotkanie-ustepujacego-i-aktualnego-Prezydium-Zarzadu-PTB-z-JM-Rektorem-US-scaled.jpg<\/span> <\/a><a data-fancybox-group=\"button\" title=\"\" data-fancybox=\"6775\" href=\"https:\/\/us.edu.pl\/wydzial\/wnp\/wp-content\/uploads\/sites\/16\/Strona-glowna\/galeria\/zjazd-ptb\/Sesja-terenowa-Srebrny-Szlak-scaled.jpg\" class=\"gallery__item thumbnail\"\r\n                                    style=\"background-image: url(https:\/\/us.edu.pl\/wydzial\/wnp\/wp-content\/uploads\/sites\/16\/Strona-glowna\/galeria\/zjazd-ptb\/Sesja-terenowa-Srebrny-Szlak-1024x577.jpg)\"> <span class=\"d-none\">https:\/\/us.edu.pl\/wydzial\/wnp\/wp-content\/uploads\/sites\/16\/Strona-glowna\/galeria\/zjazd-ptb\/Sesja-terenowa-Srebrny-Szlak-scaled.jpg<\/span> <\/a><a data-fancybox-group=\"button\" title=\"\" data-fancybox=\"6775\" href=\"https:\/\/us.edu.pl\/wydzial\/wnp\/wp-content\/uploads\/sites\/16\/Strona-glowna\/galeria\/zjazd-ptb\/Sesja-terenowa-Park-Krajobrazowy-Orlich-Gniazd-scaled.jpg\" class=\"gallery__item thumbnail\"\r\n                                    style=\"background-image: url(https:\/\/us.edu.pl\/wydzial\/wnp\/wp-content\/uploads\/sites\/16\/Strona-glowna\/galeria\/zjazd-ptb\/Sesja-terenowa-Park-Krajobrazowy-Orlich-Gniazd-1024x683.jpg)\"> <span class=\"d-none\">https:\/\/us.edu.pl\/wydzial\/wnp\/wp-content\/uploads\/sites\/16\/Strona-glowna\/galeria\/zjazd-ptb\/Sesja-terenowa-Park-Krajobrazowy-Orlich-Gniazd-scaled.jpg<\/span> <\/a>\r\n                            <\/div>\r\n                    <\/div>\r\n                <\/div>[\/vc_column][\/vc_row]<\/p>","protected":false},"excerpt":{"rendered":"<p>[vc_row][vc_column][\/vc_column][\/vc_row][vc_row][vc_column][\/vc_column][\/vc_row] [&#8230;]<\/p>\n<p><a class=\"btn btn-secondary understrap-read-more-link\" href=\"https:\/\/us.edu.pl\/wydzial\/wnp\/multimedia\/lx-zjazd-polskiego-towarzystwa-botanicznego-natura-zmian-z-botanika-w-przyszlosc-katowice-29-czerwca-4-lipca-2025-r\/\">Read More&#8230;<\/a><\/p>\n","protected":false},"author":115,"featured_media":165042,"template":"","meta":{"_expiration-date-status":"","_expiration-date":0,"_expiration-date-type":"","_expiration-date-categories":[],"_expiration-date-options":[]},"acf":[],"_links":{"self":[{"href":"https:\/\/us.edu.pl\/wydzial\/wnp\/wp-json\/wp\/v2\/multimedia\/165027"}],"collection":[{"href":"https:\/\/us.edu.pl\/wydzial\/wnp\/wp-json\/wp\/v2\/multimedia"}],"about":[{"href":"https:\/\/us.edu.pl\/wydzial\/wnp\/wp-json\/wp\/v2\/types\/multimedia"}],"author":[{"embeddable":true,"href":"https:\/\/us.edu.pl\/wydzial\/wnp\/wp-json\/wp\/v2\/users\/115"}],"version-history":[{"count":0,"href":"https:\/\/us.edu.pl\/wydzial\/wnp\/wp-json\/wp\/v2\/multimedia\/165027\/revisions"}],"wp:featuredmedia":[{"embeddable":true,"href":"https:\/\/us.edu.pl\/wydzial\/wnp\/wp-json\/wp\/v2\/media\/165042"}],"wp:attachment":[{"href":"https:\/\/us.edu.pl\/wydzial\/wnp\/wp-json\/wp\/v2\/media?parent=165027"}],"curies":[{"name":"wp","href":"https:\/\/api.w.org\/{rel}","templated":true}]}}