{"id":156887,"date":"2023-01-04T12:52:02","date_gmt":"2023-01-04T11:52:02","guid":{"rendered":"https:\/\/us.edu.pl\/wydzial\/wnp\/?page_id=156887"},"modified":"2023-01-04T12:52:02","modified_gmt":"2023-01-04T11:52:02","slug":"noc-biologow","status":"publish","type":"page","link":"https:\/\/us.edu.pl\/wydzial\/wnp\/wspolpraca\/noc-biologow\/","title":{"rendered":"Noc biolog\u00f3w"},"content":{"rendered":"<p>[vc_row el_class=&#8221;container&#8221;][vc_column width=&#8221;2\/3&#8243;]\r\n                <div class=\"text-modules\">\r\n                    <div class=\"container\">\r\n                        \r\n                        <div class=\"text-modules__content\"><p><strong><em>Szanowni Pa\u0144stwo,<\/em><\/strong><\/p>\n<p>Mamy zaszczyt zaprosi\u0107 do udzia\u0142u w XII edycji wydarzenia popularnonaukowego \u201eNoc Biolog\u00f3w\u201d. Odb\u0119dzie si\u0119 ono w pi\u0105tek 13 stycznia 2023 w Instytucie Biologii, Biotechnologii i Ochrony \u015arodowiska Uniwersytetu \u015al\u0105skiego w Katowicach, a has\u0142o przewodnie tegorocznej edycji brzmi <strong>\u201eWoda \u2013 \u017ar\u00f3d\u0142o \u017cycia \u2013 tera\u017aniejszo\u015b\u0107 i przysz\u0142o\u015b\u0107\u201d<\/strong>. Jest nam tym bardziej mi\u0142o, gdy\u017c w tym roku, podobnie jak przed pandemi\u0105, mo\u017cemy Pa\u0144stwa zaprosi\u0107 na spotkanie twarz\u0105 w twarz w murach naszego Instytutu.<\/p>\n<p>&nbsp;<\/p>\n<p><strong><em>Drodzy Go\u015bcie,<\/em><\/strong><\/p>\n<p>W ramach wydarzenia, kt\u00f3re rozpoczyna si\u0119 o godzinie 15:00, b\u0119dziecie mogli wzi\u0105\u0107 udzia\u0142 w serii spotka\u0144 naukowych z naukowcami naszego Instytutu realizowanych w konwencji popularnonaukowych wyk\u0142ad\u00f3w, warsztat\u00f3w i dyskusji. Dodatkowo, dla dzieci i m\u0142odzie\u017cy przewidziane s\u0105 liczne konkursy z atrakcyjnymi nagrodami. A wszystko po to, by umo\u017cliwi\u0107 szerszej publiczno\u015bci zapoznanie si\u0119 z aktualnymi koncepcjami i trendami badawczymi, kt\u00f3rymi \u017cyje \u015bwiat nauki, a kt\u00f3re chcemy zaprezentowa\u0107 w prosty i przyst\u0119pny dla ka\u017cdego z odbiorc\u00f3w spos\u00f3b.<\/p>\n<p>&nbsp;<\/p>\n<p>Zapraszamy do \u015bledzenia wydarzenia <a href=\"https:\/\/fb.me\/e\/3btwqhlEi\">https:\/\/fb.me\/e\/3btwqhlEi<\/a> na portalu Facebook <a href=\"https:\/\/www.facebook.com\/WydzialNaukPrzyrodniczychUS\">https:\/\/www.facebook.com\/WydzialNaukPrzyrodniczychUS<\/a> jak r\u00f3wnie\u017c na stronie Wydzia\u0142u Nauk Przyrodniczych <a href=\"https:\/\/us.edu.pl\/wydzial\/wnp\/\">https:\/\/us.edu.pl\/wydzial\/wnp\/<\/a> oraz Instytutu Biologii Biotechnologii i Ochrony \u015arodowiska <a href=\"https:\/\/us.edu.pl\/instytut\/ibbios\/\">https:\/\/us.edu.pl\/instytut\/ibbios\/<\/a>\u00a0 Uniwersytetu \u015al\u0105skiego w Katowicach.<\/p>\n<p>&nbsp;<\/p>\n<p><strong>Serdecznie zapraszamy do udzia\u0142u w XII Og\u00f3lnopolskiej Nocy Biolog\u00f3w!<\/strong><\/p>\n<\/div>\r\n                    <\/div>\r\n                <\/div>\r\n                <div class=\"text-modules\">\r\n                    <div class=\"container\">\r\n                        \r\n                        <div class=\"text-modules__content\"><\/p>\n<p style=\"text-align: left;\">Z wyrazami szacunku<\/p>\n<p style=\"text-align: left;\">dr hab. Agata Daszkowska-Golec, prof. U\u015a<\/p>\n<p style=\"text-align: left;\"><em>Prodziekan ds. Promocji Bada\u0144 i Umi\u0119dzynarodowienia <\/em><\/p>\n<p style=\"text-align: left;\"><em>Wydzia\u0142u Nauk Przyrodniczych<\/em><\/p>\n<p style=\"text-align: left;\">oraz<\/p>\n<p style=\"text-align: left;\">dr Magdalena Noszczy\u0144ska i dr \u0141ukasz Chajec<\/p>\n<p style=\"text-align: left;\"><em>Koordynatorzy Nocy Biolog\u00f3w 2023 wraz z Komitetem Organizacyjnym.<\/em><\/p>\n<p>\n<\/div>\r\n                    <\/div>\r\n                <\/div>[\/vc_column][vc_column width=&#8221;1\/3&#8243;][vc_single_image image=&#8221;156895&#8243; img_size=&#8221;full&#8221;]\r\n                <div class='sidebar_moduls sidebar_dropdown color-white' style='background-color: #002E5A'>\r\n                    <h3>Wsparcie:<\/h3>\r\n                  \r\n                        <div id='sidebar_dropdown'>\r\n                          <div class='angle-list'>\r\n                            <div>\r\n                              <h5>\r\n                                <a class='dropdown_header_title' href=''>\r\n                                 Sponsorzy\r\n                                <\/a>\r\n                              <\/h5>\r\n                            <\/div>\r\n                        \r\n                            <div>\r\n                              <div class='sidebar__textarea'>\r\n                           \r\n                                 <div>\r\n                                    BO\u015a\r\n                                 <\/div>\r\n                                 \r\n                                 <div>\r\n                                    Kopalnia Wiedzy JSW\r\n                                 <\/div>\r\n                                 \r\n                                 <div>\r\n                                    GEOsfera\n\n\r\n                                 <\/div>\r\n                                 \r\n                                 <div>\r\n                                    EURx\n\r\n                                 <\/div>\r\n                                 \r\n                                 <div>\r\n                                    ZNP\n\r\n                                 <\/div>\r\n                                 \r\n                                 <div>\r\n                                    Labo24\n\r\n                                 <\/div>\r\n                                 \r\n                                 <div>\r\n                                    Intaxo\r\n                                 <\/div>\r\n                                 \r\n                                 <div>\r\n                                    Castorama Bytom\n\r\n                                 <\/div>\r\n                                 \r\n                                 <div>\r\n                                    Filip Sage\n\r\n                                 <\/div>\r\n                                 \r\n                                 <div>\r\n                                    Balonowo Party Shop\n\r\n                                 <\/div>\r\n                                 \r\n                                 <div>\r\n                                    Piekarnia Gryglicki\n\r\n                                 <\/div>\r\n                                 \r\n                                 <div>\r\n                                    Uniwersytet Rozwoju\n\r\n                                 <\/div>\r\n                                 \r\n                                 <div>\r\n                                    Veolia\n\r\n                                 <\/div>\r\n                                 \r\n                                 <div>\r\n                                    ZOO Chorz\u00f3w\n\r\n                                 <\/div>\r\n                                 \r\n                                 <div>\r\n                                    Katowickie Wodoci\u0105gi\r\n                                 <\/div>\r\n                                  \r\n                              <\/div>\r\n                            <\/div>\r\n                          <\/div><!--.card-->\r\n                        <\/div><!--#dslide_ropdown-->\r\n                  \r\n                        <div id='sidebar_dropdown'>\r\n                          <div class='angle-list'>\r\n                            <div>\r\n                              <h5>\r\n                                <a class='dropdown_header_title' href=''>\r\n                                 Partnerzy\r\n                                <\/a>\r\n                              <\/h5>\r\n                            <\/div>\r\n                        \r\n                            <div>\r\n                              <div class='sidebar__textarea'>\r\n                           \r\n                                 <div>\r\n                                    Miejski Ogr\u00f3d Botaniczny w Zabrzu\n\r\n                                 <\/div>\r\n                                 \r\n                                 <div>\r\n                                    \u015al\u0105skie Ko\u0142o Mi\u0142o\u015bnik\u00f3w Orchidei\n\r\n                                 <\/div>\r\n                                 \r\n                                 <div>\r\n                                    Topolino \n\n\r\n                                 <\/div>\r\n                                 \r\n                                 <div>\r\n                                    Just Dive\n\r\n                                 <\/div>\r\n                                 \r\n                                 <div>\r\n                                    Hydropolis\r\n                                 <\/div>\r\n                                  \r\n                              <\/div>\r\n                            <\/div>\r\n                          <\/div><!--.card-->\r\n                        <\/div><!--#dslide_ropdown-->\r\n                  \r\n                        <div id='sidebar_dropdown'>\r\n                          <div class='angle-list'>\r\n                            <div>\r\n                              <h5>\r\n                                <a class='dropdown_header_title' href=''>\r\n                                 Patronat honorowy\r\n                                <\/a>\r\n                              <\/h5>\r\n                            <\/div>\r\n                        \r\n                            <div>\r\n                              <div class='sidebar__textarea'>\r\n                           \r\n                                 <div>\r\n                                    Wojewody \u015al\u0105skiego\n\r\n                                 <\/div>\r\n                                 \r\n                                 <div>\r\n                                    Marsza\u0142ka Woj. \u015al\u0105skiego Jakuba Che\u0142stowskiego \n\r\n                                 <\/div>\r\n                                 \r\n                                 <div>\r\n                                    WFO\u015aiGW\n\r\n                                 <\/div>\r\n                                 \r\n                                 <div>\r\n                                    Prezydenta miasta Katowice Marcina Krupy\n\r\n                                 <\/div>\r\n                                 \r\n                                 <div>\r\n                                    Prezydenta miasta Sosnowca Arkadiusza Ch\u0119ci\u0144skiego\n\r\n                                 <\/div>\r\n                                 \r\n                                 <div>\r\n                                    JM Rektora Uniwersytetu \u015al\u0105skiego prof. dr hab. Ryszarda Kozio\u0142ka\n\r\n                                 <\/div>\r\n                                 \r\n                                 <div>\r\n                                    Dziekana Wydzia\u0142u Nauk Przyrodniczych U\u015a prof. dr hab. Leszka Marynowskiego\n\r\n                                 <\/div>\r\n                                 \r\n                                 <div>\r\n                                    Dyrektora Instytutu Biologii, Biotechnologii i Ochrony \u015arodowiska dr. Mariusza Kanturskiego, prof.U\u015a \n\r\n                                 <\/div>\r\n                                  \r\n                              <\/div>\r\n                            <\/div>\r\n                          <\/div><!--.card-->\r\n                        <\/div><!--#dslide_ropdown-->\r\n                  \r\n                        <div id='sidebar_dropdown'>\r\n                          <div class='angle-list'>\r\n                            <div>\r\n                              <h5>\r\n                                <a class='dropdown_header_title' href=''>\r\n                                 Patronat medialny\r\n                                <\/a>\r\n                              <\/h5>\r\n                            <\/div>\r\n                        \r\n                            <div>\r\n                              <div class='sidebar__textarea'>\r\n                           \r\n                                 <div>\r\n                                    Gazeta Wyborcza\n\r\n                                 <\/div>\r\n                                 \r\n                                 <div>\r\n                                    Antyradio\n\n\r\n                                 <\/div>\r\n                                 \r\n                                 <div>\r\n                                    Radio Piekary\n\r\n                                 <\/div>\r\n                                 \r\n                                 <div>\r\n                                    Radio eM\r\n                                 <\/div>\r\n                                  \r\n                              <\/div>\r\n                            <\/div>\r\n                          <\/div><!--.card-->\r\n                        <\/div><!--#dslide_ropdown-->\r\n                \r\n            <\/div> <!--.sidebar_moduls-->\r\n            [\/vc_column][\/vc_row]<\/p>","protected":false},"excerpt":{"rendered":"<p>[vc_row el_class=&#8221;container&#8221;][vc_column width=&#8221;2\/3&#8243;][\/vc_column][vc_column width=&#8221;1\/3&#8243;][vc_single_image image=&#8221;156895&#8243; img_size=&#8221;full&#8221;][\/vc_column][\/vc_row] [&#8230;]<\/p>\n<p><a class=\"btn btn-secondary understrap-read-more-link\" href=\"https:\/\/us.edu.pl\/wydzial\/wnp\/wspolpraca\/noc-biologow\/\">Read More&#8230;<\/a><\/p>\n","protected":false},"author":115,"featured_media":0,"parent":3063,"menu_order":0,"comment_status":"closed","ping_status":"closed","template":"","meta":{"_expiration-date-status":"","_expiration-date":0,"_expiration-date-type":"","_expiration-date-categories":[],"_expiration-date-options":[]},"acf":[],"_links":{"self":[{"href":"https:\/\/us.edu.pl\/wydzial\/wnp\/wp-json\/wp\/v2\/pages\/156887"}],"collection":[{"href":"https:\/\/us.edu.pl\/wydzial\/wnp\/wp-json\/wp\/v2\/pages"}],"about":[{"href":"https:\/\/us.edu.pl\/wydzial\/wnp\/wp-json\/wp\/v2\/types\/page"}],"author":[{"embeddable":true,"href":"https:\/\/us.edu.pl\/wydzial\/wnp\/wp-json\/wp\/v2\/users\/115"}],"replies":[{"embeddable":true,"href":"https:\/\/us.edu.pl\/wydzial\/wnp\/wp-json\/wp\/v2\/comments?post=156887"}],"version-history":[{"count":0,"href":"https:\/\/us.edu.pl\/wydzial\/wnp\/wp-json\/wp\/v2\/pages\/156887\/revisions"}],"up":[{"embeddable":true,"href":"https:\/\/us.edu.pl\/wydzial\/wnp\/wp-json\/wp\/v2\/pages\/3063"}],"wp:attachment":[{"href":"https:\/\/us.edu.pl\/wydzial\/wnp\/wp-json\/wp\/v2\/media?parent=156887"}],"curies":[{"name":"wp","href":"https:\/\/api.w.org\/{rel}","templated":true}]}}