{"id":164961,"date":"2024-03-21T14:32:47","date_gmt":"2024-03-21T13:32:47","guid":{"rendered":"https:\/\/us.edu.pl\/wydzial\/wns\/?post_type=komunikaty&#038;p=164961"},"modified":"2024-03-21T14:39:29","modified_gmt":"2024-03-21T13:39:29","slug":"godziny-rektorskie-w-dniu-27-marca-2024-r-dla-studentek-i-studentow-studiow-i-i-ii-stopnia-oraz-jednolitych-studiow-magisterskich","status":"publish","type":"komunikaty","link":"https:\/\/us.edu.pl\/wydzial\/wns\/komunikaty\/godziny-rektorskie-w-dniu-27-marca-2024-r-dla-studentek-i-studentow-studiow-i-i-ii-stopnia-oraz-jednolitych-studiow-magisterskich\/","title":{"rendered":"Godziny rektorskie w dniu 27 marca 2024 r. dla studentek i student\u00f3w studi\u00f3w I i II stopnia  oraz jednolitych studi\u00f3w magisterskich"},"content":{"rendered":"<p>[vc_row][vc_column]\r\n                <div class=\"text-modules\">\r\n                    <div class=\"container\">\r\n                        \r\n                        <div class=\"text-modules__content\"><p>Na wniosek Samorz\u0105du Studenckiego Uniwersytetu \u015al\u0105skiego w Katowicach, Prorektorka ds. kszta\u0142cenia i student\u00f3w dr Katarzyna Trynda, prof. U\u015a wyrazi\u0142a zgod\u0119 na zwolnienie z zaj\u0119\u0107 dydaktycznych student\u00f3w uczestnicz\u0105cych w spotkaniu z Ministrem Nauki i Szkolnictwa Wy\u017cszego Panem Dariuszem Wieczorkiem w dniu 27 marca (\u015broda) br. (spinPLACE, ul. Bankowa 5; Katowice).<\/p>\n<p>Studenci, o kt\u00f3rych mowa powy\u017cej, b\u0119d\u0105 zwolnieni z II i III bloku godzin dydaktycznych tj.:<\/p>\n<ul>\n<li>od 09.45 (II blok dydaktyczny)<\/li>\n<li>do 13.00 (III blok dydaktyczny)<\/li>\n<\/ul>\n<p><a href=\"https:\/\/us.edu.pl\/wydzial\/wns\/wp-content\/uploads\/sites\/17\/Bez-kategorii\/KOMUNIKAT-27-marca-2024.docx\" class=\"mtli_attachment mtli_docx\" data-mtli=\"mtli_filesize22,29kB\" class=\"mtli_attachment mtli_docx\" data-mtli=\"mtli_filesize22,29kB\">KOMUNIKAT 27 marca 2024<\/a><\/p>\n<style type=\"text\/css\">a[data-mtli~=\"mtli_filesize22,29kB\"]:after {content:\" (22,29 kB)\"}<\/style><\/div>\r\n                    <\/div>\r\n                <\/div>[\/vc_column][\/vc_row]<\/p>\n<style type=\"text\/css\">a[data-mtli~=\"mtli_filesize22,29kB\"]:after {content:\" (22,29 kB)\"}<\/style>","protected":false},"excerpt":{"rendered":"<p>[vc_row][vc_column][\/vc_column][\/vc_row] [&#8230;]<\/p>\n<p><a class=\"btn btn-secondary understrap-read-more-link\" href=\"https:\/\/us.edu.pl\/wydzial\/wns\/komunikaty\/godziny-rektorskie-w-dniu-27-marca-2024-r-dla-studentek-i-studentow-studiow-i-i-ii-stopnia-oraz-jednolitych-studiow-magisterskich\/\">Read More&#8230;<\/a><\/p>\n","protected":false},"author":133,"featured_media":0,"template":"","meta":{"_expiration-date-status":"","_expiration-date":0,"_expiration-date-type":"","_expiration-date-categories":[],"_expiration-date-options":[]},"acf":[],"_links":{"self":[{"href":"https:\/\/us.edu.pl\/wydzial\/wns\/wp-json\/wp\/v2\/komunikaty\/164961"}],"collection":[{"href":"https:\/\/us.edu.pl\/wydzial\/wns\/wp-json\/wp\/v2\/komunikaty"}],"about":[{"href":"https:\/\/us.edu.pl\/wydzial\/wns\/wp-json\/wp\/v2\/types\/komunikaty"}],"author":[{"embeddable":true,"href":"https:\/\/us.edu.pl\/wydzial\/wns\/wp-json\/wp\/v2\/users\/133"}],"version-history":[{"count":2,"href":"https:\/\/us.edu.pl\/wydzial\/wns\/wp-json\/wp\/v2\/komunikaty\/164961\/revisions"}],"predecessor-version":[{"id":164965,"href":"https:\/\/us.edu.pl\/wydzial\/wns\/wp-json\/wp\/v2\/komunikaty\/164961\/revisions\/164965"}],"wp:attachment":[{"href":"https:\/\/us.edu.pl\/wydzial\/wns\/wp-json\/wp\/v2\/media?parent=164961"}],"curies":[{"name":"wp","href":"https:\/\/api.w.org\/{rel}","templated":true}]}}