{"id":181632,"date":"2025-07-29T12:59:43","date_gmt":"2025-07-29T10:59:43","guid":{"rendered":"https:\/\/us.edu.pl\/wydzial\/wns\/?page_id=181632"},"modified":"2026-03-30T13:41:32","modified_gmt":"2026-03-30T11:41:32","slug":"aktualnie-obowiazujace-porozumienia","status":"publish","type":"page","link":"https:\/\/us.edu.pl\/wydzial\/wns\/aktualnie-obowiazujace-porozumienia\/","title":{"rendered":"Podmioty zewn\u0119trzne"},"content":{"rendered":"<p>[vc_row][vc_column]            \r\n                    <div class=\"container\">\r\n                        <div class=\"gallery gallery_2\" data-images-in-row=\"2\">\r\n                            \r\n                            <div class=\"row m-0\">\r\n                                <a data-fancybox-group=\"button\" title=\"\" data-fancybox=\"4855\" href=\"https:\/\/us.edu.pl\/wydzial\/wns\/wp-content\/uploads\/sites\/17\/Bez-kategorii\/business-deal-handshake-1-scaled.jpg\" class=\"gallery__item thumbnail\"\r\n                                    style=\"background-image: url(https:\/\/us.edu.pl\/wydzial\/wns\/wp-content\/uploads\/sites\/17\/Bez-kategorii\/business-deal-handshake-1-701x1024.jpg)\"> <span class=\"d-none\">https:\/\/us.edu.pl\/wydzial\/wns\/wp-content\/uploads\/sites\/17\/Bez-kategorii\/business-deal-handshake-1-scaled.jpg<\/span> <\/a>\r\n                            <\/div>\r\n                    <\/div>\r\n                <\/div>\r\n                <div class=\"text-modules\">\r\n                    <div class=\"container\">\r\n                        \r\n                        <div class=\"text-modules__content\"><p>Nazwa instytucji:\u00a0<a href=\"https:\/\/am.katowice.pl\/\">Akademia Muzyczna im. K. Szymanowskiego w Katowicach<\/a>\u00a0<a href=\"https:\/\/asp.katowice.pl\/\">Akademia Sztuk Pi\u0119knych w Katowicach<\/a><\/p>\n<p>Koordynator umowy: dr Iwona Tomas<\/p>\n<p>Ramy wsp\u00f3\u0142pracy: umowa w sprawie prowadzenia wsp\u00f3lnych studi\u00f3w na kierunku arteterapia.<\/p>\n<p>&nbsp;<\/p>\n<p>Nazwa instytucji:\u00a0<a href=\"https:\/\/asp.katowice.pl\/\">Akademia Sztuk Pi\u0119knych<\/a>,\u00a0<a href=\"https:\/\/ubb.edu.pl\/\">Akademia Techniczno-Humanistyczna w Bielsku-Bia\u0142ej<\/a>,\u00a0<a href=\"https:\/\/gig.eu\/pl\">G\u0142\u00f3wny Instytut G\u00f3rnictwa<\/a>,\u00a0<a href=\"https:\/\/www.polsl.pl\/\">Politechnika \u015al\u0105ska w Gliwicach<\/a>, <a href=\"https:\/\/wsb.edu.pl\/\">Wy\u017csza Szko\u0142a Biznesu w D\u0105browie G\u00f3rniczej<\/a><\/p>\n<p>Koordynator umowy: dr hab. Robert Pyka, prof. U\u015a<\/p>\n<p>Ramy wsp\u00f3\u0142pracy: Przedmiotem porozumienia jest przyst\u0105pienie do Obserwatorium Proces\u00f3w Miejskich i Metropolitalnych (OPMiM), maj\u0105cego na celu gromadzenie informacji i poszerzanie wiedzy w zakresie zachodz\u0105cych na obszarze konurbacji \u015bl\u0105skiej proces\u00f3w, ze szczeg\u00f3lnym uwzgl\u0119dnieniem proces\u00f3w spo\u0142ecznych. kulturowych, politycznych i gospodarczych.<\/p>\n<p>&nbsp;<\/p>\n<p>Nazwa instytucji:\u00a0<a href=\"https:\/\/www.gov.pl\/web\/argentyna\/ambasada\">Ambasada RP w Buenos Aires<\/a><\/p>\n<p>Koordynator umowy: dr Renata Jankowska, prof. U\u015a<\/p>\n<p>Ramy wsp\u00f3\u0142pracy: okre\u015blenie zasad i trybu odbywania praktyk studenckich.<\/p>\n<p>&nbsp;<\/p>\n<p>Nazwa instytucji:<a href=\"https:\/\/apagroup.pl\/\">\u00a0APA Sp. z o.o.<\/a><\/p>\n<p>Koordynator umowy: dr in\u017c. Agata Hilarowicz<\/p>\n<p>Ramy wsp\u00f3\u0142pracy: realizacja wsp\u00f3lnych projekt\u00f3w o zasi\u0119gu regionalnym, ponadregionalnym i mi\u0119dzynarodowym; wsp\u00f3\u0142praca w zakresie organizacji i promocji wydarze\u0144 skierowanych do \u015brodowiska akademickiego Uczelni; promowanie postaw\/idei przedsi\u0119biorczo\u015bci w \u015brodowisku akademickim Uczelni, w tym wspieranie projekt\u00f3w student\u00f3w Uczelni; organizacja praktyk studenckich dla student\u00f3w studi\u00f3w stacjonarnych i niestacjonarnych Uczelni; organizacja sta\u017cy dla najlepszych student\u00f3w i absolwent\u00f3w Uczelni; udzia\u0142 Firmy w konsultowaniu program\u00f3w kszta\u0142cenia oraz tematyki prac dyplomowych, tworzonych w Uczelni; anga\u017cowanie wykwalifikowanej kadry Firmy w prowadzenie zaj\u0119\u0107 ze studentami;<br \/>\nuczestniczenie Firmy w fundowaniu stypendi\u00f3w dla student\u00f3w i doktorant\u00f3w Uczelni;<br \/>\npromowanie przez Strony idei transferu wiedzy do \u015brodowiska gospodarczego;<br \/>\nanimowanie i tworzenie sieci wsp\u00f3\u0142pracy, maj\u0105cych na celu efektywniejsze wykorzystanie potencja\u0142u naukowego i kadrowego obu Stron.<\/p>\n<p>&nbsp;<\/p>\n<p>Nazwa instytucji:<a href=\"https:\/\/www.biostat.com.pl\/\">\u00a0BIOSTAT Sp. z o.o.<\/a><\/p>\n<p>Koordynator umowy: dr in\u017c. Agata Hilarowicz<\/p>\n<p>Ramy wsp\u00f3\u0142pracy: a. realizacja wsp\u00f3lnych projekt\u00f3w o zasi\u0119gu regionalnym, ponadregionalnym i mi\u0119dzynarodowym;<br \/>\nb. wsp\u00f3\u0142praca w zakresie organizacji i promocji wydarze\u0144 skierowanych do \u015brodowiska akademickiego Uczelni;<br \/>\nc. promowanie postaw\/idei przedsi\u0119biorczo\u015bci w \u015brodowisku akademickim Uczelni, w tym wspieranie projekt\u00f3w student\u00f3w Uczelni;<br \/>\nd. organizacja praktyk studenckich dla student\u00f3w studi\u00f3w stacjonarnych i niestacjonarnych Uczelni;<br \/>\ne. organizacja sta\u017cy dla najlepszych student\u00f3w i absolwent\u00f3w Uczelni;<br \/>\nf. udzia\u0142 Firmy w konsultowaniu program\u00f3w kszta\u0142cenia oraz tematyki prac dyplomowych, tworzonych w Uczelni;<br \/>\ng. anga\u017cowanie wykwalifikowanej kadry Firmy w prowadzenie zaj\u0119\u0107 ze studentami;<br \/>\nh. uczestniczenie Firmy w fundowaniu stypendi\u00f3w dla student\u00f3w i doktorant\u00f3w Uczelni;<br \/>\ni. promowanie przez Strony idei transferu wiedzy do \u015brodowiska gospodarczego;<br \/>\nj. animowanie i tworzenie sieci wsp\u00f3\u0142pracy, maj\u0105cych na celu efektywniejsze wykorzystanie potencja\u0142u naukowego i kadrowego obu Stron;<br \/>\nk. przekazywanie przez Firm\u0119 na rzecz Uczelni darowizn na podstawie odr\u0119bnych um\u00f3w okre\u015blaj\u0105cych cel i warunki przekazania i przyj\u0119cia darowizny.<\/p>\n<p>&nbsp;<\/p>\n<p>Nazwa instytucji:<a href=\"https:\/\/dkws.wp.mil.pl\/\">\u00a0Dow\u00f3dztwo Komponentu Wojsk Specjalnych<\/a><\/p>\n<p>Koordynatorzy umowy: dr hab. Katarzyna Czornik, prof. U\u015a, prof. dr hab. Miron Lakomy<\/p>\n<p>Ramy wsp\u00f3\u0142pracy: wsp\u00f3\u0142praca naukowo-badawcza<\/p>\n<p>&nbsp;<\/p>\n<p>Nazwa instytucji:<a href=\"https:\/\/centrumbajki.pl\/\">\u00a0Europejskie Centrum Bajki im. Kozio\u0142ka Mato\u0142ka w Pacanowie<\/a><\/p>\n<p>Koordynator umowy: dr hab. Jakub Morawiec<\/p>\n<p>Ramy wsp\u00f3\u0142pracy: Wsp\u00f3\u0142praca obejmowa\u0107 b\u0119dzie mi\u0119dzy innymi:<br \/>\n1) organizowanie wsp\u00f3lnych przedsi\u0119wzi\u0119\u0107 promuj\u0105cych nauk\u0119, kultur\u0119 i sztuk\u0119;<br \/>\n2) udzia\u0142 pracownik\u00f3w Instytutu Historii Uniwersytetu oraz student\u00f3w w inicjatywach maj\u0105cych na celu poszerzenie oferty kulturalnej i dydaktycznej Europejskiego Centrum Bajki;<br \/>\n3) wsp\u00f3lne organizowanie praktyk dla student\u00f3w Uniwersytetu \u015al\u0105skiego, ze szczeg\u00f3lnym uwzgl\u0119dnieniem kierunk\u00f3w historia, turystyka i turystyka historyczna.<\/p>\n<p>&nbsp;<\/p>\n<p>Nazwa instytucji:<a href=\"https:\/\/filharmonia-slaska.eu\/\">\u00a0Filharmonia \u015al\u0105ska im. H. M. G\u00f3reckiego<\/a><\/p>\n<p>Koordynator umowy: dr hab. Edyta Widawska, prof. U\u015a<\/p>\n<p>&nbsp;<\/p>\n<p>Nazwa instytucji:<a href=\"https:\/\/autismteam.pl\/\">\u00a0Fundacja Autism Team<\/a><\/p>\n<p>Koordynator umowy: dr Sabina Pawlik<\/p>\n<p>Ramy wsp\u00f3\u0142pracy: realizacja projekt\u00f3w o zasi\u0119gu regionalnym, ponadregionalnym.<\/p>\n<p>&nbsp;<\/p>\n<p>Nazwa instytucji:<a href=\"https:\/\/polonia.edu.pl\/\"> Fundacja Edukacji Polonijnej<\/a><\/p>\n<p>Koordynator umowy: dr Magdalena Christ, prof. U\u015a<\/p>\n<p>Ramy wsp\u00f3\u0142pracy: Udzia\u0142 w projektach naukowych i dydaktycznych, organizacja praktyk i sta\u017cy dla student\u00f3w, animowanie i tworzenie sieci wsp\u00f3\u0142pracy, udzia\u0142 w wydarzeniach podejmowanych na Uczelni, anga\u017cowanie kadry do konsultacji projekt\u00f3w warsztat\u00f3w i szkole\u0144, i inne.<\/p>\n<p>&nbsp;<\/p>\n<p>Nazwa instytucji:<a href=\"https:\/\/www.facebook.com\/FundacjaEIO\/?locale=pl_PL\">\u00a0Fundacja Europejski Instytut Outsourcingu<\/a><\/p>\n<p>Koordynator umowy: dr hab. Edyta Widawska, prof. U\u015a<\/p>\n<p>Ramy wsp\u00f3\u0142pracy: Celem wsp\u00f3\u0142pracy jest wspieranie jako\u015bci w edukacji poprzez: organizacj\u0119 wsp\u00f3lnych wydarze\u0144, takich jak konferencje, kongresy, warsztaty i seminaria, w tym w szczeg\u00f3lno\u015bci Kongres Nauczania przez Do\u015bwiadczanie; wymian\u0119 wiedzy, do\u015bwiadcze\u0144 i dobrych praktyk pomi\u0119dzy stronami w obszarze edukacji formalnej i nieformalnej; promowanie nowoczesnych metod nauczania i rozwijania kompetencji edukator\u00f3w oraz uczni\u00f3w; wsp\u00f3\u0142prac\u0119 przy tworzeniu i realizacji projekt\u00f3w edukacyjnych.<\/p>\n<p>&nbsp;<\/p>\n<p>Nazwa instytucji:<a href=\"https:\/\/www.facebook.com\/FundacjaZdrowegoZyciaFZZ\/\">\u00a0Fundacja zdrowego \u017cycia<\/a><\/p>\n<p>Koordynator umowy: dr Ewa Wojtyna, prof. U\u015a<\/p>\n<p>&nbsp;<\/p>\n<p>Nazwa instytucji:<a href=\"https:\/\/www.bytom.pl\/\">\u00a0Gmina Bytom (miasto na prawach powiatu)<\/a><\/p>\n<p>Koordynator umowy: dr Edyta Nieduziak<\/p>\n<p>Ramy wsp\u00f3\u0142pracy: a. realizacji wsp\u00f3lnych projekt\u00f3w o zasi\u0119gu regionalnym;<br \/>\nb. wsp\u00f3\u0142pracy w zakresie realizacji bada\u0144 naukowych, obejmuj\u0105cej przeprowadzenie bada\u0144 oraz wykorzystanie zebranych w czasie bada\u0144 danych w pracach naukowych, na konferencjach i w publikacjach;<br \/>\nc. sporz\u0105dzania opracowa\u0144\/raport\u00f3w badawczych w celu opracowania rekomendacji zwi\u0105zanych z dzia\u0142aniami w badanych obszarach;<br \/>\nd. promowania przez Strony idei transferu wiedzy do \u015brodowiska samorz\u0105dowego;<br \/>\ne. animowania i tworzenia sieci wsp\u00f3\u0142pracy, maj\u0105cych na celu efektywniejsze wykorzystanie potencja\u0142u naukowego i kadrowego obu Stron.<\/p>\n<p>&nbsp;<\/p>\n<p>Nazwa instytucji:<a href=\"https:\/\/www.dabrowa-gornicza.pl\/\">\u00a0Gmina D\u0105browa G\u00f3rnicza<\/a><\/p>\n<p>Koordynator umowy: dr Edyta Nieduziak<\/p>\n<p>Ramy wsp\u00f3\u0142pracy: a. realizacji wsp\u00f3lnych projekt\u00f3w o zasi\u0119gu regionalnym;<br \/>\nb. wsp\u00f3\u0142pracy w zakresie realizacji bada\u0144 naukowych, obejmuj\u0105cej przeprowadzenie bada\u0144 oraz wykorzystanie zebranych w czasie bada\u0144 danych w pracach naukowych, na konferencjach i w publikacjach;<br \/>\nc. sporz\u0105dzania opracowa\u0144\/ raport\u00f3w badawczych w celu opracowania rekomendacji zwi\u0105zanych z dzia\u0142aniami w badanych obszarach;<br \/>\nd. promowania przez Strony idei transferu wiedzy do \u015brodowiska samorz\u0105dowego;<br \/>\ne. animowania i tworzenia sieci wsp\u00f3\u0142pracy, maj\u0105cych na celu efektywniejsze wykorzystanie potencja\u0142u naukowego i kadrowego obu Stron.<\/p>\n<p>&nbsp;<\/p>\n<p>Nazwa instytucji:<a href=\"https:\/\/piekary.pl\/\">\u00a0Gmina Piekary \u015al\u0105skie<\/a><\/p>\n<p>Koordynator umowy: dr Edyta Nieduziak<\/p>\n<p>Ramy wsp\u00f3\u0142pracy: a. realizacji wsp\u00f3lnych projekt\u00f3w o zasi\u0119gu regionalnym;<br \/>\nb. wsp\u00f3\u0142pracy w zakresie realizacji bada\u0144 naukowych, obejmuj\u0105cej przeprowadzenie bada\u0144 oraz wykorzystanie zebranych w czasie bada\u0144 danych w pracach naukowych, na konferencjach i w publikacjach;<br \/>\nc. sporz\u0105dzania opracowa\u0144\/ raport\u00f3w badawczych w celu opracowania rekomendacji zwi\u0105zanych z dzia\u0142aniami w badanych obszarach;<br \/>\nd. promowania przez Strony idei transferu wiedzy do \u015brodowiska samorz\u0105dowego;<br \/>\ne. animowania i tworzenia sieci wsp\u00f3\u0142pracy, maj\u0105cych na celu efektywniejsze wykorzystanie potencja\u0142u naukowego i kadrowego obu Stron.<\/p>\n<p>&nbsp;<\/p>\n<p>Nazwa instytucji:<a href=\"https:\/\/www.rudasaka.pl\/\">\u00a0Gmina Ruda \u015al\u0105ska<\/a><\/p>\n<p>Koordynator umowy: dr Edyta Nieduziak<\/p>\n<p>Ramy wsp\u00f3\u0142pracy: przedmiotem umowy jest nawi\u0105zanie wsp\u00f3\u0142pracy w nast\u0119puj\u0105cych obszarach:<br \/>\na. realizacja wsp\u00f3lnych projekt\u00f3w badawczych i badawczo-rozwojowych;<br \/>\nb. promowanie postaw\/idei przedsi\u0119biorczo\u015bci w \u015brodowisku akademickim Uczelni;<br \/>\nc. promowanie przez strony idei transferu wiedzy do \u015brodowiska gospodarczego;<br \/>\nd. animowanie i tworzenie sieci wsp\u00f3\u0142pracy, maj\u0105cych na celu efektywniejsze wykorzystanie potencja\u0142u naukowego i kadrowego obu stron.<\/p>\n<p>&nbsp;<\/p>\n<p>Nazwa instytucji:\u00a0<a href=\"https:\/\/hfhr.pl\/\">Helsi\u0144ska Fundacja Praw Cz\u0142owieka<\/a><\/p>\n<p>Koordynator umowy: dr hab. Edyta Widawska, prof. U\u015a<\/p>\n<p>Ramy wsp\u00f3\u0142pracy: Wsp\u00f3\u0142organizacja 23. Objazdowego Festiwalu Filmowego WATCH DOCS. Prawa Cz\u0142owieka w Filmie.<\/p>\n<p>&nbsp;<\/p>\n<p>Nazwa instytucji:<a href=\"https:\/\/uslugirozwojowe.parp.gov.pl\/wyszukiwarka\/dostawca-uslug\/podglad?id=17154\">\u00a0HR Masters Agnieszka Bednarska, Magdalena Siwi\u0144ska-Olsz\u00f3wka Sp. j.<\/a><\/p>\n<p>Koordynator umowy: dr hab. Dorota Chydy-Hyski, prof. U\u015a<\/p>\n<p>Ramy wsp\u00f3\u0142pracy:\u00a0 realizacja projekt\u00f3w o zasi\u0119gu regionalnym, ponadregionalnym i mi\u0119dzynarodowym.<\/p>\n<p>&nbsp;<\/p>\n<p>Nazwa instytucji:<a href=\"https:\/\/ibb.edu.pl\/\">\u00a0Instytut Biochemii i Biofizyki Polskiej Akademii Nauk<\/a><\/p>\n<p>Koordynator umowy: dr Agnieszka Skorupa<\/p>\n<p>&nbsp;<\/p>\n<p>Nazwa instytucji:<a href=\"https:\/\/www.slaskie.kas.gov.pl\/slaski-urzad-celno-skarbowy-w-katowicach\">\u00a0Izba Celna w Katowicach<\/a><\/p>\n<p>Koordynator umowy: dr hab. Rafa\u0142 Muster, prof. U\u015a<\/p>\n<p>Ramy wsp\u00f3\u0142pracy: Celem wsp\u00f3\u0142pracy jest prowadzenie wsp\u00f3lnych przedsi\u0119wzi\u0119\u0107 i projekt\u00f3w maj\u0105cych s\u0142u\u017cy\u0107 obu stronom.<\/p>\n<p>&nbsp;<\/p>\n<p>Nazwa instytucji:<a href=\"https:\/\/psychiatria.com\/\">\u00a0Kliniczny Szpital Psychiatryczny SPZOZ w Rybniku<\/a><\/p>\n<p>Koordynatorzy umowy: dr hab. El\u017cbieta Turska, dr Marta Stasi\u0142a-Sieradzka<\/p>\n<p>Ramy wsp\u00f3\u0142pracy: a. realizacja wsp\u00f3lnych projekt\u00f3w o zasi\u0119gu regionalnym, ponadregionalnym i mi\u0119dzynarodowym;<br \/>\nb. wsp\u00f3\u0142praca w zakresie organizacji i promocji wydarze\u0144 skierowanych do \u015brodowiska akademickiego Uczelni;<br \/>\nc. organizacja praktyk studenckich dla student\u00f3w studi\u00f3w stacjonarnych i niestacjonarnych Uczelni;<br \/>\nd. organizacja sta\u017cy dla najlepszych student\u00f3w i absolwent\u00f3w Uczelni;<br \/>\ne. udzia\u0142u Szpitala w konsultowaniu program\u00f3w kszta\u0142cenia oraz tematyki prac dyplomowych, tworzonych w Uczelni;<br \/>\nf. anga\u017cowanie wybranych pracownik\u00f3w Szpitala w prowadzenie zaj\u0119\u0107 ze studentami;<br \/>\ng. promowanie przez Strony idei transferu wiedzy miedzy Uczelni\u0105 i Szpitalem;<br \/>\nh. animowanie i tworzenie sieci wsp\u00f3\u0142pracy, maj\u0105cych na celu efektywniejsze wykorzystanie potencja\u0142u naukowego i kadrowego obu Stron.<\/p>\n<p>&nbsp;<\/p>\n<p>Nazwa instytucji:<a href=\"https:\/\/kcp.com.pl\/kadra\">\u00a0Krakowskie Centrum Psychodynamiczne s.c. Piotr Drozdowski, Janusz Kitrasiewicz, Maciej Wilk<\/a><\/p>\n<p>Koordynator umowy: dr hab. El\u017cbieta Turska<\/p>\n<p>Ramy wsp\u00f3\u0142pracy: wsp\u00f3\u0142praca w nast\u0119puj\u0105cych obszarach:<br \/>\na) w zakresie organizacji i promocji wydarze\u0144 skierowanych do \u015brodowiska akademickiego;<br \/>\nb) anga\u017cowanie wykwalifikowanej kadry Firmy w prowadzeniu zaj\u0119\u0107 ze studentami;<br \/>\nc)\u00a0\u00a0 animowanie i tworzenie sieci wsp\u00f3\u0142pracy , maj\u0105cych na celu efektywniejsze wykorzystanie potencja\u0142u naukowego i kadrowego obu stron.<\/p>\n<p>&nbsp;<\/p>\n<p>Nazwa instytucji:<a href=\"https:\/\/www.kuka.com\/\">\u00a0Kuka Roboter Cee GmbH Sp. z o.o. Oddzia\u0142 w Polsce<\/a><\/p>\n<p>Koordynator umowy: dr Anita Pollak, prof. U\u015a<\/p>\n<p>Ramy wsp\u00f3\u0142pracy: realizacja wsp\u00f3lnych projekt\u00f3w o zasi\u0119gu krajowym i mi\u0119dzynarodowym; wsp\u00f3\u0142praca w zakresie organizacji i promocji wydarze\u0144 skierowanych do \u015brodowiska akademickiego Uczelni; promowanie postaw\/idei przedsi\u0119biorczo\u015bci w \u015brodowisku akademickim Uczelni; promowanie idei transferu wiedzy do \u015brodowiska gospodarczego i inne.<\/p>\n<p>&nbsp;<\/p>\n<p>Nazwa instytucji:<a href=\"https:\/\/www.learnetic.pl\/\">\u00a0Learnetic S. A.<\/a><\/p>\n<p>Koordynator umowy: dr hab. Edyta Widawska, prof. U\u015a<\/p>\n<p>Ramy wsp\u00f3\u0142pracy: realizacja wsp\u00f3lnych projekt\u00f3w edukacyjnych o zasi\u0119gu regionalnym, ponadregionalnym i mi\u0119dzynarodowym, w tym projekt\u00f3w unijnych; organizacja wsp\u00f3lnych wydarze\u0144 edukacyjnych i naukowych; wsp\u00f3\u0142praca w zakresie bada\u0144 naukowych, publikacji oraz opracowania program\u00f3w edukacyjnych; wymiana materia\u0142\u00f3w dydaktycznych i naukowych; wsp\u00f3\u0142praca w zakresie organizacji i promocji wydarze\u0144 skierowanych do \u015brodowiska akademickiego Uczelni, w tym szkolenia i pokazy; umo\u017cliwienie kadrze dydaktycznej Uczelni korzystania z nowoczesnych narz\u0119dzi edukacyjnych w pracy ze studentami; animowanie i tworzenie sieci wsp\u00f3\u0142pracy, maj\u0105cych na celu efektywniejsze wykorzystanie potencja\u0142u naukowego, kadrowego i technologicznego, w tym w zakresie stosowania nowoczesnych narz\u0119dzi edukacyjnych cyfrowych\/hybrydowych, Stron; wsp\u00f3\u0142praca w zakresie korzystania, walidacji oraz ewaluacji pomocy edukacyjnych z zakresu SPE.<\/p>\n<p>&nbsp;<\/p>\n<p>Nazwa instytucji:<a href=\"http:\/\/www.mentalart.pl\/\">\u00a0MentalArt sp. z o.o. (Niepubliczny O\u015brodek Doskonalenia Nauczycieli EduPozytywni)<\/a><\/p>\n<p>Koordynatorzy umowy: dr hab. Edyta Widawska, prof. U\u015a, dr Ewelina Kawiak<\/p>\n<p>Ramy wsp\u00f3\u0142pracy: Celem wsp\u00f3\u0142pracy jest wspieranie jako\u015bci w edukacji poprzez:<br \/>\na. organizacj\u0119 wsp\u00f3lnych wydarze\u0144, takich jak konferencje, kongresy, warsztaty i seminaria, w tym w szczeg\u00f3lno\u015bci og\u00f3lnopolskiego Festiwalu dla nauczycieli EduPozytywni;<br \/>\nb. wymian\u0119 wiedzy, do\u015bwiadcze\u0144 i dobrych praktyk pomi\u0119dzy stronami w obszarze edukacji formalnej<br \/>\ni nieformalnej;<br \/>\nc. promowanie nowoczesnych metod nauczania i rozwijania kompetencji edukator\u00f3w oraz uczni\u00f3w;<br \/>\nd. wsp\u00f3\u0142prac\u0119 przy tworzeniu i realizacji projekt\u00f3w edukacyjnych.<\/p>\n<p>&nbsp;<\/p>\n<p>Nazwa instytucji:<a href=\"https:\/\/www.google.com\/search?q=Metrics%20Sp.%20z%20o.o.\">\u00a0Metrics Sp. z o.o.<\/a><\/p>\n<p>Koordynator umowy: dr Katarzyna Ponikowska<\/p>\n<p>Ramy wsp\u00f3\u0142pracy: Przedmiotem umowy jest wsp\u00f3\u0142praca m. in. w obszarach promowania podstaw\/ idei przedsi\u0119biorczo\u015bci, realizacji wsp\u00f3lnych projekt\u00f3w o zasi\u0119gu regionalnym i ponadregionalnym, mi\u0119dzynarodowym, wsp\u00f3\u0142pracy w zakresie organizacji i promocji wydarze\u0144 skierowanych do \u015brodowiska akademickiego, organizacji praktyk i sta\u017cy dla student\u00f3w, przekazywania przez firm\u0119 na rzecz Uczelni darowizn.<\/p>\n<p>&nbsp;<\/p>\n<p>Nazwa instytucji:<a href=\"https:\/\/www.chorzow.eu\/\">\u00a0Miasto Chorz\u00f3w-Miasto na Prawach Powiatu<\/a><\/p>\n<p>Koordynatorzy umowy:<\/p>\n<p>koordynator uczelniany: dr hab. Agnieszka Turska-Kawa, prof. U\u015a, Prorektor ds. Nauki;<\/p>\n<p>koordynatorzy z zakresu nauk \u015bcis\u0142ych i technicznych: dr hab. Seweryn Kowalski, prof. U\u015a, Dziekan Wydzia\u0142u Nauk \u015acis\u0142ych i Technicznych, dr Joanna Maszybrocka, prof. U\u015a, Prodziekan do spraw studenckich i kszta\u0142cenia Wydzia\u0142u Nauk \u015acis\u0142ych i Technicznych, dr hab. Agnieszka Nowak-Brzezi\u0144ska, prof. U\u015a, Prodziekan ds. Promocji i Rozwoju Wydzia\u0142u Nauk \u015acis\u0142ych i Technicznych;<\/p>\n<p>koordynator z zakresu nauk spo\u0142ecznych: dr hab. Ma\u0142gorzata My\u015bliwiec, prof. U\u015a, Dziekan Wydzia\u0142u Nauk Spo\u0142ecznych<\/p>\n<p>koordynator ds. organizacyjnych: mgr Krystyna Adamska, Dyrektor ds. technicznych Kampusu Chorzowskiego<\/p>\n<p>Ramy wsp\u00f3\u0142pracy: Strony niniejszego porozumienia wyra\u017caj\u0105 wol\u0119 nawi\u0105zania wsp\u00f3\u0142pracy w nast\u0119puj\u0105cych obszarach:<br \/>\n1) d\u0105\u017ceniu do powstania na terenie Miasta, w tym w kampusie chorzowskim Uniwersytetu \u015al\u0105skiego w Katowicach, akademik\u00f3w\/bazy mieszkaniowej dla student\u00f3w i doktorant\u00f3w;<br \/>\n2) realizacji wsp\u00f3lnych projekt\u00f3w o zasi\u0119gu regionalnym, m.in. w zakresie szeroko rozumianej popularyzacji nauki;<br \/>\n3) wsp\u00f3\u0142dzia\u0142ania w zakresie organizacji i promocji wydarze\u0144 o charakterze dydaktycznym, naukowym, kulturalnym i spo\u0142ecznym skierowanych do \u015brodowisk lokalnych oraz \u015brodowiska akademickiego Uczelni;<br \/>\n4) wzajemnego prezentowania i propagowania osi\u0105gni\u0119\u0107 obu Stron oraz udzia\u0142u we wsp\u00f3lnych przedsi\u0119wzi\u0119ciach promocyjnych, w tym tych promuj\u0105cych niniejsze porozumienie i jego efekty;<br \/>\n5) promowania przez Strony idei transferu wiedzy do \u015brodowiska gospodarczego, samorz\u0105dowego, spo\u0142ecznego;<br \/>\n6) animowania i tworzenia sieci wsp\u00f3\u0142pracy maj\u0105cych na celu efektywniejsze wykorzystanie potencja\u0142u obu Stron;<br \/>\n7) pobudzania zainteresowania \u015brodowisk akademickich i spo\u0142ecznych naukami \u015bcis\u0142ymi i technicznymi oraz rozwijania wsp\u00f3lnych dzia\u0142a\u0144 o charakterze interdyscyplinarnym.<\/p>\n<p>&nbsp;<\/p>\n<p>Nazwa instytucji:<a href=\"https:\/\/gliwice.eu\/\">\u00a0Miasto Gliwice<\/a><\/p>\n<p>Koordynator umowy: dr Edyta Nieduziak<\/p>\n<p>Ramy wsp\u00f3\u0142pracy: a. realizacji wsp\u00f3lnych projekt\u00f3w o zasi\u0119gu regionalnym;<br \/>\nb. wsp\u00f3\u0142pracy w zakresie realizacji bada\u0144 naukowych, obejmuj\u0105cej przeprowadzenie bada\u0144 oraz wykorzystanie zebranych w czasie bada\u0144 danych w pracach naukowych, na konferencjach i w publikacjach;<br \/>\nc. sporz\u0105dzania opracowa\u0144\/raport\u00f3w badawczych w celu opracowania rekomendacji zwi\u0105zanych z dzia\u0142aniami w badanych obszarach;<br \/>\nd. promowania przez Strony idei transferu wiedzy do \u015brodowiska samorz\u0105dowego;<br \/>\ne. animowania i tworzenia sieci wsp\u00f3\u0142pracy, maj\u0105cych na celu efektywniejsze wykorzystanie potencja\u0142u naukowego i kadrowego obu Stron.<\/p>\n<p>&nbsp;<\/p>\n<p>Nazwa instytucji:<a href=\"https:\/\/www.katowice.eu\/\">\u00a0Miasto Katowice<\/a><\/p>\n<p>Koordynator umowy: dr hab. Renata Jankowska, prof. U\u015a<\/p>\n<p>Ramy wsp\u00f3\u0142pracy: w zakresie dzia\u0142alno\u015bci naukowej obejmuj\u0105cej badania naukowe, prace rozwojowe; w zakresie dzia\u0142alno\u015bci dydaktycznej zwi\u0105zanej z kierunkami politologicznymi: Bezpiecze\u0144stwo narodowe i mi\u0119dzynarodowe, Doradztwo polityczne i publiczne, Mi\u0119dzynarodowe studia nauk politycznych i dyplomacji, Politologia; organizacja praktyk dla student\u00f3w kierunk\u00f3w politologicznych: Bezpiecze\u0144stwo narodowe i mi\u0119dzynarodowe, Doradztwo polityczne i publiczne, Mi\u0119dzynarodowe studia nauk politycznych i dyplomacji, Politologia; realizacja wsp\u00f3lnych projekt\u00f3w dydaktycznych, popularyzatorskich, w tym organizacja wyk\u0142ad\u00f3w otwartych, konferencji, spotka\u0144, dzia\u0142a\u0144 promocyjnych; wzajemne prezentowanie i propagowanie osi\u0105gni\u0119\u0107 obu Stron oraz wsp\u00f3\u0142udzia\u0142 we wsp\u00f3lnych przedsi\u0119wzi\u0119ciach promocyjnych; partnerstwo Miasta dla prowadzonego w Uniwersytecie kierunku studi\u00f3w: Politologia.<\/p>\n<p>&nbsp;<\/p>\n<p>Nazwa instytucji:<a href=\"http:\/\/biblioteka.wisla.pl\/\">\u00a0Miejska Biblioteka Publiczna im. Jana \u015aniegonia w Wi\u015ble<\/a><\/p>\n<p>Koordynator umowy: dr Joanna Godawa<\/p>\n<p>Ramy wsp\u00f3\u0142pracy: prowadzenie warsztat\u00f3w, sk\u0142adanie i prowadzenie grant\u00f3w, patronat naukowy konferencji, udzia\u0142 w zaj\u0119ciach na Uniwersytecie.<\/p>\n<p>&nbsp;<\/p>\n<p>Nazwa instytucji:<a href=\"https:\/\/www.mops.czestochowa.pl\/\">\u00a0Miejski O\u015brodek Pomocy Spo\u0142ecznej w Cz\u0119stochowie<\/a><\/p>\n<p>Koordynator umowy: dr Agnieszka Majewska-Kafarowska<\/p>\n<p>Ramy wsp\u00f3\u0142pracy: a. realizacja wsp\u00f3lnych projekt\u00f3w o zasi\u0119gu regionalnym;<br \/>\nb. wsp\u00f3\u0142pracy w zakresie realizacji bada\u0144 naukowych, obejmuj\u0105cej przeprowadzenie bada\u0144 oraz wykorzystanie zebranych w czasie bada\u0144 danych w pracach naukowych, na konferencjach i w publikacjach;<br \/>\nc. sporz\u0105dzania opracowa\u0144 i\/lub raport\u00f3w badawczych w celu opracowania rekomendacji zwi\u0105zanych z dzia\u0142aniami w badanych obszarach;<br \/>\nd. promowania przez Strony idei transferu wiedzy do \u015brodowiska samorz\u0105dowego;<br \/>\ne. animowania i tworzenia sieci wsp\u00f3\u0142pracy, maj\u0105cych na celu efektywniejsze wykorzystanie potencja\u0142u naukowego i kadrowego obu Stron.<\/p>\n<p>&nbsp;<\/p>\n<p>Nazwa instytucji:<a href=\"https:\/\/www.mops.katowice.pl\/\">\u00a0Miejski O\u015brodek Pomocy Spo\u0142ecznej Katowice<\/a><\/p>\n<p>Koordynator umowy: dr Agnieszka Majewska-Kafarowska<\/p>\n<p>Ramy wsp\u00f3\u0142pracy: a. realizacji wsp\u00f3lnych projekt\u00f3w o zasi\u0119gu regionalnym;<br \/>\nb. wsp\u00f3\u0142pracy w zakresie realizacji bada\u0144 naukowych, obejmuj\u0105cej przeprowadzenie bada\u0144 oraz wykorzystanie zebranych w czasie bada\u0144 danych w pracach naukowych, na konferencjach i w publikacjach;<br \/>\nc. sporz\u0105dzania opracowa\u0144 i\/lub raport\u00f3w badawczych w celu opracowania rekomendacji zwi\u0105zanych z dzia\u0142aniami w badanych obszarach;<br \/>\nd. promowania przez Strony idei transferu wiedzy do \u015brodowiska samorz\u0105dowego;<br \/>\ne. animowania i tworzenia sieci wsp\u00f3\u0142pracy, maj\u0105cych na celu efektywniejsze wykorzystanie potencja\u0142u naukowego i kadrowego obu Stron.<\/p>\n<p>&nbsp;<\/p>\n<p>Nazwa instytucji:<a href=\"https:\/\/muzeumgornictwa.pl\/\">\u00a0Muzeum G\u00f3rnictwa W\u0119glowego w Zabrzu<\/a><\/p>\n<p>Koordynatorzy umowy: prof. dr hab. Maciej Fic, prof. zw. dr hab. Kazimiera W\u00f3dz, dr Grzegorz Odoj, prof. U\u015a, prof. dr hab. Ewa \u0141upikasza<\/p>\n<p>Ramy wsp\u00f3\u0142pracy: przedmiotem umowy jest nawi\u0105zanie wsp\u00f3\u0142pracy maj\u0105cej s\u0142u\u017cy\u0107 dobru obu stron w nast. obszarach:<br \/>\na) realizacja wsp\u00f3lnych projekt\u00f3w,<br \/>\nb) wsp\u00f3\u0142praca w zakresie organizacji i promocji wydarze\u0144 skierowanych do \u015brodowiska akademickiego Uczelni oraz zwiedzaj\u0105cych Muzeum G\u00f3rnictwa W\u0119glowego,<br \/>\nc) popularyzacja najnowszych osi\u0105gni\u0119\u0107 naukowych stron,<br \/>\nd) animowanie i tworzenie sieci wsp\u00f3\u0142pracy,<br \/>\ne) rozw\u00f3j infrastruktury oraz potencja\u0142u intelektualnego dla promocji wykorzystania bada\u0144 dotycz\u0105cych g\u00f3rnictwa w\u0119glowego w regionie w procesie tworzenia innowacyjnych rozwi\u0105za\u0144 komercyjnych,<br \/>\nf) organizacja stra\u017cy dla najlepszych student\u00f3w i absolwent\u00f3w Uczelni,<br \/>\ng) udzia\u0142 Muzeum w konsultowaniu program\u00f3w kszta\u0142cenia oraz tematyki prac dyplomowych, tworzonych w Uczelni,<br \/>\nh)\u00a0 promowanie przez strony idei transferu wiedzy do \u015brodowiska gospodarczego.<\/p>\n<p>&nbsp;<\/p>\n<p>Nazwa instytucji:<a href=\"https:\/\/www.psych-med.pl\/\">\u00a0Niepubliczny Zak\u0142ad Opieki Zdrowotnej PSYCH-MED. Sp z oo<\/a><\/p>\n<p>Koordynator umowy: dr Lidia Baran, dr Maria Flakus<\/p>\n<p>Ramy wsp\u00f3\u0142pracy: nawi\u0105zanie wsp\u00f3\u0142pracy<\/p>\n<p>&nbsp;<\/p>\n<p>Nazwa instytucji:<a href=\"https:\/\/polonia.edu.pl\/\">\u00a0PG Sp. z o.o., <\/a><\/p>\n<p>Koordynator umowy: dr Magdalena Christ, prof. U\u015a<\/p>\n<p>Ramy wsp\u00f3\u0142pracy: Udzia\u0142 w projektach naukowych i dydaktycznych, organizacja praktyk i sta\u017cy dla student\u00f3w, animowanie i tworzenie sieci wsp\u00f3\u0142pracy, udzia\u0142 w wydarzeniach podejmowanych na Uczelni, anga\u017cowanie kadry do konsultacji projekt\u00f3w warsztat\u00f3w i szkole\u0144, i inne.<\/p>\n<p>&nbsp;<\/p>\n<p>Nazwa instytucji:<a href=\"https:\/\/www.phig.pl\/pl\/\">\u00a0Polsko-Hiszpa\u0144ska Izba Gospodarcza<\/a><\/p>\n<p>Koordynator umowy: dr hab. Ma\u0142gorzata My\u015bliwiec, prof. U\u015a<\/p>\n<p>Ramy wsp\u00f3\u0142pracy: realizacja wsp\u00f3lnych projekt\u00f3w o zasi\u0119gu krajowym i mi\u0119dzynarodowym; wsp\u00f3\u0142praca w zakresie organizacji i promocji wydarze\u0144 skierowanych do \u015brodowiska akademickiego Uczelni; promowanie postaw\/idei przedsi\u0119biorczo\u015bci w \u015brodowisku akademickim Uczelni; promowanie j\u0119zyka i kultury hiszpa\u0144skiej w Polsce oraz j\u0119zyka i kultury polskiej w Hiszpanii; organizacja sta\u017cy dla student\u00f3w i absolwent\u00f3w Uczelni; przekazywanie ofert pracy i informacji o podj\u0119tych dzia\u0142aniach rekrutacyjnych w firmach cz\u0142onkowskich Izby.<\/p>\n<p>&nbsp;<\/p>\n<p>Nazwa instytucji:<a href=\"https:\/\/praxis.com.pl\/\">\u00a0Praxis s.c.<\/a><\/p>\n<p>Koordynator umowy: dr Katarzyna Ponikowska<\/p>\n<p>Ramy wsp\u00f3\u0142pracy: Przedmiotem umowy jest wsp\u00f3\u0142praca m. in. w obszarach promowania podstaw\/ idei przedsi\u0119biorczo\u015bci, realizacji wsp\u00f3lnych projekt\u00f3w o zasi\u0119gu regionalnym i ponadregionalnym, mi\u0119dzynarodowym, wsp\u00f3\u0142pracy w zakresie organizacji i promocji wydarze\u0144 skierowanych do \u015brodowiska akademickiego, organizacji praktyk i sta\u017cy dla student\u00f3w, przekazywania przez firm\u0119 na rzecz Uczelni darowizn.<\/p>\n<p>&nbsp;<\/p>\n<p>Nazwa instytucji:<a href=\"https:\/\/predictivesolutions.pl\/\">\u00a0Predictive Solutions Sp. z o.o.<\/a><\/p>\n<p>Koordynator umowy: dr \u0141ukasz Trembaczowski<\/p>\n<p>Ramy wsp\u00f3\u0142pracy: Przedmiotem umowy jest okre\u015blenie zasad wsp\u00f3\u0142pracy mi\u0119dzy jednostk\u0105 akademick\u0105 i Predictive Solutions w ramach programu pod nazw\u0105 ARIADNA. Program ARIADNA to przedsi\u0119wzi\u0119cie, kt\u00f3rego celem jest: wspieranie jednostek akademickich prowadz\u0105cych dzia\u0142alno\u015b\u0107 naukow\u0105, badawcz\u0105 lub dydaktyczn\u0105 z wykorzystaniem Rozwi\u0105za\u0144 PS, propagowanie informacji o dost\u0119pno\u015bci Rozwi\u0105za\u0144 PS oraz ich wykorzystania w procesie dydaktycznym i do rozwi\u0105zywania problem\u00f3w badawczych.<\/p>\n<p>&nbsp;<\/p>\n<p>Nazwa instytucji:<a href=\"https:\/\/www.prosoma.com\/pl\">\u00a0PROSOMA sp. Z o.o.<\/a><\/p>\n<p>Koordynator umowy: dr Ewa Wojtyna, prof. U\u015a<\/p>\n<p>&nbsp;<\/p>\n<p>Nazwa instytucji:<a href=\"https:\/\/www.metis.pl\/\">\u00a0Regionalny O\u015brodek Metodyczno-Edukacyjny Metis w Katowicach<\/a><\/p>\n<p>Koordynator umowy: dr hab. Karina Leksy<\/p>\n<p>Ramy wsp\u00f3\u0142pracy: wsp\u00f3\u0142praca naukowo-badawcza oraz dydaktyczna, kt\u00f3rej celem jest wykorzystanie mi rozw\u00f3j posiadanego potencja\u0142u naukowego.<\/p>\n<p>&nbsp;<\/p>\n<p>Nazwa instytucji:<a href=\"https:\/\/soulab.dev\/o-nas\/\">\u00a0Soulab Consulting Pawe\u0142 Niedzi\u00f3\u0142ka<\/a><\/p>\n<p>Koordynatorzy umowy: prof. dr hab. Dorota Chudy-Hyski, dr in\u017c. Agata Hilarowicz<\/p>\n<p>Ramy wsp\u00f3\u0142pracy: Wsp\u00f3\u0142praca w zakresie realizacji projekt\u00f3w, promowania idei przedsi\u0119biorczo\u015bci, Organizacji sta\u017cy dla student\u00f3w, anga\u017cowanie kadry firmy w prowadzenie zaj\u0119\u0107 ze studentami i inne.<\/p>\n<p>&nbsp;<\/p>\n<p>Nazwa instytucji:<a href=\"https:\/\/www.spaceismore.com\/\">\u00a0Space is More Sp. z o.o.<\/a><\/p>\n<p>Koordynator umowy: dr Agnieszka Skorupa<\/p>\n<p>Ramy wsp\u00f3\u0142pracy: realizacja projekt\u00f3w naukowych, wsp\u00f3\u0142praca w zakresie organizacji i promocji wydarze\u0144, promowanie przedsi\u0119biorczo\u015bci<\/p>\n<p>&nbsp;<\/p>\n<p>Nazwa instytucji:<a href=\"https:\/\/hospicjumcordis.pl\/\">\u00a0Spo\u0142eczne Towarzystwo \u201eHospicjum Cordis\u201d<\/a><\/p>\n<p>Koordynator umowy: dr hab. Dorota Chudy-Hyski, prof. U\u015a<\/p>\n<p>Ramy wsp\u00f3\u0142pracy: Przedmiotem porozumienia jest wsp\u00f3\u0142praca stron w nast\u0119puj\u0105cych obszarach: realizacja wsp\u00f3lnych projekt\u00f3w o zasi\u0119gu regionalnym, ponadregionalnym, mi\u0119dzynarodowym;\u00a0 promowanie postaw\/idei przedsi\u0119biorczo\u015bci w \u015brodowisku akademickim Uczelni; promowanie przez strony idei transferu wiedzy do \u015brodowiska gospodarczego;\u00a0 animowanie i tworzenie sieci wsp\u00f3\u0142pracy, maj\u0105cych na celu efektywniejsze wykorzystanie potencja\u0142u naukowego i kadrowego obu stron.<\/p>\n<p>&nbsp;<\/p>\n<p>Nazwa instytucji:<a href=\"https:\/\/www.mostkatowice.pl\/\">\u00a0Stowarzyszenie \u201eMOST\u201d<\/a><\/p>\n<p>Koordynator umowy: dr hab. Dorota Chudy-Hyski, prof. U\u015a<\/p>\n<p>Ramy wsp\u00f3\u0142pracy: a. realizacja wsp\u00f3lnych projekt\u00f3w o zasi\u0119gu regionalnym, ponadregionalnym i mi\u0119dzynarodowym;<br \/>\nb. wsp\u00f3\u0142praca w zakresie organizacji i promocji wydarze\u0144 skierowanych do \u015brodowiska akademickiego Uczelni;<br \/>\nc. promowanie postaw\/idei przedsi\u0119biorczo\u015bci w \u015brodowisku akademickim Uczelni, w tym wspieranie projekt\u00f3w student\u00f3w Uczelni;<br \/>\nd. organizacja praktyk studenckich dla student\u00f3w studi\u00f3w stacjonarnych i niestacjonarnych Uczelni;<br \/>\ne. organizacja sta\u017cy dla najlepszych student\u00f3w i absolwent\u00f3w Uczelni;<br \/>\nf. udzia\u0142 Stowarzyszenia w konsultowaniu program\u00f3w kszta\u0142cenia oraz tematyki prac dyplomowych, tworzonych w Uczelni;<br \/>\ng. anga\u017cowanie wykwalifikowanej kadry Stowarzyszenia w prowadzenie zaj\u0119\u0107 ze studentami;<br \/>\nh. uczestniczenie Stowarzyszenia w fundowaniu stypendi\u00f3w dla student\u00f3w i doktorant\u00f3w Uczelni;<br \/>\ni. promowanie przez Strony idei transferu wiedzy do \u015brodowiska gospodarczego;<br \/>\nj. animowanie i tworzenie sieci wsp\u00f3\u0142pracy, maj\u0105cych na celu efektywniejsze wykorzystanie potencja\u0142u naukowego i kadrowego obu Stron;<\/p>\n<p>&nbsp;<\/p>\n<p>Nazwa instytucji:<a href=\"https:\/\/www.slaski.strazgraniczna.pl\/\">\u00a0Szko\u0142a Policji w Pile<\/a><\/p>\n<p>Koordynatorzy umowy: prof. zw. dr hab. Jadwiga Stawnicka; prof. dr hab. Miron Lakomy (WNS); dr Robert Netczuk<\/p>\n<p>Ramy wsp\u00f3\u0142pracy: Porozumienie dotycz\u0105ce wzajemnej wsp\u00f3\u0142pracy w obszarze naukowo-dydaktycznym, uaktywnienia \u015brodowiskowego i kulturowego obu podmiot\u00f3w edukacyjnych oraz ich wsp\u00f3lnego dzia\u0142ania w kontek\u015bcie szeroko rozumianej profilaktyki i bezpiecze\u0144stwa publicznego.<\/p>\n<p>&nbsp;<\/p>\n<p>Nazwa instytucji:<a href=\"https:\/\/www.slaski.strazgraniczna.pl\/\">\u00a0\u015al\u0105ski Oddzia\u0142 Stra\u017cy Granicznej im. Nadkom. J\u00f3zefa Boche\u0144skiego z siedziba w Raciborzu<\/a><\/p>\n<p>Ramy wsp\u00f3\u0142pracy: Przedmiotem umowy jest realizacja program\u00f3w kszta\u0142cenia na studiach stacjonarnych i niestacjonarnych I i II stopnia na kierunku Bezpiecze\u0144stwo narodowe i mi\u0119dzynarodowe, prowadzonym w Uczelni na Wydziale Nauk Spo\u0142ecznych; realizacja wsp\u00f3lnych projekt\u00f3w dydaktycznych i organizatorskich, w tym przygotowanie i prowadzenie seminari\u00f3w, wyk\u0142ad\u00f3w otwartych, konferencji, odczyt\u00f3w i spotka\u0144 z ekspertami; realizacja praktyk studenckich przez student\u00f3w Wydzia\u0142u nauk Spo\u0142ecznych w ka\u017cdym roku akademickim; inne niewymienione kierunki wsp\u00f3\u0142dzia\u0142ania, mog\u0105ce by\u0107 w przysz\u0142o\u015bci przedmiotem wsp\u00f3lnego zainteresowania Stron.<\/p>\n<p>&nbsp;<\/p>\n<p>Nazwa instytucji:<a href=\"https:\/\/tvn.pl\/\">\u00a0TVN S.A.<\/a><\/p>\n<p>Koordynator umowy: dr Bernard Grzonka, prof. U\u015a<\/p>\n<p>Ramy wsp\u00f3\u0142pracy: Przedmiotem porozumienia jest okre\u015blenie zasad wsp\u00f3\u0142pracy TVN a Uczelni\u0105 obejmuj\u0105cej przedsi\u0119wzi\u0119cia programowe, dydaktyczne, szkoleniowe, produkcyjne i techniczne.<\/p>\n<p>&nbsp;<\/p>\n<p>Nazwa instytucji:<a href=\"https:\/\/www.uj.edu.pl\/pl\">\u00a0Uniwersytet Jagiello\u0144ski<\/a><\/p>\n<p>Koordynator umowy: dr hab. Damian Guzek, prof. U\u015a<\/p>\n<p>Ramy wsp\u00f3\u0142pracy: utworzenie konsorcjum naukowego pn. \u201eMEDem Polska\u201d<\/p>\n<p>&nbsp;<\/p>\n<p>Nazwa instytucji:\u00a0<a href=\"https:\/\/dobregopasterza.pl\/\">Wsp\u00f3lnota Dobrego Pasterza<\/a><\/p>\n<p>Koordynator umowy: dr Rafa\u0142 Cekiera, prof. U\u015a<\/p>\n<p>Ramy wsp\u00f3\u0142pracy: realizacja wsp\u00f3lnych projekt\u00f3w o zasi\u0119gu regionalnym, ponadregionalnym i mi\u0119dzynarodowym; organizacja wsp\u00f3lnych wydarze\u0144 edukacyjnych i naukowych; wsp\u00f3\u0142praca w zakresie bada\u0144 naukowych, publikacji oraz opracowania program\u00f3w edukacyjnych; wymiana materia\u0142\u00f3w dydaktycznych i naukowych; wsp\u00f3\u0142praca w zakresie organizacji i promocji wydarze\u0144 skierowanych do \u015brodowiska akademickiego Uczelni; organizacja praktyk studenckich dla student\u00f3w studi\u00f3w stacjonarnych i niestacjonarnych Uczelni; organizacja sta\u017cy dla najlepszych student\u00f3w i absolwent\u00f3w Uczelni; udzia\u0142 Fundacji w konsultowaniu program\u00f3w kszta\u0142cenia oraz tematyki prac dyplomowych, tworzonych w Uczelni; anga\u017cowanie wykwalifikowanej kadry Fundacji w prowadzenie zaj\u0119\u0107 ze studentami; animowanie i tworzenie sieci wsp\u00f3\u0142pracy, maj\u0105cych na celu efektywniejsze wykorzystanie potencja\u0142u naukowego i kadrowego obu Stron.<\/p>\n<\/div>\r\n                    <\/div>\r\n                <\/div>[\/vc_column][\/vc_row][vc_row][vc_column][\/vc_column][\/vc_row][vc_row][vc_column][\/vc_column][\/vc_row]<\/p>","protected":false},"excerpt":{"rendered":"<p>[vc_row][vc_column][\/vc_column][\/vc_row][vc_row][vc_column][\/vc_column][\/vc_row][vc_row][vc_column][\/vc_column][\/vc_row] [&#8230;]<\/p>\n<p><a class=\"btn btn-secondary understrap-read-more-link\" href=\"https:\/\/us.edu.pl\/wydzial\/wns\/aktualnie-obowiazujace-porozumienia\/\">Read More&#8230;<\/a><\/p>\n","protected":false},"author":7197,"featured_media":0,"parent":0,"menu_order":0,"comment_status":"closed","ping_status":"closed","template":"","meta":{"_expiration-date-status":"","_expiration-date":0,"_expiration-date-type":"","_expiration-date-categories":[],"_expiration-date-options":[]},"acf":[],"_links":{"self":[{"href":"https:\/\/us.edu.pl\/wydzial\/wns\/wp-json\/wp\/v2\/pages\/181632"}],"collection":[{"href":"https:\/\/us.edu.pl\/wydzial\/wns\/wp-json\/wp\/v2\/pages"}],"about":[{"href":"https:\/\/us.edu.pl\/wydzial\/wns\/wp-json\/wp\/v2\/types\/page"}],"author":[{"embeddable":true,"href":"https:\/\/us.edu.pl\/wydzial\/wns\/wp-json\/wp\/v2\/users\/7197"}],"replies":[{"embeddable":true,"href":"https:\/\/us.edu.pl\/wydzial\/wns\/wp-json\/wp\/v2\/comments?post=181632"}],"version-history":[{"count":10,"href":"https:\/\/us.edu.pl\/wydzial\/wns\/wp-json\/wp\/v2\/pages\/181632\/revisions"}],"predecessor-version":[{"id":185463,"href":"https:\/\/us.edu.pl\/wydzial\/wns\/wp-json\/wp\/v2\/pages\/181632\/revisions\/185463"}],"wp:attachment":[{"href":"https:\/\/us.edu.pl\/wydzial\/wns\/wp-json\/wp\/v2\/media?parent=181632"}],"curies":[{"name":"wp","href":"https:\/\/api.w.org\/{rel}","templated":true}]}}