{"id":504,"date":"2019-10-15T11:49:45","date_gmt":"2019-10-15T09:49:45","guid":{"rendered":"https:\/\/us.edu.pl\/wydzial\/wns\/?page_id=504"},"modified":"2024-07-03T11:16:10","modified_gmt":"2024-07-03T09:16:10","slug":"sukcesy-pracownikow","status":"publish","type":"page","link":"https:\/\/us.edu.pl\/wydzial\/wns\/wydzial\/sukcesy\/sukcesy-pracownikow\/","title":{"rendered":"Sukcesy pracownik\u00f3w"},"content":{"rendered":"<p>[vc_row][vc_column]\r\n                <div class=\"title-with-link color-blue\" style=\"background: \">\r\n                    <div class=\"container\">\r\n                        <div class=\"title-with-link-container links-align-left\">\r\n                            <div class=\"title-with-link__title\"><span>dr hab. Robert Pyka, prof. U\u015a<\/span><\/div>\r\n                            <a href=\"https:\/\/us.edu.pl\/prof-robert-pyka-uhonorowany-orderem-kawalera-palm-akademickich\/\" class=\"title-with-link__link\">Prof. Robert Pyka uhonorowany orderem Kawalera Palm Akademickich<\/a>\r\n                        <\/div>\r\n                    <\/div>\r\n                <\/div>\r\n            \r\n                <div class=\"title-with-link color-blue\" style=\"background: \">\r\n                    <div class=\"container\">\r\n                        <div class=\"title-with-link-container links-align-left\">\r\n                            <div class=\"title-with-link__title\"><span>dr hab. Tomasz Huk, prof. U\u015a<\/span><\/div>\r\n                            <a href=\"https:\/\/us.edu.pl\/prof-tomasz-huk-zostal-slaskim-wicekuratorem-oswiaty\/\" class=\"title-with-link__link\">Prof. Tomasz Huk zosta\u0142 \u015al\u0105skim Wicekuratorem O\u015bwiaty<\/a>\r\n                        <\/div>\r\n                    <\/div>\r\n                <\/div>\r\n            \r\n                <div class=\"title-with-link color-blue\" style=\"background: \">\r\n                    <div class=\"container\">\r\n                        <div class=\"title-with-link-container links-align-left\">\r\n                            <div class=\"title-with-link__title\"><span>prof. dr hab. Ewa Jarosz<\/span><\/div>\r\n                            <a href=\"https:\/\/us.edu.pl\/prof-ewa-jarosz-czlonkinia-zespolu-ds-analizy-zdarzen\/\" class=\"title-with-link__link\">Prof. Ewa Jarosz cz\u0142onkini\u0105 Zespo\u0142u ds. analizy zdarze\u0144<\/a>\r\n                        <\/div>\r\n                    <\/div>\r\n                <\/div>\r\n            \r\n                <div class=\"title-with-link color-blue\" style=\"background: \">\r\n                    <div class=\"container\">\r\n                        <div class=\"title-with-link-container links-align-left\">\r\n                            <div class=\"title-with-link__title\"><span>prof. dr hab. Waldemar Wojtasik<\/span><\/div>\r\n                            <a href=\"https:\/\/us.edu.pl\/wydzial\/wns\/2023\/07\/07\/konferencja-naukowa-implementacja-polityk-compliance-we-wspolczesnej-demokracji\/\" class=\"title-with-link__link\">Konferencja naukowa Implementacja polityk compliance we wsp\u00f3\u0142czesnej demokracji<\/a>\r\n                        <\/div>\r\n                    <\/div>\r\n                <\/div>\r\n            \r\n                <div class=\"title-with-link color-blue\" style=\"background: \">\r\n                    <div class=\"container\">\r\n                        <div class=\"title-with-link-container links-align-left\">\r\n                            <div class=\"title-with-link__title\"><span>dr hab. Waldemar Wojtasik, prof. U\u015a<\/span><\/div>\r\n                            <a href=\"https:\/\/us.edu.pl\/instytut\/inp\/blockchai-centrum-edukacji-promocji-i-implementacji-technologii-blockchain-w-przestrzeni-publicznej\/\" class=\"title-with-link__link\">Centrum Edukacji, Promocji i Implementacji Technologii Blockchain w Przestrzeni Publicznej<\/a>\r\n                        <\/div>\r\n                    <\/div>\r\n                <\/div>\r\n            \r\n                <div class=\"title-with-link color-blue\" style=\"background: \">\r\n                    <div class=\"container\">\r\n                        <div class=\"title-with-link-container links-align-left\">\r\n                            <div class=\"title-with-link__title\"><span>dr Monika Frania<\/span><\/div>\r\n                            <a href=\"https:\/\/us.edu.pl\/wydzial\/wns\/2022\/10\/28\/dr-monika-frania-laureatka-pierwszej-edycji-transform4europe-innovative-teaching-award\/\" class=\"title-with-link__link\">laureatka pierwszej edycji \u201eTransform4Europe Innovative Teaching Award\u201d<\/a>\r\n                        <\/div>\r\n                    <\/div>\r\n                <\/div>\r\n            \r\n                <div class=\"title-with-link color-blue\" style=\"background: \">\r\n                    <div class=\"container\">\r\n                        <div class=\"title-with-link-container links-align-left\">\r\n                            <div class=\"title-with-link__title\"><span>dr Mariola Paruzel-Czachura<\/span><\/div>\r\n                            <a href=\"https:\/\/us.edu.pl\/laureaci-programu-stypendialnego-im-bekkera\/\" class=\"title-with-link__link\">stypendystka programu im. Bekkera<\/a>\r\n                        <\/div>\r\n                    <\/div>\r\n                <\/div>\r\n            \r\n                <div class=\"title-with-link color-blue\" style=\"background: \">\r\n                    <div class=\"container\">\r\n                        <div class=\"title-with-link-container links-align-left\">\r\n                            <div class=\"title-with-link__title\"><span>dr Maciej Marmola<\/span><\/div>\r\n                            <a href=\"https:\/\/us.edu.pl\/wydzial\/wns\/2021\/01\/05\/ksiazka-dr-macieja-marmoli-nagrodzona\/\" class=\"title-with-link__link\">I nagroda za ksi\u0105\u017ck\u0119 \u201cNowe partie w systemach partyjnych pa\u0144stw Grupy Wyszehradzkiej\u201d<\/a>\r\n                        <\/div>\r\n                    <\/div>\r\n                <\/div>\r\n            \r\n                <div class=\"title-with-link color-blue\" style=\"background: \">\r\n                    <div class=\"container\">\r\n                        <div class=\"title-with-link-container links-align-left\">\r\n                            <div class=\"title-with-link__title\"><span>dr hab. Katarzyna \u015alebarska, prof. U\u015a<\/span><\/div>\r\n                            <a href=\"https:\/\/us.edu.pl\/instytut\/ip\/2020\/12\/12\/prof-katarzyna-slebarska-laureatka-konkursu-ncbr-tango-iv\/\" class=\"title-with-link__link\">laureatka konkursu NCBR TANGO IV<\/a>\r\n                        <\/div>\r\n                    <\/div>\r\n                <\/div>\r\n            \r\n                <div class=\"title-with-link color-blue\" style=\"background: \">\r\n                    <div class=\"container\">\r\n                        <div class=\"title-with-link-container links-align-left\">\r\n                            <div class=\"title-with-link__title\"><span>dr hab. Damian Guzek, prof. U\u015a<\/span><\/div>\r\n                            <a href=\"https:\/\/us.edu.pl\/wydzial\/wns\/2020\/06\/26\/dr-hab-damian-guzek-prof-us-stypendysta-mnisw\/\" class=\"title-with-link__link\">stypendysta MNiSW<\/a>\r\n                        <\/div>\r\n                    <\/div>\r\n                <\/div>\r\n            \r\n                <div class=\"title-with-link color-blue\" style=\"background: \">\r\n                    <div class=\"container\">\r\n                        <div class=\"title-with-link-container links-align-left\">\r\n                            <div class=\"title-with-link__title\"><span>dr hab. Damian Guzek, prof. U\u015a<\/span><\/div>\r\n                            <a href=\"https:\/\/us.edu.pl\/wydzial\/wns\/2020\/05\/21\/2830\/\" class=\"title-with-link__link\">NCN przyzna\u0142o projekt \u2018OPUS 18\u2019 dla naszego pracownika<\/a>\r\n                        <\/div>\r\n                    <\/div>\r\n                <\/div>\r\n            \r\n                <div class=\"title-with-link color-blue\" style=\"background: \">\r\n                    <div class=\"container\">\r\n                        <div class=\"title-with-link-container links-align-left\">\r\n                            <div class=\"title-with-link__title\"><span>dr hab. Agnieszka Turska - Kawa, prof. U\u015a<\/span><\/div>\r\n                            <a href=\"https:\/\/us.edu.pl\/wydzial\/wns\/2020\/03\/06\/pani-dr-hab-agniszka-turska-kawa-prof-us-reprezentantka-mlodego-pokolenia-kobiet-nauki-2020\/\" class=\"title-with-link__link\">Reprezentantka m\u0142odego pokolenia kobiet nauki<\/a>\r\n                        <\/div>\r\n                    <\/div>\r\n                <\/div>\r\n            \r\n                <div class=\"title-with-link color-blue\" style=\"background: \">\r\n                    <div class=\"container\">\r\n                        <div class=\"title-with-link-container links-align-left\">\r\n                            <div class=\"title-with-link__title\"><span>dr hab. Ma\u0142gorzata My\u015bliwiec, prof. U\u015a<\/span><\/div>\r\n                            <a href=\"https:\/\/us.edu.pl\/dr-hab-malgorzata-mysliwiec-prof-us-o-znaczeniu-sieci-europejskich-uniwersytetow\/\" class=\"title-with-link__link\">O znaczeniu sieci europejskich uniwersytet\u00f3w<\/a>\r\n                        <\/div>\r\n                    <\/div>\r\n                <\/div>\r\n            [\/vc_column][\/vc_row][vc_row][vc_column]\r\n                <div class=\"title-with-link color-blue\" style=\"background: \">\r\n                    <div class=\"container\">\r\n                        <div class=\"title-with-link-container links-align-left\">\r\n                            <div class=\"title-with-link__title\"><span>dr \u0141ukasz Jach<\/span><\/div>\r\n                            <a href=\"https:\/\/us.edu.pl\/wydzial\/wns\/2021\/04\/12\/naukowi-sceptycy-i-naukowi-entuzjasci-pod-lupa-badacza-z-instytutu-psychologii-doktora-lukasza-jacha\/?preview_id=4942&amp;preview_nonce=dbacc6da5c&amp;post_format=standard&amp;_thumbnail_id=4943&amp;preview=true&amp;aiEnableCheckShortcode=true\" class=\"title-with-link__link\">Naukowi sceptycy i naukowi entuzja\u015bci pod lup\u0105 badacza z Instytutu Psychologii<\/a>\r\n                        <\/div>\r\n                    <\/div>\r\n                <\/div>\r\n            [\/vc_column][\/vc_row][vc_row][vc_column]\r\n                <div class=\"title-with-link color-blue\" style=\"background: \">\r\n                    <div class=\"container\">\r\n                        <div class=\"title-with-link-container links-align-left\">\r\n                            <div class=\"title-with-link__title\"><span>dr Marcin Moro\u0144<\/span><\/div>\r\n                            <a href=\"https:\/\/us.edu.pl\/wydzial\/wns\/2021\/04\/08\/artykul-pt-alterations-in-religious-rituals-due-to-covid-19-could-be-related-to-intragroup-negativity-a-case-of-changes-in-receiving-holy-communion-in-the-roman-catholic-community-in-poland\/\" class=\"title-with-link__link\">Czy zmiany w rytua\u0142ach religijnych zwi\u0105zane z pandemi\u0105 powoduj\u0105 napi\u0119cia wewn\u0105trzgrupowe?<\/a>\r\n                        <\/div>\r\n                    <\/div>\r\n                <\/div>\r\n            [\/vc_column][\/vc_row][vc_row][vc_column]\r\n                <div class=\"title-with-link color-blue\" style=\"background: \">\r\n                    <div class=\"container\">\r\n                        <div class=\"title-with-link-container links-align-left\">\r\n                            <div class=\"title-with-link__title\"><span>prof. dr hab. Kazimierz Wolny-Zmorzy\u0144ski<\/span><\/div>\r\n                            <a href=\"https:\/\/us.edu.pl\/wydzial\/wns\/2021\/03\/29\/przedstawiamy-panstwu-najnowsze-ksiazki-autorstwa-i-pod-redakcja-prof-dr-hab-kazimierza-wolnego-zmorzynskiego\/\" class=\"title-with-link__link\">Najnowsze ksi\u0105\u017cki autorstwa i pod redakcj\u0105 prof. dr hab. Kazimierza Wolnego-Zmorzy\u0144skiego<\/a>\r\n                        <\/div>\r\n                    <\/div>\r\n                <\/div>\r\n            [\/vc_column][\/vc_row][vc_row][vc_column]\r\n                <div class=\"title-with-link color-blue\" style=\"background: \">\r\n                    <div class=\"container\">\r\n                        <div class=\"title-with-link-container links-align-left\">\r\n                            <div class=\"title-with-link__title\"><span>dr Anna Brosch<\/span><\/div>\r\n                            <a href=\"https:\/\/us.edu.pl\/wydzial\/wns\/2021\/04\/15\/sharentingcoraz-czestszy-proceder-wsrod-rodzicow-dr-anna-brosch\/\" class=\"title-with-link__link\">Upublicznianie informacji o dzieciach w mediach<\/a>\r\n                        <\/div>\r\n                    <\/div>\r\n                <\/div>\r\n            [\/vc_column][\/vc_row]<\/p>","protected":false},"excerpt":{"rendered":"<p>[vc_row][vc_column][\/vc_column][\/vc_row][vc_row][vc_column][\/vc_column][\/vc_row][vc_row][vc_column][\/vc_column][\/vc_row][vc_row][vc_column][\/vc_column][\/vc_row][vc_row][vc_column][\/vc_column][\/vc_row] [&#8230;]<\/p>\n<p><a class=\"btn btn-secondary understrap-read-more-link\" href=\"https:\/\/us.edu.pl\/wydzial\/wns\/wydzial\/sukcesy\/sukcesy-pracownikow\/\">Read More&#8230;<\/a><\/p>\n","protected":false},"author":1,"featured_media":0,"parent":312,"menu_order":2,"comment_status":"closed","ping_status":"closed","template":"","meta":{"_expiration-date-status":"","_expiration-date":0,"_expiration-date-type":"","_expiration-date-categories":[],"_expiration-date-options":[]},"acf":[],"_links":{"self":[{"href":"https:\/\/us.edu.pl\/wydzial\/wns\/wp-json\/wp\/v2\/pages\/504"}],"collection":[{"href":"https:\/\/us.edu.pl\/wydzial\/wns\/wp-json\/wp\/v2\/pages"}],"about":[{"href":"https:\/\/us.edu.pl\/wydzial\/wns\/wp-json\/wp\/v2\/types\/page"}],"author":[{"embeddable":true,"href":"https:\/\/us.edu.pl\/wydzial\/wns\/wp-json\/wp\/v2\/users\/1"}],"replies":[{"embeddable":true,"href":"https:\/\/us.edu.pl\/wydzial\/wns\/wp-json\/wp\/v2\/comments?post=504"}],"version-history":[{"count":10,"href":"https:\/\/us.edu.pl\/wydzial\/wns\/wp-json\/wp\/v2\/pages\/504\/revisions"}],"predecessor-version":[{"id":165980,"href":"https:\/\/us.edu.pl\/wydzial\/wns\/wp-json\/wp\/v2\/pages\/504\/revisions\/165980"}],"up":[{"embeddable":true,"href":"https:\/\/us.edu.pl\/wydzial\/wns\/wp-json\/wp\/v2\/pages\/312"}],"wp:attachment":[{"href":"https:\/\/us.edu.pl\/wydzial\/wns\/wp-json\/wp\/v2\/media?parent=504"}],"curies":[{"name":"wp","href":"https:\/\/api.w.org\/{rel}","templated":true}]}}