{"id":175841,"date":"2024-06-03T09:24:01","date_gmt":"2024-06-03T07:24:01","guid":{"rendered":"https:\/\/us.edu.pl\/wydzial\/wnst\/?post_type=event&#038;p=175841"},"modified":"2024-07-09T15:25:22","modified_gmt":"2024-07-09T13:25:22","slug":"9-forum-matematykow-polskich","status":"publish","type":"event","link":"https:\/\/us.edu.pl\/wydzial\/wnst\/event\/9-forum-matematykow-polskich\/","title":{"rendered":"9. Forum Matematyk\u00f3w Polskich"},"content":{"rendered":"<p>[vc_row][vc_column width=&#8221;2\/3&#8243;]\r\n                <div class=\"text-modules\">\r\n                    <div class=\"container\">\r\n                        \r\n                        <div class=\"text-modules__content\"><p>W dniach <strong>9-13\u00a0wrze\u015bnia 2024 r.<\/strong> w Katowicach odb\u0119dzie si\u0119 <strong>9.\u00a0Forum Matematyk\u00f3w Polskich<\/strong>. W bie\u017c\u0105cym roku konferencja organizowana jest przez <strong>G\u00f3rno\u015bl\u0105ski Oddzia\u0142 Polskiego Towarzystwa Matematycznego<\/strong>, wsp\u00f3lnie z <strong>Uniwersytetem \u015al\u0105skim w Katowicach<\/strong> oraz <strong>Politechnik\u0105 \u015al\u0105sk\u0105<\/strong>. Obrady odbywa\u0107 b\u0119d\u0105 si\u0119 w budynku Wydzia\u0142u Humanistycznego U\u015a przy ul.\u00a0Uniwersyteckiej\u00a04 oraz w budynku Instytutu Matematyki U\u015a przy ul.\u00a0Bankowej\u00a014.<\/p>\n<p><strong>Wa\u017cne daty:<\/strong><\/p>\n<ul>\n<li><a href=\"https:\/\/9forum-ptm.us.edu.pl\/formularz-kontaktowy\/\">Zg\u0142aszanie sesji tematycznych<\/a>:\u00a0do\u00a0<strong>7 maja 2024 r<\/strong>.<\/li>\n<li><a href=\"https:\/\/9forum-ptm.us.edu.pl\/abstrakty\/\">Zg\u0142aszanie tytu\u0142\u00f3w i streszcze\u0144 referat\u00f3w<\/a>:\u00a0do\u00a0<s>28 czerwca 2024 r.<\/s><strong>\u00a015\u00a0lipca 2024 r.<\/strong><\/li>\n<li>Powiadomienie o akceptacji zg\u0142oszonego referatu:\u00a0do\u00a0<strong>5\u00a0lipca 2024 r.<\/strong>\u00a0w przypadku zg\u0142osze\u0144 otrzymanych nie p\u00f3\u017aniej ni\u017c 28 czerwca lub do\u00a0<strong>20 lipca 2024 r.<\/strong>\u00a0w przypadku zg\u0142osze\u0144 otrzymanych po 28 czerwca.<\/li>\n<li><a href=\"https:\/\/9forum-ptm.us.edu.pl\/formularz-rejestracyjny\/\">Rejestracja na konferencj\u0119 (II termin)<\/a>:\u00a0do\u00a0<strong>21 lipca 2024 r.<\/strong><\/li>\n<\/ul>\n<p style=\"text-align: center;\">ZAPRASZAMY<\/p>\n<p>\n<\/div>\r\n                    <\/div>\r\n                <\/div>[\/vc_column][vc_column width=&#8221;1\/3&#8243;][vc_single_image image=&#8221;175842&#8243; img_size=&#8221;large&#8221; alignment=&#8221;center&#8221; style=&#8221;vc_box_rounded&#8221;][\/vc_column][\/vc_row]<\/p>","protected":false},"excerpt":{"rendered":"<p>[vc_row][vc_column width=&#8221;2\/3&#8243;][\/vc_column][vc_column width=&#8221;1\/3&#8243;][vc_single_image image=&#8221;175842&#8243; img_size=&#8221;large&#8221; alignment=&#8221;center&#8221; style=&#8221;vc_box_rounded&#8221;][\/vc_column][\/vc_row] [&#8230;]<\/p>\n<p><a class=\"btn btn-secondary understrap-read-more-link\" href=\"https:\/\/us.edu.pl\/wydzial\/wnst\/event\/9-forum-matematykow-polskich\/\">Read More&#8230;<\/a><\/p>\n","protected":false},"author":92,"featured_media":0,"template":"","meta":{"_expiration-date-status":"","_expiration-date":0,"_expiration-date-type":"","_expiration-date-categories":[],"_expiration-date-options":[]},"acf":[],"_links":{"self":[{"href":"https:\/\/us.edu.pl\/wydzial\/wnst\/wp-json\/wp\/v2\/event\/175841"}],"collection":[{"href":"https:\/\/us.edu.pl\/wydzial\/wnst\/wp-json\/wp\/v2\/event"}],"about":[{"href":"https:\/\/us.edu.pl\/wydzial\/wnst\/wp-json\/wp\/v2\/types\/event"}],"author":[{"embeddable":true,"href":"https:\/\/us.edu.pl\/wydzial\/wnst\/wp-json\/wp\/v2\/users\/92"}],"version-history":[{"count":4,"href":"https:\/\/us.edu.pl\/wydzial\/wnst\/wp-json\/wp\/v2\/event\/175841\/revisions"}],"predecessor-version":[{"id":176667,"href":"https:\/\/us.edu.pl\/wydzial\/wnst\/wp-json\/wp\/v2\/event\/175841\/revisions\/176667"}],"wp:attachment":[{"href":"https:\/\/us.edu.pl\/wydzial\/wnst\/wp-json\/wp\/v2\/media?parent=175841"}],"curies":[{"name":"wp","href":"https:\/\/api.w.org\/{rel}","templated":true}]}}