{"id":179637,"date":"2024-10-04T15:25:42","date_gmt":"2024-10-04T13:25:42","guid":{"rendered":"https:\/\/us.edu.pl\/wydzial\/wnst\/?post_type=event&#038;p=179637"},"modified":"2024-11-04T08:15:48","modified_gmt":"2024-11-04T07:15:48","slug":"cyberbezpieczenstwo-dla-ciebie","status":"publish","type":"event","link":"https:\/\/us.edu.pl\/wydzial\/wnst\/event\/cyberbezpieczenstwo-dla-ciebie\/","title":{"rendered":"IT SEC [17 53c] z ka\u017cdej perspektywy \u2013 cyberbezpiecze\u0144stwo dla Ciebie"},"content":{"rendered":"<p>[vc_row][vc_column width=&#8221;1\/2&#8243;]\r\n                <div class=\"text-modules\">\r\n                    <div class=\"container\">\r\n                        \r\n                        <div class=\"text-modules__content\"><p>Zapraszamy na IT SEC [17 53c] z ka\u017cdej perspektywy &#8211; cyberbezpiecze\u0144stwo dla Ciebie, kt\u00f3re odb\u0119dzie si\u0119 ju\u017c 17.10.2024! Czekaj\u0105 nas trzy godziny pe\u0142ne inspiracji, nowo\u015bci technologicznych i praktycznej wiedzy.<\/p>\n<p>Podczas spotkania we\u017amiesz udzia\u0142 w dw\u00f3ch pasjonuj\u0105cych wyk\u0142adach, prezentuj\u0105cych najnowsze trendy w informatyce oraz praktyczne narz\u0119dzia i metody wykorzystywane w projektach informatycznych.<\/p>\n<p>Mi\u0119dzy wyk\u0142adami zapraszamy na panel dyskusyjny, gdzie eksperci z bran\u017cy podziel\u0105 si\u0119 swoimi do\u015bwiadczeniami i odpowiedz\u0105 na pytania uczestnik\u00f3w.<\/p>\n<p>Dla zainteresowanych uczestnictwem w zawodach CTF, przygotowali\u015bmy r\u00f3wnoleg\u0142e warsztaty, obejmuj\u0105ce r\u00f3\u017cnorodne poziomy zaawansowania &#8211; od pocz\u0105tkuj\u0105cych do zaawansowanych.<\/p>\n<\/div>\r\n                    <\/div>\r\n                <\/div>[\/vc_column][vc_column width=&#8221;1\/2&#8243;][vc_single_image image=&#8221;180008&#8243; img_size=&#8221;large&#8221; alignment=&#8221;center&#8221; style=&#8221;vc_box_rounded&#8221;][\/vc_column][\/vc_row][vc_row][vc_column][vc_separator color=&#8221;custom&#8221; border_width=&#8221;2&#8243; accent_color=&#8221;#bc95e2&#8243;][vc_tta_tabs style=&#8221;outline&#8221; color=&#8221;purple&#8221; active_section=&#8221;1&#8243;][vc_tta_section title=&#8221;Agenda&#8221; tab_id=&#8221;1728549861438-1437964c-de22&#8243;]\r\n                <div class=\"text-modules\">\r\n                    <div class=\"container\">\r\n                        \r\n                        <div class=\"text-modules__content\"><\/p>\n<div class=\"x11i5rnm xat24cr x1mh8g0r x1vvkbs xtlvy1s\">\n<div class=\"x11i5rnm xat24cr x1mh8g0r x1vvkbs xtlvy1s\">\n<p><strong>Agenda<\/strong><\/p>\n<p>miejsce: Katowice ul. Bankowa 5<br \/>\nrejestracja: <a href=\"https:\/\/docs.google.com\/forms\/d\/e\/1FAIpQLSfDtL2N69iWgAWwApkjme5kVupi2NF-DFKoQ24UlGhhsr9XtA\/viewform\">https:\/\/docs.google.com\/forms\/d\/e\/1FAIpQLSfDtL2N69iWgAWwApkjme5kVupi2NF-DFKoQ24UlGhhsr9XtA\/viewform<\/a><br \/>\nliczba miejsc: 70<\/p>\n<\/div>\n<p>17:00 \u2013 <strong>Otwarcie wydarzenia<br \/>\n<\/strong>17:30 \u2013 <strong>GPS spoofing i jamming \u2013 jakie to proste Jakub Plusczok<br \/>\n<\/strong>Du\u017co ostatnio si\u0119 s\u0142yszy o zak\u0142\u00f3caniu GPS. O co chodzi? Jak si\u0119 to robi? Jak w og\u00f3le dzia\u0142a GPS.<br \/>\n18:15 \u2013 Przerwa<br \/>\n18:30 \u2013 <strong>Debata: Cyberbezpiecze\u0144stwo \u2013 r\u00f3\u017cne perspektywy dr Magdalena Tkacz, dr Kornel Chromi\u0144ski, Jakub Plusczok, Micha\u0142 Zi\u0119ba.<\/strong><\/p>\n<\/div>\n<div class=\"x11i5rnm xat24cr x1mh8g0r x1vvkbs xtlvy1s\">Debata skupi si\u0119 na analizie najwi\u0119kszych wyzwa\u0144 w cyberbezpiecze\u0144stwie, w tym zarz\u0105dzaniu ryzykiem, nowych technikach atak\u00f3w i luce kompetencyjnej. Uczestnicy om\u00f3wi\u0105 tak\u017ce kluczowe umiej\u0119tno\u015bci niezb\u0119dne w walce z zagro\u017ceniami oraz rol\u0119 wsp\u00f3\u0142pracy mi\u0119dzysektorowej w tworzeniu skutecznych rozwi\u0105za\u0144 na przysz\u0142o\u015b\u0107.<\/div>\n<div class=\"x11i5rnm xat24cr x1mh8g0r x1vvkbs xtlvy1s\">19:15 \u2013 Przerwa z pocz\u0119stunkiem (catering)<br \/>\n19:45 \u2013 <strong>Security in Healthcare \u2013 conclusions<\/strong> <strong>\u0141ukasz Wro\u0144ski<\/strong> [presentation in English]<br class=\"html-br\" \/>The speaker, drawing on his experience, will discuss the security challenges in the healthcare sector. We will explore the key takeaways and insights from this critical area.<\/div>\n<p>\n<\/div>\r\n                    <\/div>\r\n                <\/div>[\/vc_tta_section][vc_tta_section title=&#8221;Debata&#8221; tab_id=&#8221;1728623623187-670c2407-caa4&#8243;]\r\n                <div class=\"text-modules\">\r\n                    <div class=\"container\">\r\n                        \r\n                        <div class=\"text-modules__content\"><\/p>\n<div class=\"x11i5rnm xat24cr x1mh8g0r x1vvkbs xtlvy1s\">\n<p>Debata:<strong> Cyberbezpiecze\u0144stwo \u2013 r\u00f3\u017cne perspektywy<br \/>\n<\/strong>prowadz\u0105cy: dr Kornel Chromi\u0144ski, dr Magdalena Tkacz, Jakub Plusczok, Micha\u0142 Zi\u0119ba<br \/>\ngodz. 18.30<\/p>\n<\/div>\n<div class=\"x11i5rnm xat24cr x1mh8g0r x1vvkbs xtlvy1s\">Debata skupi si\u0119 na analizie najwi\u0119kszych wyzwa\u0144 w cyberbezpiecze\u0144stwie, w tym zarz\u0105dzaniu ryzykiem, nowych technikach atak\u00f3w i luce kompetencyjnej. Uczestnicy om\u00f3wi\u0105 tak\u017ce kluczowe umiej\u0119tno\u015bci niezb\u0119dne w walce z zagro\u017ceniami oraz rol\u0119 wsp\u00f3\u0142pracy mi\u0119dzysektorowej w tworzeniu skutecznych rozwi\u0105za\u0144 na przysz\u0142o\u015b\u0107.<\/div>\n<div class=\"x11i5rnm xat24cr x1mh8g0r x1vvkbs xtlvy1s\"><\/div>\n<p>\n<\/div>\r\n                    <\/div>\r\n                <\/div>[vc_row_inner][vc_column_inner width=&#8221;1\/2&#8243;]\r\n                <div class=\"text-modules\">\r\n                    <div class=\"container\">\r\n                        \r\n                        <div class=\"text-modules__content\"><p><strong>O czym b\u0119dzie debata?<\/strong><\/p>\n<p><strong>1. Najwi\u0119ksze wyzwania w cyberbezpiecze\u0144stwie dzisiaj<\/strong><br \/>\nKa\u017cdy uczestnik w kilku s\u0142owach przedstawia, jakie wyzwania widzi w swojej dziedzinie \u2014 dla biznesu mog\u0105 to by\u0107 koszty i zarz\u0105dzanie ryzykiem, dla technicznych specjalist\u00f3w nowe techniki atak\u00f3w, a dla akademik\u00f3w luka kompetencyjna i brak innowacyjnych rozwi\u0105za\u0144.<\/p>\n<p><strong>2. Jakie umiej\u0119tno\u015bci s\u0105 kluczowe w walce z cyberzagro\u017ceniami?<\/strong><br \/>\nPrzedstawiciele biznesu mog\u0105 m\u00f3wi\u0107 o potrzebie kadry z do\u015bwiadczeniem w zarz\u0105dzaniu ryzykiem, technicy o praktycznej wiedzy z test\u00f3w penetracyjnych, a akademicy o roli nauki i bada\u0144 w kszta\u0142towaniu przysz\u0142ych specjalist\u00f3w.<\/p>\n<p><strong>3. Rola wsp\u00f3\u0142pracy mi\u0119dzysektorowej w cyberbezpiecze\u0144stwie<\/strong><br \/>\nJak wsp\u00f3\u0142praca pomi\u0119dzy biznesem, technikami i uczelniami mo\u017ce wspiera\u0107 ochron\u0119 przed cyberzagro\u017ceniami? Ka\u017cdy uczestnik mo\u017ce zaprezentowa\u0107 swoj\u0105 perspektyw\u0119 na temat kooperacji i wymiany wiedzy mi\u0119dzy sektorami.<\/p>\n<p><strong>4. Przysz\u0142o\u015b\u0107 cyberbezpiecze\u0144stwa \u2014 gdzie zmierzamy?<\/strong><br \/>\nUczestnicy mogliby si\u0119 wypowiedzie\u0107 na temat przysz\u0142ych trend\u00f3w i wyzwa\u0144 \u2014 dla biznesu mog\u0105 to by\u0107 zmieniaj\u0105ce si\u0119 regulacje, dla technik\u00f3w nowe techniki ochrony i automatyzacja, a dla akademik\u00f3w znaczenie bada\u0144 i edukacji.<\/p>\n<\/div>\r\n                    <\/div>\r\n                <\/div>[\/vc_column_inner][vc_column_inner width=&#8221;1\/2&#8243;][vc_single_image image=&#8221;180049&#8243; img_size=&#8221;large&#8221; alignment=&#8221;center&#8221; style=&#8221;vc_box_rounded&#8221;][\/vc_column_inner][\/vc_row_inner][\/vc_tta_section][vc_tta_section title=&#8221;Warsztat&#8221; tab_id=&#8221;1728550834427-7b1a8e50-bca2&#8243;]\r\n                <div class=\"text-modules\">\r\n                    <div class=\"container\">\r\n                        \r\n                        <div class=\"text-modules__content\"><\/p>\n<div class=\"x11i5rnm xat24cr x1mh8g0r x1vvkbs xtlvy1s\"><strong>Warsztat: Warsztat praktyczny &#8211; Jak zacz\u0105\u0107 przygod\u0119 z szukaniem b\u0142\u0119d\u00f3w \u2013 CTF (Capture the Flag) \u0141ukasz Wro\u0144ski<\/strong><\/div>\n<div><\/div>\n<div class=\"x11i5rnm xat24cr x1mh8g0r x1vvkbs xtlvy1s\">miejsce: ul. Bankowa 5, Katowice<\/div>\n<div class=\"x11i5rnm xat24cr x1mh8g0r x1vvkbs xtlvy1s\">rejestracja: <a href=\"https:\/\/docs.google.com\/forms\/d\/e\/1FAIpQLSdkf8o4uvlmYR003qrz6Ic2wHJ4TYSpdrunqTXpzuuVVxh1wA\/viewform\">https:\/\/docs.google.com\/forms\/d\/e\/1FAIpQLSdkf8o4uvlmYR003qrz6Ic2wHJ4TYSpdrunqTXpzuuVVxh1wA\/viewform<\/a><\/div>\n<div class=\"x11i5rnm xat24cr x1mh8g0r x1vvkbs xtlvy1s\">godzina: 17:30-19:15<\/div>\n<div>liczba miejsc: 20<\/div>\n<p>\n<\/div>\r\n                    <\/div>\r\n                <\/div>[\/vc_tta_section][vc_tta_section title=&#8221;Prelegenci&#8221; tab_id=&#8221;1728550670521-8422d7bd-d317&#8243;]\r\n                <div class=\"text-modules\">\r\n                    <div class=\"container\">\r\n                        \r\n                        <div class=\"text-modules__content\"><\/p>\n<ul>\n<li class=\"x11i5rnm xat24cr x1mh8g0r x1vvkbs xtlvy1s\"><strong>dr Kornel Chromi\u0144ski<\/strong>: pracownik Instytutu Informatyki Uniwersytetu \u015al\u0105skiego. G\u0142\u00f3wne obszary jego zainteresowa\u0144 dotycz\u0105 zastosowania algorytm\u00f3w sztucznej inteligencji i metod eksploracji danych do rozwi\u0105zywania praktycznych problem\u00f3w. Jego badania koncentruj\u0105 si\u0119 na wykorzystaniu sztucznych sieci neuronowych oraz algorytm\u00f3w genetycznych w kontek\u015bcie wydobywania informacji z du\u017cych zbior\u00f3w danych, w tym danych medycznych i biologicznych, a tak\u017ce dotycz\u0105cych bezpiecze\u0144stwa sieciowego.<\/li>\n<li><strong>dr Magdalena Tkacz<\/strong>: Jej fascynacja technologi\u0105 zacz\u0119\u0142a si\u0119 od ZX 81 \u2013 pierwszego komputera, kt\u00f3ry wpad\u0142 w jej r\u0119ce. Ju\u017c wtedy bawi\u0142a si\u0119 modyfikowaniem program\u00f3w, aby uzyska\u0107 nie\u015bmiertelno\u015b\u0107 w grach. To pierwsze zetkni\u0119cie z technologi\u0105 zaowocowa\u0142o karier\u0105 w bran\u017cy IT, w kt\u00f3rej zdoby\u0142a wszechstronne umiej\u0119tno\u015bci i praktyczne do\u015bwiadczenie, stanowi\u0105ce obecnie fundament jej eksperckiej wiedzy.<\/li>\n<li><strong>Jakub Plusczok<\/strong>: jeden z za\u0142o\u017cycieli grupy 17 53c. Przygod\u0119 z IT rozpoczyna\u0142 graj\u0105c w Sapera na Windowsie 3.1. Absolwent Politechniki \u015al\u0105skiej. Pocz\u0105tkowo zwi\u0105zany z bran\u017c\u0105 pogrzebow\u0105, p\u00f3\u017aniej browarnian\u0105 i poligraficzn\u0105. Obecnie w\u0142amywacz &#8211; etyczny. Prelegent na licznych konferencjach \u2013 zaczyna\u0142 na MTS chyba w 2008 roku (kto to jeszcze pami\u0119ta\u2026 i m\u00f3wi\u0142 o chmurach). W Sapera gra nadal.<\/li>\n<li class=\"x11i5rnm xat24cr x1mh8g0r x1vvkbs xtlvy1s\"><strong>\u0141ukasz Wro\u0144ski<\/strong>: developer, hacker, father, bassist, and meme enthusiast.<\/li>\n<\/ul>\n<p>\n<\/div>\r\n                    <\/div>\r\n                <\/div>[\/vc_tta_section][\/vc_tta_tabs][vc_row_inner][vc_column_inner el_class=&#8221;foto&#8221; width=&#8221;1\/5&#8243;]\r\n                <div class=\"text-modules\">\r\n                    <div class=\"container\">\r\n                        \r\n                        <div class=\"text-modules__content\"><p><img class=\"alignnone wp-image-180060 size-medium\" src=\"https:\/\/us.edu.pl\/wydzial\/wnst\/wp-content\/uploads\/sites\/18\/Bez-kategorii\/Chrominski-K-300x300.png\" alt=\"\" width=\"100%\" height=\"auto\" srcset=\"https:\/\/us.edu.pl\/wydzial\/wnst\/wp-content\/uploads\/sites\/18\/Bez-kategorii\/Chrominski-K.png 300w, https:\/\/us.edu.pl\/wydzial\/wnst\/wp-content\/uploads\/sites\/18\/Bez-kategorii\/Chrominski-K-150x150.png 150w\" sizes=\"(max-width: 300px) 100vw, 300px\" \/><\/p>\n<\/div>\r\n                    <\/div>\r\n                <\/div>[vc_column_text]<\/p>\n<p style=\"text-align: center;\"><span style=\"color: #002e5a;\">dr Kornel Chromi\u0144ski<br \/>\nInstytut Informatyki<\/span><\/p>\n<p>[\/vc_column_text][\/vc_column_inner][vc_column_inner el_class=&#8221;foto&#8221; width=&#8221;1\/5&#8243;]\r\n                <div class=\"text-modules\">\r\n                    <div class=\"container\">\r\n                        \r\n                        <div class=\"text-modules__content\"><p><img class=\"alignnone wp-image-180056 size-full\" src=\"https:\/\/us.edu.pl\/wydzial\/wnst\/wp-content\/uploads\/sites\/18\/Bez-kategorii\/Tkacz.png\" alt=\"\" width=\"100%\" height=\"auto\" srcset=\"https:\/\/us.edu.pl\/wydzial\/wnst\/wp-content\/uploads\/sites\/18\/Bez-kategorii\/Tkacz.png 300w, https:\/\/us.edu.pl\/wydzial\/wnst\/wp-content\/uploads\/sites\/18\/Bez-kategorii\/Tkacz-150x150.png 150w\" sizes=\"(max-width: 300px) 100vw, 300px\" \/><\/p>\n<\/div>\r\n                    <\/div>\r\n                <\/div>[vc_column_text]<\/p>\n<p style=\"text-align: center;\"><span style=\"color: #002e5a;\">dr Magdalena Tkacz<br \/>\nInstytut Informatyki<\/span><\/p>\n<p>[\/vc_column_text][\/vc_column_inner][vc_column_inner el_class=&#8221;foto&#8221; width=&#8221;1\/5&#8243;]\r\n                <div class=\"text-modules\">\r\n                    <div class=\"container\">\r\n                        \r\n                        <div class=\"text-modules__content\"><p><img class=\"alignnone wp-image-180061 size-medium\" src=\"https:\/\/us.edu.pl\/wydzial\/wnst\/wp-content\/uploads\/sites\/18\/Bez-kategorii\/Plusczok-300x300.png\" alt=\"\" width=\"100%\" height=\"auto\" srcset=\"https:\/\/us.edu.pl\/wydzial\/wnst\/wp-content\/uploads\/sites\/18\/Bez-kategorii\/Plusczok.png 300w, https:\/\/us.edu.pl\/wydzial\/wnst\/wp-content\/uploads\/sites\/18\/Bez-kategorii\/Plusczok-150x150.png 150w\" sizes=\"(max-width: 300px) 100vw, 300px\" \/><\/p>\n<\/div>\r\n                    <\/div>\r\n                <\/div>[vc_column_text]<\/p>\n<p style=\"text-align: center;\"><span style=\"color: #002e5a;\">Jakub Plusczok<br \/>\nFundacja 17 53c<\/span><\/p>\n<p>[\/vc_column_text][\/vc_column_inner][vc_column_inner el_class=&#8221;foto&#8221; width=&#8221;1\/5&#8243;]\r\n                <div class=\"text-modules\">\r\n                    <div class=\"container\">\r\n                        \r\n                        <div class=\"text-modules__content\"><p><img class=\"alignnone wp-image-180064 size-full\" src=\"https:\/\/us.edu.pl\/wydzial\/wnst\/wp-content\/uploads\/sites\/18\/Bez-kategorii\/Wronski.png\" alt=\"\" width=\"100%\" height=\"auto\" srcset=\"https:\/\/us.edu.pl\/wydzial\/wnst\/wp-content\/uploads\/sites\/18\/Bez-kategorii\/Wronski.png 300w, https:\/\/us.edu.pl\/wydzial\/wnst\/wp-content\/uploads\/sites\/18\/Bez-kategorii\/Wronski-150x150.png 150w\" sizes=\"(max-width: 300px) 100vw, 300px\" \/><\/p>\n<\/div>\r\n                    <\/div>\r\n                <\/div>[vc_column_text]<\/p>\n<p style=\"text-align: center;\"><span style=\"color: #002e5a;\">\u0141ukasz Wro\u0144ski<br \/>\nFundacja 17 53c<\/span><\/p>\n<p>[\/vc_column_text][\/vc_column_inner][vc_column_inner el_class=&#8221;foto&#8221; width=&#8221;1\/5&#8243;]\r\n                <div class=\"text-modules\">\r\n                    <div class=\"container\">\r\n                        \r\n                        <div class=\"text-modules__content\"><p><img class=\"alignnone wp-image-180068 size-full\" src=\"https:\/\/us.edu.pl\/wydzial\/wnst\/wp-content\/uploads\/sites\/18\/Bez-kategorii\/Zieba.png\" alt=\"\" width=\"100%\" height=\"auto\" srcset=\"https:\/\/us.edu.pl\/wydzial\/wnst\/wp-content\/uploads\/sites\/18\/Bez-kategorii\/Zieba.png 300w, https:\/\/us.edu.pl\/wydzial\/wnst\/wp-content\/uploads\/sites\/18\/Bez-kategorii\/Zieba-150x150.png 150w\" sizes=\"(max-width: 300px) 100vw, 300px\" \/><\/p>\n<\/div>\r\n                    <\/div>\r\n                <\/div>[vc_column_text]<\/p>\n<p style=\"text-align: center;\"><span style=\"color: #002e5a;\">Micha\u0142 Zi\u0119ba<br \/>\nFundacja 17 53c<\/span><\/p>\n<p>[\/vc_column_text][\/vc_column_inner][\/vc_row_inner][\/vc_column][\/vc_row][vc_row][vc_column]\r\n                <div class=\"text-modules\">\r\n                    <div class=\"container\">\r\n                        \r\n                        <div class=\"text-modules__content\"><\/p>\n<p style=\"text-align: center;\"><strong><span style=\"color: #002e5a;\">Sale nie s\u0105 z gumy, a liczba miejsc jest ograniczona.<\/span><\/strong><\/p>\n<p style=\"text-align: center;\"><strong><span style=\"color: #002e5a;\">Zapraszamy!!!<\/span><\/strong><\/p>\n<p>\n<\/div>\r\n                    <\/div>\r\n                <\/div>[\/vc_column][\/vc_row][vc_row][vc_column css=&#8221;.vc_custom_1728048702464{border-top-width: 2px !important;border-right-width: 2px !important;border-bottom-width: 2px !important;border-left-width: 2px !important;background-color: #bc95e2 !important;border-left-color: #bc95e2 !important;border-left-style: solid !important;border-right-color: #bc95e2 !important;border-right-style: solid !important;border-top-color: #bc95e2 !important;border-top-style: solid !important;border-bottom-color: #bc95e2 !important;border-bottom-style: solid !important;border-radius: 2px !important;}&#8221;]\r\n                <div class=\"text-modules\">\r\n                    <div class=\"container\">\r\n                        \r\n                        <div class=\"text-modules__content\"><\/p>\n<p style=\"text-align: center;\"><span style=\"color: #003366;\"><small>Wydarzenie jest dofinansowane ze \u015brodk\u00f3w Wojew\u00f3dztwa \u015al\u0105skiego &#8211; wsp\u00f3\u0142organizatora Europejskiego Miasta Nauki Katowice 2024.<\/small><\/span><\/p>\n<p>\n<\/div>\r\n                    <\/div>\r\n                <\/div>[\/vc_column][\/vc_row][vc_row][vc_column][vc_separator color=&#8221;purple&#8221;]            \r\n                \r\n                <div class=\"container\">\r\n                     <div class=\"gallery-big \">\r\n                        \r\n                        <div class=\"row m-0\">\r\n                        <a data-fancybox=\"1095\" href=\"https:\/\/us.edu.pl\/wydzial\/wnst\/wp-content\/uploads\/sites\/18\/zdjecia-wydarzenia\/1-2.png\"\r\n                        title=\"IT SEC [17 53c] z ka\u017cdej perspektywy \u2013 cyberbezpiecze\u0144stwo dla Ciebie 17.10.2024 r. | Fot. G. Machnik\" \r\n                        class=\"gallery-big__item gallery-big__item_big thumbnail\"\r\n                        style=\"background-image: url(https:\/\/us.edu.pl\/wydzial\/wnst\/wp-content\/uploads\/sites\/18\/zdjecia-wydarzenia\/1-2.png)\"><span class=\"d-none\">https:\/\/us.edu.pl\/wydzial\/wnst\/wp-content\/uploads\/sites\/18\/zdjecia-wydarzenia\/1-2.png<\/span><\/a><div class=\"gallery-big__small-items\">\r\n                        <a data-fancybox=\"1095\" href=\"https:\/\/us.edu.pl\/wydzial\/wnst\/wp-content\/uploads\/sites\/18\/zdjecia-wydarzenia\/2-2.png\"\r\n                        title=\"IT SEC [17 53c] z ka\u017cdej perspektywy \u2013 cyberbezpiecze\u0144stwo dla Ciebie 17.10.2024 r. | Fot. G. Machnik\" \r\n                        class=\"gallery-big__item  thumbnail\"\r\n                        style=\"background-image: url(https:\/\/us.edu.pl\/wydzial\/wnst\/wp-content\/uploads\/sites\/18\/zdjecia-wydarzenia\/2-2.png)\"><span class=\"d-none\">https:\/\/us.edu.pl\/wydzial\/wnst\/wp-content\/uploads\/sites\/18\/zdjecia-wydarzenia\/2-2.png<\/span><\/a>\r\n                        <a data-fancybox=\"1095\" href=\"https:\/\/us.edu.pl\/wydzial\/wnst\/wp-content\/uploads\/sites\/18\/zdjecia-wydarzenia\/3-2.png\"\r\n                        title=\"IT SEC [17 53c] z ka\u017cdej perspektywy \u2013 cyberbezpiecze\u0144stwo dla Ciebie 17.10.2024 r. | Fot. G. Machnik\" \r\n                        class=\"gallery-big__item  thumbnail\"\r\n                        style=\"background-image: url(https:\/\/us.edu.pl\/wydzial\/wnst\/wp-content\/uploads\/sites\/18\/zdjecia-wydarzenia\/3-2.png)\"><span class=\"d-none\">https:\/\/us.edu.pl\/wydzial\/wnst\/wp-content\/uploads\/sites\/18\/zdjecia-wydarzenia\/3-2.png<\/span><\/a><\/div><\/div><div class=\"row m-0\">\r\n                        <a data-fancybox=\"1095\" href=\"https:\/\/us.edu.pl\/wydzial\/wnst\/wp-content\/uploads\/sites\/18\/zdjecia-wydarzenia\/4-2.png\"\r\n                        title=\"IT SEC [17 53c] z ka\u017cdej perspektywy \u2013 cyberbezpiecze\u0144stwo dla Ciebie 17.10.2024 r. | Fot. G. Machnik\" \r\n                        class=\"gallery-big__item gallery-big__item_big thumbnail\"\r\n                        style=\"background-image: url(https:\/\/us.edu.pl\/wydzial\/wnst\/wp-content\/uploads\/sites\/18\/zdjecia-wydarzenia\/4-2.png)\"><span class=\"d-none\">https:\/\/us.edu.pl\/wydzial\/wnst\/wp-content\/uploads\/sites\/18\/zdjecia-wydarzenia\/4-2.png<\/span><\/a><div class=\"gallery-big__small-items\">\r\n                        <a data-fancybox=\"1095\" href=\"https:\/\/us.edu.pl\/wydzial\/wnst\/wp-content\/uploads\/sites\/18\/zdjecia-wydarzenia\/5-2.png\"\r\n                        title=\"IT SEC [17 53c] z ka\u017cdej perspektywy \u2013 cyberbezpiecze\u0144stwo dla Ciebie 17.10.2024 r. | Fot. G. Machnik\" \r\n                        class=\"gallery-big__item  thumbnail\"\r\n                        style=\"background-image: url(https:\/\/us.edu.pl\/wydzial\/wnst\/wp-content\/uploads\/sites\/18\/zdjecia-wydarzenia\/5-2.png)\"><span class=\"d-none\">https:\/\/us.edu.pl\/wydzial\/wnst\/wp-content\/uploads\/sites\/18\/zdjecia-wydarzenia\/5-2.png<\/span><\/a>\r\n                        <a data-fancybox=\"1095\" href=\"https:\/\/us.edu.pl\/wydzial\/wnst\/wp-content\/uploads\/sites\/18\/zdjecia-wydarzenia\/6-2.png\"\r\n                        title=\"IT SEC [17 53c] z ka\u017cdej perspektywy \u2013 cyberbezpiecze\u0144stwo dla Ciebie 17.10.2024 r. | Fot. G. Machnik\" \r\n                        class=\"gallery-big__item  thumbnail\"\r\n                        style=\"background-image: url(https:\/\/us.edu.pl\/wydzial\/wnst\/wp-content\/uploads\/sites\/18\/zdjecia-wydarzenia\/6-2.png)\"><span class=\"d-none\">https:\/\/us.edu.pl\/wydzial\/wnst\/wp-content\/uploads\/sites\/18\/zdjecia-wydarzenia\/6-2.png<\/span><\/a><\/div><\/div><div class=\"row m-0\">\r\n                        <a data-fancybox=\"1095\" href=\"https:\/\/us.edu.pl\/wydzial\/wnst\/wp-content\/uploads\/sites\/18\/zdjecia-wydarzenia\/7-2.png\"\r\n                        title=\"IT SEC [17 53c] z ka\u017cdej perspektywy \u2013 cyberbezpiecze\u0144stwo dla Ciebie 17.10.2024 r. | Fot. G. Machnik\" \r\n                        class=\"gallery-big__item gallery-big__item_big thumbnail\"\r\n                        style=\"background-image: url(https:\/\/us.edu.pl\/wydzial\/wnst\/wp-content\/uploads\/sites\/18\/zdjecia-wydarzenia\/7-2.png)\"><span class=\"d-none\">https:\/\/us.edu.pl\/wydzial\/wnst\/wp-content\/uploads\/sites\/18\/zdjecia-wydarzenia\/7-2.png<\/span><\/a><div class=\"gallery-big__small-items\">\r\n                        <a data-fancybox=\"1095\" href=\"https:\/\/us.edu.pl\/wydzial\/wnst\/wp-content\/uploads\/sites\/18\/zdjecia-wydarzenia\/9-2.png\"\r\n                        title=\"IT SEC [17 53c] z ka\u017cdej perspektywy \u2013 cyberbezpiecze\u0144stwo dla Ciebie 17.10.2024 r. | Fot. G. Machnik\" \r\n                        class=\"gallery-big__item  thumbnail\"\r\n                        style=\"background-image: url(https:\/\/us.edu.pl\/wydzial\/wnst\/wp-content\/uploads\/sites\/18\/zdjecia-wydarzenia\/9-2.png)\"><span class=\"d-none\">https:\/\/us.edu.pl\/wydzial\/wnst\/wp-content\/uploads\/sites\/18\/zdjecia-wydarzenia\/9-2.png<\/span><\/a>\r\n                        <a data-fancybox=\"1095\" href=\"https:\/\/us.edu.pl\/wydzial\/wnst\/wp-content\/uploads\/sites\/18\/zdjecia-wydarzenia\/10-2.png\"\r\n                        title=\"IT SEC [17 53c] z ka\u017cdej perspektywy \u2013 cyberbezpiecze\u0144stwo dla Ciebie 17.10.2024 r. | Fot. G. Machnik\" \r\n                        class=\"gallery-big__item  thumbnail\"\r\n                        style=\"background-image: url(https:\/\/us.edu.pl\/wydzial\/wnst\/wp-content\/uploads\/sites\/18\/zdjecia-wydarzenia\/10-2.png)\"><span class=\"d-none\">https:\/\/us.edu.pl\/wydzial\/wnst\/wp-content\/uploads\/sites\/18\/zdjecia-wydarzenia\/10-2.png<\/span><\/a><\/div><\/div><div class=\"row m-0\">\r\n                        <a data-fancybox=\"1095\" href=\"https:\/\/us.edu.pl\/wydzial\/wnst\/wp-content\/uploads\/sites\/18\/zdjecia-wydarzenia\/11-2.png\"\r\n                        title=\"IT SEC [17 53c] z ka\u017cdej perspektywy \u2013 cyberbezpiecze\u0144stwo dla Ciebie 17.10.2024 r. | Fot. G. Machnik\" \r\n                        class=\"gallery-big__item gallery-big__item_big thumbnail\"\r\n                        style=\"background-image: url(https:\/\/us.edu.pl\/wydzial\/wnst\/wp-content\/uploads\/sites\/18\/zdjecia-wydarzenia\/11-2.png)\"><span class=\"d-none\">https:\/\/us.edu.pl\/wydzial\/wnst\/wp-content\/uploads\/sites\/18\/zdjecia-wydarzenia\/11-2.png<\/span><\/a><div class=\"gallery-big__small-items\">\r\n                        <a data-fancybox=\"1095\" href=\"https:\/\/us.edu.pl\/wydzial\/wnst\/wp-content\/uploads\/sites\/18\/zdjecia-wydarzenia\/12-2.png\"\r\n                        title=\"IT SEC [17 53c] z ka\u017cdej perspektywy \u2013 cyberbezpiecze\u0144stwo dla Ciebie 17.10.2024 r. | Fot. G. Machnik\" \r\n                        class=\"gallery-big__item  thumbnail\"\r\n                        style=\"background-image: url(https:\/\/us.edu.pl\/wydzial\/wnst\/wp-content\/uploads\/sites\/18\/zdjecia-wydarzenia\/12-2.png)\"><span class=\"d-none\">https:\/\/us.edu.pl\/wydzial\/wnst\/wp-content\/uploads\/sites\/18\/zdjecia-wydarzenia\/12-2.png<\/span><\/a>\r\n                        <a data-fancybox=\"1095\" href=\"https:\/\/us.edu.pl\/wydzial\/wnst\/wp-content\/uploads\/sites\/18\/zdjecia-wydarzenia\/16-2.png\"\r\n                        title=\"IT SEC [17 53c] z ka\u017cdej perspektywy \u2013 cyberbezpiecze\u0144stwo dla Ciebie 17.10.2024 r. | Fot. G. Machnik\" \r\n                        class=\"gallery-big__item  thumbnail\"\r\n                        style=\"background-image: url(https:\/\/us.edu.pl\/wydzial\/wnst\/wp-content\/uploads\/sites\/18\/zdjecia-wydarzenia\/16-2.png)\"><span class=\"d-none\">https:\/\/us.edu.pl\/wydzial\/wnst\/wp-content\/uploads\/sites\/18\/zdjecia-wydarzenia\/16-2.png<\/span><\/a><\/div><\/div><div class=\"row m-0\">\r\n                        <a data-fancybox=\"1095\" href=\"https:\/\/us.edu.pl\/wydzial\/wnst\/wp-content\/uploads\/sites\/18\/zdjecia-wydarzenia\/14-2.png\"\r\n                        title=\"IT SEC [17 53c] z ka\u017cdej perspektywy \u2013 cyberbezpiecze\u0144stwo dla Ciebie 17.10.2024 r. | Fot. G. Machnik\" \r\n                        class=\"gallery-big__item gallery-big__item_big thumbnail\"\r\n                        style=\"background-image: url(https:\/\/us.edu.pl\/wydzial\/wnst\/wp-content\/uploads\/sites\/18\/zdjecia-wydarzenia\/14-2.png)\"><span class=\"d-none\">https:\/\/us.edu.pl\/wydzial\/wnst\/wp-content\/uploads\/sites\/18\/zdjecia-wydarzenia\/14-2.png<\/span><\/a><div class=\"gallery-big__small-items\">\r\n                        <a data-fancybox=\"1095\" href=\"https:\/\/us.edu.pl\/wydzial\/wnst\/wp-content\/uploads\/sites\/18\/zdjecia-wydarzenia\/17-2.png\"\r\n                        title=\"IT SEC [17 53c] z ka\u017cdej perspektywy \u2013 cyberbezpiecze\u0144stwo dla Ciebie 17.10.2024 r. | Fot. G. Machnik\" \r\n                        class=\"gallery-big__item  thumbnail\"\r\n                        style=\"background-image: url(https:\/\/us.edu.pl\/wydzial\/wnst\/wp-content\/uploads\/sites\/18\/zdjecia-wydarzenia\/17-2.png)\"><span class=\"d-none\">https:\/\/us.edu.pl\/wydzial\/wnst\/wp-content\/uploads\/sites\/18\/zdjecia-wydarzenia\/17-2.png<\/span><\/a>\r\n                        <a data-fancybox=\"1095\" href=\"https:\/\/us.edu.pl\/wydzial\/wnst\/wp-content\/uploads\/sites\/18\/zdjecia-wydarzenia\/8-2.png\"\r\n                        title=\"IT SEC [17 53c] z ka\u017cdej perspektywy \u2013 cyberbezpiecze\u0144stwo dla Ciebie 17.10.2024 r. | Fot. G. Machnik\" \r\n                        class=\"gallery-big__item  thumbnail\"\r\n                        style=\"background-image: url(https:\/\/us.edu.pl\/wydzial\/wnst\/wp-content\/uploads\/sites\/18\/zdjecia-wydarzenia\/8-2.png)\"><span class=\"d-none\">https:\/\/us.edu.pl\/wydzial\/wnst\/wp-content\/uploads\/sites\/18\/zdjecia-wydarzenia\/8-2.png<\/span><\/a><\/div><\/div><div class=\"row m-0\">\r\n                        <a data-fancybox=\"1095\" href=\"https:\/\/us.edu.pl\/wydzial\/wnst\/wp-content\/uploads\/sites\/18\/zdjecia-wydarzenia\/19-1.png\"\r\n                        title=\"IT SEC [17 53c] z ka\u017cdej perspektywy \u2013 cyberbezpiecze\u0144stwo dla Ciebie 17.10.2024 r. | Fot. G. Machnik\" \r\n                        class=\"gallery-big__item gallery-big__item_big thumbnail\"\r\n                        style=\"background-image: url(https:\/\/us.edu.pl\/wydzial\/wnst\/wp-content\/uploads\/sites\/18\/zdjecia-wydarzenia\/19-1.png)\"><span class=\"d-none\">https:\/\/us.edu.pl\/wydzial\/wnst\/wp-content\/uploads\/sites\/18\/zdjecia-wydarzenia\/19-1.png<\/span><\/a><div class=\"gallery-big__small-items\">\r\n                        <a data-fancybox=\"1095\" href=\"https:\/\/us.edu.pl\/wydzial\/wnst\/wp-content\/uploads\/sites\/18\/zdjecia-wydarzenia\/18-2.png\"\r\n                        title=\"IT SEC [17 53c] z ka\u017cdej perspektywy \u2013 cyberbezpiecze\u0144stwo dla Ciebie 17.10.2024 r. | Fot. G. Machnik\" \r\n                        class=\"gallery-big__item  thumbnail\"\r\n                        style=\"background-image: url(https:\/\/us.edu.pl\/wydzial\/wnst\/wp-content\/uploads\/sites\/18\/zdjecia-wydarzenia\/18-2.png)\"><span class=\"d-none\">https:\/\/us.edu.pl\/wydzial\/wnst\/wp-content\/uploads\/sites\/18\/zdjecia-wydarzenia\/18-2.png<\/span><\/a>\r\n                        <a data-fancybox=\"1095\" href=\"https:\/\/us.edu.pl\/wydzial\/wnst\/wp-content\/uploads\/sites\/18\/zdjecia-wydarzenia\/15-2.png\"\r\n                        title=\"IT SEC [17 53c] z ka\u017cdej perspektywy \u2013 cyberbezpiecze\u0144stwo dla Ciebie 17.10.2024 r. | Fot. G. Machnik\" \r\n                        class=\"gallery-big__item  thumbnail\"\r\n                        style=\"background-image: url(https:\/\/us.edu.pl\/wydzial\/wnst\/wp-content\/uploads\/sites\/18\/zdjecia-wydarzenia\/15-2.png)\"><span class=\"d-none\">https:\/\/us.edu.pl\/wydzial\/wnst\/wp-content\/uploads\/sites\/18\/zdjecia-wydarzenia\/15-2.png<\/span><\/a><\/div><\/div><div class=\"row m-0\">\r\n                        <a data-fancybox=\"1095\" href=\"https:\/\/us.edu.pl\/wydzial\/wnst\/wp-content\/uploads\/sites\/18\/zdjecia-wydarzenia\/13-2.png\"\r\n                        title=\"IT SEC [17 53c] z ka\u017cdej perspektywy \u2013 cyberbezpiecze\u0144stwo dla Ciebie 17.10.2024 r. | Fot. G. Machnik\" \r\n                        class=\"gallery-big__item gallery-big__item_big thumbnail\"\r\n                        style=\"background-image: url(https:\/\/us.edu.pl\/wydzial\/wnst\/wp-content\/uploads\/sites\/18\/zdjecia-wydarzenia\/13-2.png)\"><span class=\"d-none\">https:\/\/us.edu.pl\/wydzial\/wnst\/wp-content\/uploads\/sites\/18\/zdjecia-wydarzenia\/13-2.png<\/span><\/a><div class=\"gallery-big__small-items\">\r\n                        <a data-fancybox=\"1095\" href=\"https:\/\/us.edu.pl\/wydzial\/wnst\/wp-content\/uploads\/sites\/18\/zdjecia-wydarzenia\/21-1.png\"\r\n                        title=\"IT SEC [17 53c] z ka\u017cdej perspektywy \u2013 cyberbezpiecze\u0144stwo dla Ciebie 17.10.2024 r. | Fot. G. Machnik\" \r\n                        class=\"gallery-big__item  thumbnail\"\r\n                        style=\"background-image: url(https:\/\/us.edu.pl\/wydzial\/wnst\/wp-content\/uploads\/sites\/18\/zdjecia-wydarzenia\/21-1.png)\"><span class=\"d-none\">https:\/\/us.edu.pl\/wydzial\/wnst\/wp-content\/uploads\/sites\/18\/zdjecia-wydarzenia\/21-1.png<\/span><\/a>\r\n                        <a data-fancybox=\"1095\" href=\"https:\/\/us.edu.pl\/wydzial\/wnst\/wp-content\/uploads\/sites\/18\/zdjecia-wydarzenia\/20-1.png\"\r\n                        title=\"IT SEC [17 53c] z ka\u017cdej perspektywy \u2013 cyberbezpiecze\u0144stwo dla Ciebie 17.10.2024 r. | Fot. G. Machnik\" \r\n                        class=\"gallery-big__item  thumbnail\"\r\n                        style=\"background-image: url(https:\/\/us.edu.pl\/wydzial\/wnst\/wp-content\/uploads\/sites\/18\/zdjecia-wydarzenia\/20-1.png)\"><span class=\"d-none\">https:\/\/us.edu.pl\/wydzial\/wnst\/wp-content\/uploads\/sites\/18\/zdjecia-wydarzenia\/20-1.png<\/span><\/a><\/div><\/div>\r\n                    <\/div>\r\n                <\/div>[\/vc_column][\/vc_row]<\/p>","protected":false},"excerpt":{"rendered":"<p>[vc_row][vc_column width=&#8221;1\/2&#8243;][\/vc_column][vc_column width=&#8221;1\/2&#8243;][vc_single_image image=&#8221;180008&#8243; img_size=&#8221;large&#8221; alignment=&#8221;center&#8221; style=&#8221;vc_box_rounded&#8221;][\/vc_column][\/vc_row][vc_row][vc_column][vc_separator color=&#8221;custom&#8221; border_width=&#8221;2&#8243; accent_color=&#8221;#bc95e2&#8243;][vc_tta_tabs style=&#8221;outline&#8221; color=&#8221;purple&#8221; active_section=&#8221;1&#8243;][vc_tta_section title=&#8221;Agenda&#8221; tab_id=&#8221;1728549861438-1437964c-de22&#8243;][\/vc_tta_section][vc_tta_section title=&#8221;Debata&#8221; tab_id=&#8221;1728623623187-670c2407-caa4&#8243;][vc_row_inner][vc_column_inner width=&#8221;1\/2&#8243;][\/vc_column_inner][vc_column_inner width=&#8221;1\/2&#8243;][vc_single_image image=&#8221;180049&#8243; img_size=&#8221;large&#8221; alignment=&#8221;center&#8221; style=&#8221;vc_box_rounded&#8221;][\/vc_column_inner][\/vc_row_inner][\/vc_tta_section][vc_tta_section title=&#8221;Warsztat&#8221; tab_id=&#8221;1728550834427-7b1a8e50-bca2&#8243;][\/vc_tta_section][vc_tta_section title=&#8221;Prelegenci&#8221; tab_id=&#8221;1728550670521-8422d7bd-d317&#8243;][\/vc_tta_section][\/vc_tta_tabs][vc_row_inner][vc_column_inner el_class=&#8221;foto&#8221; width=&#8221;1\/5&#8243;][vc_column_text] dr Kornel Chromi\u0144ski Instytut Informatyki [\/vc_column_text][\/vc_column_inner][vc_column_inner el_class=&#8221;foto&#8221; width=&#8221;1\/5&#8243;][vc_column_text] dr Magdalena Tkacz Instytut Informatyki [\/vc_column_text][\/vc_column_inner][vc_column_inner el_class=&#8221;foto&#8221; width=&#8221;1\/5&#8243;][vc_column_text] Jakub Plusczok Fundacja 17 53c [\/vc_column_text][\/vc_column_inner][vc_column_inner el_class=&#8221;foto&#8221; width=&#8221;1\/5&#8243;][vc_column_text] \u0141ukasz Wro\u0144ski [&#8230;]<\/p>\n<p><a class=\"btn btn-secondary understrap-read-more-link\" href=\"https:\/\/us.edu.pl\/wydzial\/wnst\/event\/cyberbezpieczenstwo-dla-ciebie\/\">Read More&#8230;<\/a><\/p>\n","protected":false},"author":92,"featured_media":0,"template":"","meta":{"_expiration-date-status":"","_expiration-date":0,"_expiration-date-type":"","_expiration-date-categories":[],"_expiration-date-options":[]},"acf":[],"_links":{"self":[{"href":"https:\/\/us.edu.pl\/wydzial\/wnst\/wp-json\/wp\/v2\/event\/179637"}],"collection":[{"href":"https:\/\/us.edu.pl\/wydzial\/wnst\/wp-json\/wp\/v2\/event"}],"about":[{"href":"https:\/\/us.edu.pl\/wydzial\/wnst\/wp-json\/wp\/v2\/types\/event"}],"author":[{"embeddable":true,"href":"https:\/\/us.edu.pl\/wydzial\/wnst\/wp-json\/wp\/v2\/users\/92"}],"version-history":[{"count":10,"href":"https:\/\/us.edu.pl\/wydzial\/wnst\/wp-json\/wp\/v2\/event\/179637\/revisions"}],"predecessor-version":[{"id":180590,"href":"https:\/\/us.edu.pl\/wydzial\/wnst\/wp-json\/wp\/v2\/event\/179637\/revisions\/180590"}],"wp:attachment":[{"href":"https:\/\/us.edu.pl\/wydzial\/wnst\/wp-json\/wp\/v2\/media?parent=179637"}],"curies":[{"name":"wp","href":"https:\/\/api.w.org\/{rel}","templated":true}]}}