{"id":180752,"date":"2024-10-24T14:57:53","date_gmt":"2024-10-24T12:57:53","guid":{"rendered":"https:\/\/us.edu.pl\/wydzial\/wnst\/?post_type=event&#038;p=180752"},"modified":"2024-11-05T13:53:40","modified_gmt":"2024-11-05T12:53:40","slug":"pseudonauka-w-chemii-i-fizyce","status":"publish","type":"event","link":"https:\/\/us.edu.pl\/wydzial\/wnst\/event\/pseudonauka-w-chemii-i-fizyce\/","title":{"rendered":"Pseudonauka w chemii i fizyce: Jak b\u0142\u0119dne interpretacje nauki wp\u0142ywaj\u0105 na zdrowie i spo\u0142ecze\u0144stwo? | Panel dyskusyjny"},"content":{"rendered":"<p>[vc_row content_placement=&#8221;middle&#8221;][vc_column width=&#8221;2\/3&#8243;]\r\n                <div class=\"text-modules\">\r\n                    <div class=\"container\">\r\n                        \r\n                        <div class=\"text-modules__content\"><\/p>\n<div dir=\"auto\">\n<div dir=\"auto\"><\/div>\n<\/div>\n<h3><span style=\"color: #002e5a;\"><b>Espresso z ekspertami! \u2013 inspiruj\u0105ce spotkania m\u0142odych z mistrzami nauki.<\/b><\/span><\/h3>\n<p>Serdecznie zapraszamy na cykl popularnonaukowych wyk\u0142ad\u00f3w o tematyce nauk \u015bcis\u0142ych i technicznych. Prelekcje skierowane s\u0105 do wszystkich zainteresowanych \u2013 student\u00f3w, uczni\u00f3w oraz pasjonat\u00f3w nauki.\u00a0G\u0142\u00f3wnym celem wyk\u0142ad\u00f3w jest zach\u0119cenie uczestnik\u00f3w do poznawania fascynuj\u0105cego \u015bwiata nauk \u015bcis\u0142ych oraz poszerzenia ich dotychczasowej wiedzy.\u00a0Podczas wyk\u0142ad\u00f3w wyst\u0105pi\u0105 zar\u00f3wno wybitni naukowcy, kt\u00f3rzy podziel\u0105 si\u0119 najnowszymi odkryciami w dziedzinach:\u00a0 fizyki, informatyki i chemii, jak i znani popularyzatorzy nauki, kt\u00f3rzy przyst\u0119pnie zaprezentuj\u0105 ciekawe tematy.<\/p>\n<p>Link do strony projektu: <a href=\"https:\/\/us.edu.pl\/wydzial\/wnst\/wspolpraca\/konferencje\/espresso-z-ekspertami-inspirujace-spotkania-mlodych-z-mistrzami-nauki\/\">Espresso z ekspertami |Inspiruj\u0105ce spotkania m\u0142odych z mistrzami nauki<\/a><\/p>\n<\/div>\r\n                    <\/div>\r\n                <\/div>[\/vc_column][vc_column width=&#8221;1\/3&#8243;][vc_single_image image=&#8221;174854&#8243; img_size=&#8221;large&#8221; alignment=&#8221;center&#8221; style=&#8221;vc_box_rounded&#8221; onclick=&#8221;custom_link&#8221; link=&#8221;https:\/\/us.edu.pl\/wydzial\/wnst\/wspolpraca\/konferencje\/espresso-z-ekspertami-inspirujace-spotkania-mlodych-z-mistrzami-nauki\/&#8221;][\/vc_column][\/vc_row][vc_row][vc_column][vc_separator color=&#8221;orange&#8221;]\r\n                <div class=\"text-modules\">\r\n                    <div class=\"container\">\r\n                        \r\n                        <div class=\"text-modules__content\"><\/p>\n<h3><span style=\"color: #002e5a;\">Pseudonauka w chemii i fizyce: Jak b\u0142\u0119dne interpretacje nauki wp\u0142ywaj\u0105 na zdrowie i spo\u0142ecze\u0144stwo?<\/span><\/h3>\n<p>\n<\/div>\r\n                    <\/div>\r\n                <\/div>[\/vc_column][\/vc_row][vc_row][vc_column width=&#8221;2\/3&#8243;]\r\n                <div class=\"text-modules\">\r\n                    <div class=\"container\">\r\n                        \r\n                        <div class=\"text-modules__content\"><p>Serdecznie zapraszamy na debat\u0119 \u0142\u0105cz\u0105c\u0105 medycyn\u0119, fizyk\u0119, chemi\u0119 i filozofi\u0119, podczas kt\u00f3rej spr\u00f3bujemy odpowiedzie\u0107 na pytania ja to si\u0119 dzieje, \u017ce b\u0142\u0119dne rozumienie podstawowych poj\u0119\u0107 z tych dziedzin prowadzi do rozpowszechniania pseudonaukowych teorii i szkodliwych praktyk zdrowotnych?<\/p>\n<p>Podczas debaty poruszymy nast\u0119puj\u0105ce kwestie:<\/p>\n<ul>\n<li><strong>Pseudonauka w chemii i fizyce<\/strong> \u2013 Jakie teorie pseudonaukowe z dziedziny chemii i fizyki przenikaj\u0105 do medycyny (np. strukturyzowana woda, zjawiska energetyczne) i jak s\u0105 b\u0142\u0119dnie interpretowane?<\/li>\n<li><strong>Pseudoleki i ich &#8222;chemiczne&#8221; podstawy<\/strong> \u2013 Przyk\u0142ady produkt\u00f3w, kt\u00f3re s\u0105 reklamowane na podstawie fa\u0142szywych teorii chemicznych, jak homeopatia (rozcie\u0144czanie substancji) czy \u201eleki&#8221; na bazie metali ci\u0119\u017ckich, a tak\u017ce wp\u0142yw pseudonaukowych teorii fizycznych (jak &#8222;leczenie falami kwantowymi&#8221;).<\/li>\n<li><strong>Wp\u0142yw b\u0142\u0119dnej fizyki na zdrowie<\/strong> \u2013 Przyk\u0142ady zastosowa\u0144 rzekomej fizyki kwantowej w terapii alternatywnej oraz ich brak oparcia w rzeczywistej nauce. Jak te teorie oddzia\u0142uj\u0105 na wybory pacjent\u00f3w i rynek medycyny?<\/li>\n<li><strong>Chemofobia i l\u0119k przed \u201esztucznymi substancjami&#8221;<\/strong> \u2013 Jak pseudonauka wzmacnia irracjonalny strach przed substancjami chemicznymi (np. \u201ewszystko, co chemiczne, jest z\u0142e&#8221;) i promuje ide\u0119 &#8222;naturalno\u015bci&#8221; jako synonimu bezpiecze\u0144stwa?<\/li>\n<li><strong>Rozr\u00f3\u017cnienie prawdziwej nauki od pseudonauki<\/strong> \u2013 Jakie kryteria musz\u0105 spe\u0142nia\u0107 odkrycia naukowe z zakresu chemii i fizyki, aby mo\u017cna je by\u0142o uzna\u0107 za wiarygodne? Analiza metodologii naukowej vs. pseudonaukowe praktyki.<\/li>\n<li><strong>Rola edukacji w chemii i fizyce w obalaniu pseudonauki<\/strong> \u2013 Jak lepsza edukacja w zakresie chemii i fizyki mog\u0142aby pom\u00f3c w u\u015bwiadamianiu spo\u0142ecze\u0144stwa, jak dzia\u0142aj\u0105 substancje i prawa fizyki w rzeczywisto\u015bci, oraz jak odr\u00f3\u017cnia\u0107 nauk\u0119 od mit\u00f3w?<\/li>\n<\/ul>\n<p>\n<\/div>\r\n                    <\/div>\r\n                <\/div>[\/vc_column][vc_column width=&#8221;1\/3&#8243;][vc_single_image image=&#8221;180760&#8243; img_size=&#8221;large&#8221; alignment=&#8221;center&#8221; style=&#8221;vc_box_rounded&#8221; onclick=&#8221;img_link_large&#8221;][\/vc_column][\/vc_row][vc_row][vc_column]\r\n                <div class=\"text-modules\">\r\n                    <div class=\"container\">\r\n                        \r\n                        <div class=\"text-modules__content\"><p>Do debaty zaprosili\u015bmy <strong>dr \u0141ukasza Lam\u017c\u0119<\/strong>,\u00a0<strong>prof. dr hab. Roberta Musio\u0142a<\/strong>\u00a0oraz\u00a0<strong>dr hab. Jacka Szczytko, prof<\/strong>. UW. Dyskusj\u0119 moderowa\u0107 b\u0119dzie <strong>dr hab. Agnieszka Nowak-Brzezi\u0144ska, prof. U\u015a<\/strong><\/p>\n<\/div>\r\n                    <\/div>\r\n                <\/div>[\/vc_column][\/vc_row][vc_row][vc_column][vc_separator color=&#8221;orange&#8221;][\/vc_column][\/vc_row][vc_row][vc_column width=&#8221;1\/3&#8243;][vc_single_image image=&#8221;174713&#8243; img_size=&#8221;large&#8221; add_caption=&#8221;yes&#8221; alignment=&#8221;center&#8221; style=&#8221;vc_box_rounded&#8221;][\/vc_column][vc_column width=&#8221;2\/3&#8243;][vc_column_text]<\/p>\n<h3><span style=\"color: #002e5a;\"><strong>Dr \u0141ukasz Lam\u017ca<\/strong><\/span><\/h3>\n<p>Filozof, specjalizuj\u0105cy si\u0119 w filozofii nauki i biologii teoretycznej, dziennikarz naukowy, pracownik Centrum Kopernika Bada\u0144 Interdyscyplinarnych (Uniwersytet Jagiello\u0144ski) oraz cz\u0142onek redakcji \u201eTygodnika Powszechnego\u201d.<\/p>\n<p>Jego karier\u0119 naukow\u0105 rozpocz\u0119\u0142y studia na Mi\u0119dzywydzia\u0142owych Indywidualnych Studiach Humanistycznych na Uniwersytecie \u015al\u0105skim, w ramach kt\u00f3rych uko\u0144czy\u0142 filozofi\u0119 i socjologi\u0119. Kontynuowa\u0142 nauk\u0119 na studiach doktoranckich z filozofii na UPJP2 w Krakowie oraz na Mi\u0119dzywydzia\u0142owych Indywidualnych Studiach Matematyczno-Przyrodniczych na Uniwersytecie \u015al\u0105skim, gdzie jako kierunki wiod\u0105ce wybra\u0142 fizyk\u0119 i geologi\u0119. Tytu\u0142 doktora uzyska\u0142 w 2013 roku. Aktualnie prowadzi badania z zakresu biologii teoretycznej, specjalizuj\u0105c si\u0119 w por\u00f3wnawczej biologii protist\u00f3w.<\/p>\n<p>Na co dzie\u0144 po\u015bwi\u0119ca si\u0119 nie tylko pracy uniwersyteckiej, ale r\u00f3wnie\u017c dziennikarstwu. Za osi\u0105gni\u0119cia w tej dziedzinie dwukrotnie nominowano go do nagrody Grand Press (w kategorii dziennikarstwo specjalistyczne). Jego felietony mo\u017cna znale\u017a\u0107 r\u00f3wnie\u017c w\u00a0<a href=\"https:\/\/gazeta.us.edu.pl\/node\/428153\">\u201eGazecie Uniwersyteckiej U\u015a\u201d<\/a>. Prowadzi na YouTube cotygodniowy przegl\u0105d prasy naukowej pt.\u00a0<a href=\"https:\/\/www.youtube.com\/playlist?list=PLuqpwpkBmbAn3lA7tY9lO3LaUOaRkAq1A\">\u201eCzytamy natur\u0119\u201d<\/a>.<\/p>\n<p>Jest autorem ksi\u0105\u017cek, m.in. Przekr\u00f3j przez Wszech\u015bwiat (2014), Wszech\u015bwiat krok po kroku (2017), \u015awiaty r\u00f3wnoleg\u0142e (2020), Po\u0142\u0105cz kropki (2011) i Trudno powiedzie\u0107 (2022). Przet\u0142umaczy\u0142 te\u017c kilkana\u015bcie tytu\u0142\u00f3w naukowych i popularnonaukowych dla wydawnictwa Copernicus Center Press, m.in. Mod\u0119, wiar\u0119 i fantazj\u0119 w nowej fizyce wszech\u015bwiata Rogera Penrose\u2019a.<\/p>\n<p>Z dzia\u0142alno\u015bci\u0105<strong>\u00a0dr. \u0141ukasza Lam\u017cy<\/strong>\u00a0mo\u017cna zapozna\u0107 si\u0119 na prowadzonym przez niego\u00a0<a href=\"https:\/\/www.facebook.com\/co.robi.lukasz.lamza\">fanpage\u2019u<\/a>. Opr\u00f3cz informacji na temat kolejnych spotka\u0144 i publikacji znajduj\u0105 si\u0119 tam linki do wyk\u0142ad\u00f3w naukowca na YouTubie, recenzje ksi\u0105\u017cek, a tak\u017ce materia\u0142y typu \u201efood for though\u201d, czyli \u201ekuskus dla m\u00f3zgu\u201d, kt\u00f3re \u2013 jak pisze dr Lam\u017ca \u2013 maj\u0105 \u201ezmusi\u0107 Czytelnik\u00f3w do dumania nad Kosmosem\u201d.<\/p>\n<p>Jest dyrektorem kreatywnym Europejskiego Miasta Nauki 2024 ds. programu 50 tygodni nauki dla spo\u0142ecze\u0144stwa i ambasador \u015al\u0105skiego Festiwalu Nauki KATOWICE.<\/p>\n<p>Nominowany do nagrody <a href=\"https:\/\/slaskifestiwalnauki.pl\/pop-science-2024-nominacje-i-glosowanie\">POP SCIENCE 2024<\/a> w kategorii wideoblog za <a href=\"https:\/\/www.youtube.com\/playlist?list=PLuqpwpkBmbAn3lA7tY9lO3LaUOaRkAq1A\">Czytamy natur\u0119<\/a>.<\/p>\n<p><small><em>\u0179r\u00f3d\u0142o:\u00a0<a href=\"https:\/\/slaskifestiwalnauki.pl\/ambasador-lukasz-lamza\">dr \u0141ukasz Lam\u017ca | \u015al\u0105ski Festiwal Nauki KATOWICE<\/a><\/em><\/small>[\/vc_column_text][\/vc_column][\/vc_row][vc_row][vc_column][vc_separator color=&#8221;orange&#8221;][\/vc_column][\/vc_row][vc_row][vc_column width=&#8221;1\/3&#8243;][vc_single_image image=&#8221;175721&#8243; img_size=&#8221;large&#8221; add_caption=&#8221;yes&#8221; alignment=&#8221;center&#8221; style=&#8221;vc_box_rounded&#8221;][\/vc_column][vc_column width=&#8221;2\/3&#8243;][vc_column_text]<\/p>\n<h3><span style=\"color: #002e5a;\"><strong>Prof. dr hab. Robert Musio\u0142<\/strong><\/span><\/h3>\n<p>Prof. Robert Musio\u0142 jest dyrektorem Instytutu Chemii Uniwersytetu \u015al\u0105skiego. Jego zainteresowania naukowe koncentruj\u0105 si\u0119 na chemii farmaceutycznej oraz nanofarmakologii. Uko\u0144czy\u0142 studia nauczycielskie w Cz\u0119stochowie, a doktorat z chemii obroni\u0142 na Uniwersytecie \u015al\u0105skim w Katowicach. W 2013 roku uzyska\u0142 habilitacj\u0119 w zakresie nauk farmaceutycznych na Uniwersytecie Jagiello\u0144skim, a w 2020 roku zosta\u0142 profesorem nauk medycznych i nauk o zdrowiu. Jest autorem ponad 120 publikacji naukowych i wsp\u00f3\u0142autorem 40 patent\u00f3w. Znalaz\u0142 si\u0119 w grupie top 2% naukowc\u00f3w na \u015bwiecie wed\u0142ug rankingu Uniwersytetu Stanforda.<\/p>\n<p>Dzia\u0142alno\u015b\u0107 naukowa profesora Roberta Musio\u0142a obejmuje projektowanie lek\u00f3w przeciwnowotworowych oraz przeciwbakteryjnych. Jego prace interdyscyplinarne dotycz\u0105 mi\u0119dzy innymi ochrony starodruk\u00f3w przed mikroorganizmami poprzez zastosowanie \u015brodk\u00f3w chemicznych o w\u0142a\u015bciwo\u015bciach przeciwdrobnoustrojowych oraz wykorzystania metod chemicznych w dendrochronologii. Jest tak\u017ce cz\u0142onkiem redakcji kilku mi\u0119dzynarodowych czasopism naukowych, takich jak <em>Scientific Reports<\/em> i <em>Medicinal Chemistry<\/em>, oraz laureatem wielu nagr\u00f3d.<\/p>\n<p>Jego wielk\u0105 pasj\u0105 jest te\u017c popularyzacja nauki. Profesor Musio\u0142 bierze udzia\u0142 w takich inicjatywach jak \u015al\u0105ski Festiwal Nauki, gdzie prezentuje wyniki bada\u0144 szerokiej publiczno\u015bci oraz prowadzi wyk\u0142ady popularyzuj\u0105ce chemi\u0119 i farmakologi\u0119 <a href=\"https:\/\/us.edu.pl\/wydzial\/wnst\/komunikaty\/ksztalcenie-dla-przyszlosci-podsumowanie-zimowej-edycji\/\">https:\/\/us.edu.pl\/wydzial\/wnst\/komunikaty\/ksztalcenie-dla-przyszlosci-podsumowanie-zimowej-edycji\/<\/a><\/p>\n<p>Udziela r\u00f3wnie\u017c wywiad\u00f3w i wyst\u0119puje w podcastach naukowych, dziel\u0105c si\u0119 wiedz\u0105 na temat nowoczesnych technologii farmaceutycznych<\/p>\n<ul>\n<li><a href=\"https:\/\/radionaukowe.pl\/podcast\/leki-jak-dzialaja-i-jak-je-tworzy-wspolczesna-farmakologia-e143\/\">https:\/\/radionaukowe.pl\/podcast\/leki-jak-dzialaja-i-jak-je-tworzy-wspolczesna-farmakologia-e143\/<\/a><\/li>\n<li><a href=\"https:\/\/us.edu.pl\/multimedia\/magiczny-pocisk-i-niezdrowy-apetyt-komorek-rakowych-scena-premier-naukowych\/\">https:\/\/us.edu.pl\/multimedia\/magiczny-pocisk-i-niezdrowy-apetyt-komorek-rakowych-scena-premier-naukowych\/<\/a><\/li>\n<li><a href=\"https:\/\/youtu.be\/ICVQnungq00?si=z_L-frQFK64deeEU\">https:\/\/youtu.be\/ICVQnungq00?si=z_L-frQFK64deeEU<\/a><\/li>\n<li><a href=\"https:\/\/youtu.be\/wjsF5LOOVlQ?si=TTsJn_g8xD7Jd7xK\">https:\/\/youtu.be\/wjsF5LOOVlQ?si=TTsJn_g8xD7Jd7xK<\/a><\/li>\n<\/ul>\n<p>[\/vc_column_text][\/vc_column][\/vc_row][vc_row][vc_column][vc_separator color=&#8221;orange&#8221;][\/vc_column][\/vc_row][vc_row][vc_column width=&#8221;1\/3&#8243;][vc_single_image image=&#8221;175726&#8243; img_size=&#8221;large&#8221; add_caption=&#8221;yes&#8221; alignment=&#8221;center&#8221; style=&#8221;vc_box_rounded&#8221;][\/vc_column][vc_column width=&#8221;2\/3&#8243;][vc_column_text]<\/p>\n<h3><span style=\"color: #002e5a;\"><strong>Dr hab. Jacek Szczytko<\/strong><\/span><\/h3>\n<p>Absolwent Wydzia\u0142u Fizyki Uniwersytetu Warszawskiego, stypendysta Fundacji na rzecz Nauki Polskiej. Po powrocie z 3 letniego sta\u017cu w \u00c9cole Polytechnique F\u00e9d\u00e9rale de Lausanne (EPFL, Szwajcaria, 2001-2004) zorganizowa\u0142 na Uniwersytecie Warszawskim nowy kierunek studi\u00f3w \u201eIn\u017cynieri\u0119 nanostruktur\u201d, \u0142\u0105cz\u0105cy chemi\u0119 i fizyk\u0119. Od 2021 r. s\u0105 to ju\u017c studia 7\u2011mio semestralne \u201eNanoin\u017cynieria\u201d daj\u0105ce tytu\u0142 in\u017cyniera. Pracuje na Wydziale Fizyki UW, zawodowo zajmuje si\u0119 nanotechnologi\u0105, mechanik\u0105 kwantow\u0105 i optyk\u0105, opiekuje si\u0119 dwoma specjalistycznymi laboratoriami: magnetometrii i laboratorium polarytonowym. Jego pasj\u0105 jest technika, zw\u0142aszcza zastosowania mechaniki kwantowej i nanotechnologii w \u017cyciu codziennym. Wyk\u0142ad dr Szczytko \u201e<em>Jak TO dzia\u0142a? Urz\u0105dzenia kwantowe<\/em>\u201d jest jednym najpopularniejszych wyk\u0142ad\u00f3w og\u00f3lnouniwersyteckich na UW. Obecnie prowadzi wiele wyk\u0142ad\u00f3w kursowych (mo\u017cna wyszuka\u0107 w Internecie \u201eJacek Szczytko\u201d lub wej\u015b\u0107 na stron\u0119\u00a0<a href=\"http:\/\/www.fuw.edu.pl\/~szczytko\">http:\/\/www.fuw.edu.pl\/~szczytko<\/a>).<\/p>\n<p>Jego prace naukowe mo\u017cna znale\u017a\u0107 w\u00a0<em>Science<\/em>,\u00a0<em>Physical Review Letters<\/em>,\u00a0<em>Light Science &amp; Applications, Optica, JACS<\/em>\u00a0i w wielu innych presti\u017cowych czasopismach naukowych. Od 2020 r. jest koordynatorem projektu europejskiego FET-Open \u201eTopoLight\u201d, w kt\u00f3rego sk\u0142ad wchodzi IBM Zurich, Institute Pascal CNRS, Wojskowa Akademia Techniczna i University of Southampton.<\/p>\n<p>Opr\u00f3cz prac naukowych zajmuje si\u0119 popularyzacj\u0105 nauki i promowaniem nowych technologii. Jeszcze w czasach doktoratu, czyli pod koniec lat 90-tych, pracowa\u0142 w projekcie \u201eInternet dla Szk\u00f3\u0142\u201d i napisa\u0142 4 podr\u0119czniki do obs\u0142ugi program\u00f3w sieciowych. Od dekady opiekuje si\u0119 Studenckim Ko\u0142em Naukowym \u201eNanorurki\u201d i jest kierownikiem \u201eNanoin\u017cynierii\u201d.[\/vc_column_text][\/vc_column][\/vc_row][vc_row][vc_column css=&#8221;.vc_custom_1712829345753{border-top-width: 4px !important;border-right-width: 4px !important;border-bottom-width: 4px !important;border-left-width: 4px !important;background-color: #ef7d00 !important;border-left-color: #ef7d00 !important;border-right-color: #ef7d00 !important;border-top-color: #ef7d00 !important;border-bottom-color: #ef7d00 !important;border-radius: 4px !important;}&#8221;]\r\n                <div class=\"text-modules\">\r\n                    <div class=\"container\">\r\n                        \r\n                        <div class=\"text-modules__content\"><p><span style=\"color: #003366;\">Wydarzenie realizowane jest w ramach obchod\u00f3w Europejskiego Miasta Nauki Katowice 2024, w pa\u015bmie Miasto-Region-Akademia. Wydarzenie jest dofinansowane ze \u015brodk\u00f3w Wojew\u00f3dztwa \u015al\u0105skiego \u2013 Wsp\u00f3\u0142organizatora Europejskiego Miasta Nauki Katowice 2024.<\/span><\/p>\n<\/div>\r\n                    <\/div>\r\n                <\/div>[\/vc_column][\/vc_row]<\/p>","protected":false},"excerpt":{"rendered":"<p>[vc_row content_placement=&#8221;middle&#8221;][vc_column width=&#8221;2\/3&#8243;][\/vc_column][vc_column width=&#8221;1\/3&#8243;][vc_single_image image=&#8221;174854&#8243; img_size=&#8221;large&#8221; alignment=&#8221;center&#8221; style=&#8221;vc_box_rounded&#8221; onclick=&#8221;custom_link&#8221; link=&#8221;https:\/\/us.edu.pl\/wydzial\/wnst\/wspolpraca\/konferencje\/espresso-z-ekspertami-inspirujace-spotkania-mlodych-z-mistrzami-nauki\/&#8221;][\/vc_column][\/vc_row][vc_row][vc_column][vc_separator color=&#8221;orange&#8221;][\/vc_column][\/vc_row][vc_row][vc_column width=&#8221;2\/3&#8243;][\/vc_column][vc_column width=&#8221;1\/3&#8243;][vc_single_image image=&#8221;180760&#8243; img_size=&#8221;large&#8221; alignment=&#8221;center&#8221; style=&#8221;vc_box_rounded&#8221; onclick=&#8221;img_link_large&#8221;][\/vc_column][\/vc_row][vc_row][vc_column][\/vc_column][\/vc_row][vc_row][vc_column][vc_separator color=&#8221;orange&#8221;][\/vc_column][\/vc_row][vc_row][vc_column width=&#8221;1\/3&#8243;][vc_single_image image=&#8221;174713&#8243; img_size=&#8221;large&#8221; add_caption=&#8221;yes&#8221; alignment=&#8221;center&#8221; style=&#8221;vc_box_rounded&#8221;][\/vc_column][vc_column width=&#8221;2\/3&#8243;][vc_column_text] Dr \u0141ukasz Lam\u017ca Filozof, specjalizuj\u0105cy si\u0119 w filozofii nauki i biologii teoretycznej, dziennikarz naukowy, pracownik Centrum Kopernika Bada\u0144 Interdyscyplinarnych (Uniwersytet Jagiello\u0144ski) oraz cz\u0142onek redakcji \u201eTygodnika Powszechnego\u201d. Jego karier\u0119 naukow\u0105 [&#8230;]<\/p>\n<p><a class=\"btn btn-secondary understrap-read-more-link\" href=\"https:\/\/us.edu.pl\/wydzial\/wnst\/event\/pseudonauka-w-chemii-i-fizyce\/\">Read More&#8230;<\/a><\/p>\n","protected":false},"author":92,"featured_media":0,"template":"","meta":{"_expiration-date-status":"","_expiration-date":0,"_expiration-date-type":"","_expiration-date-categories":[],"_expiration-date-options":[]},"acf":[],"_links":{"self":[{"href":"https:\/\/us.edu.pl\/wydzial\/wnst\/wp-json\/wp\/v2\/event\/180752"}],"collection":[{"href":"https:\/\/us.edu.pl\/wydzial\/wnst\/wp-json\/wp\/v2\/event"}],"about":[{"href":"https:\/\/us.edu.pl\/wydzial\/wnst\/wp-json\/wp\/v2\/types\/event"}],"author":[{"embeddable":true,"href":"https:\/\/us.edu.pl\/wydzial\/wnst\/wp-json\/wp\/v2\/users\/92"}],"version-history":[{"count":9,"href":"https:\/\/us.edu.pl\/wydzial\/wnst\/wp-json\/wp\/v2\/event\/180752\/revisions"}],"predecessor-version":[{"id":181301,"href":"https:\/\/us.edu.pl\/wydzial\/wnst\/wp-json\/wp\/v2\/event\/180752\/revisions\/181301"}],"wp:attachment":[{"href":"https:\/\/us.edu.pl\/wydzial\/wnst\/wp-json\/wp\/v2\/media?parent=180752"}],"curies":[{"name":"wp","href":"https:\/\/api.w.org\/{rel}","templated":true}]}}