{"id":196580,"date":"2025-06-27T11:10:01","date_gmt":"2025-06-27T09:10:01","guid":{"rendered":"https:\/\/us.edu.pl\/wydzial\/wnst\/?post_type=event&#038;p=196580"},"modified":"2025-06-27T12:30:17","modified_gmt":"2025-06-27T10:30:17","slug":"15-miedzynarodowa-konferencja-european-meeting-on-ferroelectricity","status":"publish","type":"event","link":"https:\/\/us.edu.pl\/wydzial\/wnst\/event\/15-miedzynarodowa-konferencja-european-meeting-on-ferroelectricity\/","title":{"rendered":"15. Mi\u0119dzynarodowa konferencja \u201eEuropean Meeting on Ferroelectricity\u201d"},"content":{"rendered":"<p>[vc_row][vc_column width=&#8221;2\/3&#8243;]\r\n                <div class=\"text-modules\">\r\n                    <div class=\"container\">\r\n                        \r\n                        <div class=\"text-modules__content\"><p>|tekst: Krystian Roleder &#8211; General Chair|<\/p>\n<p><span lang=\"pl-PL\">W tym roku, od 31 sierpnia do 5 wrze\u015bnia, odb\u0119dzie si\u0119\u00a0<strong>15<\/strong><\/span><strong><sup><span lang=\"pl-PL\">th<\/span><\/sup>\u00a0<span lang=\"pl-PL\">European Meeting on Ferroelectricity\u00a0<\/span><\/strong><span lang=\"pl-PL\"><strong>(EMF-15)<\/strong>. To cykliczne spotkanie organizowane jest od 55 lat, ale\u00a0<strong>po raz pierwszy odb\u0119dzie si\u0119 w\u00a0Europejskim Mie\u015bcie Nauki, w\u00a0Katowicach<\/strong>. Tak\u017ce po raz pierwszy zostanie ono po\u0142\u0105czone z Polsko-Litewsko-Ukrai\u0144sk\u0105 konferencj\u0105 (PLU-7).\u00a0<strong>Obie konferencje organizowane s\u0105 przez Zesp\u00f3\u0142 Fizyki Ferroik\u00f3w z Instytutu Fizyki im. Augusta Che\u0142kowskiego Uniwersytetu \u015al\u0105skiego w Katowicach<\/strong>. Miejscem konferencji b\u0119dzie Mi\u0119dzynarodowe Centrum Kongresowe (MCK) w Katowicach, nale\u017c\u0105ce do najlepszych obiekt\u00f3w w Polsce dla organizacji wa\u017cnych wydarze\u0144 naukowych i biznesowych.<\/span><\/p>\n<\/div>\r\n                    <\/div>\r\n                <\/div>[\/vc_column][vc_column width=&#8221;1\/3&#8243;][vc_single_image image=&#8221;196582&#8243; img_size=&#8221;large&#8221; alignment=&#8221;center&#8221; style=&#8221;vc_box_rounded&#8221;][\/vc_column][\/vc_row][vc_row][vc_column]\r\n                <div class=\"text-modules\">\r\n                    <div class=\"container\">\r\n                        \r\n                        <div class=\"text-modules__content\"><\/p>\n<p class=\"western\" lang=\"en-US\" align=\"justify\"><span lang=\"pl-PL\">Konferencje te b\u0119d\u0105 po\u015bwi\u0119cone szeroko poj\u0119tej fizyce ferroelektryczno\u015bci i\u00a0antyferroelektryczno\u015bci, w\u00a0tym nowym materia\u0142om o takich w\u0142a\u015bciwo\u015bciach, modelom teoretycznym i symulacjom komputerowym, przej\u015bciom fazowym, spektroskopii i interakcjom \u015bwiat\u0142o-materia, magazynowaniu i\u00a0konwersji energii oraz praktycznym ich zastosowaniom w nowych technologiach. Badania podstawowe b\u0119d\u0105 prezentowane tak szeroko, jak to mo\u017cliwe, ale liczymy r\u00f3wnie\u017c na wyst\u0105pienia dotycz\u0105ce nowych technik eksperymentalnych\u00a0oraz praktycznych zastosowa\u0144 ferroik\u00f3w. Post\u0119puj\u0105cy w\u00a0ostatnich latach rozw\u00f3j fizyki ferro- i antyferroelektryk\u00f3w powinien przyci\u0105gn\u0105\u0107 zw\u0142aszcza tych, kt\u00f3rzy czekaj\u0105 na wydarzenie mog\u0105ce wskaza\u0107 nowe nurty wsp\u00f3\u0142czesnej fizyki cia\u0142a sta\u0142ego.<\/span><\/p>\n<p class=\"western\" lang=\"en-US\" align=\"justify\"><span lang=\"pl-PL\">European Meeting on Ferroelectricity (EMF) jest konferencj\u0105 organizowan\u0105 co cztery lata, od 1969 roku. Uczelnie i o\u015brodki naukowe prowadz\u0105ce badania w ramach tematyki reprezentowanej na tych konferencjach znajduj\u0105 si\u0119 prawie w\u00a0ka\u017cdym pa\u0144stwie Unii Europejskiej, a w Polsce w takich o\u015brodkach jak Uniwersytet Jagiello\u0144ski, Uniwersytet im. Adama Mickiewicza, Uniwersytet Wroc\u0142awski, Politechnika Wroc\u0142awska, Politechnika \u015al\u0105ska, Uniwersytet Komisji Edukacji Narodowej w Krakowie i\u00a0Instytut Fizyki Molekularnej PAN w\u00a0Poznaniu. O jej wysokiej randze mo\u017ce \u015bwiadczy\u0107 fakt, \u017ce brali w\u00a0niej udzia\u0142 laureaci nagrody Nobla z\u00a0fizyki, m.in. Karl Alex M\u00fcller, kt\u00f3ry dzieli\u0142 t\u0119 nagrod\u0119 z\u00a0Johannesem Georgiem Bednorzem, doktorem honoris causa Uniwersytetu \u015al\u0105skiego. Zesp\u00f3\u0142 Fizyki Ferroik\u00f3w, dzia\u0142aj\u0105ca w Instytucie Fizyki od ponad 20 lat, prowadzi dzia\u0142alno\u015b\u0107 naukow\u0105 ca\u0142kowicie mieszcz\u0105c\u0105 si\u0119 w tematyce tej konferencji. Warto wspomnie\u0107, \u017ce we wrze\u015bniu 2013 roku nasz Zesp\u00f3\u0142 zorganizowa\u0142 \u015bwiatow\u0105 konferencj\u0119\u00a0<\/span><span lang=\"pl-PL\"><i>International Meeting on Ferroelectricity<\/i><\/span><span lang=\"pl-PL\">, kt\u00f3ra po raz pierwszy pi\u0119\u0107dziesi\u0119cioletniej historii tych konferencji odby\u0142a si\u0119 w Polsce, w Krakowie. Wzi\u0119\u0142o w niej udzia\u0142 400 os\u00f3b z 40 kraj\u00f3w z ca\u0142ego \u015bwiata. W 2019 roku, podczas EMF-14 w Lozannie, w trakcie posiedzenia Komitetu Organizacyjnego konferencji EMF dokonano jednomy\u015blnie wyboru naszego Zespo\u0142u jako organizatora nast\u0119pnej konferencji.<\/span><\/p>\n<p class=\"western\" lang=\"en-US\" align=\"justify\"><span lang=\"pl-PL\">Konferencje EMF-15 i PLU-7 zgromadz\u0105 najlepszych uczonych,\u00a0<\/span><span lang=\"pl-PL\"><i>de facto<\/i><\/span><span lang=\"pl-PL\">\u00a0z ca\u0142ego \u015bwiata, z zakresu fizyki ferroik\u00f3w i nanotechnologii. Ferroiki maj\u0105 bowiem niezwykle szerokie zastosowanie, m. in. w\u00a0medycynie, bran\u017cy samochodowej, elektronice, w budowie zaawansowanej aparatury badawczej, sporcie, energetyce i technologiach kosmicznych. Wydarzenie b\u0119dzie mia\u0142o charakter naukowy na najwy\u017cszym poziomie i z pewno\u015bci\u0105 istotnie przyczyni si\u0119 do spopularyzowania nauki uprawianej w\u00a0naszym Regionie oraz\u00a0w\u00a0kszta\u0142towaniu naukowego wizerunku miasta Katowice i jego uczelni na arenie mi\u0119dzynarodowej. Zazwyczaj w konferencjach EMF bierze udzia\u0142 kilkuset uczonych z\u00a0uczelni i\u00a0o\u015brodk\u00f3w naukowych z\u00a0ca\u0142ego \u015bwiata. Do wyg\u0142oszenia\u00a0<\/span><span lang=\"pl-PL\"><i>wyk\u0142ad\u00f3w plenarnych<\/i><\/span><span lang=\"pl-PL\">\u00a0podczas tego katowickiego wydarzenia przyj\u0119\u0142o ju\u017c zaproszenie 15 uczonych z Wielkiej Brytanii, Francji, Hiszpanii, Niemiec, Luksemburga, Polski, USA i Japonii, a na wyg\u0142oszenie presti\u017cowych\u00a0<\/span><span lang=\"pl-PL\"><i>wyk\u0142ad\u00f3w na zaproszenie<\/i><\/span><span lang=\"pl-PL\">\u00a0zgodzi\u0142o si\u0119 ju\u017c kilkudziesi\u0119ciu uczonych z ca\u0142ej Europy, USA i Australii. Niew\u0105tpliwie istotnym jest to , \u017ce konferencje rozpocznie wyk\u0142ad plenarny laureata nagrody Nobla dr. J. Georga Bednorza ze Szwajcarii.<\/span><\/p>\n<p class=\"western\" lang=\"en-US\" align=\"justify\"><span lang=\"pl-PL\">Wszystkich zainteresowanych udzia\u0142em w\u00a0<\/span><span lang=\"pl-PL\">EMF-15 i PLU-7 serdecznie zapraszamy.<\/span><\/p>\n<p class=\"western\" lang=\"en-US\" align=\"justify\"><span lang=\"pl-PL\">Szczeg\u00f3\u0142owe informacje o konferencjach znajduj\u0105 si\u0119 pod adresem\u00a0<\/span><a href=\"https:\/\/emf15-katowice2025.org\/\"><span lang=\"pl-PL\">https:\/\/emf15-katowice2025.org\/<\/span><\/a><\/p>\n<p>\n<\/div>\r\n                    <\/div>\r\n                <\/div>[\/vc_column][\/vc_row]<\/p>","protected":false},"excerpt":{"rendered":"<p>[vc_row][vc_column width=&#8221;2\/3&#8243;][\/vc_column][vc_column width=&#8221;1\/3&#8243;][vc_single_image image=&#8221;196582&#8243; img_size=&#8221;large&#8221; alignment=&#8221;center&#8221; style=&#8221;vc_box_rounded&#8221;][\/vc_column][\/vc_row][vc_row][vc_column][\/vc_column][\/vc_row] [&#8230;]<\/p>\n<p><a class=\"btn btn-secondary understrap-read-more-link\" href=\"https:\/\/us.edu.pl\/wydzial\/wnst\/event\/15-miedzynarodowa-konferencja-european-meeting-on-ferroelectricity\/\">Read More&#8230;<\/a><\/p>\n","protected":false},"author":92,"featured_media":0,"template":"","meta":{"_expiration-date-status":"","_expiration-date":0,"_expiration-date-type":"","_expiration-date-categories":[],"_expiration-date-options":[]},"acf":[],"_links":{"self":[{"href":"https:\/\/us.edu.pl\/wydzial\/wnst\/wp-json\/wp\/v2\/event\/196580"}],"collection":[{"href":"https:\/\/us.edu.pl\/wydzial\/wnst\/wp-json\/wp\/v2\/event"}],"about":[{"href":"https:\/\/us.edu.pl\/wydzial\/wnst\/wp-json\/wp\/v2\/types\/event"}],"author":[{"embeddable":true,"href":"https:\/\/us.edu.pl\/wydzial\/wnst\/wp-json\/wp\/v2\/users\/92"}],"version-history":[{"count":1,"href":"https:\/\/us.edu.pl\/wydzial\/wnst\/wp-json\/wp\/v2\/event\/196580\/revisions"}],"predecessor-version":[{"id":196584,"href":"https:\/\/us.edu.pl\/wydzial\/wnst\/wp-json\/wp\/v2\/event\/196580\/revisions\/196584"}],"wp:attachment":[{"href":"https:\/\/us.edu.pl\/wydzial\/wnst\/wp-json\/wp\/v2\/media?parent=196580"}],"curies":[{"name":"wp","href":"https:\/\/api.w.org\/{rel}","templated":true}]}}